{"id":7573,"date":"2015-10-18T14:01:01","date_gmt":"2015-10-18T12:01:01","guid":{"rendered":"http:\/\/woerrlein-naturfoto.de\/wordpress\/?page_id=7573"},"modified":"2015-10-31T18:30:48","modified_gmt":"2015-10-31T17:30:48","slug":"texel","status":"publish","type":"page","link":"https:\/\/woerrlein-naturfoto.de\/wordpress\/hauptseite-reiseziele\/reiseziele\/texel\/","title":{"rendered":"Texel"},"content":{"rendered":"<p><a href=\"http:\/\/woerrlein-naturfoto.de\/wordpress\/hauptseite-reiseziele\/reiseziele\/\">Reiseziele<\/a><\/p>\n<p><img loading=\"lazy\" decoding=\"async\" class=\"alignleft wp-image-7574\" src=\"http:\/\/woerrlein-naturfoto.de\/wordpress\/wp-content\/uploads\/2015\/10\/Texel-600x400.jpg\" alt=\"Texel\" width=\"600\" height=\"400\" srcset=\"https:\/\/woerrlein-naturfoto.de\/wordpress\/wp-content\/uploads\/2015\/10\/Texel-600x400.jpg 600w, https:\/\/woerrlein-naturfoto.de\/wordpress\/wp-content\/uploads\/2015\/10\/Texel-120x80.jpg 120w, https:\/\/woerrlein-naturfoto.de\/wordpress\/wp-content\/uploads\/2015\/10\/Texel.jpg 1000w\" sizes=\"auto, (max-width: 600px) 100vw, 600px\" \/><b>Texel<\/b> [<span class=\"IPA\"><span title=\"Aussprache im Internationalen Phonetischen Alphabet (IPA)\">\u02c8t\u025bs\u0259l<\/span><\/span>] ist eine Nordseeinsel (<span style=\"color: #33ff00;\">gr\u00fcn markiert<\/span>) in der niederl\u00e4ndischen Provinz Nordholland sowie der Name der auf ihr liegenden <a href=\"http:\/\/www.texel.net\/de\/\" target=\"_blank\">Gemeinde<\/a>. Die Insel ist die gr\u00f6\u00dfte und westlichste der Westfriesischen Inseln. Durch ihre abwechslungsreiche Landschaft ist sie als Tourismusziel beliebt, beherbergt aber auch eine reichhaltige Tier- und Pflanzenwelt.<br \/>\nDem Vogelbeobachter und Fotografen lassen Namen wie De Muy, De Petten, De Slufter, Mokbay, Ottersaat und Waagejot das Herz h\u00f6her schlagen &#8211; hat man dort doch beste Beobachtungs- und Fotom\u00f6glichkeiten.<\/p>\n<p><strong>N\u00fcrnberg &#8211; Den Helder<\/strong> 750 km \u00fcber Frankfurt, K\u00f6ln, Amsterdam<br \/>\n<strong>Den Helder &#8211; Texel<\/strong> 0:30 Std<\/p>\n<h3>Bilder<\/h3>\n<p><span class=\"bws_code\">\t\t\t\t\t\t<div class=\"gallery_box_single\">\n\t\t\t\t\t\t\t\t\t\t\t\t\t\t\t<div class=\"gallery gllr_grid\" data-gllr-columns=\"8\" data-gllr-border-width=\"3\">\n\t\t\t\t\t\t\t\t\t\t\t\t\t\t\t\t\t\t\t\t<div class=\"gllr_image_row\">\n\t\t\t\t\t\t\t\t\t\t\t\t\t\t\t\t\t\t\t\t\t<div class=\"gllr_image_block\">\n\t\t\t\t\t\t\t\t\t\t\t\t<p style=\"\n\t\t\t\t\t\t\t\t\t\t\t\twidth:164px;height:164px;\t\t\t\t\t\t\t\t\t\t\t\t\">\n\t\t\t\t\t\t\t\t\t\t\t\t\t\t\t\t\t\t\t\t\t\t\t\t\t\t\t\t<a data-fancybox=\"gallery_fancybox\" href=\"https:\/\/woerrlein-naturfoto.de\/wordpress\/wp-content\/uploads\/Blaukehlchen_34150L_V1.jpg\" title=\"Blaukehlchen - Bild-Nr. Dieter_34150L\" >\n\t\t\t\t\t\t\t\t\t\t\t\t\t\t\t\t<img decoding=\"async\" width=&quot;158&quot; height=&quot;158&quot; style=\"width:158px; height:158px; border-width: 3px; border-color:#F1F1F1;border: 3px solid #F1F1F1\" alt=\"Blaukehlchen\" title=\"Blaukehlchen - Bild-Nr. Dieter_34150L\" src=\"https:\/\/woerrlein-naturfoto.de\/wordpress\/wp-content\/uploads\/Blaukehlchen_34150L_V1-200x200.jpg\" rel=\"https:\/\/woerrlein-naturfoto.de\/wordpress\/wp-content\/uploads\/Blaukehlchen_34150L_V1.jpg\" \/>\t\t\t\t\t\t\t\t\t\t\t\t\t\t\t<\/a>\n\t\t\t\t\t\t\t\t\t\t\t\t\t\t\t\t\t\t\t\t\t\t\t\t\t\t<\/p>\n\t\t\t\t\t\t\t\t\t\t\t\t\t\t\t\t\t\t\t\t\t\t\t\t\t<div \n\t\t\t\t\t\t\t\t\t\t\t\t\tstyle=\"width:164px;\"\t\t\t\t\t\t\t\t\t\t\t\t\tclass=\"gllr_single_image_text gllr_single_image_text_under\">Blaukehlchen - Bild-Nr. Dieter_34150L&nbsp;<\/div>\n\t\t\t\t\t\t\t\t\t\t\t\t\t\t\t\t\t\t\t\t\t\t\t<\/div><!-- .gllr_image_block -->\n\t\t\t\t\t\t\t\t\t\t\t\t\t\t\t\t\t\t\t\t\t<div class=\"gllr_image_block\">\n\t\t\t\t\t\t\t\t\t\t\t\t<p style=\"\n\t\t\t\t\t\t\t\t\t\t\t\twidth:164px;height:164px;\t\t\t\t\t\t\t\t\t\t\t\t\">\n\t\t\t\t\t\t\t\t\t\t\t\t\t\t\t\t\t\t\t\t\t\t\t\t\t\t\t\t<a data-fancybox=\"gallery_fancybox\" href=\"https:\/\/woerrlein-naturfoto.de\/wordpress\/wp-content\/uploads\/Blaukehlchen_34155L_v1.jpg\" title=\"Blaukehlchen - Bild-Nr. Dieter_34155L\" >\n\t\t\t\t\t\t\t\t\t\t\t\t\t\t\t\t<img decoding=\"async\" width=&quot;158&quot; height=&quot;158&quot; style=\"width:158px; height:158px; border-width: 3px; border-color:#F1F1F1;border: 3px solid #F1F1F1\" alt=\"Blaukehlchen\" title=\"Blaukehlchen - Bild-Nr. Dieter_34155L\" src=\"https:\/\/woerrlein-naturfoto.de\/wordpress\/wp-content\/uploads\/Blaukehlchen_34155L_v1-200x200.jpg\" rel=\"https:\/\/woerrlein-naturfoto.de\/wordpress\/wp-content\/uploads\/Blaukehlchen_34155L_v1.jpg\" \/>\t\t\t\t\t\t\t\t\t\t\t\t\t\t\t<\/a>\n\t\t\t\t\t\t\t\t\t\t\t\t\t\t\t\t\t\t\t\t\t\t\t\t\t\t<\/p>\n\t\t\t\t\t\t\t\t\t\t\t\t\t\t\t\t\t\t\t\t\t\t\t\t\t<div \n\t\t\t\t\t\t\t\t\t\t\t\t\tstyle=\"width:164px;\"\t\t\t\t\t\t\t\t\t\t\t\t\tclass=\"gllr_single_image_text gllr_single_image_text_under\">Blaukehlchen - Bild-Nr. Dieter_34155L&nbsp;<\/div>\n\t\t\t\t\t\t\t\t\t\t\t\t\t\t\t\t\t\t\t\t\t\t\t<\/div><!-- .gllr_image_block -->\n\t\t\t\t\t\t\t\t\t\t\t\t\t\t\t\t\t\t\t\t\t<div class=\"gllr_image_block\">\n\t\t\t\t\t\t\t\t\t\t\t\t<p style=\"\n\t\t\t\t\t\t\t\t\t\t\t\twidth:164px;height:164px;\t\t\t\t\t\t\t\t\t\t\t\t\">\n\t\t\t\t\t\t\t\t\t\t\t\t\t\t\t\t\t\t\t\t\t\t\t\t\t\t\t\t<a data-fancybox=\"gallery_fancybox\" href=\"https:\/\/woerrlein-naturfoto.de\/wordpress\/wp-content\/uploads\/Blaukehlchen_34225L_v53622b1ab1bd6.jpg\" title=\"Blaukehlchen - Bild-Nr. Dieter_34225L\" >\n\t\t\t\t\t\t\t\t\t\t\t\t\t\t\t\t<img decoding=\"async\" width=&quot;158&quot; height=&quot;158&quot; style=\"width:158px; height:158px; border-width: 3px; border-color:#F1F1F1;border: 3px solid #F1F1F1\" alt=\"Blaukehlchen\" title=\"Blaukehlchen - Bild-Nr. Dieter_34225L\" src=\"https:\/\/woerrlein-naturfoto.de\/wordpress\/wp-content\/uploads\/Blaukehlchen_34225L_v53622b1ab1bd6-200x200.jpg\" rel=\"https:\/\/woerrlein-naturfoto.de\/wordpress\/wp-content\/uploads\/Blaukehlchen_34225L_v53622b1ab1bd6.jpg\" \/>\t\t\t\t\t\t\t\t\t\t\t\t\t\t\t<\/a>\n\t\t\t\t\t\t\t\t\t\t\t\t\t\t\t\t\t\t\t\t\t\t\t\t\t\t<\/p>\n\t\t\t\t\t\t\t\t\t\t\t\t\t\t\t\t\t\t\t\t\t\t\t\t\t<div \n\t\t\t\t\t\t\t\t\t\t\t\t\tstyle=\"width:164px;\"\t\t\t\t\t\t\t\t\t\t\t\t\tclass=\"gllr_single_image_text gllr_single_image_text_under\">Blaukehlchen - Bild-Nr. Dieter_34225L&nbsp;<\/div>\n\t\t\t\t\t\t\t\t\t\t\t\t\t\t\t\t\t\t\t\t\t\t\t<\/div><!-- .gllr_image_block -->\n\t\t\t\t\t\t\t\t\t\t\t\t\t\t\t\t\t\t\t\t\t<div class=\"gllr_image_block\">\n\t\t\t\t\t\t\t\t\t\t\t\t<p style=\"\n\t\t\t\t\t\t\t\t\t\t\t\twidth:164px;height:164px;\t\t\t\t\t\t\t\t\t\t\t\t\">\n\t\t\t\t\t\t\t\t\t\t\t\t\t\t\t\t\t\t\t\t\t\t\t\t\t\t\t\t<a data-fancybox=\"gallery_fancybox\" href=\"https:\/\/woerrlein-naturfoto.de\/wordpress\/wp-content\/uploads\/Brandgansgoessel_8748L_v.jpg\" title=\"Brandgansg\u00f6ssel - Bild-Nr. Dieter_08748L\" >\n\t\t\t\t\t\t\t\t\t\t\t\t\t\t\t\t<img decoding=\"async\" width=&quot;158&quot; height=&quot;158&quot; style=\"width:158px; height:158px; border-width: 3px; border-color:#F1F1F1;border: 3px solid #F1F1F1\" alt=\"Brandgansg\u00f6ssel\" title=\"Brandgansg\u00f6ssel - Bild-Nr. Dieter_08748L\" src=\"https:\/\/woerrlein-naturfoto.de\/wordpress\/wp-content\/uploads\/Brandgansgoessel_8748L_v-200x200.jpg\" rel=\"https:\/\/woerrlein-naturfoto.de\/wordpress\/wp-content\/uploads\/Brandgansgoessel_8748L_v.jpg\" \/>\t\t\t\t\t\t\t\t\t\t\t\t\t\t\t<\/a>\n\t\t\t\t\t\t\t\t\t\t\t\t\t\t\t\t\t\t\t\t\t\t\t\t\t\t<\/p>\n\t\t\t\t\t\t\t\t\t\t\t\t\t\t\t\t\t\t\t\t\t\t\t\t\t<div \n\t\t\t\t\t\t\t\t\t\t\t\t\tstyle=\"width:164px;\"\t\t\t\t\t\t\t\t\t\t\t\t\tclass=\"gllr_single_image_text gllr_single_image_text_under\">Brandgansg\u00f6ssel - Bild-Nr. Dieter_08748L&nbsp;<\/div>\n\t\t\t\t\t\t\t\t\t\t\t\t\t\t\t\t\t\t\t\t\t\t\t<\/div><!-- .gllr_image_block -->\n\t\t\t\t\t\t\t\t\t\t\t\t\t\t\t\t\t\t\t\t\t<div class=\"gllr_image_block\">\n\t\t\t\t\t\t\t\t\t\t\t\t<p style=\"\n\t\t\t\t\t\t\t\t\t\t\t\twidth:164px;height:164px;\t\t\t\t\t\t\t\t\t\t\t\t\">\n\t\t\t\t\t\t\t\t\t\t\t\t\t\t\t\t\t\t\t\t\t\t\t\t\t\t\t\t<a data-fancybox=\"gallery_fancybox\" href=\"https:\/\/woerrlein-naturfoto.de\/wordpress\/wp-content\/uploads\/Brandgans_34341L_v.jpg\" title=\"Brandgans - Bild-Nr. Dieter_34341L\" >\n\t\t\t\t\t\t\t\t\t\t\t\t\t\t\t\t<img decoding=\"async\" width=&quot;158&quot; height=&quot;158&quot; style=\"width:158px; height:158px; border-width: 3px; border-color:#F1F1F1;border: 3px solid #F1F1F1\" alt=\"Brandgans\" title=\"Brandgans - Bild-Nr. Dieter_34341L\" src=\"https:\/\/woerrlein-naturfoto.de\/wordpress\/wp-content\/uploads\/Brandgans_34341L_v-200x200.jpg\" rel=\"https:\/\/woerrlein-naturfoto.de\/wordpress\/wp-content\/uploads\/Brandgans_34341L_v.jpg\" \/>\t\t\t\t\t\t\t\t\t\t\t\t\t\t\t<\/a>\n\t\t\t\t\t\t\t\t\t\t\t\t\t\t\t\t\t\t\t\t\t\t\t\t\t\t<\/p>\n\t\t\t\t\t\t\t\t\t\t\t\t\t\t\t\t\t\t\t\t\t\t\t\t\t<div \n\t\t\t\t\t\t\t\t\t\t\t\t\tstyle=\"width:164px;\"\t\t\t\t\t\t\t\t\t\t\t\t\tclass=\"gllr_single_image_text gllr_single_image_text_under\">Brandgans - Bild-Nr. Dieter_34341L&nbsp;<\/div>\n\t\t\t\t\t\t\t\t\t\t\t\t\t\t\t\t\t\t\t\t\t\t\t<\/div><!-- .gllr_image_block -->\n\t\t\t\t\t\t\t\t\t\t\t\t\t\t\t\t\t\t\t\t\t<div class=\"gllr_image_block\">\n\t\t\t\t\t\t\t\t\t\t\t\t<p style=\"\n\t\t\t\t\t\t\t\t\t\t\t\twidth:164px;height:164px;\t\t\t\t\t\t\t\t\t\t\t\t\">\n\t\t\t\t\t\t\t\t\t\t\t\t\t\t\t\t\t\t\t\t\t\t\t\t\t\t\t\t<a data-fancybox=\"gallery_fancybox\" href=\"https:\/\/woerrlein-naturfoto.de\/wordpress\/wp-content\/uploads\/Brandgans_34350L_v.jpg\" title=\"Brandgans - Bild-Nr. Dieter_34350L\" >\n\t\t\t\t\t\t\t\t\t\t\t\t\t\t\t\t<img decoding=\"async\" width=&quot;158&quot; height=&quot;158&quot; style=\"width:158px; height:158px; border-width: 3px; border-color:#F1F1F1;border: 3px solid #F1F1F1\" alt=\"Brandgans\" title=\"Brandgans - Bild-Nr. Dieter_34350L\" src=\"https:\/\/woerrlein-naturfoto.de\/wordpress\/wp-content\/uploads\/Brandgans_34350L_v-200x200.jpg\" rel=\"https:\/\/woerrlein-naturfoto.de\/wordpress\/wp-content\/uploads\/Brandgans_34350L_v.jpg\" \/>\t\t\t\t\t\t\t\t\t\t\t\t\t\t\t<\/a>\n\t\t\t\t\t\t\t\t\t\t\t\t\t\t\t\t\t\t\t\t\t\t\t\t\t\t<\/p>\n\t\t\t\t\t\t\t\t\t\t\t\t\t\t\t\t\t\t\t\t\t\t\t\t\t<div \n\t\t\t\t\t\t\t\t\t\t\t\t\tstyle=\"width:164px;\"\t\t\t\t\t\t\t\t\t\t\t\t\tclass=\"gllr_single_image_text gllr_single_image_text_under\">Brandgans - Bild-Nr. Dieter_34350L&nbsp;<\/div>\n\t\t\t\t\t\t\t\t\t\t\t\t\t\t\t\t\t\t\t\t\t\t\t<\/div><!-- .gllr_image_block -->\n\t\t\t\t\t\t\t\t\t\t\t\t\t\t\t\t\t\t\t\t\t<div class=\"gllr_image_block\">\n\t\t\t\t\t\t\t\t\t\t\t\t<p style=\"\n\t\t\t\t\t\t\t\t\t\t\t\twidth:164px;height:164px;\t\t\t\t\t\t\t\t\t\t\t\t\">\n\t\t\t\t\t\t\t\t\t\t\t\t\t\t\t\t\t\t\t\t\t\t\t\t\t\t\t\t<a data-fancybox=\"gallery_fancybox\" href=\"https:\/\/woerrlein-naturfoto.de\/wordpress\/wp-content\/uploads\/2014\/12\/Brandgans_AW16092L_5254x3503_III.jpg\" title=\"Brandgans - Bild-Nr. Anke_16092L\" >\n\t\t\t\t\t\t\t\t\t\t\t\t\t\t\t\t<img decoding=\"async\" width=&quot;158&quot; height=&quot;158&quot; style=\"width:158px; height:158px; border-width: 3px; border-color:#F1F1F1;border: 3px solid #F1F1F1\" alt=\"Brandgans\" title=\"Brandgans - Bild-Nr. Anke_16092L\" src=\"https:\/\/woerrlein-naturfoto.de\/wordpress\/wp-content\/uploads\/2014\/12\/Brandgans_AW16092L_5254x3503_III-200x200.jpg\" rel=\"https:\/\/woerrlein-naturfoto.de\/wordpress\/wp-content\/uploads\/2014\/12\/Brandgans_AW16092L_5254x3503_III.jpg\" \/>\t\t\t\t\t\t\t\t\t\t\t\t\t\t\t<\/a>\n\t\t\t\t\t\t\t\t\t\t\t\t\t\t\t\t\t\t\t\t\t\t\t\t\t\t<\/p>\n\t\t\t\t\t\t\t\t\t\t\t\t\t\t\t\t\t\t\t\t\t\t\t\t\t<div \n\t\t\t\t\t\t\t\t\t\t\t\t\tstyle=\"width:164px;\"\t\t\t\t\t\t\t\t\t\t\t\t\tclass=\"gllr_single_image_text gllr_single_image_text_under\">Brandgans - Bild-Nr. Anke_16092L&nbsp;<\/div>\n\t\t\t\t\t\t\t\t\t\t\t\t\t\t\t\t\t\t\t\t\t\t\t<\/div><!-- .gllr_image_block -->\n\t\t\t\t\t\t\t\t\t\t\t\t\t\t\t\t\t\t\t\t\t<div class=\"gllr_image_block\">\n\t\t\t\t\t\t\t\t\t\t\t\t<p style=\"\n\t\t\t\t\t\t\t\t\t\t\t\twidth:164px;height:164px;\t\t\t\t\t\t\t\t\t\t\t\t\">\n\t\t\t\t\t\t\t\t\t\t\t\t\t\t\t\t\t\t\t\t\t\t\t\t\t\t\t\t<a data-fancybox=\"gallery_fancybox\" href=\"https:\/\/woerrlein-naturfoto.de\/wordpress\/wp-content\/uploads\/Brandseeschwalben_33777L_v.jpg\" title=\"Brandseeschwalben - Bild-Nr. Dieter_33777L\" >\n\t\t\t\t\t\t\t\t\t\t\t\t\t\t\t\t<img decoding=\"async\" width=&quot;158&quot; height=&quot;158&quot; style=\"width:158px; height:158px; border-width: 3px; border-color:#F1F1F1;border: 3px solid #F1F1F1\" alt=\"Brandseeschwalben\" title=\"Brandseeschwalben - Bild-Nr. Dieter_33777L\" src=\"https:\/\/woerrlein-naturfoto.de\/wordpress\/wp-content\/uploads\/Brandseeschwalben_33777L_v-200x200.jpg\" rel=\"https:\/\/woerrlein-naturfoto.de\/wordpress\/wp-content\/uploads\/Brandseeschwalben_33777L_v.jpg\" \/>\t\t\t\t\t\t\t\t\t\t\t\t\t\t\t<\/a>\n\t\t\t\t\t\t\t\t\t\t\t\t\t\t\t\t\t\t\t\t\t\t\t\t\t\t<\/p>\n\t\t\t\t\t\t\t\t\t\t\t\t\t\t\t\t\t\t\t\t\t\t\t\t\t<div \n\t\t\t\t\t\t\t\t\t\t\t\t\tstyle=\"width:164px;\"\t\t\t\t\t\t\t\t\t\t\t\t\tclass=\"gllr_single_image_text gllr_single_image_text_under\">Brandseeschwalben - Bild-Nr. Dieter_33777L&nbsp;<\/div>\n\t\t\t\t\t\t\t\t\t\t\t\t\t\t\t\t\t\t\t\t\t\t\t<\/div><!-- .gllr_image_block -->\n\t\t\t\t\t\t\t\t\t\t\t\t\t\t\t\t\t\t\t\t\t<\/div><!-- .gllr_image_row -->\n\t\t\t\t\t\t\t\t\t\t\t\t\t\t\t\t\t\t\t\t\t\t<div class=\"gllr_image_row\">\n\t\t\t\t\t\t\t\t\t\t\t\t\t\t\t\t\t\t\t\t\t<div class=\"gllr_image_block\">\n\t\t\t\t\t\t\t\t\t\t\t\t<p style=\"\n\t\t\t\t\t\t\t\t\t\t\t\twidth:164px;height:164px;\t\t\t\t\t\t\t\t\t\t\t\t\">\n\t\t\t\t\t\t\t\t\t\t\t\t\t\t\t\t\t\t\t\t\t\t\t\t\t\t\t\t<a data-fancybox=\"gallery_fancybox\" href=\"https:\/\/woerrlein-naturfoto.de\/wordpress\/wp-content\/uploads\/Brandseeschwalben_33801L_v.jpg\" title=\"Brandseeschwalben - Bild-Nr. Dieter_33801L\" >\n\t\t\t\t\t\t\t\t\t\t\t\t\t\t\t\t<img decoding=\"async\" width=&quot;158&quot; height=&quot;158&quot; style=\"width:158px; height:158px; border-width: 3px; border-color:#F1F1F1;border: 3px solid #F1F1F1\" alt=\"Brandseeschwalben\" title=\"Brandseeschwalben - Bild-Nr. Dieter_33801L\" src=\"https:\/\/woerrlein-naturfoto.de\/wordpress\/wp-content\/uploads\/Brandseeschwalben_33801L_v-200x200.jpg\" rel=\"https:\/\/woerrlein-naturfoto.de\/wordpress\/wp-content\/uploads\/Brandseeschwalben_33801L_v.jpg\" \/>\t\t\t\t\t\t\t\t\t\t\t\t\t\t\t<\/a>\n\t\t\t\t\t\t\t\t\t\t\t\t\t\t\t\t\t\t\t\t\t\t\t\t\t\t<\/p>\n\t\t\t\t\t\t\t\t\t\t\t\t\t\t\t\t\t\t\t\t\t\t\t\t\t<div \n\t\t\t\t\t\t\t\t\t\t\t\t\tstyle=\"width:164px;\"\t\t\t\t\t\t\t\t\t\t\t\t\tclass=\"gllr_single_image_text gllr_single_image_text_under\">Brandseeschwalben - Bild-Nr. Dieter_33801L&nbsp;<\/div>\n\t\t\t\t\t\t\t\t\t\t\t\t\t\t\t\t\t\t\t\t\t\t\t<\/div><!-- .gllr_image_block -->\n\t\t\t\t\t\t\t\t\t\t\t\t\t\t\t\t\t\t\t\t\t<div class=\"gllr_image_block\">\n\t\t\t\t\t\t\t\t\t\t\t\t<p style=\"\n\t\t\t\t\t\t\t\t\t\t\t\twidth:164px;height:164px;\t\t\t\t\t\t\t\t\t\t\t\t\">\n\t\t\t\t\t\t\t\t\t\t\t\t\t\t\t\t\t\t\t\t\t\t\t\t\t\t\t\t<a data-fancybox=\"gallery_fancybox\" href=\"https:\/\/woerrlein-naturfoto.de\/wordpress\/wp-content\/uploads\/Brandseeschwalben_33803L_v.jpg\" title=\"Brandseeschwalben - Bild-Nr. Dieter_33803L\" >\n\t\t\t\t\t\t\t\t\t\t\t\t\t\t\t\t<img decoding=\"async\" width=&quot;158&quot; height=&quot;158&quot; style=\"width:158px; height:158px; border-width: 3px; border-color:#F1F1F1;border: 3px solid #F1F1F1\" alt=\"Brandseeschwalben\" title=\"Brandseeschwalben - Bild-Nr. Dieter_33803L\" src=\"https:\/\/woerrlein-naturfoto.de\/wordpress\/wp-content\/uploads\/Brandseeschwalben_33803L_v-200x200.jpg\" rel=\"https:\/\/woerrlein-naturfoto.de\/wordpress\/wp-content\/uploads\/Brandseeschwalben_33803L_v.jpg\" \/>\t\t\t\t\t\t\t\t\t\t\t\t\t\t\t<\/a>\n\t\t\t\t\t\t\t\t\t\t\t\t\t\t\t\t\t\t\t\t\t\t\t\t\t\t<\/p>\n\t\t\t\t\t\t\t\t\t\t\t\t\t\t\t\t\t\t\t\t\t\t\t\t\t<div \n\t\t\t\t\t\t\t\t\t\t\t\t\tstyle=\"width:164px;\"\t\t\t\t\t\t\t\t\t\t\t\t\tclass=\"gllr_single_image_text gllr_single_image_text_under\">Brandseeschwalben - Bild-Nr. Dieter_33803L&nbsp;<\/div>\n\t\t\t\t\t\t\t\t\t\t\t\t\t\t\t\t\t\t\t\t\t\t\t<\/div><!-- .gllr_image_block -->\n\t\t\t\t\t\t\t\t\t\t\t\t\t\t\t\t\t\t\t\t\t<div class=\"gllr_image_block\">\n\t\t\t\t\t\t\t\t\t\t\t\t<p style=\"\n\t\t\t\t\t\t\t\t\t\t\t\twidth:164px;height:164px;\t\t\t\t\t\t\t\t\t\t\t\t\">\n\t\t\t\t\t\t\t\t\t\t\t\t\t\t\t\t\t\t\t\t\t\t\t\t\t\t\t\t<a data-fancybox=\"gallery_fancybox\" href=\"https:\/\/woerrlein-naturfoto.de\/wordpress\/wp-content\/uploads\/Brandseeschwalben_33808L_v.jpg\" title=\"Brandseeschwalben - Bild-Nr. Dieter_33808L\" >\n\t\t\t\t\t\t\t\t\t\t\t\t\t\t\t\t<img decoding=\"async\" width=&quot;158&quot; height=&quot;158&quot; style=\"width:158px; height:158px; border-width: 3px; border-color:#F1F1F1;border: 3px solid #F1F1F1\" alt=\"Brandseeschwalben\" title=\"Brandseeschwalben - Bild-Nr. Dieter_33808L\" src=\"https:\/\/woerrlein-naturfoto.de\/wordpress\/wp-content\/uploads\/Brandseeschwalben_33808L_v-200x200.jpg\" rel=\"https:\/\/woerrlein-naturfoto.de\/wordpress\/wp-content\/uploads\/Brandseeschwalben_33808L_v.jpg\" \/>\t\t\t\t\t\t\t\t\t\t\t\t\t\t\t<\/a>\n\t\t\t\t\t\t\t\t\t\t\t\t\t\t\t\t\t\t\t\t\t\t\t\t\t\t<\/p>\n\t\t\t\t\t\t\t\t\t\t\t\t\t\t\t\t\t\t\t\t\t\t\t\t\t<div \n\t\t\t\t\t\t\t\t\t\t\t\t\tstyle=\"width:164px;\"\t\t\t\t\t\t\t\t\t\t\t\t\tclass=\"gllr_single_image_text gllr_single_image_text_under\">Brandseeschwalben - Bild-Nr. Dieter_33808L&nbsp;<\/div>\n\t\t\t\t\t\t\t\t\t\t\t\t\t\t\t\t\t\t\t\t\t\t\t<\/div><!-- .gllr_image_block -->\n\t\t\t\t\t\t\t\t\t\t\t\t\t\t\t\t\t\t\t\t\t<div class=\"gllr_image_block\">\n\t\t\t\t\t\t\t\t\t\t\t\t<p style=\"\n\t\t\t\t\t\t\t\t\t\t\t\twidth:164px;height:164px;\t\t\t\t\t\t\t\t\t\t\t\t\">\n\t\t\t\t\t\t\t\t\t\t\t\t\t\t\t\t\t\t\t\t\t\t\t\t\t\t\t\t<a data-fancybox=\"gallery_fancybox\" href=\"https:\/\/woerrlein-naturfoto.de\/wordpress\/wp-content\/uploads\/Brandseeschwalben_33813L_v.jpg\" title=\"Brandseeschwalben - Bild-Nr. Dieter_33813L\" >\n\t\t\t\t\t\t\t\t\t\t\t\t\t\t\t\t<img decoding=\"async\" width=&quot;158&quot; height=&quot;158&quot; style=\"width:158px; height:158px; border-width: 3px; border-color:#F1F1F1;border: 3px solid #F1F1F1\" alt=\"Brandseeschwalben\" title=\"Brandseeschwalben - Bild-Nr. Dieter_33813L\" src=\"https:\/\/woerrlein-naturfoto.de\/wordpress\/wp-content\/uploads\/Brandseeschwalben_33813L_v-200x200.jpg\" rel=\"https:\/\/woerrlein-naturfoto.de\/wordpress\/wp-content\/uploads\/Brandseeschwalben_33813L_v.jpg\" \/>\t\t\t\t\t\t\t\t\t\t\t\t\t\t\t<\/a>\n\t\t\t\t\t\t\t\t\t\t\t\t\t\t\t\t\t\t\t\t\t\t\t\t\t\t<\/p>\n\t\t\t\t\t\t\t\t\t\t\t\t\t\t\t\t\t\t\t\t\t\t\t\t\t<div \n\t\t\t\t\t\t\t\t\t\t\t\t\tstyle=\"width:164px;\"\t\t\t\t\t\t\t\t\t\t\t\t\tclass=\"gllr_single_image_text gllr_single_image_text_under\">Brandseeschwalben - Bild-Nr. Dieter_33813L&nbsp;<\/div>\n\t\t\t\t\t\t\t\t\t\t\t\t\t\t\t\t\t\t\t\t\t\t\t<\/div><!-- .gllr_image_block -->\n\t\t\t\t\t\t\t\t\t\t\t\t\t\t\t\t\t\t\t\t\t<div class=\"gllr_image_block\">\n\t\t\t\t\t\t\t\t\t\t\t\t<p style=\"\n\t\t\t\t\t\t\t\t\t\t\t\twidth:164px;height:164px;\t\t\t\t\t\t\t\t\t\t\t\t\">\n\t\t\t\t\t\t\t\t\t\t\t\t\t\t\t\t\t\t\t\t\t\t\t\t\t\t\t\t<a data-fancybox=\"gallery_fancybox\" href=\"https:\/\/woerrlein-naturfoto.de\/wordpress\/wp-content\/uploads\/Brandseeschwalben_33911L_v.jpg\" title=\"Brandseeschwalben - Bild-Nr. Dieter_33911L\" >\n\t\t\t\t\t\t\t\t\t\t\t\t\t\t\t\t<img decoding=\"async\" width=&quot;158&quot; height=&quot;158&quot; style=\"width:158px; height:158px; border-width: 3px; border-color:#F1F1F1;border: 3px solid #F1F1F1\" alt=\"Brandseeschwalben\" title=\"Brandseeschwalben - Bild-Nr. Dieter_33911L\" src=\"https:\/\/woerrlein-naturfoto.de\/wordpress\/wp-content\/uploads\/Brandseeschwalben_33911L_v-200x200.jpg\" rel=\"https:\/\/woerrlein-naturfoto.de\/wordpress\/wp-content\/uploads\/Brandseeschwalben_33911L_v.jpg\" \/>\t\t\t\t\t\t\t\t\t\t\t\t\t\t\t<\/a>\n\t\t\t\t\t\t\t\t\t\t\t\t\t\t\t\t\t\t\t\t\t\t\t\t\t\t<\/p>\n\t\t\t\t\t\t\t\t\t\t\t\t\t\t\t\t\t\t\t\t\t\t\t\t\t<div \n\t\t\t\t\t\t\t\t\t\t\t\t\tstyle=\"width:164px;\"\t\t\t\t\t\t\t\t\t\t\t\t\tclass=\"gllr_single_image_text gllr_single_image_text_under\">Brandseeschwalben - Bild-Nr. Dieter_33911L&nbsp;<\/div>\n\t\t\t\t\t\t\t\t\t\t\t\t\t\t\t\t\t\t\t\t\t\t\t<\/div><!-- .gllr_image_block -->\n\t\t\t\t\t\t\t\t\t\t\t\t\t\t\t\t\t\t\t\t\t<div class=\"gllr_image_block\">\n\t\t\t\t\t\t\t\t\t\t\t\t<p style=\"\n\t\t\t\t\t\t\t\t\t\t\t\twidth:164px;height:164px;\t\t\t\t\t\t\t\t\t\t\t\t\">\n\t\t\t\t\t\t\t\t\t\t\t\t\t\t\t\t\t\t\t\t\t\t\t\t\t\t\t\t<a data-fancybox=\"gallery_fancybox\" href=\"https:\/\/woerrlein-naturfoto.de\/wordpress\/wp-content\/uploads\/Brandseeschwalbe_33715L_v.jpg\" title=\"Brandseeschwalbe - Bild-Nr. Dieter_33715L\" >\n\t\t\t\t\t\t\t\t\t\t\t\t\t\t\t\t<img decoding=\"async\" width=&quot;158&quot; height=&quot;158&quot; style=\"width:158px; height:158px; border-width: 3px; border-color:#F1F1F1;border: 3px solid #F1F1F1\" alt=\"Brandseeschwalbe\" title=\"Brandseeschwalbe - Bild-Nr. Dieter_33715L\" src=\"https:\/\/woerrlein-naturfoto.de\/wordpress\/wp-content\/uploads\/Brandseeschwalbe_33715L_v-200x200.jpg\" rel=\"https:\/\/woerrlein-naturfoto.de\/wordpress\/wp-content\/uploads\/Brandseeschwalbe_33715L_v.jpg\" \/>\t\t\t\t\t\t\t\t\t\t\t\t\t\t\t<\/a>\n\t\t\t\t\t\t\t\t\t\t\t\t\t\t\t\t\t\t\t\t\t\t\t\t\t\t<\/p>\n\t\t\t\t\t\t\t\t\t\t\t\t\t\t\t\t\t\t\t\t\t\t\t\t\t<div \n\t\t\t\t\t\t\t\t\t\t\t\t\tstyle=\"width:164px;\"\t\t\t\t\t\t\t\t\t\t\t\t\tclass=\"gllr_single_image_text gllr_single_image_text_under\">Brandseeschwalbe - Bild-Nr. Dieter_33715L&nbsp;<\/div>\n\t\t\t\t\t\t\t\t\t\t\t\t\t\t\t\t\t\t\t\t\t\t\t<\/div><!-- .gllr_image_block -->\n\t\t\t\t\t\t\t\t\t\t\t\t\t\t\t\t\t\t\t\t\t<div class=\"gllr_image_block\">\n\t\t\t\t\t\t\t\t\t\t\t\t<p style=\"\n\t\t\t\t\t\t\t\t\t\t\t\twidth:164px;height:164px;\t\t\t\t\t\t\t\t\t\t\t\t\">\n\t\t\t\t\t\t\t\t\t\t\t\t\t\t\t\t\t\t\t\t\t\t\t\t\t\t\t\t<a data-fancybox=\"gallery_fancybox\" href=\"https:\/\/woerrlein-naturfoto.de\/wordpress\/wp-content\/uploads\/2015\/01\/Brandseeschwalbe_AW16223L_4554x3036.jpg\" title=\"Brandseeschwalbe - Bild-Nr. Anke_16223L\" >\n\t\t\t\t\t\t\t\t\t\t\t\t\t\t\t\t<img decoding=\"async\" width=&quot;158&quot; height=&quot;158&quot; style=\"width:158px; height:158px; border-width: 3px; border-color:#F1F1F1;border: 3px solid #F1F1F1\" alt=\"Brandseeschwalbe\" title=\"Brandseeschwalbe - Bild-Nr. Anke_16223L\" src=\"https:\/\/woerrlein-naturfoto.de\/wordpress\/wp-content\/uploads\/2015\/01\/Brandseeschwalbe_AW16223L_4554x3036-200x200.jpg\" rel=\"https:\/\/woerrlein-naturfoto.de\/wordpress\/wp-content\/uploads\/2015\/01\/Brandseeschwalbe_AW16223L_4554x3036.jpg\" \/>\t\t\t\t\t\t\t\t\t\t\t\t\t\t\t<\/a>\n\t\t\t\t\t\t\t\t\t\t\t\t\t\t\t\t\t\t\t\t\t\t\t\t\t\t<\/p>\n\t\t\t\t\t\t\t\t\t\t\t\t\t\t\t\t\t\t\t\t\t\t\t\t\t<div \n\t\t\t\t\t\t\t\t\t\t\t\t\tstyle=\"width:164px;\"\t\t\t\t\t\t\t\t\t\t\t\t\tclass=\"gllr_single_image_text gllr_single_image_text_under\">Brandseeschwalbe - Bild-Nr. Anke_16223L&nbsp;<\/div>\n\t\t\t\t\t\t\t\t\t\t\t\t\t\t\t\t\t\t\t\t\t\t\t<\/div><!-- .gllr_image_block -->\n\t\t\t\t\t\t\t\t\t\t\t\t\t\t\t\t\t\t\t\t\t<div class=\"gllr_image_block\">\n\t\t\t\t\t\t\t\t\t\t\t\t<p style=\"\n\t\t\t\t\t\t\t\t\t\t\t\twidth:164px;height:164px;\t\t\t\t\t\t\t\t\t\t\t\t\">\n\t\t\t\t\t\t\t\t\t\t\t\t\t\t\t\t\t\t\t\t\t\t\t\t\t\t\t\t<a data-fancybox=\"gallery_fancybox\" href=\"https:\/\/woerrlein-naturfoto.de\/wordpress\/wp-content\/uploads\/2015\/01\/Brandseeschwalbe_AW16745L_5018x3345.jpg\" title=\"Brandseeschwalbe - Bild-Nr. Anke_16745L\" >\n\t\t\t\t\t\t\t\t\t\t\t\t\t\t\t\t<img decoding=\"async\" width=&quot;158&quot; height=&quot;158&quot; style=\"width:158px; height:158px; border-width: 3px; border-color:#F1F1F1;border: 3px solid #F1F1F1\" alt=\"Brandseeschwalbe\" title=\"Brandseeschwalbe - Bild-Nr. Anke_16745L\" src=\"https:\/\/woerrlein-naturfoto.de\/wordpress\/wp-content\/uploads\/2015\/01\/Brandseeschwalbe_AW16745L_5018x3345-200x200.jpg\" rel=\"https:\/\/woerrlein-naturfoto.de\/wordpress\/wp-content\/uploads\/2015\/01\/Brandseeschwalbe_AW16745L_5018x3345.jpg\" \/>\t\t\t\t\t\t\t\t\t\t\t\t\t\t\t<\/a>\n\t\t\t\t\t\t\t\t\t\t\t\t\t\t\t\t\t\t\t\t\t\t\t\t\t\t<\/p>\n\t\t\t\t\t\t\t\t\t\t\t\t\t\t\t\t\t\t\t\t\t\t\t\t\t<div \n\t\t\t\t\t\t\t\t\t\t\t\t\tstyle=\"width:164px;\"\t\t\t\t\t\t\t\t\t\t\t\t\tclass=\"gllr_single_image_text gllr_single_image_text_under\">Brandseeschwalbe - Bild-Nr. Anke_16745L&nbsp;<\/div>\n\t\t\t\t\t\t\t\t\t\t\t\t\t\t\t\t\t\t\t\t\t\t\t<\/div><!-- .gllr_image_block -->\n\t\t\t\t\t\t\t\t\t\t\t\t\t\t\t\t\t\t\t\t\t<\/div><!-- .gllr_image_row -->\n\t\t\t\t\t\t\t\t\t\t\t\t\t\t\t\t\t\t\t\t\t\t<div class=\"gllr_image_row\">\n\t\t\t\t\t\t\t\t\t\t\t\t\t\t\t\t\t\t\t\t\t<div class=\"gllr_image_block\">\n\t\t\t\t\t\t\t\t\t\t\t\t<p style=\"\n\t\t\t\t\t\t\t\t\t\t\t\twidth:164px;height:164px;\t\t\t\t\t\t\t\t\t\t\t\t\">\n\t\t\t\t\t\t\t\t\t\t\t\t\t\t\t\t\t\t\t\t\t\t\t\t\t\t\t\t<a data-fancybox=\"gallery_fancybox\" href=\"https:\/\/woerrlein-naturfoto.de\/wordpress\/wp-content\/uploads\/2015\/01\/Brandseeschwalbe_D190607_1291.jpg\" title=\"Brandseeschwalbe - Bild-Nr. Dieter_190607_1291\" >\n\t\t\t\t\t\t\t\t\t\t\t\t\t\t\t\t<img decoding=\"async\" width=&quot;158&quot; height=&quot;158&quot; style=\"width:158px; height:158px; border-width: 3px; border-color:#F1F1F1;border: 3px solid #F1F1F1\" alt=\"Brandseeschwalbe\" title=\"Brandseeschwalbe - Bild-Nr. Dieter_190607_1291\" src=\"https:\/\/woerrlein-naturfoto.de\/wordpress\/wp-content\/uploads\/2015\/01\/Brandseeschwalbe_D190607_1291-200x200.jpg\" rel=\"https:\/\/woerrlein-naturfoto.de\/wordpress\/wp-content\/uploads\/2015\/01\/Brandseeschwalbe_D190607_1291.jpg\" \/>\t\t\t\t\t\t\t\t\t\t\t\t\t\t\t<\/a>\n\t\t\t\t\t\t\t\t\t\t\t\t\t\t\t\t\t\t\t\t\t\t\t\t\t\t<\/p>\n\t\t\t\t\t\t\t\t\t\t\t\t\t\t\t\t\t\t\t\t\t\t\t\t\t<div \n\t\t\t\t\t\t\t\t\t\t\t\t\tstyle=\"width:164px;\"\t\t\t\t\t\t\t\t\t\t\t\t\tclass=\"gllr_single_image_text gllr_single_image_text_under\">Brandseeschwalbe - Bild-Nr. Dieter_190607_1291&nbsp;<\/div>\n\t\t\t\t\t\t\t\t\t\t\t\t\t\t\t\t\t\t\t\t\t\t\t<\/div><!-- .gllr_image_block -->\n\t\t\t\t\t\t\t\t\t\t\t\t\t\t\t\t\t\t\t\t\t<div class=\"gllr_image_block\">\n\t\t\t\t\t\t\t\t\t\t\t\t<p style=\"\n\t\t\t\t\t\t\t\t\t\t\t\twidth:164px;height:164px;\t\t\t\t\t\t\t\t\t\t\t\t\">\n\t\t\t\t\t\t\t\t\t\t\t\t\t\t\t\t\t\t\t\t\t\t\t\t\t\t\t\t<a data-fancybox=\"gallery_fancybox\" href=\"https:\/\/woerrlein-naturfoto.de\/wordpress\/wp-content\/uploads\/Dorngrasmuecke_34119L_v.jpg\" title=\"Dorngrasm\u00fccke - Bild-Nr. Dieter_34119L\" >\n\t\t\t\t\t\t\t\t\t\t\t\t\t\t\t\t<img decoding=\"async\" width=&quot;158&quot; height=&quot;158&quot; style=\"width:158px; height:158px; border-width: 3px; border-color:#F1F1F1;border: 3px solid #F1F1F1\" alt=\"Dorngrasm\u00fccke\" title=\"Dorngrasm\u00fccke - Bild-Nr. Dieter_34119L\" src=\"https:\/\/woerrlein-naturfoto.de\/wordpress\/wp-content\/uploads\/Dorngrasmuecke_34119L_v-200x200.jpg\" rel=\"https:\/\/woerrlein-naturfoto.de\/wordpress\/wp-content\/uploads\/Dorngrasmuecke_34119L_v.jpg\" \/>\t\t\t\t\t\t\t\t\t\t\t\t\t\t\t<\/a>\n\t\t\t\t\t\t\t\t\t\t\t\t\t\t\t\t\t\t\t\t\t\t\t\t\t\t<\/p>\n\t\t\t\t\t\t\t\t\t\t\t\t\t\t\t\t\t\t\t\t\t\t\t\t\t<div \n\t\t\t\t\t\t\t\t\t\t\t\t\tstyle=\"width:164px;\"\t\t\t\t\t\t\t\t\t\t\t\t\tclass=\"gllr_single_image_text gllr_single_image_text_under\">Dorngrasm\u00fccke - Bild-Nr. Dieter_34119L&nbsp;<\/div>\n\t\t\t\t\t\t\t\t\t\t\t\t\t\t\t\t\t\t\t\t\t\t\t<\/div><!-- .gllr_image_block -->\n\t\t\t\t\t\t\t\t\t\t\t\t\t\t\t\t\t\t\t\t\t<div class=\"gllr_image_block\">\n\t\t\t\t\t\t\t\t\t\t\t\t<p style=\"\n\t\t\t\t\t\t\t\t\t\t\t\twidth:164px;height:164px;\t\t\t\t\t\t\t\t\t\t\t\t\">\n\t\t\t\t\t\t\t\t\t\t\t\t\t\t\t\t\t\t\t\t\t\t\t\t\t\t\t\t<a data-fancybox=\"gallery_fancybox\" href=\"https:\/\/woerrlein-naturfoto.de\/wordpress\/wp-content\/uploads\/2014\/12\/Fasan_D20190603_0715.jpg\" title=\"Fasan - Bild-Nr. Dieter_190602_0715\" >\n\t\t\t\t\t\t\t\t\t\t\t\t\t\t\t\t<img decoding=\"async\" width=&quot;158&quot; height=&quot;158&quot; style=\"width:158px; height:158px; border-width: 3px; border-color:#F1F1F1;border: 3px solid #F1F1F1\" alt=\"Fasan\" title=\"Fasan - Bild-Nr. Dieter_190602_0715\" src=\"https:\/\/woerrlein-naturfoto.de\/wordpress\/wp-content\/uploads\/2014\/12\/Fasan_D20190603_0715-200x200.jpg\" rel=\"https:\/\/woerrlein-naturfoto.de\/wordpress\/wp-content\/uploads\/2014\/12\/Fasan_D20190603_0715.jpg\" \/>\t\t\t\t\t\t\t\t\t\t\t\t\t\t\t<\/a>\n\t\t\t\t\t\t\t\t\t\t\t\t\t\t\t\t\t\t\t\t\t\t\t\t\t\t<\/p>\n\t\t\t\t\t\t\t\t\t\t\t\t\t\t\t\t\t\t\t\t\t\t\t\t\t<div \n\t\t\t\t\t\t\t\t\t\t\t\t\tstyle=\"width:164px;\"\t\t\t\t\t\t\t\t\t\t\t\t\tclass=\"gllr_single_image_text gllr_single_image_text_under\">Fasan - Bild-Nr. Dieter_190602_0715&nbsp;<\/div>\n\t\t\t\t\t\t\t\t\t\t\t\t\t\t\t\t\t\t\t\t\t\t\t<\/div><!-- .gllr_image_block -->\n\t\t\t\t\t\t\t\t\t\t\t\t\t\t\t\t\t\t\t\t\t<div class=\"gllr_image_block\">\n\t\t\t\t\t\t\t\t\t\t\t\t<p style=\"\n\t\t\t\t\t\t\t\t\t\t\t\twidth:164px;height:164px;\t\t\t\t\t\t\t\t\t\t\t\t\">\n\t\t\t\t\t\t\t\t\t\t\t\t\t\t\t\t\t\t\t\t\t\t\t\t\t\t\t\t<a data-fancybox=\"gallery_fancybox\" href=\"https:\/\/woerrlein-naturfoto.de\/wordpress\/wp-content\/uploads\/2014\/12\/Fasan_D190606_1225.jpg\" title=\"Fasan - Bild-Nr. Dieter_190606_12254\" >\n\t\t\t\t\t\t\t\t\t\t\t\t\t\t\t\t<img decoding=\"async\" width=&quot;158&quot; height=&quot;158&quot; style=\"width:158px; height:158px; border-width: 3px; border-color:#F1F1F1;border: 3px solid #F1F1F1\" alt=\"Fasan\" title=\"Fasan - Bild-Nr. Dieter_190606_12254\" src=\"https:\/\/woerrlein-naturfoto.de\/wordpress\/wp-content\/uploads\/2014\/12\/Fasan_D190606_1225-200x200.jpg\" rel=\"https:\/\/woerrlein-naturfoto.de\/wordpress\/wp-content\/uploads\/2014\/12\/Fasan_D190606_1225.jpg\" \/>\t\t\t\t\t\t\t\t\t\t\t\t\t\t\t<\/a>\n\t\t\t\t\t\t\t\t\t\t\t\t\t\t\t\t\t\t\t\t\t\t\t\t\t\t<\/p>\n\t\t\t\t\t\t\t\t\t\t\t\t\t\t\t\t\t\t\t\t\t\t\t\t\t<div \n\t\t\t\t\t\t\t\t\t\t\t\t\tstyle=\"width:164px;\"\t\t\t\t\t\t\t\t\t\t\t\t\tclass=\"gllr_single_image_text gllr_single_image_text_under\">Fasan - Bild-Nr. Dieter_190606_12254&nbsp;<\/div>\n\t\t\t\t\t\t\t\t\t\t\t\t\t\t\t\t\t\t\t\t\t\t\t<\/div><!-- .gllr_image_block -->\n\t\t\t\t\t\t\t\t\t\t\t\t\t\t\t\t\t\t\t\t\t<div class=\"gllr_image_block\">\n\t\t\t\t\t\t\t\t\t\t\t\t<p style=\"\n\t\t\t\t\t\t\t\t\t\t\t\twidth:164px;height:164px;\t\t\t\t\t\t\t\t\t\t\t\t\">\n\t\t\t\t\t\t\t\t\t\t\t\t\t\t\t\t\t\t\t\t\t\t\t\t\t\t\t\t<a data-fancybox=\"gallery_fancybox\" href=\"https:\/\/woerrlein-naturfoto.de\/wordpress\/wp-content\/uploads\/Fasan_34280L_v.jpg\" title=\"Fasan - Bild-Nr. Dieter_34280L\" >\n\t\t\t\t\t\t\t\t\t\t\t\t\t\t\t\t<img decoding=\"async\" width=&quot;158&quot; height=&quot;158&quot; style=\"width:158px; height:158px; border-width: 3px; border-color:#F1F1F1;border: 3px solid #F1F1F1\" alt=\"Fasan\" title=\"Fasan - Bild-Nr. Dieter_34280L\" src=\"https:\/\/woerrlein-naturfoto.de\/wordpress\/wp-content\/uploads\/Fasan_34280L_v-200x200.jpg\" rel=\"https:\/\/woerrlein-naturfoto.de\/wordpress\/wp-content\/uploads\/Fasan_34280L_v.jpg\" \/>\t\t\t\t\t\t\t\t\t\t\t\t\t\t\t<\/a>\n\t\t\t\t\t\t\t\t\t\t\t\t\t\t\t\t\t\t\t\t\t\t\t\t\t\t<\/p>\n\t\t\t\t\t\t\t\t\t\t\t\t\t\t\t\t\t\t\t\t\t\t\t\t\t<div \n\t\t\t\t\t\t\t\t\t\t\t\t\tstyle=\"width:164px;\"\t\t\t\t\t\t\t\t\t\t\t\t\tclass=\"gllr_single_image_text gllr_single_image_text_under\">Fasan - Bild-Nr. Dieter_34280L&nbsp;<\/div>\n\t\t\t\t\t\t\t\t\t\t\t\t\t\t\t\t\t\t\t\t\t\t\t<\/div><!-- .gllr_image_block -->\n\t\t\t\t\t\t\t\t\t\t\t\t\t\t\t\t\t\t\t\t\t<div class=\"gllr_image_block\">\n\t\t\t\t\t\t\t\t\t\t\t\t<p style=\"\n\t\t\t\t\t\t\t\t\t\t\t\twidth:164px;height:164px;\t\t\t\t\t\t\t\t\t\t\t\t\">\n\t\t\t\t\t\t\t\t\t\t\t\t\t\t\t\t\t\t\t\t\t\t\t\t\t\t\t\t<a data-fancybox=\"gallery_fancybox\" href=\"https:\/\/woerrlein-naturfoto.de\/wordpress\/wp-content\/uploads\/2014\/12\/Fasan_AW16405L_5928x3952.jpg\" title=\"Fasan - Bild-Nr. Anke_16405L\" >\n\t\t\t\t\t\t\t\t\t\t\t\t\t\t\t\t<img decoding=\"async\" width=&quot;158&quot; height=&quot;158&quot; style=\"width:158px; height:158px; border-width: 3px; border-color:#F1F1F1;border: 3px solid #F1F1F1\" alt=\"Fasan\" title=\"Fasan - Bild-Nr. Anke_16405L\" src=\"https:\/\/woerrlein-naturfoto.de\/wordpress\/wp-content\/uploads\/2014\/12\/Fasan_AW16405L_5928x3952-200x200.jpg\" rel=\"https:\/\/woerrlein-naturfoto.de\/wordpress\/wp-content\/uploads\/2014\/12\/Fasan_AW16405L_5928x3952.jpg\" \/>\t\t\t\t\t\t\t\t\t\t\t\t\t\t\t<\/a>\n\t\t\t\t\t\t\t\t\t\t\t\t\t\t\t\t\t\t\t\t\t\t\t\t\t\t<\/p>\n\t\t\t\t\t\t\t\t\t\t\t\t\t\t\t\t\t\t\t\t\t\t\t\t\t<div \n\t\t\t\t\t\t\t\t\t\t\t\t\tstyle=\"width:164px;\"\t\t\t\t\t\t\t\t\t\t\t\t\tclass=\"gllr_single_image_text gllr_single_image_text_under\">Fasan - Bild-Nr. Anke_16405L&nbsp;<\/div>\n\t\t\t\t\t\t\t\t\t\t\t\t\t\t\t\t\t\t\t\t\t\t\t<\/div><!-- .gllr_image_block -->\n\t\t\t\t\t\t\t\t\t\t\t\t\t\t\t\t\t\t\t\t\t<div class=\"gllr_image_block\">\n\t\t\t\t\t\t\t\t\t\t\t\t<p style=\"\n\t\t\t\t\t\t\t\t\t\t\t\twidth:164px;height:164px;\t\t\t\t\t\t\t\t\t\t\t\t\">\n\t\t\t\t\t\t\t\t\t\t\t\t\t\t\t\t\t\t\t\t\t\t\t\t\t\t\t\t<a data-fancybox=\"gallery_fancybox\" href=\"https:\/\/woerrlein-naturfoto.de\/wordpress\/wp-content\/uploads\/2014\/12\/Fasan_AW16410L_6662x4441.jpg\" title=\"Fasan - Bild-Nr. Anke_16410L\" >\n\t\t\t\t\t\t\t\t\t\t\t\t\t\t\t\t<img decoding=\"async\" width=&quot;158&quot; height=&quot;158&quot; style=\"width:158px; height:158px; border-width: 3px; border-color:#F1F1F1;border: 3px solid #F1F1F1\" alt=\"Fasan\" title=\"Fasan - Bild-Nr. Anke_16410L\" src=\"https:\/\/woerrlein-naturfoto.de\/wordpress\/wp-content\/uploads\/2014\/12\/Fasan_AW16410L_6662x4441-200x200.jpg\" rel=\"https:\/\/woerrlein-naturfoto.de\/wordpress\/wp-content\/uploads\/2014\/12\/Fasan_AW16410L_6662x4441.jpg\" \/>\t\t\t\t\t\t\t\t\t\t\t\t\t\t\t<\/a>\n\t\t\t\t\t\t\t\t\t\t\t\t\t\t\t\t\t\t\t\t\t\t\t\t\t\t<\/p>\n\t\t\t\t\t\t\t\t\t\t\t\t\t\t\t\t\t\t\t\t\t\t\t\t\t<div \n\t\t\t\t\t\t\t\t\t\t\t\t\tstyle=\"width:164px;\"\t\t\t\t\t\t\t\t\t\t\t\t\tclass=\"gllr_single_image_text gllr_single_image_text_under\">Fasan - Bild-Nr. Anke_16410L&nbsp;<\/div>\n\t\t\t\t\t\t\t\t\t\t\t\t\t\t\t\t\t\t\t\t\t\t\t<\/div><!-- .gllr_image_block -->\n\t\t\t\t\t\t\t\t\t\t\t\t\t\t\t\t\t\t\t\t\t<div class=\"gllr_image_block\">\n\t\t\t\t\t\t\t\t\t\t\t\t<p style=\"\n\t\t\t\t\t\t\t\t\t\t\t\twidth:164px;height:164px;\t\t\t\t\t\t\t\t\t\t\t\t\">\n\t\t\t\t\t\t\t\t\t\t\t\t\t\t\t\t\t\t\t\t\t\t\t\t\t\t\t\t<a data-fancybox=\"gallery_fancybox\" href=\"https:\/\/woerrlein-naturfoto.de\/wordpress\/wp-content\/uploads\/2015\/07\/FleischfarbenesKnabenkraut_D190605_0980a.jpg\" title=\"Fleischfarbenes Knabenkraut (Dactylorhiza incarnata) - Bild-Nr. Dieter_190605_0980a\" >\n\t\t\t\t\t\t\t\t\t\t\t\t\t\t\t\t<img decoding=\"async\" width=&quot;158&quot; height=&quot;158&quot; style=\"width:158px; height:158px; border-width: 3px; border-color:#F1F1F1;border: 3px solid #F1F1F1\" alt=\"Fleischfarbenes Knabenkraut\" title=\"Fleischfarbenes Knabenkraut (Dactylorhiza incarnata) - Bild-Nr. Dieter_190605_0980a\" src=\"https:\/\/woerrlein-naturfoto.de\/wordpress\/wp-content\/uploads\/2015\/07\/FleischfarbenesKnabenkraut_D190605_0980a-200x200.jpg\" rel=\"https:\/\/woerrlein-naturfoto.de\/wordpress\/wp-content\/uploads\/2015\/07\/FleischfarbenesKnabenkraut_D190605_0980a.jpg\" \/>\t\t\t\t\t\t\t\t\t\t\t\t\t\t\t<\/a>\n\t\t\t\t\t\t\t\t\t\t\t\t\t\t\t\t\t\t\t\t\t\t\t\t\t\t<\/p>\n\t\t\t\t\t\t\t\t\t\t\t\t\t\t\t\t\t\t\t\t\t\t\t\t\t<div \n\t\t\t\t\t\t\t\t\t\t\t\t\tstyle=\"width:164px;\"\t\t\t\t\t\t\t\t\t\t\t\t\tclass=\"gllr_single_image_text gllr_single_image_text_under\">Fleischfarbenes Knabenkraut (Dactylorhiza incarnata) - Bild-Nr. Dieter_190605_0980a&nbsp;<\/div>\n\t\t\t\t\t\t\t\t\t\t\t\t\t\t\t\t\t\t\t\t\t\t\t<\/div><!-- .gllr_image_block -->\n\t\t\t\t\t\t\t\t\t\t\t\t\t\t\t\t\t\t\t\t\t<\/div><!-- .gllr_image_row -->\n\t\t\t\t\t\t\t\t\t\t\t\t\t\t\t\t\t\t\t\t\t\t<div class=\"gllr_image_row\">\n\t\t\t\t\t\t\t\t\t\t\t\t\t\t\t\t\t\t\t\t\t<div class=\"gllr_image_block\">\n\t\t\t\t\t\t\t\t\t\t\t\t<p style=\"\n\t\t\t\t\t\t\t\t\t\t\t\twidth:164px;height:164px;\t\t\t\t\t\t\t\t\t\t\t\t\">\n\t\t\t\t\t\t\t\t\t\t\t\t\t\t\t\t\t\t\t\t\t\t\t\t\t\t\t\t<a data-fancybox=\"gallery_fancybox\" href=\"https:\/\/woerrlein-naturfoto.de\/wordpress\/wp-content\/uploads\/2015\/07\/Fleischfarbenes_Knabenkraut_AW16651L_4659x6988.jpg\" title=\"Fleischfarbenes Knabenkraut (Dactylorhiza incarnata) - Bild-Nr. Anke_16651L\" >\n\t\t\t\t\t\t\t\t\t\t\t\t\t\t\t\t<img decoding=\"async\" width=&quot;158&quot; height=&quot;158&quot; style=\"width:158px; height:158px; border-width: 3px; border-color:#F1F1F1;border: 3px solid #F1F1F1\" alt=\"Fleischfarbenes Knabenkraut\" title=\"Fleischfarbenes Knabenkraut (Dactylorhiza incarnata) - Bild-Nr. Anke_16651L\" src=\"https:\/\/woerrlein-naturfoto.de\/wordpress\/wp-content\/uploads\/2015\/07\/Fleischfarbenes_Knabenkraut_AW16651L_4659x6988-200x200.jpg\" rel=\"https:\/\/woerrlein-naturfoto.de\/wordpress\/wp-content\/uploads\/2015\/07\/Fleischfarbenes_Knabenkraut_AW16651L_4659x6988.jpg\" \/>\t\t\t\t\t\t\t\t\t\t\t\t\t\t\t<\/a>\n\t\t\t\t\t\t\t\t\t\t\t\t\t\t\t\t\t\t\t\t\t\t\t\t\t\t<\/p>\n\t\t\t\t\t\t\t\t\t\t\t\t\t\t\t\t\t\t\t\t\t\t\t\t\t<div \n\t\t\t\t\t\t\t\t\t\t\t\t\tstyle=\"width:164px;\"\t\t\t\t\t\t\t\t\t\t\t\t\tclass=\"gllr_single_image_text gllr_single_image_text_under\">Fleischfarbenes Knabenkraut (Dactylorhiza incarnata) - Bild-Nr. Anke_16651L&nbsp;<\/div>\n\t\t\t\t\t\t\t\t\t\t\t\t\t\t\t\t\t\t\t\t\t\t\t<\/div><!-- .gllr_image_block -->\n\t\t\t\t\t\t\t\t\t\t\t\t\t\t\t\t\t\t\t\t\t<div class=\"gllr_image_block\">\n\t\t\t\t\t\t\t\t\t\t\t\t<p style=\"\n\t\t\t\t\t\t\t\t\t\t\t\twidth:164px;height:164px;\t\t\t\t\t\t\t\t\t\t\t\t\">\n\t\t\t\t\t\t\t\t\t\t\t\t\t\t\t\t\t\t\t\t\t\t\t\t\t\t\t\t<a data-fancybox=\"gallery_fancybox\" href=\"https:\/\/woerrlein-naturfoto.de\/wordpress\/wp-content\/uploads\/2015\/07\/Fleischfarbenes_Knabenkraut_AW16664L_4907x7360.jpg\" title=\"Fleischfarbenes Knabenkraut (Dactylorhiza incarnata) - Bild-Nr. Anke_16664L\" >\n\t\t\t\t\t\t\t\t\t\t\t\t\t\t\t\t<img decoding=\"async\" width=&quot;158&quot; height=&quot;158&quot; style=\"width:158px; height:158px; border-width: 3px; border-color:#F1F1F1;border: 3px solid #F1F1F1\" alt=\"Fleischfarbenes Knabenkraut\" title=\"Fleischfarbenes Knabenkraut (Dactylorhiza incarnata) - Bild-Nr. Anke_16664L\" src=\"https:\/\/woerrlein-naturfoto.de\/wordpress\/wp-content\/uploads\/2015\/07\/Fleischfarbenes_Knabenkraut_AW16664L_4907x7360-200x200.jpg\" rel=\"https:\/\/woerrlein-naturfoto.de\/wordpress\/wp-content\/uploads\/2015\/07\/Fleischfarbenes_Knabenkraut_AW16664L_4907x7360.jpg\" \/>\t\t\t\t\t\t\t\t\t\t\t\t\t\t\t<\/a>\n\t\t\t\t\t\t\t\t\t\t\t\t\t\t\t\t\t\t\t\t\t\t\t\t\t\t<\/p>\n\t\t\t\t\t\t\t\t\t\t\t\t\t\t\t\t\t\t\t\t\t\t\t\t\t<div \n\t\t\t\t\t\t\t\t\t\t\t\t\tstyle=\"width:164px;\"\t\t\t\t\t\t\t\t\t\t\t\t\tclass=\"gllr_single_image_text gllr_single_image_text_under\">Fleischfarbenes Knabenkraut (Dactylorhiza incarnata) - Bild-Nr. Anke_16664L&nbsp;<\/div>\n\t\t\t\t\t\t\t\t\t\t\t\t\t\t\t\t\t\t\t\t\t\t\t<\/div><!-- .gllr_image_block -->\n\t\t\t\t\t\t\t\t\t\t\t\t\t\t\t\t\t\t\t\t\t<div class=\"gllr_image_block\">\n\t\t\t\t\t\t\t\t\t\t\t\t<p style=\"\n\t\t\t\t\t\t\t\t\t\t\t\twidth:164px;height:164px;\t\t\t\t\t\t\t\t\t\t\t\t\">\n\t\t\t\t\t\t\t\t\t\t\t\t\t\t\t\t\t\t\t\t\t\t\t\t\t\t\t\t<a data-fancybox=\"gallery_fancybox\" href=\"https:\/\/woerrlein-naturfoto.de\/wordpress\/wp-content\/uploads\/Flussseeschwalbe_07167La.jpg\" title=\"Flussseeschwalben - Bild-Nr. Dieter_07167La\" >\n\t\t\t\t\t\t\t\t\t\t\t\t\t\t\t\t<img decoding=\"async\" width=&quot;158&quot; height=&quot;158&quot; style=\"width:158px; height:158px; border-width: 3px; border-color:#F1F1F1;border: 3px solid #F1F1F1\" alt=\"Flussseeschwalben\" title=\"Flussseeschwalben - Bild-Nr. Dieter_07167La\" src=\"https:\/\/woerrlein-naturfoto.de\/wordpress\/wp-content\/uploads\/Flussseeschwalbe_07167La-200x200.jpg\" rel=\"https:\/\/woerrlein-naturfoto.de\/wordpress\/wp-content\/uploads\/Flussseeschwalbe_07167La.jpg\" \/>\t\t\t\t\t\t\t\t\t\t\t\t\t\t\t<\/a>\n\t\t\t\t\t\t\t\t\t\t\t\t\t\t\t\t\t\t\t\t\t\t\t\t\t\t<\/p>\n\t\t\t\t\t\t\t\t\t\t\t\t\t\t\t\t\t\t\t\t\t\t\t\t\t<div \n\t\t\t\t\t\t\t\t\t\t\t\t\tstyle=\"width:164px;\"\t\t\t\t\t\t\t\t\t\t\t\t\tclass=\"gllr_single_image_text gllr_single_image_text_under\">Flussseeschwalben - Bild-Nr. Dieter_07167La&nbsp;<\/div>\n\t\t\t\t\t\t\t\t\t\t\t\t\t\t\t\t\t\t\t\t\t\t\t<\/div><!-- .gllr_image_block -->\n\t\t\t\t\t\t\t\t\t\t\t\t\t\t\t\t\t\t\t\t\t<div class=\"gllr_image_block\">\n\t\t\t\t\t\t\t\t\t\t\t\t<p style=\"\n\t\t\t\t\t\t\t\t\t\t\t\twidth:164px;height:164px;\t\t\t\t\t\t\t\t\t\t\t\t\">\n\t\t\t\t\t\t\t\t\t\t\t\t\t\t\t\t\t\t\t\t\t\t\t\t\t\t\t\t<a data-fancybox=\"gallery_fancybox\" href=\"https:\/\/woerrlein-naturfoto.de\/wordpress\/wp-content\/uploads\/Flussseeschwalbe_07386La.jpg\" title=\"Flussseeschwalben - Bild-Nr. Dieter_07386La\" >\n\t\t\t\t\t\t\t\t\t\t\t\t\t\t\t\t<img decoding=\"async\" width=&quot;158&quot; height=&quot;158&quot; style=\"width:158px; height:158px; border-width: 3px; border-color:#F1F1F1;border: 3px solid #F1F1F1\" alt=\"Flussseeschwalben\" title=\"Flussseeschwalben - Bild-Nr. Dieter_07386La\" src=\"https:\/\/woerrlein-naturfoto.de\/wordpress\/wp-content\/uploads\/Flussseeschwalbe_07386La-200x200.jpg\" rel=\"https:\/\/woerrlein-naturfoto.de\/wordpress\/wp-content\/uploads\/Flussseeschwalbe_07386La.jpg\" \/>\t\t\t\t\t\t\t\t\t\t\t\t\t\t\t<\/a>\n\t\t\t\t\t\t\t\t\t\t\t\t\t\t\t\t\t\t\t\t\t\t\t\t\t\t<\/p>\n\t\t\t\t\t\t\t\t\t\t\t\t\t\t\t\t\t\t\t\t\t\t\t\t\t<div \n\t\t\t\t\t\t\t\t\t\t\t\t\tstyle=\"width:164px;\"\t\t\t\t\t\t\t\t\t\t\t\t\tclass=\"gllr_single_image_text gllr_single_image_text_under\">Flussseeschwalben - Bild-Nr. Dieter_07386La&nbsp;<\/div>\n\t\t\t\t\t\t\t\t\t\t\t\t\t\t\t\t\t\t\t\t\t\t\t<\/div><!-- .gllr_image_block -->\n\t\t\t\t\t\t\t\t\t\t\t\t\t\t\t\t\t\t\t\t\t<div class=\"gllr_image_block\">\n\t\t\t\t\t\t\t\t\t\t\t\t<p style=\"\n\t\t\t\t\t\t\t\t\t\t\t\twidth:164px;height:164px;\t\t\t\t\t\t\t\t\t\t\t\t\">\n\t\t\t\t\t\t\t\t\t\t\t\t\t\t\t\t\t\t\t\t\t\t\t\t\t\t\t\t<a data-fancybox=\"gallery_fancybox\" href=\"https:\/\/woerrlein-naturfoto.de\/wordpress\/wp-content\/uploads\/Flussseeschwalbe_33694L_v.jpg\" title=\"Flussseeschwalben - Bild-Nr. Dieter_33694L\" >\n\t\t\t\t\t\t\t\t\t\t\t\t\t\t\t\t<img decoding=\"async\" width=&quot;158&quot; height=&quot;158&quot; style=\"width:158px; height:158px; border-width: 3px; border-color:#F1F1F1;border: 3px solid #F1F1F1\" alt=\"Flussseeschwalben\" title=\"Flussseeschwalben - Bild-Nr. Dieter_33694L\" src=\"https:\/\/woerrlein-naturfoto.de\/wordpress\/wp-content\/uploads\/Flussseeschwalbe_33694L_v-200x200.jpg\" rel=\"https:\/\/woerrlein-naturfoto.de\/wordpress\/wp-content\/uploads\/Flussseeschwalbe_33694L_v.jpg\" \/>\t\t\t\t\t\t\t\t\t\t\t\t\t\t\t<\/a>\n\t\t\t\t\t\t\t\t\t\t\t\t\t\t\t\t\t\t\t\t\t\t\t\t\t\t<\/p>\n\t\t\t\t\t\t\t\t\t\t\t\t\t\t\t\t\t\t\t\t\t\t\t\t\t<div \n\t\t\t\t\t\t\t\t\t\t\t\t\tstyle=\"width:164px;\"\t\t\t\t\t\t\t\t\t\t\t\t\tclass=\"gllr_single_image_text gllr_single_image_text_under\">Flussseeschwalben - Bild-Nr. Dieter_33694L&nbsp;<\/div>\n\t\t\t\t\t\t\t\t\t\t\t\t\t\t\t\t\t\t\t\t\t\t\t<\/div><!-- .gllr_image_block -->\n\t\t\t\t\t\t\t\t\t\t\t\t\t\t\t\t\t\t\t\t\t<div class=\"gllr_image_block\">\n\t\t\t\t\t\t\t\t\t\t\t\t<p style=\"\n\t\t\t\t\t\t\t\t\t\t\t\twidth:164px;height:164px;\t\t\t\t\t\t\t\t\t\t\t\t\">\n\t\t\t\t\t\t\t\t\t\t\t\t\t\t\t\t\t\t\t\t\t\t\t\t\t\t\t\t<a data-fancybox=\"gallery_fancybox\" href=\"https:\/\/woerrlein-naturfoto.de\/wordpress\/wp-content\/uploads\/Flussseeschwalbe_07090La.jpg\" title=\"Flussseeschwalbe - Bild-Nr. Dieter_07090La\" >\n\t\t\t\t\t\t\t\t\t\t\t\t\t\t\t\t<img decoding=\"async\" width=&quot;158&quot; height=&quot;158&quot; style=\"width:158px; height:158px; border-width: 3px; border-color:#F1F1F1;border: 3px solid #F1F1F1\" alt=\"Flussseeschwalbe\" title=\"Flussseeschwalbe - Bild-Nr. Dieter_07090La\" src=\"https:\/\/woerrlein-naturfoto.de\/wordpress\/wp-content\/uploads\/Flussseeschwalbe_07090La-200x200.jpg\" rel=\"https:\/\/woerrlein-naturfoto.de\/wordpress\/wp-content\/uploads\/Flussseeschwalbe_07090La.jpg\" \/>\t\t\t\t\t\t\t\t\t\t\t\t\t\t\t<\/a>\n\t\t\t\t\t\t\t\t\t\t\t\t\t\t\t\t\t\t\t\t\t\t\t\t\t\t<\/p>\n\t\t\t\t\t\t\t\t\t\t\t\t\t\t\t\t\t\t\t\t\t\t\t\t\t<div \n\t\t\t\t\t\t\t\t\t\t\t\t\tstyle=\"width:164px;\"\t\t\t\t\t\t\t\t\t\t\t\t\tclass=\"gllr_single_image_text gllr_single_image_text_under\">Flussseeschwalbe - Bild-Nr. Dieter_07090La&nbsp;<\/div>\n\t\t\t\t\t\t\t\t\t\t\t\t\t\t\t\t\t\t\t\t\t\t\t<\/div><!-- .gllr_image_block -->\n\t\t\t\t\t\t\t\t\t\t\t\t\t\t\t\t\t\t\t\t\t<div class=\"gllr_image_block\">\n\t\t\t\t\t\t\t\t\t\t\t\t<p style=\"\n\t\t\t\t\t\t\t\t\t\t\t\twidth:164px;height:164px;\t\t\t\t\t\t\t\t\t\t\t\t\">\n\t\t\t\t\t\t\t\t\t\t\t\t\t\t\t\t\t\t\t\t\t\t\t\t\t\t\t\t<a data-fancybox=\"gallery_fancybox\" href=\"https:\/\/woerrlein-naturfoto.de\/wordpress\/wp-content\/uploads\/Flussseeschwalbe_19417L_v.jpg\" title=\"Flussseeschwalbe - Bild-Nr. Dieter_19417L\" >\n\t\t\t\t\t\t\t\t\t\t\t\t\t\t\t\t<img decoding=\"async\" width=&quot;158&quot; height=&quot;158&quot; style=\"width:158px; height:158px; border-width: 3px; border-color:#F1F1F1;border: 3px solid #F1F1F1\" alt=\"Flussseeschwalbe\" title=\"Flussseeschwalbe - Bild-Nr. Dieter_19417L\" src=\"https:\/\/woerrlein-naturfoto.de\/wordpress\/wp-content\/uploads\/Flussseeschwalbe_19417L_v-200x200.jpg\" rel=\"https:\/\/woerrlein-naturfoto.de\/wordpress\/wp-content\/uploads\/Flussseeschwalbe_19417L_v.jpg\" \/>\t\t\t\t\t\t\t\t\t\t\t\t\t\t\t<\/a>\n\t\t\t\t\t\t\t\t\t\t\t\t\t\t\t\t\t\t\t\t\t\t\t\t\t\t<\/p>\n\t\t\t\t\t\t\t\t\t\t\t\t\t\t\t\t\t\t\t\t\t\t\t\t\t<div \n\t\t\t\t\t\t\t\t\t\t\t\t\tstyle=\"width:164px;\"\t\t\t\t\t\t\t\t\t\t\t\t\tclass=\"gllr_single_image_text gllr_single_image_text_under\">Flussseeschwalbe - Bild-Nr. Dieter_19417L&nbsp;<\/div>\n\t\t\t\t\t\t\t\t\t\t\t\t\t\t\t\t\t\t\t\t\t\t\t<\/div><!-- .gllr_image_block -->\n\t\t\t\t\t\t\t\t\t\t\t\t\t\t\t\t\t\t\t\t\t<div class=\"gllr_image_block\">\n\t\t\t\t\t\t\t\t\t\t\t\t<p style=\"\n\t\t\t\t\t\t\t\t\t\t\t\twidth:164px;height:164px;\t\t\t\t\t\t\t\t\t\t\t\t\">\n\t\t\t\t\t\t\t\t\t\t\t\t\t\t\t\t\t\t\t\t\t\t\t\t\t\t\t\t<a data-fancybox=\"gallery_fancybox\" href=\"https:\/\/woerrlein-naturfoto.de\/wordpress\/wp-content\/uploads\/Flussseeschwalbe_34353L_v.jpg\" title=\"Flussseeschwalbe - Bild-Nr. Dieter_34353L\" >\n\t\t\t\t\t\t\t\t\t\t\t\t\t\t\t\t<img decoding=\"async\" width=&quot;158&quot; height=&quot;158&quot; style=\"width:158px; height:158px; border-width: 3px; border-color:#F1F1F1;border: 3px solid #F1F1F1\" alt=\"Flussseeschwalbe\" title=\"Flussseeschwalbe - Bild-Nr. Dieter_34353L\" src=\"https:\/\/woerrlein-naturfoto.de\/wordpress\/wp-content\/uploads\/Flussseeschwalbe_34353L_v-200x200.jpg\" rel=\"https:\/\/woerrlein-naturfoto.de\/wordpress\/wp-content\/uploads\/Flussseeschwalbe_34353L_v.jpg\" \/>\t\t\t\t\t\t\t\t\t\t\t\t\t\t\t<\/a>\n\t\t\t\t\t\t\t\t\t\t\t\t\t\t\t\t\t\t\t\t\t\t\t\t\t\t<\/p>\n\t\t\t\t\t\t\t\t\t\t\t\t\t\t\t\t\t\t\t\t\t\t\t\t\t<div \n\t\t\t\t\t\t\t\t\t\t\t\t\tstyle=\"width:164px;\"\t\t\t\t\t\t\t\t\t\t\t\t\tclass=\"gllr_single_image_text gllr_single_image_text_under\">Flussseeschwalbe - Bild-Nr. Dieter_34353L&nbsp;<\/div>\n\t\t\t\t\t\t\t\t\t\t\t\t\t\t\t\t\t\t\t\t\t\t\t<\/div><!-- .gllr_image_block -->\n\t\t\t\t\t\t\t\t\t\t\t\t\t\t\t\t\t\t\t\t\t<\/div><!-- .gllr_image_row -->\n\t\t\t\t\t\t\t\t\t\t\t\t\t\t\t\t\t\t\t\t\t\t<div class=\"gllr_image_row\">\n\t\t\t\t\t\t\t\t\t\t\t\t\t\t\t\t\t\t\t\t\t<div class=\"gllr_image_block\">\n\t\t\t\t\t\t\t\t\t\t\t\t<p style=\"\n\t\t\t\t\t\t\t\t\t\t\t\twidth:164px;height:164px;\t\t\t\t\t\t\t\t\t\t\t\t\">\n\t\t\t\t\t\t\t\t\t\t\t\t\t\t\t\t\t\t\t\t\t\t\t\t\t\t\t\t<a data-fancybox=\"gallery_fancybox\" href=\"https:\/\/woerrlein-naturfoto.de\/wordpress\/wp-content\/uploads\/Goldregenpfeifer_20009L_v.jpg\" title=\"Goldregenpfeifer - Bild-Nr. Dieter_20009L\" >\n\t\t\t\t\t\t\t\t\t\t\t\t\t\t\t\t<img decoding=\"async\" width=&quot;158&quot; height=&quot;158&quot; style=\"width:158px; height:158px; border-width: 3px; border-color:#F1F1F1;border: 3px solid #F1F1F1\" alt=\"Goldregenpfeifer\" title=\"Goldregenpfeifer - Bild-Nr. Dieter_20009L\" src=\"https:\/\/woerrlein-naturfoto.de\/wordpress\/wp-content\/uploads\/Goldregenpfeifer_20009L_v-200x200.jpg\" rel=\"https:\/\/woerrlein-naturfoto.de\/wordpress\/wp-content\/uploads\/Goldregenpfeifer_20009L_v.jpg\" \/>\t\t\t\t\t\t\t\t\t\t\t\t\t\t\t<\/a>\n\t\t\t\t\t\t\t\t\t\t\t\t\t\t\t\t\t\t\t\t\t\t\t\t\t\t<\/p>\n\t\t\t\t\t\t\t\t\t\t\t\t\t\t\t\t\t\t\t\t\t\t\t\t\t<div \n\t\t\t\t\t\t\t\t\t\t\t\t\tstyle=\"width:164px;\"\t\t\t\t\t\t\t\t\t\t\t\t\tclass=\"gllr_single_image_text gllr_single_image_text_under\">Goldregenpfeifer - Bild-Nr. Dieter_20009L&nbsp;<\/div>\n\t\t\t\t\t\t\t\t\t\t\t\t\t\t\t\t\t\t\t\t\t\t\t<\/div><!-- .gllr_image_block -->\n\t\t\t\t\t\t\t\t\t\t\t\t\t\t\t\t\t\t\t\t\t<div class=\"gllr_image_block\">\n\t\t\t\t\t\t\t\t\t\t\t\t<p style=\"\n\t\t\t\t\t\t\t\t\t\t\t\twidth:164px;height:164px;\t\t\t\t\t\t\t\t\t\t\t\t\">\n\t\t\t\t\t\t\t\t\t\t\t\t\t\t\t\t\t\t\t\t\t\t\t\t\t\t\t\t<a data-fancybox=\"gallery_fancybox\" href=\"https:\/\/woerrlein-naturfoto.de\/wordpress\/wp-content\/uploads\/Goldregenpfeifer_20216L_v.jpg\" title=\"Goldregenpfeifer - Bild-Nr. Dieter_20216L\" >\n\t\t\t\t\t\t\t\t\t\t\t\t\t\t\t\t<img decoding=\"async\" width=&quot;158&quot; height=&quot;158&quot; style=\"width:158px; height:158px; border-width: 3px; border-color:#F1F1F1;border: 3px solid #F1F1F1\" alt=\"Goldregenpfeifer\" title=\"Goldregenpfeifer - Bild-Nr. Dieter_20216L\" src=\"https:\/\/woerrlein-naturfoto.de\/wordpress\/wp-content\/uploads\/Goldregenpfeifer_20216L_v-200x200.jpg\" rel=\"https:\/\/woerrlein-naturfoto.de\/wordpress\/wp-content\/uploads\/Goldregenpfeifer_20216L_v.jpg\" \/>\t\t\t\t\t\t\t\t\t\t\t\t\t\t\t<\/a>\n\t\t\t\t\t\t\t\t\t\t\t\t\t\t\t\t\t\t\t\t\t\t\t\t\t\t<\/p>\n\t\t\t\t\t\t\t\t\t\t\t\t\t\t\t\t\t\t\t\t\t\t\t\t\t<div \n\t\t\t\t\t\t\t\t\t\t\t\t\tstyle=\"width:164px;\"\t\t\t\t\t\t\t\t\t\t\t\t\tclass=\"gllr_single_image_text gllr_single_image_text_under\">Goldregenpfeifer - Bild-Nr. Dieter_20216L&nbsp;<\/div>\n\t\t\t\t\t\t\t\t\t\t\t\t\t\t\t\t\t\t\t\t\t\t\t<\/div><!-- .gllr_image_block -->\n\t\t\t\t\t\t\t\t\t\t\t\t\t\t\t\t\t\t\t\t\t<div class=\"gllr_image_block\">\n\t\t\t\t\t\t\t\t\t\t\t\t<p style=\"\n\t\t\t\t\t\t\t\t\t\t\t\twidth:164px;height:164px;\t\t\t\t\t\t\t\t\t\t\t\t\">\n\t\t\t\t\t\t\t\t\t\t\t\t\t\t\t\t\t\t\t\t\t\t\t\t\t\t\t\t<a data-fancybox=\"gallery_fancybox\" href=\"https:\/\/woerrlein-naturfoto.de\/wordpress\/wp-content\/uploads\/Goldregenpfeifer_20302L_v.jpg\" title=\"Goldregenpfeifer - Bild-Nr. Dieter_20302L\" >\n\t\t\t\t\t\t\t\t\t\t\t\t\t\t\t\t<img decoding=\"async\" width=&quot;158&quot; height=&quot;158&quot; style=\"width:158px; height:158px; border-width: 3px; border-color:#F1F1F1;border: 3px solid #F1F1F1\" alt=\"Goldregenpfeifer\" title=\"Goldregenpfeifer - Bild-Nr. Dieter_20302L\" src=\"https:\/\/woerrlein-naturfoto.de\/wordpress\/wp-content\/uploads\/Goldregenpfeifer_20302L_v-200x200.jpg\" rel=\"https:\/\/woerrlein-naturfoto.de\/wordpress\/wp-content\/uploads\/Goldregenpfeifer_20302L_v.jpg\" \/>\t\t\t\t\t\t\t\t\t\t\t\t\t\t\t<\/a>\n\t\t\t\t\t\t\t\t\t\t\t\t\t\t\t\t\t\t\t\t\t\t\t\t\t\t<\/p>\n\t\t\t\t\t\t\t\t\t\t\t\t\t\t\t\t\t\t\t\t\t\t\t\t\t<div \n\t\t\t\t\t\t\t\t\t\t\t\t\tstyle=\"width:164px;\"\t\t\t\t\t\t\t\t\t\t\t\t\tclass=\"gllr_single_image_text gllr_single_image_text_under\">Goldregenpfeifer - Bild-Nr. Dieter_20302L&nbsp;<\/div>\n\t\t\t\t\t\t\t\t\t\t\t\t\t\t\t\t\t\t\t\t\t\t\t<\/div><!-- .gllr_image_block -->\n\t\t\t\t\t\t\t\t\t\t\t\t\t\t\t\t\t\t\t\t\t<div class=\"gllr_image_block\">\n\t\t\t\t\t\t\t\t\t\t\t\t<p style=\"\n\t\t\t\t\t\t\t\t\t\t\t\twidth:164px;height:164px;\t\t\t\t\t\t\t\t\t\t\t\t\">\n\t\t\t\t\t\t\t\t\t\t\t\t\t\t\t\t\t\t\t\t\t\t\t\t\t\t\t\t<a data-fancybox=\"gallery_fancybox\" href=\"https:\/\/woerrlein-naturfoto.de\/wordpress\/wp-content\/uploads\/2015\/12\/GrosserBrachvobel_6634La.jpg\" title=\"Gro\u00dfer Brachvogel - Bild-Nr. Dieter_06634L\" >\n\t\t\t\t\t\t\t\t\t\t\t\t\t\t\t\t<img decoding=\"async\" width=&quot;158&quot; height=&quot;158&quot; style=\"width:158px; height:158px; border-width: 3px; border-color:#F1F1F1;border: 3px solid #F1F1F1\" alt=\"Gro\u00dfer Brachvogel\" title=\"Gro\u00dfer Brachvogel - Bild-Nr. Dieter_06634L\" src=\"https:\/\/woerrlein-naturfoto.de\/wordpress\/wp-content\/uploads\/2015\/12\/GrosserBrachvobel_6634La-195x195.jpg\" rel=\"https:\/\/woerrlein-naturfoto.de\/wordpress\/wp-content\/uploads\/2015\/12\/GrosserBrachvobel_6634La.jpg\" \/>\t\t\t\t\t\t\t\t\t\t\t\t\t\t\t<\/a>\n\t\t\t\t\t\t\t\t\t\t\t\t\t\t\t\t\t\t\t\t\t\t\t\t\t\t<\/p>\n\t\t\t\t\t\t\t\t\t\t\t\t\t\t\t\t\t\t\t\t\t\t\t\t\t<div \n\t\t\t\t\t\t\t\t\t\t\t\t\tstyle=\"width:164px;\"\t\t\t\t\t\t\t\t\t\t\t\t\tclass=\"gllr_single_image_text gllr_single_image_text_under\">Gro\u00dfer Brachvogel - Bild-Nr. Dieter_06634L&nbsp;<\/div>\n\t\t\t\t\t\t\t\t\t\t\t\t\t\t\t\t\t\t\t\t\t\t\t<\/div><!-- .gllr_image_block -->\n\t\t\t\t\t\t\t\t\t\t\t\t\t\t\t\t\t\t\t\t\t<div class=\"gllr_image_block\">\n\t\t\t\t\t\t\t\t\t\t\t\t<p style=\"\n\t\t\t\t\t\t\t\t\t\t\t\twidth:164px;height:164px;\t\t\t\t\t\t\t\t\t\t\t\t\">\n\t\t\t\t\t\t\t\t\t\t\t\t\t\t\t\t\t\t\t\t\t\t\t\t\t\t\t\t<a data-fancybox=\"gallery_fancybox\" href=\"https:\/\/woerrlein-naturfoto.de\/wordpress\/wp-content\/uploads\/Kampflaeufer_19859L_v.jpg\" title=\"Kampfl\u00e4ufer - Bild-Nr. Dieter_19859L\" >\n\t\t\t\t\t\t\t\t\t\t\t\t\t\t\t\t<img decoding=\"async\" width=&quot;158&quot; height=&quot;158&quot; style=\"width:158px; height:158px; border-width: 3px; border-color:#F1F1F1;border: 3px solid #F1F1F1\" alt=\"Kampfl\u00e4ufer\" title=\"Kampfl\u00e4ufer - Bild-Nr. Dieter_19859L\" src=\"https:\/\/woerrlein-naturfoto.de\/wordpress\/wp-content\/uploads\/Kampflaeufer_19859L_v-200x200.jpg\" rel=\"https:\/\/woerrlein-naturfoto.de\/wordpress\/wp-content\/uploads\/Kampflaeufer_19859L_v.jpg\" \/>\t\t\t\t\t\t\t\t\t\t\t\t\t\t\t<\/a>\n\t\t\t\t\t\t\t\t\t\t\t\t\t\t\t\t\t\t\t\t\t\t\t\t\t\t<\/p>\n\t\t\t\t\t\t\t\t\t\t\t\t\t\t\t\t\t\t\t\t\t\t\t\t\t<div \n\t\t\t\t\t\t\t\t\t\t\t\t\tstyle=\"width:164px;\"\t\t\t\t\t\t\t\t\t\t\t\t\tclass=\"gllr_single_image_text gllr_single_image_text_under\">Kampfl\u00e4ufer - Bild-Nr. Dieter_19859L&nbsp;<\/div>\n\t\t\t\t\t\t\t\t\t\t\t\t\t\t\t\t\t\t\t\t\t\t\t<\/div><!-- .gllr_image_block -->\n\t\t\t\t\t\t\t\t\t\t\t\t\t\t\t\t\t\t\t\t\t<div class=\"gllr_image_block\">\n\t\t\t\t\t\t\t\t\t\t\t\t<p style=\"\n\t\t\t\t\t\t\t\t\t\t\t\twidth:164px;height:164px;\t\t\t\t\t\t\t\t\t\t\t\t\">\n\t\t\t\t\t\t\t\t\t\t\t\t\t\t\t\t\t\t\t\t\t\t\t\t\t\t\t\t<a data-fancybox=\"gallery_fancybox\" href=\"https:\/\/woerrlein-naturfoto.de\/wordpress\/wp-content\/uploads\/Knutt_19951L_v.jpg\" title=\"Knutt - Bild-Nr. Dieter_19951L\" >\n\t\t\t\t\t\t\t\t\t\t\t\t\t\t\t\t<img decoding=\"async\" width=&quot;158&quot; height=&quot;158&quot; style=\"width:158px; height:158px; border-width: 3px; border-color:#F1F1F1;border: 3px solid #F1F1F1\" alt=\"Knutt\" title=\"Knutt - Bild-Nr. Dieter_19951L\" src=\"https:\/\/woerrlein-naturfoto.de\/wordpress\/wp-content\/uploads\/Knutt_19951L_v-200x200.jpg\" rel=\"https:\/\/woerrlein-naturfoto.de\/wordpress\/wp-content\/uploads\/Knutt_19951L_v.jpg\" \/>\t\t\t\t\t\t\t\t\t\t\t\t\t\t\t<\/a>\n\t\t\t\t\t\t\t\t\t\t\t\t\t\t\t\t\t\t\t\t\t\t\t\t\t\t<\/p>\n\t\t\t\t\t\t\t\t\t\t\t\t\t\t\t\t\t\t\t\t\t\t\t\t\t<div \n\t\t\t\t\t\t\t\t\t\t\t\t\tstyle=\"width:164px;\"\t\t\t\t\t\t\t\t\t\t\t\t\tclass=\"gllr_single_image_text gllr_single_image_text_under\">Knutt - Bild-Nr. Dieter_19951L&nbsp;<\/div>\n\t\t\t\t\t\t\t\t\t\t\t\t\t\t\t\t\t\t\t\t\t\t\t<\/div><!-- .gllr_image_block -->\n\t\t\t\t\t\t\t\t\t\t\t\t\t\t\t\t\t\t\t\t\t<div class=\"gllr_image_block\">\n\t\t\t\t\t\t\t\t\t\t\t\t<p style=\"\n\t\t\t\t\t\t\t\t\t\t\t\twidth:164px;height:164px;\t\t\t\t\t\t\t\t\t\t\t\t\">\n\t\t\t\t\t\t\t\t\t\t\t\t\t\t\t\t\t\t\t\t\t\t\t\t\t\t\t\t<a data-fancybox=\"gallery_fancybox\" href=\"https:\/\/woerrlein-naturfoto.de\/wordpress\/wp-content\/uploads\/Knutt_19982L_v.jpg\" title=\"Knutt - Bild-Nr. Dieter_19982L\" >\n\t\t\t\t\t\t\t\t\t\t\t\t\t\t\t\t<img decoding=\"async\" width=&quot;158&quot; height=&quot;158&quot; style=\"width:158px; height:158px; border-width: 3px; border-color:#F1F1F1;border: 3px solid #F1F1F1\" alt=\"Knutt\" title=\"Knutt - Bild-Nr. Dieter_19982L\" src=\"https:\/\/woerrlein-naturfoto.de\/wordpress\/wp-content\/uploads\/Knutt_19982L_v-200x200.jpg\" rel=\"https:\/\/woerrlein-naturfoto.de\/wordpress\/wp-content\/uploads\/Knutt_19982L_v.jpg\" \/>\t\t\t\t\t\t\t\t\t\t\t\t\t\t\t<\/a>\n\t\t\t\t\t\t\t\t\t\t\t\t\t\t\t\t\t\t\t\t\t\t\t\t\t\t<\/p>\n\t\t\t\t\t\t\t\t\t\t\t\t\t\t\t\t\t\t\t\t\t\t\t\t\t<div \n\t\t\t\t\t\t\t\t\t\t\t\t\tstyle=\"width:164px;\"\t\t\t\t\t\t\t\t\t\t\t\t\tclass=\"gllr_single_image_text gllr_single_image_text_under\">Knutt - Bild-Nr. Dieter_19982L&nbsp;<\/div>\n\t\t\t\t\t\t\t\t\t\t\t\t\t\t\t\t\t\t\t\t\t\t\t<\/div><!-- .gllr_image_block -->\n\t\t\t\t\t\t\t\t\t\t\t\t\t\t\t\t\t\t\t\t\t<div class=\"gllr_image_block\">\n\t\t\t\t\t\t\t\t\t\t\t\t<p style=\"\n\t\t\t\t\t\t\t\t\t\t\t\twidth:164px;height:164px;\t\t\t\t\t\t\t\t\t\t\t\t\">\n\t\t\t\t\t\t\t\t\t\t\t\t\t\t\t\t\t\t\t\t\t\t\t\t\t\t\t\t<a data-fancybox=\"gallery_fancybox\" href=\"https:\/\/woerrlein-naturfoto.de\/wordpress\/wp-content\/uploads\/2015\/02\/Koniakpferde_D190604_0975.jpg\" title=\"Konikpferde - Bild-Nr. Dieter_190604_0975\" >\n\t\t\t\t\t\t\t\t\t\t\t\t\t\t\t\t<img decoding=\"async\" width=&quot;158&quot; height=&quot;158&quot; style=\"width:158px; height:158px; border-width: 3px; border-color:#F1F1F1;border: 3px solid #F1F1F1\" alt=\"Konikpferde\" title=\"Konikpferde - Bild-Nr. Dieter_190604_0975\" src=\"https:\/\/woerrlein-naturfoto.de\/wordpress\/wp-content\/uploads\/2015\/02\/Koniakpferde_D190604_0975-200x200.jpg\" rel=\"https:\/\/woerrlein-naturfoto.de\/wordpress\/wp-content\/uploads\/2015\/02\/Koniakpferde_D190604_0975.jpg\" \/>\t\t\t\t\t\t\t\t\t\t\t\t\t\t\t<\/a>\n\t\t\t\t\t\t\t\t\t\t\t\t\t\t\t\t\t\t\t\t\t\t\t\t\t\t<\/p>\n\t\t\t\t\t\t\t\t\t\t\t\t\t\t\t\t\t\t\t\t\t\t\t\t\t<div \n\t\t\t\t\t\t\t\t\t\t\t\t\tstyle=\"width:164px;\"\t\t\t\t\t\t\t\t\t\t\t\t\tclass=\"gllr_single_image_text gllr_single_image_text_under\">Konikpferde - Bild-Nr. Dieter_190604_0975&nbsp;<\/div>\n\t\t\t\t\t\t\t\t\t\t\t\t\t\t\t\t\t\t\t\t\t\t\t<\/div><!-- .gllr_image_block -->\n\t\t\t\t\t\t\t\t\t\t\t\t\t\t\t\t\t\t\t\t\t<\/div><!-- .gllr_image_row -->\n\t\t\t\t\t\t\t\t\t\t\t\t\t\t\t\t\t\t\t\t\t\t<div class=\"gllr_image_row\">\n\t\t\t\t\t\t\t\t\t\t\t\t\t\t\t\t\t\t\t\t\t<div class=\"gllr_image_block\">\n\t\t\t\t\t\t\t\t\t\t\t\t<p style=\"\n\t\t\t\t\t\t\t\t\t\t\t\twidth:164px;height:164px;\t\t\t\t\t\t\t\t\t\t\t\t\">\n\t\t\t\t\t\t\t\t\t\t\t\t\t\t\t\t\t\t\t\t\t\t\t\t\t\t\t\t<a data-fancybox=\"gallery_fancybox\" href=\"https:\/\/woerrlein-naturfoto.de\/wordpress\/wp-content\/uploads\/2015\/02\/Koniakpferde_de_Slufter_AW16569L_5937x3958.jpg\" title=\"Konikpferde - Bild-Nr. Anke_16569L\" >\n\t\t\t\t\t\t\t\t\t\t\t\t\t\t\t\t<img decoding=\"async\" width=&quot;158&quot; height=&quot;158&quot; style=\"width:158px; height:158px; border-width: 3px; border-color:#F1F1F1;border: 3px solid #F1F1F1\" alt=\"Konikpferde\" title=\"Konikpferde - Bild-Nr. Anke_16569L\" src=\"https:\/\/woerrlein-naturfoto.de\/wordpress\/wp-content\/uploads\/2015\/02\/Koniakpferde_de_Slufter_AW16569L_5937x3958-200x200.jpg\" rel=\"https:\/\/woerrlein-naturfoto.de\/wordpress\/wp-content\/uploads\/2015\/02\/Koniakpferde_de_Slufter_AW16569L_5937x3958.jpg\" \/>\t\t\t\t\t\t\t\t\t\t\t\t\t\t\t<\/a>\n\t\t\t\t\t\t\t\t\t\t\t\t\t\t\t\t\t\t\t\t\t\t\t\t\t\t<\/p>\n\t\t\t\t\t\t\t\t\t\t\t\t\t\t\t\t\t\t\t\t\t\t\t\t\t<div \n\t\t\t\t\t\t\t\t\t\t\t\t\tstyle=\"width:164px;\"\t\t\t\t\t\t\t\t\t\t\t\t\tclass=\"gllr_single_image_text gllr_single_image_text_under\">Konikpferde - Bild-Nr. Anke_16569L&nbsp;<\/div>\n\t\t\t\t\t\t\t\t\t\t\t\t\t\t\t\t\t\t\t\t\t\t\t<\/div><!-- .gllr_image_block -->\n\t\t\t\t\t\t\t\t\t\t\t\t\t\t\t\t\t\t\t\t\t<div class=\"gllr_image_block\">\n\t\t\t\t\t\t\t\t\t\t\t\t<p style=\"\n\t\t\t\t\t\t\t\t\t\t\t\twidth:164px;height:164px;\t\t\t\t\t\t\t\t\t\t\t\t\">\n\t\t\t\t\t\t\t\t\t\t\t\t\t\t\t\t\t\t\t\t\t\t\t\t\t\t\t\t<a data-fancybox=\"gallery_fancybox\" href=\"https:\/\/woerrlein-naturfoto.de\/wordpress\/wp-content\/uploads\/2014\/08\/Kormoran_D190606_1204.jpg\" title=\"Kormoran - Bild-Nr. Dieter_190606_1204\" >\n\t\t\t\t\t\t\t\t\t\t\t\t\t\t\t\t<img decoding=\"async\" width=&quot;158&quot; height=&quot;158&quot; style=\"width:158px; height:158px; border-width: 3px; border-color:#F1F1F1;border: 3px solid #F1F1F1\" alt=\"Kormoran\" title=\"Kormoran - Bild-Nr. Dieter_190606_1204\" src=\"https:\/\/woerrlein-naturfoto.de\/wordpress\/wp-content\/uploads\/2014\/08\/Kormoran_D190606_1204-200x200.jpg\" rel=\"https:\/\/woerrlein-naturfoto.de\/wordpress\/wp-content\/uploads\/2014\/08\/Kormoran_D190606_1204.jpg\" \/>\t\t\t\t\t\t\t\t\t\t\t\t\t\t\t<\/a>\n\t\t\t\t\t\t\t\t\t\t\t\t\t\t\t\t\t\t\t\t\t\t\t\t\t\t<\/p>\n\t\t\t\t\t\t\t\t\t\t\t\t\t\t\t\t\t\t\t\t\t\t\t\t\t<div \n\t\t\t\t\t\t\t\t\t\t\t\t\tstyle=\"width:164px;\"\t\t\t\t\t\t\t\t\t\t\t\t\tclass=\"gllr_single_image_text gllr_single_image_text_under\">Kormoran - Bild-Nr. Dieter_190606_1204&nbsp;<\/div>\n\t\t\t\t\t\t\t\t\t\t\t\t\t\t\t\t\t\t\t\t\t\t\t<\/div><!-- .gllr_image_block -->\n\t\t\t\t\t\t\t\t\t\t\t\t\t\t\t\t\t\t\t\t\t<div class=\"gllr_image_block\">\n\t\t\t\t\t\t\t\t\t\t\t\t<p style=\"\n\t\t\t\t\t\t\t\t\t\t\t\twidth:164px;height:164px;\t\t\t\t\t\t\t\t\t\t\t\t\">\n\t\t\t\t\t\t\t\t\t\t\t\t\t\t\t\t\t\t\t\t\t\t\t\t\t\t\t\t<a data-fancybox=\"gallery_fancybox\" href=\"https:\/\/woerrlein-naturfoto.de\/wordpress\/wp-content\/uploads\/2014\/12\/Kornweihe_AW16939L_5161x3441.jpg\" title=\"Kornweihe - Bild-Nr. Anke_16939L\" >\n\t\t\t\t\t\t\t\t\t\t\t\t\t\t\t\t<img decoding=\"async\" width=&quot;158&quot; height=&quot;158&quot; style=\"width:158px; height:158px; border-width: 3px; border-color:#F1F1F1;border: 3px solid #F1F1F1\" alt=\"Kornweihe\" title=\"Kornweihe - Bild-Nr. Anke_16939L\" src=\"https:\/\/woerrlein-naturfoto.de\/wordpress\/wp-content\/uploads\/2014\/12\/Kornweihe_AW16939L_5161x3441-200x200.jpg\" rel=\"https:\/\/woerrlein-naturfoto.de\/wordpress\/wp-content\/uploads\/2014\/12\/Kornweihe_AW16939L_5161x3441.jpg\" \/>\t\t\t\t\t\t\t\t\t\t\t\t\t\t\t<\/a>\n\t\t\t\t\t\t\t\t\t\t\t\t\t\t\t\t\t\t\t\t\t\t\t\t\t\t<\/p>\n\t\t\t\t\t\t\t\t\t\t\t\t\t\t\t\t\t\t\t\t\t\t\t\t\t<div \n\t\t\t\t\t\t\t\t\t\t\t\t\tstyle=\"width:164px;\"\t\t\t\t\t\t\t\t\t\t\t\t\tclass=\"gllr_single_image_text gllr_single_image_text_under\">Kornweihe - Bild-Nr. Anke_16939L&nbsp;<\/div>\n\t\t\t\t\t\t\t\t\t\t\t\t\t\t\t\t\t\t\t\t\t\t\t<\/div><!-- .gllr_image_block -->\n\t\t\t\t\t\t\t\t\t\t\t\t\t\t\t\t\t\t\t\t\t<div class=\"gllr_image_block\">\n\t\t\t\t\t\t\t\t\t\t\t\t<p style=\"\n\t\t\t\t\t\t\t\t\t\t\t\twidth:164px;height:164px;\t\t\t\t\t\t\t\t\t\t\t\t\">\n\t\t\t\t\t\t\t\t\t\t\t\t\t\t\t\t\t\t\t\t\t\t\t\t\t\t\t\t<a data-fancybox=\"gallery_fancybox\" href=\"https:\/\/woerrlein-naturfoto.de\/wordpress\/wp-content\/uploads\/Lachmoewe_33679L_v.jpg\" title=\"Lachm\u00f6we - Bild-Nr. Dieter_33679L\" >\n\t\t\t\t\t\t\t\t\t\t\t\t\t\t\t\t<img decoding=\"async\" width=&quot;158&quot; height=&quot;158&quot; style=\"width:158px; height:158px; border-width: 3px; border-color:#F1F1F1;border: 3px solid #F1F1F1\" alt=\"Lachm\u00f6we\" title=\"Lachm\u00f6we - Bild-Nr. Dieter_33679L\" src=\"https:\/\/woerrlein-naturfoto.de\/wordpress\/wp-content\/uploads\/Lachmoewe_33679L_v-200x200.jpg\" rel=\"https:\/\/woerrlein-naturfoto.de\/wordpress\/wp-content\/uploads\/Lachmoewe_33679L_v.jpg\" \/>\t\t\t\t\t\t\t\t\t\t\t\t\t\t\t<\/a>\n\t\t\t\t\t\t\t\t\t\t\t\t\t\t\t\t\t\t\t\t\t\t\t\t\t\t<\/p>\n\t\t\t\t\t\t\t\t\t\t\t\t\t\t\t\t\t\t\t\t\t\t\t\t\t<div \n\t\t\t\t\t\t\t\t\t\t\t\t\tstyle=\"width:164px;\"\t\t\t\t\t\t\t\t\t\t\t\t\tclass=\"gllr_single_image_text gllr_single_image_text_under\">Lachm\u00f6we - Bild-Nr. Dieter_33679L&nbsp;<\/div>\n\t\t\t\t\t\t\t\t\t\t\t\t\t\t\t\t\t\t\t\t\t\t\t<\/div><!-- .gllr_image_block -->\n\t\t\t\t\t\t\t\t\t\t\t\t\t\t\t\t\t\t\t\t\t<div class=\"gllr_image_block\">\n\t\t\t\t\t\t\t\t\t\t\t\t<p style=\"\n\t\t\t\t\t\t\t\t\t\t\t\twidth:164px;height:164px;\t\t\t\t\t\t\t\t\t\t\t\t\">\n\t\t\t\t\t\t\t\t\t\t\t\t\t\t\t\t\t\t\t\t\t\t\t\t\t\t\t\t<a data-fancybox=\"gallery_fancybox\" href=\"https:\/\/woerrlein-naturfoto.de\/wordpress\/wp-content\/uploads\/2014\/12\/Loeffler_D190606_1061.jpg\" title=\"L\u00f6ffler - Bild-Nr. Dieter_190606_1061\" >\n\t\t\t\t\t\t\t\t\t\t\t\t\t\t\t\t<img decoding=\"async\" width=&quot;158&quot; height=&quot;158&quot; style=\"width:158px; height:158px; border-width: 3px; border-color:#F1F1F1;border: 3px solid #F1F1F1\" alt=\"L\u00f6ffler\" title=\"L\u00f6ffler - Bild-Nr. Dieter_190606_1061\" src=\"https:\/\/woerrlein-naturfoto.de\/wordpress\/wp-content\/uploads\/2014\/12\/Loeffler_D190606_1061-200x200.jpg\" rel=\"https:\/\/woerrlein-naturfoto.de\/wordpress\/wp-content\/uploads\/2014\/12\/Loeffler_D190606_1061.jpg\" \/>\t\t\t\t\t\t\t\t\t\t\t\t\t\t\t<\/a>\n\t\t\t\t\t\t\t\t\t\t\t\t\t\t\t\t\t\t\t\t\t\t\t\t\t\t<\/p>\n\t\t\t\t\t\t\t\t\t\t\t\t\t\t\t\t\t\t\t\t\t\t\t\t\t<div \n\t\t\t\t\t\t\t\t\t\t\t\t\tstyle=\"width:164px;\"\t\t\t\t\t\t\t\t\t\t\t\t\tclass=\"gllr_single_image_text gllr_single_image_text_under\">L\u00f6ffler - Bild-Nr. Dieter_190606_1061&nbsp;<\/div>\n\t\t\t\t\t\t\t\t\t\t\t\t\t\t\t\t\t\t\t\t\t\t\t<\/div><!-- .gllr_image_block -->\n\t\t\t\t\t\t\t\t\t\t\t\t\t\t\t\t\t\t\t\t\t<div class=\"gllr_image_block\">\n\t\t\t\t\t\t\t\t\t\t\t\t<p style=\"\n\t\t\t\t\t\t\t\t\t\t\t\twidth:164px;height:164px;\t\t\t\t\t\t\t\t\t\t\t\t\">\n\t\t\t\t\t\t\t\t\t\t\t\t\t\t\t\t\t\t\t\t\t\t\t\t\t\t\t\t<a data-fancybox=\"gallery_fancybox\" href=\"https:\/\/woerrlein-naturfoto.de\/wordpress\/wp-content\/uploads\/2014\/12\/Loeffler_D190606_1113.jpg\" title=\"L\u00f6ffler - Bild-Nr. Dieter_190606_1113\" >\n\t\t\t\t\t\t\t\t\t\t\t\t\t\t\t\t<img decoding=\"async\" width=&quot;158&quot; height=&quot;158&quot; style=\"width:158px; height:158px; border-width: 3px; border-color:#F1F1F1;border: 3px solid #F1F1F1\" alt=\"L\u00f6ffler\" title=\"L\u00f6ffler - Bild-Nr. Dieter_190606_1113\" src=\"https:\/\/woerrlein-naturfoto.de\/wordpress\/wp-content\/uploads\/2014\/12\/Loeffler_D190606_1113-200x200.jpg\" rel=\"https:\/\/woerrlein-naturfoto.de\/wordpress\/wp-content\/uploads\/2014\/12\/Loeffler_D190606_1113.jpg\" \/>\t\t\t\t\t\t\t\t\t\t\t\t\t\t\t<\/a>\n\t\t\t\t\t\t\t\t\t\t\t\t\t\t\t\t\t\t\t\t\t\t\t\t\t\t<\/p>\n\t\t\t\t\t\t\t\t\t\t\t\t\t\t\t\t\t\t\t\t\t\t\t\t\t<div \n\t\t\t\t\t\t\t\t\t\t\t\t\tstyle=\"width:164px;\"\t\t\t\t\t\t\t\t\t\t\t\t\tclass=\"gllr_single_image_text gllr_single_image_text_under\">L\u00f6ffler - Bild-Nr. Dieter_190606_1113&nbsp;<\/div>\n\t\t\t\t\t\t\t\t\t\t\t\t\t\t\t\t\t\t\t\t\t\t\t<\/div><!-- .gllr_image_block -->\n\t\t\t\t\t\t\t\t\t\t\t\t\t\t\t\t\t\t\t\t\t<div class=\"gllr_image_block\">\n\t\t\t\t\t\t\t\t\t\t\t\t<p style=\"\n\t\t\t\t\t\t\t\t\t\t\t\twidth:164px;height:164px;\t\t\t\t\t\t\t\t\t\t\t\t\">\n\t\t\t\t\t\t\t\t\t\t\t\t\t\t\t\t\t\t\t\t\t\t\t\t\t\t\t\t<a data-fancybox=\"gallery_fancybox\" href=\"https:\/\/woerrlein-naturfoto.de\/wordpress\/wp-content\/uploads\/2014\/12\/Loeffler_D190606_1116.jpg\" title=\"L\u00f6ffler - Bild-Nr. Dieter_190606_1116\" >\n\t\t\t\t\t\t\t\t\t\t\t\t\t\t\t\t<img decoding=\"async\" width=&quot;158&quot; height=&quot;158&quot; style=\"width:158px; height:158px; border-width: 3px; border-color:#F1F1F1;border: 3px solid #F1F1F1\" alt=\"L\u00f6ffler\" title=\"L\u00f6ffler - Bild-Nr. Dieter_190606_1116\" src=\"https:\/\/woerrlein-naturfoto.de\/wordpress\/wp-content\/uploads\/2014\/12\/Loeffler_D190606_1116-200x200.jpg\" rel=\"https:\/\/woerrlein-naturfoto.de\/wordpress\/wp-content\/uploads\/2014\/12\/Loeffler_D190606_1116.jpg\" \/>\t\t\t\t\t\t\t\t\t\t\t\t\t\t\t<\/a>\n\t\t\t\t\t\t\t\t\t\t\t\t\t\t\t\t\t\t\t\t\t\t\t\t\t\t<\/p>\n\t\t\t\t\t\t\t\t\t\t\t\t\t\t\t\t\t\t\t\t\t\t\t\t\t<div \n\t\t\t\t\t\t\t\t\t\t\t\t\tstyle=\"width:164px;\"\t\t\t\t\t\t\t\t\t\t\t\t\tclass=\"gllr_single_image_text gllr_single_image_text_under\">L\u00f6ffler - Bild-Nr. Dieter_190606_1116&nbsp;<\/div>\n\t\t\t\t\t\t\t\t\t\t\t\t\t\t\t\t\t\t\t\t\t\t\t<\/div><!-- .gllr_image_block -->\n\t\t\t\t\t\t\t\t\t\t\t\t\t\t\t\t\t\t\t\t\t<div class=\"gllr_image_block\">\n\t\t\t\t\t\t\t\t\t\t\t\t<p style=\"\n\t\t\t\t\t\t\t\t\t\t\t\twidth:164px;height:164px;\t\t\t\t\t\t\t\t\t\t\t\t\">\n\t\t\t\t\t\t\t\t\t\t\t\t\t\t\t\t\t\t\t\t\t\t\t\t\t\t\t\t<a data-fancybox=\"gallery_fancybox\" href=\"https:\/\/woerrlein-naturfoto.de\/wordpress\/wp-content\/uploads\/2014\/12\/Loeffler_D190606_1155.jpg\" title=\"L\u00f6ffler - Bild-Nr. Dieter_190606_1155\" >\n\t\t\t\t\t\t\t\t\t\t\t\t\t\t\t\t<img decoding=\"async\" width=&quot;158&quot; height=&quot;158&quot; style=\"width:158px; height:158px; border-width: 3px; border-color:#F1F1F1;border: 3px solid #F1F1F1\" alt=\"L\u00f6ffler\" title=\"L\u00f6ffler - Bild-Nr. Dieter_190606_1155\" src=\"https:\/\/woerrlein-naturfoto.de\/wordpress\/wp-content\/uploads\/2014\/12\/Loeffler_D190606_1155-200x200.jpg\" rel=\"https:\/\/woerrlein-naturfoto.de\/wordpress\/wp-content\/uploads\/2014\/12\/Loeffler_D190606_1155.jpg\" \/>\t\t\t\t\t\t\t\t\t\t\t\t\t\t\t<\/a>\n\t\t\t\t\t\t\t\t\t\t\t\t\t\t\t\t\t\t\t\t\t\t\t\t\t\t<\/p>\n\t\t\t\t\t\t\t\t\t\t\t\t\t\t\t\t\t\t\t\t\t\t\t\t\t<div \n\t\t\t\t\t\t\t\t\t\t\t\t\tstyle=\"width:164px;\"\t\t\t\t\t\t\t\t\t\t\t\t\tclass=\"gllr_single_image_text gllr_single_image_text_under\">L\u00f6ffler - Bild-Nr. Dieter_190606_1155&nbsp;<\/div>\n\t\t\t\t\t\t\t\t\t\t\t\t\t\t\t\t\t\t\t\t\t\t\t<\/div><!-- .gllr_image_block -->\n\t\t\t\t\t\t\t\t\t\t\t\t\t\t\t\t\t\t\t\t\t<\/div><!-- .gllr_image_row -->\n\t\t\t\t\t\t\t\t\t\t\t\t\t\t\t\t\t\t\t\t\t\t<div class=\"gllr_image_row\">\n\t\t\t\t\t\t\t\t\t\t\t\t\t\t\t\t\t\t\t\t\t<div class=\"gllr_image_block\">\n\t\t\t\t\t\t\t\t\t\t\t\t<p style=\"\n\t\t\t\t\t\t\t\t\t\t\t\twidth:164px;height:164px;\t\t\t\t\t\t\t\t\t\t\t\t\">\n\t\t\t\t\t\t\t\t\t\t\t\t\t\t\t\t\t\t\t\t\t\t\t\t\t\t\t\t<a data-fancybox=\"gallery_fancybox\" href=\"https:\/\/woerrlein-naturfoto.de\/wordpress\/wp-content\/uploads\/2014\/12\/Loeffler_D190606_1160.jpg\" title=\"L\u00f6ffler - Bild-Nr. Dieter_190606_1160\" >\n\t\t\t\t\t\t\t\t\t\t\t\t\t\t\t\t<img decoding=\"async\" width=&quot;158&quot; height=&quot;158&quot; style=\"width:158px; height:158px; border-width: 3px; border-color:#F1F1F1;border: 3px solid #F1F1F1\" alt=\"L\u00f6ffler\" title=\"L\u00f6ffler - Bild-Nr. Dieter_190606_1160\" src=\"https:\/\/woerrlein-naturfoto.de\/wordpress\/wp-content\/uploads\/2014\/12\/Loeffler_D190606_1160-200x200.jpg\" rel=\"https:\/\/woerrlein-naturfoto.de\/wordpress\/wp-content\/uploads\/2014\/12\/Loeffler_D190606_1160.jpg\" \/>\t\t\t\t\t\t\t\t\t\t\t\t\t\t\t<\/a>\n\t\t\t\t\t\t\t\t\t\t\t\t\t\t\t\t\t\t\t\t\t\t\t\t\t\t<\/p>\n\t\t\t\t\t\t\t\t\t\t\t\t\t\t\t\t\t\t\t\t\t\t\t\t\t<div \n\t\t\t\t\t\t\t\t\t\t\t\t\tstyle=\"width:164px;\"\t\t\t\t\t\t\t\t\t\t\t\t\tclass=\"gllr_single_image_text gllr_single_image_text_under\">L\u00f6ffler - Bild-Nr. Dieter_190606_1160&nbsp;<\/div>\n\t\t\t\t\t\t\t\t\t\t\t\t\t\t\t\t\t\t\t\t\t\t\t<\/div><!-- .gllr_image_block -->\n\t\t\t\t\t\t\t\t\t\t\t\t\t\t\t\t\t\t\t\t\t<div class=\"gllr_image_block\">\n\t\t\t\t\t\t\t\t\t\t\t\t<p style=\"\n\t\t\t\t\t\t\t\t\t\t\t\twidth:164px;height:164px;\t\t\t\t\t\t\t\t\t\t\t\t\">\n\t\t\t\t\t\t\t\t\t\t\t\t\t\t\t\t\t\t\t\t\t\t\t\t\t\t\t\t<a data-fancybox=\"gallery_fancybox\" href=\"https:\/\/woerrlein-naturfoto.de\/wordpress\/wp-content\/uploads\/Loeffler_34317L_v.jpg\" title=\"L\u00f6ffler - Bild-Nr. Dieter_34317L\" >\n\t\t\t\t\t\t\t\t\t\t\t\t\t\t\t\t<img decoding=\"async\" width=&quot;158&quot; height=&quot;158&quot; style=\"width:158px; height:158px; border-width: 3px; border-color:#F1F1F1;border: 3px solid #F1F1F1\" alt=\"L\u00f6ffler\" title=\"L\u00f6ffler - Bild-Nr. Dieter_34317L\" src=\"https:\/\/woerrlein-naturfoto.de\/wordpress\/wp-content\/uploads\/Loeffler_34317L_v-200x200.jpg\" rel=\"https:\/\/woerrlein-naturfoto.de\/wordpress\/wp-content\/uploads\/Loeffler_34317L_v.jpg\" \/>\t\t\t\t\t\t\t\t\t\t\t\t\t\t\t<\/a>\n\t\t\t\t\t\t\t\t\t\t\t\t\t\t\t\t\t\t\t\t\t\t\t\t\t\t<\/p>\n\t\t\t\t\t\t\t\t\t\t\t\t\t\t\t\t\t\t\t\t\t\t\t\t\t<div \n\t\t\t\t\t\t\t\t\t\t\t\t\tstyle=\"width:164px;\"\t\t\t\t\t\t\t\t\t\t\t\t\tclass=\"gllr_single_image_text gllr_single_image_text_under\">L\u00f6ffler - Bild-Nr. Dieter_34317L&nbsp;<\/div>\n\t\t\t\t\t\t\t\t\t\t\t\t\t\t\t\t\t\t\t\t\t\t\t<\/div><!-- .gllr_image_block -->\n\t\t\t\t\t\t\t\t\t\t\t\t\t\t\t\t\t\t\t\t\t<div class=\"gllr_image_block\">\n\t\t\t\t\t\t\t\t\t\t\t\t<p style=\"\n\t\t\t\t\t\t\t\t\t\t\t\twidth:164px;height:164px;\t\t\t\t\t\t\t\t\t\t\t\t\">\n\t\t\t\t\t\t\t\t\t\t\t\t\t\t\t\t\t\t\t\t\t\t\t\t\t\t\t\t<a data-fancybox=\"gallery_fancybox\" href=\"https:\/\/woerrlein-naturfoto.de\/wordpress\/wp-content\/uploads\/2014\/12\/Loeffler_AW16857L_3816x2544.jpg\" title=\"L\u00f6ffler - Bild-Nr. Anke_16857L\" >\n\t\t\t\t\t\t\t\t\t\t\t\t\t\t\t\t<img decoding=\"async\" width=&quot;158&quot; height=&quot;158&quot; style=\"width:158px; height:158px; border-width: 3px; border-color:#F1F1F1;border: 3px solid #F1F1F1\" alt=\"L\u00f6ffler\" title=\"L\u00f6ffler - Bild-Nr. Anke_16857L\" src=\"https:\/\/woerrlein-naturfoto.de\/wordpress\/wp-content\/uploads\/2014\/12\/Loeffler_AW16857L_3816x2544-200x200.jpg\" rel=\"https:\/\/woerrlein-naturfoto.de\/wordpress\/wp-content\/uploads\/2014\/12\/Loeffler_AW16857L_3816x2544.jpg\" \/>\t\t\t\t\t\t\t\t\t\t\t\t\t\t\t<\/a>\n\t\t\t\t\t\t\t\t\t\t\t\t\t\t\t\t\t\t\t\t\t\t\t\t\t\t<\/p>\n\t\t\t\t\t\t\t\t\t\t\t\t\t\t\t\t\t\t\t\t\t\t\t\t\t<div \n\t\t\t\t\t\t\t\t\t\t\t\t\tstyle=\"width:164px;\"\t\t\t\t\t\t\t\t\t\t\t\t\tclass=\"gllr_single_image_text gllr_single_image_text_under\">L\u00f6ffler - Bild-Nr. Anke_16857L&nbsp;<\/div>\n\t\t\t\t\t\t\t\t\t\t\t\t\t\t\t\t\t\t\t\t\t\t\t<\/div><!-- .gllr_image_block -->\n\t\t\t\t\t\t\t\t\t\t\t\t\t\t\t\t\t\t\t\t\t<div class=\"gllr_image_block\">\n\t\t\t\t\t\t\t\t\t\t\t\t<p style=\"\n\t\t\t\t\t\t\t\t\t\t\t\twidth:164px;height:164px;\t\t\t\t\t\t\t\t\t\t\t\t\">\n\t\t\t\t\t\t\t\t\t\t\t\t\t\t\t\t\t\t\t\t\t\t\t\t\t\t\t\t<a data-fancybox=\"gallery_fancybox\" href=\"https:\/\/woerrlein-naturfoto.de\/wordpress\/wp-content\/uploads\/2014\/12\/Loeffler_AW16882_6069x4046.jpg\" title=\"L\u00f6ffler - Bild-Nr. Anke_16882L\" >\n\t\t\t\t\t\t\t\t\t\t\t\t\t\t\t\t<img decoding=\"async\" width=&quot;158&quot; height=&quot;158&quot; style=\"width:158px; height:158px; border-width: 3px; border-color:#F1F1F1;border: 3px solid #F1F1F1\" alt=\"L\u00f6ffler\" title=\"L\u00f6ffler - Bild-Nr. Anke_16882L\" src=\"https:\/\/woerrlein-naturfoto.de\/wordpress\/wp-content\/uploads\/2014\/12\/Loeffler_AW16882_6069x4046-200x200.jpg\" rel=\"https:\/\/woerrlein-naturfoto.de\/wordpress\/wp-content\/uploads\/2014\/12\/Loeffler_AW16882_6069x4046.jpg\" \/>\t\t\t\t\t\t\t\t\t\t\t\t\t\t\t<\/a>\n\t\t\t\t\t\t\t\t\t\t\t\t\t\t\t\t\t\t\t\t\t\t\t\t\t\t<\/p>\n\t\t\t\t\t\t\t\t\t\t\t\t\t\t\t\t\t\t\t\t\t\t\t\t\t<div \n\t\t\t\t\t\t\t\t\t\t\t\t\tstyle=\"width:164px;\"\t\t\t\t\t\t\t\t\t\t\t\t\tclass=\"gllr_single_image_text gllr_single_image_text_under\">L\u00f6ffler - Bild-Nr. Anke_16882L&nbsp;<\/div>\n\t\t\t\t\t\t\t\t\t\t\t\t\t\t\t\t\t\t\t\t\t\t\t<\/div><!-- .gllr_image_block -->\n\t\t\t\t\t\t\t\t\t\t\t\t\t\t\t\t\t\t\t\t\t<div class=\"gllr_image_block\">\n\t\t\t\t\t\t\t\t\t\t\t\t<p style=\"\n\t\t\t\t\t\t\t\t\t\t\t\twidth:164px;height:164px;\t\t\t\t\t\t\t\t\t\t\t\t\">\n\t\t\t\t\t\t\t\t\t\t\t\t\t\t\t\t\t\t\t\t\t\t\t\t\t\t\t\t<a data-fancybox=\"gallery_fancybox\" href=\"https:\/\/woerrlein-naturfoto.de\/wordpress\/wp-content\/uploads\/2014\/12\/Nielgans_D20190602_0455.jpg\" title=\"Nilgans - Bild-Nr. Dieter_190602_0455\" >\n\t\t\t\t\t\t\t\t\t\t\t\t\t\t\t\t<img decoding=\"async\" width=&quot;158&quot; height=&quot;158&quot; style=\"width:158px; height:158px; border-width: 3px; border-color:#F1F1F1;border: 3px solid #F1F1F1\" alt=\"Nilgans\" title=\"Nilgans - Bild-Nr. Dieter_190602_0455\" src=\"https:\/\/woerrlein-naturfoto.de\/wordpress\/wp-content\/uploads\/2014\/12\/Nielgans_D20190602_0455-200x200.jpg\" rel=\"https:\/\/woerrlein-naturfoto.de\/wordpress\/wp-content\/uploads\/2014\/12\/Nielgans_D20190602_0455.jpg\" \/>\t\t\t\t\t\t\t\t\t\t\t\t\t\t\t<\/a>\n\t\t\t\t\t\t\t\t\t\t\t\t\t\t\t\t\t\t\t\t\t\t\t\t\t\t<\/p>\n\t\t\t\t\t\t\t\t\t\t\t\t\t\t\t\t\t\t\t\t\t\t\t\t\t<div \n\t\t\t\t\t\t\t\t\t\t\t\t\tstyle=\"width:164px;\"\t\t\t\t\t\t\t\t\t\t\t\t\tclass=\"gllr_single_image_text gllr_single_image_text_under\">Nilgans - Bild-Nr. Dieter_190602_0455&nbsp;<\/div>\n\t\t\t\t\t\t\t\t\t\t\t\t\t\t\t\t\t\t\t\t\t\t\t<\/div><!-- .gllr_image_block -->\n\t\t\t\t\t\t\t\t\t\t\t\t\t\t\t\t\t\t\t\t\t<div class=\"gllr_image_block\">\n\t\t\t\t\t\t\t\t\t\t\t\t<p style=\"\n\t\t\t\t\t\t\t\t\t\t\t\twidth:164px;height:164px;\t\t\t\t\t\t\t\t\t\t\t\t\">\n\t\t\t\t\t\t\t\t\t\t\t\t\t\t\t\t\t\t\t\t\t\t\t\t\t\t\t\t<a data-fancybox=\"gallery_fancybox\" href=\"https:\/\/woerrlein-naturfoto.de\/wordpress\/wp-content\/uploads\/2014\/08\/Pfuhlschnepfe_6278La.jpg\" title=\"Pfuhlschnepfe - Bild-Nr. Dieter_06278La\" >\n\t\t\t\t\t\t\t\t\t\t\t\t\t\t\t\t<img decoding=\"async\" width=&quot;158&quot; height=&quot;158&quot; style=\"width:158px; height:158px; border-width: 3px; border-color:#F1F1F1;border: 3px solid #F1F1F1\" alt=\"Pfuhlschnepfe\" title=\"Pfuhlschnepfe - Bild-Nr. Dieter_06278La\" src=\"https:\/\/woerrlein-naturfoto.de\/wordpress\/wp-content\/uploads\/2014\/08\/Pfuhlschnepfe_6278La-195x195.jpg\" rel=\"https:\/\/woerrlein-naturfoto.de\/wordpress\/wp-content\/uploads\/2014\/08\/Pfuhlschnepfe_6278La.jpg\" \/>\t\t\t\t\t\t\t\t\t\t\t\t\t\t\t<\/a>\n\t\t\t\t\t\t\t\t\t\t\t\t\t\t\t\t\t\t\t\t\t\t\t\t\t\t<\/p>\n\t\t\t\t\t\t\t\t\t\t\t\t\t\t\t\t\t\t\t\t\t\t\t\t\t<div \n\t\t\t\t\t\t\t\t\t\t\t\t\tstyle=\"width:164px;\"\t\t\t\t\t\t\t\t\t\t\t\t\tclass=\"gllr_single_image_text gllr_single_image_text_under\">Pfuhlschnepfe - Bild-Nr. Dieter_06278La&nbsp;<\/div>\n\t\t\t\t\t\t\t\t\t\t\t\t\t\t\t\t\t\t\t\t\t\t\t<\/div><!-- .gllr_image_block -->\n\t\t\t\t\t\t\t\t\t\t\t\t\t\t\t\t\t\t\t\t\t<div class=\"gllr_image_block\">\n\t\t\t\t\t\t\t\t\t\t\t\t<p style=\"\n\t\t\t\t\t\t\t\t\t\t\t\twidth:164px;height:164px;\t\t\t\t\t\t\t\t\t\t\t\t\">\n\t\t\t\t\t\t\t\t\t\t\t\t\t\t\t\t\t\t\t\t\t\t\t\t\t\t\t\t<a data-fancybox=\"gallery_fancybox\" href=\"https:\/\/woerrlein-naturfoto.de\/wordpress\/wp-content\/uploads\/2014\/08\/Pfuhlschnepfe_6292L.jpg\" title=\"Pfuhlschnepfe - Bild-Nr. Dieter_06292L\" >\n\t\t\t\t\t\t\t\t\t\t\t\t\t\t\t\t<img decoding=\"async\" width=&quot;158&quot; height=&quot;158&quot; style=\"width:158px; height:158px; border-width: 3px; border-color:#F1F1F1;border: 3px solid #F1F1F1\" alt=\"Pfuhlschnepfe\" title=\"Pfuhlschnepfe - Bild-Nr. Dieter_06292L\" src=\"https:\/\/woerrlein-naturfoto.de\/wordpress\/wp-content\/uploads\/2014\/08\/Pfuhlschnepfe_6292L-195x195.jpg\" rel=\"https:\/\/woerrlein-naturfoto.de\/wordpress\/wp-content\/uploads\/2014\/08\/Pfuhlschnepfe_6292L.jpg\" \/>\t\t\t\t\t\t\t\t\t\t\t\t\t\t\t<\/a>\n\t\t\t\t\t\t\t\t\t\t\t\t\t\t\t\t\t\t\t\t\t\t\t\t\t\t<\/p>\n\t\t\t\t\t\t\t\t\t\t\t\t\t\t\t\t\t\t\t\t\t\t\t\t\t<div \n\t\t\t\t\t\t\t\t\t\t\t\t\tstyle=\"width:164px;\"\t\t\t\t\t\t\t\t\t\t\t\t\tclass=\"gllr_single_image_text gllr_single_image_text_under\">Pfuhlschnepfe - Bild-Nr. Dieter_06292L&nbsp;<\/div>\n\t\t\t\t\t\t\t\t\t\t\t\t\t\t\t\t\t\t\t\t\t\t\t<\/div><!-- .gllr_image_block -->\n\t\t\t\t\t\t\t\t\t\t\t\t\t\t\t\t\t\t\t\t\t<div class=\"gllr_image_block\">\n\t\t\t\t\t\t\t\t\t\t\t\t<p style=\"\n\t\t\t\t\t\t\t\t\t\t\t\twidth:164px;height:164px;\t\t\t\t\t\t\t\t\t\t\t\t\">\n\t\t\t\t\t\t\t\t\t\t\t\t\t\t\t\t\t\t\t\t\t\t\t\t\t\t\t\t<a data-fancybox=\"gallery_fancybox\" href=\"https:\/\/woerrlein-naturfoto.de\/wordpress\/wp-content\/uploads\/2014\/12\/Ringelgans_6345L.jpg\" title=\"Ringelgans - Bild-Nr. Dieter_06345L\" >\n\t\t\t\t\t\t\t\t\t\t\t\t\t\t\t\t<img decoding=\"async\" width=&quot;158&quot; height=&quot;158&quot; style=\"width:158px; height:158px; border-width: 3px; border-color:#F1F1F1;border: 3px solid #F1F1F1\" alt=\"Ringelgans\" title=\"Ringelgans - Bild-Nr. Dieter_06345L\" src=\"https:\/\/woerrlein-naturfoto.de\/wordpress\/wp-content\/uploads\/2014\/12\/Ringelgans_6345L-195x195.jpg\" rel=\"https:\/\/woerrlein-naturfoto.de\/wordpress\/wp-content\/uploads\/2014\/12\/Ringelgans_6345L.jpg\" \/>\t\t\t\t\t\t\t\t\t\t\t\t\t\t\t<\/a>\n\t\t\t\t\t\t\t\t\t\t\t\t\t\t\t\t\t\t\t\t\t\t\t\t\t\t<\/p>\n\t\t\t\t\t\t\t\t\t\t\t\t\t\t\t\t\t\t\t\t\t\t\t\t\t<div \n\t\t\t\t\t\t\t\t\t\t\t\t\tstyle=\"width:164px;\"\t\t\t\t\t\t\t\t\t\t\t\t\tclass=\"gllr_single_image_text gllr_single_image_text_under\">Ringelgans - Bild-Nr. Dieter_06345L&nbsp;<\/div>\n\t\t\t\t\t\t\t\t\t\t\t\t\t\t\t\t\t\t\t\t\t\t\t<\/div><!-- .gllr_image_block -->\n\t\t\t\t\t\t\t\t\t\t\t\t\t\t\t\t\t\t\t\t\t<\/div><!-- .gllr_image_row -->\n\t\t\t\t\t\t\t\t\t\t\t\t\t\t\t\t\t\t\t\t\t\t<div class=\"gllr_image_row\">\n\t\t\t\t\t\t\t\t\t\t\t\t\t\t\t\t\t\t\t\t\t<div class=\"gllr_image_block\">\n\t\t\t\t\t\t\t\t\t\t\t\t<p style=\"\n\t\t\t\t\t\t\t\t\t\t\t\twidth:164px;height:164px;\t\t\t\t\t\t\t\t\t\t\t\t\">\n\t\t\t\t\t\t\t\t\t\t\t\t\t\t\t\t\t\t\t\t\t\t\t\t\t\t\t\t<a data-fancybox=\"gallery_fancybox\" href=\"https:\/\/woerrlein-naturfoto.de\/wordpress\/wp-content\/uploads\/Ringelgans_34054L_v.jpg\" title=\"Ringelgans - Bild-Nr. Dieter_34054L\" >\n\t\t\t\t\t\t\t\t\t\t\t\t\t\t\t\t<img decoding=\"async\" width=&quot;158&quot; height=&quot;158&quot; style=\"width:158px; height:158px; border-width: 3px; border-color:#F1F1F1;border: 3px solid #F1F1F1\" alt=\"Ringelgans\" title=\"Ringelgans - Bild-Nr. Dieter_34054L\" src=\"https:\/\/woerrlein-naturfoto.de\/wordpress\/wp-content\/uploads\/Ringelgans_34054L_v-200x200.jpg\" rel=\"https:\/\/woerrlein-naturfoto.de\/wordpress\/wp-content\/uploads\/Ringelgans_34054L_v.jpg\" \/>\t\t\t\t\t\t\t\t\t\t\t\t\t\t\t<\/a>\n\t\t\t\t\t\t\t\t\t\t\t\t\t\t\t\t\t\t\t\t\t\t\t\t\t\t<\/p>\n\t\t\t\t\t\t\t\t\t\t\t\t\t\t\t\t\t\t\t\t\t\t\t\t\t<div \n\t\t\t\t\t\t\t\t\t\t\t\t\tstyle=\"width:164px;\"\t\t\t\t\t\t\t\t\t\t\t\t\tclass=\"gllr_single_image_text gllr_single_image_text_under\">Ringelgans - Bild-Nr. Dieter_34054L&nbsp;<\/div>\n\t\t\t\t\t\t\t\t\t\t\t\t\t\t\t\t\t\t\t\t\t\t\t<\/div><!-- .gllr_image_block -->\n\t\t\t\t\t\t\t\t\t\t\t\t\t\t\t\t\t\t\t\t\t<div class=\"gllr_image_block\">\n\t\t\t\t\t\t\t\t\t\t\t\t<p style=\"\n\t\t\t\t\t\t\t\t\t\t\t\twidth:164px;height:164px;\t\t\t\t\t\t\t\t\t\t\t\t\">\n\t\t\t\t\t\t\t\t\t\t\t\t\t\t\t\t\t\t\t\t\t\t\t\t\t\t\t\t<a data-fancybox=\"gallery_fancybox\" href=\"https:\/\/woerrlein-naturfoto.de\/wordpress\/wp-content\/uploads\/2014\/12\/Rohrweihe_D20190602_0478.jpg\" title=\"Rohrweihe - Bild-Nr. Dieter_190602_0478\" >\n\t\t\t\t\t\t\t\t\t\t\t\t\t\t\t\t<img decoding=\"async\" width=&quot;158&quot; height=&quot;158&quot; style=\"width:158px; height:158px; border-width: 3px; border-color:#F1F1F1;border: 3px solid #F1F1F1\" alt=\"Rohrweihe\" title=\"Rohrweihe - Bild-Nr. Dieter_190602_0478\" src=\"https:\/\/woerrlein-naturfoto.de\/wordpress\/wp-content\/uploads\/2014\/12\/Rohrweihe_D20190602_0478-200x200.jpg\" rel=\"https:\/\/woerrlein-naturfoto.de\/wordpress\/wp-content\/uploads\/2014\/12\/Rohrweihe_D20190602_0478.jpg\" \/>\t\t\t\t\t\t\t\t\t\t\t\t\t\t\t<\/a>\n\t\t\t\t\t\t\t\t\t\t\t\t\t\t\t\t\t\t\t\t\t\t\t\t\t\t<\/p>\n\t\t\t\t\t\t\t\t\t\t\t\t\t\t\t\t\t\t\t\t\t\t\t\t\t<div \n\t\t\t\t\t\t\t\t\t\t\t\t\tstyle=\"width:164px;\"\t\t\t\t\t\t\t\t\t\t\t\t\tclass=\"gllr_single_image_text gllr_single_image_text_under\">Rohrweihe - Bild-Nr. Dieter_190602_0478&nbsp;<\/div>\n\t\t\t\t\t\t\t\t\t\t\t\t\t\t\t\t\t\t\t\t\t\t\t<\/div><!-- .gllr_image_block -->\n\t\t\t\t\t\t\t\t\t\t\t\t\t\t\t\t\t\t\t\t\t<div class=\"gllr_image_block\">\n\t\t\t\t\t\t\t\t\t\t\t\t<p style=\"\n\t\t\t\t\t\t\t\t\t\t\t\twidth:164px;height:164px;\t\t\t\t\t\t\t\t\t\t\t\t\">\n\t\t\t\t\t\t\t\t\t\t\t\t\t\t\t\t\t\t\t\t\t\t\t\t\t\t\t\t<a data-fancybox=\"gallery_fancybox\" href=\"https:\/\/woerrlein-naturfoto.de\/wordpress\/wp-content\/uploads\/2014\/12\/Rohrweihe_D20190602_0500.jpg\" title=\"Rohrweihe - Bild-Nr. Dieter_190602_0500\" >\n\t\t\t\t\t\t\t\t\t\t\t\t\t\t\t\t<img decoding=\"async\" width=&quot;158&quot; height=&quot;158&quot; style=\"width:158px; height:158px; border-width: 3px; border-color:#F1F1F1;border: 3px solid #F1F1F1\" alt=\"Rohrweihe\" title=\"Rohrweihe - Bild-Nr. Dieter_190602_0500\" src=\"https:\/\/woerrlein-naturfoto.de\/wordpress\/wp-content\/uploads\/2014\/12\/Rohrweihe_D20190602_0500-200x200.jpg\" rel=\"https:\/\/woerrlein-naturfoto.de\/wordpress\/wp-content\/uploads\/2014\/12\/Rohrweihe_D20190602_0500.jpg\" \/>\t\t\t\t\t\t\t\t\t\t\t\t\t\t\t<\/a>\n\t\t\t\t\t\t\t\t\t\t\t\t\t\t\t\t\t\t\t\t\t\t\t\t\t\t<\/p>\n\t\t\t\t\t\t\t\t\t\t\t\t\t\t\t\t\t\t\t\t\t\t\t\t\t<div \n\t\t\t\t\t\t\t\t\t\t\t\t\tstyle=\"width:164px;\"\t\t\t\t\t\t\t\t\t\t\t\t\tclass=\"gllr_single_image_text gllr_single_image_text_under\">Rohrweihe - Bild-Nr. Dieter_190602_0500&nbsp;<\/div>\n\t\t\t\t\t\t\t\t\t\t\t\t\t\t\t\t\t\t\t\t\t\t\t<\/div><!-- .gllr_image_block -->\n\t\t\t\t\t\t\t\t\t\t\t\t\t\t\t\t\t\t\t\t\t<div class=\"gllr_image_block\">\n\t\t\t\t\t\t\t\t\t\t\t\t<p style=\"\n\t\t\t\t\t\t\t\t\t\t\t\twidth:164px;height:164px;\t\t\t\t\t\t\t\t\t\t\t\t\">\n\t\t\t\t\t\t\t\t\t\t\t\t\t\t\t\t\t\t\t\t\t\t\t\t\t\t\t\t<a data-fancybox=\"gallery_fancybox\" href=\"https:\/\/woerrlein-naturfoto.de\/wordpress\/wp-content\/uploads\/2014\/12\/Rohrweihe_AW16021L_3742x2495.jpg\" title=\"Rohrweihe - Bild-Nr. Anke_16021L\" >\n\t\t\t\t\t\t\t\t\t\t\t\t\t\t\t\t<img decoding=\"async\" width=&quot;158&quot; height=&quot;158&quot; style=\"width:158px; height:158px; border-width: 3px; border-color:#F1F1F1;border: 3px solid #F1F1F1\" alt=\"Rohrweihe\" title=\"Rohrweihe - Bild-Nr. Anke_16021L\" src=\"https:\/\/woerrlein-naturfoto.de\/wordpress\/wp-content\/uploads\/2014\/12\/Rohrweihe_AW16021L_3742x2495-200x200.jpg\" rel=\"https:\/\/woerrlein-naturfoto.de\/wordpress\/wp-content\/uploads\/2014\/12\/Rohrweihe_AW16021L_3742x2495.jpg\" \/>\t\t\t\t\t\t\t\t\t\t\t\t\t\t\t<\/a>\n\t\t\t\t\t\t\t\t\t\t\t\t\t\t\t\t\t\t\t\t\t\t\t\t\t\t<\/p>\n\t\t\t\t\t\t\t\t\t\t\t\t\t\t\t\t\t\t\t\t\t\t\t\t\t<div \n\t\t\t\t\t\t\t\t\t\t\t\t\tstyle=\"width:164px;\"\t\t\t\t\t\t\t\t\t\t\t\t\tclass=\"gllr_single_image_text gllr_single_image_text_under\">Rohrweihe - Bild-Nr. Anke_16021L&nbsp;<\/div>\n\t\t\t\t\t\t\t\t\t\t\t\t\t\t\t\t\t\t\t\t\t\t\t<\/div><!-- .gllr_image_block -->\n\t\t\t\t\t\t\t\t\t\t\t\t\t\t\t\t\t\t\t\t\t<div class=\"gllr_image_block\">\n\t\t\t\t\t\t\t\t\t\t\t\t<p style=\"\n\t\t\t\t\t\t\t\t\t\t\t\twidth:164px;height:164px;\t\t\t\t\t\t\t\t\t\t\t\t\">\n\t\t\t\t\t\t\t\t\t\t\t\t\t\t\t\t\t\t\t\t\t\t\t\t\t\t\t\t<a data-fancybox=\"gallery_fancybox\" href=\"https:\/\/woerrlein-naturfoto.de\/wordpress\/wp-content\/uploads\/2014\/12\/Rohrweihe_AW16871L_3518x2345.jpg\" title=\"Rohrweihe - Bild-Nr. Anke_16871L\" >\n\t\t\t\t\t\t\t\t\t\t\t\t\t\t\t\t<img decoding=\"async\" width=&quot;158&quot; height=&quot;158&quot; style=\"width:158px; height:158px; border-width: 3px; border-color:#F1F1F1;border: 3px solid #F1F1F1\" alt=\"Rohrweihe\" title=\"Rohrweihe - Bild-Nr. Anke_16871L\" src=\"https:\/\/woerrlein-naturfoto.de\/wordpress\/wp-content\/uploads\/2014\/12\/Rohrweihe_AW16871L_3518x2345-200x200.jpg\" rel=\"https:\/\/woerrlein-naturfoto.de\/wordpress\/wp-content\/uploads\/2014\/12\/Rohrweihe_AW16871L_3518x2345.jpg\" \/>\t\t\t\t\t\t\t\t\t\t\t\t\t\t\t<\/a>\n\t\t\t\t\t\t\t\t\t\t\t\t\t\t\t\t\t\t\t\t\t\t\t\t\t\t<\/p>\n\t\t\t\t\t\t\t\t\t\t\t\t\t\t\t\t\t\t\t\t\t\t\t\t\t<div \n\t\t\t\t\t\t\t\t\t\t\t\t\tstyle=\"width:164px;\"\t\t\t\t\t\t\t\t\t\t\t\t\tclass=\"gllr_single_image_text gllr_single_image_text_under\">Rohrweihe - Bild-Nr. Anke_16871L&nbsp;<\/div>\n\t\t\t\t\t\t\t\t\t\t\t\t\t\t\t\t\t\t\t\t\t\t\t<\/div><!-- .gllr_image_block -->\n\t\t\t\t\t\t\t\t\t\t\t\t\t\t\t\t\t\t\t\t\t<div class=\"gllr_image_block\">\n\t\t\t\t\t\t\t\t\t\t\t\t<p style=\"\n\t\t\t\t\t\t\t\t\t\t\t\twidth:164px;height:164px;\t\t\t\t\t\t\t\t\t\t\t\t\">\n\t\t\t\t\t\t\t\t\t\t\t\t\t\t\t\t\t\t\t\t\t\t\t\t\t\t\t\t<a data-fancybox=\"gallery_fancybox\" href=\"https:\/\/woerrlein-naturfoto.de\/wordpress\/wp-content\/uploads\/2014\/08\/Rotschenkel_7859La.jpg\" title=\"Rotschenkel - Bild-Nr. Dieter_07859L\" >\n\t\t\t\t\t\t\t\t\t\t\t\t\t\t\t\t<img decoding=\"async\" width=&quot;158&quot; height=&quot;158&quot; style=\"width:158px; height:158px; border-width: 3px; border-color:#F1F1F1;border: 3px solid #F1F1F1\" alt=\"Rotschenkel\" title=\"Rotschenkel - Bild-Nr. Dieter_07859L\" src=\"https:\/\/woerrlein-naturfoto.de\/wordpress\/wp-content\/uploads\/2014\/08\/Rotschenkel_7859La-195x195.jpg\" rel=\"https:\/\/woerrlein-naturfoto.de\/wordpress\/wp-content\/uploads\/2014\/08\/Rotschenkel_7859La.jpg\" \/>\t\t\t\t\t\t\t\t\t\t\t\t\t\t\t<\/a>\n\t\t\t\t\t\t\t\t\t\t\t\t\t\t\t\t\t\t\t\t\t\t\t\t\t\t<\/p>\n\t\t\t\t\t\t\t\t\t\t\t\t\t\t\t\t\t\t\t\t\t\t\t\t\t<div \n\t\t\t\t\t\t\t\t\t\t\t\t\tstyle=\"width:164px;\"\t\t\t\t\t\t\t\t\t\t\t\t\tclass=\"gllr_single_image_text gllr_single_image_text_under\">Rotschenkel - Bild-Nr. Dieter_07859L&nbsp;<\/div>\n\t\t\t\t\t\t\t\t\t\t\t\t\t\t\t\t\t\t\t\t\t\t\t<\/div><!-- .gllr_image_block -->\n\t\t\t\t\t\t\t\t\t\t\t\t\t\t\t\t\t\t\t\t\t<div class=\"gllr_image_block\">\n\t\t\t\t\t\t\t\t\t\t\t\t<p style=\"\n\t\t\t\t\t\t\t\t\t\t\t\twidth:164px;height:164px;\t\t\t\t\t\t\t\t\t\t\t\t\">\n\t\t\t\t\t\t\t\t\t\t\t\t\t\t\t\t\t\t\t\t\t\t\t\t\t\t\t\t<a data-fancybox=\"gallery_fancybox\" href=\"https:\/\/woerrlein-naturfoto.de\/wordpress\/wp-content\/uploads\/2014\/08\/Rotschenkel_7879L.jpg\" title=\"Rotschenkel - Bild-Nr. Dieter_07879L\" >\n\t\t\t\t\t\t\t\t\t\t\t\t\t\t\t\t<img decoding=\"async\" width=&quot;158&quot; height=&quot;158&quot; style=\"width:158px; height:158px; border-width: 3px; border-color:#F1F1F1;border: 3px solid #F1F1F1\" alt=\"Rotschenkel\" title=\"Rotschenkel - Bild-Nr. Dieter_07879L\" src=\"https:\/\/woerrlein-naturfoto.de\/wordpress\/wp-content\/uploads\/2014\/08\/Rotschenkel_7879L-195x195.jpg\" rel=\"https:\/\/woerrlein-naturfoto.de\/wordpress\/wp-content\/uploads\/2014\/08\/Rotschenkel_7879L.jpg\" \/>\t\t\t\t\t\t\t\t\t\t\t\t\t\t\t<\/a>\n\t\t\t\t\t\t\t\t\t\t\t\t\t\t\t\t\t\t\t\t\t\t\t\t\t\t<\/p>\n\t\t\t\t\t\t\t\t\t\t\t\t\t\t\t\t\t\t\t\t\t\t\t\t\t<div \n\t\t\t\t\t\t\t\t\t\t\t\t\tstyle=\"width:164px;\"\t\t\t\t\t\t\t\t\t\t\t\t\tclass=\"gllr_single_image_text gllr_single_image_text_under\">Rotschenkel - Bild-Nr. Dieter_07879L&nbsp;<\/div>\n\t\t\t\t\t\t\t\t\t\t\t\t\t\t\t\t\t\t\t\t\t\t\t<\/div><!-- .gllr_image_block -->\n\t\t\t\t\t\t\t\t\t\t\t\t\t\t\t\t\t\t\t\t\t<div class=\"gllr_image_block\">\n\t\t\t\t\t\t\t\t\t\t\t\t<p style=\"\n\t\t\t\t\t\t\t\t\t\t\t\twidth:164px;height:164px;\t\t\t\t\t\t\t\t\t\t\t\t\">\n\t\t\t\t\t\t\t\t\t\t\t\t\t\t\t\t\t\t\t\t\t\t\t\t\t\t\t\t<a data-fancybox=\"gallery_fancybox\" href=\"https:\/\/woerrlein-naturfoto.de\/wordpress\/wp-content\/uploads\/Saebelschnaebler_06997L.jpg\" title=\"S\u00e4belschn\u00e4bler - Bild-Nr. Dieter_06997L\" >\n\t\t\t\t\t\t\t\t\t\t\t\t\t\t\t\t<img decoding=\"async\" width=&quot;158&quot; height=&quot;158&quot; style=\"width:158px; height:158px; border-width: 3px; border-color:#F1F1F1;border: 3px solid #F1F1F1\" alt=\"S\u00e4belschn\u00e4bler\" title=\"S\u00e4belschn\u00e4bler - Bild-Nr. Dieter_06997L\" src=\"https:\/\/woerrlein-naturfoto.de\/wordpress\/wp-content\/uploads\/Saebelschnaebler_06997L-200x200.jpg\" rel=\"https:\/\/woerrlein-naturfoto.de\/wordpress\/wp-content\/uploads\/Saebelschnaebler_06997L.jpg\" \/>\t\t\t\t\t\t\t\t\t\t\t\t\t\t\t<\/a>\n\t\t\t\t\t\t\t\t\t\t\t\t\t\t\t\t\t\t\t\t\t\t\t\t\t\t<\/p>\n\t\t\t\t\t\t\t\t\t\t\t\t\t\t\t\t\t\t\t\t\t\t\t\t\t<div \n\t\t\t\t\t\t\t\t\t\t\t\t\tstyle=\"width:164px;\"\t\t\t\t\t\t\t\t\t\t\t\t\tclass=\"gllr_single_image_text gllr_single_image_text_under\">S\u00e4belschn\u00e4bler - Bild-Nr. Dieter_06997L&nbsp;<\/div>\n\t\t\t\t\t\t\t\t\t\t\t\t\t\t\t\t\t\t\t\t\t\t\t<\/div><!-- .gllr_image_block -->\n\t\t\t\t\t\t\t\t\t\t\t\t\t\t\t\t\t\t\t\t\t<\/div><!-- .gllr_image_row -->\n\t\t\t\t\t\t\t\t\t\t\t\t\t\t\t\t\t\t\t\t\t\t<div class=\"gllr_image_row\">\n\t\t\t\t\t\t\t\t\t\t\t\t\t\t\t\t\t\t\t\t\t<div class=\"gllr_image_block\">\n\t\t\t\t\t\t\t\t\t\t\t\t<p style=\"\n\t\t\t\t\t\t\t\t\t\t\t\twidth:164px;height:164px;\t\t\t\t\t\t\t\t\t\t\t\t\">\n\t\t\t\t\t\t\t\t\t\t\t\t\t\t\t\t\t\t\t\t\t\t\t\t\t\t\t\t<a data-fancybox=\"gallery_fancybox\" href=\"https:\/\/woerrlein-naturfoto.de\/wordpress\/wp-content\/uploads\/Saebelschnaebler_06998L.jpg\" title=\"S\u00e4belschn\u00e4bler - Bild-Nr. Dieter_06998L\" >\n\t\t\t\t\t\t\t\t\t\t\t\t\t\t\t\t<img decoding=\"async\" width=&quot;158&quot; height=&quot;158&quot; style=\"width:158px; height:158px; border-width: 3px; border-color:#F1F1F1;border: 3px solid #F1F1F1\" alt=\"S\u00e4belschn\u00e4bler\" title=\"S\u00e4belschn\u00e4bler - Bild-Nr. Dieter_06998L\" src=\"https:\/\/woerrlein-naturfoto.de\/wordpress\/wp-content\/uploads\/Saebelschnaebler_06998L-200x200.jpg\" rel=\"https:\/\/woerrlein-naturfoto.de\/wordpress\/wp-content\/uploads\/Saebelschnaebler_06998L.jpg\" \/>\t\t\t\t\t\t\t\t\t\t\t\t\t\t\t<\/a>\n\t\t\t\t\t\t\t\t\t\t\t\t\t\t\t\t\t\t\t\t\t\t\t\t\t\t<\/p>\n\t\t\t\t\t\t\t\t\t\t\t\t\t\t\t\t\t\t\t\t\t\t\t\t\t<div \n\t\t\t\t\t\t\t\t\t\t\t\t\tstyle=\"width:164px;\"\t\t\t\t\t\t\t\t\t\t\t\t\tclass=\"gllr_single_image_text gllr_single_image_text_under\">S\u00e4belschn\u00e4bler - Bild-Nr. Dieter_06998L&nbsp;<\/div>\n\t\t\t\t\t\t\t\t\t\t\t\t\t\t\t\t\t\t\t\t\t\t\t<\/div><!-- .gllr_image_block -->\n\t\t\t\t\t\t\t\t\t\t\t\t\t\t\t\t\t\t\t\t\t<div class=\"gllr_image_block\">\n\t\t\t\t\t\t\t\t\t\t\t\t<p style=\"\n\t\t\t\t\t\t\t\t\t\t\t\twidth:164px;height:164px;\t\t\t\t\t\t\t\t\t\t\t\t\">\n\t\t\t\t\t\t\t\t\t\t\t\t\t\t\t\t\t\t\t\t\t\t\t\t\t\t\t\t<a data-fancybox=\"gallery_fancybox\" href=\"https:\/\/woerrlein-naturfoto.de\/wordpress\/wp-content\/uploads\/Saebelschnaebler_07033La.jpg\" title=\"S\u00e4belschn\u00e4bler - Bild-Nr. Dieter_07033La\" >\n\t\t\t\t\t\t\t\t\t\t\t\t\t\t\t\t<img decoding=\"async\" width=&quot;158&quot; height=&quot;158&quot; style=\"width:158px; height:158px; border-width: 3px; border-color:#F1F1F1;border: 3px solid #F1F1F1\" alt=\"S\u00e4belschn\u00e4bler\" title=\"S\u00e4belschn\u00e4bler - Bild-Nr. Dieter_07033La\" src=\"https:\/\/woerrlein-naturfoto.de\/wordpress\/wp-content\/uploads\/Saebelschnaebler_07033La-200x200.jpg\" rel=\"https:\/\/woerrlein-naturfoto.de\/wordpress\/wp-content\/uploads\/Saebelschnaebler_07033La.jpg\" \/>\t\t\t\t\t\t\t\t\t\t\t\t\t\t\t<\/a>\n\t\t\t\t\t\t\t\t\t\t\t\t\t\t\t\t\t\t\t\t\t\t\t\t\t\t<\/p>\n\t\t\t\t\t\t\t\t\t\t\t\t\t\t\t\t\t\t\t\t\t\t\t\t\t<div \n\t\t\t\t\t\t\t\t\t\t\t\t\tstyle=\"width:164px;\"\t\t\t\t\t\t\t\t\t\t\t\t\tclass=\"gllr_single_image_text gllr_single_image_text_under\">S\u00e4belschn\u00e4bler - Bild-Nr. Dieter_07033La&nbsp;<\/div>\n\t\t\t\t\t\t\t\t\t\t\t\t\t\t\t\t\t\t\t\t\t\t\t<\/div><!-- .gllr_image_block -->\n\t\t\t\t\t\t\t\t\t\t\t\t\t\t\t\t\t\t\t\t\t<div class=\"gllr_image_block\">\n\t\t\t\t\t\t\t\t\t\t\t\t<p style=\"\n\t\t\t\t\t\t\t\t\t\t\t\twidth:164px;height:164px;\t\t\t\t\t\t\t\t\t\t\t\t\">\n\t\t\t\t\t\t\t\t\t\t\t\t\t\t\t\t\t\t\t\t\t\t\t\t\t\t\t\t<a data-fancybox=\"gallery_fancybox\" href=\"https:\/\/woerrlein-naturfoto.de\/wordpress\/wp-content\/uploads\/2015\/01\/Saebelschnaebler_D20190604_0965.jpg\" title=\"S\u00e4belschn\u00e4bler - Bild-Nr. Dieter_190604_0965\" >\n\t\t\t\t\t\t\t\t\t\t\t\t\t\t\t\t<img decoding=\"async\" width=&quot;158&quot; height=&quot;158&quot; style=\"width:158px; height:158px; border-width: 3px; border-color:#F1F1F1;border: 3px solid #F1F1F1\" alt=\"S\u00e4belschn\u00e4bler\" title=\"S\u00e4belschn\u00e4bler - Bild-Nr. Dieter_190604_0965\" src=\"https:\/\/woerrlein-naturfoto.de\/wordpress\/wp-content\/uploads\/2015\/01\/Saebelschnaebler_D20190604_0965-200x200.jpg\" rel=\"https:\/\/woerrlein-naturfoto.de\/wordpress\/wp-content\/uploads\/2015\/01\/Saebelschnaebler_D20190604_0965.jpg\" \/>\t\t\t\t\t\t\t\t\t\t\t\t\t\t\t<\/a>\n\t\t\t\t\t\t\t\t\t\t\t\t\t\t\t\t\t\t\t\t\t\t\t\t\t\t<\/p>\n\t\t\t\t\t\t\t\t\t\t\t\t\t\t\t\t\t\t\t\t\t\t\t\t\t<div \n\t\t\t\t\t\t\t\t\t\t\t\t\tstyle=\"width:164px;\"\t\t\t\t\t\t\t\t\t\t\t\t\tclass=\"gllr_single_image_text gllr_single_image_text_under\">S\u00e4belschn\u00e4bler - Bild-Nr. Dieter_190604_0965&nbsp;<\/div>\n\t\t\t\t\t\t\t\t\t\t\t\t\t\t\t\t\t\t\t\t\t\t\t<\/div><!-- .gllr_image_block -->\n\t\t\t\t\t\t\t\t\t\t\t\t\t\t\t\t\t\t\t\t\t<div class=\"gllr_image_block\">\n\t\t\t\t\t\t\t\t\t\t\t\t<p style=\"\n\t\t\t\t\t\t\t\t\t\t\t\twidth:164px;height:164px;\t\t\t\t\t\t\t\t\t\t\t\t\">\n\t\t\t\t\t\t\t\t\t\t\t\t\t\t\t\t\t\t\t\t\t\t\t\t\t\t\t\t<a data-fancybox=\"gallery_fancybox\" href=\"https:\/\/woerrlein-naturfoto.de\/wordpress\/wp-content\/uploads\/2015\/01\/Saebelschnaebler_D190606_1011.jpg\" title=\"S\u00e4belschn\u00e4bler - Bild-Nr. Dieter_190606_1011\" >\n\t\t\t\t\t\t\t\t\t\t\t\t\t\t\t\t<img decoding=\"async\" width=&quot;158&quot; height=&quot;158&quot; style=\"width:158px; height:158px; border-width: 3px; border-color:#F1F1F1;border: 3px solid #F1F1F1\" alt=\"S\u00e4belschn\u00e4bler\" title=\"S\u00e4belschn\u00e4bler - Bild-Nr. Dieter_190606_1011\" src=\"https:\/\/woerrlein-naturfoto.de\/wordpress\/wp-content\/uploads\/2015\/01\/Saebelschnaebler_D190606_1011-200x200.jpg\" rel=\"https:\/\/woerrlein-naturfoto.de\/wordpress\/wp-content\/uploads\/2015\/01\/Saebelschnaebler_D190606_1011.jpg\" \/>\t\t\t\t\t\t\t\t\t\t\t\t\t\t\t<\/a>\n\t\t\t\t\t\t\t\t\t\t\t\t\t\t\t\t\t\t\t\t\t\t\t\t\t\t<\/p>\n\t\t\t\t\t\t\t\t\t\t\t\t\t\t\t\t\t\t\t\t\t\t\t\t\t<div \n\t\t\t\t\t\t\t\t\t\t\t\t\tstyle=\"width:164px;\"\t\t\t\t\t\t\t\t\t\t\t\t\tclass=\"gllr_single_image_text gllr_single_image_text_under\">S\u00e4belschn\u00e4bler - Bild-Nr. Dieter_190606_1011&nbsp;<\/div>\n\t\t\t\t\t\t\t\t\t\t\t\t\t\t\t\t\t\t\t\t\t\t\t<\/div><!-- .gllr_image_block -->\n\t\t\t\t\t\t\t\t\t\t\t\t\t\t\t\t\t\t\t\t\t<div class=\"gllr_image_block\">\n\t\t\t\t\t\t\t\t\t\t\t\t<p style=\"\n\t\t\t\t\t\t\t\t\t\t\t\twidth:164px;height:164px;\t\t\t\t\t\t\t\t\t\t\t\t\">\n\t\t\t\t\t\t\t\t\t\t\t\t\t\t\t\t\t\t\t\t\t\t\t\t\t\t\t\t<a data-fancybox=\"gallery_fancybox\" href=\"https:\/\/woerrlein-naturfoto.de\/wordpress\/wp-content\/uploads\/2015\/01\/Saebelschnaebler_D20190606_1055.jpg\" title=\"S\u00e4belschn\u00e4bler - Bild-Nr. Dieter_190606_1055\" >\n\t\t\t\t\t\t\t\t\t\t\t\t\t\t\t\t<img decoding=\"async\" width=&quot;158&quot; height=&quot;158&quot; style=\"width:158px; height:158px; border-width: 3px; border-color:#F1F1F1;border: 3px solid #F1F1F1\" alt=\"S\u00e4belschn\u00e4bler\" title=\"S\u00e4belschn\u00e4bler - Bild-Nr. Dieter_190606_1055\" src=\"https:\/\/woerrlein-naturfoto.de\/wordpress\/wp-content\/uploads\/2015\/01\/Saebelschnaebler_D20190606_1055-200x200.jpg\" rel=\"https:\/\/woerrlein-naturfoto.de\/wordpress\/wp-content\/uploads\/2015\/01\/Saebelschnaebler_D20190606_1055.jpg\" \/>\t\t\t\t\t\t\t\t\t\t\t\t\t\t\t<\/a>\n\t\t\t\t\t\t\t\t\t\t\t\t\t\t\t\t\t\t\t\t\t\t\t\t\t\t<\/p>\n\t\t\t\t\t\t\t\t\t\t\t\t\t\t\t\t\t\t\t\t\t\t\t\t\t<div \n\t\t\t\t\t\t\t\t\t\t\t\t\tstyle=\"width:164px;\"\t\t\t\t\t\t\t\t\t\t\t\t\tclass=\"gllr_single_image_text gllr_single_image_text_under\">S\u00e4belschn\u00e4bler - Bild-Nr. Dieter_190606_1055&nbsp;<\/div>\n\t\t\t\t\t\t\t\t\t\t\t\t\t\t\t\t\t\t\t\t\t\t\t<\/div><!-- .gllr_image_block -->\n\t\t\t\t\t\t\t\t\t\t\t\t\t\t\t\t\t\t\t\t\t<div class=\"gllr_image_block\">\n\t\t\t\t\t\t\t\t\t\t\t\t<p style=\"\n\t\t\t\t\t\t\t\t\t\t\t\twidth:164px;height:164px;\t\t\t\t\t\t\t\t\t\t\t\t\">\n\t\t\t\t\t\t\t\t\t\t\t\t\t\t\t\t\t\t\t\t\t\t\t\t\t\t\t\t<a data-fancybox=\"gallery_fancybox\" href=\"https:\/\/woerrlein-naturfoto.de\/wordpress\/wp-content\/uploads\/Saebelschnaebler_33676La.jpg\" title=\"S\u00e4belschn\u00e4bler - Bild-Nr. Dieter_33676L\" >\n\t\t\t\t\t\t\t\t\t\t\t\t\t\t\t\t<img decoding=\"async\" width=&quot;158&quot; height=&quot;158&quot; style=\"width:158px; height:158px; border-width: 3px; border-color:#F1F1F1;border: 3px solid #F1F1F1\" alt=\"S\u00e4belschn\u00e4bler\" title=\"S\u00e4belschn\u00e4bler - Bild-Nr. Dieter_33676L\" src=\"https:\/\/woerrlein-naturfoto.de\/wordpress\/wp-content\/uploads\/Saebelschnaebler_33676La-200x200.jpg\" rel=\"https:\/\/woerrlein-naturfoto.de\/wordpress\/wp-content\/uploads\/Saebelschnaebler_33676La.jpg\" \/>\t\t\t\t\t\t\t\t\t\t\t\t\t\t\t<\/a>\n\t\t\t\t\t\t\t\t\t\t\t\t\t\t\t\t\t\t\t\t\t\t\t\t\t\t<\/p>\n\t\t\t\t\t\t\t\t\t\t\t\t\t\t\t\t\t\t\t\t\t\t\t\t\t<div \n\t\t\t\t\t\t\t\t\t\t\t\t\tstyle=\"width:164px;\"\t\t\t\t\t\t\t\t\t\t\t\t\tclass=\"gllr_single_image_text gllr_single_image_text_under\">S\u00e4belschn\u00e4bler - Bild-Nr. Dieter_33676L&nbsp;<\/div>\n\t\t\t\t\t\t\t\t\t\t\t\t\t\t\t\t\t\t\t\t\t\t\t<\/div><!-- .gllr_image_block -->\n\t\t\t\t\t\t\t\t\t\t\t\t\t\t\t\t\t\t\t\t\t<div class=\"gllr_image_block\">\n\t\t\t\t\t\t\t\t\t\t\t\t<p style=\"\n\t\t\t\t\t\t\t\t\t\t\t\twidth:164px;height:164px;\t\t\t\t\t\t\t\t\t\t\t\t\">\n\t\t\t\t\t\t\t\t\t\t\t\t\t\t\t\t\t\t\t\t\t\t\t\t\t\t\t\t<a data-fancybox=\"gallery_fancybox\" href=\"https:\/\/woerrlein-naturfoto.de\/wordpress\/wp-content\/uploads\/Saebelschnaebler_34073La_v.jpg\" title=\"S\u00e4belschn\u00e4bler - Bild-Nr. Dieter_34073La\" >\n\t\t\t\t\t\t\t\t\t\t\t\t\t\t\t\t<img decoding=\"async\" width=&quot;158&quot; height=&quot;158&quot; style=\"width:158px; height:158px; border-width: 3px; border-color:#F1F1F1;border: 3px solid #F1F1F1\" alt=\"S\u00e4belschn\u00e4bler\" title=\"S\u00e4belschn\u00e4bler - Bild-Nr. Dieter_34073La\" src=\"https:\/\/woerrlein-naturfoto.de\/wordpress\/wp-content\/uploads\/Saebelschnaebler_34073La_v-200x200.jpg\" rel=\"https:\/\/woerrlein-naturfoto.de\/wordpress\/wp-content\/uploads\/Saebelschnaebler_34073La_v.jpg\" \/>\t\t\t\t\t\t\t\t\t\t\t\t\t\t\t<\/a>\n\t\t\t\t\t\t\t\t\t\t\t\t\t\t\t\t\t\t\t\t\t\t\t\t\t\t<\/p>\n\t\t\t\t\t\t\t\t\t\t\t\t\t\t\t\t\t\t\t\t\t\t\t\t\t<div \n\t\t\t\t\t\t\t\t\t\t\t\t\tstyle=\"width:164px;\"\t\t\t\t\t\t\t\t\t\t\t\t\tclass=\"gllr_single_image_text gllr_single_image_text_under\">S\u00e4belschn\u00e4bler - Bild-Nr. Dieter_34073La&nbsp;<\/div>\n\t\t\t\t\t\t\t\t\t\t\t\t\t\t\t\t\t\t\t\t\t\t\t<\/div><!-- .gllr_image_block -->\n\t\t\t\t\t\t\t\t\t\t\t\t\t\t\t\t\t\t\t\t\t<div class=\"gllr_image_block\">\n\t\t\t\t\t\t\t\t\t\t\t\t<p style=\"\n\t\t\t\t\t\t\t\t\t\t\t\twidth:164px;height:164px;\t\t\t\t\t\t\t\t\t\t\t\t\">\n\t\t\t\t\t\t\t\t\t\t\t\t\t\t\t\t\t\t\t\t\t\t\t\t\t\t\t\t<a data-fancybox=\"gallery_fancybox\" href=\"https:\/\/woerrlein-naturfoto.de\/wordpress\/wp-content\/uploads\/Saebelschnaebler_34410L_v.jpg\" title=\"S\u00e4belschn\u00e4bler - Bild-Nr. Dieter_34410L\" >\n\t\t\t\t\t\t\t\t\t\t\t\t\t\t\t\t<img decoding=\"async\" width=&quot;158&quot; height=&quot;158&quot; style=\"width:158px; height:158px; border-width: 3px; border-color:#F1F1F1;border: 3px solid #F1F1F1\" alt=\"S\u00e4belschn\u00e4bler\" title=\"S\u00e4belschn\u00e4bler - Bild-Nr. Dieter_34410L\" src=\"https:\/\/woerrlein-naturfoto.de\/wordpress\/wp-content\/uploads\/Saebelschnaebler_34410L_v-200x200.jpg\" rel=\"https:\/\/woerrlein-naturfoto.de\/wordpress\/wp-content\/uploads\/Saebelschnaebler_34410L_v.jpg\" \/>\t\t\t\t\t\t\t\t\t\t\t\t\t\t\t<\/a>\n\t\t\t\t\t\t\t\t\t\t\t\t\t\t\t\t\t\t\t\t\t\t\t\t\t\t<\/p>\n\t\t\t\t\t\t\t\t\t\t\t\t\t\t\t\t\t\t\t\t\t\t\t\t\t<div \n\t\t\t\t\t\t\t\t\t\t\t\t\tstyle=\"width:164px;\"\t\t\t\t\t\t\t\t\t\t\t\t\tclass=\"gllr_single_image_text gllr_single_image_text_under\">S\u00e4belschn\u00e4bler - Bild-Nr. Dieter_34410L&nbsp;<\/div>\n\t\t\t\t\t\t\t\t\t\t\t\t\t\t\t\t\t\t\t\t\t\t\t<\/div><!-- .gllr_image_block -->\n\t\t\t\t\t\t\t\t\t\t\t\t\t\t\t\t\t\t\t\t\t<\/div><!-- .gllr_image_row -->\n\t\t\t\t\t\t\t\t\t\t\t\t\t\t\t\t\t\t\t\t\t\t<div class=\"gllr_image_row\">\n\t\t\t\t\t\t\t\t\t\t\t\t\t\t\t\t\t\t\t\t\t<div class=\"gllr_image_block\">\n\t\t\t\t\t\t\t\t\t\t\t\t<p style=\"\n\t\t\t\t\t\t\t\t\t\t\t\twidth:164px;height:164px;\t\t\t\t\t\t\t\t\t\t\t\t\">\n\t\t\t\t\t\t\t\t\t\t\t\t\t\t\t\t\t\t\t\t\t\t\t\t\t\t\t\t<a data-fancybox=\"gallery_fancybox\" href=\"https:\/\/woerrlein-naturfoto.de\/wordpress\/wp-content\/uploads\/2015\/01\/Saebelschnaebler_AW16431L_3792x5688.jpg\" title=\"S\u00e4belschn\u00e4bler - Bild-Nr. Anke_16431L\" >\n\t\t\t\t\t\t\t\t\t\t\t\t\t\t\t\t<img decoding=\"async\" width=&quot;158&quot; height=&quot;158&quot; style=\"width:158px; height:158px; border-width: 3px; border-color:#F1F1F1;border: 3px solid #F1F1F1\" alt=\"S\u00e4belschn\u00e4bler\" title=\"S\u00e4belschn\u00e4bler - Bild-Nr. Anke_16431L\" src=\"https:\/\/woerrlein-naturfoto.de\/wordpress\/wp-content\/uploads\/2015\/01\/Saebelschnaebler_AW16431L_3792x5688-200x200.jpg\" rel=\"https:\/\/woerrlein-naturfoto.de\/wordpress\/wp-content\/uploads\/2015\/01\/Saebelschnaebler_AW16431L_3792x5688.jpg\" \/>\t\t\t\t\t\t\t\t\t\t\t\t\t\t\t<\/a>\n\t\t\t\t\t\t\t\t\t\t\t\t\t\t\t\t\t\t\t\t\t\t\t\t\t\t<\/p>\n\t\t\t\t\t\t\t\t\t\t\t\t\t\t\t\t\t\t\t\t\t\t\t\t\t<div \n\t\t\t\t\t\t\t\t\t\t\t\t\tstyle=\"width:164px;\"\t\t\t\t\t\t\t\t\t\t\t\t\tclass=\"gllr_single_image_text gllr_single_image_text_under\">S\u00e4belschn\u00e4bler - Bild-Nr. Anke_16431L&nbsp;<\/div>\n\t\t\t\t\t\t\t\t\t\t\t\t\t\t\t\t\t\t\t\t\t\t\t<\/div><!-- .gllr_image_block -->\n\t\t\t\t\t\t\t\t\t\t\t\t\t\t\t\t\t\t\t\t\t<div class=\"gllr_image_block\">\n\t\t\t\t\t\t\t\t\t\t\t\t<p style=\"\n\t\t\t\t\t\t\t\t\t\t\t\twidth:164px;height:164px;\t\t\t\t\t\t\t\t\t\t\t\t\">\n\t\t\t\t\t\t\t\t\t\t\t\t\t\t\t\t\t\t\t\t\t\t\t\t\t\t\t\t<a data-fancybox=\"gallery_fancybox\" href=\"https:\/\/woerrlein-naturfoto.de\/wordpress\/wp-content\/uploads\/2015\/01\/Saebelschnaebler_AW16470L_5663x3775.jpg\" title=\"S\u00e4belschn\u00e4bler - Bild-Nr. Anke_16470L\" >\n\t\t\t\t\t\t\t\t\t\t\t\t\t\t\t\t<img decoding=\"async\" width=&quot;158&quot; height=&quot;158&quot; style=\"width:158px; height:158px; border-width: 3px; border-color:#F1F1F1;border: 3px solid #F1F1F1\" alt=\"S\u00e4belschn\u00e4bler\" title=\"S\u00e4belschn\u00e4bler - Bild-Nr. Anke_16470L\" src=\"https:\/\/woerrlein-naturfoto.de\/wordpress\/wp-content\/uploads\/2015\/01\/Saebelschnaebler_AW16470L_5663x3775-200x200.jpg\" rel=\"https:\/\/woerrlein-naturfoto.de\/wordpress\/wp-content\/uploads\/2015\/01\/Saebelschnaebler_AW16470L_5663x3775.jpg\" \/>\t\t\t\t\t\t\t\t\t\t\t\t\t\t\t<\/a>\n\t\t\t\t\t\t\t\t\t\t\t\t\t\t\t\t\t\t\t\t\t\t\t\t\t\t<\/p>\n\t\t\t\t\t\t\t\t\t\t\t\t\t\t\t\t\t\t\t\t\t\t\t\t\t<div \n\t\t\t\t\t\t\t\t\t\t\t\t\tstyle=\"width:164px;\"\t\t\t\t\t\t\t\t\t\t\t\t\tclass=\"gllr_single_image_text gllr_single_image_text_under\">S\u00e4belschn\u00e4bler - Bild-Nr. Anke_16470L&nbsp;<\/div>\n\t\t\t\t\t\t\t\t\t\t\t\t\t\t\t\t\t\t\t\t\t\t\t<\/div><!-- .gllr_image_block -->\n\t\t\t\t\t\t\t\t\t\t\t\t\t\t\t\t\t\t\t\t\t<div class=\"gllr_image_block\">\n\t\t\t\t\t\t\t\t\t\t\t\t<p style=\"\n\t\t\t\t\t\t\t\t\t\t\t\twidth:164px;height:164px;\t\t\t\t\t\t\t\t\t\t\t\t\">\n\t\t\t\t\t\t\t\t\t\t\t\t\t\t\t\t\t\t\t\t\t\t\t\t\t\t\t\t<a data-fancybox=\"gallery_fancybox\" href=\"https:\/\/woerrlein-naturfoto.de\/wordpress\/wp-content\/uploads\/Sandregenpfeifer_34034L_v.jpg\" title=\"Sandregenpfeifer - Bild-Nr. Dieter_34034L\" >\n\t\t\t\t\t\t\t\t\t\t\t\t\t\t\t\t<img decoding=\"async\" width=&quot;158&quot; height=&quot;158&quot; style=\"width:158px; height:158px; border-width: 3px; border-color:#F1F1F1;border: 3px solid #F1F1F1\" alt=\"Sandregenpfeifer\" title=\"Sandregenpfeifer - Bild-Nr. Dieter_34034L\" src=\"https:\/\/woerrlein-naturfoto.de\/wordpress\/wp-content\/uploads\/Sandregenpfeifer_34034L_v-200x200.jpg\" rel=\"https:\/\/woerrlein-naturfoto.de\/wordpress\/wp-content\/uploads\/Sandregenpfeifer_34034L_v.jpg\" \/>\t\t\t\t\t\t\t\t\t\t\t\t\t\t\t<\/a>\n\t\t\t\t\t\t\t\t\t\t\t\t\t\t\t\t\t\t\t\t\t\t\t\t\t\t<\/p>\n\t\t\t\t\t\t\t\t\t\t\t\t\t\t\t\t\t\t\t\t\t\t\t\t\t<div \n\t\t\t\t\t\t\t\t\t\t\t\t\tstyle=\"width:164px;\"\t\t\t\t\t\t\t\t\t\t\t\t\tclass=\"gllr_single_image_text gllr_single_image_text_under\">Sandregenpfeifer - Bild-Nr. Dieter_34034L&nbsp;<\/div>\n\t\t\t\t\t\t\t\t\t\t\t\t\t\t\t\t\t\t\t\t\t\t\t<\/div><!-- .gllr_image_block -->\n\t\t\t\t\t\t\t\t\t\t\t\t\t\t\t\t\t\t\t\t\t<div class=\"gllr_image_block\">\n\t\t\t\t\t\t\t\t\t\t\t\t<p style=\"\n\t\t\t\t\t\t\t\t\t\t\t\twidth:164px;height:164px;\t\t\t\t\t\t\t\t\t\t\t\t\">\n\t\t\t\t\t\t\t\t\t\t\t\t\t\t\t\t\t\t\t\t\t\t\t\t\t\t\t\t<a data-fancybox=\"gallery_fancybox\" href=\"https:\/\/woerrlein-naturfoto.de\/wordpress\/wp-content\/uploads\/Sandregenpfeifer_34355L_v.jpg\" title=\"Sandregenpfeifer - Bild-Nr. Dieter_34355L\" >\n\t\t\t\t\t\t\t\t\t\t\t\t\t\t\t\t<img decoding=\"async\" width=&quot;158&quot; height=&quot;158&quot; style=\"width:158px; height:158px; border-width: 3px; border-color:#F1F1F1;border: 3px solid #F1F1F1\" alt=\"Sandregenpfeifer\" title=\"Sandregenpfeifer - Bild-Nr. Dieter_34355L\" src=\"https:\/\/woerrlein-naturfoto.de\/wordpress\/wp-content\/uploads\/Sandregenpfeifer_34355L_v-200x200.jpg\" rel=\"https:\/\/woerrlein-naturfoto.de\/wordpress\/wp-content\/uploads\/Sandregenpfeifer_34355L_v.jpg\" \/>\t\t\t\t\t\t\t\t\t\t\t\t\t\t\t<\/a>\n\t\t\t\t\t\t\t\t\t\t\t\t\t\t\t\t\t\t\t\t\t\t\t\t\t\t<\/p>\n\t\t\t\t\t\t\t\t\t\t\t\t\t\t\t\t\t\t\t\t\t\t\t\t\t<div \n\t\t\t\t\t\t\t\t\t\t\t\t\tstyle=\"width:164px;\"\t\t\t\t\t\t\t\t\t\t\t\t\tclass=\"gllr_single_image_text gllr_single_image_text_under\">Sandregenpfeifer - Bild-Nr. Dieter_34355L&nbsp;<\/div>\n\t\t\t\t\t\t\t\t\t\t\t\t\t\t\t\t\t\t\t\t\t\t\t<\/div><!-- .gllr_image_block -->\n\t\t\t\t\t\t\t\t\t\t\t\t\t\t\t\t\t\t\t\t\t<div class=\"gllr_image_block\">\n\t\t\t\t\t\t\t\t\t\t\t\t<p style=\"\n\t\t\t\t\t\t\t\t\t\t\t\twidth:164px;height:164px;\t\t\t\t\t\t\t\t\t\t\t\t\">\n\t\t\t\t\t\t\t\t\t\t\t\t\t\t\t\t\t\t\t\t\t\t\t\t\t\t\t\t<a data-fancybox=\"gallery_fancybox\" href=\"https:\/\/woerrlein-naturfoto.de\/wordpress\/wp-content\/uploads\/Uferschnepfe_34445L_v.jpg\" title=\"Uferschnepfe - Bild-Nr. Dieter_34445L\" >\n\t\t\t\t\t\t\t\t\t\t\t\t\t\t\t\t<img decoding=\"async\" width=&quot;158&quot; height=&quot;158&quot; style=\"width:158px; height:158px; border-width: 3px; border-color:#F1F1F1;border: 3px solid #F1F1F1\" alt=\"Uferschnepfe\" title=\"Uferschnepfe - Bild-Nr. Dieter_34445L\" src=\"https:\/\/woerrlein-naturfoto.de\/wordpress\/wp-content\/uploads\/Uferschnepfe_34445L_v-200x200.jpg\" rel=\"https:\/\/woerrlein-naturfoto.de\/wordpress\/wp-content\/uploads\/Uferschnepfe_34445L_v.jpg\" \/>\t\t\t\t\t\t\t\t\t\t\t\t\t\t\t<\/a>\n\t\t\t\t\t\t\t\t\t\t\t\t\t\t\t\t\t\t\t\t\t\t\t\t\t\t<\/p>\n\t\t\t\t\t\t\t\t\t\t\t\t\t\t\t\t\t\t\t\t\t\t\t\t\t<div \n\t\t\t\t\t\t\t\t\t\t\t\t\tstyle=\"width:164px;\"\t\t\t\t\t\t\t\t\t\t\t\t\tclass=\"gllr_single_image_text gllr_single_image_text_under\">Uferschnepfe - Bild-Nr. Dieter_34445L&nbsp;<\/div>\n\t\t\t\t\t\t\t\t\t\t\t\t\t\t\t\t\t\t\t\t\t\t\t<\/div><!-- .gllr_image_block -->\n\t\t\t\t\t\t\t\t\t\t\t\t\t\t\t\t\t\t\t\t\t<div class=\"clear\"><\/div>\n\t\t\t\t\t\t\t\t\t\t<\/div><!-- .gllr_image_row -->\n\t\t\t\t\t\t\t\t\t\t\t\t\t\t\t\t\t<\/div><!-- .gallery.clearfix -->\n\t\t\t\t\t\t\t\t\t\t\t\t\t\t<\/div><!-- .gallery_box_single -->\n\t\t\t\t\t\t<div class=\"gllr_clear\"><\/div>\n\t\t\t\t\t\t<\/span><\/p>\n","protected":false},"excerpt":{"rendered":"<p>Reiseziele Texel [\u02c8t\u025bs\u0259l] ist eine Nordseeinsel (gr\u00fcn markiert) in der niederl\u00e4ndischen Provinz Nordholland sowie der Name der auf ihr liegenden Gemeinde. Die Insel ist die gr\u00f6\u00dfte und westlichste der Westfriesischen Inseln. Durch ihre abwechslungsreiche Landschaft ist sie als Tourismusziel beliebt, beherbergt aber auch eine reichhaltige Tier- und Pflanzenwelt. Dem Vogelbeobachter und Fotografen lassen Namen wie &hellip; <a href=\"https:\/\/woerrlein-naturfoto.de\/wordpress\/bws-gallery\/7651-2\/\" class=\"more-link\"><span class=\"screen-reader-text\">7651<\/span> weiterlesen <span class=\"meta-nav\">&rarr;<\/span><\/a><\/p>\n","protected":false},"author":1,"featured_media":0,"parent":7492,"menu_order":0,"comment_status":"closed","ping_status":"closed","template":"page-templates\/full-width.php","meta":{"footnotes":""},"class_list":["post-7573","page","type-page","status-publish","hentry"],"_links":{"self":[{"href":"https:\/\/woerrlein-naturfoto.de\/wordpress\/wp-json\/wp\/v2\/pages\/7573","targetHints":{"allow":["GET"]}}],"collection":[{"href":"https:\/\/woerrlein-naturfoto.de\/wordpress\/wp-json\/wp\/v2\/pages"}],"about":[{"href":"https:\/\/woerrlein-naturfoto.de\/wordpress\/wp-json\/wp\/v2\/types\/page"}],"author":[{"embeddable":true,"href":"https:\/\/woerrlein-naturfoto.de\/wordpress\/wp-json\/wp\/v2\/users\/1"}],"replies":[{"embeddable":true,"href":"https:\/\/woerrlein-naturfoto.de\/wordpress\/wp-json\/wp\/v2\/comments?post=7573"}],"version-history":[{"count":12,"href":"https:\/\/woerrlein-naturfoto.de\/wordpress\/wp-json\/wp\/v2\/pages\/7573\/revisions"}],"predecessor-version":[{"id":7658,"href":"https:\/\/woerrlein-naturfoto.de\/wordpress\/wp-json\/wp\/v2\/pages\/7573\/revisions\/7658"}],"up":[{"embeddable":true,"href":"https:\/\/woerrlein-naturfoto.de\/wordpress\/wp-json\/wp\/v2\/pages\/7492"}],"wp:attachment":[{"href":"https:\/\/woerrlein-naturfoto.de\/wordpress\/wp-json\/wp\/v2\/media?parent=7573"}],"curies":[{"name":"wp","href":"https:\/\/api.w.org\/{rel}","templated":true}]}}