{"id":7495,"date":"2015-10-15T10:30:51","date_gmt":"2015-10-15T08:30:51","guid":{"rendered":"http:\/\/woerrlein-naturfoto.de\/wordpress\/?page_id=7495"},"modified":"2015-10-18T13:45:56","modified_gmt":"2015-10-18T11:45:56","slug":"kiskunsag","status":"publish","type":"page","link":"https:\/\/woerrlein-naturfoto.de\/wordpress\/hauptseite-reiseziele\/reiseziele\/kiskunsag\/","title":{"rendered":"Kiskuns\u00e1g"},"content":{"rendered":"<p><a href=\"http:\/\/woerrlein-naturfoto.de\/wordpress\/hauptseite-reiseziele\/reiseziele\/\">Reiseziele<\/a><\/p>\n<p><span style=\"color: #339966;\"><img loading=\"lazy\" decoding=\"async\" class=\"alignleft wp-image-7513\" src=\"http:\/\/woerrlein-naturfoto.de\/wordpress\/wp-content\/uploads\/2015\/10\/Karte_Kiskunsag1-600x400.jpg\" alt=\"Gr\u00fcn sind Teilfl\u00e4chen Kiskunsag\" width=\"600\" height=\"400\" srcset=\"https:\/\/woerrlein-naturfoto.de\/wordpress\/wp-content\/uploads\/2015\/10\/Karte_Kiskunsag1-600x400.jpg 600w, https:\/\/woerrlein-naturfoto.de\/wordpress\/wp-content\/uploads\/2015\/10\/Karte_Kiskunsag1-120x80.jpg 120w, https:\/\/woerrlein-naturfoto.de\/wordpress\/wp-content\/uploads\/2015\/10\/Karte_Kiskunsag1.jpg 1000w\" sizes=\"auto, (max-width: 600px) 100vw, 600px\" \/><\/span>Der ungarische <strong><a href=\"http:\/\/knp.nemzetipark.gov.hu\/index.php?lang=de\" target=\"_blank\">Nationalpark Kiskuns\u00e1g<\/a><\/strong> wurde 1975 gegr\u00fcndet und liegt s\u00fcdlich von Budapest zwischen den Fl\u00fcssen Donau und Thei\u00df. Er besteht aus neun unterschiedlich gro\u00dfen Teilgebieten (<span style=\"color: #00ff00;\">auf Karte gr\u00fcn dargestellt<\/span>) und umfasst ein Areal von nahezu 500 km\u00b2. Er wird gepr\u00e4gt durch verschiedenartige Lebensr\u00e4ume: Sand-, Moor-, Au- und Alkalib\u00f6den weisen jeweils einzigartige Vegetations- und Faunenelemente auf.<br \/>\nAuch wenn besonders sensible Gebiete aus Naturschutzgr\u00fcnden f\u00fcr Besucher gesperrt sind, k\u00f6nnen etliche charakteristische Nationalparkteile besucht werden. Das reichhaltige Vogelleben kann auch au\u00dferhalb der Kerngebiete beobachtet werden.<\/p>\n<p><strong>N\u00fcrnberg &#8211; Kecskemet<\/strong>\u00a0 825km \u00fcber Regensburg, Passau, Linz, Wien, Budapest<\/p>\n<h3>Bilder<\/h3>\n<p><span class=\"gllr_code\">\t\t\t\t\t\t<div class=\"gallery_box_single\">\n\t\t\t\t\t\t\t\t\t\t\t\t\t\t\t<div class=\"gallery gllr_grid\" data-gllr-columns=\"8\" data-gllr-border-width=\"3\">\n\t\t\t\t\t\t\t\t\t\t\t\t\t\t\t\t\t\t\t\t<div class=\"gllr_image_row\">\n\t\t\t\t\t\t\t\t\t\t\t\t\t\t\t\t\t\t\t\t\t<div class=\"gllr_image_block\">\n\t\t\t\t\t\t\t\t\t\t\t\t<p style=\"\n\t\t\t\t\t\t\t\t\t\t\t\twidth:164px;height:164px;\t\t\t\t\t\t\t\t\t\t\t\t\">\n\t\t\t\t\t\t\t\t\t\t\t\t\t\t\t\t\t\t\t\t\t\t\t\t\t\t\t\t<a data-fancybox=\"gallery_fancybox\" href=\"https:\/\/woerrlein-naturfoto.de\/wordpress\/wp-content\/uploads\/2015\/08\/Bienenfresser_D150527_414455d6177ed5308.jpg\" title=\"Bienenfresser - Bild-Nr. Dieter_150527_4144\" >\n\t\t\t\t\t\t\t\t\t\t\t\t\t\t\t\t<img decoding=\"async\" width=&quot;158&quot; height=&quot;158&quot; style=\"width:158px; height:158px; border-width: 3px; border-color:#F1F1F1;border: 3px solid #F1F1F1\" alt=\"Bienenfresser\" title=\"Bienenfresser - Bild-Nr. Dieter_150527_4144\" src=\"https:\/\/woerrlein-naturfoto.de\/wordpress\/wp-content\/uploads\/2015\/08\/Bienenfresser_D150527_414455d6177ed5308-200x200.jpg\" rel=\"https:\/\/woerrlein-naturfoto.de\/wordpress\/wp-content\/uploads\/2015\/08\/Bienenfresser_D150527_414455d6177ed5308.jpg\" \/>\t\t\t\t\t\t\t\t\t\t\t\t\t\t\t<\/a>\n\t\t\t\t\t\t\t\t\t\t\t\t\t\t\t\t\t\t\t\t\t\t\t\t\t\t<\/p>\n\t\t\t\t\t\t\t\t\t\t\t\t\t\t\t\t\t\t\t\t\t\t\t\t\t<div \n\t\t\t\t\t\t\t\t\t\t\t\t\tstyle=\"width:164px;\"\t\t\t\t\t\t\t\t\t\t\t\t\tclass=\"gllr_single_image_text gllr_single_image_text_under\">Bienenfresser - Bild-Nr. Dieter_150527_4144&nbsp;<\/div>\n\t\t\t\t\t\t\t\t\t\t\t\t\t\t\t\t\t\t\t\t\t\t\t<\/div><!-- .gllr_image_block -->\n\t\t\t\t\t\t\t\t\t\t\t\t\t\t\t\t\t\t\t\t\t<div class=\"gllr_image_block\">\n\t\t\t\t\t\t\t\t\t\t\t\t<p style=\"\n\t\t\t\t\t\t\t\t\t\t\t\twidth:164px;height:164px;\t\t\t\t\t\t\t\t\t\t\t\t\">\n\t\t\t\t\t\t\t\t\t\t\t\t\t\t\t\t\t\t\t\t\t\t\t\t\t\t\t\t<a data-fancybox=\"gallery_fancybox\" href=\"https:\/\/woerrlein-naturfoto.de\/wordpress\/wp-content\/uploads\/2015\/08\/Bienenfresser_D150527_423255d6177f5dd9d.jpg\" title=\"Bienenfresser - Bild-Nr. Dieter_150527_4232\" >\n\t\t\t\t\t\t\t\t\t\t\t\t\t\t\t\t<img decoding=\"async\" width=&quot;158&quot; height=&quot;158&quot; style=\"width:158px; height:158px; border-width: 3px; border-color:#F1F1F1;border: 3px solid #F1F1F1\" alt=\"Bienenfresser\" title=\"Bienenfresser - Bild-Nr. Dieter_150527_4232\" src=\"https:\/\/woerrlein-naturfoto.de\/wordpress\/wp-content\/uploads\/2015\/08\/Bienenfresser_D150527_423255d6177f5dd9d-200x200.jpg\" rel=\"https:\/\/woerrlein-naturfoto.de\/wordpress\/wp-content\/uploads\/2015\/08\/Bienenfresser_D150527_423255d6177f5dd9d.jpg\" \/>\t\t\t\t\t\t\t\t\t\t\t\t\t\t\t<\/a>\n\t\t\t\t\t\t\t\t\t\t\t\t\t\t\t\t\t\t\t\t\t\t\t\t\t\t<\/p>\n\t\t\t\t\t\t\t\t\t\t\t\t\t\t\t\t\t\t\t\t\t\t\t\t\t<div \n\t\t\t\t\t\t\t\t\t\t\t\t\tstyle=\"width:164px;\"\t\t\t\t\t\t\t\t\t\t\t\t\tclass=\"gllr_single_image_text gllr_single_image_text_under\">Bienenfresser - Bild-Nr. Dieter_150527_4232&nbsp;<\/div>\n\t\t\t\t\t\t\t\t\t\t\t\t\t\t\t\t\t\t\t\t\t\t\t<\/div><!-- .gllr_image_block -->\n\t\t\t\t\t\t\t\t\t\t\t\t\t\t\t\t\t\t\t\t\t<div class=\"gllr_image_block\">\n\t\t\t\t\t\t\t\t\t\t\t\t<p style=\"\n\t\t\t\t\t\t\t\t\t\t\t\twidth:164px;height:164px;\t\t\t\t\t\t\t\t\t\t\t\t\">\n\t\t\t\t\t\t\t\t\t\t\t\t\t\t\t\t\t\t\t\t\t\t\t\t\t\t\t\t<a data-fancybox=\"gallery_fancybox\" href=\"https:\/\/woerrlein-naturfoto.de\/wordpress\/wp-content\/uploads\/2015\/08\/Bienenfresser_D150527_431455d61780c96c1.jpg\" title=\"Bienenfresser - Bild-Nr. Dieter_150527_4314\" >\n\t\t\t\t\t\t\t\t\t\t\t\t\t\t\t\t<img decoding=\"async\" width=&quot;158&quot; height=&quot;158&quot; style=\"width:158px; height:158px; border-width: 3px; border-color:#F1F1F1;border: 3px solid #F1F1F1\" alt=\"Bienenfresser\" title=\"Bienenfresser - Bild-Nr. Dieter_150527_4314\" src=\"https:\/\/woerrlein-naturfoto.de\/wordpress\/wp-content\/uploads\/2015\/08\/Bienenfresser_D150527_431455d61780c96c1-200x200.jpg\" rel=\"https:\/\/woerrlein-naturfoto.de\/wordpress\/wp-content\/uploads\/2015\/08\/Bienenfresser_D150527_431455d61780c96c1.jpg\" \/>\t\t\t\t\t\t\t\t\t\t\t\t\t\t\t<\/a>\n\t\t\t\t\t\t\t\t\t\t\t\t\t\t\t\t\t\t\t\t\t\t\t\t\t\t<\/p>\n\t\t\t\t\t\t\t\t\t\t\t\t\t\t\t\t\t\t\t\t\t\t\t\t\t<div \n\t\t\t\t\t\t\t\t\t\t\t\t\tstyle=\"width:164px;\"\t\t\t\t\t\t\t\t\t\t\t\t\tclass=\"gllr_single_image_text gllr_single_image_text_under\">Bienenfresser - Bild-Nr. Dieter_150527_4314&nbsp;<\/div>\n\t\t\t\t\t\t\t\t\t\t\t\t\t\t\t\t\t\t\t\t\t\t\t<\/div><!-- .gllr_image_block -->\n\t\t\t\t\t\t\t\t\t\t\t\t\t\t\t\t\t\t\t\t\t<div class=\"gllr_image_block\">\n\t\t\t\t\t\t\t\t\t\t\t\t<p style=\"\n\t\t\t\t\t\t\t\t\t\t\t\twidth:164px;height:164px;\t\t\t\t\t\t\t\t\t\t\t\t\">\n\t\t\t\t\t\t\t\t\t\t\t\t\t\t\t\t\t\t\t\t\t\t\t\t\t\t\t\t<a data-fancybox=\"gallery_fancybox\" href=\"https:\/\/woerrlein-naturfoto.de\/wordpress\/wp-content\/uploads\/2015\/08\/Bienenfresser_D150531_573255d6177fe747f.jpg\" title=\"Bienenfresser - Bild-Nr. Dieter_150531_5732\" >\n\t\t\t\t\t\t\t\t\t\t\t\t\t\t\t\t<img decoding=\"async\" width=&quot;158&quot; height=&quot;158&quot; style=\"width:158px; height:158px; border-width: 3px; border-color:#F1F1F1;border: 3px solid #F1F1F1\" alt=\"Bienenfresser\" title=\"Bienenfresser - Bild-Nr. Dieter_150531_5732\" src=\"https:\/\/woerrlein-naturfoto.de\/wordpress\/wp-content\/uploads\/2015\/08\/Bienenfresser_D150531_573255d6177fe747f-200x200.jpg\" rel=\"https:\/\/woerrlein-naturfoto.de\/wordpress\/wp-content\/uploads\/2015\/08\/Bienenfresser_D150531_573255d6177fe747f.jpg\" \/>\t\t\t\t\t\t\t\t\t\t\t\t\t\t\t<\/a>\n\t\t\t\t\t\t\t\t\t\t\t\t\t\t\t\t\t\t\t\t\t\t\t\t\t\t<\/p>\n\t\t\t\t\t\t\t\t\t\t\t\t\t\t\t\t\t\t\t\t\t\t\t\t\t<div \n\t\t\t\t\t\t\t\t\t\t\t\t\tstyle=\"width:164px;\"\t\t\t\t\t\t\t\t\t\t\t\t\tclass=\"gllr_single_image_text gllr_single_image_text_under\">Bienenfresser - Bild-Nr. Dieter_150531_5732&nbsp;<\/div>\n\t\t\t\t\t\t\t\t\t\t\t\t\t\t\t\t\t\t\t\t\t\t\t<\/div><!-- .gllr_image_block -->\n\t\t\t\t\t\t\t\t\t\t\t\t\t\t\t\t\t\t\t\t\t<div class=\"gllr_image_block\">\n\t\t\t\t\t\t\t\t\t\t\t\t<p style=\"\n\t\t\t\t\t\t\t\t\t\t\t\twidth:164px;height:164px;\t\t\t\t\t\t\t\t\t\t\t\t\">\n\t\t\t\t\t\t\t\t\t\t\t\t\t\t\t\t\t\t\t\t\t\t\t\t\t\t\t\t<a data-fancybox=\"gallery_fancybox\" href=\"https:\/\/woerrlein-naturfoto.de\/wordpress\/wp-content\/uploads\/2015\/08\/Bienenfresser_D150601_575255d6178074633.jpg\" title=\"Bienenfresser - Bild-Nr. Dieter_150601_5752\" >\n\t\t\t\t\t\t\t\t\t\t\t\t\t\t\t\t<img decoding=\"async\" width=&quot;158&quot; height=&quot;158&quot; style=\"width:158px; height:158px; border-width: 3px; border-color:#F1F1F1;border: 3px solid #F1F1F1\" alt=\"Bienenfresser\" title=\"Bienenfresser - Bild-Nr. Dieter_150601_5752\" src=\"https:\/\/woerrlein-naturfoto.de\/wordpress\/wp-content\/uploads\/2015\/08\/Bienenfresser_D150601_575255d6178074633-200x200.jpg\" rel=\"https:\/\/woerrlein-naturfoto.de\/wordpress\/wp-content\/uploads\/2015\/08\/Bienenfresser_D150601_575255d6178074633.jpg\" \/>\t\t\t\t\t\t\t\t\t\t\t\t\t\t\t<\/a>\n\t\t\t\t\t\t\t\t\t\t\t\t\t\t\t\t\t\t\t\t\t\t\t\t\t\t<\/p>\n\t\t\t\t\t\t\t\t\t\t\t\t\t\t\t\t\t\t\t\t\t\t\t\t\t<div \n\t\t\t\t\t\t\t\t\t\t\t\t\tstyle=\"width:164px;\"\t\t\t\t\t\t\t\t\t\t\t\t\tclass=\"gllr_single_image_text gllr_single_image_text_under\">Bienenfresser - Bild-Nr. Dieter_150601_5752&nbsp;<\/div>\n\t\t\t\t\t\t\t\t\t\t\t\t\t\t\t\t\t\t\t\t\t\t\t<\/div><!-- .gllr_image_block -->\n\t\t\t\t\t\t\t\t\t\t\t\t\t\t\t\t\t\t\t\t\t<div class=\"gllr_image_block\">\n\t\t\t\t\t\t\t\t\t\t\t\t<p style=\"\n\t\t\t\t\t\t\t\t\t\t\t\twidth:164px;height:164px;\t\t\t\t\t\t\t\t\t\t\t\t\">\n\t\t\t\t\t\t\t\t\t\t\t\t\t\t\t\t\t\t\t\t\t\t\t\t\t\t\t\t<a data-fancybox=\"gallery_fancybox\" href=\"https:\/\/woerrlein-naturfoto.de\/wordpress\/wp-content\/uploads\/2015\/08\/Bienenfresser_D150601_585555d61781d155f.jpg\" title=\"Bienenfresser - Bild-Nr. Dieter_150601_5855\" >\n\t\t\t\t\t\t\t\t\t\t\t\t\t\t\t\t<img decoding=\"async\" width=&quot;158&quot; height=&quot;158&quot; style=\"width:158px; height:158px; border-width: 3px; border-color:#F1F1F1;border: 3px solid #F1F1F1\" alt=\"Bienenfresser\" title=\"Bienenfresser - Bild-Nr. Dieter_150601_5855\" src=\"https:\/\/woerrlein-naturfoto.de\/wordpress\/wp-content\/uploads\/2015\/08\/Bienenfresser_D150601_585555d61781d155f-200x200.jpg\" rel=\"https:\/\/woerrlein-naturfoto.de\/wordpress\/wp-content\/uploads\/2015\/08\/Bienenfresser_D150601_585555d61781d155f.jpg\" \/>\t\t\t\t\t\t\t\t\t\t\t\t\t\t\t<\/a>\n\t\t\t\t\t\t\t\t\t\t\t\t\t\t\t\t\t\t\t\t\t\t\t\t\t\t<\/p>\n\t\t\t\t\t\t\t\t\t\t\t\t\t\t\t\t\t\t\t\t\t\t\t\t\t<div \n\t\t\t\t\t\t\t\t\t\t\t\t\tstyle=\"width:164px;\"\t\t\t\t\t\t\t\t\t\t\t\t\tclass=\"gllr_single_image_text gllr_single_image_text_under\">Bienenfresser - Bild-Nr. Dieter_150601_5855&nbsp;<\/div>\n\t\t\t\t\t\t\t\t\t\t\t\t\t\t\t\t\t\t\t\t\t\t\t<\/div><!-- .gllr_image_block -->\n\t\t\t\t\t\t\t\t\t\t\t\t\t\t\t\t\t\t\t\t\t<div class=\"gllr_image_block\">\n\t\t\t\t\t\t\t\t\t\t\t\t<p style=\"\n\t\t\t\t\t\t\t\t\t\t\t\twidth:164px;height:164px;\t\t\t\t\t\t\t\t\t\t\t\t\">\n\t\t\t\t\t\t\t\t\t\t\t\t\t\t\t\t\t\t\t\t\t\t\t\t\t\t\t\t<a data-fancybox=\"gallery_fancybox\" href=\"https:\/\/woerrlein-naturfoto.de\/wordpress\/wp-content\/uploads\/2015\/08\/Bienenfresser_D150601_589555d6178260dc8.jpg\" title=\"Bienenfresser - Bild-Nr. Dieter_150601_5895\" >\n\t\t\t\t\t\t\t\t\t\t\t\t\t\t\t\t<img decoding=\"async\" width=&quot;158&quot; height=&quot;158&quot; style=\"width:158px; height:158px; border-width: 3px; border-color:#F1F1F1;border: 3px solid #F1F1F1\" alt=\"Bienenfresser\" title=\"Bienenfresser - Bild-Nr. Dieter_150601_5895\" src=\"https:\/\/woerrlein-naturfoto.de\/wordpress\/wp-content\/uploads\/2015\/08\/Bienenfresser_D150601_589555d6178260dc8-200x200.jpg\" rel=\"https:\/\/woerrlein-naturfoto.de\/wordpress\/wp-content\/uploads\/2015\/08\/Bienenfresser_D150601_589555d6178260dc8.jpg\" \/>\t\t\t\t\t\t\t\t\t\t\t\t\t\t\t<\/a>\n\t\t\t\t\t\t\t\t\t\t\t\t\t\t\t\t\t\t\t\t\t\t\t\t\t\t<\/p>\n\t\t\t\t\t\t\t\t\t\t\t\t\t\t\t\t\t\t\t\t\t\t\t\t\t<div \n\t\t\t\t\t\t\t\t\t\t\t\t\tstyle=\"width:164px;\"\t\t\t\t\t\t\t\t\t\t\t\t\tclass=\"gllr_single_image_text gllr_single_image_text_under\">Bienenfresser - Bild-Nr. Dieter_150601_5895&nbsp;<\/div>\n\t\t\t\t\t\t\t\t\t\t\t\t\t\t\t\t\t\t\t\t\t\t\t<\/div><!-- .gllr_image_block -->\n\t\t\t\t\t\t\t\t\t\t\t\t\t\t\t\t\t\t\t\t\t<div class=\"gllr_image_block\">\n\t\t\t\t\t\t\t\t\t\t\t\t<p style=\"\n\t\t\t\t\t\t\t\t\t\t\t\twidth:164px;height:164px;\t\t\t\t\t\t\t\t\t\t\t\t\">\n\t\t\t\t\t\t\t\t\t\t\t\t\t\t\t\t\t\t\t\t\t\t\t\t\t\t\t\t<a data-fancybox=\"gallery_fancybox\" href=\"https:\/\/woerrlein-naturfoto.de\/wordpress\/wp-content\/uploads\/2015\/08\/Bienenfresser_D150601_595055d61781579f2.jpg\" title=\"Bienenfresser - Bild-Nr. Dieter_150601_5895\" >\n\t\t\t\t\t\t\t\t\t\t\t\t\t\t\t\t<img decoding=\"async\" width=&quot;158&quot; height=&quot;158&quot; style=\"width:158px; height:158px; border-width: 3px; border-color:#F1F1F1;border: 3px solid #F1F1F1\" alt=\"Bienenfresser\" title=\"Bienenfresser - Bild-Nr. Dieter_150601_5895\" src=\"https:\/\/woerrlein-naturfoto.de\/wordpress\/wp-content\/uploads\/2015\/08\/Bienenfresser_D150601_595055d61781579f2-200x200.jpg\" rel=\"https:\/\/woerrlein-naturfoto.de\/wordpress\/wp-content\/uploads\/2015\/08\/Bienenfresser_D150601_595055d61781579f2.jpg\" \/>\t\t\t\t\t\t\t\t\t\t\t\t\t\t\t<\/a>\n\t\t\t\t\t\t\t\t\t\t\t\t\t\t\t\t\t\t\t\t\t\t\t\t\t\t<\/p>\n\t\t\t\t\t\t\t\t\t\t\t\t\t\t\t\t\t\t\t\t\t\t\t\t\t<div \n\t\t\t\t\t\t\t\t\t\t\t\t\tstyle=\"width:164px;\"\t\t\t\t\t\t\t\t\t\t\t\t\tclass=\"gllr_single_image_text gllr_single_image_text_under\">Bienenfresser - Bild-Nr. Dieter_150601_5895&nbsp;<\/div>\n\t\t\t\t\t\t\t\t\t\t\t\t\t\t\t\t\t\t\t\t\t\t\t<\/div><!-- .gllr_image_block -->\n\t\t\t\t\t\t\t\t\t\t\t\t\t\t\t\t\t\t\t\t\t<\/div><!-- .gllr_image_row -->\n\t\t\t\t\t\t\t\t\t\t\t\t\t\t\t\t\t\t\t\t\t\t<div class=\"gllr_image_row\">\n\t\t\t\t\t\t\t\t\t\t\t\t\t\t\t\t\t\t\t\t\t<div class=\"gllr_image_block\">\n\t\t\t\t\t\t\t\t\t\t\t\t<p style=\"\n\t\t\t\t\t\t\t\t\t\t\t\twidth:164px;height:164px;\t\t\t\t\t\t\t\t\t\t\t\t\">\n\t\t\t\t\t\t\t\t\t\t\t\t\t\t\t\t\t\t\t\t\t\t\t\t\t\t\t\t<a data-fancybox=\"gallery_fancybox\" href=\"https:\/\/woerrlein-naturfoto.de\/wordpress\/wp-content\/uploads\/2015\/08\/Bienenfresser_D150601_5975a.jpg\" title=\"Bienenfresser - Bild-Nr. Dieter_150601_5975\" >\n\t\t\t\t\t\t\t\t\t\t\t\t\t\t\t\t<img decoding=\"async\" width=&quot;158&quot; height=&quot;158&quot; style=\"width:158px; height:158px; border-width: 3px; border-color:#F1F1F1;border: 3px solid #F1F1F1\" alt=\"Bienenfresser\" title=\"Bienenfresser - Bild-Nr. Dieter_150601_5975\" src=\"https:\/\/woerrlein-naturfoto.de\/wordpress\/wp-content\/uploads\/2015\/08\/Bienenfresser_D150601_5975a-200x200.jpg\" rel=\"https:\/\/woerrlein-naturfoto.de\/wordpress\/wp-content\/uploads\/2015\/08\/Bienenfresser_D150601_5975a.jpg\" \/>\t\t\t\t\t\t\t\t\t\t\t\t\t\t\t<\/a>\n\t\t\t\t\t\t\t\t\t\t\t\t\t\t\t\t\t\t\t\t\t\t\t\t\t\t<\/p>\n\t\t\t\t\t\t\t\t\t\t\t\t\t\t\t\t\t\t\t\t\t\t\t\t\t<div \n\t\t\t\t\t\t\t\t\t\t\t\t\tstyle=\"width:164px;\"\t\t\t\t\t\t\t\t\t\t\t\t\tclass=\"gllr_single_image_text gllr_single_image_text_under\">Bienenfresser - Bild-Nr. Dieter_150601_5975&nbsp;<\/div>\n\t\t\t\t\t\t\t\t\t\t\t\t\t\t\t\t\t\t\t\t\t\t\t<\/div><!-- .gllr_image_block -->\n\t\t\t\t\t\t\t\t\t\t\t\t\t\t\t\t\t\t\t\t\t<div class=\"gllr_image_block\">\n\t\t\t\t\t\t\t\t\t\t\t\t<p style=\"\n\t\t\t\t\t\t\t\t\t\t\t\twidth:164px;height:164px;\t\t\t\t\t\t\t\t\t\t\t\t\">\n\t\t\t\t\t\t\t\t\t\t\t\t\t\t\t\t\t\t\t\t\t\t\t\t\t\t\t\t<a data-fancybox=\"gallery_fancybox\" href=\"https:\/\/woerrlein-naturfoto.de\/wordpress\/wp-content\/uploads\/2015\/08\/Bienenfresser_D150604_7076a.jpg\" title=\"Bienenfresser - Bild-Nr. Dieter_150604_7076\" >\n\t\t\t\t\t\t\t\t\t\t\t\t\t\t\t\t<img decoding=\"async\" width=&quot;158&quot; height=&quot;158&quot; style=\"width:158px; height:158px; border-width: 3px; border-color:#F1F1F1;border: 3px solid #F1F1F1\" alt=\"Bienenfresser\" title=\"Bienenfresser - Bild-Nr. Dieter_150604_7076\" src=\"https:\/\/woerrlein-naturfoto.de\/wordpress\/wp-content\/uploads\/2015\/08\/Bienenfresser_D150604_7076a-200x200.jpg\" rel=\"https:\/\/woerrlein-naturfoto.de\/wordpress\/wp-content\/uploads\/2015\/08\/Bienenfresser_D150604_7076a.jpg\" \/>\t\t\t\t\t\t\t\t\t\t\t\t\t\t\t<\/a>\n\t\t\t\t\t\t\t\t\t\t\t\t\t\t\t\t\t\t\t\t\t\t\t\t\t\t<\/p>\n\t\t\t\t\t\t\t\t\t\t\t\t\t\t\t\t\t\t\t\t\t\t\t\t\t<div \n\t\t\t\t\t\t\t\t\t\t\t\t\tstyle=\"width:164px;\"\t\t\t\t\t\t\t\t\t\t\t\t\tclass=\"gllr_single_image_text gllr_single_image_text_under\">Bienenfresser - Bild-Nr. Dieter_150604_7076&nbsp;<\/div>\n\t\t\t\t\t\t\t\t\t\t\t\t\t\t\t\t\t\t\t\t\t\t\t<\/div><!-- .gllr_image_block -->\n\t\t\t\t\t\t\t\t\t\t\t\t\t\t\t\t\t\t\t\t\t<div class=\"gllr_image_block\">\n\t\t\t\t\t\t\t\t\t\t\t\t<p style=\"\n\t\t\t\t\t\t\t\t\t\t\t\twidth:164px;height:164px;\t\t\t\t\t\t\t\t\t\t\t\t\">\n\t\t\t\t\t\t\t\t\t\t\t\t\t\t\t\t\t\t\t\t\t\t\t\t\t\t\t\t<a data-fancybox=\"gallery_fancybox\" href=\"https:\/\/woerrlein-naturfoto.de\/wordpress\/wp-content\/uploads\/2015\/08\/Bienenfresser_AW01337LX5998x39991.jpg\" title=\"Bienenfresser - Bild-Nr. Anke_01337L\" >\n\t\t\t\t\t\t\t\t\t\t\t\t\t\t\t\t<img decoding=\"async\" width=&quot;158&quot; height=&quot;158&quot; style=\"width:158px; height:158px; border-width: 3px; border-color:#F1F1F1;border: 3px solid #F1F1F1\" alt=\"Bienenfresser\" title=\"Bienenfresser - Bild-Nr. Anke_01337L\" src=\"https:\/\/woerrlein-naturfoto.de\/wordpress\/wp-content\/uploads\/2015\/08\/Bienenfresser_AW01337LX5998x39991-200x200.jpg\" rel=\"https:\/\/woerrlein-naturfoto.de\/wordpress\/wp-content\/uploads\/2015\/08\/Bienenfresser_AW01337LX5998x39991.jpg\" \/>\t\t\t\t\t\t\t\t\t\t\t\t\t\t\t<\/a>\n\t\t\t\t\t\t\t\t\t\t\t\t\t\t\t\t\t\t\t\t\t\t\t\t\t\t<\/p>\n\t\t\t\t\t\t\t\t\t\t\t\t\t\t\t\t\t\t\t\t\t\t\t\t\t<div \n\t\t\t\t\t\t\t\t\t\t\t\t\tstyle=\"width:164px;\"\t\t\t\t\t\t\t\t\t\t\t\t\tclass=\"gllr_single_image_text gllr_single_image_text_under\">Bienenfresser - Bild-Nr. Anke_01337L&nbsp;<\/div>\n\t\t\t\t\t\t\t\t\t\t\t\t\t\t\t\t\t\t\t\t\t\t\t<\/div><!-- .gllr_image_block -->\n\t\t\t\t\t\t\t\t\t\t\t\t\t\t\t\t\t\t\t\t\t<div class=\"gllr_image_block\">\n\t\t\t\t\t\t\t\t\t\t\t\t<p style=\"\n\t\t\t\t\t\t\t\t\t\t\t\twidth:164px;height:164px;\t\t\t\t\t\t\t\t\t\t\t\t\">\n\t\t\t\t\t\t\t\t\t\t\t\t\t\t\t\t\t\t\t\t\t\t\t\t\t\t\t\t<a data-fancybox=\"gallery_fancybox\" href=\"https:\/\/woerrlein-naturfoto.de\/wordpress\/wp-content\/uploads\/2015\/08\/Bienenfresser_AW01346LX5328x35521.jpg\" title=\"Bienenfresser - Bild-Nr. Anke_01346L\" >\n\t\t\t\t\t\t\t\t\t\t\t\t\t\t\t\t<img decoding=\"async\" width=&quot;158&quot; height=&quot;158&quot; style=\"width:158px; height:158px; border-width: 3px; border-color:#F1F1F1;border: 3px solid #F1F1F1\" alt=\"Bienenfresser\" title=\"Bienenfresser - Bild-Nr. Anke_01346L\" src=\"https:\/\/woerrlein-naturfoto.de\/wordpress\/wp-content\/uploads\/2015\/08\/Bienenfresser_AW01346LX5328x35521-200x200.jpg\" rel=\"https:\/\/woerrlein-naturfoto.de\/wordpress\/wp-content\/uploads\/2015\/08\/Bienenfresser_AW01346LX5328x35521.jpg\" \/>\t\t\t\t\t\t\t\t\t\t\t\t\t\t\t<\/a>\n\t\t\t\t\t\t\t\t\t\t\t\t\t\t\t\t\t\t\t\t\t\t\t\t\t\t<\/p>\n\t\t\t\t\t\t\t\t\t\t\t\t\t\t\t\t\t\t\t\t\t\t\t\t\t<div \n\t\t\t\t\t\t\t\t\t\t\t\t\tstyle=\"width:164px;\"\t\t\t\t\t\t\t\t\t\t\t\t\tclass=\"gllr_single_image_text gllr_single_image_text_under\">Bienenfresser - Bild-Nr. Anke_01346L&nbsp;<\/div>\n\t\t\t\t\t\t\t\t\t\t\t\t\t\t\t\t\t\t\t\t\t\t\t<\/div><!-- .gllr_image_block -->\n\t\t\t\t\t\t\t\t\t\t\t\t\t\t\t\t\t\t\t\t\t<div class=\"gllr_image_block\">\n\t\t\t\t\t\t\t\t\t\t\t\t<p style=\"\n\t\t\t\t\t\t\t\t\t\t\t\twidth:164px;height:164px;\t\t\t\t\t\t\t\t\t\t\t\t\">\n\t\t\t\t\t\t\t\t\t\t\t\t\t\t\t\t\t\t\t\t\t\t\t\t\t\t\t\t<a data-fancybox=\"gallery_fancybox\" href=\"https:\/\/woerrlein-naturfoto.de\/wordpress\/wp-content\/uploads\/2015\/10\/Bienenfresser_AW01577L_6297x4198.jpg\" title=\"Bienenfresser - Bild-Nr. Anke_01577L\" >\n\t\t\t\t\t\t\t\t\t\t\t\t\t\t\t\t<img decoding=\"async\" width=&quot;158&quot; height=&quot;158&quot; style=\"width:158px; height:158px; border-width: 3px; border-color:#F1F1F1;border: 3px solid #F1F1F1\" alt=\"Bienenfresser\" title=\"Bienenfresser - Bild-Nr. Anke_01577L\" src=\"https:\/\/woerrlein-naturfoto.de\/wordpress\/wp-content\/uploads\/2015\/10\/Bienenfresser_AW01577L_6297x4198-195x195.jpg\" rel=\"https:\/\/woerrlein-naturfoto.de\/wordpress\/wp-content\/uploads\/2015\/10\/Bienenfresser_AW01577L_6297x4198.jpg\" \/>\t\t\t\t\t\t\t\t\t\t\t\t\t\t\t<\/a>\n\t\t\t\t\t\t\t\t\t\t\t\t\t\t\t\t\t\t\t\t\t\t\t\t\t\t<\/p>\n\t\t\t\t\t\t\t\t\t\t\t\t\t\t\t\t\t\t\t\t\t\t\t\t\t<div \n\t\t\t\t\t\t\t\t\t\t\t\t\tstyle=\"width:164px;\"\t\t\t\t\t\t\t\t\t\t\t\t\tclass=\"gllr_single_image_text gllr_single_image_text_under\">Bienenfresser - Bild-Nr. Anke_01577L&nbsp;<\/div>\n\t\t\t\t\t\t\t\t\t\t\t\t\t\t\t\t\t\t\t\t\t\t\t<\/div><!-- .gllr_image_block -->\n\t\t\t\t\t\t\t\t\t\t\t\t\t\t\t\t\t\t\t\t\t<div class=\"gllr_image_block\">\n\t\t\t\t\t\t\t\t\t\t\t\t<p style=\"\n\t\t\t\t\t\t\t\t\t\t\t\twidth:164px;height:164px;\t\t\t\t\t\t\t\t\t\t\t\t\">\n\t\t\t\t\t\t\t\t\t\t\t\t\t\t\t\t\t\t\t\t\t\t\t\t\t\t\t\t<a data-fancybox=\"gallery_fancybox\" href=\"https:\/\/woerrlein-naturfoto.de\/wordpress\/wp-content\/uploads\/2015\/10\/Bienenfresser_AW02761L_4534x3023.jpg\" title=\"Bienenfresser - Bild-Nr. Anke_02761L\" >\n\t\t\t\t\t\t\t\t\t\t\t\t\t\t\t\t<img decoding=\"async\" width=&quot;158&quot; height=&quot;158&quot; style=\"width:158px; height:158px; border-width: 3px; border-color:#F1F1F1;border: 3px solid #F1F1F1\" alt=\"Bienenfresser\" title=\"Bienenfresser - Bild-Nr. Anke_02761L\" src=\"https:\/\/woerrlein-naturfoto.de\/wordpress\/wp-content\/uploads\/2015\/10\/Bienenfresser_AW02761L_4534x3023-195x195.jpg\" rel=\"https:\/\/woerrlein-naturfoto.de\/wordpress\/wp-content\/uploads\/2015\/10\/Bienenfresser_AW02761L_4534x3023.jpg\" \/>\t\t\t\t\t\t\t\t\t\t\t\t\t\t\t<\/a>\n\t\t\t\t\t\t\t\t\t\t\t\t\t\t\t\t\t\t\t\t\t\t\t\t\t\t<\/p>\n\t\t\t\t\t\t\t\t\t\t\t\t\t\t\t\t\t\t\t\t\t\t\t\t\t<div \n\t\t\t\t\t\t\t\t\t\t\t\t\tstyle=\"width:164px;\"\t\t\t\t\t\t\t\t\t\t\t\t\tclass=\"gllr_single_image_text gllr_single_image_text_under\">Bienenfresser - Bild-Nr. Anke_02761L&nbsp;<\/div>\n\t\t\t\t\t\t\t\t\t\t\t\t\t\t\t\t\t\t\t\t\t\t\t<\/div><!-- .gllr_image_block -->\n\t\t\t\t\t\t\t\t\t\t\t\t\t\t\t\t\t\t\t\t\t<div class=\"gllr_image_block\">\n\t\t\t\t\t\t\t\t\t\t\t\t<p style=\"\n\t\t\t\t\t\t\t\t\t\t\t\twidth:164px;height:164px;\t\t\t\t\t\t\t\t\t\t\t\t\">\n\t\t\t\t\t\t\t\t\t\t\t\t\t\t\t\t\t\t\t\t\t\t\t\t\t\t\t\t<a data-fancybox=\"gallery_fancybox\" href=\"https:\/\/woerrlein-naturfoto.de\/wordpress\/wp-content\/uploads\/2015\/10\/Bienenfresser_AW02855L_5466x3644.jpg\" title=\"Bienenfresser - Bild-Nr. Anke_02855L\" >\n\t\t\t\t\t\t\t\t\t\t\t\t\t\t\t\t<img decoding=\"async\" width=&quot;158&quot; height=&quot;158&quot; style=\"width:158px; height:158px; border-width: 3px; border-color:#F1F1F1;border: 3px solid #F1F1F1\" alt=\"Bienenfresser\" title=\"Bienenfresser - Bild-Nr. Anke_02855L\" src=\"https:\/\/woerrlein-naturfoto.de\/wordpress\/wp-content\/uploads\/2015\/10\/Bienenfresser_AW02855L_5466x3644-200x200.jpg\" rel=\"https:\/\/woerrlein-naturfoto.de\/wordpress\/wp-content\/uploads\/2015\/10\/Bienenfresser_AW02855L_5466x3644.jpg\" \/>\t\t\t\t\t\t\t\t\t\t\t\t\t\t\t<\/a>\n\t\t\t\t\t\t\t\t\t\t\t\t\t\t\t\t\t\t\t\t\t\t\t\t\t\t<\/p>\n\t\t\t\t\t\t\t\t\t\t\t\t\t\t\t\t\t\t\t\t\t\t\t\t\t<div \n\t\t\t\t\t\t\t\t\t\t\t\t\tstyle=\"width:164px;\"\t\t\t\t\t\t\t\t\t\t\t\t\tclass=\"gllr_single_image_text gllr_single_image_text_under\">Bienenfresser - Bild-Nr. Anke_02855L&nbsp;<\/div>\n\t\t\t\t\t\t\t\t\t\t\t\t\t\t\t\t\t\t\t\t\t\t\t<\/div><!-- .gllr_image_block -->\n\t\t\t\t\t\t\t\t\t\t\t\t\t\t\t\t\t\t\t\t\t<div class=\"gllr_image_block\">\n\t\t\t\t\t\t\t\t\t\t\t\t<p style=\"\n\t\t\t\t\t\t\t\t\t\t\t\twidth:164px;height:164px;\t\t\t\t\t\t\t\t\t\t\t\t\">\n\t\t\t\t\t\t\t\t\t\t\t\t\t\t\t\t\t\t\t\t\t\t\t\t\t\t\t\t<a data-fancybox=\"gallery_fancybox\" href=\"https:\/\/woerrlein-naturfoto.de\/wordpress\/wp-content\/uploads\/2015\/10\/Bienenfresser_AW02936L5562x3708.jpg\" title=\"Bienenfresser - Bild-Nr. Anke_02936L\" >\n\t\t\t\t\t\t\t\t\t\t\t\t\t\t\t\t<img decoding=\"async\" width=&quot;158&quot; height=&quot;158&quot; style=\"width:158px; height:158px; border-width: 3px; border-color:#F1F1F1;border: 3px solid #F1F1F1\" alt=\"Bienenfresser\" title=\"Bienenfresser - Bild-Nr. Anke_02936L\" src=\"https:\/\/woerrlein-naturfoto.de\/wordpress\/wp-content\/uploads\/2015\/10\/Bienenfresser_AW02936L5562x3708-195x195.jpg\" rel=\"https:\/\/woerrlein-naturfoto.de\/wordpress\/wp-content\/uploads\/2015\/10\/Bienenfresser_AW02936L5562x3708.jpg\" \/>\t\t\t\t\t\t\t\t\t\t\t\t\t\t\t<\/a>\n\t\t\t\t\t\t\t\t\t\t\t\t\t\t\t\t\t\t\t\t\t\t\t\t\t\t<\/p>\n\t\t\t\t\t\t\t\t\t\t\t\t\t\t\t\t\t\t\t\t\t\t\t\t\t<div \n\t\t\t\t\t\t\t\t\t\t\t\t\tstyle=\"width:164px;\"\t\t\t\t\t\t\t\t\t\t\t\t\tclass=\"gllr_single_image_text gllr_single_image_text_under\">Bienenfresser - Bild-Nr. Anke_02936L&nbsp;<\/div>\n\t\t\t\t\t\t\t\t\t\t\t\t\t\t\t\t\t\t\t\t\t\t\t<\/div><!-- .gllr_image_block -->\n\t\t\t\t\t\t\t\t\t\t\t\t\t\t\t\t\t\t\t\t\t<\/div><!-- .gllr_image_row -->\n\t\t\t\t\t\t\t\t\t\t\t\t\t\t\t\t\t\t\t\t\t\t<div class=\"gllr_image_row\">\n\t\t\t\t\t\t\t\t\t\t\t\t\t\t\t\t\t\t\t\t\t<div class=\"gllr_image_block\">\n\t\t\t\t\t\t\t\t\t\t\t\t<p style=\"\n\t\t\t\t\t\t\t\t\t\t\t\twidth:164px;height:164px;\t\t\t\t\t\t\t\t\t\t\t\t\">\n\t\t\t\t\t\t\t\t\t\t\t\t\t\t\t\t\t\t\t\t\t\t\t\t\t\t\t\t<a data-fancybox=\"gallery_fancybox\" href=\"https:\/\/woerrlein-naturfoto.de\/wordpress\/wp-content\/uploads\/2015\/10\/Bienenfresser_AW02979L_5092x3395.jpg\" title=\"Bienenfresser - Bild-Nr. Anke_02979L\" >\n\t\t\t\t\t\t\t\t\t\t\t\t\t\t\t\t<img decoding=\"async\" width=&quot;158&quot; height=&quot;158&quot; style=\"width:158px; height:158px; border-width: 3px; border-color:#F1F1F1;border: 3px solid #F1F1F1\" alt=\"Bienenfresser\" title=\"Bienenfresser - Bild-Nr. Anke_02979L\" src=\"https:\/\/woerrlein-naturfoto.de\/wordpress\/wp-content\/uploads\/2015\/10\/Bienenfresser_AW02979L_5092x3395-200x200.jpg\" rel=\"https:\/\/woerrlein-naturfoto.de\/wordpress\/wp-content\/uploads\/2015\/10\/Bienenfresser_AW02979L_5092x3395.jpg\" \/>\t\t\t\t\t\t\t\t\t\t\t\t\t\t\t<\/a>\n\t\t\t\t\t\t\t\t\t\t\t\t\t\t\t\t\t\t\t\t\t\t\t\t\t\t<\/p>\n\t\t\t\t\t\t\t\t\t\t\t\t\t\t\t\t\t\t\t\t\t\t\t\t\t<div \n\t\t\t\t\t\t\t\t\t\t\t\t\tstyle=\"width:164px;\"\t\t\t\t\t\t\t\t\t\t\t\t\tclass=\"gllr_single_image_text gllr_single_image_text_under\">Bienenfresser - Bild-Nr. Anke_02979L&nbsp;<\/div>\n\t\t\t\t\t\t\t\t\t\t\t\t\t\t\t\t\t\t\t\t\t\t\t<\/div><!-- .gllr_image_block -->\n\t\t\t\t\t\t\t\t\t\t\t\t\t\t\t\t\t\t\t\t\t<div class=\"gllr_image_block\">\n\t\t\t\t\t\t\t\t\t\t\t\t<p style=\"\n\t\t\t\t\t\t\t\t\t\t\t\twidth:164px;height:164px;\t\t\t\t\t\t\t\t\t\t\t\t\">\n\t\t\t\t\t\t\t\t\t\t\t\t\t\t\t\t\t\t\t\t\t\t\t\t\t\t\t\t<a data-fancybox=\"gallery_fancybox\" href=\"https:\/\/woerrlein-naturfoto.de\/wordpress\/wp-content\/uploads\/2015\/10\/Bienenfresser_AW03017L_5461x3641.jpg\" title=\"Bienenfresser - Bild-Nr. Anke_0317L\" >\n\t\t\t\t\t\t\t\t\t\t\t\t\t\t\t\t<img decoding=\"async\" width=&quot;158&quot; height=&quot;158&quot; style=\"width:158px; height:158px; border-width: 3px; border-color:#F1F1F1;border: 3px solid #F1F1F1\" alt=\"Bienenfresser\" title=\"Bienenfresser - Bild-Nr. Anke_0317L\" src=\"https:\/\/woerrlein-naturfoto.de\/wordpress\/wp-content\/uploads\/2015\/10\/Bienenfresser_AW03017L_5461x3641-200x200.jpg\" rel=\"https:\/\/woerrlein-naturfoto.de\/wordpress\/wp-content\/uploads\/2015\/10\/Bienenfresser_AW03017L_5461x3641.jpg\" \/>\t\t\t\t\t\t\t\t\t\t\t\t\t\t\t<\/a>\n\t\t\t\t\t\t\t\t\t\t\t\t\t\t\t\t\t\t\t\t\t\t\t\t\t\t<\/p>\n\t\t\t\t\t\t\t\t\t\t\t\t\t\t\t\t\t\t\t\t\t\t\t\t\t<div \n\t\t\t\t\t\t\t\t\t\t\t\t\tstyle=\"width:164px;\"\t\t\t\t\t\t\t\t\t\t\t\t\tclass=\"gllr_single_image_text gllr_single_image_text_under\">Bienenfresser - Bild-Nr. Anke_0317L&nbsp;<\/div>\n\t\t\t\t\t\t\t\t\t\t\t\t\t\t\t\t\t\t\t\t\t\t\t<\/div><!-- .gllr_image_block -->\n\t\t\t\t\t\t\t\t\t\t\t\t\t\t\t\t\t\t\t\t\t<div class=\"gllr_image_block\">\n\t\t\t\t\t\t\t\t\t\t\t\t<p style=\"\n\t\t\t\t\t\t\t\t\t\t\t\twidth:164px;height:164px;\t\t\t\t\t\t\t\t\t\t\t\t\">\n\t\t\t\t\t\t\t\t\t\t\t\t\t\t\t\t\t\t\t\t\t\t\t\t\t\t\t\t<a data-fancybox=\"gallery_fancybox\" href=\"https:\/\/woerrlein-naturfoto.de\/wordpress\/wp-content\/uploads\/2015\/10\/Bienenfresser_AW03402L_6072x4048.jpg\" title=\"Bienenfresser - Bild-Nr. Anke_03402L\" >\n\t\t\t\t\t\t\t\t\t\t\t\t\t\t\t\t<img decoding=\"async\" width=&quot;158&quot; height=&quot;158&quot; style=\"width:158px; height:158px; border-width: 3px; border-color:#F1F1F1;border: 3px solid #F1F1F1\" alt=\"Bienenfresser\" title=\"Bienenfresser - Bild-Nr. Anke_03402L\" src=\"https:\/\/woerrlein-naturfoto.de\/wordpress\/wp-content\/uploads\/2015\/10\/Bienenfresser_AW03402L_6072x4048-195x195.jpg\" rel=\"https:\/\/woerrlein-naturfoto.de\/wordpress\/wp-content\/uploads\/2015\/10\/Bienenfresser_AW03402L_6072x4048.jpg\" \/>\t\t\t\t\t\t\t\t\t\t\t\t\t\t\t<\/a>\n\t\t\t\t\t\t\t\t\t\t\t\t\t\t\t\t\t\t\t\t\t\t\t\t\t\t<\/p>\n\t\t\t\t\t\t\t\t\t\t\t\t\t\t\t\t\t\t\t\t\t\t\t\t\t<div \n\t\t\t\t\t\t\t\t\t\t\t\t\tstyle=\"width:164px;\"\t\t\t\t\t\t\t\t\t\t\t\t\tclass=\"gllr_single_image_text gllr_single_image_text_under\">Bienenfresser - Bild-Nr. Anke_03402L&nbsp;<\/div>\n\t\t\t\t\t\t\t\t\t\t\t\t\t\t\t\t\t\t\t\t\t\t\t<\/div><!-- .gllr_image_block -->\n\t\t\t\t\t\t\t\t\t\t\t\t\t\t\t\t\t\t\t\t\t<div class=\"gllr_image_block\">\n\t\t\t\t\t\t\t\t\t\t\t\t<p style=\"\n\t\t\t\t\t\t\t\t\t\t\t\twidth:164px;height:164px;\t\t\t\t\t\t\t\t\t\t\t\t\">\n\t\t\t\t\t\t\t\t\t\t\t\t\t\t\t\t\t\t\t\t\t\t\t\t\t\t\t\t<a data-fancybox=\"gallery_fancybox\" href=\"https:\/\/woerrlein-naturfoto.de\/wordpress\/wp-content\/uploads\/2015\/08\/Blauracke_D150601_620855d61783c86f0.jpg\" title=\"Blauracke - Bild-Nr. Dieter_150601_6208\" >\n\t\t\t\t\t\t\t\t\t\t\t\t\t\t\t\t<img decoding=\"async\" width=&quot;158&quot; height=&quot;158&quot; style=\"width:158px; height:158px; border-width: 3px; border-color:#F1F1F1;border: 3px solid #F1F1F1\" alt=\"Blauracke\" title=\"Blauracke - Bild-Nr. Dieter_150601_6208\" src=\"https:\/\/woerrlein-naturfoto.de\/wordpress\/wp-content\/uploads\/2015\/08\/Blauracke_D150601_620855d61783c86f0-200x200.jpg\" rel=\"https:\/\/woerrlein-naturfoto.de\/wordpress\/wp-content\/uploads\/2015\/08\/Blauracke_D150601_620855d61783c86f0.jpg\" \/>\t\t\t\t\t\t\t\t\t\t\t\t\t\t\t<\/a>\n\t\t\t\t\t\t\t\t\t\t\t\t\t\t\t\t\t\t\t\t\t\t\t\t\t\t<\/p>\n\t\t\t\t\t\t\t\t\t\t\t\t\t\t\t\t\t\t\t\t\t\t\t\t\t<div \n\t\t\t\t\t\t\t\t\t\t\t\t\tstyle=\"width:164px;\"\t\t\t\t\t\t\t\t\t\t\t\t\tclass=\"gllr_single_image_text gllr_single_image_text_under\">Blauracke - Bild-Nr. Dieter_150601_6208&nbsp;<\/div>\n\t\t\t\t\t\t\t\t\t\t\t\t\t\t\t\t\t\t\t\t\t\t\t<\/div><!-- .gllr_image_block -->\n\t\t\t\t\t\t\t\t\t\t\t\t\t\t\t\t\t\t\t\t\t<div class=\"gllr_image_block\">\n\t\t\t\t\t\t\t\t\t\t\t\t<p style=\"\n\t\t\t\t\t\t\t\t\t\t\t\twidth:164px;height:164px;\t\t\t\t\t\t\t\t\t\t\t\t\">\n\t\t\t\t\t\t\t\t\t\t\t\t\t\t\t\t\t\t\t\t\t\t\t\t\t\t\t\t<a data-fancybox=\"gallery_fancybox\" href=\"https:\/\/woerrlein-naturfoto.de\/wordpress\/wp-content\/uploads\/2015\/08\/Blauracke_D150601_624755d617851ecd1.jpg\" title=\"Blauracke - Bild-Nr. Dieter_150601_6247\" >\n\t\t\t\t\t\t\t\t\t\t\t\t\t\t\t\t<img decoding=\"async\" width=&quot;158&quot; height=&quot;158&quot; style=\"width:158px; height:158px; border-width: 3px; border-color:#F1F1F1;border: 3px solid #F1F1F1\" alt=\"Blauracke\" title=\"Blauracke - Bild-Nr. Dieter_150601_6247\" src=\"https:\/\/woerrlein-naturfoto.de\/wordpress\/wp-content\/uploads\/2015\/08\/Blauracke_D150601_624755d617851ecd1-200x200.jpg\" rel=\"https:\/\/woerrlein-naturfoto.de\/wordpress\/wp-content\/uploads\/2015\/08\/Blauracke_D150601_624755d617851ecd1.jpg\" \/>\t\t\t\t\t\t\t\t\t\t\t\t\t\t\t<\/a>\n\t\t\t\t\t\t\t\t\t\t\t\t\t\t\t\t\t\t\t\t\t\t\t\t\t\t<\/p>\n\t\t\t\t\t\t\t\t\t\t\t\t\t\t\t\t\t\t\t\t\t\t\t\t\t<div \n\t\t\t\t\t\t\t\t\t\t\t\t\tstyle=\"width:164px;\"\t\t\t\t\t\t\t\t\t\t\t\t\tclass=\"gllr_single_image_text gllr_single_image_text_under\">Blauracke - Bild-Nr. Dieter_150601_6247&nbsp;<\/div>\n\t\t\t\t\t\t\t\t\t\t\t\t\t\t\t\t\t\t\t\t\t\t\t<\/div><!-- .gllr_image_block -->\n\t\t\t\t\t\t\t\t\t\t\t\t\t\t\t\t\t\t\t\t\t<div class=\"gllr_image_block\">\n\t\t\t\t\t\t\t\t\t\t\t\t<p style=\"\n\t\t\t\t\t\t\t\t\t\t\t\twidth:164px;height:164px;\t\t\t\t\t\t\t\t\t\t\t\t\">\n\t\t\t\t\t\t\t\t\t\t\t\t\t\t\t\t\t\t\t\t\t\t\t\t\t\t\t\t<a data-fancybox=\"gallery_fancybox\" href=\"https:\/\/woerrlein-naturfoto.de\/wordpress\/wp-content\/uploads\/2015\/08\/Blauracke_D150601_626755d61784b6baa.jpg\" title=\"Blauracke - Bild-Nr. Dieter_150601_6267\" >\n\t\t\t\t\t\t\t\t\t\t\t\t\t\t\t\t<img decoding=\"async\" width=&quot;158&quot; height=&quot;158&quot; style=\"width:158px; height:158px; border-width: 3px; border-color:#F1F1F1;border: 3px solid #F1F1F1\" alt=\"Blauracke\" title=\"Blauracke - Bild-Nr. Dieter_150601_6267\" src=\"https:\/\/woerrlein-naturfoto.de\/wordpress\/wp-content\/uploads\/2015\/08\/Blauracke_D150601_626755d61784b6baa-200x200.jpg\" rel=\"https:\/\/woerrlein-naturfoto.de\/wordpress\/wp-content\/uploads\/2015\/08\/Blauracke_D150601_626755d61784b6baa.jpg\" \/>\t\t\t\t\t\t\t\t\t\t\t\t\t\t\t<\/a>\n\t\t\t\t\t\t\t\t\t\t\t\t\t\t\t\t\t\t\t\t\t\t\t\t\t\t<\/p>\n\t\t\t\t\t\t\t\t\t\t\t\t\t\t\t\t\t\t\t\t\t\t\t\t\t<div \n\t\t\t\t\t\t\t\t\t\t\t\t\tstyle=\"width:164px;\"\t\t\t\t\t\t\t\t\t\t\t\t\tclass=\"gllr_single_image_text gllr_single_image_text_under\">Blauracke - Bild-Nr. Dieter_150601_6267&nbsp;<\/div>\n\t\t\t\t\t\t\t\t\t\t\t\t\t\t\t\t\t\t\t\t\t\t\t<\/div><!-- .gllr_image_block -->\n\t\t\t\t\t\t\t\t\t\t\t\t\t\t\t\t\t\t\t\t\t<div class=\"gllr_image_block\">\n\t\t\t\t\t\t\t\t\t\t\t\t<p style=\"\n\t\t\t\t\t\t\t\t\t\t\t\twidth:164px;height:164px;\t\t\t\t\t\t\t\t\t\t\t\t\">\n\t\t\t\t\t\t\t\t\t\t\t\t\t\t\t\t\t\t\t\t\t\t\t\t\t\t\t\t<a data-fancybox=\"gallery_fancybox\" href=\"https:\/\/woerrlein-naturfoto.de\/wordpress\/wp-content\/uploads\/2015\/08\/Blauracke_D150601_634755d6178433963.jpg\" title=\"Blauracke - Bild-Nr. Dieter_150601_6347\" >\n\t\t\t\t\t\t\t\t\t\t\t\t\t\t\t\t<img decoding=\"async\" width=&quot;158&quot; height=&quot;158&quot; style=\"width:158px; height:158px; border-width: 3px; border-color:#F1F1F1;border: 3px solid #F1F1F1\" alt=\"Blauracke\" title=\"Blauracke - Bild-Nr. Dieter_150601_6347\" src=\"https:\/\/woerrlein-naturfoto.de\/wordpress\/wp-content\/uploads\/2015\/08\/Blauracke_D150601_634755d6178433963-200x200.jpg\" rel=\"https:\/\/woerrlein-naturfoto.de\/wordpress\/wp-content\/uploads\/2015\/08\/Blauracke_D150601_634755d6178433963.jpg\" \/>\t\t\t\t\t\t\t\t\t\t\t\t\t\t\t<\/a>\n\t\t\t\t\t\t\t\t\t\t\t\t\t\t\t\t\t\t\t\t\t\t\t\t\t\t<\/p>\n\t\t\t\t\t\t\t\t\t\t\t\t\t\t\t\t\t\t\t\t\t\t\t\t\t<div \n\t\t\t\t\t\t\t\t\t\t\t\t\tstyle=\"width:164px;\"\t\t\t\t\t\t\t\t\t\t\t\t\tclass=\"gllr_single_image_text gllr_single_image_text_under\">Blauracke - Bild-Nr. Dieter_150601_6347&nbsp;<\/div>\n\t\t\t\t\t\t\t\t\t\t\t\t\t\t\t\t\t\t\t\t\t\t\t<\/div><!-- .gllr_image_block -->\n\t\t\t\t\t\t\t\t\t\t\t\t\t\t\t\t\t\t\t\t\t<div class=\"gllr_image_block\">\n\t\t\t\t\t\t\t\t\t\t\t\t<p style=\"\n\t\t\t\t\t\t\t\t\t\t\t\twidth:164px;height:164px;\t\t\t\t\t\t\t\t\t\t\t\t\">\n\t\t\t\t\t\t\t\t\t\t\t\t\t\t\t\t\t\t\t\t\t\t\t\t\t\t\t\t<a data-fancybox=\"gallery_fancybox\" href=\"https:\/\/woerrlein-naturfoto.de\/wordpress\/wp-content\/uploads\/2015\/01\/BreitfluegeligerFleckleibspinner_D150602_6536.jpg\" title=\"Breitfl\u00fcgeliger Fleckleibb\u00e4r - Bild-Nr. Dieter_150602_6536\" >\n\t\t\t\t\t\t\t\t\t\t\t\t\t\t\t\t<img decoding=\"async\" width=&quot;158&quot; height=&quot;158&quot; style=\"width:158px; height:158px; border-width: 3px; border-color:#F1F1F1;border: 3px solid #F1F1F1\" alt=\"Breitfl\u00fcgeliger Fleckleibb\u00e4r\" title=\"Breitfl\u00fcgeliger Fleckleibb\u00e4r - Bild-Nr. Dieter_150602_6536\" src=\"https:\/\/woerrlein-naturfoto.de\/wordpress\/wp-content\/uploads\/2015\/01\/BreitfluegeligerFleckleibspinner_D150602_6536-195x195.jpg\" rel=\"https:\/\/woerrlein-naturfoto.de\/wordpress\/wp-content\/uploads\/2015\/01\/BreitfluegeligerFleckleibspinner_D150602_6536.jpg\" \/>\t\t\t\t\t\t\t\t\t\t\t\t\t\t\t<\/a>\n\t\t\t\t\t\t\t\t\t\t\t\t\t\t\t\t\t\t\t\t\t\t\t\t\t\t<\/p>\n\t\t\t\t\t\t\t\t\t\t\t\t\t\t\t\t\t\t\t\t\t\t\t\t\t<div \n\t\t\t\t\t\t\t\t\t\t\t\t\tstyle=\"width:164px;\"\t\t\t\t\t\t\t\t\t\t\t\t\tclass=\"gllr_single_image_text gllr_single_image_text_under\">Breitfl\u00fcgeliger Fleckleibb\u00e4r - Bild-Nr. Dieter_150602_6536&nbsp;<\/div>\n\t\t\t\t\t\t\t\t\t\t\t\t\t\t\t\t\t\t\t\t\t\t\t<\/div><!-- .gllr_image_block -->\n\t\t\t\t\t\t\t\t\t\t\t\t\t\t\t\t\t\t\t\t\t<\/div><!-- .gllr_image_row -->\n\t\t\t\t\t\t\t\t\t\t\t\t\t\t\t\t\t\t\t\t\t\t<div class=\"gllr_image_row\">\n\t\t\t\t\t\t\t\t\t\t\t\t\t\t\t\t\t\t\t\t\t<div class=\"gllr_image_block\">\n\t\t\t\t\t\t\t\t\t\t\t\t<p style=\"\n\t\t\t\t\t\t\t\t\t\t\t\twidth:164px;height:164px;\t\t\t\t\t\t\t\t\t\t\t\t\">\n\t\t\t\t\t\t\t\t\t\t\t\t\t\t\t\t\t\t\t\t\t\t\t\t\t\t\t\t<a data-fancybox=\"gallery_fancybox\" href=\"https:\/\/woerrlein-naturfoto.de\/wordpress\/wp-content\/uploads\/2015\/01\/Distelbock_D150527_3903.jpg\" title=\"Distelbock - Bild-Nr. Dieter_150527_3903\" >\n\t\t\t\t\t\t\t\t\t\t\t\t\t\t\t\t<img decoding=\"async\" width=&quot;158&quot; height=&quot;158&quot; style=\"width:158px; height:158px; border-width: 3px; border-color:#F1F1F1;border: 3px solid #F1F1F1\" alt=\"Distelbock\" title=\"Distelbock - Bild-Nr. Dieter_150527_3903\" src=\"https:\/\/woerrlein-naturfoto.de\/wordpress\/wp-content\/uploads\/2015\/01\/Distelbock_D150527_3903-200x200.jpg\" rel=\"https:\/\/woerrlein-naturfoto.de\/wordpress\/wp-content\/uploads\/2015\/01\/Distelbock_D150527_3903.jpg\" \/>\t\t\t\t\t\t\t\t\t\t\t\t\t\t\t<\/a>\n\t\t\t\t\t\t\t\t\t\t\t\t\t\t\t\t\t\t\t\t\t\t\t\t\t\t<\/p>\n\t\t\t\t\t\t\t\t\t\t\t\t\t\t\t\t\t\t\t\t\t\t\t\t\t<div \n\t\t\t\t\t\t\t\t\t\t\t\t\tstyle=\"width:164px;\"\t\t\t\t\t\t\t\t\t\t\t\t\tclass=\"gllr_single_image_text gllr_single_image_text_under\">Distelbock - Bild-Nr. Dieter_150527_3903&nbsp;<\/div>\n\t\t\t\t\t\t\t\t\t\t\t\t\t\t\t\t\t\t\t\t\t\t\t<\/div><!-- .gllr_image_block -->\n\t\t\t\t\t\t\t\t\t\t\t\t\t\t\t\t\t\t\t\t\t<div class=\"gllr_image_block\">\n\t\t\t\t\t\t\t\t\t\t\t\t<p style=\"\n\t\t\t\t\t\t\t\t\t\t\t\twidth:164px;height:164px;\t\t\t\t\t\t\t\t\t\t\t\t\">\n\t\t\t\t\t\t\t\t\t\t\t\t\t\t\t\t\t\t\t\t\t\t\t\t\t\t\t\t<a data-fancybox=\"gallery_fancybox\" href=\"https:\/\/woerrlein-naturfoto.de\/wordpress\/wp-content\/uploads\/2015\/08\/Eichelhaeher_D150601_6104.jpg\" title=\"Eichelh\u00e4her - Bild-Nr. Dieter_150601_6104\" >\n\t\t\t\t\t\t\t\t\t\t\t\t\t\t\t\t<img decoding=\"async\" width=&quot;158&quot; height=&quot;158&quot; style=\"width:158px; height:158px; border-width: 3px; border-color:#F1F1F1;border: 3px solid #F1F1F1\" alt=\"Eichelh\u00e4her\" title=\"Eichelh\u00e4her - Bild-Nr. Dieter_150601_6104\" src=\"https:\/\/woerrlein-naturfoto.de\/wordpress\/wp-content\/uploads\/2015\/08\/Eichelhaeher_D150601_6104-200x200.jpg\" rel=\"https:\/\/woerrlein-naturfoto.de\/wordpress\/wp-content\/uploads\/2015\/08\/Eichelhaeher_D150601_6104.jpg\" \/>\t\t\t\t\t\t\t\t\t\t\t\t\t\t\t<\/a>\n\t\t\t\t\t\t\t\t\t\t\t\t\t\t\t\t\t\t\t\t\t\t\t\t\t\t<\/p>\n\t\t\t\t\t\t\t\t\t\t\t\t\t\t\t\t\t\t\t\t\t\t\t\t\t<div \n\t\t\t\t\t\t\t\t\t\t\t\t\tstyle=\"width:164px;\"\t\t\t\t\t\t\t\t\t\t\t\t\tclass=\"gllr_single_image_text gllr_single_image_text_under\">Eichelh\u00e4her - Bild-Nr. Dieter_150601_6104&nbsp;<\/div>\n\t\t\t\t\t\t\t\t\t\t\t\t\t\t\t\t\t\t\t\t\t\t\t<\/div><!-- .gllr_image_block -->\n\t\t\t\t\t\t\t\t\t\t\t\t\t\t\t\t\t\t\t\t\t<div class=\"gllr_image_block\">\n\t\t\t\t\t\t\t\t\t\t\t\t<p style=\"\n\t\t\t\t\t\t\t\t\t\t\t\twidth:164px;height:164px;\t\t\t\t\t\t\t\t\t\t\t\t\">\n\t\t\t\t\t\t\t\t\t\t\t\t\t\t\t\t\t\t\t\t\t\t\t\t\t\t\t\t<a data-fancybox=\"gallery_fancybox\" href=\"https:\/\/woerrlein-naturfoto.de\/wordpress\/wp-content\/uploads\/2015\/02\/EuropSumpfschildkroete_D150528_4482.jpg\" title=\"Europ\u00e4ische Sumpfschildkr\u00f6te - Bild-Nr. Dieter_150528_4482\" >\n\t\t\t\t\t\t\t\t\t\t\t\t\t\t\t\t<img decoding=\"async\" width=&quot;158&quot; height=&quot;158&quot; style=\"width:158px; height:158px; border-width: 3px; border-color:#F1F1F1;border: 3px solid #F1F1F1\" alt=\"Europ\u00e4ische Sumpfschildkr\u00f6te\" title=\"Europ\u00e4ische Sumpfschildkr\u00f6te - Bild-Nr. Dieter_150528_4482\" src=\"https:\/\/woerrlein-naturfoto.de\/wordpress\/wp-content\/uploads\/2015\/02\/EuropSumpfschildkroete_D150528_4482-200x200.jpg\" rel=\"https:\/\/woerrlein-naturfoto.de\/wordpress\/wp-content\/uploads\/2015\/02\/EuropSumpfschildkroete_D150528_4482.jpg\" \/>\t\t\t\t\t\t\t\t\t\t\t\t\t\t\t<\/a>\n\t\t\t\t\t\t\t\t\t\t\t\t\t\t\t\t\t\t\t\t\t\t\t\t\t\t<\/p>\n\t\t\t\t\t\t\t\t\t\t\t\t\t\t\t\t\t\t\t\t\t\t\t\t\t<div \n\t\t\t\t\t\t\t\t\t\t\t\t\tstyle=\"width:164px;\"\t\t\t\t\t\t\t\t\t\t\t\t\tclass=\"gllr_single_image_text gllr_single_image_text_under\">Europ\u00e4ische Sumpfschildkr\u00f6te - Bild-Nr. Dieter_150528_4482&nbsp;<\/div>\n\t\t\t\t\t\t\t\t\t\t\t\t\t\t\t\t\t\t\t\t\t\t\t<\/div><!-- .gllr_image_block -->\n\t\t\t\t\t\t\t\t\t\t\t\t\t\t\t\t\t\t\t\t\t<div class=\"gllr_image_block\">\n\t\t\t\t\t\t\t\t\t\t\t\t<p style=\"\n\t\t\t\t\t\t\t\t\t\t\t\twidth:164px;height:164px;\t\t\t\t\t\t\t\t\t\t\t\t\">\n\t\t\t\t\t\t\t\t\t\t\t\t\t\t\t\t\t\t\t\t\t\t\t\t\t\t\t\t<a data-fancybox=\"gallery_fancybox\" href=\"https:\/\/woerrlein-naturfoto.de\/wordpress\/wp-content\/uploads\/2015\/02\/EuropSumpfschildkroete_D150603_7022.jpg\" title=\"Europ\u00e4ische Sumpfschildkr\u00f6te - Bild-Nr. Dieter_150603_7022\" >\n\t\t\t\t\t\t\t\t\t\t\t\t\t\t\t\t<img decoding=\"async\" width=&quot;158&quot; height=&quot;158&quot; style=\"width:158px; height:158px; border-width: 3px; border-color:#F1F1F1;border: 3px solid #F1F1F1\" alt=\"Europ\u00e4ische Sumpfschildkr\u00f6te\" title=\"Europ\u00e4ische Sumpfschildkr\u00f6te - Bild-Nr. Dieter_150603_7022\" src=\"https:\/\/woerrlein-naturfoto.de\/wordpress\/wp-content\/uploads\/2015\/02\/EuropSumpfschildkroete_D150603_7022-200x200.jpg\" rel=\"https:\/\/woerrlein-naturfoto.de\/wordpress\/wp-content\/uploads\/2015\/02\/EuropSumpfschildkroete_D150603_7022.jpg\" \/>\t\t\t\t\t\t\t\t\t\t\t\t\t\t\t<\/a>\n\t\t\t\t\t\t\t\t\t\t\t\t\t\t\t\t\t\t\t\t\t\t\t\t\t\t<\/p>\n\t\t\t\t\t\t\t\t\t\t\t\t\t\t\t\t\t\t\t\t\t\t\t\t\t<div \n\t\t\t\t\t\t\t\t\t\t\t\t\tstyle=\"width:164px;\"\t\t\t\t\t\t\t\t\t\t\t\t\tclass=\"gllr_single_image_text gllr_single_image_text_under\">Europ\u00e4ische Sumpfschildkr\u00f6te - Bild-Nr. Dieter_150603_7022&nbsp;<\/div>\n\t\t\t\t\t\t\t\t\t\t\t\t\t\t\t\t\t\t\t\t\t\t\t<\/div><!-- .gllr_image_block -->\n\t\t\t\t\t\t\t\t\t\t\t\t\t\t\t\t\t\t\t\t\t<div class=\"gllr_image_block\">\n\t\t\t\t\t\t\t\t\t\t\t\t<p style=\"\n\t\t\t\t\t\t\t\t\t\t\t\twidth:164px;height:164px;\t\t\t\t\t\t\t\t\t\t\t\t\">\n\t\t\t\t\t\t\t\t\t\t\t\t\t\t\t\t\t\t\t\t\t\t\t\t\t\t\t\t<a data-fancybox=\"gallery_fancybox\" href=\"https:\/\/woerrlein-naturfoto.de\/wordpress\/wp-content\/uploads\/2015\/02\/EuropSumpfschildkroete_AW01698L_6228x4152.jpg\" title=\"Europ\u00e4ische Sumpfschildkr\u00f6te - Bild-Nr. Anke_1698L\" >\n\t\t\t\t\t\t\t\t\t\t\t\t\t\t\t\t<img decoding=\"async\" width=&quot;158&quot; height=&quot;158&quot; style=\"width:158px; height:158px; border-width: 3px; border-color:#F1F1F1;border: 3px solid #F1F1F1\" alt=\"Europ\u00e4ische Sumpfschildkr\u00f6te\" title=\"Europ\u00e4ische Sumpfschildkr\u00f6te - Bild-Nr. Anke_1698L\" src=\"https:\/\/woerrlein-naturfoto.de\/wordpress\/wp-content\/uploads\/2015\/02\/EuropSumpfschildkroete_AW01698L_6228x4152-200x200.jpg\" rel=\"https:\/\/woerrlein-naturfoto.de\/wordpress\/wp-content\/uploads\/2015\/02\/EuropSumpfschildkroete_AW01698L_6228x4152.jpg\" \/>\t\t\t\t\t\t\t\t\t\t\t\t\t\t\t<\/a>\n\t\t\t\t\t\t\t\t\t\t\t\t\t\t\t\t\t\t\t\t\t\t\t\t\t\t<\/p>\n\t\t\t\t\t\t\t\t\t\t\t\t\t\t\t\t\t\t\t\t\t\t\t\t\t<div \n\t\t\t\t\t\t\t\t\t\t\t\t\tstyle=\"width:164px;\"\t\t\t\t\t\t\t\t\t\t\t\t\tclass=\"gllr_single_image_text gllr_single_image_text_under\">Europ\u00e4ische Sumpfschildkr\u00f6te - Bild-Nr. Anke_1698L&nbsp;<\/div>\n\t\t\t\t\t\t\t\t\t\t\t\t\t\t\t\t\t\t\t\t\t\t\t<\/div><!-- .gllr_image_block -->\n\t\t\t\t\t\t\t\t\t\t\t\t\t\t\t\t\t\t\t\t\t<div class=\"gllr_image_block\">\n\t\t\t\t\t\t\t\t\t\t\t\t<p style=\"\n\t\t\t\t\t\t\t\t\t\t\t\twidth:164px;height:164px;\t\t\t\t\t\t\t\t\t\t\t\t\">\n\t\t\t\t\t\t\t\t\t\t\t\t\t\t\t\t\t\t\t\t\t\t\t\t\t\t\t\t<a data-fancybox=\"gallery_fancybox\" href=\"https:\/\/woerrlein-naturfoto.de\/wordpress\/wp-content\/uploads\/2015\/02\/EuropSumpfschildkroete_AW01707L_5057x3371.jpg\" title=\"Europ\u00e4ische Sumpfschildkr\u00f6te - Bild-Nr. Anke_01707L\" >\n\t\t\t\t\t\t\t\t\t\t\t\t\t\t\t\t<img decoding=\"async\" width=&quot;158&quot; height=&quot;158&quot; style=\"width:158px; height:158px; border-width: 3px; border-color:#F1F1F1;border: 3px solid #F1F1F1\" alt=\"Europ\u00e4ische Sumpfschildkr\u00f6te\" title=\"Europ\u00e4ische Sumpfschildkr\u00f6te - Bild-Nr. Anke_01707L\" src=\"https:\/\/woerrlein-naturfoto.de\/wordpress\/wp-content\/uploads\/2015\/02\/EuropSumpfschildkroete_AW01707L_5057x3371-200x200.jpg\" rel=\"https:\/\/woerrlein-naturfoto.de\/wordpress\/wp-content\/uploads\/2015\/02\/EuropSumpfschildkroete_AW01707L_5057x3371.jpg\" \/>\t\t\t\t\t\t\t\t\t\t\t\t\t\t\t<\/a>\n\t\t\t\t\t\t\t\t\t\t\t\t\t\t\t\t\t\t\t\t\t\t\t\t\t\t<\/p>\n\t\t\t\t\t\t\t\t\t\t\t\t\t\t\t\t\t\t\t\t\t\t\t\t\t<div \n\t\t\t\t\t\t\t\t\t\t\t\t\tstyle=\"width:164px;\"\t\t\t\t\t\t\t\t\t\t\t\t\tclass=\"gllr_single_image_text gllr_single_image_text_under\">Europ\u00e4ische Sumpfschildkr\u00f6te - Bild-Nr. Anke_01707L&nbsp;<\/div>\n\t\t\t\t\t\t\t\t\t\t\t\t\t\t\t\t\t\t\t\t\t\t\t<\/div><!-- .gllr_image_block -->\n\t\t\t\t\t\t\t\t\t\t\t\t\t\t\t\t\t\t\t\t\t<div class=\"gllr_image_block\">\n\t\t\t\t\t\t\t\t\t\t\t\t<p style=\"\n\t\t\t\t\t\t\t\t\t\t\t\twidth:164px;height:164px;\t\t\t\t\t\t\t\t\t\t\t\t\">\n\t\t\t\t\t\t\t\t\t\t\t\t\t\t\t\t\t\t\t\t\t\t\t\t\t\t\t\t<a data-fancybox=\"gallery_fancybox\" href=\"https:\/\/woerrlein-naturfoto.de\/wordpress\/wp-content\/uploads\/2015\/08\/Florfliege_D150603_6857.jpg\" title=\"Florfliege - Bild-Nr. Dieter_150603_6857\" >\n\t\t\t\t\t\t\t\t\t\t\t\t\t\t\t\t<img decoding=\"async\" width=&quot;158&quot; height=&quot;158&quot; style=\"width:158px; height:158px; border-width: 3px; border-color:#F1F1F1;border: 3px solid #F1F1F1\" alt=\"Florfliege\" title=\"Florfliege - Bild-Nr. Dieter_150603_6857\" src=\"https:\/\/woerrlein-naturfoto.de\/wordpress\/wp-content\/uploads\/2015\/08\/Florfliege_D150603_6857-200x200.jpg\" rel=\"https:\/\/woerrlein-naturfoto.de\/wordpress\/wp-content\/uploads\/2015\/08\/Florfliege_D150603_6857.jpg\" \/>\t\t\t\t\t\t\t\t\t\t\t\t\t\t\t<\/a>\n\t\t\t\t\t\t\t\t\t\t\t\t\t\t\t\t\t\t\t\t\t\t\t\t\t\t<\/p>\n\t\t\t\t\t\t\t\t\t\t\t\t\t\t\t\t\t\t\t\t\t\t\t\t\t<div \n\t\t\t\t\t\t\t\t\t\t\t\t\tstyle=\"width:164px;\"\t\t\t\t\t\t\t\t\t\t\t\t\tclass=\"gllr_single_image_text gllr_single_image_text_under\">Florfliege - Bild-Nr. Dieter_150603_6857&nbsp;<\/div>\n\t\t\t\t\t\t\t\t\t\t\t\t\t\t\t\t\t\t\t\t\t\t\t<\/div><!-- .gllr_image_block -->\n\t\t\t\t\t\t\t\t\t\t\t\t\t\t\t\t\t\t\t\t\t<div class=\"gllr_image_block\">\n\t\t\t\t\t\t\t\t\t\t\t\t<p style=\"\n\t\t\t\t\t\t\t\t\t\t\t\twidth:164px;height:164px;\t\t\t\t\t\t\t\t\t\t\t\t\">\n\t\t\t\t\t\t\t\t\t\t\t\t\t\t\t\t\t\t\t\t\t\t\t\t\t\t\t\t<a data-fancybox=\"gallery_fancybox\" href=\"https:\/\/woerrlein-naturfoto.de\/wordpress\/wp-content\/uploads\/2015\/08\/Gr_Koenigslibelle_AW02635L_1.jpg\" title=\"Gro\u00dfe K\u00f6nigslibelle - Bild-Nr. Anke_02625L\" >\n\t\t\t\t\t\t\t\t\t\t\t\t\t\t\t\t<img decoding=\"async\" width=&quot;158&quot; height=&quot;158&quot; style=\"width:158px; height:158px; border-width: 3px; border-color:#F1F1F1;border: 3px solid #F1F1F1\" alt=\"Gro\u00dfe K\u00f6nigslibelle\" title=\"Gro\u00dfe K\u00f6nigslibelle - Bild-Nr. Anke_02625L\" src=\"https:\/\/woerrlein-naturfoto.de\/wordpress\/wp-content\/uploads\/2015\/08\/Gr_Koenigslibelle_AW02635L_1-200x200.jpg\" rel=\"https:\/\/woerrlein-naturfoto.de\/wordpress\/wp-content\/uploads\/2015\/08\/Gr_Koenigslibelle_AW02635L_1.jpg\" \/>\t\t\t\t\t\t\t\t\t\t\t\t\t\t\t<\/a>\n\t\t\t\t\t\t\t\t\t\t\t\t\t\t\t\t\t\t\t\t\t\t\t\t\t\t<\/p>\n\t\t\t\t\t\t\t\t\t\t\t\t\t\t\t\t\t\t\t\t\t\t\t\t\t<div \n\t\t\t\t\t\t\t\t\t\t\t\t\tstyle=\"width:164px;\"\t\t\t\t\t\t\t\t\t\t\t\t\tclass=\"gllr_single_image_text gllr_single_image_text_under\">Gro\u00dfe K\u00f6nigslibelle - Bild-Nr. Anke_02625L&nbsp;<\/div>\n\t\t\t\t\t\t\t\t\t\t\t\t\t\t\t\t\t\t\t\t\t\t\t<\/div><!-- .gllr_image_block -->\n\t\t\t\t\t\t\t\t\t\t\t\t\t\t\t\t\t\t\t\t\t<\/div><!-- .gllr_image_row -->\n\t\t\t\t\t\t\t\t\t\t\t\t\t\t\t\t\t\t\t\t\t\t<div class=\"gllr_image_row\">\n\t\t\t\t\t\t\t\t\t\t\t\t\t\t\t\t\t\t\t\t\t<div class=\"gllr_image_block\">\n\t\t\t\t\t\t\t\t\t\t\t\t<p style=\"\n\t\t\t\t\t\t\t\t\t\t\t\twidth:164px;height:164px;\t\t\t\t\t\t\t\t\t\t\t\t\">\n\t\t\t\t\t\t\t\t\t\t\t\t\t\t\t\t\t\t\t\t\t\t\t\t\t\t\t\t<a data-fancybox=\"gallery_fancybox\" href=\"https:\/\/woerrlein-naturfoto.de\/wordpress\/wp-content\/uploads\/2015\/08\/GrossePechlibelle_D150530_5637.jpg\" title=\"Gro\u00dfe Pechlibellen - Bild-Nr. Dieter_150530_5637\" >\n\t\t\t\t\t\t\t\t\t\t\t\t\t\t\t\t<img decoding=\"async\" width=&quot;158&quot; height=&quot;158&quot; style=\"width:158px; height:158px; border-width: 3px; border-color:#F1F1F1;border: 3px solid #F1F1F1\" alt=\"Gro\u00dfe Pechlibellen\" title=\"Gro\u00dfe Pechlibellen - Bild-Nr. Dieter_150530_5637\" src=\"https:\/\/woerrlein-naturfoto.de\/wordpress\/wp-content\/uploads\/2015\/08\/GrossePechlibelle_D150530_5637-200x200.jpg\" rel=\"https:\/\/woerrlein-naturfoto.de\/wordpress\/wp-content\/uploads\/2015\/08\/GrossePechlibelle_D150530_5637.jpg\" \/>\t\t\t\t\t\t\t\t\t\t\t\t\t\t\t<\/a>\n\t\t\t\t\t\t\t\t\t\t\t\t\t\t\t\t\t\t\t\t\t\t\t\t\t\t<\/p>\n\t\t\t\t\t\t\t\t\t\t\t\t\t\t\t\t\t\t\t\t\t\t\t\t\t<div \n\t\t\t\t\t\t\t\t\t\t\t\t\tstyle=\"width:164px;\"\t\t\t\t\t\t\t\t\t\t\t\t\tclass=\"gllr_single_image_text gllr_single_image_text_under\">Gro\u00dfe Pechlibellen - Bild-Nr. Dieter_150530_5637&nbsp;<\/div>\n\t\t\t\t\t\t\t\t\t\t\t\t\t\t\t\t\t\t\t\t\t\t\t<\/div><!-- .gllr_image_block -->\n\t\t\t\t\t\t\t\t\t\t\t\t\t\t\t\t\t\t\t\t\t<div class=\"gllr_image_block\">\n\t\t\t\t\t\t\t\t\t\t\t\t<p style=\"\n\t\t\t\t\t\t\t\t\t\t\t\twidth:164px;height:164px;\t\t\t\t\t\t\t\t\t\t\t\t\">\n\t\t\t\t\t\t\t\t\t\t\t\t\t\t\t\t\t\t\t\t\t\t\t\t\t\t\t\t<a data-fancybox=\"gallery_fancybox\" href=\"https:\/\/woerrlein-naturfoto.de\/wordpress\/wp-content\/uploads\/2015\/08\/GrossePechlibelle_D150530_5638.jpg\" title=\"Gro\u00dfe Pechlibellen - Bild-Nr. Dieter_150530_5638\" >\n\t\t\t\t\t\t\t\t\t\t\t\t\t\t\t\t<img decoding=\"async\" width=&quot;158&quot; height=&quot;158&quot; style=\"width:158px; height:158px; border-width: 3px; border-color:#F1F1F1;border: 3px solid #F1F1F1\" alt=\"Gro\u00dfe Pechlibellen\" title=\"Gro\u00dfe Pechlibellen - Bild-Nr. Dieter_150530_5638\" src=\"https:\/\/woerrlein-naturfoto.de\/wordpress\/wp-content\/uploads\/2015\/08\/GrossePechlibelle_D150530_5638-200x200.jpg\" rel=\"https:\/\/woerrlein-naturfoto.de\/wordpress\/wp-content\/uploads\/2015\/08\/GrossePechlibelle_D150530_5638.jpg\" \/>\t\t\t\t\t\t\t\t\t\t\t\t\t\t\t<\/a>\n\t\t\t\t\t\t\t\t\t\t\t\t\t\t\t\t\t\t\t\t\t\t\t\t\t\t<\/p>\n\t\t\t\t\t\t\t\t\t\t\t\t\t\t\t\t\t\t\t\t\t\t\t\t\t<div \n\t\t\t\t\t\t\t\t\t\t\t\t\tstyle=\"width:164px;\"\t\t\t\t\t\t\t\t\t\t\t\t\tclass=\"gllr_single_image_text gllr_single_image_text_under\">Gro\u00dfe Pechlibellen - Bild-Nr. Dieter_150530_5638&nbsp;<\/div>\n\t\t\t\t\t\t\t\t\t\t\t\t\t\t\t\t\t\t\t\t\t\t\t<\/div><!-- .gllr_image_block -->\n\t\t\t\t\t\t\t\t\t\t\t\t\t\t\t\t\t\t\t\t\t<div class=\"gllr_image_block\">\n\t\t\t\t\t\t\t\t\t\t\t\t<p style=\"\n\t\t\t\t\t\t\t\t\t\t\t\twidth:164px;height:164px;\t\t\t\t\t\t\t\t\t\t\t\t\">\n\t\t\t\t\t\t\t\t\t\t\t\t\t\t\t\t\t\t\t\t\t\t\t\t\t\t\t\t<a data-fancybox=\"gallery_fancybox\" href=\"https:\/\/woerrlein-naturfoto.de\/wordpress\/wp-content\/uploads\/2015\/08\/GrosserBlaupfeil_D150602_6585.jpg\" title=\"Gro\u00dfer Blaupfeil - Bild-Nr. Dieter_150602_6585\" >\n\t\t\t\t\t\t\t\t\t\t\t\t\t\t\t\t<img decoding=\"async\" width=&quot;158&quot; height=&quot;158&quot; style=\"width:158px; height:158px; border-width: 3px; border-color:#F1F1F1;border: 3px solid #F1F1F1\" alt=\"Gro\u00dfer Blaupfeil\" title=\"Gro\u00dfer Blaupfeil - Bild-Nr. Dieter_150602_6585\" src=\"https:\/\/woerrlein-naturfoto.de\/wordpress\/wp-content\/uploads\/2015\/08\/GrosserBlaupfeil_D150602_6585-200x200.jpg\" rel=\"https:\/\/woerrlein-naturfoto.de\/wordpress\/wp-content\/uploads\/2015\/08\/GrosserBlaupfeil_D150602_6585.jpg\" \/>\t\t\t\t\t\t\t\t\t\t\t\t\t\t\t<\/a>\n\t\t\t\t\t\t\t\t\t\t\t\t\t\t\t\t\t\t\t\t\t\t\t\t\t\t<\/p>\n\t\t\t\t\t\t\t\t\t\t\t\t\t\t\t\t\t\t\t\t\t\t\t\t\t<div \n\t\t\t\t\t\t\t\t\t\t\t\t\tstyle=\"width:164px;\"\t\t\t\t\t\t\t\t\t\t\t\t\tclass=\"gllr_single_image_text gllr_single_image_text_under\">Gro\u00dfer Blaupfeil - Bild-Nr. Dieter_150602_6585&nbsp;<\/div>\n\t\t\t\t\t\t\t\t\t\t\t\t\t\t\t\t\t\t\t\t\t\t\t<\/div><!-- .gllr_image_block -->\n\t\t\t\t\t\t\t\t\t\t\t\t\t\t\t\t\t\t\t\t\t<div class=\"gllr_image_block\">\n\t\t\t\t\t\t\t\t\t\t\t\t<p style=\"\n\t\t\t\t\t\t\t\t\t\t\t\twidth:164px;height:164px;\t\t\t\t\t\t\t\t\t\t\t\t\">\n\t\t\t\t\t\t\t\t\t\t\t\t\t\t\t\t\t\t\t\t\t\t\t\t\t\t\t\t<a data-fancybox=\"gallery_fancybox\" href=\"https:\/\/woerrlein-naturfoto.de\/wordpress\/wp-content\/uploads\/2015\/08\/GrosserBlaupfeil_D150602_6757.jpg\" title=\"Gro\u00dfer Blaupfeil - Bild-Nr. Dieter_150602_6757\" >\n\t\t\t\t\t\t\t\t\t\t\t\t\t\t\t\t<img decoding=\"async\" width=&quot;158&quot; height=&quot;158&quot; style=\"width:158px; height:158px; border-width: 3px; border-color:#F1F1F1;border: 3px solid #F1F1F1\" alt=\"Gro\u00dfer Blaupfeil\" title=\"Gro\u00dfer Blaupfeil - Bild-Nr. Dieter_150602_6757\" src=\"https:\/\/woerrlein-naturfoto.de\/wordpress\/wp-content\/uploads\/2015\/08\/GrosserBlaupfeil_D150602_6757-200x200.jpg\" rel=\"https:\/\/woerrlein-naturfoto.de\/wordpress\/wp-content\/uploads\/2015\/08\/GrosserBlaupfeil_D150602_6757.jpg\" \/>\t\t\t\t\t\t\t\t\t\t\t\t\t\t\t<\/a>\n\t\t\t\t\t\t\t\t\t\t\t\t\t\t\t\t\t\t\t\t\t\t\t\t\t\t<\/p>\n\t\t\t\t\t\t\t\t\t\t\t\t\t\t\t\t\t\t\t\t\t\t\t\t\t<div \n\t\t\t\t\t\t\t\t\t\t\t\t\tstyle=\"width:164px;\"\t\t\t\t\t\t\t\t\t\t\t\t\tclass=\"gllr_single_image_text gllr_single_image_text_under\">Gro\u00dfer Blaupfeil - Bild-Nr. Dieter_150602_6757&nbsp;<\/div>\n\t\t\t\t\t\t\t\t\t\t\t\t\t\t\t\t\t\t\t\t\t\t\t<\/div><!-- .gllr_image_block -->\n\t\t\t\t\t\t\t\t\t\t\t\t\t\t\t\t\t\t\t\t\t<div class=\"gllr_image_block\">\n\t\t\t\t\t\t\t\t\t\t\t\t<p style=\"\n\t\t\t\t\t\t\t\t\t\t\t\twidth:164px;height:164px;\t\t\t\t\t\t\t\t\t\t\t\t\">\n\t\t\t\t\t\t\t\t\t\t\t\t\t\t\t\t\t\t\t\t\t\t\t\t\t\t\t\t<a data-fancybox=\"gallery_fancybox\" href=\"https:\/\/woerrlein-naturfoto.de\/wordpress\/wp-content\/uploads\/2015\/08\/D150529_4679.jpg\" title=\"Gro\u00dfer Bocksbart (Tragopogon dubius) - Bild-Nr. Dieter_150529_4679\" >\n\t\t\t\t\t\t\t\t\t\t\t\t\t\t\t\t<img decoding=\"async\" width=&quot;158&quot; height=&quot;158&quot; style=\"width:158px; height:158px; border-width: 3px; border-color:#F1F1F1;border: 3px solid #F1F1F1\" alt=\"Gro\u00dfer Bocksbart\" title=\"Gro\u00dfer Bocksbart (Tragopogon dubius) - Bild-Nr. Dieter_150529_4679\" src=\"https:\/\/woerrlein-naturfoto.de\/wordpress\/wp-content\/uploads\/2015\/08\/D150529_4679-200x200.jpg\" rel=\"https:\/\/woerrlein-naturfoto.de\/wordpress\/wp-content\/uploads\/2015\/08\/D150529_4679.jpg\" \/>\t\t\t\t\t\t\t\t\t\t\t\t\t\t\t<\/a>\n\t\t\t\t\t\t\t\t\t\t\t\t\t\t\t\t\t\t\t\t\t\t\t\t\t\t<\/p>\n\t\t\t\t\t\t\t\t\t\t\t\t\t\t\t\t\t\t\t\t\t\t\t\t\t<div \n\t\t\t\t\t\t\t\t\t\t\t\t\tstyle=\"width:164px;\"\t\t\t\t\t\t\t\t\t\t\t\t\tclass=\"gllr_single_image_text gllr_single_image_text_under\">Gro\u00dfer Bocksbart (Tragopogon dubius) - Bild-Nr. Dieter_150529_4679&nbsp;<\/div>\n\t\t\t\t\t\t\t\t\t\t\t\t\t\t\t\t\t\t\t\t\t\t\t<\/div><!-- .gllr_image_block -->\n\t\t\t\t\t\t\t\t\t\t\t\t\t\t\t\t\t\t\t\t\t<div class=\"gllr_image_block\">\n\t\t\t\t\t\t\t\t\t\t\t\t<p style=\"\n\t\t\t\t\t\t\t\t\t\t\t\twidth:164px;height:164px;\t\t\t\t\t\t\t\t\t\t\t\t\">\n\t\t\t\t\t\t\t\t\t\t\t\t\t\t\t\t\t\t\t\t\t\t\t\t\t\t\t\t<a data-fancybox=\"gallery_fancybox\" href=\"https:\/\/woerrlein-naturfoto.de\/wordpress\/wp-content\/uploads\/2015\/08\/D150529_4693.jpg\" title=\"Gro\u00dfer Bocksbart (Tragopogon dubius) - Bild-Nr. Dieter_150529_469\" >\n\t\t\t\t\t\t\t\t\t\t\t\t\t\t\t\t<img decoding=\"async\" width=&quot;158&quot; height=&quot;158&quot; style=\"width:158px; height:158px; border-width: 3px; border-color:#F1F1F1;border: 3px solid #F1F1F1\" alt=\"Gro\u00dfer Bocksbart\" title=\"Gro\u00dfer Bocksbart (Tragopogon dubius) - Bild-Nr. Dieter_150529_469\" src=\"https:\/\/woerrlein-naturfoto.de\/wordpress\/wp-content\/uploads\/2015\/08\/D150529_4693-200x200.jpg\" rel=\"https:\/\/woerrlein-naturfoto.de\/wordpress\/wp-content\/uploads\/2015\/08\/D150529_4693.jpg\" \/>\t\t\t\t\t\t\t\t\t\t\t\t\t\t\t<\/a>\n\t\t\t\t\t\t\t\t\t\t\t\t\t\t\t\t\t\t\t\t\t\t\t\t\t\t<\/p>\n\t\t\t\t\t\t\t\t\t\t\t\t\t\t\t\t\t\t\t\t\t\t\t\t\t<div \n\t\t\t\t\t\t\t\t\t\t\t\t\tstyle=\"width:164px;\"\t\t\t\t\t\t\t\t\t\t\t\t\tclass=\"gllr_single_image_text gllr_single_image_text_under\">Gro\u00dfer Bocksbart (Tragopogon dubius) - Bild-Nr. Dieter_150529_469&nbsp;<\/div>\n\t\t\t\t\t\t\t\t\t\t\t\t\t\t\t\t\t\t\t\t\t\t\t<\/div><!-- .gllr_image_block -->\n\t\t\t\t\t\t\t\t\t\t\t\t\t\t\t\t\t\t\t\t\t<div class=\"gllr_image_block\">\n\t\t\t\t\t\t\t\t\t\t\t\t<p style=\"\n\t\t\t\t\t\t\t\t\t\t\t\twidth:164px;height:164px;\t\t\t\t\t\t\t\t\t\t\t\t\">\n\t\t\t\t\t\t\t\t\t\t\t\t\t\t\t\t\t\t\t\t\t\t\t\t\t\t\t\t<a data-fancybox=\"gallery_fancybox\" href=\"https:\/\/woerrlein-naturfoto.de\/wordpress\/wp-content\/uploads\/2015\/08\/Haubenlerche_AW01454L_3313x2209.jpg\" title=\"Haubenlerche - Bild-Nr. Anke_01454L\" >\n\t\t\t\t\t\t\t\t\t\t\t\t\t\t\t\t<img decoding=\"async\" width=&quot;158&quot; height=&quot;158&quot; style=\"width:158px; height:158px; border-width: 3px; border-color:#F1F1F1;border: 3px solid #F1F1F1\" alt=\"Haubenlerche\" title=\"Haubenlerche - Bild-Nr. Anke_01454L\" src=\"https:\/\/woerrlein-naturfoto.de\/wordpress\/wp-content\/uploads\/2015\/08\/Haubenlerche_AW01454L_3313x2209-195x195.jpg\" rel=\"https:\/\/woerrlein-naturfoto.de\/wordpress\/wp-content\/uploads\/2015\/08\/Haubenlerche_AW01454L_3313x2209.jpg\" \/>\t\t\t\t\t\t\t\t\t\t\t\t\t\t\t<\/a>\n\t\t\t\t\t\t\t\t\t\t\t\t\t\t\t\t\t\t\t\t\t\t\t\t\t\t<\/p>\n\t\t\t\t\t\t\t\t\t\t\t\t\t\t\t\t\t\t\t\t\t\t\t\t\t<div \n\t\t\t\t\t\t\t\t\t\t\t\t\tstyle=\"width:164px;\"\t\t\t\t\t\t\t\t\t\t\t\t\tclass=\"gllr_single_image_text gllr_single_image_text_under\">Haubenlerche - Bild-Nr. Anke_01454L&nbsp;<\/div>\n\t\t\t\t\t\t\t\t\t\t\t\t\t\t\t\t\t\t\t\t\t\t\t<\/div><!-- .gllr_image_block -->\n\t\t\t\t\t\t\t\t\t\t\t\t\t\t\t\t\t\t\t\t\t<div class=\"gllr_image_block\">\n\t\t\t\t\t\t\t\t\t\t\t\t<p style=\"\n\t\t\t\t\t\t\t\t\t\t\t\twidth:164px;height:164px;\t\t\t\t\t\t\t\t\t\t\t\t\">\n\t\t\t\t\t\t\t\t\t\t\t\t\t\t\t\t\t\t\t\t\t\t\t\t\t\t\t\t<a data-fancybox=\"gallery_fancybox\" href=\"https:\/\/woerrlein-naturfoto.de\/wordpress\/wp-content\/uploads\/2015\/08\/Kaisermantel_D150528_4492.jpg\" title=\"Kardinal - Bild-Nr. Dieter_150528_4492\" >\n\t\t\t\t\t\t\t\t\t\t\t\t\t\t\t\t<img decoding=\"async\" width=&quot;158&quot; height=&quot;158&quot; style=\"width:158px; height:158px; border-width: 3px; border-color:#F1F1F1;border: 3px solid #F1F1F1\" alt=\"Kardinal\" title=\"Kardinal - Bild-Nr. Dieter_150528_4492\" src=\"https:\/\/woerrlein-naturfoto.de\/wordpress\/wp-content\/uploads\/2015\/08\/Kaisermantel_D150528_4492-200x200.jpg\" rel=\"https:\/\/woerrlein-naturfoto.de\/wordpress\/wp-content\/uploads\/2015\/08\/Kaisermantel_D150528_4492.jpg\" \/>\t\t\t\t\t\t\t\t\t\t\t\t\t\t\t<\/a>\n\t\t\t\t\t\t\t\t\t\t\t\t\t\t\t\t\t\t\t\t\t\t\t\t\t\t<\/p>\n\t\t\t\t\t\t\t\t\t\t\t\t\t\t\t\t\t\t\t\t\t\t\t\t\t<div \n\t\t\t\t\t\t\t\t\t\t\t\t\tstyle=\"width:164px;\"\t\t\t\t\t\t\t\t\t\t\t\t\tclass=\"gllr_single_image_text gllr_single_image_text_under\">Kardinal - Bild-Nr. Dieter_150528_4492&nbsp;<\/div>\n\t\t\t\t\t\t\t\t\t\t\t\t\t\t\t\t\t\t\t\t\t\t\t<\/div><!-- .gllr_image_block -->\n\t\t\t\t\t\t\t\t\t\t\t\t\t\t\t\t\t\t\t\t\t<\/div><!-- .gllr_image_row -->\n\t\t\t\t\t\t\t\t\t\t\t\t\t\t\t\t\t\t\t\t\t\t<div class=\"gllr_image_row\">\n\t\t\t\t\t\t\t\t\t\t\t\t\t\t\t\t\t\t\t\t\t<div class=\"gllr_image_block\">\n\t\t\t\t\t\t\t\t\t\t\t\t<p style=\"\n\t\t\t\t\t\t\t\t\t\t\t\twidth:164px;height:164px;\t\t\t\t\t\t\t\t\t\t\t\t\">\n\t\t\t\t\t\t\t\t\t\t\t\t\t\t\t\t\t\t\t\t\t\t\t\t\t\t\t\t<a data-fancybox=\"gallery_fancybox\" href=\"https:\/\/woerrlein-naturfoto.de\/wordpress\/wp-content\/uploads\/2015\/08\/Kardinal_150528_4502.jpg\" title=\"Kardinal - Bild-Nr. Dieter_150528_4502\" >\n\t\t\t\t\t\t\t\t\t\t\t\t\t\t\t\t<img decoding=\"async\" width=&quot;158&quot; height=&quot;158&quot; style=\"width:158px; height:158px; border-width: 3px; border-color:#F1F1F1;border: 3px solid #F1F1F1\" alt=\"Kardinal\" title=\"Kardinal - Bild-Nr. Dieter_150528_4502\" src=\"https:\/\/woerrlein-naturfoto.de\/wordpress\/wp-content\/uploads\/2015\/08\/Kardinal_150528_4502-200x200.jpg\" rel=\"https:\/\/woerrlein-naturfoto.de\/wordpress\/wp-content\/uploads\/2015\/08\/Kardinal_150528_4502.jpg\" \/>\t\t\t\t\t\t\t\t\t\t\t\t\t\t\t<\/a>\n\t\t\t\t\t\t\t\t\t\t\t\t\t\t\t\t\t\t\t\t\t\t\t\t\t\t<\/p>\n\t\t\t\t\t\t\t\t\t\t\t\t\t\t\t\t\t\t\t\t\t\t\t\t\t<div \n\t\t\t\t\t\t\t\t\t\t\t\t\tstyle=\"width:164px;\"\t\t\t\t\t\t\t\t\t\t\t\t\tclass=\"gllr_single_image_text gllr_single_image_text_under\">Kardinal - Bild-Nr. Dieter_150528_4502&nbsp;<\/div>\n\t\t\t\t\t\t\t\t\t\t\t\t\t\t\t\t\t\t\t\t\t\t\t<\/div><!-- .gllr_image_block -->\n\t\t\t\t\t\t\t\t\t\t\t\t\t\t\t\t\t\t\t\t\t<div class=\"gllr_image_block\">\n\t\t\t\t\t\t\t\t\t\t\t\t<p style=\"\n\t\t\t\t\t\t\t\t\t\t\t\twidth:164px;height:164px;\t\t\t\t\t\t\t\t\t\t\t\t\">\n\t\t\t\t\t\t\t\t\t\t\t\t\t\t\t\t\t\t\t\t\t\t\t\t\t\t\t\t<a data-fancybox=\"gallery_fancybox\" href=\"https:\/\/woerrlein-naturfoto.de\/wordpress\/wp-content\/uploads\/2015\/01\/Kiefernspanner_D150602_6501.jpg\" title=\"Kiefernspanner - Bild-Nr. Dieter_150602_6501\" >\n\t\t\t\t\t\t\t\t\t\t\t\t\t\t\t\t<img decoding=\"async\" width=&quot;158&quot; height=&quot;158&quot; style=\"width:158px; height:158px; border-width: 3px; border-color:#F1F1F1;border: 3px solid #F1F1F1\" alt=\"Kiefernspanner\" title=\"Kiefernspanner - Bild-Nr. Dieter_150602_6501\" src=\"https:\/\/woerrlein-naturfoto.de\/wordpress\/wp-content\/uploads\/2015\/01\/Kiefernspanner_D150602_6501-200x200.jpg\" rel=\"https:\/\/woerrlein-naturfoto.de\/wordpress\/wp-content\/uploads\/2015\/01\/Kiefernspanner_D150602_6501.jpg\" \/>\t\t\t\t\t\t\t\t\t\t\t\t\t\t\t<\/a>\n\t\t\t\t\t\t\t\t\t\t\t\t\t\t\t\t\t\t\t\t\t\t\t\t\t\t<\/p>\n\t\t\t\t\t\t\t\t\t\t\t\t\t\t\t\t\t\t\t\t\t\t\t\t\t<div \n\t\t\t\t\t\t\t\t\t\t\t\t\tstyle=\"width:164px;\"\t\t\t\t\t\t\t\t\t\t\t\t\tclass=\"gllr_single_image_text gllr_single_image_text_under\">Kiefernspanner - Bild-Nr. Dieter_150602_6501&nbsp;<\/div>\n\t\t\t\t\t\t\t\t\t\t\t\t\t\t\t\t\t\t\t\t\t\t\t<\/div><!-- .gllr_image_block -->\n\t\t\t\t\t\t\t\t\t\t\t\t\t\t\t\t\t\t\t\t\t<div class=\"gllr_image_block\">\n\t\t\t\t\t\t\t\t\t\t\t\t<p style=\"\n\t\t\t\t\t\t\t\t\t\t\t\twidth:164px;height:164px;\t\t\t\t\t\t\t\t\t\t\t\t\">\n\t\t\t\t\t\t\t\t\t\t\t\t\t\t\t\t\t\t\t\t\t\t\t\t\t\t\t\t<a data-fancybox=\"gallery_fancybox\" href=\"https:\/\/woerrlein-naturfoto.de\/wordpress\/wp-content\/uploads\/2015\/08\/Neuntoeter_D150528_445955c7c6b925d67.jpg\" title=\"Neunt\u00f6ter - Bild-Nr. Dieter_150528_4459\" >\n\t\t\t\t\t\t\t\t\t\t\t\t\t\t\t\t<img decoding=\"async\" width=&quot;158&quot; height=&quot;158&quot; style=\"width:158px; height:158px; border-width: 3px; border-color:#F1F1F1;border: 3px solid #F1F1F1\" alt=\"Neunt\u00f6ter\" title=\"Neunt\u00f6ter - Bild-Nr. Dieter_150528_4459\" src=\"https:\/\/woerrlein-naturfoto.de\/wordpress\/wp-content\/uploads\/2015\/08\/Neuntoeter_D150528_445955c7c6b925d67-200x200.jpg\" rel=\"https:\/\/woerrlein-naturfoto.de\/wordpress\/wp-content\/uploads\/2015\/08\/Neuntoeter_D150528_445955c7c6b925d67.jpg\" \/>\t\t\t\t\t\t\t\t\t\t\t\t\t\t\t<\/a>\n\t\t\t\t\t\t\t\t\t\t\t\t\t\t\t\t\t\t\t\t\t\t\t\t\t\t<\/p>\n\t\t\t\t\t\t\t\t\t\t\t\t\t\t\t\t\t\t\t\t\t\t\t\t\t<div \n\t\t\t\t\t\t\t\t\t\t\t\t\tstyle=\"width:164px;\"\t\t\t\t\t\t\t\t\t\t\t\t\tclass=\"gllr_single_image_text gllr_single_image_text_under\">Neunt\u00f6ter - Bild-Nr. Dieter_150528_4459&nbsp;<\/div>\n\t\t\t\t\t\t\t\t\t\t\t\t\t\t\t\t\t\t\t\t\t\t\t<\/div><!-- .gllr_image_block -->\n\t\t\t\t\t\t\t\t\t\t\t\t\t\t\t\t\t\t\t\t\t<div class=\"gllr_image_block\">\n\t\t\t\t\t\t\t\t\t\t\t\t<p style=\"\n\t\t\t\t\t\t\t\t\t\t\t\twidth:164px;height:164px;\t\t\t\t\t\t\t\t\t\t\t\t\">\n\t\t\t\t\t\t\t\t\t\t\t\t\t\t\t\t\t\t\t\t\t\t\t\t\t\t\t\t<a data-fancybox=\"gallery_fancybox\" href=\"https:\/\/woerrlein-naturfoto.de\/wordpress\/wp-content\/uploads\/2015\/08\/Neuntoeter_D150528_4469.jpg\" title=\"Neunt\u00f6ter - Bild-Nr. Dieter_150528_4469\" >\n\t\t\t\t\t\t\t\t\t\t\t\t\t\t\t\t<img decoding=\"async\" width=&quot;158&quot; height=&quot;158&quot; style=\"width:158px; height:158px; border-width: 3px; border-color:#F1F1F1;border: 3px solid #F1F1F1\" alt=\"Neunt\u00f6ter\" title=\"Neunt\u00f6ter - Bild-Nr. Dieter_150528_4469\" src=\"https:\/\/woerrlein-naturfoto.de\/wordpress\/wp-content\/uploads\/2015\/08\/Neuntoeter_D150528_4469-200x200.jpg\" rel=\"https:\/\/woerrlein-naturfoto.de\/wordpress\/wp-content\/uploads\/2015\/08\/Neuntoeter_D150528_4469.jpg\" \/>\t\t\t\t\t\t\t\t\t\t\t\t\t\t\t<\/a>\n\t\t\t\t\t\t\t\t\t\t\t\t\t\t\t\t\t\t\t\t\t\t\t\t\t\t<\/p>\n\t\t\t\t\t\t\t\t\t\t\t\t\t\t\t\t\t\t\t\t\t\t\t\t\t<div \n\t\t\t\t\t\t\t\t\t\t\t\t\tstyle=\"width:164px;\"\t\t\t\t\t\t\t\t\t\t\t\t\tclass=\"gllr_single_image_text gllr_single_image_text_under\">Neunt\u00f6ter - Bild-Nr. Dieter_150528_4469&nbsp;<\/div>\n\t\t\t\t\t\t\t\t\t\t\t\t\t\t\t\t\t\t\t\t\t\t\t<\/div><!-- .gllr_image_block -->\n\t\t\t\t\t\t\t\t\t\t\t\t\t\t\t\t\t\t\t\t\t<div class=\"gllr_image_block\">\n\t\t\t\t\t\t\t\t\t\t\t\t<p style=\"\n\t\t\t\t\t\t\t\t\t\t\t\twidth:164px;height:164px;\t\t\t\t\t\t\t\t\t\t\t\t\">\n\t\t\t\t\t\t\t\t\t\t\t\t\t\t\t\t\t\t\t\t\t\t\t\t\t\t\t\t<a data-fancybox=\"gallery_fancybox\" href=\"https:\/\/woerrlein-naturfoto.de\/wordpress\/wp-content\/uploads\/2015\/08\/Neuntoeter_D150529_477955c7c6b89975b.jpg\" title=\"Neunt\u00f6ter - Bild-Nr. Dieter_150529_4778\" >\n\t\t\t\t\t\t\t\t\t\t\t\t\t\t\t\t<img decoding=\"async\" width=&quot;158&quot; height=&quot;158&quot; style=\"width:158px; height:158px; border-width: 3px; border-color:#F1F1F1;border: 3px solid #F1F1F1\" alt=\"Neunt\u00f6ter\" title=\"Neunt\u00f6ter - Bild-Nr. Dieter_150529_4778\" src=\"https:\/\/woerrlein-naturfoto.de\/wordpress\/wp-content\/uploads\/2015\/08\/Neuntoeter_D150529_477955c7c6b89975b-200x200.jpg\" rel=\"https:\/\/woerrlein-naturfoto.de\/wordpress\/wp-content\/uploads\/2015\/08\/Neuntoeter_D150529_477955c7c6b89975b.jpg\" \/>\t\t\t\t\t\t\t\t\t\t\t\t\t\t\t<\/a>\n\t\t\t\t\t\t\t\t\t\t\t\t\t\t\t\t\t\t\t\t\t\t\t\t\t\t<\/p>\n\t\t\t\t\t\t\t\t\t\t\t\t\t\t\t\t\t\t\t\t\t\t\t\t\t<div \n\t\t\t\t\t\t\t\t\t\t\t\t\tstyle=\"width:164px;\"\t\t\t\t\t\t\t\t\t\t\t\t\tclass=\"gllr_single_image_text gllr_single_image_text_under\">Neunt\u00f6ter - Bild-Nr. Dieter_150529_4778&nbsp;<\/div>\n\t\t\t\t\t\t\t\t\t\t\t\t\t\t\t\t\t\t\t\t\t\t\t<\/div><!-- .gllr_image_block -->\n\t\t\t\t\t\t\t\t\t\t\t\t\t\t\t\t\t\t\t\t\t<div class=\"gllr_image_block\">\n\t\t\t\t\t\t\t\t\t\t\t\t<p style=\"\n\t\t\t\t\t\t\t\t\t\t\t\twidth:164px;height:164px;\t\t\t\t\t\t\t\t\t\t\t\t\">\n\t\t\t\t\t\t\t\t\t\t\t\t\t\t\t\t\t\t\t\t\t\t\t\t\t\t\t\t<a data-fancybox=\"gallery_fancybox\" href=\"https:\/\/woerrlein-naturfoto.de\/wordpress\/wp-content\/uploads\/2015\/01\/Pappelschwaermer_D150602_6491.jpg\" title=\"Pappelschw\u00e4rmer - Bild-Nr. Dieter_150602_6491\" >\n\t\t\t\t\t\t\t\t\t\t\t\t\t\t\t\t<img decoding=\"async\" width=&quot;158&quot; height=&quot;158&quot; style=\"width:158px; height:158px; border-width: 3px; border-color:#F1F1F1;border: 3px solid #F1F1F1\" alt=\"Pappelschw\u00e4rmer\" title=\"Pappelschw\u00e4rmer - Bild-Nr. Dieter_150602_6491\" src=\"https:\/\/woerrlein-naturfoto.de\/wordpress\/wp-content\/uploads\/2015\/01\/Pappelschwaermer_D150602_6491-200x200.jpg\" rel=\"https:\/\/woerrlein-naturfoto.de\/wordpress\/wp-content\/uploads\/2015\/01\/Pappelschwaermer_D150602_6491.jpg\" \/>\t\t\t\t\t\t\t\t\t\t\t\t\t\t\t<\/a>\n\t\t\t\t\t\t\t\t\t\t\t\t\t\t\t\t\t\t\t\t\t\t\t\t\t\t<\/p>\n\t\t\t\t\t\t\t\t\t\t\t\t\t\t\t\t\t\t\t\t\t\t\t\t\t<div \n\t\t\t\t\t\t\t\t\t\t\t\t\tstyle=\"width:164px;\"\t\t\t\t\t\t\t\t\t\t\t\t\tclass=\"gllr_single_image_text gllr_single_image_text_under\">Pappelschw\u00e4rmer - Bild-Nr. Dieter_150602_6491&nbsp;<\/div>\n\t\t\t\t\t\t\t\t\t\t\t\t\t\t\t\t\t\t\t\t\t\t\t<\/div><!-- .gllr_image_block -->\n\t\t\t\t\t\t\t\t\t\t\t\t\t\t\t\t\t\t\t\t\t<div class=\"gllr_image_block\">\n\t\t\t\t\t\t\t\t\t\t\t\t<p style=\"\n\t\t\t\t\t\t\t\t\t\t\t\twidth:164px;height:164px;\t\t\t\t\t\t\t\t\t\t\t\t\">\n\t\t\t\t\t\t\t\t\t\t\t\t\t\t\t\t\t\t\t\t\t\t\t\t\t\t\t\t<a data-fancybox=\"gallery_fancybox\" href=\"https:\/\/woerrlein-naturfoto.de\/wordpress\/wp-content\/uploads\/2014\/12\/Purpurreiher_AW03319L_2234x1489.jpg\" title=\"Purpurreiher - Bild-Nr. Anke_03319L\" >\n\t\t\t\t\t\t\t\t\t\t\t\t\t\t\t\t<img decoding=\"async\" width=&quot;158&quot; height=&quot;158&quot; style=\"width:158px; height:158px; border-width: 3px; border-color:#F1F1F1;border: 3px solid #F1F1F1\" alt=\"Purpurreiher\" title=\"Purpurreiher - Bild-Nr. Anke_03319L\" src=\"https:\/\/woerrlein-naturfoto.de\/wordpress\/wp-content\/uploads\/2014\/12\/Purpurreiher_AW03319L_2234x1489-200x200.jpg\" rel=\"https:\/\/woerrlein-naturfoto.de\/wordpress\/wp-content\/uploads\/2014\/12\/Purpurreiher_AW03319L_2234x1489.jpg\" \/>\t\t\t\t\t\t\t\t\t\t\t\t\t\t\t<\/a>\n\t\t\t\t\t\t\t\t\t\t\t\t\t\t\t\t\t\t\t\t\t\t\t\t\t\t<\/p>\n\t\t\t\t\t\t\t\t\t\t\t\t\t\t\t\t\t\t\t\t\t\t\t\t\t<div \n\t\t\t\t\t\t\t\t\t\t\t\t\tstyle=\"width:164px;\"\t\t\t\t\t\t\t\t\t\t\t\t\tclass=\"gllr_single_image_text gllr_single_image_text_under\">Purpurreiher - Bild-Nr. Anke_03319L&nbsp;<\/div>\n\t\t\t\t\t\t\t\t\t\t\t\t\t\t\t\t\t\t\t\t\t\t\t<\/div><!-- .gllr_image_block -->\n\t\t\t\t\t\t\t\t\t\t\t\t\t\t\t\t\t\t\t\t\t<div class=\"gllr_image_block\">\n\t\t\t\t\t\t\t\t\t\t\t\t<p style=\"\n\t\t\t\t\t\t\t\t\t\t\t\twidth:164px;height:164px;\t\t\t\t\t\t\t\t\t\t\t\t\">\n\t\t\t\t\t\t\t\t\t\t\t\t\t\t\t\t\t\t\t\t\t\t\t\t\t\t\t\t<a data-fancybox=\"gallery_fancybox\" href=\"https:\/\/woerrlein-naturfoto.de\/wordpress\/wp-content\/uploads\/2015\/02\/Rehbock_D150601_6119.jpg\" title=\"Rehbock - Bild-Nr. Dieter_150601_6119\" >\n\t\t\t\t\t\t\t\t\t\t\t\t\t\t\t\t<img decoding=\"async\" width=&quot;158&quot; height=&quot;158&quot; style=\"width:158px; height:158px; border-width: 3px; border-color:#F1F1F1;border: 3px solid #F1F1F1\" alt=\"Rehbock\" title=\"Rehbock - Bild-Nr. Dieter_150601_6119\" src=\"https:\/\/woerrlein-naturfoto.de\/wordpress\/wp-content\/uploads\/2015\/02\/Rehbock_D150601_6119-200x200.jpg\" rel=\"https:\/\/woerrlein-naturfoto.de\/wordpress\/wp-content\/uploads\/2015\/02\/Rehbock_D150601_6119.jpg\" \/>\t\t\t\t\t\t\t\t\t\t\t\t\t\t\t<\/a>\n\t\t\t\t\t\t\t\t\t\t\t\t\t\t\t\t\t\t\t\t\t\t\t\t\t\t<\/p>\n\t\t\t\t\t\t\t\t\t\t\t\t\t\t\t\t\t\t\t\t\t\t\t\t\t<div \n\t\t\t\t\t\t\t\t\t\t\t\t\tstyle=\"width:164px;\"\t\t\t\t\t\t\t\t\t\t\t\t\tclass=\"gllr_single_image_text gllr_single_image_text_under\">Rehbock - Bild-Nr. Dieter_150601_6119&nbsp;<\/div>\n\t\t\t\t\t\t\t\t\t\t\t\t\t\t\t\t\t\t\t\t\t\t\t<\/div><!-- .gllr_image_block -->\n\t\t\t\t\t\t\t\t\t\t\t\t\t\t\t\t\t\t\t\t\t<\/div><!-- .gllr_image_row -->\n\t\t\t\t\t\t\t\t\t\t\t\t\t\t\t\t\t\t\t\t\t\t<div class=\"gllr_image_row\">\n\t\t\t\t\t\t\t\t\t\t\t\t\t\t\t\t\t\t\t\t\t<div class=\"gllr_image_block\">\n\t\t\t\t\t\t\t\t\t\t\t\t<p style=\"\n\t\t\t\t\t\t\t\t\t\t\t\twidth:164px;height:164px;\t\t\t\t\t\t\t\t\t\t\t\t\">\n\t\t\t\t\t\t\t\t\t\t\t\t\t\t\t\t\t\t\t\t\t\t\t\t\t\t\t\t<a data-fancybox=\"gallery_fancybox\" href=\"https:\/\/woerrlein-naturfoto.de\/wordpress\/wp-content\/uploads\/2015\/08\/ResedaWeissling_D150531_5690.jpg\" title=\"Reseda-Wei\u00dfling - Bild-Nr. Dieter_150531_5690\" >\n\t\t\t\t\t\t\t\t\t\t\t\t\t\t\t\t<img decoding=\"async\" width=&quot;158&quot; height=&quot;158&quot; style=\"width:158px; height:158px; border-width: 3px; border-color:#F1F1F1;border: 3px solid #F1F1F1\" alt=\"Reseda-Wei\u00dfling\" title=\"Reseda-Wei\u00dfling - Bild-Nr. Dieter_150531_5690\" src=\"https:\/\/woerrlein-naturfoto.de\/wordpress\/wp-content\/uploads\/2015\/08\/ResedaWeissling_D150531_5690-200x200.jpg\" rel=\"https:\/\/woerrlein-naturfoto.de\/wordpress\/wp-content\/uploads\/2015\/08\/ResedaWeissling_D150531_5690.jpg\" \/>\t\t\t\t\t\t\t\t\t\t\t\t\t\t\t<\/a>\n\t\t\t\t\t\t\t\t\t\t\t\t\t\t\t\t\t\t\t\t\t\t\t\t\t\t<\/p>\n\t\t\t\t\t\t\t\t\t\t\t\t\t\t\t\t\t\t\t\t\t\t\t\t\t<div \n\t\t\t\t\t\t\t\t\t\t\t\t\tstyle=\"width:164px;\"\t\t\t\t\t\t\t\t\t\t\t\t\tclass=\"gllr_single_image_text gllr_single_image_text_under\">Reseda-Wei\u00dfling - Bild-Nr. Dieter_150531_5690&nbsp;<\/div>\n\t\t\t\t\t\t\t\t\t\t\t\t\t\t\t\t\t\t\t\t\t\t\t<\/div><!-- .gllr_image_block -->\n\t\t\t\t\t\t\t\t\t\t\t\t\t\t\t\t\t\t\t\t\t<div class=\"gllr_image_block\">\n\t\t\t\t\t\t\t\t\t\t\t\t<p style=\"\n\t\t\t\t\t\t\t\t\t\t\t\twidth:164px;height:164px;\t\t\t\t\t\t\t\t\t\t\t\t\">\n\t\t\t\t\t\t\t\t\t\t\t\t\t\t\t\t\t\t\t\t\t\t\t\t\t\t\t\t<a data-fancybox=\"gallery_fancybox\" href=\"https:\/\/woerrlein-naturfoto.de\/wordpress\/wp-content\/uploads\/2015\/08\/Braundickkopffalter_D150529_4649.jpg\" title=\"Rostfarbiger Dickkopffalter - Bild-Nr. Dieter_150529_4649\" >\n\t\t\t\t\t\t\t\t\t\t\t\t\t\t\t\t<img decoding=\"async\" width=&quot;158&quot; height=&quot;158&quot; style=\"width:158px; height:158px; border-width: 3px; border-color:#F1F1F1;border: 3px solid #F1F1F1\" alt=\"Rostfarbiger Dickkopffalter\" title=\"Rostfarbiger Dickkopffalter - Bild-Nr. Dieter_150529_4649\" src=\"https:\/\/woerrlein-naturfoto.de\/wordpress\/wp-content\/uploads\/2015\/08\/Braundickkopffalter_D150529_4649-200x200.jpg\" rel=\"https:\/\/woerrlein-naturfoto.de\/wordpress\/wp-content\/uploads\/2015\/08\/Braundickkopffalter_D150529_4649.jpg\" \/>\t\t\t\t\t\t\t\t\t\t\t\t\t\t\t<\/a>\n\t\t\t\t\t\t\t\t\t\t\t\t\t\t\t\t\t\t\t\t\t\t\t\t\t\t<\/p>\n\t\t\t\t\t\t\t\t\t\t\t\t\t\t\t\t\t\t\t\t\t\t\t\t\t<div \n\t\t\t\t\t\t\t\t\t\t\t\t\tstyle=\"width:164px;\"\t\t\t\t\t\t\t\t\t\t\t\t\tclass=\"gllr_single_image_text gllr_single_image_text_under\">Rostfarbiger Dickkopffalter - Bild-Nr. Dieter_150529_4649&nbsp;<\/div>\n\t\t\t\t\t\t\t\t\t\t\t\t\t\t\t\t\t\t\t\t\t\t\t<\/div><!-- .gllr_image_block -->\n\t\t\t\t\t\t\t\t\t\t\t\t\t\t\t\t\t\t\t\t\t<div class=\"gllr_image_block\">\n\t\t\t\t\t\t\t\t\t\t\t\t<p style=\"\n\t\t\t\t\t\t\t\t\t\t\t\twidth:164px;height:164px;\t\t\t\t\t\t\t\t\t\t\t\t\">\n\t\t\t\t\t\t\t\t\t\t\t\t\t\t\t\t\t\t\t\t\t\t\t\t\t\t\t\t<a data-fancybox=\"gallery_fancybox\" href=\"https:\/\/woerrlein-naturfoto.de\/wordpress\/wp-content\/uploads\/2014\/12\/Rotfussfalke_D150602_6762.jpg\" title=\"Rotfussfalke - Bild-Nr. Dieter_150602_6762\" >\n\t\t\t\t\t\t\t\t\t\t\t\t\t\t\t\t<img decoding=\"async\" width=&quot;158&quot; height=&quot;158&quot; style=\"width:158px; height:158px; border-width: 3px; border-color:#F1F1F1;border: 3px solid #F1F1F1\" alt=\"Rotfu\u00dffalke\" title=\"Rotfussfalke - Bild-Nr. Dieter_150602_6762\" src=\"https:\/\/woerrlein-naturfoto.de\/wordpress\/wp-content\/uploads\/2014\/12\/Rotfussfalke_D150602_6762-195x195.jpg\" rel=\"https:\/\/woerrlein-naturfoto.de\/wordpress\/wp-content\/uploads\/2014\/12\/Rotfussfalke_D150602_6762.jpg\" \/>\t\t\t\t\t\t\t\t\t\t\t\t\t\t\t<\/a>\n\t\t\t\t\t\t\t\t\t\t\t\t\t\t\t\t\t\t\t\t\t\t\t\t\t\t<\/p>\n\t\t\t\t\t\t\t\t\t\t\t\t\t\t\t\t\t\t\t\t\t\t\t\t\t<div \n\t\t\t\t\t\t\t\t\t\t\t\t\tstyle=\"width:164px;\"\t\t\t\t\t\t\t\t\t\t\t\t\tclass=\"gllr_single_image_text gllr_single_image_text_under\">Rotfussfalke - Bild-Nr. Dieter_150602_6762&nbsp;<\/div>\n\t\t\t\t\t\t\t\t\t\t\t\t\t\t\t\t\t\t\t\t\t\t\t<\/div><!-- .gllr_image_block -->\n\t\t\t\t\t\t\t\t\t\t\t\t\t\t\t\t\t\t\t\t\t<div class=\"gllr_image_block\">\n\t\t\t\t\t\t\t\t\t\t\t\t<p style=\"\n\t\t\t\t\t\t\t\t\t\t\t\twidth:164px;height:164px;\t\t\t\t\t\t\t\t\t\t\t\t\">\n\t\t\t\t\t\t\t\t\t\t\t\t\t\t\t\t\t\t\t\t\t\t\t\t\t\t\t\t<a data-fancybox=\"gallery_fancybox\" href=\"https:\/\/woerrlein-naturfoto.de\/wordpress\/wp-content\/uploads\/2014\/12\/Rotfussfalke_D150602_6774.jpg\" title=\"Rotfussfalke - Bild-Nr. Dieter_150603_6774\" >\n\t\t\t\t\t\t\t\t\t\t\t\t\t\t\t\t<img decoding=\"async\" width=&quot;158&quot; height=&quot;158&quot; style=\"width:158px; height:158px; border-width: 3px; border-color:#F1F1F1;border: 3px solid #F1F1F1\" alt=\"Rotfu\u00dffalke\" title=\"Rotfussfalke - Bild-Nr. Dieter_150603_6774\" src=\"https:\/\/woerrlein-naturfoto.de\/wordpress\/wp-content\/uploads\/2014\/12\/Rotfussfalke_D150602_6774-195x195.jpg\" rel=\"https:\/\/woerrlein-naturfoto.de\/wordpress\/wp-content\/uploads\/2014\/12\/Rotfussfalke_D150602_6774.jpg\" \/>\t\t\t\t\t\t\t\t\t\t\t\t\t\t\t<\/a>\n\t\t\t\t\t\t\t\t\t\t\t\t\t\t\t\t\t\t\t\t\t\t\t\t\t\t<\/p>\n\t\t\t\t\t\t\t\t\t\t\t\t\t\t\t\t\t\t\t\t\t\t\t\t\t<div \n\t\t\t\t\t\t\t\t\t\t\t\t\tstyle=\"width:164px;\"\t\t\t\t\t\t\t\t\t\t\t\t\tclass=\"gllr_single_image_text gllr_single_image_text_under\">Rotfussfalke - Bild-Nr. Dieter_150603_6774&nbsp;<\/div>\n\t\t\t\t\t\t\t\t\t\t\t\t\t\t\t\t\t\t\t\t\t\t\t<\/div><!-- .gllr_image_block -->\n\t\t\t\t\t\t\t\t\t\t\t\t\t\t\t\t\t\t\t\t\t<div class=\"gllr_image_block\">\n\t\t\t\t\t\t\t\t\t\t\t\t<p style=\"\n\t\t\t\t\t\t\t\t\t\t\t\twidth:164px;height:164px;\t\t\t\t\t\t\t\t\t\t\t\t\">\n\t\t\t\t\t\t\t\t\t\t\t\t\t\t\t\t\t\t\t\t\t\t\t\t\t\t\t\t<a data-fancybox=\"gallery_fancybox\" href=\"https:\/\/woerrlein-naturfoto.de\/wordpress\/wp-content\/uploads\/2014\/12\/Rotfussfalke_D150602_6789.jpg\" title=\"Rotfussfalke - Bild-Nr. Dieter_150602_6789\" >\n\t\t\t\t\t\t\t\t\t\t\t\t\t\t\t\t<img decoding=\"async\" width=&quot;158&quot; height=&quot;158&quot; style=\"width:158px; height:158px; border-width: 3px; border-color:#F1F1F1;border: 3px solid #F1F1F1\" alt=\"Rotfu\u00dffalke\" title=\"Rotfussfalke - Bild-Nr. Dieter_150602_6789\" src=\"https:\/\/woerrlein-naturfoto.de\/wordpress\/wp-content\/uploads\/2014\/12\/Rotfussfalke_D150602_6789-195x195.jpg\" rel=\"https:\/\/woerrlein-naturfoto.de\/wordpress\/wp-content\/uploads\/2014\/12\/Rotfussfalke_D150602_6789.jpg\" \/>\t\t\t\t\t\t\t\t\t\t\t\t\t\t\t<\/a>\n\t\t\t\t\t\t\t\t\t\t\t\t\t\t\t\t\t\t\t\t\t\t\t\t\t\t<\/p>\n\t\t\t\t\t\t\t\t\t\t\t\t\t\t\t\t\t\t\t\t\t\t\t\t\t<div \n\t\t\t\t\t\t\t\t\t\t\t\t\tstyle=\"width:164px;\"\t\t\t\t\t\t\t\t\t\t\t\t\tclass=\"gllr_single_image_text gllr_single_image_text_under\">Rotfussfalke - Bild-Nr. Dieter_150602_6789&nbsp;<\/div>\n\t\t\t\t\t\t\t\t\t\t\t\t\t\t\t\t\t\t\t\t\t\t\t<\/div><!-- .gllr_image_block -->\n\t\t\t\t\t\t\t\t\t\t\t\t\t\t\t\t\t\t\t\t\t<div class=\"gllr_image_block\">\n\t\t\t\t\t\t\t\t\t\t\t\t<p style=\"\n\t\t\t\t\t\t\t\t\t\t\t\twidth:164px;height:164px;\t\t\t\t\t\t\t\t\t\t\t\t\">\n\t\t\t\t\t\t\t\t\t\t\t\t\t\t\t\t\t\t\t\t\t\t\t\t\t\t\t\t<a data-fancybox=\"gallery_fancybox\" href=\"https:\/\/woerrlein-naturfoto.de\/wordpress\/wp-content\/uploads\/2014\/12\/Rotfussfalke_D150602_6850.jpg\" title=\"Rotfussfalke - Bild-Nr. Dieter_150602_6850\" >\n\t\t\t\t\t\t\t\t\t\t\t\t\t\t\t\t<img decoding=\"async\" width=&quot;158&quot; height=&quot;158&quot; style=\"width:158px; height:158px; border-width: 3px; border-color:#F1F1F1;border: 3px solid #F1F1F1\" alt=\"Rotfu\u00dffalke\" title=\"Rotfussfalke - Bild-Nr. Dieter_150602_6850\" src=\"https:\/\/woerrlein-naturfoto.de\/wordpress\/wp-content\/uploads\/2014\/12\/Rotfussfalke_D150602_6850-195x195.jpg\" rel=\"https:\/\/woerrlein-naturfoto.de\/wordpress\/wp-content\/uploads\/2014\/12\/Rotfussfalke_D150602_6850.jpg\" \/>\t\t\t\t\t\t\t\t\t\t\t\t\t\t\t<\/a>\n\t\t\t\t\t\t\t\t\t\t\t\t\t\t\t\t\t\t\t\t\t\t\t\t\t\t<\/p>\n\t\t\t\t\t\t\t\t\t\t\t\t\t\t\t\t\t\t\t\t\t\t\t\t\t<div \n\t\t\t\t\t\t\t\t\t\t\t\t\tstyle=\"width:164px;\"\t\t\t\t\t\t\t\t\t\t\t\t\tclass=\"gllr_single_image_text gllr_single_image_text_under\">Rotfussfalke - Bild-Nr. Dieter_150602_6850&nbsp;<\/div>\n\t\t\t\t\t\t\t\t\t\t\t\t\t\t\t\t\t\t\t\t\t\t\t<\/div><!-- .gllr_image_block -->\n\t\t\t\t\t\t\t\t\t\t\t\t\t\t\t\t\t\t\t\t\t<div class=\"gllr_image_block\">\n\t\t\t\t\t\t\t\t\t\t\t\t<p style=\"\n\t\t\t\t\t\t\t\t\t\t\t\twidth:164px;height:164px;\t\t\t\t\t\t\t\t\t\t\t\t\">\n\t\t\t\t\t\t\t\t\t\t\t\t\t\t\t\t\t\t\t\t\t\t\t\t\t\t\t\t<a data-fancybox=\"gallery_fancybox\" href=\"https:\/\/woerrlein-naturfoto.de\/wordpress\/wp-content\/uploads\/2014\/12\/Rotfussfalke_D150603_6959.jpg\" title=\"Rotfussfalke - Bild-Nr. Dieter_150603_6959\" >\n\t\t\t\t\t\t\t\t\t\t\t\t\t\t\t\t<img decoding=\"async\" width=&quot;158&quot; height=&quot;158&quot; style=\"width:158px; height:158px; border-width: 3px; border-color:#F1F1F1;border: 3px solid #F1F1F1\" alt=\"Rotfu\u00dffalke\" title=\"Rotfussfalke - Bild-Nr. Dieter_150603_6959\" src=\"https:\/\/woerrlein-naturfoto.de\/wordpress\/wp-content\/uploads\/2014\/12\/Rotfussfalke_D150603_6959-195x195.jpg\" rel=\"https:\/\/woerrlein-naturfoto.de\/wordpress\/wp-content\/uploads\/2014\/12\/Rotfussfalke_D150603_6959.jpg\" \/>\t\t\t\t\t\t\t\t\t\t\t\t\t\t\t<\/a>\n\t\t\t\t\t\t\t\t\t\t\t\t\t\t\t\t\t\t\t\t\t\t\t\t\t\t<\/p>\n\t\t\t\t\t\t\t\t\t\t\t\t\t\t\t\t\t\t\t\t\t\t\t\t\t<div \n\t\t\t\t\t\t\t\t\t\t\t\t\tstyle=\"width:164px;\"\t\t\t\t\t\t\t\t\t\t\t\t\tclass=\"gllr_single_image_text gllr_single_image_text_under\">Rotfussfalke - Bild-Nr. Dieter_150603_6959&nbsp;<\/div>\n\t\t\t\t\t\t\t\t\t\t\t\t\t\t\t\t\t\t\t\t\t\t\t<\/div><!-- .gllr_image_block -->\n\t\t\t\t\t\t\t\t\t\t\t\t\t\t\t\t\t\t\t\t\t<div class=\"gllr_image_block\">\n\t\t\t\t\t\t\t\t\t\t\t\t<p style=\"\n\t\t\t\t\t\t\t\t\t\t\t\twidth:164px;height:164px;\t\t\t\t\t\t\t\t\t\t\t\t\">\n\t\t\t\t\t\t\t\t\t\t\t\t\t\t\t\t\t\t\t\t\t\t\t\t\t\t\t\t<a data-fancybox=\"gallery_fancybox\" href=\"https:\/\/woerrlein-naturfoto.de\/wordpress\/wp-content\/uploads\/2014\/12\/Rotfussfalke_D150603_6967.jpg\" title=\"Rotfussfalke - Bild-Nr. Dieter_150603_6967\" >\n\t\t\t\t\t\t\t\t\t\t\t\t\t\t\t\t<img decoding=\"async\" width=&quot;158&quot; height=&quot;158&quot; style=\"width:158px; height:158px; border-width: 3px; border-color:#F1F1F1;border: 3px solid #F1F1F1\" alt=\"Rotfu\u00dffalke\" title=\"Rotfussfalke - Bild-Nr. Dieter_150603_6967\" src=\"https:\/\/woerrlein-naturfoto.de\/wordpress\/wp-content\/uploads\/2014\/12\/Rotfussfalke_D150603_6967-200x200.jpg\" rel=\"https:\/\/woerrlein-naturfoto.de\/wordpress\/wp-content\/uploads\/2014\/12\/Rotfussfalke_D150603_6967.jpg\" \/>\t\t\t\t\t\t\t\t\t\t\t\t\t\t\t<\/a>\n\t\t\t\t\t\t\t\t\t\t\t\t\t\t\t\t\t\t\t\t\t\t\t\t\t\t<\/p>\n\t\t\t\t\t\t\t\t\t\t\t\t\t\t\t\t\t\t\t\t\t\t\t\t\t<div \n\t\t\t\t\t\t\t\t\t\t\t\t\tstyle=\"width:164px;\"\t\t\t\t\t\t\t\t\t\t\t\t\tclass=\"gllr_single_image_text gllr_single_image_text_under\">Rotfussfalke - Bild-Nr. Dieter_150603_6967&nbsp;<\/div>\n\t\t\t\t\t\t\t\t\t\t\t\t\t\t\t\t\t\t\t\t\t\t\t<\/div><!-- .gllr_image_block -->\n\t\t\t\t\t\t\t\t\t\t\t\t\t\t\t\t\t\t\t\t\t<\/div><!-- .gllr_image_row -->\n\t\t\t\t\t\t\t\t\t\t\t\t\t\t\t\t\t\t\t\t\t\t<div class=\"gllr_image_row\">\n\t\t\t\t\t\t\t\t\t\t\t\t\t\t\t\t\t\t\t\t\t<div class=\"gllr_image_block\">\n\t\t\t\t\t\t\t\t\t\t\t\t<p style=\"\n\t\t\t\t\t\t\t\t\t\t\t\twidth:164px;height:164px;\t\t\t\t\t\t\t\t\t\t\t\t\">\n\t\t\t\t\t\t\t\t\t\t\t\t\t\t\t\t\t\t\t\t\t\t\t\t\t\t\t\t<a data-fancybox=\"gallery_fancybox\" href=\"https:\/\/woerrlein-naturfoto.de\/wordpress\/wp-content\/uploads\/2014\/12\/Rotfussfalke_D150603_6986.jpg\" title=\"Rotfussfalke - Bild-Nr. Dieter_150603_6986\" >\n\t\t\t\t\t\t\t\t\t\t\t\t\t\t\t\t<img decoding=\"async\" width=&quot;158&quot; height=&quot;158&quot; style=\"width:158px; height:158px; border-width: 3px; border-color:#F1F1F1;border: 3px solid #F1F1F1\" alt=\"Rotfu\u00dffalke\" title=\"Rotfussfalke - Bild-Nr. Dieter_150603_6986\" src=\"https:\/\/woerrlein-naturfoto.de\/wordpress\/wp-content\/uploads\/2014\/12\/Rotfussfalke_D150603_6986-195x195.jpg\" rel=\"https:\/\/woerrlein-naturfoto.de\/wordpress\/wp-content\/uploads\/2014\/12\/Rotfussfalke_D150603_6986.jpg\" \/>\t\t\t\t\t\t\t\t\t\t\t\t\t\t\t<\/a>\n\t\t\t\t\t\t\t\t\t\t\t\t\t\t\t\t\t\t\t\t\t\t\t\t\t\t<\/p>\n\t\t\t\t\t\t\t\t\t\t\t\t\t\t\t\t\t\t\t\t\t\t\t\t\t<div \n\t\t\t\t\t\t\t\t\t\t\t\t\tstyle=\"width:164px;\"\t\t\t\t\t\t\t\t\t\t\t\t\tclass=\"gllr_single_image_text gllr_single_image_text_under\">Rotfussfalke - Bild-Nr. Dieter_150603_6986&nbsp;<\/div>\n\t\t\t\t\t\t\t\t\t\t\t\t\t\t\t\t\t\t\t\t\t\t\t<\/div><!-- .gllr_image_block -->\n\t\t\t\t\t\t\t\t\t\t\t\t\t\t\t\t\t\t\t\t\t<div class=\"gllr_image_block\">\n\t\t\t\t\t\t\t\t\t\t\t\t<p style=\"\n\t\t\t\t\t\t\t\t\t\t\t\twidth:164px;height:164px;\t\t\t\t\t\t\t\t\t\t\t\t\">\n\t\t\t\t\t\t\t\t\t\t\t\t\t\t\t\t\t\t\t\t\t\t\t\t\t\t\t\t<a data-fancybox=\"gallery_fancybox\" href=\"https:\/\/woerrlein-naturfoto.de\/wordpress\/wp-content\/uploads\/2014\/12\/Rotfussfalke_AW03351L_1195x1793.jpg\" title=\"Rotfussfalke - Bild-Nr. Anke_03351L\" >\n\t\t\t\t\t\t\t\t\t\t\t\t\t\t\t\t<img decoding=\"async\" width=&quot;158&quot; height=&quot;158&quot; style=\"width:158px; height:158px; border-width: 3px; border-color:#F1F1F1;border: 3px solid #F1F1F1\" alt=\"Rotfu\u00dffalke\" title=\"Rotfussfalke - Bild-Nr. Anke_03351L\" src=\"https:\/\/woerrlein-naturfoto.de\/wordpress\/wp-content\/uploads\/2014\/12\/Rotfussfalke_AW03351L_1195x1793-200x200.jpg\" rel=\"https:\/\/woerrlein-naturfoto.de\/wordpress\/wp-content\/uploads\/2014\/12\/Rotfussfalke_AW03351L_1195x1793.jpg\" \/>\t\t\t\t\t\t\t\t\t\t\t\t\t\t\t<\/a>\n\t\t\t\t\t\t\t\t\t\t\t\t\t\t\t\t\t\t\t\t\t\t\t\t\t\t<\/p>\n\t\t\t\t\t\t\t\t\t\t\t\t\t\t\t\t\t\t\t\t\t\t\t\t\t<div \n\t\t\t\t\t\t\t\t\t\t\t\t\tstyle=\"width:164px;\"\t\t\t\t\t\t\t\t\t\t\t\t\tclass=\"gllr_single_image_text gllr_single_image_text_under\">Rotfussfalke - Bild-Nr. Anke_03351L&nbsp;<\/div>\n\t\t\t\t\t\t\t\t\t\t\t\t\t\t\t\t\t\t\t\t\t\t\t<\/div><!-- .gllr_image_block -->\n\t\t\t\t\t\t\t\t\t\t\t\t\t\t\t\t\t\t\t\t\t<div class=\"gllr_image_block\">\n\t\t\t\t\t\t\t\t\t\t\t\t<p style=\"\n\t\t\t\t\t\t\t\t\t\t\t\twidth:164px;height:164px;\t\t\t\t\t\t\t\t\t\t\t\t\">\n\t\t\t\t\t\t\t\t\t\t\t\t\t\t\t\t\t\t\t\t\t\t\t\t\t\t\t\t<a data-fancybox=\"gallery_fancybox\" href=\"https:\/\/woerrlein-naturfoto.de\/wordpress\/wp-content\/uploads\/2015\/08\/SchwarzerBaer_D150602_6462.jpg\" title=\"Schwarzer B\u00e4r - Bild-Nr. Dieter_150602_6462\" >\n\t\t\t\t\t\t\t\t\t\t\t\t\t\t\t\t<img decoding=\"async\" width=&quot;158&quot; height=&quot;158&quot; style=\"width:158px; height:158px; border-width: 3px; border-color:#F1F1F1;border: 3px solid #F1F1F1\" alt=\"Schwarzer B\u00e4r\" title=\"Schwarzer B\u00e4r - Bild-Nr. Dieter_150602_6462\" src=\"https:\/\/woerrlein-naturfoto.de\/wordpress\/wp-content\/uploads\/2015\/08\/SchwarzerBaer_D150602_6462-200x200.jpg\" rel=\"https:\/\/woerrlein-naturfoto.de\/wordpress\/wp-content\/uploads\/2015\/08\/SchwarzerBaer_D150602_6462.jpg\" \/>\t\t\t\t\t\t\t\t\t\t\t\t\t\t\t<\/a>\n\t\t\t\t\t\t\t\t\t\t\t\t\t\t\t\t\t\t\t\t\t\t\t\t\t\t<\/p>\n\t\t\t\t\t\t\t\t\t\t\t\t\t\t\t\t\t\t\t\t\t\t\t\t\t<div \n\t\t\t\t\t\t\t\t\t\t\t\t\tstyle=\"width:164px;\"\t\t\t\t\t\t\t\t\t\t\t\t\tclass=\"gllr_single_image_text gllr_single_image_text_under\">Schwarzer B\u00e4r - Bild-Nr. Dieter_150602_6462&nbsp;<\/div>\n\t\t\t\t\t\t\t\t\t\t\t\t\t\t\t\t\t\t\t\t\t\t\t<\/div><!-- .gllr_image_block -->\n\t\t\t\t\t\t\t\t\t\t\t\t\t\t\t\t\t\t\t\t\t<div class=\"gllr_image_block\">\n\t\t\t\t\t\t\t\t\t\t\t\t<p style=\"\n\t\t\t\t\t\t\t\t\t\t\t\twidth:164px;height:164px;\t\t\t\t\t\t\t\t\t\t\t\t\">\n\t\t\t\t\t\t\t\t\t\t\t\t\t\t\t\t\t\t\t\t\t\t\t\t\t\t\t\t<a data-fancybox=\"gallery_fancybox\" href=\"https:\/\/woerrlein-naturfoto.de\/wordpress\/wp-content\/uploads\/2015\/08\/SchwarzerBaer_D150602_6549.jpg\" title=\"Schwarzer B\u00e4r - Bild-Nr. Dieter_150602_6549\" >\n\t\t\t\t\t\t\t\t\t\t\t\t\t\t\t\t<img decoding=\"async\" width=&quot;158&quot; height=&quot;158&quot; style=\"width:158px; height:158px; border-width: 3px; border-color:#F1F1F1;border: 3px solid #F1F1F1\" alt=\"Schwarzer B\u00e4r\" title=\"Schwarzer B\u00e4r - Bild-Nr. Dieter_150602_6549\" src=\"https:\/\/woerrlein-naturfoto.de\/wordpress\/wp-content\/uploads\/2015\/08\/SchwarzerBaer_D150602_6549-200x200.jpg\" rel=\"https:\/\/woerrlein-naturfoto.de\/wordpress\/wp-content\/uploads\/2015\/08\/SchwarzerBaer_D150602_6549.jpg\" \/>\t\t\t\t\t\t\t\t\t\t\t\t\t\t\t<\/a>\n\t\t\t\t\t\t\t\t\t\t\t\t\t\t\t\t\t\t\t\t\t\t\t\t\t\t<\/p>\n\t\t\t\t\t\t\t\t\t\t\t\t\t\t\t\t\t\t\t\t\t\t\t\t\t<div \n\t\t\t\t\t\t\t\t\t\t\t\t\tstyle=\"width:164px;\"\t\t\t\t\t\t\t\t\t\t\t\t\tclass=\"gllr_single_image_text gllr_single_image_text_under\">Schwarzer B\u00e4r - Bild-Nr. Dieter_150602_6549&nbsp;<\/div>\n\t\t\t\t\t\t\t\t\t\t\t\t\t\t\t\t\t\t\t\t\t\t\t<\/div><!-- .gllr_image_block -->\n\t\t\t\t\t\t\t\t\t\t\t\t\t\t\t\t\t\t\t\t\t<div class=\"gllr_image_block\">\n\t\t\t\t\t\t\t\t\t\t\t\t<p style=\"\n\t\t\t\t\t\t\t\t\t\t\t\twidth:164px;height:164px;\t\t\t\t\t\t\t\t\t\t\t\t\">\n\t\t\t\t\t\t\t\t\t\t\t\t\t\t\t\t\t\t\t\t\t\t\t\t\t\t\t\t<a data-fancybox=\"gallery_fancybox\" href=\"https:\/\/woerrlein-naturfoto.de\/wordpress\/wp-content\/uploads\/2015\/08\/Schwarzkehlchen_D150529_4798.jpg\" title=\"Schwarzkehlchen - Bild-Nr. Dieter_150529_4798\" >\n\t\t\t\t\t\t\t\t\t\t\t\t\t\t\t\t<img decoding=\"async\" width=&quot;158&quot; height=&quot;158&quot; style=\"width:158px; height:158px; border-width: 3px; border-color:#F1F1F1;border: 3px solid #F1F1F1\" alt=\"Schwarzkehlchen\" title=\"Schwarzkehlchen - Bild-Nr. Dieter_150529_4798\" src=\"https:\/\/woerrlein-naturfoto.de\/wordpress\/wp-content\/uploads\/2015\/08\/Schwarzkehlchen_D150529_4798-200x200.jpg\" rel=\"https:\/\/woerrlein-naturfoto.de\/wordpress\/wp-content\/uploads\/2015\/08\/Schwarzkehlchen_D150529_4798.jpg\" \/>\t\t\t\t\t\t\t\t\t\t\t\t\t\t\t<\/a>\n\t\t\t\t\t\t\t\t\t\t\t\t\t\t\t\t\t\t\t\t\t\t\t\t\t\t<\/p>\n\t\t\t\t\t\t\t\t\t\t\t\t\t\t\t\t\t\t\t\t\t\t\t\t\t<div \n\t\t\t\t\t\t\t\t\t\t\t\t\tstyle=\"width:164px;\"\t\t\t\t\t\t\t\t\t\t\t\t\tclass=\"gllr_single_image_text gllr_single_image_text_under\">Schwarzkehlchen - Bild-Nr. Dieter_150529_4798&nbsp;<\/div>\n\t\t\t\t\t\t\t\t\t\t\t\t\t\t\t\t\t\t\t\t\t\t\t<\/div><!-- .gllr_image_block -->\n\t\t\t\t\t\t\t\t\t\t\t\t\t\t\t\t\t\t\t\t\t<div class=\"gllr_image_block\">\n\t\t\t\t\t\t\t\t\t\t\t\t<p style=\"\n\t\t\t\t\t\t\t\t\t\t\t\twidth:164px;height:164px;\t\t\t\t\t\t\t\t\t\t\t\t\">\n\t\t\t\t\t\t\t\t\t\t\t\t\t\t\t\t\t\t\t\t\t\t\t\t\t\t\t\t<a data-fancybox=\"gallery_fancybox\" href=\"https:\/\/woerrlein-naturfoto.de\/wordpress\/wp-content\/uploads\/2015\/08\/Steinkauz_D150529_459955d36d7aa3c94.jpg\" title=\"Steinkauz - Bild-Nr. Dieter_D150529_4599\" >\n\t\t\t\t\t\t\t\t\t\t\t\t\t\t\t\t<img decoding=\"async\" width=&quot;158&quot; height=&quot;158&quot; style=\"width:158px; height:158px; border-width: 3px; border-color:#F1F1F1;border: 3px solid #F1F1F1\" alt=\"Steinkauz\" title=\"Steinkauz - Bild-Nr. Dieter_D150529_4599\" src=\"https:\/\/woerrlein-naturfoto.de\/wordpress\/wp-content\/uploads\/2015\/08\/Steinkauz_D150529_459955d36d7aa3c94-200x200.jpg\" rel=\"https:\/\/woerrlein-naturfoto.de\/wordpress\/wp-content\/uploads\/2015\/08\/Steinkauz_D150529_459955d36d7aa3c94.jpg\" \/>\t\t\t\t\t\t\t\t\t\t\t\t\t\t\t<\/a>\n\t\t\t\t\t\t\t\t\t\t\t\t\t\t\t\t\t\t\t\t\t\t\t\t\t\t<\/p>\n\t\t\t\t\t\t\t\t\t\t\t\t\t\t\t\t\t\t\t\t\t\t\t\t\t<div \n\t\t\t\t\t\t\t\t\t\t\t\t\tstyle=\"width:164px;\"\t\t\t\t\t\t\t\t\t\t\t\t\tclass=\"gllr_single_image_text gllr_single_image_text_under\">Steinkauz - Bild-Nr. Dieter_D150529_4599&nbsp;<\/div>\n\t\t\t\t\t\t\t\t\t\t\t\t\t\t\t\t\t\t\t\t\t\t\t<\/div><!-- .gllr_image_block -->\n\t\t\t\t\t\t\t\t\t\t\t\t\t\t\t\t\t\t\t\t\t<div class=\"gllr_image_block\">\n\t\t\t\t\t\t\t\t\t\t\t\t<p style=\"\n\t\t\t\t\t\t\t\t\t\t\t\twidth:164px;height:164px;\t\t\t\t\t\t\t\t\t\t\t\t\">\n\t\t\t\t\t\t\t\t\t\t\t\t\t\t\t\t\t\t\t\t\t\t\t\t\t\t\t\t<a data-fancybox=\"gallery_fancybox\" href=\"https:\/\/woerrlein-naturfoto.de\/wordpress\/wp-content\/uploads\/2015\/08\/Steinkauz_D150530_483055d36d7a50aa4.jpg\" title=\"Steinkauz - Bild-Nr. Dieter_D150530_4830\" >\n\t\t\t\t\t\t\t\t\t\t\t\t\t\t\t\t<img decoding=\"async\" width=&quot;158&quot; height=&quot;158&quot; style=\"width:158px; height:158px; border-width: 3px; border-color:#F1F1F1;border: 3px solid #F1F1F1\" alt=\"Steinkauz\" title=\"Steinkauz - Bild-Nr. Dieter_D150530_4830\" src=\"https:\/\/woerrlein-naturfoto.de\/wordpress\/wp-content\/uploads\/2015\/08\/Steinkauz_D150530_483055d36d7a50aa4-200x200.jpg\" rel=\"https:\/\/woerrlein-naturfoto.de\/wordpress\/wp-content\/uploads\/2015\/08\/Steinkauz_D150530_483055d36d7a50aa4.jpg\" \/>\t\t\t\t\t\t\t\t\t\t\t\t\t\t\t<\/a>\n\t\t\t\t\t\t\t\t\t\t\t\t\t\t\t\t\t\t\t\t\t\t\t\t\t\t<\/p>\n\t\t\t\t\t\t\t\t\t\t\t\t\t\t\t\t\t\t\t\t\t\t\t\t\t<div \n\t\t\t\t\t\t\t\t\t\t\t\t\tstyle=\"width:164px;\"\t\t\t\t\t\t\t\t\t\t\t\t\tclass=\"gllr_single_image_text gllr_single_image_text_under\">Steinkauz - Bild-Nr. Dieter_D150530_4830&nbsp;<\/div>\n\t\t\t\t\t\t\t\t\t\t\t\t\t\t\t\t\t\t\t\t\t\t\t<\/div><!-- .gllr_image_block -->\n\t\t\t\t\t\t\t\t\t\t\t\t\t\t\t\t\t\t\t\t\t<div class=\"gllr_image_block\">\n\t\t\t\t\t\t\t\t\t\t\t\t<p style=\"\n\t\t\t\t\t\t\t\t\t\t\t\twidth:164px;height:164px;\t\t\t\t\t\t\t\t\t\t\t\t\">\n\t\t\t\t\t\t\t\t\t\t\t\t\t\t\t\t\t\t\t\t\t\t\t\t\t\t\t\t<a data-fancybox=\"gallery_fancybox\" href=\"https:\/\/woerrlein-naturfoto.de\/wordpress\/wp-content\/uploads\/2015\/08\/Steinkauz_D150530_488355d36d789a338.jpg\" title=\"Steinkauz - Bild-Nr. Dieter_D150530_4883\" >\n\t\t\t\t\t\t\t\t\t\t\t\t\t\t\t\t<img decoding=\"async\" width=&quot;158&quot; height=&quot;158&quot; style=\"width:158px; height:158px; border-width: 3px; border-color:#F1F1F1;border: 3px solid #F1F1F1\" alt=\"Steinkauz\" title=\"Steinkauz - Bild-Nr. Dieter_D150530_4883\" src=\"https:\/\/woerrlein-naturfoto.de\/wordpress\/wp-content\/uploads\/2015\/08\/Steinkauz_D150530_488355d36d789a338-200x200.jpg\" rel=\"https:\/\/woerrlein-naturfoto.de\/wordpress\/wp-content\/uploads\/2015\/08\/Steinkauz_D150530_488355d36d789a338.jpg\" \/>\t\t\t\t\t\t\t\t\t\t\t\t\t\t\t<\/a>\n\t\t\t\t\t\t\t\t\t\t\t\t\t\t\t\t\t\t\t\t\t\t\t\t\t\t<\/p>\n\t\t\t\t\t\t\t\t\t\t\t\t\t\t\t\t\t\t\t\t\t\t\t\t\t<div \n\t\t\t\t\t\t\t\t\t\t\t\t\tstyle=\"width:164px;\"\t\t\t\t\t\t\t\t\t\t\t\t\tclass=\"gllr_single_image_text gllr_single_image_text_under\">Steinkauz - Bild-Nr. Dieter_D150530_4883&nbsp;<\/div>\n\t\t\t\t\t\t\t\t\t\t\t\t\t\t\t\t\t\t\t\t\t\t\t<\/div><!-- .gllr_image_block -->\n\t\t\t\t\t\t\t\t\t\t\t\t\t\t\t\t\t\t\t\t\t<\/div><!-- .gllr_image_row -->\n\t\t\t\t\t\t\t\t\t\t\t\t\t\t\t\t\t\t\t\t\t\t<div class=\"gllr_image_row\">\n\t\t\t\t\t\t\t\t\t\t\t\t\t\t\t\t\t\t\t\t\t<div class=\"gllr_image_block\">\n\t\t\t\t\t\t\t\t\t\t\t\t<p style=\"\n\t\t\t\t\t\t\t\t\t\t\t\twidth:164px;height:164px;\t\t\t\t\t\t\t\t\t\t\t\t\">\n\t\t\t\t\t\t\t\t\t\t\t\t\t\t\t\t\t\t\t\t\t\t\t\t\t\t\t\t<a data-fancybox=\"gallery_fancybox\" href=\"https:\/\/woerrlein-naturfoto.de\/wordpress\/wp-content\/uploads\/2015\/08\/Steinkauz_D150530_512155d36d79c143f.jpg\" title=\"Steinkauz - Bild-Nr. Dieter_D150530_5121\" >\n\t\t\t\t\t\t\t\t\t\t\t\t\t\t\t\t<img decoding=\"async\" width=&quot;158&quot; height=&quot;158&quot; style=\"width:158px; height:158px; border-width: 3px; border-color:#F1F1F1;border: 3px solid #F1F1F1\" alt=\"Steinkauz\" title=\"Steinkauz - Bild-Nr. Dieter_D150530_5121\" src=\"https:\/\/woerrlein-naturfoto.de\/wordpress\/wp-content\/uploads\/2015\/08\/Steinkauz_D150530_512155d36d79c143f-200x200.jpg\" rel=\"https:\/\/woerrlein-naturfoto.de\/wordpress\/wp-content\/uploads\/2015\/08\/Steinkauz_D150530_512155d36d79c143f.jpg\" \/>\t\t\t\t\t\t\t\t\t\t\t\t\t\t\t<\/a>\n\t\t\t\t\t\t\t\t\t\t\t\t\t\t\t\t\t\t\t\t\t\t\t\t\t\t<\/p>\n\t\t\t\t\t\t\t\t\t\t\t\t\t\t\t\t\t\t\t\t\t\t\t\t\t<div \n\t\t\t\t\t\t\t\t\t\t\t\t\tstyle=\"width:164px;\"\t\t\t\t\t\t\t\t\t\t\t\t\tclass=\"gllr_single_image_text gllr_single_image_text_under\">Steinkauz - Bild-Nr. Dieter_D150530_5121&nbsp;<\/div>\n\t\t\t\t\t\t\t\t\t\t\t\t\t\t\t\t\t\t\t\t\t\t\t<\/div><!-- .gllr_image_block -->\n\t\t\t\t\t\t\t\t\t\t\t\t\t\t\t\t\t\t\t\t\t<div class=\"gllr_image_block\">\n\t\t\t\t\t\t\t\t\t\t\t\t<p style=\"\n\t\t\t\t\t\t\t\t\t\t\t\twidth:164px;height:164px;\t\t\t\t\t\t\t\t\t\t\t\t\">\n\t\t\t\t\t\t\t\t\t\t\t\t\t\t\t\t\t\t\t\t\t\t\t\t\t\t\t\t<a data-fancybox=\"gallery_fancybox\" href=\"https:\/\/woerrlein-naturfoto.de\/wordpress\/wp-content\/uploads\/2015\/08\/Steinkauz_D150530_558755d36d793eba6.jpg\" title=\"Steinkauz - Bild-Nr. Dieter_D150530_5587\" >\n\t\t\t\t\t\t\t\t\t\t\t\t\t\t\t\t<img decoding=\"async\" width=&quot;158&quot; height=&quot;158&quot; style=\"width:158px; height:158px; border-width: 3px; border-color:#F1F1F1;border: 3px solid #F1F1F1\" alt=\"Steinkauz\" title=\"Steinkauz - Bild-Nr. Dieter_D150530_5587\" src=\"https:\/\/woerrlein-naturfoto.de\/wordpress\/wp-content\/uploads\/2015\/08\/Steinkauz_D150530_558755d36d793eba6-200x200.jpg\" rel=\"https:\/\/woerrlein-naturfoto.de\/wordpress\/wp-content\/uploads\/2015\/08\/Steinkauz_D150530_558755d36d793eba6.jpg\" \/>\t\t\t\t\t\t\t\t\t\t\t\t\t\t\t<\/a>\n\t\t\t\t\t\t\t\t\t\t\t\t\t\t\t\t\t\t\t\t\t\t\t\t\t\t<\/p>\n\t\t\t\t\t\t\t\t\t\t\t\t\t\t\t\t\t\t\t\t\t\t\t\t\t<div \n\t\t\t\t\t\t\t\t\t\t\t\t\tstyle=\"width:164px;\"\t\t\t\t\t\t\t\t\t\t\t\t\tclass=\"gllr_single_image_text gllr_single_image_text_under\">Steinkauz - Bild-Nr. Dieter_D150530_5587&nbsp;<\/div>\n\t\t\t\t\t\t\t\t\t\t\t\t\t\t\t\t\t\t\t\t\t\t\t<\/div><!-- .gllr_image_block -->\n\t\t\t\t\t\t\t\t\t\t\t\t\t\t\t\t\t\t\t\t\t<div class=\"gllr_image_block\">\n\t\t\t\t\t\t\t\t\t\t\t\t<p style=\"\n\t\t\t\t\t\t\t\t\t\t\t\twidth:164px;height:164px;\t\t\t\t\t\t\t\t\t\t\t\t\">\n\t\t\t\t\t\t\t\t\t\t\t\t\t\t\t\t\t\t\t\t\t\t\t\t\t\t\t\t<a data-fancybox=\"gallery_fancybox\" href=\"https:\/\/woerrlein-naturfoto.de\/wordpress\/wp-content\/uploads\/2015\/08\/Steinkauz_AW01797L_5128x3419.jpg\" title=\"Steinkauz - Bild-Nr. Anke_01797L\" >\n\t\t\t\t\t\t\t\t\t\t\t\t\t\t\t\t<img decoding=\"async\" width=&quot;158&quot; height=&quot;158&quot; style=\"width:158px; height:158px; border-width: 3px; border-color:#F1F1F1;border: 3px solid #F1F1F1\" alt=\"Steinkauz\" title=\"Steinkauz - Bild-Nr. Anke_01797L\" src=\"https:\/\/woerrlein-naturfoto.de\/wordpress\/wp-content\/uploads\/2015\/08\/Steinkauz_AW01797L_5128x3419-195x195.jpg\" rel=\"https:\/\/woerrlein-naturfoto.de\/wordpress\/wp-content\/uploads\/2015\/08\/Steinkauz_AW01797L_5128x3419.jpg\" \/>\t\t\t\t\t\t\t\t\t\t\t\t\t\t\t<\/a>\n\t\t\t\t\t\t\t\t\t\t\t\t\t\t\t\t\t\t\t\t\t\t\t\t\t\t<\/p>\n\t\t\t\t\t\t\t\t\t\t\t\t\t\t\t\t\t\t\t\t\t\t\t\t\t<div \n\t\t\t\t\t\t\t\t\t\t\t\t\tstyle=\"width:164px;\"\t\t\t\t\t\t\t\t\t\t\t\t\tclass=\"gllr_single_image_text gllr_single_image_text_under\">Steinkauz - Bild-Nr. Anke_01797L&nbsp;<\/div>\n\t\t\t\t\t\t\t\t\t\t\t\t\t\t\t\t\t\t\t\t\t\t\t<\/div><!-- .gllr_image_block -->\n\t\t\t\t\t\t\t\t\t\t\t\t\t\t\t\t\t\t\t\t\t<div class=\"gllr_image_block\">\n\t\t\t\t\t\t\t\t\t\t\t\t<p style=\"\n\t\t\t\t\t\t\t\t\t\t\t\twidth:164px;height:164px;\t\t\t\t\t\t\t\t\t\t\t\t\">\n\t\t\t\t\t\t\t\t\t\t\t\t\t\t\t\t\t\t\t\t\t\t\t\t\t\t\t\t<a data-fancybox=\"gallery_fancybox\" href=\"https:\/\/woerrlein-naturfoto.de\/wordpress\/wp-content\/uploads\/2015\/08\/Steinkauz_AW01887L_1583x2374.jpg\" title=\"Steinkauz - Bild-Nr. Anke_01887L\" >\n\t\t\t\t\t\t\t\t\t\t\t\t\t\t\t\t<img decoding=\"async\" width=&quot;158&quot; height=&quot;158&quot; style=\"width:158px; height:158px; border-width: 3px; border-color:#F1F1F1;border: 3px solid #F1F1F1\" alt=\"Steinkauz\" title=\"Steinkauz - Bild-Nr. Anke_01887L\" src=\"https:\/\/woerrlein-naturfoto.de\/wordpress\/wp-content\/uploads\/2015\/08\/Steinkauz_AW01887L_1583x2374-200x200.jpg\" rel=\"https:\/\/woerrlein-naturfoto.de\/wordpress\/wp-content\/uploads\/2015\/08\/Steinkauz_AW01887L_1583x2374.jpg\" \/>\t\t\t\t\t\t\t\t\t\t\t\t\t\t\t<\/a>\n\t\t\t\t\t\t\t\t\t\t\t\t\t\t\t\t\t\t\t\t\t\t\t\t\t\t<\/p>\n\t\t\t\t\t\t\t\t\t\t\t\t\t\t\t\t\t\t\t\t\t\t\t\t\t<div \n\t\t\t\t\t\t\t\t\t\t\t\t\tstyle=\"width:164px;\"\t\t\t\t\t\t\t\t\t\t\t\t\tclass=\"gllr_single_image_text gllr_single_image_text_under\">Steinkauz - Bild-Nr. Anke_01887L&nbsp;<\/div>\n\t\t\t\t\t\t\t\t\t\t\t\t\t\t\t\t\t\t\t\t\t\t\t<\/div><!-- .gllr_image_block -->\n\t\t\t\t\t\t\t\t\t\t\t\t\t\t\t\t\t\t\t\t\t<div class=\"gllr_image_block\">\n\t\t\t\t\t\t\t\t\t\t\t\t<p style=\"\n\t\t\t\t\t\t\t\t\t\t\t\twidth:164px;height:164px;\t\t\t\t\t\t\t\t\t\t\t\t\">\n\t\t\t\t\t\t\t\t\t\t\t\t\t\t\t\t\t\t\t\t\t\t\t\t\t\t\t\t<a data-fancybox=\"gallery_fancybox\" href=\"https:\/\/woerrlein-naturfoto.de\/wordpress\/wp-content\/uploads\/2015\/08\/Steinkauz_AW01909L_6308x4205.jpg\" title=\"Steinkauz - Bild-Nr. Anke_01909L\" >\n\t\t\t\t\t\t\t\t\t\t\t\t\t\t\t\t<img decoding=\"async\" width=&quot;158&quot; height=&quot;158&quot; style=\"width:158px; height:158px; border-width: 3px; border-color:#F1F1F1;border: 3px solid #F1F1F1\" alt=\"Steinkauz\" title=\"Steinkauz - Bild-Nr. Anke_01909L\" src=\"https:\/\/woerrlein-naturfoto.de\/wordpress\/wp-content\/uploads\/2015\/08\/Steinkauz_AW01909L_6308x4205-195x195.jpg\" rel=\"https:\/\/woerrlein-naturfoto.de\/wordpress\/wp-content\/uploads\/2015\/08\/Steinkauz_AW01909L_6308x4205.jpg\" \/>\t\t\t\t\t\t\t\t\t\t\t\t\t\t\t<\/a>\n\t\t\t\t\t\t\t\t\t\t\t\t\t\t\t\t\t\t\t\t\t\t\t\t\t\t<\/p>\n\t\t\t\t\t\t\t\t\t\t\t\t\t\t\t\t\t\t\t\t\t\t\t\t\t<div \n\t\t\t\t\t\t\t\t\t\t\t\t\tstyle=\"width:164px;\"\t\t\t\t\t\t\t\t\t\t\t\t\tclass=\"gllr_single_image_text gllr_single_image_text_under\">Steinkauz - Bild-Nr. Anke_01909L&nbsp;<\/div>\n\t\t\t\t\t\t\t\t\t\t\t\t\t\t\t\t\t\t\t\t\t\t\t<\/div><!-- .gllr_image_block -->\n\t\t\t\t\t\t\t\t\t\t\t\t\t\t\t\t\t\t\t\t\t<div class=\"gllr_image_block\">\n\t\t\t\t\t\t\t\t\t\t\t\t<p style=\"\n\t\t\t\t\t\t\t\t\t\t\t\twidth:164px;height:164px;\t\t\t\t\t\t\t\t\t\t\t\t\">\n\t\t\t\t\t\t\t\t\t\t\t\t\t\t\t\t\t\t\t\t\t\t\t\t\t\t\t\t<a data-fancybox=\"gallery_fancybox\" href=\"https:\/\/woerrlein-naturfoto.de\/wordpress\/wp-content\/uploads\/2015\/08\/Steinkauz_AW02036L_4146x2764.jpg\" title=\"Steinkauz - Bild-Nr. Anke_02036L\" >\n\t\t\t\t\t\t\t\t\t\t\t\t\t\t\t\t<img decoding=\"async\" width=&quot;158&quot; height=&quot;158&quot; style=\"width:158px; height:158px; border-width: 3px; border-color:#F1F1F1;border: 3px solid #F1F1F1\" alt=\"Steinkauz\" title=\"Steinkauz - Bild-Nr. Anke_02036L\" src=\"https:\/\/woerrlein-naturfoto.de\/wordpress\/wp-content\/uploads\/2015\/08\/Steinkauz_AW02036L_4146x2764-195x195.jpg\" rel=\"https:\/\/woerrlein-naturfoto.de\/wordpress\/wp-content\/uploads\/2015\/08\/Steinkauz_AW02036L_4146x2764.jpg\" \/>\t\t\t\t\t\t\t\t\t\t\t\t\t\t\t<\/a>\n\t\t\t\t\t\t\t\t\t\t\t\t\t\t\t\t\t\t\t\t\t\t\t\t\t\t<\/p>\n\t\t\t\t\t\t\t\t\t\t\t\t\t\t\t\t\t\t\t\t\t\t\t\t\t<div \n\t\t\t\t\t\t\t\t\t\t\t\t\tstyle=\"width:164px;\"\t\t\t\t\t\t\t\t\t\t\t\t\tclass=\"gllr_single_image_text gllr_single_image_text_under\">Steinkauz - Bild-Nr. Anke_02036L&nbsp;<\/div>\n\t\t\t\t\t\t\t\t\t\t\t\t\t\t\t\t\t\t\t\t\t\t\t<\/div><!-- .gllr_image_block -->\n\t\t\t\t\t\t\t\t\t\t\t\t\t\t\t\t\t\t\t\t\t<div class=\"gllr_image_block\">\n\t\t\t\t\t\t\t\t\t\t\t\t<p style=\"\n\t\t\t\t\t\t\t\t\t\t\t\twidth:164px;height:164px;\t\t\t\t\t\t\t\t\t\t\t\t\">\n\t\t\t\t\t\t\t\t\t\t\t\t\t\t\t\t\t\t\t\t\t\t\t\t\t\t\t\t<a data-fancybox=\"gallery_fancybox\" href=\"https:\/\/woerrlein-naturfoto.de\/wordpress\/wp-content\/uploads\/2015\/08\/Distelfink_D150529_4789.jpg\" title=\"Stieglitz - Bild-Nr. Dieter_150529_4789\" >\n\t\t\t\t\t\t\t\t\t\t\t\t\t\t\t\t<img decoding=\"async\" width=&quot;158&quot; height=&quot;158&quot; style=\"width:158px; height:158px; border-width: 3px; border-color:#F1F1F1;border: 3px solid #F1F1F1\" alt=\"Stieglitz \/ Distelfink\" title=\"Stieglitz - Bild-Nr. Dieter_150529_4789\" src=\"https:\/\/woerrlein-naturfoto.de\/wordpress\/wp-content\/uploads\/2015\/08\/Distelfink_D150529_4789-200x200.jpg\" rel=\"https:\/\/woerrlein-naturfoto.de\/wordpress\/wp-content\/uploads\/2015\/08\/Distelfink_D150529_4789.jpg\" \/>\t\t\t\t\t\t\t\t\t\t\t\t\t\t\t<\/a>\n\t\t\t\t\t\t\t\t\t\t\t\t\t\t\t\t\t\t\t\t\t\t\t\t\t\t<\/p>\n\t\t\t\t\t\t\t\t\t\t\t\t\t\t\t\t\t\t\t\t\t\t\t\t\t<div \n\t\t\t\t\t\t\t\t\t\t\t\t\tstyle=\"width:164px;\"\t\t\t\t\t\t\t\t\t\t\t\t\tclass=\"gllr_single_image_text gllr_single_image_text_under\">Stieglitz - Bild-Nr. Dieter_150529_4789&nbsp;<\/div>\n\t\t\t\t\t\t\t\t\t\t\t\t\t\t\t\t\t\t\t\t\t\t\t<\/div><!-- .gllr_image_block -->\n\t\t\t\t\t\t\t\t\t\t\t\t\t\t\t\t\t\t\t\t\t<div class=\"gllr_image_block\">\n\t\t\t\t\t\t\t\t\t\t\t\t<p style=\"\n\t\t\t\t\t\t\t\t\t\t\t\twidth:164px;height:164px;\t\t\t\t\t\t\t\t\t\t\t\t\">\n\t\t\t\t\t\t\t\t\t\t\t\t\t\t\t\t\t\t\t\t\t\t\t\t\t\t\t\t<a data-fancybox=\"gallery_fancybox\" href=\"https:\/\/woerrlein-naturfoto.de\/wordpress\/wp-content\/uploads\/2015\/08\/Tuerkentaube_D150601_6094.jpg\" title=\"T\u00fcrkentaube - Bild-Nr. Dieter_150601_6094\" >\n\t\t\t\t\t\t\t\t\t\t\t\t\t\t\t\t<img decoding=\"async\" width=&quot;158&quot; height=&quot;158&quot; style=\"width:158px; height:158px; border-width: 3px; border-color:#F1F1F1;border: 3px solid #F1F1F1\" alt=\"T\u00fcrkentaube\" title=\"T\u00fcrkentaube - Bild-Nr. Dieter_150601_6094\" src=\"https:\/\/woerrlein-naturfoto.de\/wordpress\/wp-content\/uploads\/2015\/08\/Tuerkentaube_D150601_6094-200x200.jpg\" rel=\"https:\/\/woerrlein-naturfoto.de\/wordpress\/wp-content\/uploads\/2015\/08\/Tuerkentaube_D150601_6094.jpg\" \/>\t\t\t\t\t\t\t\t\t\t\t\t\t\t\t<\/a>\n\t\t\t\t\t\t\t\t\t\t\t\t\t\t\t\t\t\t\t\t\t\t\t\t\t\t<\/p>\n\t\t\t\t\t\t\t\t\t\t\t\t\t\t\t\t\t\t\t\t\t\t\t\t\t<div \n\t\t\t\t\t\t\t\t\t\t\t\t\tstyle=\"width:164px;\"\t\t\t\t\t\t\t\t\t\t\t\t\tclass=\"gllr_single_image_text gllr_single_image_text_under\">T\u00fcrkentaube - Bild-Nr. Dieter_150601_6094&nbsp;<\/div>\n\t\t\t\t\t\t\t\t\t\t\t\t\t\t\t\t\t\t\t\t\t\t\t<\/div><!-- .gllr_image_block -->\n\t\t\t\t\t\t\t\t\t\t\t\t\t\t\t\t\t\t\t\t\t<\/div><!-- .gllr_image_row -->\n\t\t\t\t\t\t\t\t\t\t\t\t\t\t\t\t\t\t\t\t\t\t<div class=\"gllr_image_row\">\n\t\t\t\t\t\t\t\t\t\t\t\t\t\t\t\t\t\t\t\t\t<div class=\"gllr_image_block\">\n\t\t\t\t\t\t\t\t\t\t\t\t<p style=\"\n\t\t\t\t\t\t\t\t\t\t\t\twidth:164px;height:164px;\t\t\t\t\t\t\t\t\t\t\t\t\">\n\t\t\t\t\t\t\t\t\t\t\t\t\t\t\t\t\t\t\t\t\t\t\t\t\t\t\t\t<a data-fancybox=\"gallery_fancybox\" href=\"https:\/\/woerrlein-naturfoto.de\/wordpress\/wp-content\/uploads\/2015\/08\/Weissstorch_D150603_6896.jpg\" title=\"Weissstorch - Bild-Nr. Dieter_150603_6896\" >\n\t\t\t\t\t\t\t\t\t\t\t\t\t\t\t\t<img decoding=\"async\" width=&quot;158&quot; height=&quot;158&quot; style=\"width:158px; height:158px; border-width: 3px; border-color:#F1F1F1;border: 3px solid #F1F1F1\" alt=\"Weissstorch\" title=\"Weissstorch - Bild-Nr. Dieter_150603_6896\" src=\"https:\/\/woerrlein-naturfoto.de\/wordpress\/wp-content\/uploads\/2015\/08\/Weissstorch_D150603_6896-200x200.jpg\" rel=\"https:\/\/woerrlein-naturfoto.de\/wordpress\/wp-content\/uploads\/2015\/08\/Weissstorch_D150603_6896.jpg\" \/>\t\t\t\t\t\t\t\t\t\t\t\t\t\t\t<\/a>\n\t\t\t\t\t\t\t\t\t\t\t\t\t\t\t\t\t\t\t\t\t\t\t\t\t\t<\/p>\n\t\t\t\t\t\t\t\t\t\t\t\t\t\t\t\t\t\t\t\t\t\t\t\t\t<div \n\t\t\t\t\t\t\t\t\t\t\t\t\tstyle=\"width:164px;\"\t\t\t\t\t\t\t\t\t\t\t\t\tclass=\"gllr_single_image_text gllr_single_image_text_under\">Weissstorch - Bild-Nr. Dieter_150603_6896&nbsp;<\/div>\n\t\t\t\t\t\t\t\t\t\t\t\t\t\t\t\t\t\t\t\t\t\t\t<\/div><!-- .gllr_image_block -->\n\t\t\t\t\t\t\t\t\t\t\t\t\t\t\t\t\t\t\t\t\t<div class=\"gllr_image_block\">\n\t\t\t\t\t\t\t\t\t\t\t\t<p style=\"\n\t\t\t\t\t\t\t\t\t\t\t\twidth:164px;height:164px;\t\t\t\t\t\t\t\t\t\t\t\t\">\n\t\t\t\t\t\t\t\t\t\t\t\t\t\t\t\t\t\t\t\t\t\t\t\t\t\t\t\t<a data-fancybox=\"gallery_fancybox\" href=\"https:\/\/woerrlein-naturfoto.de\/wordpress\/wp-content\/uploads\/2015\/08\/Weissstorch_D150603_6899.jpg\" title=\"Weissstorch - Bild-Nr. Dieter_150603_6899\" >\n\t\t\t\t\t\t\t\t\t\t\t\t\t\t\t\t<img decoding=\"async\" width=&quot;158&quot; height=&quot;158&quot; style=\"width:158px; height:158px; border-width: 3px; border-color:#F1F1F1;border: 3px solid #F1F1F1\" alt=\"Weissstorch\" title=\"Weissstorch - Bild-Nr. Dieter_150603_6899\" src=\"https:\/\/woerrlein-naturfoto.de\/wordpress\/wp-content\/uploads\/2015\/08\/Weissstorch_D150603_6899-200x200.jpg\" rel=\"https:\/\/woerrlein-naturfoto.de\/wordpress\/wp-content\/uploads\/2015\/08\/Weissstorch_D150603_6899.jpg\" \/>\t\t\t\t\t\t\t\t\t\t\t\t\t\t\t<\/a>\n\t\t\t\t\t\t\t\t\t\t\t\t\t\t\t\t\t\t\t\t\t\t\t\t\t\t<\/p>\n\t\t\t\t\t\t\t\t\t\t\t\t\t\t\t\t\t\t\t\t\t\t\t\t\t<div \n\t\t\t\t\t\t\t\t\t\t\t\t\tstyle=\"width:164px;\"\t\t\t\t\t\t\t\t\t\t\t\t\tclass=\"gllr_single_image_text gllr_single_image_text_under\">Weissstorch - Bild-Nr. Dieter_150603_6899&nbsp;<\/div>\n\t\t\t\t\t\t\t\t\t\t\t\t\t\t\t\t\t\t\t\t\t\t\t<\/div><!-- .gllr_image_block -->\n\t\t\t\t\t\t\t\t\t\t\t\t\t\t\t\t\t\t\t\t\t<div class=\"gllr_image_block\">\n\t\t\t\t\t\t\t\t\t\t\t\t<p style=\"\n\t\t\t\t\t\t\t\t\t\t\t\twidth:164px;height:164px;\t\t\t\t\t\t\t\t\t\t\t\t\">\n\t\t\t\t\t\t\t\t\t\t\t\t\t\t\t\t\t\t\t\t\t\t\t\t\t\t\t\t<a data-fancybox=\"gallery_fancybox\" href=\"https:\/\/woerrlein-naturfoto.de\/wordpress\/wp-content\/uploads\/2015\/09\/Ziesel_D150601_6078.jpg\" title=\"Ziesel - Bild-Nr. Dieter_150601_6078\" >\n\t\t\t\t\t\t\t\t\t\t\t\t\t\t\t\t<img decoding=\"async\" width=&quot;158&quot; height=&quot;158&quot; style=\"width:158px; height:158px; border-width: 3px; border-color:#F1F1F1;border: 3px solid #F1F1F1\" alt=\"Ziesel\" title=\"Ziesel - Bild-Nr. Dieter_150601_6078\" src=\"https:\/\/woerrlein-naturfoto.de\/wordpress\/wp-content\/uploads\/2015\/09\/Ziesel_D150601_6078-195x195.jpg\" rel=\"https:\/\/woerrlein-naturfoto.de\/wordpress\/wp-content\/uploads\/2015\/09\/Ziesel_D150601_6078.jpg\" \/>\t\t\t\t\t\t\t\t\t\t\t\t\t\t\t<\/a>\n\t\t\t\t\t\t\t\t\t\t\t\t\t\t\t\t\t\t\t\t\t\t\t\t\t\t<\/p>\n\t\t\t\t\t\t\t\t\t\t\t\t\t\t\t\t\t\t\t\t\t\t\t\t\t<div \n\t\t\t\t\t\t\t\t\t\t\t\t\tstyle=\"width:164px;\"\t\t\t\t\t\t\t\t\t\t\t\t\tclass=\"gllr_single_image_text gllr_single_image_text_under\">Ziesel - Bild-Nr. Dieter_150601_6078&nbsp;<\/div>\n\t\t\t\t\t\t\t\t\t\t\t\t\t\t\t\t\t\t\t\t\t\t\t<\/div><!-- .gllr_image_block -->\n\t\t\t\t\t\t\t\t\t\t\t\t\t\t\t\t\t\t\t\t\t<div class=\"gllr_image_block\">\n\t\t\t\t\t\t\t\t\t\t\t\t<p style=\"\n\t\t\t\t\t\t\t\t\t\t\t\twidth:164px;height:164px;\t\t\t\t\t\t\t\t\t\t\t\t\">\n\t\t\t\t\t\t\t\t\t\t\t\t\t\t\t\t\t\t\t\t\t\t\t\t\t\t\t\t<a data-fancybox=\"gallery_fancybox\" href=\"https:\/\/woerrlein-naturfoto.de\/wordpress\/wp-content\/uploads\/2015\/08\/Ziesel_AW03113L_5059x3373.jpg\" title=\"Ziese - lBild-Nr. Anke_03113L\" >\n\t\t\t\t\t\t\t\t\t\t\t\t\t\t\t\t<img decoding=\"async\" width=&quot;158&quot; height=&quot;158&quot; style=\"width:158px; height:158px; border-width: 3px; border-color:#F1F1F1;border: 3px solid #F1F1F1\" alt=\"Ziesel\" title=\"Ziese - lBild-Nr. Anke_03113L\" src=\"https:\/\/woerrlein-naturfoto.de\/wordpress\/wp-content\/uploads\/2015\/08\/Ziesel_AW03113L_5059x3373-200x200.jpg\" rel=\"https:\/\/woerrlein-naturfoto.de\/wordpress\/wp-content\/uploads\/2015\/08\/Ziesel_AW03113L_5059x3373.jpg\" \/>\t\t\t\t\t\t\t\t\t\t\t\t\t\t\t<\/a>\n\t\t\t\t\t\t\t\t\t\t\t\t\t\t\t\t\t\t\t\t\t\t\t\t\t\t<\/p>\n\t\t\t\t\t\t\t\t\t\t\t\t\t\t\t\t\t\t\t\t\t\t\t\t\t<div \n\t\t\t\t\t\t\t\t\t\t\t\t\tstyle=\"width:164px;\"\t\t\t\t\t\t\t\t\t\t\t\t\tclass=\"gllr_single_image_text gllr_single_image_text_under\">Ziese - lBild-Nr. Anke_03113L&nbsp;<\/div>\n\t\t\t\t\t\t\t\t\t\t\t\t\t\t\t\t\t\t\t\t\t\t\t<\/div><!-- .gllr_image_block -->\n\t\t\t\t\t\t\t\t\t\t\t\t\t\t\t\t\t\t\t\t\t<div class=\"clear\"><\/div>\n\t\t\t\t\t\t\t\t\t\t<\/div><!-- .gllr_image_row -->\n\t\t\t\t\t\t\t\t\t\t\t\t\t\t\t\t\t<\/div><!-- .gallery.clearfix -->\n\t\t\t\t\t\t\t\t\t\t\t\t\t\t<\/div><!-- .gallery_box_single -->\n\t\t\t\t\t\t<div class=\"gllr_clear\"><\/div>\n\t\t\t\t\t\t<\/span><\/p>\n","protected":false},"excerpt":{"rendered":"<p>Reiseziele Der ungarische Nationalpark Kiskuns\u00e1g wurde 1975 gegr\u00fcndet und liegt s\u00fcdlich von Budapest zwischen den Fl\u00fcssen Donau und Thei\u00df. Er besteht aus neun unterschiedlich gro\u00dfen Teilgebieten (auf Karte gr\u00fcn dargestellt) und umfasst ein Areal von nahezu 500 km\u00b2. Er wird gepr\u00e4gt durch verschiedenartige Lebensr\u00e4ume: Sand-, Moor-, Au- und Alkalib\u00f6den weisen jeweils einzigartige Vegetations- und Faunenelemente &hellip; <a href=\"https:\/\/woerrlein-naturfoto.de\/wordpress\/bws-gallery\/7243-2\/\" class=\"more-link\"><span class=\"screen-reader-text\">7243<\/span> weiterlesen <span class=\"meta-nav\">&rarr;<\/span><\/a><\/p>\n","protected":false},"author":1,"featured_media":0,"parent":7492,"menu_order":0,"comment_status":"closed","ping_status":"closed","template":"page-templates\/full-width.php","meta":{"footnotes":""},"class_list":["post-7495","page","type-page","status-publish","hentry"],"_links":{"self":[{"href":"https:\/\/woerrlein-naturfoto.de\/wordpress\/wp-json\/wp\/v2\/pages\/7495","targetHints":{"allow":["GET"]}}],"collection":[{"href":"https:\/\/woerrlein-naturfoto.de\/wordpress\/wp-json\/wp\/v2\/pages"}],"about":[{"href":"https:\/\/woerrlein-naturfoto.de\/wordpress\/wp-json\/wp\/v2\/types\/page"}],"author":[{"embeddable":true,"href":"https:\/\/woerrlein-naturfoto.de\/wordpress\/wp-json\/wp\/v2\/users\/1"}],"replies":[{"embeddable":true,"href":"https:\/\/woerrlein-naturfoto.de\/wordpress\/wp-json\/wp\/v2\/comments?post=7495"}],"version-history":[{"count":39,"href":"https:\/\/woerrlein-naturfoto.de\/wordpress\/wp-json\/wp\/v2\/pages\/7495\/revisions"}],"predecessor-version":[{"id":7572,"href":"https:\/\/woerrlein-naturfoto.de\/wordpress\/wp-json\/wp\/v2\/pages\/7495\/revisions\/7572"}],"up":[{"embeddable":true,"href":"https:\/\/woerrlein-naturfoto.de\/wordpress\/wp-json\/wp\/v2\/pages\/7492"}],"wp:attachment":[{"href":"https:\/\/woerrlein-naturfoto.de\/wordpress\/wp-json\/wp\/v2\/media?parent=7495"}],"curies":[{"name":"wp","href":"https:\/\/api.w.org\/{rel}","templated":true}]}}