{"id":7355,"date":"2015-08-20T21:44:11","date_gmt":"2015-08-20T19:44:11","guid":{"rendered":"http:\/\/woerrlein-naturfoto.de\/wordpress\/?page_id=7355"},"modified":"2015-08-23T09:51:39","modified_gmt":"2015-08-23T07:51:39","slug":"rackenvoegel-2","status":"publish","type":"page","link":"https:\/\/woerrlein-naturfoto.de\/wordpress\/hauptseite-voegel\/voegel\/rackenvoegel-2\/","title":{"rendered":"Rackenv\u00f6gel"},"content":{"rendered":"<p><a href=\"http:\/\/woerrlein-naturfoto.de\/wordpress\/voegel\/\">V\u00f6gel<\/a><br \/>\n<a title=\"V\u00f6gel von A-Z\" href=\"http:\/\/woerrlein-naturfoto.de\/wordpress\/voegel\/voegel_von_a-z\/\">V\u00f6gel von A-Z<\/a><br \/>\nzur Beschreibung <a title=\"Habichtskauz\" href=\"http:\/\/woerrlein-naturfoto.de\/wordpress\/rackenvoegel-a-z\/bienenfresser\/\">Rackenv\u00f6gel<\/a><code><br \/>\n<\/code><\/p>\n<p><code><code><code><code>\t\t\t\t\t\t<div class=\"gallery_box_single\">\n\t\t\t\t\t\t\t\t\t\t\t\t\t\t\t<div class=\"gallery gllr_grid\" data-gllr-columns=\"8\" data-gllr-border-width=\"3\">\n\t\t\t\t\t\t\t\t\t\t\t\t\t\t\t\t\t\t\t\t<div class=\"gllr_image_row\">\n\t\t\t\t\t\t\t\t\t\t\t\t\t\t\t\t\t\t\t\t\t<div class=\"gllr_image_block\">\n\t\t\t\t\t\t\t\t\t\t\t\t<p style=\"\n\t\t\t\t\t\t\t\t\t\t\t\twidth:164px;height:164px;\t\t\t\t\t\t\t\t\t\t\t\t\">\n\t\t\t\t\t\t\t\t\t\t\t\t\t\t\t\t\t\t\t\t\t\t\t\t\t\t\t\t<a data-fancybox=\"gallery_fancybox\" href=\"https:\/\/woerrlein-naturfoto.de\/wordpress\/wp-content\/uploads\/2015\/08\/Bienenfresser_D150527_423255d6177f5dd9d.jpg\" title=\"Bienenfresser - Bild-Nr. Dieter_150527_4232\" >\n\t\t\t\t\t\t\t\t\t\t\t\t\t\t\t\t<img decoding=\"async\" width=&quot;158&quot; height=&quot;158&quot; style=\"width:158px; height:158px; border-width: 3px; border-color:#F1F1F1;border: 3px solid #F1F1F1\" alt=\"Bienenfresser\" title=\"Bienenfresser - Bild-Nr. Dieter_150527_4232\" src=\"https:\/\/woerrlein-naturfoto.de\/wordpress\/wp-content\/uploads\/2015\/08\/Bienenfresser_D150527_423255d6177f5dd9d-200x200.jpg\" rel=\"https:\/\/woerrlein-naturfoto.de\/wordpress\/wp-content\/uploads\/2015\/08\/Bienenfresser_D150527_423255d6177f5dd9d.jpg\" \/>\t\t\t\t\t\t\t\t\t\t\t\t\t\t\t<\/a>\n\t\t\t\t\t\t\t\t\t\t\t\t\t\t\t\t\t\t\t\t\t\t\t\t\t\t<\/p>\n\t\t\t\t\t\t\t\t\t\t\t\t\t\t\t\t\t\t\t\t\t\t\t\t\t<div \n\t\t\t\t\t\t\t\t\t\t\t\t\tstyle=\"width:164px;\"\t\t\t\t\t\t\t\t\t\t\t\t\tclass=\"gllr_single_image_text gllr_single_image_text_under\">Bienenfresser - Bild-Nr. Dieter_150527_4232&nbsp;<\/div>\n\t\t\t\t\t\t\t\t\t\t\t\t\t\t\t\t\t\t\t\t\t\t\t<\/div><!-- .gllr_image_block -->\n\t\t\t\t\t\t\t\t\t\t\t\t\t\t\t\t\t\t\t\t\t<div class=\"gllr_image_block\">\n\t\t\t\t\t\t\t\t\t\t\t\t<p style=\"\n\t\t\t\t\t\t\t\t\t\t\t\twidth:164px;height:164px;\t\t\t\t\t\t\t\t\t\t\t\t\">\n\t\t\t\t\t\t\t\t\t\t\t\t\t\t\t\t\t\t\t\t\t\t\t\t\t\t\t\t<a data-fancybox=\"gallery_fancybox\" href=\"https:\/\/woerrlein-naturfoto.de\/wordpress\/wp-content\/uploads\/2015\/08\/Bienenfresser_D150527_431455d61780c96c1.jpg\" title=\"Bienenfresser - Bild-Nr. Dieter_150527_4314\" >\n\t\t\t\t\t\t\t\t\t\t\t\t\t\t\t\t<img decoding=\"async\" width=&quot;158&quot; height=&quot;158&quot; style=\"width:158px; height:158px; border-width: 3px; border-color:#F1F1F1;border: 3px solid #F1F1F1\" alt=\"Bienenfresser\" title=\"Bienenfresser - Bild-Nr. Dieter_150527_4314\" src=\"https:\/\/woerrlein-naturfoto.de\/wordpress\/wp-content\/uploads\/2015\/08\/Bienenfresser_D150527_431455d61780c96c1-200x200.jpg\" rel=\"https:\/\/woerrlein-naturfoto.de\/wordpress\/wp-content\/uploads\/2015\/08\/Bienenfresser_D150527_431455d61780c96c1.jpg\" \/>\t\t\t\t\t\t\t\t\t\t\t\t\t\t\t<\/a>\n\t\t\t\t\t\t\t\t\t\t\t\t\t\t\t\t\t\t\t\t\t\t\t\t\t\t<\/p>\n\t\t\t\t\t\t\t\t\t\t\t\t\t\t\t\t\t\t\t\t\t\t\t\t\t<div \n\t\t\t\t\t\t\t\t\t\t\t\t\tstyle=\"width:164px;\"\t\t\t\t\t\t\t\t\t\t\t\t\tclass=\"gllr_single_image_text gllr_single_image_text_under\">Bienenfresser - Bild-Nr. Dieter_150527_4314&nbsp;<\/div>\n\t\t\t\t\t\t\t\t\t\t\t\t\t\t\t\t\t\t\t\t\t\t\t<\/div><!-- .gllr_image_block -->\n\t\t\t\t\t\t\t\t\t\t\t\t\t\t\t\t\t\t\t\t\t<div class=\"gllr_image_block\">\n\t\t\t\t\t\t\t\t\t\t\t\t<p style=\"\n\t\t\t\t\t\t\t\t\t\t\t\twidth:164px;height:164px;\t\t\t\t\t\t\t\t\t\t\t\t\">\n\t\t\t\t\t\t\t\t\t\t\t\t\t\t\t\t\t\t\t\t\t\t\t\t\t\t\t\t<a data-fancybox=\"gallery_fancybox\" href=\"https:\/\/woerrlein-naturfoto.de\/wordpress\/wp-content\/uploads\/2015\/08\/Bienenfresser_D150531_573255d6177fe747f.jpg\" title=\"Bienenfresser - Bild-Nr. Dieter_150531_5732\" >\n\t\t\t\t\t\t\t\t\t\t\t\t\t\t\t\t<img decoding=\"async\" width=&quot;158&quot; height=&quot;158&quot; style=\"width:158px; height:158px; border-width: 3px; border-color:#F1F1F1;border: 3px solid #F1F1F1\" alt=\"Bienenfresser\" title=\"Bienenfresser - Bild-Nr. Dieter_150531_5732\" src=\"https:\/\/woerrlein-naturfoto.de\/wordpress\/wp-content\/uploads\/2015\/08\/Bienenfresser_D150531_573255d6177fe747f-200x200.jpg\" rel=\"https:\/\/woerrlein-naturfoto.de\/wordpress\/wp-content\/uploads\/2015\/08\/Bienenfresser_D150531_573255d6177fe747f.jpg\" \/>\t\t\t\t\t\t\t\t\t\t\t\t\t\t\t<\/a>\n\t\t\t\t\t\t\t\t\t\t\t\t\t\t\t\t\t\t\t\t\t\t\t\t\t\t<\/p>\n\t\t\t\t\t\t\t\t\t\t\t\t\t\t\t\t\t\t\t\t\t\t\t\t\t<div \n\t\t\t\t\t\t\t\t\t\t\t\t\tstyle=\"width:164px;\"\t\t\t\t\t\t\t\t\t\t\t\t\tclass=\"gllr_single_image_text gllr_single_image_text_under\">Bienenfresser - Bild-Nr. Dieter_150531_5732&nbsp;<\/div>\n\t\t\t\t\t\t\t\t\t\t\t\t\t\t\t\t\t\t\t\t\t\t\t<\/div><!-- .gllr_image_block -->\n\t\t\t\t\t\t\t\t\t\t\t\t\t\t\t\t\t\t\t\t\t<div class=\"gllr_image_block\">\n\t\t\t\t\t\t\t\t\t\t\t\t<p style=\"\n\t\t\t\t\t\t\t\t\t\t\t\twidth:164px;height:164px;\t\t\t\t\t\t\t\t\t\t\t\t\">\n\t\t\t\t\t\t\t\t\t\t\t\t\t\t\t\t\t\t\t\t\t\t\t\t\t\t\t\t<a data-fancybox=\"gallery_fancybox\" href=\"https:\/\/woerrlein-naturfoto.de\/wordpress\/wp-content\/uploads\/2015\/08\/Bienenfresser_D150601_575255d6178074633.jpg\" title=\"Bienenfresser - Bild-Nr. Dieter_150601_5752\" >\n\t\t\t\t\t\t\t\t\t\t\t\t\t\t\t\t<img decoding=\"async\" width=&quot;158&quot; height=&quot;158&quot; style=\"width:158px; height:158px; border-width: 3px; border-color:#F1F1F1;border: 3px solid #F1F1F1\" alt=\"Bienenfresser\" title=\"Bienenfresser - Bild-Nr. Dieter_150601_5752\" src=\"https:\/\/woerrlein-naturfoto.de\/wordpress\/wp-content\/uploads\/2015\/08\/Bienenfresser_D150601_575255d6178074633-200x200.jpg\" rel=\"https:\/\/woerrlein-naturfoto.de\/wordpress\/wp-content\/uploads\/2015\/08\/Bienenfresser_D150601_575255d6178074633.jpg\" \/>\t\t\t\t\t\t\t\t\t\t\t\t\t\t\t<\/a>\n\t\t\t\t\t\t\t\t\t\t\t\t\t\t\t\t\t\t\t\t\t\t\t\t\t\t<\/p>\n\t\t\t\t\t\t\t\t\t\t\t\t\t\t\t\t\t\t\t\t\t\t\t\t\t<div \n\t\t\t\t\t\t\t\t\t\t\t\t\tstyle=\"width:164px;\"\t\t\t\t\t\t\t\t\t\t\t\t\tclass=\"gllr_single_image_text gllr_single_image_text_under\">Bienenfresser - Bild-Nr. Dieter_150601_5752&nbsp;<\/div>\n\t\t\t\t\t\t\t\t\t\t\t\t\t\t\t\t\t\t\t\t\t\t\t<\/div><!-- .gllr_image_block -->\n\t\t\t\t\t\t\t\t\t\t\t\t\t\t\t\t\t\t\t\t\t<div class=\"gllr_image_block\">\n\t\t\t\t\t\t\t\t\t\t\t\t<p style=\"\n\t\t\t\t\t\t\t\t\t\t\t\twidth:164px;height:164px;\t\t\t\t\t\t\t\t\t\t\t\t\">\n\t\t\t\t\t\t\t\t\t\t\t\t\t\t\t\t\t\t\t\t\t\t\t\t\t\t\t\t<a data-fancybox=\"gallery_fancybox\" href=\"https:\/\/woerrlein-naturfoto.de\/wordpress\/wp-content\/uploads\/2015\/08\/Bienenfresser_D150601_585555d61781d155f.jpg\" title=\"Bienenfresser - Bild-Nr. Dieter_150601_5855\" >\n\t\t\t\t\t\t\t\t\t\t\t\t\t\t\t\t<img decoding=\"async\" width=&quot;158&quot; height=&quot;158&quot; style=\"width:158px; height:158px; border-width: 3px; border-color:#F1F1F1;border: 3px solid #F1F1F1\" alt=\"Bienenfresser\" title=\"Bienenfresser - Bild-Nr. Dieter_150601_5855\" src=\"https:\/\/woerrlein-naturfoto.de\/wordpress\/wp-content\/uploads\/2015\/08\/Bienenfresser_D150601_585555d61781d155f-200x200.jpg\" rel=\"https:\/\/woerrlein-naturfoto.de\/wordpress\/wp-content\/uploads\/2015\/08\/Bienenfresser_D150601_585555d61781d155f.jpg\" \/>\t\t\t\t\t\t\t\t\t\t\t\t\t\t\t<\/a>\n\t\t\t\t\t\t\t\t\t\t\t\t\t\t\t\t\t\t\t\t\t\t\t\t\t\t<\/p>\n\t\t\t\t\t\t\t\t\t\t\t\t\t\t\t\t\t\t\t\t\t\t\t\t\t<div \n\t\t\t\t\t\t\t\t\t\t\t\t\tstyle=\"width:164px;\"\t\t\t\t\t\t\t\t\t\t\t\t\tclass=\"gllr_single_image_text gllr_single_image_text_under\">Bienenfresser - Bild-Nr. Dieter_150601_5855&nbsp;<\/div>\n\t\t\t\t\t\t\t\t\t\t\t\t\t\t\t\t\t\t\t\t\t\t\t<\/div><!-- .gllr_image_block -->\n\t\t\t\t\t\t\t\t\t\t\t\t\t\t\t\t\t\t\t\t\t<div class=\"gllr_image_block\">\n\t\t\t\t\t\t\t\t\t\t\t\t<p style=\"\n\t\t\t\t\t\t\t\t\t\t\t\twidth:164px;height:164px;\t\t\t\t\t\t\t\t\t\t\t\t\">\n\t\t\t\t\t\t\t\t\t\t\t\t\t\t\t\t\t\t\t\t\t\t\t\t\t\t\t\t<a data-fancybox=\"gallery_fancybox\" href=\"https:\/\/woerrlein-naturfoto.de\/wordpress\/wp-content\/uploads\/2015\/08\/Bienenfresser_D150601_589555d6178260dc8.jpg\" title=\"Bienenfresser - Bild-Nr. Dieter_150601_5895\" >\n\t\t\t\t\t\t\t\t\t\t\t\t\t\t\t\t<img decoding=\"async\" width=&quot;158&quot; height=&quot;158&quot; style=\"width:158px; height:158px; border-width: 3px; border-color:#F1F1F1;border: 3px solid #F1F1F1\" alt=\"Bienenfresser\" title=\"Bienenfresser - Bild-Nr. Dieter_150601_5895\" src=\"https:\/\/woerrlein-naturfoto.de\/wordpress\/wp-content\/uploads\/2015\/08\/Bienenfresser_D150601_589555d6178260dc8-200x200.jpg\" rel=\"https:\/\/woerrlein-naturfoto.de\/wordpress\/wp-content\/uploads\/2015\/08\/Bienenfresser_D150601_589555d6178260dc8.jpg\" \/>\t\t\t\t\t\t\t\t\t\t\t\t\t\t\t<\/a>\n\t\t\t\t\t\t\t\t\t\t\t\t\t\t\t\t\t\t\t\t\t\t\t\t\t\t<\/p>\n\t\t\t\t\t\t\t\t\t\t\t\t\t\t\t\t\t\t\t\t\t\t\t\t\t<div \n\t\t\t\t\t\t\t\t\t\t\t\t\tstyle=\"width:164px;\"\t\t\t\t\t\t\t\t\t\t\t\t\tclass=\"gllr_single_image_text gllr_single_image_text_under\">Bienenfresser - Bild-Nr. Dieter_150601_5895&nbsp;<\/div>\n\t\t\t\t\t\t\t\t\t\t\t\t\t\t\t\t\t\t\t\t\t\t\t<\/div><!-- .gllr_image_block -->\n\t\t\t\t\t\t\t\t\t\t\t\t\t\t\t\t\t\t\t\t\t<div class=\"gllr_image_block\">\n\t\t\t\t\t\t\t\t\t\t\t\t<p style=\"\n\t\t\t\t\t\t\t\t\t\t\t\twidth:164px;height:164px;\t\t\t\t\t\t\t\t\t\t\t\t\">\n\t\t\t\t\t\t\t\t\t\t\t\t\t\t\t\t\t\t\t\t\t\t\t\t\t\t\t\t<a data-fancybox=\"gallery_fancybox\" href=\"https:\/\/woerrlein-naturfoto.de\/wordpress\/wp-content\/uploads\/2015\/08\/Bienenfresser_D150601_595055d61781579f2.jpg\" title=\"Bienenfresser - Bild-Nr. Dieter_150601_5895\" >\n\t\t\t\t\t\t\t\t\t\t\t\t\t\t\t\t<img decoding=\"async\" width=&quot;158&quot; height=&quot;158&quot; style=\"width:158px; height:158px; border-width: 3px; border-color:#F1F1F1;border: 3px solid #F1F1F1\" alt=\"Bienenfresser\" title=\"Bienenfresser - Bild-Nr. Dieter_150601_5895\" src=\"https:\/\/woerrlein-naturfoto.de\/wordpress\/wp-content\/uploads\/2015\/08\/Bienenfresser_D150601_595055d61781579f2-200x200.jpg\" rel=\"https:\/\/woerrlein-naturfoto.de\/wordpress\/wp-content\/uploads\/2015\/08\/Bienenfresser_D150601_595055d61781579f2.jpg\" \/>\t\t\t\t\t\t\t\t\t\t\t\t\t\t\t<\/a>\n\t\t\t\t\t\t\t\t\t\t\t\t\t\t\t\t\t\t\t\t\t\t\t\t\t\t<\/p>\n\t\t\t\t\t\t\t\t\t\t\t\t\t\t\t\t\t\t\t\t\t\t\t\t\t<div \n\t\t\t\t\t\t\t\t\t\t\t\t\tstyle=\"width:164px;\"\t\t\t\t\t\t\t\t\t\t\t\t\tclass=\"gllr_single_image_text gllr_single_image_text_under\">Bienenfresser - Bild-Nr. Dieter_150601_5895&nbsp;<\/div>\n\t\t\t\t\t\t\t\t\t\t\t\t\t\t\t\t\t\t\t\t\t\t\t<\/div><!-- .gllr_image_block -->\n\t\t\t\t\t\t\t\t\t\t\t\t\t\t\t\t\t\t\t\t\t<div class=\"gllr_image_block\">\n\t\t\t\t\t\t\t\t\t\t\t\t<p style=\"\n\t\t\t\t\t\t\t\t\t\t\t\twidth:164px;height:164px;\t\t\t\t\t\t\t\t\t\t\t\t\">\n\t\t\t\t\t\t\t\t\t\t\t\t\t\t\t\t\t\t\t\t\t\t\t\t\t\t\t\t<a data-fancybox=\"gallery_fancybox\" href=\"https:\/\/woerrlein-naturfoto.de\/wordpress\/wp-content\/uploads\/2015\/08\/Bienenfresser_D150601_5975a.jpg\" title=\"Bienenfresser - Bild-Nr. Dieter_150601_5975\" >\n\t\t\t\t\t\t\t\t\t\t\t\t\t\t\t\t<img decoding=\"async\" width=&quot;158&quot; height=&quot;158&quot; style=\"width:158px; height:158px; border-width: 3px; border-color:#F1F1F1;border: 3px solid #F1F1F1\" alt=\"Bienenfresser\" title=\"Bienenfresser - Bild-Nr. Dieter_150601_5975\" src=\"https:\/\/woerrlein-naturfoto.de\/wordpress\/wp-content\/uploads\/2015\/08\/Bienenfresser_D150601_5975a-200x200.jpg\" rel=\"https:\/\/woerrlein-naturfoto.de\/wordpress\/wp-content\/uploads\/2015\/08\/Bienenfresser_D150601_5975a.jpg\" \/>\t\t\t\t\t\t\t\t\t\t\t\t\t\t\t<\/a>\n\t\t\t\t\t\t\t\t\t\t\t\t\t\t\t\t\t\t\t\t\t\t\t\t\t\t<\/p>\n\t\t\t\t\t\t\t\t\t\t\t\t\t\t\t\t\t\t\t\t\t\t\t\t\t<div \n\t\t\t\t\t\t\t\t\t\t\t\t\tstyle=\"width:164px;\"\t\t\t\t\t\t\t\t\t\t\t\t\tclass=\"gllr_single_image_text gllr_single_image_text_under\">Bienenfresser - Bild-Nr. Dieter_150601_5975&nbsp;<\/div>\n\t\t\t\t\t\t\t\t\t\t\t\t\t\t\t\t\t\t\t\t\t\t\t<\/div><!-- .gllr_image_block -->\n\t\t\t\t\t\t\t\t\t\t\t\t\t\t\t\t\t\t\t\t\t<\/div><!-- .gllr_image_row -->\n\t\t\t\t\t\t\t\t\t\t\t\t\t\t\t\t\t\t\t\t\t\t<div class=\"gllr_image_row\">\n\t\t\t\t\t\t\t\t\t\t\t\t\t\t\t\t\t\t\t\t\t<div class=\"gllr_image_block\">\n\t\t\t\t\t\t\t\t\t\t\t\t<p style=\"\n\t\t\t\t\t\t\t\t\t\t\t\twidth:164px;height:164px;\t\t\t\t\t\t\t\t\t\t\t\t\">\n\t\t\t\t\t\t\t\t\t\t\t\t\t\t\t\t\t\t\t\t\t\t\t\t\t\t\t\t<a data-fancybox=\"gallery_fancybox\" href=\"https:\/\/woerrlein-naturfoto.de\/wordpress\/wp-content\/uploads\/2015\/08\/Bienenfresser_D150604_7076a.jpg\" title=\"Bienenfresser - Bild-Nr. Dieter_150604_7076\" >\n\t\t\t\t\t\t\t\t\t\t\t\t\t\t\t\t<img decoding=\"async\" width=&quot;158&quot; height=&quot;158&quot; style=\"width:158px; height:158px; border-width: 3px; border-color:#F1F1F1;border: 3px solid #F1F1F1\" alt=\"Bienenfresser\" title=\"Bienenfresser - Bild-Nr. Dieter_150604_7076\" src=\"https:\/\/woerrlein-naturfoto.de\/wordpress\/wp-content\/uploads\/2015\/08\/Bienenfresser_D150604_7076a-200x200.jpg\" rel=\"https:\/\/woerrlein-naturfoto.de\/wordpress\/wp-content\/uploads\/2015\/08\/Bienenfresser_D150604_7076a.jpg\" \/>\t\t\t\t\t\t\t\t\t\t\t\t\t\t\t<\/a>\n\t\t\t\t\t\t\t\t\t\t\t\t\t\t\t\t\t\t\t\t\t\t\t\t\t\t<\/p>\n\t\t\t\t\t\t\t\t\t\t\t\t\t\t\t\t\t\t\t\t\t\t\t\t\t<div \n\t\t\t\t\t\t\t\t\t\t\t\t\tstyle=\"width:164px;\"\t\t\t\t\t\t\t\t\t\t\t\t\tclass=\"gllr_single_image_text gllr_single_image_text_under\">Bienenfresser - Bild-Nr. Dieter_150604_7076&nbsp;<\/div>\n\t\t\t\t\t\t\t\t\t\t\t\t\t\t\t\t\t\t\t\t\t\t\t<\/div><!-- .gllr_image_block -->\n\t\t\t\t\t\t\t\t\t\t\t\t\t\t\t\t\t\t\t\t\t<div class=\"gllr_image_block\">\n\t\t\t\t\t\t\t\t\t\t\t\t<p style=\"\n\t\t\t\t\t\t\t\t\t\t\t\twidth:164px;height:164px;\t\t\t\t\t\t\t\t\t\t\t\t\">\n\t\t\t\t\t\t\t\t\t\t\t\t\t\t\t\t\t\t\t\t\t\t\t\t\t\t\t\t<a data-fancybox=\"gallery_fancybox\" href=\"https:\/\/woerrlein-naturfoto.de\/wordpress\/wp-content\/uploads\/2015\/08\/Bienenfresser_250529_6191.jpg\" title=\"Bienenfresser - Bild-Nr. Dieter_250529_6191\" >\n\t\t\t\t\t\t\t\t\t\t\t\t\t\t\t\t<img decoding=\"async\" width=&quot;158&quot; height=&quot;158&quot; style=\"width:158px; height:158px; border-width: 3px; border-color:#F1F1F1;border: 3px solid #F1F1F1\" alt=\"Bienenfresser\" title=\"Bienenfresser - Bild-Nr. Dieter_250529_6191\" src=\"https:\/\/woerrlein-naturfoto.de\/wordpress\/wp-content\/uploads\/2015\/08\/Bienenfresser_250529_6191-158x158.jpg\" rel=\"https:\/\/woerrlein-naturfoto.de\/wordpress\/wp-content\/uploads\/2015\/08\/Bienenfresser_250529_6191.jpg\" \/>\t\t\t\t\t\t\t\t\t\t\t\t\t\t\t<\/a>\n\t\t\t\t\t\t\t\t\t\t\t\t\t\t\t\t\t\t\t\t\t\t\t\t\t\t<\/p>\n\t\t\t\t\t\t\t\t\t\t\t\t\t\t\t\t\t\t\t\t\t\t\t\t\t<div \n\t\t\t\t\t\t\t\t\t\t\t\t\tstyle=\"width:164px;\"\t\t\t\t\t\t\t\t\t\t\t\t\tclass=\"gllr_single_image_text gllr_single_image_text_under\">Bienenfresser - Bild-Nr. Dieter_250529_6191&nbsp;<\/div>\n\t\t\t\t\t\t\t\t\t\t\t\t\t\t\t\t\t\t\t\t\t\t\t<\/div><!-- .gllr_image_block -->\n\t\t\t\t\t\t\t\t\t\t\t\t\t\t\t\t\t\t\t\t\t<div class=\"gllr_image_block\">\n\t\t\t\t\t\t\t\t\t\t\t\t<p style=\"\n\t\t\t\t\t\t\t\t\t\t\t\twidth:164px;height:164px;\t\t\t\t\t\t\t\t\t\t\t\t\">\n\t\t\t\t\t\t\t\t\t\t\t\t\t\t\t\t\t\t\t\t\t\t\t\t\t\t\t\t<a data-fancybox=\"gallery_fancybox\" href=\"https:\/\/woerrlein-naturfoto.de\/wordpress\/wp-content\/uploads\/2015\/08\/Bienenfresser_250529_6207.jpg\" title=\"Bienenfresser - Bild-Nr. Dieter_250529_6207\" >\n\t\t\t\t\t\t\t\t\t\t\t\t\t\t\t\t<img decoding=\"async\" width=&quot;158&quot; height=&quot;158&quot; style=\"width:158px; height:158px; border-width: 3px; border-color:#F1F1F1;border: 3px solid #F1F1F1\" alt=\"Bienenfresser\" title=\"Bienenfresser - Bild-Nr. Dieter_250529_6207\" src=\"https:\/\/woerrlein-naturfoto.de\/wordpress\/wp-content\/uploads\/2015\/08\/Bienenfresser_250529_6207-158x158.jpg\" rel=\"https:\/\/woerrlein-naturfoto.de\/wordpress\/wp-content\/uploads\/2015\/08\/Bienenfresser_250529_6207.jpg\" \/>\t\t\t\t\t\t\t\t\t\t\t\t\t\t\t<\/a>\n\t\t\t\t\t\t\t\t\t\t\t\t\t\t\t\t\t\t\t\t\t\t\t\t\t\t<\/p>\n\t\t\t\t\t\t\t\t\t\t\t\t\t\t\t\t\t\t\t\t\t\t\t\t\t<div \n\t\t\t\t\t\t\t\t\t\t\t\t\tstyle=\"width:164px;\"\t\t\t\t\t\t\t\t\t\t\t\t\tclass=\"gllr_single_image_text gllr_single_image_text_under\">Bienenfresser - Bild-Nr. Dieter_250529_6207&nbsp;<\/div>\n\t\t\t\t\t\t\t\t\t\t\t\t\t\t\t\t\t\t\t\t\t\t\t<\/div><!-- .gllr_image_block -->\n\t\t\t\t\t\t\t\t\t\t\t\t\t\t\t\t\t\t\t\t\t<div class=\"gllr_image_block\">\n\t\t\t\t\t\t\t\t\t\t\t\t<p style=\"\n\t\t\t\t\t\t\t\t\t\t\t\twidth:164px;height:164px;\t\t\t\t\t\t\t\t\t\t\t\t\">\n\t\t\t\t\t\t\t\t\t\t\t\t\t\t\t\t\t\t\t\t\t\t\t\t\t\t\t\t<a data-fancybox=\"gallery_fancybox\" href=\"https:\/\/woerrlein-naturfoto.de\/wordpress\/wp-content\/uploads\/2015\/08\/Bienenfresser_250529_6233.jpg\" title=\"Bienenfresser - Bild-Nr. Dieter_250529_6233\" >\n\t\t\t\t\t\t\t\t\t\t\t\t\t\t\t\t<img decoding=\"async\" width=&quot;158&quot; height=&quot;158&quot; style=\"width:158px; height:158px; border-width: 3px; border-color:#F1F1F1;border: 3px solid #F1F1F1\" alt=\"Bienenfresser\" title=\"Bienenfresser - Bild-Nr. Dieter_250529_6233\" src=\"https:\/\/woerrlein-naturfoto.de\/wordpress\/wp-content\/uploads\/2015\/08\/Bienenfresser_250529_6233-158x158.jpg\" rel=\"https:\/\/woerrlein-naturfoto.de\/wordpress\/wp-content\/uploads\/2015\/08\/Bienenfresser_250529_6233.jpg\" \/>\t\t\t\t\t\t\t\t\t\t\t\t\t\t\t<\/a>\n\t\t\t\t\t\t\t\t\t\t\t\t\t\t\t\t\t\t\t\t\t\t\t\t\t\t<\/p>\n\t\t\t\t\t\t\t\t\t\t\t\t\t\t\t\t\t\t\t\t\t\t\t\t\t<div \n\t\t\t\t\t\t\t\t\t\t\t\t\tstyle=\"width:164px;\"\t\t\t\t\t\t\t\t\t\t\t\t\tclass=\"gllr_single_image_text gllr_single_image_text_under\">Bienenfresser - Bild-Nr. Dieter_250529_6233&nbsp;<\/div>\n\t\t\t\t\t\t\t\t\t\t\t\t\t\t\t\t\t\t\t\t\t\t\t<\/div><!-- .gllr_image_block -->\n\t\t\t\t\t\t\t\t\t\t\t\t\t\t\t\t\t\t\t\t\t<div class=\"gllr_image_block\">\n\t\t\t\t\t\t\t\t\t\t\t\t<p style=\"\n\t\t\t\t\t\t\t\t\t\t\t\twidth:164px;height:164px;\t\t\t\t\t\t\t\t\t\t\t\t\">\n\t\t\t\t\t\t\t\t\t\t\t\t\t\t\t\t\t\t\t\t\t\t\t\t\t\t\t\t<a data-fancybox=\"gallery_fancybox\" href=\"https:\/\/woerrlein-naturfoto.de\/wordpress\/wp-content\/uploads\/2015\/08\/Bienenfresser_250529_6242.jpg\" title=\"Bienenfresser - Bild-Nr. Dieter_250529_6242\" >\n\t\t\t\t\t\t\t\t\t\t\t\t\t\t\t\t<img decoding=\"async\" width=&quot;158&quot; height=&quot;158&quot; style=\"width:158px; height:158px; border-width: 3px; border-color:#F1F1F1;border: 3px solid #F1F1F1\" alt=\"Bienenfresser\" title=\"Bienenfresser - Bild-Nr. Dieter_250529_6242\" src=\"https:\/\/woerrlein-naturfoto.de\/wordpress\/wp-content\/uploads\/2015\/08\/Bienenfresser_250529_6242-158x158.jpg\" rel=\"https:\/\/woerrlein-naturfoto.de\/wordpress\/wp-content\/uploads\/2015\/08\/Bienenfresser_250529_6242.jpg\" \/>\t\t\t\t\t\t\t\t\t\t\t\t\t\t\t<\/a>\n\t\t\t\t\t\t\t\t\t\t\t\t\t\t\t\t\t\t\t\t\t\t\t\t\t\t<\/p>\n\t\t\t\t\t\t\t\t\t\t\t\t\t\t\t\t\t\t\t\t\t\t\t\t\t<div \n\t\t\t\t\t\t\t\t\t\t\t\t\tstyle=\"width:164px;\"\t\t\t\t\t\t\t\t\t\t\t\t\tclass=\"gllr_single_image_text gllr_single_image_text_under\">Bienenfresser - Bild-Nr. Dieter_250529_6242&nbsp;<\/div>\n\t\t\t\t\t\t\t\t\t\t\t\t\t\t\t\t\t\t\t\t\t\t\t<\/div><!-- .gllr_image_block -->\n\t\t\t\t\t\t\t\t\t\t\t\t\t\t\t\t\t\t\t\t\t<div class=\"gllr_image_block\">\n\t\t\t\t\t\t\t\t\t\t\t\t<p style=\"\n\t\t\t\t\t\t\t\t\t\t\t\twidth:164px;height:164px;\t\t\t\t\t\t\t\t\t\t\t\t\">\n\t\t\t\t\t\t\t\t\t\t\t\t\t\t\t\t\t\t\t\t\t\t\t\t\t\t\t\t<a data-fancybox=\"gallery_fancybox\" href=\"https:\/\/woerrlein-naturfoto.de\/wordpress\/wp-content\/uploads\/2015\/08\/Bienenfresser_AW01337LX5998x39991.jpg\" title=\"Bienenfresser - Bild-Nr. Anke_01337L\" >\n\t\t\t\t\t\t\t\t\t\t\t\t\t\t\t\t<img decoding=\"async\" width=&quot;158&quot; height=&quot;158&quot; style=\"width:158px; height:158px; border-width: 3px; border-color:#F1F1F1;border: 3px solid #F1F1F1\" alt=\"Bienenfresser\" title=\"Bienenfresser - Bild-Nr. Anke_01337L\" src=\"https:\/\/woerrlein-naturfoto.de\/wordpress\/wp-content\/uploads\/2015\/08\/Bienenfresser_AW01337LX5998x39991-200x200.jpg\" rel=\"https:\/\/woerrlein-naturfoto.de\/wordpress\/wp-content\/uploads\/2015\/08\/Bienenfresser_AW01337LX5998x39991.jpg\" \/>\t\t\t\t\t\t\t\t\t\t\t\t\t\t\t<\/a>\n\t\t\t\t\t\t\t\t\t\t\t\t\t\t\t\t\t\t\t\t\t\t\t\t\t\t<\/p>\n\t\t\t\t\t\t\t\t\t\t\t\t\t\t\t\t\t\t\t\t\t\t\t\t\t<div \n\t\t\t\t\t\t\t\t\t\t\t\t\tstyle=\"width:164px;\"\t\t\t\t\t\t\t\t\t\t\t\t\tclass=\"gllr_single_image_text gllr_single_image_text_under\">Bienenfresser - Bild-Nr. Anke_01337L&nbsp;<\/div>\n\t\t\t\t\t\t\t\t\t\t\t\t\t\t\t\t\t\t\t\t\t\t\t<\/div><!-- .gllr_image_block -->\n\t\t\t\t\t\t\t\t\t\t\t\t\t\t\t\t\t\t\t\t\t<div class=\"gllr_image_block\">\n\t\t\t\t\t\t\t\t\t\t\t\t<p style=\"\n\t\t\t\t\t\t\t\t\t\t\t\twidth:164px;height:164px;\t\t\t\t\t\t\t\t\t\t\t\t\">\n\t\t\t\t\t\t\t\t\t\t\t\t\t\t\t\t\t\t\t\t\t\t\t\t\t\t\t\t<a data-fancybox=\"gallery_fancybox\" href=\"https:\/\/woerrlein-naturfoto.de\/wordpress\/wp-content\/uploads\/2015\/08\/Bienenfresser_AW01346LX5328x35521.jpg\" title=\"Bienenfresser - Bild-Nr. Anke_01346L\" >\n\t\t\t\t\t\t\t\t\t\t\t\t\t\t\t\t<img decoding=\"async\" width=&quot;158&quot; height=&quot;158&quot; style=\"width:158px; height:158px; border-width: 3px; border-color:#F1F1F1;border: 3px solid #F1F1F1\" alt=\"Bienenfresser\" title=\"Bienenfresser - Bild-Nr. Anke_01346L\" src=\"https:\/\/woerrlein-naturfoto.de\/wordpress\/wp-content\/uploads\/2015\/08\/Bienenfresser_AW01346LX5328x35521-200x200.jpg\" rel=\"https:\/\/woerrlein-naturfoto.de\/wordpress\/wp-content\/uploads\/2015\/08\/Bienenfresser_AW01346LX5328x35521.jpg\" \/>\t\t\t\t\t\t\t\t\t\t\t\t\t\t\t<\/a>\n\t\t\t\t\t\t\t\t\t\t\t\t\t\t\t\t\t\t\t\t\t\t\t\t\t\t<\/p>\n\t\t\t\t\t\t\t\t\t\t\t\t\t\t\t\t\t\t\t\t\t\t\t\t\t<div \n\t\t\t\t\t\t\t\t\t\t\t\t\tstyle=\"width:164px;\"\t\t\t\t\t\t\t\t\t\t\t\t\tclass=\"gllr_single_image_text gllr_single_image_text_under\">Bienenfresser - Bild-Nr. Anke_01346L&nbsp;<\/div>\n\t\t\t\t\t\t\t\t\t\t\t\t\t\t\t\t\t\t\t\t\t\t\t<\/div><!-- .gllr_image_block -->\n\t\t\t\t\t\t\t\t\t\t\t\t\t\t\t\t\t\t\t\t\t<div class=\"gllr_image_block\">\n\t\t\t\t\t\t\t\t\t\t\t\t<p style=\"\n\t\t\t\t\t\t\t\t\t\t\t\twidth:164px;height:164px;\t\t\t\t\t\t\t\t\t\t\t\t\">\n\t\t\t\t\t\t\t\t\t\t\t\t\t\t\t\t\t\t\t\t\t\t\t\t\t\t\t\t<a data-fancybox=\"gallery_fancybox\" href=\"https:\/\/woerrlein-naturfoto.de\/wordpress\/wp-content\/uploads\/2015\/10\/Bienenfresser_AW01577L_6297x4198.jpg\" title=\"Bienenfresser - Bild-Nr. Anke_01577L\" >\n\t\t\t\t\t\t\t\t\t\t\t\t\t\t\t\t<img decoding=\"async\" width=&quot;158&quot; height=&quot;158&quot; style=\"width:158px; height:158px; border-width: 3px; border-color:#F1F1F1;border: 3px solid #F1F1F1\" alt=\"Bienenfresser\" title=\"Bienenfresser - Bild-Nr. Anke_01577L\" src=\"https:\/\/woerrlein-naturfoto.de\/wordpress\/wp-content\/uploads\/2015\/10\/Bienenfresser_AW01577L_6297x4198-195x195.jpg\" rel=\"https:\/\/woerrlein-naturfoto.de\/wordpress\/wp-content\/uploads\/2015\/10\/Bienenfresser_AW01577L_6297x4198.jpg\" \/>\t\t\t\t\t\t\t\t\t\t\t\t\t\t\t<\/a>\n\t\t\t\t\t\t\t\t\t\t\t\t\t\t\t\t\t\t\t\t\t\t\t\t\t\t<\/p>\n\t\t\t\t\t\t\t\t\t\t\t\t\t\t\t\t\t\t\t\t\t\t\t\t\t<div \n\t\t\t\t\t\t\t\t\t\t\t\t\tstyle=\"width:164px;\"\t\t\t\t\t\t\t\t\t\t\t\t\tclass=\"gllr_single_image_text gllr_single_image_text_under\">Bienenfresser - Bild-Nr. Anke_01577L&nbsp;<\/div>\n\t\t\t\t\t\t\t\t\t\t\t\t\t\t\t\t\t\t\t\t\t\t\t<\/div><!-- .gllr_image_block -->\n\t\t\t\t\t\t\t\t\t\t\t\t\t\t\t\t\t\t\t\t\t<\/div><!-- .gllr_image_row -->\n\t\t\t\t\t\t\t\t\t\t\t\t\t\t\t\t\t\t\t\t\t\t<div class=\"gllr_image_row\">\n\t\t\t\t\t\t\t\t\t\t\t\t\t\t\t\t\t\t\t\t\t<div class=\"gllr_image_block\">\n\t\t\t\t\t\t\t\t\t\t\t\t<p style=\"\n\t\t\t\t\t\t\t\t\t\t\t\twidth:164px;height:164px;\t\t\t\t\t\t\t\t\t\t\t\t\">\n\t\t\t\t\t\t\t\t\t\t\t\t\t\t\t\t\t\t\t\t\t\t\t\t\t\t\t\t<a data-fancybox=\"gallery_fancybox\" href=\"https:\/\/woerrlein-naturfoto.de\/wordpress\/wp-content\/uploads\/2015\/10\/Bienenfresser_AW02761L_4534x3023.jpg\" title=\"Bienenfresser - Bild-Nr. Anke_02761L\" >\n\t\t\t\t\t\t\t\t\t\t\t\t\t\t\t\t<img decoding=\"async\" width=&quot;158&quot; height=&quot;158&quot; style=\"width:158px; height:158px; border-width: 3px; border-color:#F1F1F1;border: 3px solid #F1F1F1\" alt=\"Bienenfresser\" title=\"Bienenfresser - Bild-Nr. Anke_02761L\" src=\"https:\/\/woerrlein-naturfoto.de\/wordpress\/wp-content\/uploads\/2015\/10\/Bienenfresser_AW02761L_4534x3023-195x195.jpg\" rel=\"https:\/\/woerrlein-naturfoto.de\/wordpress\/wp-content\/uploads\/2015\/10\/Bienenfresser_AW02761L_4534x3023.jpg\" \/>\t\t\t\t\t\t\t\t\t\t\t\t\t\t\t<\/a>\n\t\t\t\t\t\t\t\t\t\t\t\t\t\t\t\t\t\t\t\t\t\t\t\t\t\t<\/p>\n\t\t\t\t\t\t\t\t\t\t\t\t\t\t\t\t\t\t\t\t\t\t\t\t\t<div \n\t\t\t\t\t\t\t\t\t\t\t\t\tstyle=\"width:164px;\"\t\t\t\t\t\t\t\t\t\t\t\t\tclass=\"gllr_single_image_text gllr_single_image_text_under\">Bienenfresser - Bild-Nr. Anke_02761L&nbsp;<\/div>\n\t\t\t\t\t\t\t\t\t\t\t\t\t\t\t\t\t\t\t\t\t\t\t<\/div><!-- .gllr_image_block -->\n\t\t\t\t\t\t\t\t\t\t\t\t\t\t\t\t\t\t\t\t\t<div class=\"gllr_image_block\">\n\t\t\t\t\t\t\t\t\t\t\t\t<p style=\"\n\t\t\t\t\t\t\t\t\t\t\t\twidth:164px;height:164px;\t\t\t\t\t\t\t\t\t\t\t\t\">\n\t\t\t\t\t\t\t\t\t\t\t\t\t\t\t\t\t\t\t\t\t\t\t\t\t\t\t\t<a data-fancybox=\"gallery_fancybox\" href=\"https:\/\/woerrlein-naturfoto.de\/wordpress\/wp-content\/uploads\/2015\/10\/Bienenfresser_AW02855L_5466x3644.jpg\" title=\"Bienenfresser - Bild-Nr. Anke_02855L\" >\n\t\t\t\t\t\t\t\t\t\t\t\t\t\t\t\t<img decoding=\"async\" width=&quot;158&quot; height=&quot;158&quot; style=\"width:158px; height:158px; border-width: 3px; border-color:#F1F1F1;border: 3px solid #F1F1F1\" alt=\"Bienenfresser\" title=\"Bienenfresser - Bild-Nr. Anke_02855L\" src=\"https:\/\/woerrlein-naturfoto.de\/wordpress\/wp-content\/uploads\/2015\/10\/Bienenfresser_AW02855L_5466x3644-200x200.jpg\" rel=\"https:\/\/woerrlein-naturfoto.de\/wordpress\/wp-content\/uploads\/2015\/10\/Bienenfresser_AW02855L_5466x3644.jpg\" \/>\t\t\t\t\t\t\t\t\t\t\t\t\t\t\t<\/a>\n\t\t\t\t\t\t\t\t\t\t\t\t\t\t\t\t\t\t\t\t\t\t\t\t\t\t<\/p>\n\t\t\t\t\t\t\t\t\t\t\t\t\t\t\t\t\t\t\t\t\t\t\t\t\t<div \n\t\t\t\t\t\t\t\t\t\t\t\t\tstyle=\"width:164px;\"\t\t\t\t\t\t\t\t\t\t\t\t\tclass=\"gllr_single_image_text gllr_single_image_text_under\">Bienenfresser - Bild-Nr. Anke_02855L&nbsp;<\/div>\n\t\t\t\t\t\t\t\t\t\t\t\t\t\t\t\t\t\t\t\t\t\t\t<\/div><!-- .gllr_image_block -->\n\t\t\t\t\t\t\t\t\t\t\t\t\t\t\t\t\t\t\t\t\t<div class=\"gllr_image_block\">\n\t\t\t\t\t\t\t\t\t\t\t\t<p style=\"\n\t\t\t\t\t\t\t\t\t\t\t\twidth:164px;height:164px;\t\t\t\t\t\t\t\t\t\t\t\t\">\n\t\t\t\t\t\t\t\t\t\t\t\t\t\t\t\t\t\t\t\t\t\t\t\t\t\t\t\t<a data-fancybox=\"gallery_fancybox\" href=\"https:\/\/woerrlein-naturfoto.de\/wordpress\/wp-content\/uploads\/2015\/10\/Bienenfresser_AW02936L5562x3708.jpg\" title=\"Bienenfresser - Bild-Nr. Anke_02936L\" >\n\t\t\t\t\t\t\t\t\t\t\t\t\t\t\t\t<img decoding=\"async\" width=&quot;158&quot; height=&quot;158&quot; style=\"width:158px; height:158px; border-width: 3px; border-color:#F1F1F1;border: 3px solid #F1F1F1\" alt=\"Bienenfresser\" title=\"Bienenfresser - Bild-Nr. Anke_02936L\" src=\"https:\/\/woerrlein-naturfoto.de\/wordpress\/wp-content\/uploads\/2015\/10\/Bienenfresser_AW02936L5562x3708-195x195.jpg\" rel=\"https:\/\/woerrlein-naturfoto.de\/wordpress\/wp-content\/uploads\/2015\/10\/Bienenfresser_AW02936L5562x3708.jpg\" \/>\t\t\t\t\t\t\t\t\t\t\t\t\t\t\t<\/a>\n\t\t\t\t\t\t\t\t\t\t\t\t\t\t\t\t\t\t\t\t\t\t\t\t\t\t<\/p>\n\t\t\t\t\t\t\t\t\t\t\t\t\t\t\t\t\t\t\t\t\t\t\t\t\t<div \n\t\t\t\t\t\t\t\t\t\t\t\t\tstyle=\"width:164px;\"\t\t\t\t\t\t\t\t\t\t\t\t\tclass=\"gllr_single_image_text gllr_single_image_text_under\">Bienenfresser - Bild-Nr. Anke_02936L&nbsp;<\/div>\n\t\t\t\t\t\t\t\t\t\t\t\t\t\t\t\t\t\t\t\t\t\t\t<\/div><!-- .gllr_image_block -->\n\t\t\t\t\t\t\t\t\t\t\t\t\t\t\t\t\t\t\t\t\t<div class=\"gllr_image_block\">\n\t\t\t\t\t\t\t\t\t\t\t\t<p style=\"\n\t\t\t\t\t\t\t\t\t\t\t\twidth:164px;height:164px;\t\t\t\t\t\t\t\t\t\t\t\t\">\n\t\t\t\t\t\t\t\t\t\t\t\t\t\t\t\t\t\t\t\t\t\t\t\t\t\t\t\t<a data-fancybox=\"gallery_fancybox\" href=\"https:\/\/woerrlein-naturfoto.de\/wordpress\/wp-content\/uploads\/2015\/10\/Bienenfresser_AW02979L_5092x3395.jpg\" title=\"Bienenfresser - Bild-Nr. Anke_02979L\" >\n\t\t\t\t\t\t\t\t\t\t\t\t\t\t\t\t<img decoding=\"async\" width=&quot;158&quot; height=&quot;158&quot; style=\"width:158px; height:158px; border-width: 3px; border-color:#F1F1F1;border: 3px solid #F1F1F1\" alt=\"Bienenfresser\" title=\"Bienenfresser - Bild-Nr. Anke_02979L\" src=\"https:\/\/woerrlein-naturfoto.de\/wordpress\/wp-content\/uploads\/2015\/10\/Bienenfresser_AW02979L_5092x3395-200x200.jpg\" rel=\"https:\/\/woerrlein-naturfoto.de\/wordpress\/wp-content\/uploads\/2015\/10\/Bienenfresser_AW02979L_5092x3395.jpg\" \/>\t\t\t\t\t\t\t\t\t\t\t\t\t\t\t<\/a>\n\t\t\t\t\t\t\t\t\t\t\t\t\t\t\t\t\t\t\t\t\t\t\t\t\t\t<\/p>\n\t\t\t\t\t\t\t\t\t\t\t\t\t\t\t\t\t\t\t\t\t\t\t\t\t<div \n\t\t\t\t\t\t\t\t\t\t\t\t\tstyle=\"width:164px;\"\t\t\t\t\t\t\t\t\t\t\t\t\tclass=\"gllr_single_image_text gllr_single_image_text_under\">Bienenfresser - Bild-Nr. Anke_02979L&nbsp;<\/div>\n\t\t\t\t\t\t\t\t\t\t\t\t\t\t\t\t\t\t\t\t\t\t\t<\/div><!-- .gllr_image_block -->\n\t\t\t\t\t\t\t\t\t\t\t\t\t\t\t\t\t\t\t\t\t<div class=\"gllr_image_block\">\n\t\t\t\t\t\t\t\t\t\t\t\t<p style=\"\n\t\t\t\t\t\t\t\t\t\t\t\twidth:164px;height:164px;\t\t\t\t\t\t\t\t\t\t\t\t\">\n\t\t\t\t\t\t\t\t\t\t\t\t\t\t\t\t\t\t\t\t\t\t\t\t\t\t\t\t<a data-fancybox=\"gallery_fancybox\" href=\"https:\/\/woerrlein-naturfoto.de\/wordpress\/wp-content\/uploads\/2015\/10\/Bienenfresser_AW03017L_5461x3641.jpg\" title=\"Bienenfresser - Bild-Nr. Anke_0317L\" >\n\t\t\t\t\t\t\t\t\t\t\t\t\t\t\t\t<img decoding=\"async\" width=&quot;158&quot; height=&quot;158&quot; style=\"width:158px; height:158px; border-width: 3px; border-color:#F1F1F1;border: 3px solid #F1F1F1\" alt=\"Bienenfresser\" title=\"Bienenfresser - Bild-Nr. Anke_0317L\" src=\"https:\/\/woerrlein-naturfoto.de\/wordpress\/wp-content\/uploads\/2015\/10\/Bienenfresser_AW03017L_5461x3641-200x200.jpg\" rel=\"https:\/\/woerrlein-naturfoto.de\/wordpress\/wp-content\/uploads\/2015\/10\/Bienenfresser_AW03017L_5461x3641.jpg\" \/>\t\t\t\t\t\t\t\t\t\t\t\t\t\t\t<\/a>\n\t\t\t\t\t\t\t\t\t\t\t\t\t\t\t\t\t\t\t\t\t\t\t\t\t\t<\/p>\n\t\t\t\t\t\t\t\t\t\t\t\t\t\t\t\t\t\t\t\t\t\t\t\t\t<div \n\t\t\t\t\t\t\t\t\t\t\t\t\tstyle=\"width:164px;\"\t\t\t\t\t\t\t\t\t\t\t\t\tclass=\"gllr_single_image_text gllr_single_image_text_under\">Bienenfresser - Bild-Nr. Anke_0317L&nbsp;<\/div>\n\t\t\t\t\t\t\t\t\t\t\t\t\t\t\t\t\t\t\t\t\t\t\t<\/div><!-- .gllr_image_block -->\n\t\t\t\t\t\t\t\t\t\t\t\t\t\t\t\t\t\t\t\t\t<div class=\"gllr_image_block\">\n\t\t\t\t\t\t\t\t\t\t\t\t<p style=\"\n\t\t\t\t\t\t\t\t\t\t\t\twidth:164px;height:164px;\t\t\t\t\t\t\t\t\t\t\t\t\">\n\t\t\t\t\t\t\t\t\t\t\t\t\t\t\t\t\t\t\t\t\t\t\t\t\t\t\t\t<a data-fancybox=\"gallery_fancybox\" href=\"https:\/\/woerrlein-naturfoto.de\/wordpress\/wp-content\/uploads\/2015\/10\/Bienenfresser_AW03402L_6072x4048.jpg\" title=\"Bienenfresser - Bild-Nr. Anke_03402L\" >\n\t\t\t\t\t\t\t\t\t\t\t\t\t\t\t\t<img decoding=\"async\" width=&quot;158&quot; height=&quot;158&quot; style=\"width:158px; height:158px; border-width: 3px; border-color:#F1F1F1;border: 3px solid #F1F1F1\" alt=\"Bienenfresser\" title=\"Bienenfresser - Bild-Nr. Anke_03402L\" src=\"https:\/\/woerrlein-naturfoto.de\/wordpress\/wp-content\/uploads\/2015\/10\/Bienenfresser_AW03402L_6072x4048-195x195.jpg\" rel=\"https:\/\/woerrlein-naturfoto.de\/wordpress\/wp-content\/uploads\/2015\/10\/Bienenfresser_AW03402L_6072x4048.jpg\" \/>\t\t\t\t\t\t\t\t\t\t\t\t\t\t\t<\/a>\n\t\t\t\t\t\t\t\t\t\t\t\t\t\t\t\t\t\t\t\t\t\t\t\t\t\t<\/p>\n\t\t\t\t\t\t\t\t\t\t\t\t\t\t\t\t\t\t\t\t\t\t\t\t\t<div \n\t\t\t\t\t\t\t\t\t\t\t\t\tstyle=\"width:164px;\"\t\t\t\t\t\t\t\t\t\t\t\t\tclass=\"gllr_single_image_text gllr_single_image_text_under\">Bienenfresser - Bild-Nr. Anke_03402L&nbsp;<\/div>\n\t\t\t\t\t\t\t\t\t\t\t\t\t\t\t\t\t\t\t\t\t\t\t<\/div><!-- .gllr_image_block -->\n\t\t\t\t\t\t\t\t\t\t\t\t\t\t\t\t\t\t\t\t\t<div class=\"gllr_image_block\">\n\t\t\t\t\t\t\t\t\t\t\t\t<p style=\"\n\t\t\t\t\t\t\t\t\t\t\t\twidth:164px;height:164px;\t\t\t\t\t\t\t\t\t\t\t\t\">\n\t\t\t\t\t\t\t\t\t\t\t\t\t\t\t\t\t\t\t\t\t\t\t\t\t\t\t\t<a data-fancybox=\"gallery_fancybox\" href=\"https:\/\/woerrlein-naturfoto.de\/wordpress\/wp-content\/uploads\/2015\/08\/Blauracke_D150601_620855d61783c86f0.jpg\" title=\"Blauracke - Bild-Nr. Dieter_150601_6208\" >\n\t\t\t\t\t\t\t\t\t\t\t\t\t\t\t\t<img decoding=\"async\" width=&quot;158&quot; height=&quot;158&quot; style=\"width:158px; height:158px; border-width: 3px; border-color:#F1F1F1;border: 3px solid #F1F1F1\" alt=\"Blauracke\" title=\"Blauracke - Bild-Nr. Dieter_150601_6208\" src=\"https:\/\/woerrlein-naturfoto.de\/wordpress\/wp-content\/uploads\/2015\/08\/Blauracke_D150601_620855d61783c86f0-200x200.jpg\" rel=\"https:\/\/woerrlein-naturfoto.de\/wordpress\/wp-content\/uploads\/2015\/08\/Blauracke_D150601_620855d61783c86f0.jpg\" \/>\t\t\t\t\t\t\t\t\t\t\t\t\t\t\t<\/a>\n\t\t\t\t\t\t\t\t\t\t\t\t\t\t\t\t\t\t\t\t\t\t\t\t\t\t<\/p>\n\t\t\t\t\t\t\t\t\t\t\t\t\t\t\t\t\t\t\t\t\t\t\t\t\t<div \n\t\t\t\t\t\t\t\t\t\t\t\t\tstyle=\"width:164px;\"\t\t\t\t\t\t\t\t\t\t\t\t\tclass=\"gllr_single_image_text gllr_single_image_text_under\">Blauracke - Bild-Nr. Dieter_150601_6208&nbsp;<\/div>\n\t\t\t\t\t\t\t\t\t\t\t\t\t\t\t\t\t\t\t\t\t\t\t<\/div><!-- .gllr_image_block -->\n\t\t\t\t\t\t\t\t\t\t\t\t\t\t\t\t\t\t\t\t\t<div class=\"gllr_image_block\">\n\t\t\t\t\t\t\t\t\t\t\t\t<p style=\"\n\t\t\t\t\t\t\t\t\t\t\t\twidth:164px;height:164px;\t\t\t\t\t\t\t\t\t\t\t\t\">\n\t\t\t\t\t\t\t\t\t\t\t\t\t\t\t\t\t\t\t\t\t\t\t\t\t\t\t\t<a data-fancybox=\"gallery_fancybox\" href=\"https:\/\/woerrlein-naturfoto.de\/wordpress\/wp-content\/uploads\/2015\/08\/Blauracke_D150601_624755d617851ecd1.jpg\" title=\"Blauracke - Bild-Nr. Dieter_150601_6247\" >\n\t\t\t\t\t\t\t\t\t\t\t\t\t\t\t\t<img decoding=\"async\" width=&quot;158&quot; height=&quot;158&quot; style=\"width:158px; height:158px; border-width: 3px; border-color:#F1F1F1;border: 3px solid #F1F1F1\" alt=\"Blauracke\" title=\"Blauracke - Bild-Nr. Dieter_150601_6247\" src=\"https:\/\/woerrlein-naturfoto.de\/wordpress\/wp-content\/uploads\/2015\/08\/Blauracke_D150601_624755d617851ecd1-200x200.jpg\" rel=\"https:\/\/woerrlein-naturfoto.de\/wordpress\/wp-content\/uploads\/2015\/08\/Blauracke_D150601_624755d617851ecd1.jpg\" \/>\t\t\t\t\t\t\t\t\t\t\t\t\t\t\t<\/a>\n\t\t\t\t\t\t\t\t\t\t\t\t\t\t\t\t\t\t\t\t\t\t\t\t\t\t<\/p>\n\t\t\t\t\t\t\t\t\t\t\t\t\t\t\t\t\t\t\t\t\t\t\t\t\t<div \n\t\t\t\t\t\t\t\t\t\t\t\t\tstyle=\"width:164px;\"\t\t\t\t\t\t\t\t\t\t\t\t\tclass=\"gllr_single_image_text gllr_single_image_text_under\">Blauracke - Bild-Nr. Dieter_150601_6247&nbsp;<\/div>\n\t\t\t\t\t\t\t\t\t\t\t\t\t\t\t\t\t\t\t\t\t\t\t<\/div><!-- .gllr_image_block -->\n\t\t\t\t\t\t\t\t\t\t\t\t\t\t\t\t\t\t\t\t\t<\/div><!-- .gllr_image_row -->\n\t\t\t\t\t\t\t\t\t\t\t\t\t\t\t\t\t\t\t\t\t\t<div class=\"gllr_image_row\">\n\t\t\t\t\t\t\t\t\t\t\t\t\t\t\t\t\t\t\t\t\t<div class=\"gllr_image_block\">\n\t\t\t\t\t\t\t\t\t\t\t\t<p style=\"\n\t\t\t\t\t\t\t\t\t\t\t\twidth:164px;height:164px;\t\t\t\t\t\t\t\t\t\t\t\t\">\n\t\t\t\t\t\t\t\t\t\t\t\t\t\t\t\t\t\t\t\t\t\t\t\t\t\t\t\t<a data-fancybox=\"gallery_fancybox\" href=\"https:\/\/woerrlein-naturfoto.de\/wordpress\/wp-content\/uploads\/2015\/08\/Blauracke_D150601_626755d61784b6baa.jpg\" title=\"Blauracke - Bild-Nr. Dieter_150601_6267\" >\n\t\t\t\t\t\t\t\t\t\t\t\t\t\t\t\t<img decoding=\"async\" width=&quot;158&quot; height=&quot;158&quot; style=\"width:158px; height:158px; border-width: 3px; border-color:#F1F1F1;border: 3px solid #F1F1F1\" alt=\"Blauracke\" title=\"Blauracke - Bild-Nr. Dieter_150601_6267\" src=\"https:\/\/woerrlein-naturfoto.de\/wordpress\/wp-content\/uploads\/2015\/08\/Blauracke_D150601_626755d61784b6baa-200x200.jpg\" rel=\"https:\/\/woerrlein-naturfoto.de\/wordpress\/wp-content\/uploads\/2015\/08\/Blauracke_D150601_626755d61784b6baa.jpg\" \/>\t\t\t\t\t\t\t\t\t\t\t\t\t\t\t<\/a>\n\t\t\t\t\t\t\t\t\t\t\t\t\t\t\t\t\t\t\t\t\t\t\t\t\t\t<\/p>\n\t\t\t\t\t\t\t\t\t\t\t\t\t\t\t\t\t\t\t\t\t\t\t\t\t<div \n\t\t\t\t\t\t\t\t\t\t\t\t\tstyle=\"width:164px;\"\t\t\t\t\t\t\t\t\t\t\t\t\tclass=\"gllr_single_image_text gllr_single_image_text_under\">Blauracke - Bild-Nr. Dieter_150601_6267&nbsp;<\/div>\n\t\t\t\t\t\t\t\t\t\t\t\t\t\t\t\t\t\t\t\t\t\t\t<\/div><!-- .gllr_image_block -->\n\t\t\t\t\t\t\t\t\t\t\t\t\t\t\t\t\t\t\t\t\t<div class=\"gllr_image_block\">\n\t\t\t\t\t\t\t\t\t\t\t\t<p style=\"\n\t\t\t\t\t\t\t\t\t\t\t\twidth:164px;height:164px;\t\t\t\t\t\t\t\t\t\t\t\t\">\n\t\t\t\t\t\t\t\t\t\t\t\t\t\t\t\t\t\t\t\t\t\t\t\t\t\t\t\t<a data-fancybox=\"gallery_fancybox\" href=\"https:\/\/woerrlein-naturfoto.de\/wordpress\/wp-content\/uploads\/2015\/08\/Blauracke_D150601_634755d6178433963.jpg\" title=\"Blauracke - Bild-Nr. Dieter_150601_6347\" >\n\t\t\t\t\t\t\t\t\t\t\t\t\t\t\t\t<img decoding=\"async\" width=&quot;158&quot; height=&quot;158&quot; style=\"width:158px; height:158px; border-width: 3px; border-color:#F1F1F1;border: 3px solid #F1F1F1\" alt=\"Blauracke\" title=\"Blauracke - Bild-Nr. Dieter_150601_6347\" src=\"https:\/\/woerrlein-naturfoto.de\/wordpress\/wp-content\/uploads\/2015\/08\/Blauracke_D150601_634755d6178433963-200x200.jpg\" rel=\"https:\/\/woerrlein-naturfoto.de\/wordpress\/wp-content\/uploads\/2015\/08\/Blauracke_D150601_634755d6178433963.jpg\" \/>\t\t\t\t\t\t\t\t\t\t\t\t\t\t\t<\/a>\n\t\t\t\t\t\t\t\t\t\t\t\t\t\t\t\t\t\t\t\t\t\t\t\t\t\t<\/p>\n\t\t\t\t\t\t\t\t\t\t\t\t\t\t\t\t\t\t\t\t\t\t\t\t\t<div \n\t\t\t\t\t\t\t\t\t\t\t\t\tstyle=\"width:164px;\"\t\t\t\t\t\t\t\t\t\t\t\t\tclass=\"gllr_single_image_text gllr_single_image_text_under\">Blauracke - Bild-Nr. Dieter_150601_6347&nbsp;<\/div>\n\t\t\t\t\t\t\t\t\t\t\t\t\t\t\t\t\t\t\t\t\t\t\t<\/div><!-- .gllr_image_block -->\n\t\t\t\t\t\t\t\t\t\t\t\t\t\t\t\t\t\t\t\t\t<div class=\"gllr_image_block\">\n\t\t\t\t\t\t\t\t\t\t\t\t<p style=\"\n\t\t\t\t\t\t\t\t\t\t\t\twidth:164px;height:164px;\t\t\t\t\t\t\t\t\t\t\t\t\">\n\t\t\t\t\t\t\t\t\t\t\t\t\t\t\t\t\t\t\t\t\t\t\t\t\t\t\t\t<a data-fancybox=\"gallery_fancybox\" href=\"https:\/\/woerrlein-naturfoto.de\/wordpress\/wp-content\/uploads\/2015\/08\/Eisvogel_200927_8920.jpg\" title=\"Eisvogel - Bild-Nr. Dieter_200927_8920h\" >\n\t\t\t\t\t\t\t\t\t\t\t\t\t\t\t\t<img decoding=\"async\" width=&quot;158&quot; height=&quot;158&quot; style=\"width:158px; height:158px; border-width: 3px; border-color:#F1F1F1;border: 3px solid #F1F1F1\" alt=\"Eisvogel\" title=\"Eisvogel - Bild-Nr. Dieter_200927_8920h\" src=\"https:\/\/woerrlein-naturfoto.de\/wordpress\/wp-content\/uploads\/2015\/08\/Eisvogel_200927_8920-200x200.jpg\" rel=\"https:\/\/woerrlein-naturfoto.de\/wordpress\/wp-content\/uploads\/2015\/08\/Eisvogel_200927_8920.jpg\" \/>\t\t\t\t\t\t\t\t\t\t\t\t\t\t\t<\/a>\n\t\t\t\t\t\t\t\t\t\t\t\t\t\t\t\t\t\t\t\t\t\t\t\t\t\t<\/p>\n\t\t\t\t\t\t\t\t\t\t\t\t\t\t\t\t\t\t\t\t\t\t\t\t\t<div \n\t\t\t\t\t\t\t\t\t\t\t\t\tstyle=\"width:164px;\"\t\t\t\t\t\t\t\t\t\t\t\t\tclass=\"gllr_single_image_text gllr_single_image_text_under\">Eisvogel - Bild-Nr. Dieter_200927_8920h&nbsp;<\/div>\n\t\t\t\t\t\t\t\t\t\t\t\t\t\t\t\t\t\t\t\t\t\t\t<\/div><!-- .gllr_image_block -->\n\t\t\t\t\t\t\t\t\t\t\t\t\t\t\t\t\t\t\t\t\t<div class=\"gllr_image_block\">\n\t\t\t\t\t\t\t\t\t\t\t\t<p style=\"\n\t\t\t\t\t\t\t\t\t\t\t\twidth:164px;height:164px;\t\t\t\t\t\t\t\t\t\t\t\t\">\n\t\t\t\t\t\t\t\t\t\t\t\t\t\t\t\t\t\t\t\t\t\t\t\t\t\t\t\t<a data-fancybox=\"gallery_fancybox\" href=\"https:\/\/woerrlein-naturfoto.de\/wordpress\/wp-content\/uploads\/2021\/02\/Eisvogel_210127_1156.jpg\" title=\"Eisvogel - Bild-Nr. Dieter_210127_1156\" >\n\t\t\t\t\t\t\t\t\t\t\t\t\t\t\t\t<img decoding=\"async\" width=&quot;158&quot; height=&quot;158&quot; style=\"width:158px; height:158px; border-width: 3px; border-color:#F1F1F1;border: 3px solid #F1F1F1\" alt=\"Eisvogel\" title=\"Eisvogel - Bild-Nr. Dieter_210127_1156\" src=\"https:\/\/woerrlein-naturfoto.de\/wordpress\/wp-content\/uploads\/2021\/02\/Eisvogel_210127_1156-200x200.jpg\" rel=\"https:\/\/woerrlein-naturfoto.de\/wordpress\/wp-content\/uploads\/2021\/02\/Eisvogel_210127_1156.jpg\" \/>\t\t\t\t\t\t\t\t\t\t\t\t\t\t\t<\/a>\n\t\t\t\t\t\t\t\t\t\t\t\t\t\t\t\t\t\t\t\t\t\t\t\t\t\t<\/p>\n\t\t\t\t\t\t\t\t\t\t\t\t\t\t\t\t\t\t\t\t\t\t\t\t\t<div \n\t\t\t\t\t\t\t\t\t\t\t\t\tstyle=\"width:164px;\"\t\t\t\t\t\t\t\t\t\t\t\t\tclass=\"gllr_single_image_text gllr_single_image_text_under\">Eisvogel - Bild-Nr. Dieter_210127_1156&nbsp;<\/div>\n\t\t\t\t\t\t\t\t\t\t\t\t\t\t\t\t\t\t\t\t\t\t\t<\/div><!-- .gllr_image_block -->\n\t\t\t\t\t\t\t\t\t\t\t\t\t\t\t\t\t\t\t\t\t<div class=\"gllr_image_block\">\n\t\t\t\t\t\t\t\t\t\t\t\t<p style=\"\n\t\t\t\t\t\t\t\t\t\t\t\twidth:164px;height:164px;\t\t\t\t\t\t\t\t\t\t\t\t\">\n\t\t\t\t\t\t\t\t\t\t\t\t\t\t\t\t\t\t\t\t\t\t\t\t\t\t\t\t<a data-fancybox=\"gallery_fancybox\" href=\"https:\/\/woerrlein-naturfoto.de\/wordpress\/wp-content\/uploads\/2015\/08\/Eisvogel_220213_0375.jpg\" title=\"Eisvogel - Bild-Nr. Dieter_220213_0375\" >\n\t\t\t\t\t\t\t\t\t\t\t\t\t\t\t\t<img decoding=\"async\" width=&quot;158&quot; height=&quot;158&quot; style=\"width:158px; height:158px; border-width: 3px; border-color:#F1F1F1;border: 3px solid #F1F1F1\" alt=\"Eisvogel\" title=\"Eisvogel - Bild-Nr. Dieter_220213_0375\" src=\"https:\/\/woerrlein-naturfoto.de\/wordpress\/wp-content\/uploads\/2015\/08\/Eisvogel_220213_0375-200x200.jpg\" rel=\"https:\/\/woerrlein-naturfoto.de\/wordpress\/wp-content\/uploads\/2015\/08\/Eisvogel_220213_0375.jpg\" \/>\t\t\t\t\t\t\t\t\t\t\t\t\t\t\t<\/a>\n\t\t\t\t\t\t\t\t\t\t\t\t\t\t\t\t\t\t\t\t\t\t\t\t\t\t<\/p>\n\t\t\t\t\t\t\t\t\t\t\t\t\t\t\t\t\t\t\t\t\t\t\t\t\t<div \n\t\t\t\t\t\t\t\t\t\t\t\t\tstyle=\"width:164px;\"\t\t\t\t\t\t\t\t\t\t\t\t\tclass=\"gllr_single_image_text gllr_single_image_text_under\">Eisvogel - Bild-Nr. Dieter_220213_0375&nbsp;<\/div>\n\t\t\t\t\t\t\t\t\t\t\t\t\t\t\t\t\t\t\t\t\t\t\t<\/div><!-- .gllr_image_block -->\n\t\t\t\t\t\t\t\t\t\t\t\t\t\t\t\t\t\t\t\t\t<div class=\"gllr_image_block\">\n\t\t\t\t\t\t\t\t\t\t\t\t<p style=\"\n\t\t\t\t\t\t\t\t\t\t\t\twidth:164px;height:164px;\t\t\t\t\t\t\t\t\t\t\t\t\">\n\t\t\t\t\t\t\t\t\t\t\t\t\t\t\t\t\t\t\t\t\t\t\t\t\t\t\t\t<a data-fancybox=\"gallery_fancybox\" href=\"https:\/\/woerrlein-naturfoto.de\/wordpress\/wp-content\/uploads\/2015\/08\/Eisvogel_220213_0380.jpg\" title=\"Eisvogel - Bild-Nr. Dieter_220213_0380\" >\n\t\t\t\t\t\t\t\t\t\t\t\t\t\t\t\t<img decoding=\"async\" width=&quot;158&quot; height=&quot;158&quot; style=\"width:158px; height:158px; border-width: 3px; border-color:#F1F1F1;border: 3px solid #F1F1F1\" alt=\"Eisvogel\" title=\"Eisvogel - Bild-Nr. Dieter_220213_0380\" src=\"https:\/\/woerrlein-naturfoto.de\/wordpress\/wp-content\/uploads\/2015\/08\/Eisvogel_220213_0380-200x200.jpg\" rel=\"https:\/\/woerrlein-naturfoto.de\/wordpress\/wp-content\/uploads\/2015\/08\/Eisvogel_220213_0380.jpg\" \/>\t\t\t\t\t\t\t\t\t\t\t\t\t\t\t<\/a>\n\t\t\t\t\t\t\t\t\t\t\t\t\t\t\t\t\t\t\t\t\t\t\t\t\t\t<\/p>\n\t\t\t\t\t\t\t\t\t\t\t\t\t\t\t\t\t\t\t\t\t\t\t\t\t<div \n\t\t\t\t\t\t\t\t\t\t\t\t\tstyle=\"width:164px;\"\t\t\t\t\t\t\t\t\t\t\t\t\tclass=\"gllr_single_image_text gllr_single_image_text_under\">Eisvogel - Bild-Nr. Dieter_220213_0380&nbsp;<\/div>\n\t\t\t\t\t\t\t\t\t\t\t\t\t\t\t\t\t\t\t\t\t\t\t<\/div><!-- .gllr_image_block -->\n\t\t\t\t\t\t\t\t\t\t\t\t\t\t\t\t\t\t\t\t\t<div class=\"gllr_image_block\">\n\t\t\t\t\t\t\t\t\t\t\t\t<p style=\"\n\t\t\t\t\t\t\t\t\t\t\t\twidth:164px;height:164px;\t\t\t\t\t\t\t\t\t\t\t\t\">\n\t\t\t\t\t\t\t\t\t\t\t\t\t\t\t\t\t\t\t\t\t\t\t\t\t\t\t\t<a data-fancybox=\"gallery_fancybox\" href=\"https:\/\/woerrlein-naturfoto.de\/wordpress\/wp-content\/uploads\/2015\/08\/Eisvogel_221218_3971b.jpg\" title=\"Eisvogel - Bild-Nr. Dieter_221218_3971\" >\n\t\t\t\t\t\t\t\t\t\t\t\t\t\t\t\t<img decoding=\"async\" width=&quot;158&quot; height=&quot;158&quot; style=\"width:158px; height:158px; border-width: 3px; border-color:#F1F1F1;border: 3px solid #F1F1F1\" alt=\"Eisvogel\" title=\"Eisvogel - Bild-Nr. Dieter_221218_3971\" src=\"https:\/\/woerrlein-naturfoto.de\/wordpress\/wp-content\/uploads\/2015\/08\/Eisvogel_221218_3971b-200x200.jpg\" rel=\"https:\/\/woerrlein-naturfoto.de\/wordpress\/wp-content\/uploads\/2015\/08\/Eisvogel_221218_3971b.jpg\" \/>\t\t\t\t\t\t\t\t\t\t\t\t\t\t\t<\/a>\n\t\t\t\t\t\t\t\t\t\t\t\t\t\t\t\t\t\t\t\t\t\t\t\t\t\t<\/p>\n\t\t\t\t\t\t\t\t\t\t\t\t\t\t\t\t\t\t\t\t\t\t\t\t\t<div \n\t\t\t\t\t\t\t\t\t\t\t\t\tstyle=\"width:164px;\"\t\t\t\t\t\t\t\t\t\t\t\t\tclass=\"gllr_single_image_text gllr_single_image_text_under\">Eisvogel - Bild-Nr. Dieter_221218_3971&nbsp;<\/div>\n\t\t\t\t\t\t\t\t\t\t\t\t\t\t\t\t\t\t\t\t\t\t\t<\/div><!-- .gllr_image_block -->\n\t\t\t\t\t\t\t\t\t\t\t\t\t\t\t\t\t\t\t\t\t<div class=\"gllr_image_block\">\n\t\t\t\t\t\t\t\t\t\t\t\t<p style=\"\n\t\t\t\t\t\t\t\t\t\t\t\twidth:164px;height:164px;\t\t\t\t\t\t\t\t\t\t\t\t\">\n\t\t\t\t\t\t\t\t\t\t\t\t\t\t\t\t\t\t\t\t\t\t\t\t\t\t\t\t<a data-fancybox=\"gallery_fancybox\" href=\"https:\/\/woerrlein-naturfoto.de\/wordpress\/wp-content\/uploads\/2015\/08\/Eisvogel_230213_4285.jpg\" title=\"Eisvogel - Bild-Nr. Dieter_230213_4285\" >\n\t\t\t\t\t\t\t\t\t\t\t\t\t\t\t\t<img decoding=\"async\" width=&quot;158&quot; height=&quot;158&quot; style=\"width:158px; height:158px; border-width: 3px; border-color:#F1F1F1;border: 3px solid #F1F1F1\" alt=\"Eisvogel\" title=\"Eisvogel - Bild-Nr. Dieter_230213_4285\" src=\"https:\/\/woerrlein-naturfoto.de\/wordpress\/wp-content\/uploads\/2015\/08\/Eisvogel_230213_4285-200x200.jpg\" rel=\"https:\/\/woerrlein-naturfoto.de\/wordpress\/wp-content\/uploads\/2015\/08\/Eisvogel_230213_4285.jpg\" \/>\t\t\t\t\t\t\t\t\t\t\t\t\t\t\t<\/a>\n\t\t\t\t\t\t\t\t\t\t\t\t\t\t\t\t\t\t\t\t\t\t\t\t\t\t<\/p>\n\t\t\t\t\t\t\t\t\t\t\t\t\t\t\t\t\t\t\t\t\t\t\t\t\t<div \n\t\t\t\t\t\t\t\t\t\t\t\t\tstyle=\"width:164px;\"\t\t\t\t\t\t\t\t\t\t\t\t\tclass=\"gllr_single_image_text gllr_single_image_text_under\">Eisvogel - Bild-Nr. Dieter_230213_4285&nbsp;<\/div>\n\t\t\t\t\t\t\t\t\t\t\t\t\t\t\t\t\t\t\t\t\t\t\t<\/div><!-- .gllr_image_block -->\n\t\t\t\t\t\t\t\t\t\t\t\t\t\t\t\t\t\t\t\t\t<\/div><!-- .gllr_image_row -->\n\t\t\t\t\t\t\t\t\t\t\t\t\t\t\t\t\t\t\t\t\t\t<div class=\"gllr_image_row\">\n\t\t\t\t\t\t\t\t\t\t\t\t\t\t\t\t\t\t\t\t\t<div class=\"gllr_image_block\">\n\t\t\t\t\t\t\t\t\t\t\t\t<p style=\"\n\t\t\t\t\t\t\t\t\t\t\t\twidth:164px;height:164px;\t\t\t\t\t\t\t\t\t\t\t\t\">\n\t\t\t\t\t\t\t\t\t\t\t\t\t\t\t\t\t\t\t\t\t\t\t\t\t\t\t\t<a data-fancybox=\"gallery_fancybox\" href=\"https:\/\/woerrlein-naturfoto.de\/wordpress\/wp-content\/uploads\/2015\/08\/Eisvogel_230504_2607.jpg\" title=\"Eisvogel - Bild-Nr. Dieter_230504_2607\" >\n\t\t\t\t\t\t\t\t\t\t\t\t\t\t\t\t<img decoding=\"async\" width=&quot;158&quot; height=&quot;158&quot; style=\"width:158px; height:158px; border-width: 3px; border-color:#F1F1F1;border: 3px solid #F1F1F1\" alt=\"Eisvogel\" title=\"Eisvogel - Bild-Nr. Dieter_230504_2607\" src=\"https:\/\/woerrlein-naturfoto.de\/wordpress\/wp-content\/uploads\/2015\/08\/Eisvogel_230504_2607-158x158.jpg\" rel=\"https:\/\/woerrlein-naturfoto.de\/wordpress\/wp-content\/uploads\/2015\/08\/Eisvogel_230504_2607.jpg\" \/>\t\t\t\t\t\t\t\t\t\t\t\t\t\t\t<\/a>\n\t\t\t\t\t\t\t\t\t\t\t\t\t\t\t\t\t\t\t\t\t\t\t\t\t\t<\/p>\n\t\t\t\t\t\t\t\t\t\t\t\t\t\t\t\t\t\t\t\t\t\t\t\t\t<div \n\t\t\t\t\t\t\t\t\t\t\t\t\tstyle=\"width:164px;\"\t\t\t\t\t\t\t\t\t\t\t\t\tclass=\"gllr_single_image_text gllr_single_image_text_under\">Eisvogel - Bild-Nr. Dieter_230504_2607&nbsp;<\/div>\n\t\t\t\t\t\t\t\t\t\t\t\t\t\t\t\t\t\t\t\t\t\t\t<\/div><!-- .gllr_image_block -->\n\t\t\t\t\t\t\t\t\t\t\t\t\t\t\t\t\t\t\t\t\t<div class=\"gllr_image_block\">\n\t\t\t\t\t\t\t\t\t\t\t\t<p style=\"\n\t\t\t\t\t\t\t\t\t\t\t\twidth:164px;height:164px;\t\t\t\t\t\t\t\t\t\t\t\t\">\n\t\t\t\t\t\t\t\t\t\t\t\t\t\t\t\t\t\t\t\t\t\t\t\t\t\t\t\t<a data-fancybox=\"gallery_fancybox\" href=\"https:\/\/woerrlein-naturfoto.de\/wordpress\/wp-content\/uploads\/2015\/08\/Eisvogel_230504_2634.jpg\" title=\"Eisvogel - Bild-Nr. Dieter_230504_2634\" >\n\t\t\t\t\t\t\t\t\t\t\t\t\t\t\t\t<img decoding=\"async\" width=&quot;158&quot; height=&quot;158&quot; style=\"width:158px; height:158px; border-width: 3px; border-color:#F1F1F1;border: 3px solid #F1F1F1\" alt=\"Eisvogel\" title=\"Eisvogel - Bild-Nr. Dieter_230504_2634\" src=\"https:\/\/woerrlein-naturfoto.de\/wordpress\/wp-content\/uploads\/2015\/08\/Eisvogel_230504_2634-158x158.jpg\" rel=\"https:\/\/woerrlein-naturfoto.de\/wordpress\/wp-content\/uploads\/2015\/08\/Eisvogel_230504_2634.jpg\" \/>\t\t\t\t\t\t\t\t\t\t\t\t\t\t\t<\/a>\n\t\t\t\t\t\t\t\t\t\t\t\t\t\t\t\t\t\t\t\t\t\t\t\t\t\t<\/p>\n\t\t\t\t\t\t\t\t\t\t\t\t\t\t\t\t\t\t\t\t\t\t\t\t\t<div \n\t\t\t\t\t\t\t\t\t\t\t\t\tstyle=\"width:164px;\"\t\t\t\t\t\t\t\t\t\t\t\t\tclass=\"gllr_single_image_text gllr_single_image_text_under\">Eisvogel - Bild-Nr. Dieter_230504_2634&nbsp;<\/div>\n\t\t\t\t\t\t\t\t\t\t\t\t\t\t\t\t\t\t\t\t\t\t\t<\/div><!-- .gllr_image_block -->\n\t\t\t\t\t\t\t\t\t\t\t\t\t\t\t\t\t\t\t\t\t<div class=\"gllr_image_block\">\n\t\t\t\t\t\t\t\t\t\t\t\t<p style=\"\n\t\t\t\t\t\t\t\t\t\t\t\twidth:164px;height:164px;\t\t\t\t\t\t\t\t\t\t\t\t\">\n\t\t\t\t\t\t\t\t\t\t\t\t\t\t\t\t\t\t\t\t\t\t\t\t\t\t\t\t<a data-fancybox=\"gallery_fancybox\" href=\"https:\/\/woerrlein-naturfoto.de\/wordpress\/wp-content\/uploads\/2015\/08\/Eisvogel_230504_2654.jpg\" title=\"Eisvogel - Bild-Nr. Dieter_230504_2654\" >\n\t\t\t\t\t\t\t\t\t\t\t\t\t\t\t\t<img decoding=\"async\" width=&quot;158&quot; height=&quot;158&quot; style=\"width:158px; height:158px; border-width: 3px; border-color:#F1F1F1;border: 3px solid #F1F1F1\" alt=\"Eisvogel\" title=\"Eisvogel - Bild-Nr. Dieter_230504_2654\" src=\"https:\/\/woerrlein-naturfoto.de\/wordpress\/wp-content\/uploads\/2015\/08\/Eisvogel_230504_2654-158x158.jpg\" rel=\"https:\/\/woerrlein-naturfoto.de\/wordpress\/wp-content\/uploads\/2015\/08\/Eisvogel_230504_2654.jpg\" \/>\t\t\t\t\t\t\t\t\t\t\t\t\t\t\t<\/a>\n\t\t\t\t\t\t\t\t\t\t\t\t\t\t\t\t\t\t\t\t\t\t\t\t\t\t<\/p>\n\t\t\t\t\t\t\t\t\t\t\t\t\t\t\t\t\t\t\t\t\t\t\t\t\t<div \n\t\t\t\t\t\t\t\t\t\t\t\t\tstyle=\"width:164px;\"\t\t\t\t\t\t\t\t\t\t\t\t\tclass=\"gllr_single_image_text gllr_single_image_text_under\">Eisvogel - Bild-Nr. Dieter_230504_2654&nbsp;<\/div>\n\t\t\t\t\t\t\t\t\t\t\t\t\t\t\t\t\t\t\t\t\t\t\t<\/div><!-- .gllr_image_block -->\n\t\t\t\t\t\t\t\t\t\t\t\t\t\t\t\t\t\t\t\t\t<div class=\"gllr_image_block\">\n\t\t\t\t\t\t\t\t\t\t\t\t<p style=\"\n\t\t\t\t\t\t\t\t\t\t\t\twidth:164px;height:164px;\t\t\t\t\t\t\t\t\t\t\t\t\">\n\t\t\t\t\t\t\t\t\t\t\t\t\t\t\t\t\t\t\t\t\t\t\t\t\t\t\t\t<a data-fancybox=\"gallery_fancybox\" href=\"https:\/\/woerrlein-naturfoto.de\/wordpress\/wp-content\/uploads\/2015\/08\/Eisvogel_AW21295L_2921x1947.jpg\" title=\"Eisvogel - Bild-Nr. Anke_21295L\" >\n\t\t\t\t\t\t\t\t\t\t\t\t\t\t\t\t<img decoding=\"async\" width=&quot;158&quot; height=&quot;158&quot; style=\"width:158px; height:158px; border-width: 3px; border-color:#F1F1F1;border: 3px solid #F1F1F1\" alt=\"Eisvogel\" title=\"Eisvogel - Bild-Nr. Anke_21295L\" src=\"https:\/\/woerrlein-naturfoto.de\/wordpress\/wp-content\/uploads\/2015\/08\/Eisvogel_AW21295L_2921x1947-200x200.jpg\" rel=\"https:\/\/woerrlein-naturfoto.de\/wordpress\/wp-content\/uploads\/2015\/08\/Eisvogel_AW21295L_2921x1947.jpg\" \/>\t\t\t\t\t\t\t\t\t\t\t\t\t\t\t<\/a>\n\t\t\t\t\t\t\t\t\t\t\t\t\t\t\t\t\t\t\t\t\t\t\t\t\t\t<\/p>\n\t\t\t\t\t\t\t\t\t\t\t\t\t\t\t\t\t\t\t\t\t\t\t\t\t<div \n\t\t\t\t\t\t\t\t\t\t\t\t\tstyle=\"width:164px;\"\t\t\t\t\t\t\t\t\t\t\t\t\tclass=\"gllr_single_image_text gllr_single_image_text_under\">Eisvogel - Bild-Nr. Anke_21295L&nbsp;<\/div>\n\t\t\t\t\t\t\t\t\t\t\t\t\t\t\t\t\t\t\t\t\t\t\t<\/div><!-- .gllr_image_block -->\n\t\t\t\t\t\t\t\t\t\t\t\t\t\t\t\t\t\t\t\t\t<div class=\"gllr_image_block\">\n\t\t\t\t\t\t\t\t\t\t\t\t<p style=\"\n\t\t\t\t\t\t\t\t\t\t\t\twidth:164px;height:164px;\t\t\t\t\t\t\t\t\t\t\t\t\">\n\t\t\t\t\t\t\t\t\t\t\t\t\t\t\t\t\t\t\t\t\t\t\t\t\t\t\t\t<a data-fancybox=\"gallery_fancybox\" href=\"https:\/\/woerrlein-naturfoto.de\/wordpress\/wp-content\/uploads\/2015\/08\/Eisvogel_AW30074L.jpg\" title=\"Eisvogel - Bild-Nr. Anke_30074L\" >\n\t\t\t\t\t\t\t\t\t\t\t\t\t\t\t\t<img decoding=\"async\" width=&quot;158&quot; height=&quot;158&quot; style=\"width:158px; height:158px; border-width: 3px; border-color:#F1F1F1;border: 3px solid #F1F1F1\" alt=\"Eisvogel\" title=\"Eisvogel - Bild-Nr. Anke_30074L\" src=\"https:\/\/woerrlein-naturfoto.de\/wordpress\/wp-content\/uploads\/2015\/08\/Eisvogel_AW30074L-158x158.jpg\" rel=\"https:\/\/woerrlein-naturfoto.de\/wordpress\/wp-content\/uploads\/2015\/08\/Eisvogel_AW30074L.jpg\" \/>\t\t\t\t\t\t\t\t\t\t\t\t\t\t\t<\/a>\n\t\t\t\t\t\t\t\t\t\t\t\t\t\t\t\t\t\t\t\t\t\t\t\t\t\t<\/p>\n\t\t\t\t\t\t\t\t\t\t\t\t\t\t\t\t\t\t\t\t\t\t\t\t\t<div \n\t\t\t\t\t\t\t\t\t\t\t\t\tstyle=\"width:164px;\"\t\t\t\t\t\t\t\t\t\t\t\t\tclass=\"gllr_single_image_text gllr_single_image_text_under\">Eisvogel - Bild-Nr. Anke_30074L&nbsp;<\/div>\n\t\t\t\t\t\t\t\t\t\t\t\t\t\t\t\t\t\t\t\t\t\t\t<\/div><!-- .gllr_image_block -->\n\t\t\t\t\t\t\t\t\t\t\t\t\t\t\t\t\t\t\t\t\t<div class=\"gllr_image_block\">\n\t\t\t\t\t\t\t\t\t\t\t\t<p style=\"\n\t\t\t\t\t\t\t\t\t\t\t\twidth:164px;height:164px;\t\t\t\t\t\t\t\t\t\t\t\t\">\n\t\t\t\t\t\t\t\t\t\t\t\t\t\t\t\t\t\t\t\t\t\t\t\t\t\t\t\t<a data-fancybox=\"gallery_fancybox\" href=\"https:\/\/woerrlein-naturfoto.de\/wordpress\/wp-content\/uploads\/2015\/08\/Eisvogel_AW30091L.jpg\" title=\"Eisvogel - Bild-Nr. Anke_30091L\" >\n\t\t\t\t\t\t\t\t\t\t\t\t\t\t\t\t<img decoding=\"async\" width=&quot;158&quot; height=&quot;158&quot; style=\"width:158px; height:158px; border-width: 3px; border-color:#F1F1F1;border: 3px solid #F1F1F1\" alt=\"Eisvogel\" title=\"Eisvogel - Bild-Nr. Anke_30091L\" src=\"https:\/\/woerrlein-naturfoto.de\/wordpress\/wp-content\/uploads\/2015\/08\/Eisvogel_AW30091L-158x158.jpg\" rel=\"https:\/\/woerrlein-naturfoto.de\/wordpress\/wp-content\/uploads\/2015\/08\/Eisvogel_AW30091L.jpg\" \/>\t\t\t\t\t\t\t\t\t\t\t\t\t\t\t<\/a>\n\t\t\t\t\t\t\t\t\t\t\t\t\t\t\t\t\t\t\t\t\t\t\t\t\t\t<\/p>\n\t\t\t\t\t\t\t\t\t\t\t\t\t\t\t\t\t\t\t\t\t\t\t\t\t<div \n\t\t\t\t\t\t\t\t\t\t\t\t\tstyle=\"width:164px;\"\t\t\t\t\t\t\t\t\t\t\t\t\tclass=\"gllr_single_image_text gllr_single_image_text_under\">Eisvogel - Bild-Nr. Anke_30091L&nbsp;<\/div>\n\t\t\t\t\t\t\t\t\t\t\t\t\t\t\t\t\t\t\t\t\t\t\t<\/div><!-- .gllr_image_block -->\n\t\t\t\t\t\t\t\t\t\t\t\t\t\t\t\t\t\t\t\t\t<div class=\"gllr_image_block\">\n\t\t\t\t\t\t\t\t\t\t\t\t<p style=\"\n\t\t\t\t\t\t\t\t\t\t\t\twidth:164px;height:164px;\t\t\t\t\t\t\t\t\t\t\t\t\">\n\t\t\t\t\t\t\t\t\t\t\t\t\t\t\t\t\t\t\t\t\t\t\t\t\t\t\t\t<a data-fancybox=\"gallery_fancybox\" href=\"https:\/\/woerrlein-naturfoto.de\/wordpress\/wp-content\/uploads\/2015\/08\/Eisvogel_AW30101L.jpg\" title=\"Eisvogel - Bild-Nr. Anke_30101L\" >\n\t\t\t\t\t\t\t\t\t\t\t\t\t\t\t\t<img decoding=\"async\" width=&quot;158&quot; height=&quot;158&quot; style=\"width:158px; height:158px; border-width: 3px; border-color:#F1F1F1;border: 3px solid #F1F1F1\" alt=\"Eisvogel\" title=\"Eisvogel - Bild-Nr. Anke_30101L\" src=\"https:\/\/woerrlein-naturfoto.de\/wordpress\/wp-content\/uploads\/2015\/08\/Eisvogel_AW30101L-158x158.jpg\" rel=\"https:\/\/woerrlein-naturfoto.de\/wordpress\/wp-content\/uploads\/2015\/08\/Eisvogel_AW30101L.jpg\" \/>\t\t\t\t\t\t\t\t\t\t\t\t\t\t\t<\/a>\n\t\t\t\t\t\t\t\t\t\t\t\t\t\t\t\t\t\t\t\t\t\t\t\t\t\t<\/p>\n\t\t\t\t\t\t\t\t\t\t\t\t\t\t\t\t\t\t\t\t\t\t\t\t\t<div \n\t\t\t\t\t\t\t\t\t\t\t\t\tstyle=\"width:164px;\"\t\t\t\t\t\t\t\t\t\t\t\t\tclass=\"gllr_single_image_text gllr_single_image_text_under\">Eisvogel - Bild-Nr. Anke_30101L&nbsp;<\/div>\n\t\t\t\t\t\t\t\t\t\t\t\t\t\t\t\t\t\t\t\t\t\t\t<\/div><!-- .gllr_image_block -->\n\t\t\t\t\t\t\t\t\t\t\t\t\t\t\t\t\t\t\t\t\t<div class=\"gllr_image_block\">\n\t\t\t\t\t\t\t\t\t\t\t\t<p style=\"\n\t\t\t\t\t\t\t\t\t\t\t\twidth:164px;height:164px;\t\t\t\t\t\t\t\t\t\t\t\t\">\n\t\t\t\t\t\t\t\t\t\t\t\t\t\t\t\t\t\t\t\t\t\t\t\t\t\t\t\t<a data-fancybox=\"gallery_fancybox\" href=\"https:\/\/woerrlein-naturfoto.de\/wordpress\/wp-content\/uploads\/2015\/08\/Eisvogel_AW30133L.jpg\" title=\"Eisvogel - Bild-Nr. Anke_30133L\" >\n\t\t\t\t\t\t\t\t\t\t\t\t\t\t\t\t<img decoding=\"async\" width=&quot;158&quot; height=&quot;158&quot; style=\"width:158px; height:158px; border-width: 3px; border-color:#F1F1F1;border: 3px solid #F1F1F1\" alt=\"Eisvogel\" title=\"Eisvogel - Bild-Nr. Anke_30133L\" src=\"https:\/\/woerrlein-naturfoto.de\/wordpress\/wp-content\/uploads\/2015\/08\/Eisvogel_AW30133L-158x158.jpg\" rel=\"https:\/\/woerrlein-naturfoto.de\/wordpress\/wp-content\/uploads\/2015\/08\/Eisvogel_AW30133L.jpg\" \/>\t\t\t\t\t\t\t\t\t\t\t\t\t\t\t<\/a>\n\t\t\t\t\t\t\t\t\t\t\t\t\t\t\t\t\t\t\t\t\t\t\t\t\t\t<\/p>\n\t\t\t\t\t\t\t\t\t\t\t\t\t\t\t\t\t\t\t\t\t\t\t\t\t<div \n\t\t\t\t\t\t\t\t\t\t\t\t\tstyle=\"width:164px;\"\t\t\t\t\t\t\t\t\t\t\t\t\tclass=\"gllr_single_image_text gllr_single_image_text_under\">Eisvogel - Bild-Nr. Anke_30133L&nbsp;<\/div>\n\t\t\t\t\t\t\t\t\t\t\t\t\t\t\t\t\t\t\t\t\t\t\t<\/div><!-- .gllr_image_block -->\n\t\t\t\t\t\t\t\t\t\t\t\t\t\t\t\t\t\t\t\t\t<\/div><!-- .gllr_image_row -->\n\t\t\t\t\t\t\t\t\t\t\t\t\t\t\t\t\t\t\t\t\t\t<div class=\"gllr_image_row\">\n\t\t\t\t\t\t\t\t\t\t\t\t\t\t\t\t\t\t\t\t\t<div class=\"gllr_image_block\">\n\t\t\t\t\t\t\t\t\t\t\t\t<p style=\"\n\t\t\t\t\t\t\t\t\t\t\t\twidth:164px;height:164px;\t\t\t\t\t\t\t\t\t\t\t\t\">\n\t\t\t\t\t\t\t\t\t\t\t\t\t\t\t\t\t\t\t\t\t\t\t\t\t\t\t\t<a data-fancybox=\"gallery_fancybox\" href=\"https:\/\/woerrlein-naturfoto.de\/wordpress\/wp-content\/uploads\/2015\/08\/Eisvogel_AW37888L.jpg\" title=\"Eisvogel - Bild-Nr. Anke_37888L\" >\n\t\t\t\t\t\t\t\t\t\t\t\t\t\t\t\t<img decoding=\"async\" width=&quot;158&quot; height=&quot;158&quot; style=\"width:158px; height:158px; border-width: 3px; border-color:#F1F1F1;border: 3px solid #F1F1F1\" alt=\"Eisvogel\" title=\"Eisvogel - Bild-Nr. Anke_37888L\" src=\"https:\/\/woerrlein-naturfoto.de\/wordpress\/wp-content\/uploads\/2015\/08\/Eisvogel_AW37888L-158x158.jpg\" rel=\"https:\/\/woerrlein-naturfoto.de\/wordpress\/wp-content\/uploads\/2015\/08\/Eisvogel_AW37888L.jpg\" \/>\t\t\t\t\t\t\t\t\t\t\t\t\t\t\t<\/a>\n\t\t\t\t\t\t\t\t\t\t\t\t\t\t\t\t\t\t\t\t\t\t\t\t\t\t<\/p>\n\t\t\t\t\t\t\t\t\t\t\t\t\t\t\t\t\t\t\t\t\t\t\t\t\t<div \n\t\t\t\t\t\t\t\t\t\t\t\t\tstyle=\"width:164px;\"\t\t\t\t\t\t\t\t\t\t\t\t\tclass=\"gllr_single_image_text gllr_single_image_text_under\">Eisvogel - Bild-Nr. Anke_37888L&nbsp;<\/div>\n\t\t\t\t\t\t\t\t\t\t\t\t\t\t\t\t\t\t\t\t\t\t\t<\/div><!-- .gllr_image_block -->\n\t\t\t\t\t\t\t\t\t\t\t\t\t\t\t\t\t\t\t\t\t<div class=\"gllr_image_block\">\n\t\t\t\t\t\t\t\t\t\t\t\t<p style=\"\n\t\t\t\t\t\t\t\t\t\t\t\twidth:164px;height:164px;\t\t\t\t\t\t\t\t\t\t\t\t\">\n\t\t\t\t\t\t\t\t\t\t\t\t\t\t\t\t\t\t\t\t\t\t\t\t\t\t\t\t<a data-fancybox=\"gallery_fancybox\" href=\"https:\/\/woerrlein-naturfoto.de\/wordpress\/wp-content\/uploads\/2015\/08\/Eisvogel_AW_64903_4902x3268.jpg\" title=\"Eisvogel - Bild-Nr. Anke_64903\" >\n\t\t\t\t\t\t\t\t\t\t\t\t\t\t\t\t<img decoding=\"async\" width=&quot;158&quot; height=&quot;158&quot; style=\"width:158px; height:158px; border-width: 3px; border-color:#F1F1F1;border: 3px solid #F1F1F1\" alt=\"Eisvogel\" title=\"Eisvogel - Bild-Nr. Anke_64903\" src=\"https:\/\/woerrlein-naturfoto.de\/wordpress\/wp-content\/uploads\/2015\/08\/Eisvogel_AW_64903_4902x3268-200x200.jpg\" rel=\"https:\/\/woerrlein-naturfoto.de\/wordpress\/wp-content\/uploads\/2015\/08\/Eisvogel_AW_64903_4902x3268.jpg\" \/>\t\t\t\t\t\t\t\t\t\t\t\t\t\t\t<\/a>\n\t\t\t\t\t\t\t\t\t\t\t\t\t\t\t\t\t\t\t\t\t\t\t\t\t\t<\/p>\n\t\t\t\t\t\t\t\t\t\t\t\t\t\t\t\t\t\t\t\t\t\t\t\t\t<div \n\t\t\t\t\t\t\t\t\t\t\t\t\tstyle=\"width:164px;\"\t\t\t\t\t\t\t\t\t\t\t\t\tclass=\"gllr_single_image_text gllr_single_image_text_under\">Eisvogel - Bild-Nr. Anke_64903&nbsp;<\/div>\n\t\t\t\t\t\t\t\t\t\t\t\t\t\t\t\t\t\t\t\t\t\t\t<\/div><!-- .gllr_image_block -->\n\t\t\t\t\t\t\t\t\t\t\t\t\t\t\t\t\t\t\t\t\t<div class=\"gllr_image_block\">\n\t\t\t\t\t\t\t\t\t\t\t\t<p style=\"\n\t\t\t\t\t\t\t\t\t\t\t\twidth:164px;height:164px;\t\t\t\t\t\t\t\t\t\t\t\t\">\n\t\t\t\t\t\t\t\t\t\t\t\t\t\t\t\t\t\t\t\t\t\t\t\t\t\t\t\t<a data-fancybox=\"gallery_fancybox\" href=\"https:\/\/woerrlein-naturfoto.de\/wordpress\/wp-content\/uploads\/2014\/12\/Eisvogel_AW_74807.jpg\" title=\"Eisvogel - Bild-Nr. Anke_74807\" >\n\t\t\t\t\t\t\t\t\t\t\t\t\t\t\t\t<img decoding=\"async\" width=&quot;158&quot; height=&quot;158&quot; style=\"width:158px; height:158px; border-width: 3px; border-color:#F1F1F1;border: 3px solid #F1F1F1\" alt=\"Eisvogel\" title=\"Eisvogel - Bild-Nr. Anke_74807\" src=\"https:\/\/woerrlein-naturfoto.de\/wordpress\/wp-content\/uploads\/2014\/12\/Eisvogel_AW_74807-200x200.jpg\" rel=\"https:\/\/woerrlein-naturfoto.de\/wordpress\/wp-content\/uploads\/2014\/12\/Eisvogel_AW_74807.jpg\" \/>\t\t\t\t\t\t\t\t\t\t\t\t\t\t\t<\/a>\n\t\t\t\t\t\t\t\t\t\t\t\t\t\t\t\t\t\t\t\t\t\t\t\t\t\t<\/p>\n\t\t\t\t\t\t\t\t\t\t\t\t\t\t\t\t\t\t\t\t\t\t\t\t\t<div \n\t\t\t\t\t\t\t\t\t\t\t\t\tstyle=\"width:164px;\"\t\t\t\t\t\t\t\t\t\t\t\t\tclass=\"gllr_single_image_text gllr_single_image_text_under\">Eisvogel - Bild-Nr. Anke_74807&nbsp;<\/div>\n\t\t\t\t\t\t\t\t\t\t\t\t\t\t\t\t\t\t\t\t\t\t\t<\/div><!-- .gllr_image_block -->\n\t\t\t\t\t\t\t\t\t\t\t\t\t\t\t\t\t\t\t\t\t<div class=\"gllr_image_block\">\n\t\t\t\t\t\t\t\t\t\t\t\t<p style=\"\n\t\t\t\t\t\t\t\t\t\t\t\twidth:164px;height:164px;\t\t\t\t\t\t\t\t\t\t\t\t\">\n\t\t\t\t\t\t\t\t\t\t\t\t\t\t\t\t\t\t\t\t\t\t\t\t\t\t\t\t<a data-fancybox=\"gallery_fancybox\" href=\"https:\/\/woerrlein-naturfoto.de\/wordpress\/wp-content\/uploads\/2014\/12\/Eisvogel_AW_74811.jpg\" title=\"Eisvogel - Bild-Nr. Anke_74811\" >\n\t\t\t\t\t\t\t\t\t\t\t\t\t\t\t\t<img decoding=\"async\" width=&quot;158&quot; height=&quot;158&quot; style=\"width:158px; height:158px; border-width: 3px; border-color:#F1F1F1;border: 3px solid #F1F1F1\" alt=\"Eisvogel\" title=\"Eisvogel - Bild-Nr. Anke_74811\" src=\"https:\/\/woerrlein-naturfoto.de\/wordpress\/wp-content\/uploads\/2014\/12\/Eisvogel_AW_74811-200x200.jpg\" rel=\"https:\/\/woerrlein-naturfoto.de\/wordpress\/wp-content\/uploads\/2014\/12\/Eisvogel_AW_74811.jpg\" \/>\t\t\t\t\t\t\t\t\t\t\t\t\t\t\t<\/a>\n\t\t\t\t\t\t\t\t\t\t\t\t\t\t\t\t\t\t\t\t\t\t\t\t\t\t<\/p>\n\t\t\t\t\t\t\t\t\t\t\t\t\t\t\t\t\t\t\t\t\t\t\t\t\t<div \n\t\t\t\t\t\t\t\t\t\t\t\t\tstyle=\"width:164px;\"\t\t\t\t\t\t\t\t\t\t\t\t\tclass=\"gllr_single_image_text gllr_single_image_text_under\">Eisvogel - Bild-Nr. Anke_74811&nbsp;<\/div>\n\t\t\t\t\t\t\t\t\t\t\t\t\t\t\t\t\t\t\t\t\t\t\t<\/div><!-- .gllr_image_block -->\n\t\t\t\t\t\t\t\t\t\t\t\t\t\t\t\t\t\t\t\t\t<div class=\"gllr_image_block\">\n\t\t\t\t\t\t\t\t\t\t\t\t<p style=\"\n\t\t\t\t\t\t\t\t\t\t\t\twidth:164px;height:164px;\t\t\t\t\t\t\t\t\t\t\t\t\">\n\t\t\t\t\t\t\t\t\t\t\t\t\t\t\t\t\t\t\t\t\t\t\t\t\t\t\t\t<a data-fancybox=\"gallery_fancybox\" href=\"https:\/\/woerrlein-naturfoto.de\/wordpress\/wp-content\/uploads\/2015\/08\/Eisvogel_AW_75199.jpg\" title=\"Eisvogel - Bild-Nr. Anke_75199\" >\n\t\t\t\t\t\t\t\t\t\t\t\t\t\t\t\t<img decoding=\"async\" width=&quot;158&quot; height=&quot;158&quot; style=\"width:158px; height:158px; border-width: 3px; border-color:#F1F1F1;border: 3px solid #F1F1F1\" alt=\"Eisvogel\" title=\"Eisvogel - Bild-Nr. Anke_75199\" src=\"https:\/\/woerrlein-naturfoto.de\/wordpress\/wp-content\/uploads\/2015\/08\/Eisvogel_AW_75199-200x200.jpg\" rel=\"https:\/\/woerrlein-naturfoto.de\/wordpress\/wp-content\/uploads\/2015\/08\/Eisvogel_AW_75199.jpg\" \/>\t\t\t\t\t\t\t\t\t\t\t\t\t\t\t<\/a>\n\t\t\t\t\t\t\t\t\t\t\t\t\t\t\t\t\t\t\t\t\t\t\t\t\t\t<\/p>\n\t\t\t\t\t\t\t\t\t\t\t\t\t\t\t\t\t\t\t\t\t\t\t\t\t<div \n\t\t\t\t\t\t\t\t\t\t\t\t\tstyle=\"width:164px;\"\t\t\t\t\t\t\t\t\t\t\t\t\tclass=\"gllr_single_image_text gllr_single_image_text_under\">Eisvogel - Bild-Nr. Anke_75199&nbsp;<\/div>\n\t\t\t\t\t\t\t\t\t\t\t\t\t\t\t\t\t\t\t\t\t\t\t<\/div><!-- .gllr_image_block -->\n\t\t\t\t\t\t\t\t\t\t\t\t\t\t\t\t\t\t\t\t\t<div class=\"gllr_image_block\">\n\t\t\t\t\t\t\t\t\t\t\t\t<p style=\"\n\t\t\t\t\t\t\t\t\t\t\t\twidth:164px;height:164px;\t\t\t\t\t\t\t\t\t\t\t\t\">\n\t\t\t\t\t\t\t\t\t\t\t\t\t\t\t\t\t\t\t\t\t\t\t\t\t\t\t\t<a data-fancybox=\"gallery_fancybox\" href=\"https:\/\/woerrlein-naturfoto.de\/wordpress\/wp-content\/uploads\/2015\/08\/Eisvogel_AW_75270.jpg\" title=\"Eisvogel - Bild-Nr. Anke_75270\" >\n\t\t\t\t\t\t\t\t\t\t\t\t\t\t\t\t<img decoding=\"async\" width=&quot;158&quot; height=&quot;158&quot; style=\"width:158px; height:158px; border-width: 3px; border-color:#F1F1F1;border: 3px solid #F1F1F1\" alt=\"Eisvogel\" title=\"Eisvogel - Bild-Nr. Anke_75270\" src=\"https:\/\/woerrlein-naturfoto.de\/wordpress\/wp-content\/uploads\/2015\/08\/Eisvogel_AW_75270-200x200.jpg\" rel=\"https:\/\/woerrlein-naturfoto.de\/wordpress\/wp-content\/uploads\/2015\/08\/Eisvogel_AW_75270.jpg\" \/>\t\t\t\t\t\t\t\t\t\t\t\t\t\t\t<\/a>\n\t\t\t\t\t\t\t\t\t\t\t\t\t\t\t\t\t\t\t\t\t\t\t\t\t\t<\/p>\n\t\t\t\t\t\t\t\t\t\t\t\t\t\t\t\t\t\t\t\t\t\t\t\t\t<div \n\t\t\t\t\t\t\t\t\t\t\t\t\tstyle=\"width:164px;\"\t\t\t\t\t\t\t\t\t\t\t\t\tclass=\"gllr_single_image_text gllr_single_image_text_under\">Eisvogel - Bild-Nr. Anke_75270&nbsp;<\/div>\n\t\t\t\t\t\t\t\t\t\t\t\t\t\t\t\t\t\t\t\t\t\t\t<\/div><!-- .gllr_image_block -->\n\t\t\t\t\t\t\t\t\t\t\t\t\t\t\t\t\t\t\t\t\t<div class=\"gllr_image_block\">\n\t\t\t\t\t\t\t\t\t\t\t\t<p style=\"\n\t\t\t\t\t\t\t\t\t\t\t\twidth:164px;height:164px;\t\t\t\t\t\t\t\t\t\t\t\t\">\n\t\t\t\t\t\t\t\t\t\t\t\t\t\t\t\t\t\t\t\t\t\t\t\t\t\t\t\t<a data-fancybox=\"gallery_fancybox\" href=\"https:\/\/woerrlein-naturfoto.de\/wordpress\/wp-content\/uploads\/2015\/08\/Eisvogel_AW_75297.jpg\" title=\"Eisvogel - Bild-Nr. Anke_75297\" >\n\t\t\t\t\t\t\t\t\t\t\t\t\t\t\t\t<img decoding=\"async\" width=&quot;158&quot; height=&quot;158&quot; style=\"width:158px; height:158px; border-width: 3px; border-color:#F1F1F1;border: 3px solid #F1F1F1\" alt=\"Eisvogel\" title=\"Eisvogel - Bild-Nr. Anke_75297\" src=\"https:\/\/woerrlein-naturfoto.de\/wordpress\/wp-content\/uploads\/2015\/08\/Eisvogel_AW_75297-200x200.jpg\" rel=\"https:\/\/woerrlein-naturfoto.de\/wordpress\/wp-content\/uploads\/2015\/08\/Eisvogel_AW_75297.jpg\" \/>\t\t\t\t\t\t\t\t\t\t\t\t\t\t\t<\/a>\n\t\t\t\t\t\t\t\t\t\t\t\t\t\t\t\t\t\t\t\t\t\t\t\t\t\t<\/p>\n\t\t\t\t\t\t\t\t\t\t\t\t\t\t\t\t\t\t\t\t\t\t\t\t\t<div \n\t\t\t\t\t\t\t\t\t\t\t\t\tstyle=\"width:164px;\"\t\t\t\t\t\t\t\t\t\t\t\t\tclass=\"gllr_single_image_text gllr_single_image_text_under\">Eisvogel - Bild-Nr. Anke_75297&nbsp;<\/div>\n\t\t\t\t\t\t\t\t\t\t\t\t\t\t\t\t\t\t\t\t\t\t\t<\/div><!-- .gllr_image_block -->\n\t\t\t\t\t\t\t\t\t\t\t\t\t\t\t\t\t\t\t\t\t<div class=\"gllr_image_block\">\n\t\t\t\t\t\t\t\t\t\t\t\t<p style=\"\n\t\t\t\t\t\t\t\t\t\t\t\twidth:164px;height:164px;\t\t\t\t\t\t\t\t\t\t\t\t\">\n\t\t\t\t\t\t\t\t\t\t\t\t\t\t\t\t\t\t\t\t\t\t\t\t\t\t\t\t<a data-fancybox=\"gallery_fancybox\" href=\"https:\/\/woerrlein-naturfoto.de\/wordpress\/wp-content\/uploads\/2015\/08\/Eisvogel_AW_75396.jpg\" title=\"Eisvogel - Bild-Nr. Anke_75396\" >\n\t\t\t\t\t\t\t\t\t\t\t\t\t\t\t\t<img decoding=\"async\" width=&quot;158&quot; height=&quot;158&quot; style=\"width:158px; height:158px; border-width: 3px; border-color:#F1F1F1;border: 3px solid #F1F1F1\" alt=\"Eisvogel\" title=\"Eisvogel - Bild-Nr. Anke_75396\" src=\"https:\/\/woerrlein-naturfoto.de\/wordpress\/wp-content\/uploads\/2015\/08\/Eisvogel_AW_75396-200x200.jpg\" rel=\"https:\/\/woerrlein-naturfoto.de\/wordpress\/wp-content\/uploads\/2015\/08\/Eisvogel_AW_75396.jpg\" \/>\t\t\t\t\t\t\t\t\t\t\t\t\t\t\t<\/a>\n\t\t\t\t\t\t\t\t\t\t\t\t\t\t\t\t\t\t\t\t\t\t\t\t\t\t<\/p>\n\t\t\t\t\t\t\t\t\t\t\t\t\t\t\t\t\t\t\t\t\t\t\t\t\t<div \n\t\t\t\t\t\t\t\t\t\t\t\t\tstyle=\"width:164px;\"\t\t\t\t\t\t\t\t\t\t\t\t\tclass=\"gllr_single_image_text gllr_single_image_text_under\">Eisvogel - Bild-Nr. Anke_75396&nbsp;<\/div>\n\t\t\t\t\t\t\t\t\t\t\t\t\t\t\t\t\t\t\t\t\t\t\t<\/div><!-- .gllr_image_block -->\n\t\t\t\t\t\t\t\t\t\t\t\t\t\t\t\t\t\t\t\t\t<\/div><!-- .gllr_image_row -->\n\t\t\t\t\t\t\t\t\t\t\t\t\t\t\t\t\t\t\t\t\t\t<div class=\"gllr_image_row\">\n\t\t\t\t\t\t\t\t\t\t\t\t\t\t\t\t\t\t\t\t\t<div class=\"gllr_image_block\">\n\t\t\t\t\t\t\t\t\t\t\t\t<p style=\"\n\t\t\t\t\t\t\t\t\t\t\t\twidth:164px;height:164px;\t\t\t\t\t\t\t\t\t\t\t\t\">\n\t\t\t\t\t\t\t\t\t\t\t\t\t\t\t\t\t\t\t\t\t\t\t\t\t\t\t\t<a data-fancybox=\"gallery_fancybox\" href=\"https:\/\/woerrlein-naturfoto.de\/wordpress\/wp-content\/uploads\/2015\/08\/Eisvogel_AW_75402.jpg\" title=\"Eisvogel - Bild-Nr. Anke_75402\" >\n\t\t\t\t\t\t\t\t\t\t\t\t\t\t\t\t<img decoding=\"async\" width=&quot;158&quot; height=&quot;158&quot; style=\"width:158px; height:158px; border-width: 3px; border-color:#F1F1F1;border: 3px solid #F1F1F1\" alt=\"Eisvogel\" title=\"Eisvogel - Bild-Nr. Anke_75402\" src=\"https:\/\/woerrlein-naturfoto.de\/wordpress\/wp-content\/uploads\/2015\/08\/Eisvogel_AW_75402-200x200.jpg\" rel=\"https:\/\/woerrlein-naturfoto.de\/wordpress\/wp-content\/uploads\/2015\/08\/Eisvogel_AW_75402.jpg\" \/>\t\t\t\t\t\t\t\t\t\t\t\t\t\t\t<\/a>\n\t\t\t\t\t\t\t\t\t\t\t\t\t\t\t\t\t\t\t\t\t\t\t\t\t\t<\/p>\n\t\t\t\t\t\t\t\t\t\t\t\t\t\t\t\t\t\t\t\t\t\t\t\t\t<div \n\t\t\t\t\t\t\t\t\t\t\t\t\tstyle=\"width:164px;\"\t\t\t\t\t\t\t\t\t\t\t\t\tclass=\"gllr_single_image_text gllr_single_image_text_under\">Eisvogel - Bild-Nr. Anke_75402&nbsp;<\/div>\n\t\t\t\t\t\t\t\t\t\t\t\t\t\t\t\t\t\t\t\t\t\t\t<\/div><!-- .gllr_image_block -->\n\t\t\t\t\t\t\t\t\t\t\t\t\t\t\t\t\t\t\t\t\t<div class=\"gllr_image_block\">\n\t\t\t\t\t\t\t\t\t\t\t\t<p style=\"\n\t\t\t\t\t\t\t\t\t\t\t\twidth:164px;height:164px;\t\t\t\t\t\t\t\t\t\t\t\t\">\n\t\t\t\t\t\t\t\t\t\t\t\t\t\t\t\t\t\t\t\t\t\t\t\t\t\t\t\t<a data-fancybox=\"gallery_fancybox\" href=\"https:\/\/woerrlein-naturfoto.de\/wordpress\/wp-content\/uploads\/2015\/08\/Eisvogel_AW_85765.jpg\" title=\"Eisvogel - Bild-Nr. Anke_85765\" >\n\t\t\t\t\t\t\t\t\t\t\t\t\t\t\t\t<img decoding=\"async\" width=&quot;158&quot; height=&quot;158&quot; style=\"width:158px; height:158px; border-width: 3px; border-color:#F1F1F1;border: 3px solid #F1F1F1\" alt=\"Eisvogel\" title=\"Eisvogel - Bild-Nr. Anke_85765\" src=\"https:\/\/woerrlein-naturfoto.de\/wordpress\/wp-content\/uploads\/2015\/08\/Eisvogel_AW_85765-200x200.jpg\" rel=\"https:\/\/woerrlein-naturfoto.de\/wordpress\/wp-content\/uploads\/2015\/08\/Eisvogel_AW_85765.jpg\" \/>\t\t\t\t\t\t\t\t\t\t\t\t\t\t\t<\/a>\n\t\t\t\t\t\t\t\t\t\t\t\t\t\t\t\t\t\t\t\t\t\t\t\t\t\t<\/p>\n\t\t\t\t\t\t\t\t\t\t\t\t\t\t\t\t\t\t\t\t\t\t\t\t\t<div \n\t\t\t\t\t\t\t\t\t\t\t\t\tstyle=\"width:164px;\"\t\t\t\t\t\t\t\t\t\t\t\t\tclass=\"gllr_single_image_text gllr_single_image_text_under\">Eisvogel - Bild-Nr. Anke_85765&nbsp;<\/div>\n\t\t\t\t\t\t\t\t\t\t\t\t\t\t\t\t\t\t\t\t\t\t\t<\/div><!-- .gllr_image_block -->\n\t\t\t\t\t\t\t\t\t\t\t\t\t\t\t\t\t\t\t\t\t<div class=\"gllr_image_block\">\n\t\t\t\t\t\t\t\t\t\t\t\t<p style=\"\n\t\t\t\t\t\t\t\t\t\t\t\twidth:164px;height:164px;\t\t\t\t\t\t\t\t\t\t\t\t\">\n\t\t\t\t\t\t\t\t\t\t\t\t\t\t\t\t\t\t\t\t\t\t\t\t\t\t\t\t<a data-fancybox=\"gallery_fancybox\" href=\"https:\/\/woerrlein-naturfoto.de\/wordpress\/wp-content\/uploads\/2025\/05\/Eisvogel_AW_88826.jpg\" title=\"Eisvogel - Bild-Nr. Anke_88826\" >\n\t\t\t\t\t\t\t\t\t\t\t\t\t\t\t\t<img decoding=\"async\" width=&quot;158&quot; height=&quot;158&quot; style=\"width:158px; height:158px; border-width: 3px; border-color:#F1F1F1;border: 3px solid #F1F1F1\" alt=\"Eisvogel\" title=\"Eisvogel - Bild-Nr. Anke_88826\" src=\"https:\/\/woerrlein-naturfoto.de\/wordpress\/wp-content\/uploads\/2025\/05\/Eisvogel_AW_88826-158x158.jpg\" rel=\"https:\/\/woerrlein-naturfoto.de\/wordpress\/wp-content\/uploads\/2025\/05\/Eisvogel_AW_88826.jpg\" \/>\t\t\t\t\t\t\t\t\t\t\t\t\t\t\t<\/a>\n\t\t\t\t\t\t\t\t\t\t\t\t\t\t\t\t\t\t\t\t\t\t\t\t\t\t<\/p>\n\t\t\t\t\t\t\t\t\t\t\t\t\t\t\t\t\t\t\t\t\t\t\t\t\t<div \n\t\t\t\t\t\t\t\t\t\t\t\t\tstyle=\"width:164px;\"\t\t\t\t\t\t\t\t\t\t\t\t\tclass=\"gllr_single_image_text gllr_single_image_text_under\">Eisvogel - Bild-Nr. Anke_88826&nbsp;<\/div>\n\t\t\t\t\t\t\t\t\t\t\t\t\t\t\t\t\t\t\t\t\t\t\t<\/div><!-- .gllr_image_block -->\n\t\t\t\t\t\t\t\t\t\t\t\t\t\t\t\t\t\t\t\t\t<div class=\"clear\"><\/div>\n\t\t\t\t\t\t\t\t\t\t<\/div><!-- .gllr_image_row -->\n\t\t\t\t\t\t\t\t\t\t\t\t\t\t\t\t\t<\/div><!-- .gallery.clearfix -->\n\t\t\t\t\t\t\t\t\t\t\t\t\t\t<\/div><!-- .gallery_box_single -->\n\t\t\t\t\t\t<div class=\"gllr_clear\"><\/div>\n\t\t\t\t\t\t<\/code><\/code><\/code><\/code><\/p>\n<p>zur Beschreibung <a title=\"Habichtskauz\" href=\"http:\/\/woerrlein-naturfoto.de\/wordpress\/rackenvoegel-a-z\/bienenfresser\/\">Rackenv\u00f6gel<\/a><code><\/code><a title=\"V\u00f6gel von A-Z\" href=\"http:\/\/woerrlein-naturfoto.de\/wordpress\/voegel\/voegel_von_a-z\/\"><br \/>\nV\u00f6gel von A-Z<\/a><a href=\"http:\/\/woerrlein-naturfoto.de\/wordpress\/voegel\/\"><br \/>\nV\u00f6gel<\/a><\/p>\n","protected":false},"excerpt":{"rendered":"<p>V\u00f6gel V\u00f6gel von A-Z zur Beschreibung Rackenv\u00f6gel zur Beschreibung Rackenv\u00f6gel V\u00f6gel von A-Z V\u00f6gel<\/p>\n","protected":false},"author":1,"featured_media":0,"parent":7,"menu_order":0,"comment_status":"closed","ping_status":"closed","template":"page-templates\/full-width.php","meta":{"footnotes":""},"class_list":["post-7355","page","type-page","status-publish","hentry"],"_links":{"self":[{"href":"https:\/\/woerrlein-naturfoto.de\/wordpress\/wp-json\/wp\/v2\/pages\/7355","targetHints":{"allow":["GET"]}}],"collection":[{"href":"https:\/\/woerrlein-naturfoto.de\/wordpress\/wp-json\/wp\/v2\/pages"}],"about":[{"href":"https:\/\/woerrlein-naturfoto.de\/wordpress\/wp-json\/wp\/v2\/types\/page"}],"author":[{"embeddable":true,"href":"https:\/\/woerrlein-naturfoto.de\/wordpress\/wp-json\/wp\/v2\/users\/1"}],"replies":[{"embeddable":true,"href":"https:\/\/woerrlein-naturfoto.de\/wordpress\/wp-json\/wp\/v2\/comments?post=7355"}],"version-history":[{"count":3,"href":"https:\/\/woerrlein-naturfoto.de\/wordpress\/wp-json\/wp\/v2\/pages\/7355\/revisions"}],"predecessor-version":[{"id":7365,"href":"https:\/\/woerrlein-naturfoto.de\/wordpress\/wp-json\/wp\/v2\/pages\/7355\/revisions\/7365"}],"up":[{"embeddable":true,"href":"https:\/\/woerrlein-naturfoto.de\/wordpress\/wp-json\/wp\/v2\/pages\/7"}],"wp:attachment":[{"href":"https:\/\/woerrlein-naturfoto.de\/wordpress\/wp-json\/wp\/v2\/media?parent=7355"}],"curies":[{"name":"wp","href":"https:\/\/api.w.org\/{rel}","templated":true}]}}