{"id":46,"date":"2014-03-30T11:26:48","date_gmt":"2014-03-30T09:26:48","guid":{"rendered":"http:\/\/woerrlein-naturfoto.de\/wordpress\/?page_id=46"},"modified":"2025-11-03T22:09:04","modified_gmt":"2025-11-03T21:09:04","slug":"greifvoegel","status":"publish","type":"page","link":"https:\/\/woerrlein-naturfoto.de\/wordpress\/hauptseite-voegel\/voegel\/greifvoegel\/","title":{"rendered":"Greifv\u00f6gel"},"content":{"rendered":"<p><a href=\"http:\/\/woerrlein-naturfoto.de\/wordpress\/voegel\/\">V\u00f6gel<\/a><br \/>\n<a title=\"V\u00f6gel von A-Z\" href=\"http:\/\/woerrlein-naturfoto.de\/wordpress\/voegel\/voegel_von_a-z\/\">V\u00f6gel von A-Z<\/a><br \/>\nzur Beschreibung <a title=\"Fischadler\" href=\"https:\/\/woerrlein-naturfoto.de\/wordpress\/greifvoegel-a-z\/bartgeier\/\">Greifv\u00f6gel<\/a><\/p>\n<p><code>\t\t\t\t\t\t<div class=\"gallery_box_single\">\n\t\t\t\t\t\t\t\t\t\t\t\t\t\t\t<div class=\"gallery gllr_grid\" data-gllr-columns=\"8\" data-gllr-border-width=\"3\">\n\t\t\t\t\t\t\t\t\t\t\t\t\t\t\t\t\t\t\t\t<div class=\"gllr_image_row\">\n\t\t\t\t\t\t\t\t\t\t\t\t\t\t\t\t\t\t\t\t\t<div class=\"gllr_image_block\">\n\t\t\t\t\t\t\t\t\t\t\t\t<p style=\"\n\t\t\t\t\t\t\t\t\t\t\t\twidth:164px;height:164px;\t\t\t\t\t\t\t\t\t\t\t\t\">\n\t\t\t\t\t\t\t\t\t\t\t\t\t\t\t\t\t\t\t\t\t\t\t\t\t\t\t\t<a data-fancybox=\"gallery_fancybox\" href=\"https:\/\/woerrlein-naturfoto.de\/wordpress\/wp-content\/uploads\/2014\/12\/Bartgeier_251013_8360.jpg\" title=\"Bartgeier - Bild-Nr. Dieter_251013_8360\" >\n\t\t\t\t\t\t\t\t\t\t\t\t\t\t\t\t<img decoding=\"async\" width=&quot;158&quot; height=&quot;158&quot; style=\"width:158px; height:158px; border-width: 3px; border-color:#F1F1F1;border: 3px solid #F1F1F1\" alt=\"Bartgeier\" title=\"Bartgeier - Bild-Nr. Dieter_251013_8360\" src=\"https:\/\/woerrlein-naturfoto.de\/wordpress\/wp-content\/uploads\/2014\/12\/Bartgeier_251013_8360-158x158.jpg\" rel=\"https:\/\/woerrlein-naturfoto.de\/wordpress\/wp-content\/uploads\/2014\/12\/Bartgeier_251013_8360.jpg\" \/>\t\t\t\t\t\t\t\t\t\t\t\t\t\t\t<\/a>\n\t\t\t\t\t\t\t\t\t\t\t\t\t\t\t\t\t\t\t\t\t\t\t\t\t\t<\/p>\n\t\t\t\t\t\t\t\t\t\t\t\t\t\t\t\t\t\t\t\t\t\t\t\t\t<div \n\t\t\t\t\t\t\t\t\t\t\t\t\tstyle=\"width:164px;\"\t\t\t\t\t\t\t\t\t\t\t\t\tclass=\"gllr_single_image_text gllr_single_image_text_under\">Bartgeier - Bild-Nr. Dieter_251013_8360&nbsp;<\/div>\n\t\t\t\t\t\t\t\t\t\t\t\t\t\t\t\t\t\t\t\t\t\t\t<\/div><!-- .gllr_image_block -->\n\t\t\t\t\t\t\t\t\t\t\t\t\t\t\t\t\t\t\t\t\t<div class=\"gllr_image_block\">\n\t\t\t\t\t\t\t\t\t\t\t\t<p style=\"\n\t\t\t\t\t\t\t\t\t\t\t\twidth:164px;height:164px;\t\t\t\t\t\t\t\t\t\t\t\t\">\n\t\t\t\t\t\t\t\t\t\t\t\t\t\t\t\t\t\t\t\t\t\t\t\t\t\t\t\t<a data-fancybox=\"gallery_fancybox\" href=\"https:\/\/woerrlein-naturfoto.de\/wordpress\/wp-content\/uploads\/2014\/12\/Bartgeier_251013_8380.jpg\" title=\"Bartgeier - Bild-Nr. Dieter_251013_8380\" >\n\t\t\t\t\t\t\t\t\t\t\t\t\t\t\t\t<img decoding=\"async\" width=&quot;158&quot; height=&quot;158&quot; style=\"width:158px; height:158px; border-width: 3px; border-color:#F1F1F1;border: 3px solid #F1F1F1\" alt=\"Bartgeier\" title=\"Bartgeier - Bild-Nr. Dieter_251013_8380\" src=\"https:\/\/woerrlein-naturfoto.de\/wordpress\/wp-content\/uploads\/2014\/12\/Bartgeier_251013_8380-158x158.jpg\" rel=\"https:\/\/woerrlein-naturfoto.de\/wordpress\/wp-content\/uploads\/2014\/12\/Bartgeier_251013_8380.jpg\" \/>\t\t\t\t\t\t\t\t\t\t\t\t\t\t\t<\/a>\n\t\t\t\t\t\t\t\t\t\t\t\t\t\t\t\t\t\t\t\t\t\t\t\t\t\t<\/p>\n\t\t\t\t\t\t\t\t\t\t\t\t\t\t\t\t\t\t\t\t\t\t\t\t\t<div \n\t\t\t\t\t\t\t\t\t\t\t\t\tstyle=\"width:164px;\"\t\t\t\t\t\t\t\t\t\t\t\t\tclass=\"gllr_single_image_text gllr_single_image_text_under\">Bartgeier - Bild-Nr. Dieter_251013_8380&nbsp;<\/div>\n\t\t\t\t\t\t\t\t\t\t\t\t\t\t\t\t\t\t\t\t\t\t\t<\/div><!-- .gllr_image_block -->\n\t\t\t\t\t\t\t\t\t\t\t\t\t\t\t\t\t\t\t\t\t<div class=\"gllr_image_block\">\n\t\t\t\t\t\t\t\t\t\t\t\t<p style=\"\n\t\t\t\t\t\t\t\t\t\t\t\twidth:164px;height:164px;\t\t\t\t\t\t\t\t\t\t\t\t\">\n\t\t\t\t\t\t\t\t\t\t\t\t\t\t\t\t\t\t\t\t\t\t\t\t\t\t\t\t<a data-fancybox=\"gallery_fancybox\" href=\"https:\/\/woerrlein-naturfoto.de\/wordpress\/wp-content\/uploads\/2014\/12\/Bartgeier_251013_8382.jpg\" title=\"Bartgeier - Bild-Nr. Dieter_251013_8382\" >\n\t\t\t\t\t\t\t\t\t\t\t\t\t\t\t\t<img decoding=\"async\" width=&quot;158&quot; height=&quot;158&quot; style=\"width:158px; height:158px; border-width: 3px; border-color:#F1F1F1;border: 3px solid #F1F1F1\" alt=\"Bartgeier\" title=\"Bartgeier - Bild-Nr. Dieter_251013_8382\" src=\"https:\/\/woerrlein-naturfoto.de\/wordpress\/wp-content\/uploads\/2014\/12\/Bartgeier_251013_8382-158x158.jpg\" rel=\"https:\/\/woerrlein-naturfoto.de\/wordpress\/wp-content\/uploads\/2014\/12\/Bartgeier_251013_8382.jpg\" \/>\t\t\t\t\t\t\t\t\t\t\t\t\t\t\t<\/a>\n\t\t\t\t\t\t\t\t\t\t\t\t\t\t\t\t\t\t\t\t\t\t\t\t\t\t<\/p>\n\t\t\t\t\t\t\t\t\t\t\t\t\t\t\t\t\t\t\t\t\t\t\t\t\t<div \n\t\t\t\t\t\t\t\t\t\t\t\t\tstyle=\"width:164px;\"\t\t\t\t\t\t\t\t\t\t\t\t\tclass=\"gllr_single_image_text gllr_single_image_text_under\">Bartgeier - Bild-Nr. Dieter_251013_8382&nbsp;<\/div>\n\t\t\t\t\t\t\t\t\t\t\t\t\t\t\t\t\t\t\t\t\t\t\t<\/div><!-- .gllr_image_block -->\n\t\t\t\t\t\t\t\t\t\t\t\t\t\t\t\t\t\t\t\t\t<div class=\"gllr_image_block\">\n\t\t\t\t\t\t\t\t\t\t\t\t<p style=\"\n\t\t\t\t\t\t\t\t\t\t\t\twidth:164px;height:164px;\t\t\t\t\t\t\t\t\t\t\t\t\">\n\t\t\t\t\t\t\t\t\t\t\t\t\t\t\t\t\t\t\t\t\t\t\t\t\t\t\t\t<a data-fancybox=\"gallery_fancybox\" href=\"https:\/\/woerrlein-naturfoto.de\/wordpress\/wp-content\/uploads\/2014\/12\/Bartgeier_251013_8386-1.jpg\" title=\"Bartgeier - Bild-Nr. Dieter_251013_8386\" >\n\t\t\t\t\t\t\t\t\t\t\t\t\t\t\t\t<img decoding=\"async\" width=&quot;158&quot; height=&quot;158&quot; style=\"width:158px; height:158px; border-width: 3px; border-color:#F1F1F1;border: 3px solid #F1F1F1\" alt=\"Bartgeier\" title=\"Bartgeier - Bild-Nr. Dieter_251013_8386\" src=\"https:\/\/woerrlein-naturfoto.de\/wordpress\/wp-content\/uploads\/2014\/12\/Bartgeier_251013_8386-1-158x158.jpg\" rel=\"https:\/\/woerrlein-naturfoto.de\/wordpress\/wp-content\/uploads\/2014\/12\/Bartgeier_251013_8386-1.jpg\" \/>\t\t\t\t\t\t\t\t\t\t\t\t\t\t\t<\/a>\n\t\t\t\t\t\t\t\t\t\t\t\t\t\t\t\t\t\t\t\t\t\t\t\t\t\t<\/p>\n\t\t\t\t\t\t\t\t\t\t\t\t\t\t\t\t\t\t\t\t\t\t\t\t\t<div \n\t\t\t\t\t\t\t\t\t\t\t\t\tstyle=\"width:164px;\"\t\t\t\t\t\t\t\t\t\t\t\t\tclass=\"gllr_single_image_text gllr_single_image_text_under\">Bartgeier - Bild-Nr. Dieter_251013_8386&nbsp;<\/div>\n\t\t\t\t\t\t\t\t\t\t\t\t\t\t\t\t\t\t\t\t\t\t\t<\/div><!-- .gllr_image_block -->\n\t\t\t\t\t\t\t\t\t\t\t\t\t\t\t\t\t\t\t\t\t<div class=\"gllr_image_block\">\n\t\t\t\t\t\t\t\t\t\t\t\t<p style=\"\n\t\t\t\t\t\t\t\t\t\t\t\twidth:164px;height:164px;\t\t\t\t\t\t\t\t\t\t\t\t\">\n\t\t\t\t\t\t\t\t\t\t\t\t\t\t\t\t\t\t\t\t\t\t\t\t\t\t\t\t<a data-fancybox=\"gallery_fancybox\" href=\"https:\/\/woerrlein-naturfoto.de\/wordpress\/wp-content\/uploads\/2014\/12\/Bartgeier_251013_8400.jpg\" title=\"Bartgeier - Bild-Nr. Dieter_251013_8400\" >\n\t\t\t\t\t\t\t\t\t\t\t\t\t\t\t\t<img decoding=\"async\" width=&quot;158&quot; height=&quot;158&quot; style=\"width:158px; height:158px; border-width: 3px; border-color:#F1F1F1;border: 3px solid #F1F1F1\" alt=\"Bartgeier\" title=\"Bartgeier - Bild-Nr. Dieter_251013_8400\" src=\"https:\/\/woerrlein-naturfoto.de\/wordpress\/wp-content\/uploads\/2014\/12\/Bartgeier_251013_8400-158x158.jpg\" rel=\"https:\/\/woerrlein-naturfoto.de\/wordpress\/wp-content\/uploads\/2014\/12\/Bartgeier_251013_8400.jpg\" \/>\t\t\t\t\t\t\t\t\t\t\t\t\t\t\t<\/a>\n\t\t\t\t\t\t\t\t\t\t\t\t\t\t\t\t\t\t\t\t\t\t\t\t\t\t<\/p>\n\t\t\t\t\t\t\t\t\t\t\t\t\t\t\t\t\t\t\t\t\t\t\t\t\t<div \n\t\t\t\t\t\t\t\t\t\t\t\t\tstyle=\"width:164px;\"\t\t\t\t\t\t\t\t\t\t\t\t\tclass=\"gllr_single_image_text gllr_single_image_text_under\">Bartgeier - Bild-Nr. Dieter_251013_8400&nbsp;<\/div>\n\t\t\t\t\t\t\t\t\t\t\t\t\t\t\t\t\t\t\t\t\t\t\t<\/div><!-- .gllr_image_block -->\n\t\t\t\t\t\t\t\t\t\t\t\t\t\t\t\t\t\t\t\t\t<div class=\"gllr_image_block\">\n\t\t\t\t\t\t\t\t\t\t\t\t<p style=\"\n\t\t\t\t\t\t\t\t\t\t\t\twidth:164px;height:164px;\t\t\t\t\t\t\t\t\t\t\t\t\">\n\t\t\t\t\t\t\t\t\t\t\t\t\t\t\t\t\t\t\t\t\t\t\t\t\t\t\t\t<a data-fancybox=\"gallery_fancybox\" href=\"https:\/\/woerrlein-naturfoto.de\/wordpress\/wp-content\/uploads\/2014\/12\/Bartgeier_251013_8424.jpg\" title=\"Bartgeier - Bild-Nr. Dieter_251013_8424\" >\n\t\t\t\t\t\t\t\t\t\t\t\t\t\t\t\t<img decoding=\"async\" width=&quot;158&quot; height=&quot;158&quot; style=\"width:158px; height:158px; border-width: 3px; border-color:#F1F1F1;border: 3px solid #F1F1F1\" alt=\"Bartgeier\" title=\"Bartgeier - Bild-Nr. Dieter_251013_8424\" src=\"https:\/\/woerrlein-naturfoto.de\/wordpress\/wp-content\/uploads\/2014\/12\/Bartgeier_251013_8424-158x158.jpg\" rel=\"https:\/\/woerrlein-naturfoto.de\/wordpress\/wp-content\/uploads\/2014\/12\/Bartgeier_251013_8424.jpg\" \/>\t\t\t\t\t\t\t\t\t\t\t\t\t\t\t<\/a>\n\t\t\t\t\t\t\t\t\t\t\t\t\t\t\t\t\t\t\t\t\t\t\t\t\t\t<\/p>\n\t\t\t\t\t\t\t\t\t\t\t\t\t\t\t\t\t\t\t\t\t\t\t\t\t<div \n\t\t\t\t\t\t\t\t\t\t\t\t\tstyle=\"width:164px;\"\t\t\t\t\t\t\t\t\t\t\t\t\tclass=\"gllr_single_image_text gllr_single_image_text_under\">Bartgeier - Bild-Nr. Dieter_251013_8424&nbsp;<\/div>\n\t\t\t\t\t\t\t\t\t\t\t\t\t\t\t\t\t\t\t\t\t\t\t<\/div><!-- .gllr_image_block -->\n\t\t\t\t\t\t\t\t\t\t\t\t\t\t\t\t\t\t\t\t\t<div class=\"gllr_image_block\">\n\t\t\t\t\t\t\t\t\t\t\t\t<p style=\"\n\t\t\t\t\t\t\t\t\t\t\t\twidth:164px;height:164px;\t\t\t\t\t\t\t\t\t\t\t\t\">\n\t\t\t\t\t\t\t\t\t\t\t\t\t\t\t\t\t\t\t\t\t\t\t\t\t\t\t\t<a data-fancybox=\"gallery_fancybox\" href=\"https:\/\/woerrlein-naturfoto.de\/wordpress\/wp-content\/uploads\/2014\/12\/Bartgeier_251013_8445.jpg\" title=\"Bartgeier - Bild-Nr. Dieter_251013_8445\" >\n\t\t\t\t\t\t\t\t\t\t\t\t\t\t\t\t<img decoding=\"async\" width=&quot;158&quot; height=&quot;158&quot; style=\"width:158px; height:158px; border-width: 3px; border-color:#F1F1F1;border: 3px solid #F1F1F1\" alt=\"Bartgeier\" title=\"Bartgeier - Bild-Nr. Dieter_251013_8445\" src=\"https:\/\/woerrlein-naturfoto.de\/wordpress\/wp-content\/uploads\/2014\/12\/Bartgeier_251013_8445-158x158.jpg\" rel=\"https:\/\/woerrlein-naturfoto.de\/wordpress\/wp-content\/uploads\/2014\/12\/Bartgeier_251013_8445.jpg\" \/>\t\t\t\t\t\t\t\t\t\t\t\t\t\t\t<\/a>\n\t\t\t\t\t\t\t\t\t\t\t\t\t\t\t\t\t\t\t\t\t\t\t\t\t\t<\/p>\n\t\t\t\t\t\t\t\t\t\t\t\t\t\t\t\t\t\t\t\t\t\t\t\t\t<div \n\t\t\t\t\t\t\t\t\t\t\t\t\tstyle=\"width:164px;\"\t\t\t\t\t\t\t\t\t\t\t\t\tclass=\"gllr_single_image_text gllr_single_image_text_under\">Bartgeier - Bild-Nr. Dieter_251013_8445&nbsp;<\/div>\n\t\t\t\t\t\t\t\t\t\t\t\t\t\t\t\t\t\t\t\t\t\t\t<\/div><!-- .gllr_image_block -->\n\t\t\t\t\t\t\t\t\t\t\t\t\t\t\t\t\t\t\t\t\t<div class=\"gllr_image_block\">\n\t\t\t\t\t\t\t\t\t\t\t\t<p style=\"\n\t\t\t\t\t\t\t\t\t\t\t\twidth:164px;height:164px;\t\t\t\t\t\t\t\t\t\t\t\t\">\n\t\t\t\t\t\t\t\t\t\t\t\t\t\t\t\t\t\t\t\t\t\t\t\t\t\t\t\t<a data-fancybox=\"gallery_fancybox\" href=\"https:\/\/woerrlein-naturfoto.de\/wordpress\/wp-content\/uploads\/2014\/12\/Bartgeier_251013_8467.jpg\" title=\"Bartgeier (juvenil) - Bild-Nr. Dieter_251013_8467\" >\n\t\t\t\t\t\t\t\t\t\t\t\t\t\t\t\t<img decoding=\"async\" width=&quot;158&quot; height=&quot;158&quot; style=\"width:158px; height:158px; border-width: 3px; border-color:#F1F1F1;border: 3px solid #F1F1F1\" alt=\"Bartgeier\" title=\"Bartgeier (juvenil) - Bild-Nr. Dieter_251013_8467\" src=\"https:\/\/woerrlein-naturfoto.de\/wordpress\/wp-content\/uploads\/2014\/12\/Bartgeier_251013_8467-158x158.jpg\" rel=\"https:\/\/woerrlein-naturfoto.de\/wordpress\/wp-content\/uploads\/2014\/12\/Bartgeier_251013_8467.jpg\" \/>\t\t\t\t\t\t\t\t\t\t\t\t\t\t\t<\/a>\n\t\t\t\t\t\t\t\t\t\t\t\t\t\t\t\t\t\t\t\t\t\t\t\t\t\t<\/p>\n\t\t\t\t\t\t\t\t\t\t\t\t\t\t\t\t\t\t\t\t\t\t\t\t\t<div \n\t\t\t\t\t\t\t\t\t\t\t\t\tstyle=\"width:164px;\"\t\t\t\t\t\t\t\t\t\t\t\t\tclass=\"gllr_single_image_text gllr_single_image_text_under\">Bartgeier (juvenil) - Bild-Nr. Dieter_251013_8467&nbsp;<\/div>\n\t\t\t\t\t\t\t\t\t\t\t\t\t\t\t\t\t\t\t\t\t\t\t<\/div><!-- .gllr_image_block -->\n\t\t\t\t\t\t\t\t\t\t\t\t\t\t\t\t\t\t\t\t\t<\/div><!-- .gllr_image_row -->\n\t\t\t\t\t\t\t\t\t\t\t\t\t\t\t\t\t\t\t\t\t\t<div class=\"gllr_image_row\">\n\t\t\t\t\t\t\t\t\t\t\t\t\t\t\t\t\t\t\t\t\t<div class=\"gllr_image_block\">\n\t\t\t\t\t\t\t\t\t\t\t\t<p style=\"\n\t\t\t\t\t\t\t\t\t\t\t\twidth:164px;height:164px;\t\t\t\t\t\t\t\t\t\t\t\t\">\n\t\t\t\t\t\t\t\t\t\t\t\t\t\t\t\t\t\t\t\t\t\t\t\t\t\t\t\t<a data-fancybox=\"gallery_fancybox\" href=\"https:\/\/woerrlein-naturfoto.de\/wordpress\/wp-content\/uploads\/2014\/12\/Bartgeier_251013_8491.jpg\" title=\"Bartgeier - Bild-Nr. Dieter_251013_8491\" >\n\t\t\t\t\t\t\t\t\t\t\t\t\t\t\t\t<img decoding=\"async\" width=&quot;158&quot; height=&quot;158&quot; style=\"width:158px; height:158px; border-width: 3px; border-color:#F1F1F1;border: 3px solid #F1F1F1\" alt=\"Bartgeier\" title=\"Bartgeier - Bild-Nr. Dieter_251013_8491\" src=\"https:\/\/woerrlein-naturfoto.de\/wordpress\/wp-content\/uploads\/2014\/12\/Bartgeier_251013_8491-158x158.jpg\" rel=\"https:\/\/woerrlein-naturfoto.de\/wordpress\/wp-content\/uploads\/2014\/12\/Bartgeier_251013_8491.jpg\" \/>\t\t\t\t\t\t\t\t\t\t\t\t\t\t\t<\/a>\n\t\t\t\t\t\t\t\t\t\t\t\t\t\t\t\t\t\t\t\t\t\t\t\t\t\t<\/p>\n\t\t\t\t\t\t\t\t\t\t\t\t\t\t\t\t\t\t\t\t\t\t\t\t\t<div \n\t\t\t\t\t\t\t\t\t\t\t\t\tstyle=\"width:164px;\"\t\t\t\t\t\t\t\t\t\t\t\t\tclass=\"gllr_single_image_text gllr_single_image_text_under\">Bartgeier - Bild-Nr. Dieter_251013_8491&nbsp;<\/div>\n\t\t\t\t\t\t\t\t\t\t\t\t\t\t\t\t\t\t\t\t\t\t\t<\/div><!-- .gllr_image_block -->\n\t\t\t\t\t\t\t\t\t\t\t\t\t\t\t\t\t\t\t\t\t<div class=\"gllr_image_block\">\n\t\t\t\t\t\t\t\t\t\t\t\t<p style=\"\n\t\t\t\t\t\t\t\t\t\t\t\twidth:164px;height:164px;\t\t\t\t\t\t\t\t\t\t\t\t\">\n\t\t\t\t\t\t\t\t\t\t\t\t\t\t\t\t\t\t\t\t\t\t\t\t\t\t\t\t<a data-fancybox=\"gallery_fancybox\" href=\"https:\/\/woerrlein-naturfoto.de\/wordpress\/wp-content\/uploads\/2014\/12\/Bartgeier_AW51778L.jpg\" title=\"Bartgeier - Bild-Nr. Anke_51778L\" >\n\t\t\t\t\t\t\t\t\t\t\t\t\t\t\t\t<img decoding=\"async\" width=&quot;158&quot; height=&quot;158&quot; style=\"width:158px; height:158px; border-width: 3px; border-color:#F1F1F1;border: 3px solid #F1F1F1\" alt=\"Bartgeier\" title=\"Bartgeier - Bild-Nr. Anke_51778L\" src=\"https:\/\/woerrlein-naturfoto.de\/wordpress\/wp-content\/uploads\/2014\/12\/Bartgeier_AW51778L-158x158.jpg\" rel=\"https:\/\/woerrlein-naturfoto.de\/wordpress\/wp-content\/uploads\/2014\/12\/Bartgeier_AW51778L.jpg\" \/>\t\t\t\t\t\t\t\t\t\t\t\t\t\t\t<\/a>\n\t\t\t\t\t\t\t\t\t\t\t\t\t\t\t\t\t\t\t\t\t\t\t\t\t\t<\/p>\n\t\t\t\t\t\t\t\t\t\t\t\t\t\t\t\t\t\t\t\t\t\t\t\t\t<div \n\t\t\t\t\t\t\t\t\t\t\t\t\tstyle=\"width:164px;\"\t\t\t\t\t\t\t\t\t\t\t\t\tclass=\"gllr_single_image_text gllr_single_image_text_under\">Bartgeier - Bild-Nr. Anke_51778L&nbsp;<\/div>\n\t\t\t\t\t\t\t\t\t\t\t\t\t\t\t\t\t\t\t\t\t\t\t<\/div><!-- .gllr_image_block -->\n\t\t\t\t\t\t\t\t\t\t\t\t\t\t\t\t\t\t\t\t\t<div class=\"gllr_image_block\">\n\t\t\t\t\t\t\t\t\t\t\t\t<p style=\"\n\t\t\t\t\t\t\t\t\t\t\t\twidth:164px;height:164px;\t\t\t\t\t\t\t\t\t\t\t\t\">\n\t\t\t\t\t\t\t\t\t\t\t\t\t\t\t\t\t\t\t\t\t\t\t\t\t\t\t\t<a data-fancybox=\"gallery_fancybox\" href=\"https:\/\/woerrlein-naturfoto.de\/wordpress\/wp-content\/uploads\/2014\/12\/Bartgeier_AW51820L.jpg\" title=\"Bartgeier - Bild-Nr. Anke_51820L\" >\n\t\t\t\t\t\t\t\t\t\t\t\t\t\t\t\t<img decoding=\"async\" width=&quot;158&quot; height=&quot;158&quot; style=\"width:158px; height:158px; border-width: 3px; border-color:#F1F1F1;border: 3px solid #F1F1F1\" alt=\"Bartgeier\" title=\"Bartgeier - Bild-Nr. Anke_51820L\" src=\"https:\/\/woerrlein-naturfoto.de\/wordpress\/wp-content\/uploads\/2014\/12\/Bartgeier_AW51820L-158x158.jpg\" rel=\"https:\/\/woerrlein-naturfoto.de\/wordpress\/wp-content\/uploads\/2014\/12\/Bartgeier_AW51820L.jpg\" \/>\t\t\t\t\t\t\t\t\t\t\t\t\t\t\t<\/a>\n\t\t\t\t\t\t\t\t\t\t\t\t\t\t\t\t\t\t\t\t\t\t\t\t\t\t<\/p>\n\t\t\t\t\t\t\t\t\t\t\t\t\t\t\t\t\t\t\t\t\t\t\t\t\t<div \n\t\t\t\t\t\t\t\t\t\t\t\t\tstyle=\"width:164px;\"\t\t\t\t\t\t\t\t\t\t\t\t\tclass=\"gllr_single_image_text gllr_single_image_text_under\">Bartgeier - Bild-Nr. Anke_51820L&nbsp;<\/div>\n\t\t\t\t\t\t\t\t\t\t\t\t\t\t\t\t\t\t\t\t\t\t\t<\/div><!-- .gllr_image_block -->\n\t\t\t\t\t\t\t\t\t\t\t\t\t\t\t\t\t\t\t\t\t<div class=\"gllr_image_block\">\n\t\t\t\t\t\t\t\t\t\t\t\t<p style=\"\n\t\t\t\t\t\t\t\t\t\t\t\twidth:164px;height:164px;\t\t\t\t\t\t\t\t\t\t\t\t\">\n\t\t\t\t\t\t\t\t\t\t\t\t\t\t\t\t\t\t\t\t\t\t\t\t\t\t\t\t<a data-fancybox=\"gallery_fancybox\" href=\"https:\/\/woerrlein-naturfoto.de\/wordpress\/wp-content\/uploads\/2014\/12\/Bartgeier_AW51833L.jpg\" title=\"Bartgeier - Bild-Nr. Anke_51833L\" >\n\t\t\t\t\t\t\t\t\t\t\t\t\t\t\t\t<img decoding=\"async\" width=&quot;158&quot; height=&quot;158&quot; style=\"width:158px; height:158px; border-width: 3px; border-color:#F1F1F1;border: 3px solid #F1F1F1\" alt=\"Bartgeier\" title=\"Bartgeier - Bild-Nr. Anke_51833L\" src=\"https:\/\/woerrlein-naturfoto.de\/wordpress\/wp-content\/uploads\/2014\/12\/Bartgeier_AW51833L-158x158.jpg\" rel=\"https:\/\/woerrlein-naturfoto.de\/wordpress\/wp-content\/uploads\/2014\/12\/Bartgeier_AW51833L.jpg\" \/>\t\t\t\t\t\t\t\t\t\t\t\t\t\t\t<\/a>\n\t\t\t\t\t\t\t\t\t\t\t\t\t\t\t\t\t\t\t\t\t\t\t\t\t\t<\/p>\n\t\t\t\t\t\t\t\t\t\t\t\t\t\t\t\t\t\t\t\t\t\t\t\t\t<div \n\t\t\t\t\t\t\t\t\t\t\t\t\tstyle=\"width:164px;\"\t\t\t\t\t\t\t\t\t\t\t\t\tclass=\"gllr_single_image_text gllr_single_image_text_under\">Bartgeier - Bild-Nr. Anke_51833L&nbsp;<\/div>\n\t\t\t\t\t\t\t\t\t\t\t\t\t\t\t\t\t\t\t\t\t\t\t<\/div><!-- .gllr_image_block -->\n\t\t\t\t\t\t\t\t\t\t\t\t\t\t\t\t\t\t\t\t\t<div class=\"gllr_image_block\">\n\t\t\t\t\t\t\t\t\t\t\t\t<p style=\"\n\t\t\t\t\t\t\t\t\t\t\t\twidth:164px;height:164px;\t\t\t\t\t\t\t\t\t\t\t\t\">\n\t\t\t\t\t\t\t\t\t\t\t\t\t\t\t\t\t\t\t\t\t\t\t\t\t\t\t\t<a data-fancybox=\"gallery_fancybox\" href=\"https:\/\/woerrlein-naturfoto.de\/wordpress\/wp-content\/uploads\/2014\/12\/Bartgeier_AW51836L.jpg\" title=\"Bartgeier - Bild-Nr. Anke_51869L\" >\n\t\t\t\t\t\t\t\t\t\t\t\t\t\t\t\t<img decoding=\"async\" width=&quot;158&quot; height=&quot;158&quot; style=\"width:158px; height:158px; border-width: 3px; border-color:#F1F1F1;border: 3px solid #F1F1F1\" alt=\"Bartgeier\" title=\"Bartgeier - Bild-Nr. Anke_51869L\" src=\"https:\/\/woerrlein-naturfoto.de\/wordpress\/wp-content\/uploads\/2014\/12\/Bartgeier_AW51836L-158x158.jpg\" rel=\"https:\/\/woerrlein-naturfoto.de\/wordpress\/wp-content\/uploads\/2014\/12\/Bartgeier_AW51836L.jpg\" \/>\t\t\t\t\t\t\t\t\t\t\t\t\t\t\t<\/a>\n\t\t\t\t\t\t\t\t\t\t\t\t\t\t\t\t\t\t\t\t\t\t\t\t\t\t<\/p>\n\t\t\t\t\t\t\t\t\t\t\t\t\t\t\t\t\t\t\t\t\t\t\t\t\t<div \n\t\t\t\t\t\t\t\t\t\t\t\t\tstyle=\"width:164px;\"\t\t\t\t\t\t\t\t\t\t\t\t\tclass=\"gllr_single_image_text gllr_single_image_text_under\">Bartgeier - Bild-Nr. Anke_51869L&nbsp;<\/div>\n\t\t\t\t\t\t\t\t\t\t\t\t\t\t\t\t\t\t\t\t\t\t\t<\/div><!-- .gllr_image_block -->\n\t\t\t\t\t\t\t\t\t\t\t\t\t\t\t\t\t\t\t\t\t<div class=\"gllr_image_block\">\n\t\t\t\t\t\t\t\t\t\t\t\t<p style=\"\n\t\t\t\t\t\t\t\t\t\t\t\twidth:164px;height:164px;\t\t\t\t\t\t\t\t\t\t\t\t\">\n\t\t\t\t\t\t\t\t\t\t\t\t\t\t\t\t\t\t\t\t\t\t\t\t\t\t\t\t<a data-fancybox=\"gallery_fancybox\" href=\"https:\/\/woerrlein-naturfoto.de\/wordpress\/wp-content\/uploads\/2014\/12\/Bartgeier_AW51881L.jpg\" title=\"Bartgeier - Bild-Nr. Anke_51881L\" >\n\t\t\t\t\t\t\t\t\t\t\t\t\t\t\t\t<img decoding=\"async\" width=&quot;158&quot; height=&quot;158&quot; style=\"width:158px; height:158px; border-width: 3px; border-color:#F1F1F1;border: 3px solid #F1F1F1\" alt=\"Bartgeier\" title=\"Bartgeier - Bild-Nr. Anke_51881L\" src=\"https:\/\/woerrlein-naturfoto.de\/wordpress\/wp-content\/uploads\/2014\/12\/Bartgeier_AW51881L-158x158.jpg\" rel=\"https:\/\/woerrlein-naturfoto.de\/wordpress\/wp-content\/uploads\/2014\/12\/Bartgeier_AW51881L.jpg\" \/>\t\t\t\t\t\t\t\t\t\t\t\t\t\t\t<\/a>\n\t\t\t\t\t\t\t\t\t\t\t\t\t\t\t\t\t\t\t\t\t\t\t\t\t\t<\/p>\n\t\t\t\t\t\t\t\t\t\t\t\t\t\t\t\t\t\t\t\t\t\t\t\t\t<div \n\t\t\t\t\t\t\t\t\t\t\t\t\tstyle=\"width:164px;\"\t\t\t\t\t\t\t\t\t\t\t\t\tclass=\"gllr_single_image_text gllr_single_image_text_under\">Bartgeier - Bild-Nr. Anke_51881L&nbsp;<\/div>\n\t\t\t\t\t\t\t\t\t\t\t\t\t\t\t\t\t\t\t\t\t\t\t<\/div><!-- .gllr_image_block -->\n\t\t\t\t\t\t\t\t\t\t\t\t\t\t\t\t\t\t\t\t\t<div class=\"gllr_image_block\">\n\t\t\t\t\t\t\t\t\t\t\t\t<p style=\"\n\t\t\t\t\t\t\t\t\t\t\t\twidth:164px;height:164px;\t\t\t\t\t\t\t\t\t\t\t\t\">\n\t\t\t\t\t\t\t\t\t\t\t\t\t\t\t\t\t\t\t\t\t\t\t\t\t\t\t\t<a data-fancybox=\"gallery_fancybox\" href=\"https:\/\/woerrlein-naturfoto.de\/wordpress\/wp-content\/uploads\/2014\/12\/Bartgeier_AW51884L.jpg\" title=\"Bartgeier - Bild-Nr. Anke_51884L\" >\n\t\t\t\t\t\t\t\t\t\t\t\t\t\t\t\t<img decoding=\"async\" width=&quot;158&quot; height=&quot;158&quot; style=\"width:158px; height:158px; border-width: 3px; border-color:#F1F1F1;border: 3px solid #F1F1F1\" alt=\"Bartgeier\" title=\"Bartgeier - Bild-Nr. Anke_51884L\" src=\"https:\/\/woerrlein-naturfoto.de\/wordpress\/wp-content\/uploads\/2014\/12\/Bartgeier_AW51884L-158x158.jpg\" rel=\"https:\/\/woerrlein-naturfoto.de\/wordpress\/wp-content\/uploads\/2014\/12\/Bartgeier_AW51884L.jpg\" \/>\t\t\t\t\t\t\t\t\t\t\t\t\t\t\t<\/a>\n\t\t\t\t\t\t\t\t\t\t\t\t\t\t\t\t\t\t\t\t\t\t\t\t\t\t<\/p>\n\t\t\t\t\t\t\t\t\t\t\t\t\t\t\t\t\t\t\t\t\t\t\t\t\t<div \n\t\t\t\t\t\t\t\t\t\t\t\t\tstyle=\"width:164px;\"\t\t\t\t\t\t\t\t\t\t\t\t\tclass=\"gllr_single_image_text gllr_single_image_text_under\">Bartgeier - Bild-Nr. Anke_51884L&nbsp;<\/div>\n\t\t\t\t\t\t\t\t\t\t\t\t\t\t\t\t\t\t\t\t\t\t\t<\/div><!-- .gllr_image_block -->\n\t\t\t\t\t\t\t\t\t\t\t\t\t\t\t\t\t\t\t\t\t<div class=\"gllr_image_block\">\n\t\t\t\t\t\t\t\t\t\t\t\t<p style=\"\n\t\t\t\t\t\t\t\t\t\t\t\twidth:164px;height:164px;\t\t\t\t\t\t\t\t\t\t\t\t\">\n\t\t\t\t\t\t\t\t\t\t\t\t\t\t\t\t\t\t\t\t\t\t\t\t\t\t\t\t<a data-fancybox=\"gallery_fancybox\" href=\"https:\/\/woerrlein-naturfoto.de\/wordpress\/wp-content\/uploads\/2014\/12\/Bartgeier_AW_251013_8389.jpg\" title=\"Bartgeier (juvenil) - Bild-Nr. Anke_251013_8389\" >\n\t\t\t\t\t\t\t\t\t\t\t\t\t\t\t\t<img decoding=\"async\" width=&quot;158&quot; height=&quot;158&quot; style=\"width:158px; height:158px; border-width: 3px; border-color:#F1F1F1;border: 3px solid #F1F1F1\" alt=\"Bartgeier\" title=\"Bartgeier (juvenil) - Bild-Nr. Anke_251013_8389\" src=\"https:\/\/woerrlein-naturfoto.de\/wordpress\/wp-content\/uploads\/2014\/12\/Bartgeier_AW_251013_8389-158x158.jpg\" rel=\"https:\/\/woerrlein-naturfoto.de\/wordpress\/wp-content\/uploads\/2014\/12\/Bartgeier_AW_251013_8389.jpg\" \/>\t\t\t\t\t\t\t\t\t\t\t\t\t\t\t<\/a>\n\t\t\t\t\t\t\t\t\t\t\t\t\t\t\t\t\t\t\t\t\t\t\t\t\t\t<\/p>\n\t\t\t\t\t\t\t\t\t\t\t\t\t\t\t\t\t\t\t\t\t\t\t\t\t<div \n\t\t\t\t\t\t\t\t\t\t\t\t\tstyle=\"width:164px;\"\t\t\t\t\t\t\t\t\t\t\t\t\tclass=\"gllr_single_image_text gllr_single_image_text_under\">Bartgeier (juvenil) - Bild-Nr. Anke_251013_8389&nbsp;<\/div>\n\t\t\t\t\t\t\t\t\t\t\t\t\t\t\t\t\t\t\t\t\t\t\t<\/div><!-- .gllr_image_block -->\n\t\t\t\t\t\t\t\t\t\t\t\t\t\t\t\t\t\t\t\t\t<\/div><!-- .gllr_image_row -->\n\t\t\t\t\t\t\t\t\t\t\t\t\t\t\t\t\t\t\t\t\t\t<div class=\"gllr_image_row\">\n\t\t\t\t\t\t\t\t\t\t\t\t\t\t\t\t\t\t\t\t\t<div class=\"gllr_image_block\">\n\t\t\t\t\t\t\t\t\t\t\t\t<p style=\"\n\t\t\t\t\t\t\t\t\t\t\t\twidth:164px;height:164px;\t\t\t\t\t\t\t\t\t\t\t\t\">\n\t\t\t\t\t\t\t\t\t\t\t\t\t\t\t\t\t\t\t\t\t\t\t\t\t\t\t\t<a data-fancybox=\"gallery_fancybox\" href=\"https:\/\/woerrlein-naturfoto.de\/wordpress\/wp-content\/uploads\/Fischadler_14076L.jpg\" title=\"Fischadler - Bild-Nr. Dieter_14076L\" >\n\t\t\t\t\t\t\t\t\t\t\t\t\t\t\t\t<img decoding=\"async\" width=&quot;158&quot; height=&quot;158&quot; style=\"width:158px; height:158px; border-width: 3px; border-color:#F1F1F1;border: 3px solid #F1F1F1\" alt=\"Fischadler\" title=\"Fischadler - Bild-Nr. Dieter_14076L\" src=\"https:\/\/woerrlein-naturfoto.de\/wordpress\/wp-content\/uploads\/Fischadler_14076L-200x200.jpg\" rel=\"https:\/\/woerrlein-naturfoto.de\/wordpress\/wp-content\/uploads\/Fischadler_14076L.jpg\" \/>\t\t\t\t\t\t\t\t\t\t\t\t\t\t\t<\/a>\n\t\t\t\t\t\t\t\t\t\t\t\t\t\t\t\t\t\t\t\t\t\t\t\t\t\t<\/p>\n\t\t\t\t\t\t\t\t\t\t\t\t\t\t\t\t\t\t\t\t\t\t\t\t\t<div \n\t\t\t\t\t\t\t\t\t\t\t\t\tstyle=\"width:164px;\"\t\t\t\t\t\t\t\t\t\t\t\t\tclass=\"gllr_single_image_text gllr_single_image_text_under\">Fischadler - Bild-Nr. Dieter_14076L&nbsp;<\/div>\n\t\t\t\t\t\t\t\t\t\t\t\t\t\t\t\t\t\t\t\t\t\t\t<\/div><!-- .gllr_image_block -->\n\t\t\t\t\t\t\t\t\t\t\t\t\t\t\t\t\t\t\t\t\t<div class=\"gllr_image_block\">\n\t\t\t\t\t\t\t\t\t\t\t\t<p style=\"\n\t\t\t\t\t\t\t\t\t\t\t\twidth:164px;height:164px;\t\t\t\t\t\t\t\t\t\t\t\t\">\n\t\t\t\t\t\t\t\t\t\t\t\t\t\t\t\t\t\t\t\t\t\t\t\t\t\t\t\t<a data-fancybox=\"gallery_fancybox\" href=\"https:\/\/woerrlein-naturfoto.de\/wordpress\/wp-content\/uploads\/2014\/12\/Fischadler_230506_2718.jpg\" title=\"Fischadler - Bild-Nr. Dieter_230506_2718\" >\n\t\t\t\t\t\t\t\t\t\t\t\t\t\t\t\t<img decoding=\"async\" width=&quot;158&quot; height=&quot;158&quot; style=\"width:158px; height:158px; border-width: 3px; border-color:#F1F1F1;border: 3px solid #F1F1F1\" alt=\"Fischadler\" title=\"Fischadler - Bild-Nr. Dieter_230506_2718\" src=\"https:\/\/woerrlein-naturfoto.de\/wordpress\/wp-content\/uploads\/2014\/12\/Fischadler_230506_2718-158x158.jpg\" rel=\"https:\/\/woerrlein-naturfoto.de\/wordpress\/wp-content\/uploads\/2014\/12\/Fischadler_230506_2718.jpg\" \/>\t\t\t\t\t\t\t\t\t\t\t\t\t\t\t<\/a>\n\t\t\t\t\t\t\t\t\t\t\t\t\t\t\t\t\t\t\t\t\t\t\t\t\t\t<\/p>\n\t\t\t\t\t\t\t\t\t\t\t\t\t\t\t\t\t\t\t\t\t\t\t\t\t<div \n\t\t\t\t\t\t\t\t\t\t\t\t\tstyle=\"width:164px;\"\t\t\t\t\t\t\t\t\t\t\t\t\tclass=\"gllr_single_image_text gllr_single_image_text_under\">Fischadler - Bild-Nr. Dieter_230506_2718&nbsp;<\/div>\n\t\t\t\t\t\t\t\t\t\t\t\t\t\t\t\t\t\t\t\t\t\t\t<\/div><!-- .gllr_image_block -->\n\t\t\t\t\t\t\t\t\t\t\t\t\t\t\t\t\t\t\t\t\t<div class=\"gllr_image_block\">\n\t\t\t\t\t\t\t\t\t\t\t\t<p style=\"\n\t\t\t\t\t\t\t\t\t\t\t\twidth:164px;height:164px;\t\t\t\t\t\t\t\t\t\t\t\t\">\n\t\t\t\t\t\t\t\t\t\t\t\t\t\t\t\t\t\t\t\t\t\t\t\t\t\t\t\t<a data-fancybox=\"gallery_fancybox\" href=\"https:\/\/woerrlein-naturfoto.de\/wordpress\/wp-content\/uploads\/2014\/12\/Fischadler_230507_2815.jpg\" title=\"Fischadler - Bild-Nr. Dieter_230507_2815\" >\n\t\t\t\t\t\t\t\t\t\t\t\t\t\t\t\t<img decoding=\"async\" width=&quot;158&quot; height=&quot;158&quot; style=\"width:158px; height:158px; border-width: 3px; border-color:#F1F1F1;border: 3px solid #F1F1F1\" alt=\"Fischadler\" title=\"Fischadler - Bild-Nr. Dieter_230507_2815\" src=\"https:\/\/woerrlein-naturfoto.de\/wordpress\/wp-content\/uploads\/2014\/12\/Fischadler_230507_2815-158x158.jpg\" rel=\"https:\/\/woerrlein-naturfoto.de\/wordpress\/wp-content\/uploads\/2014\/12\/Fischadler_230507_2815.jpg\" \/>\t\t\t\t\t\t\t\t\t\t\t\t\t\t\t<\/a>\n\t\t\t\t\t\t\t\t\t\t\t\t\t\t\t\t\t\t\t\t\t\t\t\t\t\t<\/p>\n\t\t\t\t\t\t\t\t\t\t\t\t\t\t\t\t\t\t\t\t\t\t\t\t\t<div \n\t\t\t\t\t\t\t\t\t\t\t\t\tstyle=\"width:164px;\"\t\t\t\t\t\t\t\t\t\t\t\t\tclass=\"gllr_single_image_text gllr_single_image_text_under\">Fischadler - Bild-Nr. Dieter_230507_2815&nbsp;<\/div>\n\t\t\t\t\t\t\t\t\t\t\t\t\t\t\t\t\t\t\t\t\t\t\t<\/div><!-- .gllr_image_block -->\n\t\t\t\t\t\t\t\t\t\t\t\t\t\t\t\t\t\t\t\t\t<div class=\"gllr_image_block\">\n\t\t\t\t\t\t\t\t\t\t\t\t<p style=\"\n\t\t\t\t\t\t\t\t\t\t\t\twidth:164px;height:164px;\t\t\t\t\t\t\t\t\t\t\t\t\">\n\t\t\t\t\t\t\t\t\t\t\t\t\t\t\t\t\t\t\t\t\t\t\t\t\t\t\t\t<a data-fancybox=\"gallery_fancybox\" href=\"https:\/\/woerrlein-naturfoto.de\/wordpress\/wp-content\/uploads\/2014\/12\/Fischadler_230601_4115.jpg\" title=\"Fischadler - Bild-Nr. Dieter_230601_4115\" >\n\t\t\t\t\t\t\t\t\t\t\t\t\t\t\t\t<img decoding=\"async\" width=&quot;158&quot; height=&quot;158&quot; style=\"width:158px; height:158px; border-width: 3px; border-color:#F1F1F1;border: 3px solid #F1F1F1\" alt=\"Fischadler\" title=\"Fischadler - Bild-Nr. Dieter_230601_4115\" src=\"https:\/\/woerrlein-naturfoto.de\/wordpress\/wp-content\/uploads\/2014\/12\/Fischadler_230601_4115-158x158.jpg\" rel=\"https:\/\/woerrlein-naturfoto.de\/wordpress\/wp-content\/uploads\/2014\/12\/Fischadler_230601_4115.jpg\" \/>\t\t\t\t\t\t\t\t\t\t\t\t\t\t\t<\/a>\n\t\t\t\t\t\t\t\t\t\t\t\t\t\t\t\t\t\t\t\t\t\t\t\t\t\t<\/p>\n\t\t\t\t\t\t\t\t\t\t\t\t\t\t\t\t\t\t\t\t\t\t\t\t\t<div \n\t\t\t\t\t\t\t\t\t\t\t\t\tstyle=\"width:164px;\"\t\t\t\t\t\t\t\t\t\t\t\t\tclass=\"gllr_single_image_text gllr_single_image_text_under\">Fischadler - Bild-Nr. Dieter_230601_4115&nbsp;<\/div>\n\t\t\t\t\t\t\t\t\t\t\t\t\t\t\t\t\t\t\t\t\t\t\t<\/div><!-- .gllr_image_block -->\n\t\t\t\t\t\t\t\t\t\t\t\t\t\t\t\t\t\t\t\t\t<div class=\"gllr_image_block\">\n\t\t\t\t\t\t\t\t\t\t\t\t<p style=\"\n\t\t\t\t\t\t\t\t\t\t\t\twidth:164px;height:164px;\t\t\t\t\t\t\t\t\t\t\t\t\">\n\t\t\t\t\t\t\t\t\t\t\t\t\t\t\t\t\t\t\t\t\t\t\t\t\t\t\t\t<a data-fancybox=\"gallery_fancybox\" href=\"https:\/\/woerrlein-naturfoto.de\/wordpress\/wp-content\/uploads\/2019\/06\/Fischadler_AW15132L_5374x3583.jpg\" title=\"Fischadler - Bild-Nr. Anke_15132L\" >\n\t\t\t\t\t\t\t\t\t\t\t\t\t\t\t\t<img decoding=\"async\" width=&quot;158&quot; height=&quot;158&quot; style=\"width:158px; height:158px; border-width: 3px; border-color:#F1F1F1;border: 3px solid #F1F1F1\" alt=\"Fischadler\" title=\"Fischadler - Bild-Nr. Anke_15132L\" src=\"https:\/\/woerrlein-naturfoto.de\/wordpress\/wp-content\/uploads\/2019\/06\/Fischadler_AW15132L_5374x3583-200x200.jpg\" rel=\"https:\/\/woerrlein-naturfoto.de\/wordpress\/wp-content\/uploads\/2019\/06\/Fischadler_AW15132L_5374x3583.jpg\" \/>\t\t\t\t\t\t\t\t\t\t\t\t\t\t\t<\/a>\n\t\t\t\t\t\t\t\t\t\t\t\t\t\t\t\t\t\t\t\t\t\t\t\t\t\t<\/p>\n\t\t\t\t\t\t\t\t\t\t\t\t\t\t\t\t\t\t\t\t\t\t\t\t\t<div \n\t\t\t\t\t\t\t\t\t\t\t\t\tstyle=\"width:164px;\"\t\t\t\t\t\t\t\t\t\t\t\t\tclass=\"gllr_single_image_text gllr_single_image_text_under\">Fischadler - Bild-Nr. Anke_15132L&nbsp;<\/div>\n\t\t\t\t\t\t\t\t\t\t\t\t\t\t\t\t\t\t\t\t\t\t\t<\/div><!-- .gllr_image_block -->\n\t\t\t\t\t\t\t\t\t\t\t\t\t\t\t\t\t\t\t\t\t<div class=\"gllr_image_block\">\n\t\t\t\t\t\t\t\t\t\t\t\t<p style=\"\n\t\t\t\t\t\t\t\t\t\t\t\twidth:164px;height:164px;\t\t\t\t\t\t\t\t\t\t\t\t\">\n\t\t\t\t\t\t\t\t\t\t\t\t\t\t\t\t\t\t\t\t\t\t\t\t\t\t\t\t<a data-fancybox=\"gallery_fancybox\" href=\"https:\/\/woerrlein-naturfoto.de\/wordpress\/wp-content\/uploads\/2019\/06\/Fischadler_AW15137L_4824x3216.jpg\" title=\"Fischadler - Bild-Nr. Anke_15137L\" >\n\t\t\t\t\t\t\t\t\t\t\t\t\t\t\t\t<img decoding=\"async\" width=&quot;158&quot; height=&quot;158&quot; style=\"width:158px; height:158px; border-width: 3px; border-color:#F1F1F1;border: 3px solid #F1F1F1\" alt=\"Fischadler\" title=\"Fischadler - Bild-Nr. Anke_15137L\" src=\"https:\/\/woerrlein-naturfoto.de\/wordpress\/wp-content\/uploads\/2019\/06\/Fischadler_AW15137L_4824x3216-200x200.jpg\" rel=\"https:\/\/woerrlein-naturfoto.de\/wordpress\/wp-content\/uploads\/2019\/06\/Fischadler_AW15137L_4824x3216.jpg\" \/>\t\t\t\t\t\t\t\t\t\t\t\t\t\t\t<\/a>\n\t\t\t\t\t\t\t\t\t\t\t\t\t\t\t\t\t\t\t\t\t\t\t\t\t\t<\/p>\n\t\t\t\t\t\t\t\t\t\t\t\t\t\t\t\t\t\t\t\t\t\t\t\t\t<div \n\t\t\t\t\t\t\t\t\t\t\t\t\tstyle=\"width:164px;\"\t\t\t\t\t\t\t\t\t\t\t\t\tclass=\"gllr_single_image_text gllr_single_image_text_under\">Fischadler - Bild-Nr. Anke_15137L&nbsp;<\/div>\n\t\t\t\t\t\t\t\t\t\t\t\t\t\t\t\t\t\t\t\t\t\t\t<\/div><!-- .gllr_image_block -->\n\t\t\t\t\t\t\t\t\t\t\t\t\t\t\t\t\t\t\t\t\t<div class=\"gllr_image_block\">\n\t\t\t\t\t\t\t\t\t\t\t\t<p style=\"\n\t\t\t\t\t\t\t\t\t\t\t\twidth:164px;height:164px;\t\t\t\t\t\t\t\t\t\t\t\t\">\n\t\t\t\t\t\t\t\t\t\t\t\t\t\t\t\t\t\t\t\t\t\t\t\t\t\t\t\t<a data-fancybox=\"gallery_fancybox\" href=\"https:\/\/woerrlein-naturfoto.de\/wordpress\/wp-content\/uploads\/2014\/12\/Fischadler_AW30552L.jpg\" title=\"Fischadler - Bild-Nr. Anke_30552L\" >\n\t\t\t\t\t\t\t\t\t\t\t\t\t\t\t\t<img decoding=\"async\" width=&quot;158&quot; height=&quot;158&quot; style=\"width:158px; height:158px; border-width: 3px; border-color:#F1F1F1;border: 3px solid #F1F1F1\" alt=\"Fischadler\" title=\"Fischadler - Bild-Nr. Anke_30552L\" src=\"https:\/\/woerrlein-naturfoto.de\/wordpress\/wp-content\/uploads\/2014\/12\/Fischadler_AW30552L-158x158.jpg\" rel=\"https:\/\/woerrlein-naturfoto.de\/wordpress\/wp-content\/uploads\/2014\/12\/Fischadler_AW30552L.jpg\" \/>\t\t\t\t\t\t\t\t\t\t\t\t\t\t\t<\/a>\n\t\t\t\t\t\t\t\t\t\t\t\t\t\t\t\t\t\t\t\t\t\t\t\t\t\t<\/p>\n\t\t\t\t\t\t\t\t\t\t\t\t\t\t\t\t\t\t\t\t\t\t\t\t\t<div \n\t\t\t\t\t\t\t\t\t\t\t\t\tstyle=\"width:164px;\"\t\t\t\t\t\t\t\t\t\t\t\t\tclass=\"gllr_single_image_text gllr_single_image_text_under\">Fischadler - Bild-Nr. Anke_30552L&nbsp;<\/div>\n\t\t\t\t\t\t\t\t\t\t\t\t\t\t\t\t\t\t\t\t\t\t\t<\/div><!-- .gllr_image_block -->\n\t\t\t\t\t\t\t\t\t\t\t\t\t\t\t\t\t\t\t\t\t<div class=\"gllr_image_block\">\n\t\t\t\t\t\t\t\t\t\t\t\t<p style=\"\n\t\t\t\t\t\t\t\t\t\t\t\twidth:164px;height:164px;\t\t\t\t\t\t\t\t\t\t\t\t\">\n\t\t\t\t\t\t\t\t\t\t\t\t\t\t\t\t\t\t\t\t\t\t\t\t\t\t\t\t<a data-fancybox=\"gallery_fancybox\" href=\"https:\/\/woerrlein-naturfoto.de\/wordpress\/wp-content\/uploads\/2014\/12\/Fischadler_AW31272L.jpg\" title=\"Fischadler - Bild-Nr. Anke_31272L\" >\n\t\t\t\t\t\t\t\t\t\t\t\t\t\t\t\t<img decoding=\"async\" width=&quot;158&quot; height=&quot;158&quot; style=\"width:158px; height:158px; border-width: 3px; border-color:#F1F1F1;border: 3px solid #F1F1F1\" alt=\"Fischadler\" title=\"Fischadler - Bild-Nr. Anke_31272L\" src=\"https:\/\/woerrlein-naturfoto.de\/wordpress\/wp-content\/uploads\/2014\/12\/Fischadler_AW31272L-158x158.jpg\" rel=\"https:\/\/woerrlein-naturfoto.de\/wordpress\/wp-content\/uploads\/2014\/12\/Fischadler_AW31272L.jpg\" \/>\t\t\t\t\t\t\t\t\t\t\t\t\t\t\t<\/a>\n\t\t\t\t\t\t\t\t\t\t\t\t\t\t\t\t\t\t\t\t\t\t\t\t\t\t<\/p>\n\t\t\t\t\t\t\t\t\t\t\t\t\t\t\t\t\t\t\t\t\t\t\t\t\t<div \n\t\t\t\t\t\t\t\t\t\t\t\t\tstyle=\"width:164px;\"\t\t\t\t\t\t\t\t\t\t\t\t\tclass=\"gllr_single_image_text gllr_single_image_text_under\">Fischadler - Bild-Nr. Anke_31272L&nbsp;<\/div>\n\t\t\t\t\t\t\t\t\t\t\t\t\t\t\t\t\t\t\t\t\t\t\t<\/div><!-- .gllr_image_block -->\n\t\t\t\t\t\t\t\t\t\t\t\t\t\t\t\t\t\t\t\t\t<\/div><!-- .gllr_image_row -->\n\t\t\t\t\t\t\t\t\t\t\t\t\t\t\t\t\t\t\t\t\t\t<div class=\"gllr_image_row\">\n\t\t\t\t\t\t\t\t\t\t\t\t\t\t\t\t\t\t\t\t\t<div class=\"gllr_image_block\">\n\t\t\t\t\t\t\t\t\t\t\t\t<p style=\"\n\t\t\t\t\t\t\t\t\t\t\t\twidth:164px;height:164px;\t\t\t\t\t\t\t\t\t\t\t\t\">\n\t\t\t\t\t\t\t\t\t\t\t\t\t\t\t\t\t\t\t\t\t\t\t\t\t\t\t\t<a data-fancybox=\"gallery_fancybox\" href=\"https:\/\/woerrlein-naturfoto.de\/wordpress\/wp-content\/uploads\/2014\/12\/Fischadler_AW32432L.jpg\" title=\"Fischadler - Bild-Nr. Anke_32432L\" >\n\t\t\t\t\t\t\t\t\t\t\t\t\t\t\t\t<img decoding=\"async\" width=&quot;158&quot; height=&quot;158&quot; style=\"width:158px; height:158px; border-width: 3px; border-color:#F1F1F1;border: 3px solid #F1F1F1\" alt=\"Fischadler\" title=\"Fischadler - Bild-Nr. Anke_32432L\" src=\"https:\/\/woerrlein-naturfoto.de\/wordpress\/wp-content\/uploads\/2014\/12\/Fischadler_AW32432L-158x158.jpg\" rel=\"https:\/\/woerrlein-naturfoto.de\/wordpress\/wp-content\/uploads\/2014\/12\/Fischadler_AW32432L.jpg\" \/>\t\t\t\t\t\t\t\t\t\t\t\t\t\t\t<\/a>\n\t\t\t\t\t\t\t\t\t\t\t\t\t\t\t\t\t\t\t\t\t\t\t\t\t\t<\/p>\n\t\t\t\t\t\t\t\t\t\t\t\t\t\t\t\t\t\t\t\t\t\t\t\t\t<div \n\t\t\t\t\t\t\t\t\t\t\t\t\tstyle=\"width:164px;\"\t\t\t\t\t\t\t\t\t\t\t\t\tclass=\"gllr_single_image_text gllr_single_image_text_under\">Fischadler - Bild-Nr. Anke_32432L&nbsp;<\/div>\n\t\t\t\t\t\t\t\t\t\t\t\t\t\t\t\t\t\t\t\t\t\t\t<\/div><!-- .gllr_image_block -->\n\t\t\t\t\t\t\t\t\t\t\t\t\t\t\t\t\t\t\t\t\t<div class=\"gllr_image_block\">\n\t\t\t\t\t\t\t\t\t\t\t\t<p style=\"\n\t\t\t\t\t\t\t\t\t\t\t\twidth:164px;height:164px;\t\t\t\t\t\t\t\t\t\t\t\t\">\n\t\t\t\t\t\t\t\t\t\t\t\t\t\t\t\t\t\t\t\t\t\t\t\t\t\t\t\t<a data-fancybox=\"gallery_fancybox\" href=\"https:\/\/woerrlein-naturfoto.de\/wordpress\/wp-content\/uploads\/2014\/12\/Fischadler_AW32451L.jpg\" title=\"Fischadler - Bild-Nr. Anke_32451L\" >\n\t\t\t\t\t\t\t\t\t\t\t\t\t\t\t\t<img decoding=\"async\" width=&quot;158&quot; height=&quot;158&quot; style=\"width:158px; height:158px; border-width: 3px; border-color:#F1F1F1;border: 3px solid #F1F1F1\" alt=\"Fischadler\" title=\"Fischadler - Bild-Nr. Anke_32451L\" src=\"https:\/\/woerrlein-naturfoto.de\/wordpress\/wp-content\/uploads\/2014\/12\/Fischadler_AW32451L-158x158.jpg\" rel=\"https:\/\/woerrlein-naturfoto.de\/wordpress\/wp-content\/uploads\/2014\/12\/Fischadler_AW32451L.jpg\" \/>\t\t\t\t\t\t\t\t\t\t\t\t\t\t\t<\/a>\n\t\t\t\t\t\t\t\t\t\t\t\t\t\t\t\t\t\t\t\t\t\t\t\t\t\t<\/p>\n\t\t\t\t\t\t\t\t\t\t\t\t\t\t\t\t\t\t\t\t\t\t\t\t\t<div \n\t\t\t\t\t\t\t\t\t\t\t\t\tstyle=\"width:164px;\"\t\t\t\t\t\t\t\t\t\t\t\t\tclass=\"gllr_single_image_text gllr_single_image_text_under\">Fischadler - Bild-Nr. Anke_32451L&nbsp;<\/div>\n\t\t\t\t\t\t\t\t\t\t\t\t\t\t\t\t\t\t\t\t\t\t\t<\/div><!-- .gllr_image_block -->\n\t\t\t\t\t\t\t\t\t\t\t\t\t\t\t\t\t\t\t\t\t<div class=\"gllr_image_block\">\n\t\t\t\t\t\t\t\t\t\t\t\t<p style=\"\n\t\t\t\t\t\t\t\t\t\t\t\twidth:164px;height:164px;\t\t\t\t\t\t\t\t\t\t\t\t\">\n\t\t\t\t\t\t\t\t\t\t\t\t\t\t\t\t\t\t\t\t\t\t\t\t\t\t\t\t<a data-fancybox=\"gallery_fancybox\" href=\"https:\/\/woerrlein-naturfoto.de\/wordpress\/wp-content\/uploads\/2014\/12\/Habicht_250908_7132.jpg\" title=\"Habicht - Bild-Nr. Dieter_250908_7132\" >\n\t\t\t\t\t\t\t\t\t\t\t\t\t\t\t\t<img decoding=\"async\" width=&quot;158&quot; height=&quot;158&quot; style=\"width:158px; height:158px; border-width: 3px; border-color:#F1F1F1;border: 3px solid #F1F1F1\" alt=\"Habicht\" title=\"Habicht - Bild-Nr. Dieter_250908_7132\" src=\"https:\/\/woerrlein-naturfoto.de\/wordpress\/wp-content\/uploads\/2014\/12\/Habicht_250908_7132-158x158.jpg\" rel=\"https:\/\/woerrlein-naturfoto.de\/wordpress\/wp-content\/uploads\/2014\/12\/Habicht_250908_7132.jpg\" \/>\t\t\t\t\t\t\t\t\t\t\t\t\t\t\t<\/a>\n\t\t\t\t\t\t\t\t\t\t\t\t\t\t\t\t\t\t\t\t\t\t\t\t\t\t<\/p>\n\t\t\t\t\t\t\t\t\t\t\t\t\t\t\t\t\t\t\t\t\t\t\t\t\t<div \n\t\t\t\t\t\t\t\t\t\t\t\t\tstyle=\"width:164px;\"\t\t\t\t\t\t\t\t\t\t\t\t\tclass=\"gllr_single_image_text gllr_single_image_text_under\">Habicht - Bild-Nr. Dieter_250908_7132&nbsp;<\/div>\n\t\t\t\t\t\t\t\t\t\t\t\t\t\t\t\t\t\t\t\t\t\t\t<\/div><!-- .gllr_image_block -->\n\t\t\t\t\t\t\t\t\t\t\t\t\t\t\t\t\t\t\t\t\t<div class=\"gllr_image_block\">\n\t\t\t\t\t\t\t\t\t\t\t\t<p style=\"\n\t\t\t\t\t\t\t\t\t\t\t\twidth:164px;height:164px;\t\t\t\t\t\t\t\t\t\t\t\t\">\n\t\t\t\t\t\t\t\t\t\t\t\t\t\t\t\t\t\t\t\t\t\t\t\t\t\t\t\t<a data-fancybox=\"gallery_fancybox\" href=\"https:\/\/woerrlein-naturfoto.de\/wordpress\/wp-content\/uploads\/Kornweihe_20418La.jpg\" title=\"Kornweihe - Bild-Nr. Dieter_20418La\" >\n\t\t\t\t\t\t\t\t\t\t\t\t\t\t\t\t<img decoding=\"async\" width=&quot;158&quot; height=&quot;158&quot; style=\"width:158px; height:158px; border-width: 3px; border-color:#F1F1F1;border: 3px solid #F1F1F1\" alt=\"Kornweihe\" title=\"Kornweihe - Bild-Nr. Dieter_20418La\" src=\"https:\/\/woerrlein-naturfoto.de\/wordpress\/wp-content\/uploads\/Kornweihe_20418La-200x200.jpg\" rel=\"https:\/\/woerrlein-naturfoto.de\/wordpress\/wp-content\/uploads\/Kornweihe_20418La.jpg\" \/>\t\t\t\t\t\t\t\t\t\t\t\t\t\t\t<\/a>\n\t\t\t\t\t\t\t\t\t\t\t\t\t\t\t\t\t\t\t\t\t\t\t\t\t\t<\/p>\n\t\t\t\t\t\t\t\t\t\t\t\t\t\t\t\t\t\t\t\t\t\t\t\t\t<div \n\t\t\t\t\t\t\t\t\t\t\t\t\tstyle=\"width:164px;\"\t\t\t\t\t\t\t\t\t\t\t\t\tclass=\"gllr_single_image_text gllr_single_image_text_under\">Kornweihe - Bild-Nr. Dieter_20418La&nbsp;<\/div>\n\t\t\t\t\t\t\t\t\t\t\t\t\t\t\t\t\t\t\t\t\t\t\t<\/div><!-- .gllr_image_block -->\n\t\t\t\t\t\t\t\t\t\t\t\t\t\t\t\t\t\t\t\t\t<div class=\"gllr_image_block\">\n\t\t\t\t\t\t\t\t\t\t\t\t<p style=\"\n\t\t\t\t\t\t\t\t\t\t\t\twidth:164px;height:164px;\t\t\t\t\t\t\t\t\t\t\t\t\">\n\t\t\t\t\t\t\t\t\t\t\t\t\t\t\t\t\t\t\t\t\t\t\t\t\t\t\t\t<a data-fancybox=\"gallery_fancybox\" href=\"https:\/\/woerrlein-naturfoto.de\/wordpress\/wp-content\/uploads\/2014\/12\/Kornweihe_AW16939L_5161x3441.jpg\" title=\"Kornweihe - Bild-Nr. Anke_16939L\" >\n\t\t\t\t\t\t\t\t\t\t\t\t\t\t\t\t<img decoding=\"async\" width=&quot;158&quot; height=&quot;158&quot; style=\"width:158px; height:158px; border-width: 3px; border-color:#F1F1F1;border: 3px solid #F1F1F1\" alt=\"Kornweihe\" title=\"Kornweihe - Bild-Nr. Anke_16939L\" src=\"https:\/\/woerrlein-naturfoto.de\/wordpress\/wp-content\/uploads\/2014\/12\/Kornweihe_AW16939L_5161x3441-200x200.jpg\" rel=\"https:\/\/woerrlein-naturfoto.de\/wordpress\/wp-content\/uploads\/2014\/12\/Kornweihe_AW16939L_5161x3441.jpg\" \/>\t\t\t\t\t\t\t\t\t\t\t\t\t\t\t<\/a>\n\t\t\t\t\t\t\t\t\t\t\t\t\t\t\t\t\t\t\t\t\t\t\t\t\t\t<\/p>\n\t\t\t\t\t\t\t\t\t\t\t\t\t\t\t\t\t\t\t\t\t\t\t\t\t<div \n\t\t\t\t\t\t\t\t\t\t\t\t\tstyle=\"width:164px;\"\t\t\t\t\t\t\t\t\t\t\t\t\tclass=\"gllr_single_image_text gllr_single_image_text_under\">Kornweihe - Bild-Nr. Anke_16939L&nbsp;<\/div>\n\t\t\t\t\t\t\t\t\t\t\t\t\t\t\t\t\t\t\t\t\t\t\t<\/div><!-- .gllr_image_block -->\n\t\t\t\t\t\t\t\t\t\t\t\t\t\t\t\t\t\t\t\t\t<div class=\"gllr_image_block\">\n\t\t\t\t\t\t\t\t\t\t\t\t<p style=\"\n\t\t\t\t\t\t\t\t\t\t\t\twidth:164px;height:164px;\t\t\t\t\t\t\t\t\t\t\t\t\">\n\t\t\t\t\t\t\t\t\t\t\t\t\t\t\t\t\t\t\t\t\t\t\t\t\t\t\t\t<a data-fancybox=\"gallery_fancybox\" href=\"https:\/\/woerrlein-naturfoto.de\/wordpress\/wp-content\/uploads\/2014\/12\/Maebu_AW14357L_3500x2333.jpg\" title=\"M\u00e4usebussard - Bild-Nr. Anke_14357L\" >\n\t\t\t\t\t\t\t\t\t\t\t\t\t\t\t\t<img decoding=\"async\" width=&quot;158&quot; height=&quot;158&quot; style=\"width:158px; height:158px; border-width: 3px; border-color:#F1F1F1;border: 3px solid #F1F1F1\" alt=\"M\u00e4usebussard\" title=\"M\u00e4usebussard - Bild-Nr. Anke_14357L\" src=\"https:\/\/woerrlein-naturfoto.de\/wordpress\/wp-content\/uploads\/2014\/12\/Maebu_AW14357L_3500x2333-200x200.jpg\" rel=\"https:\/\/woerrlein-naturfoto.de\/wordpress\/wp-content\/uploads\/2014\/12\/Maebu_AW14357L_3500x2333.jpg\" \/>\t\t\t\t\t\t\t\t\t\t\t\t\t\t\t<\/a>\n\t\t\t\t\t\t\t\t\t\t\t\t\t\t\t\t\t\t\t\t\t\t\t\t\t\t<\/p>\n\t\t\t\t\t\t\t\t\t\t\t\t\t\t\t\t\t\t\t\t\t\t\t\t\t<div \n\t\t\t\t\t\t\t\t\t\t\t\t\tstyle=\"width:164px;\"\t\t\t\t\t\t\t\t\t\t\t\t\tclass=\"gllr_single_image_text gllr_single_image_text_under\">M\u00e4usebussard - Bild-Nr. Anke_14357L&nbsp;<\/div>\n\t\t\t\t\t\t\t\t\t\t\t\t\t\t\t\t\t\t\t\t\t\t\t<\/div><!-- .gllr_image_block -->\n\t\t\t\t\t\t\t\t\t\t\t\t\t\t\t\t\t\t\t\t\t<div class=\"gllr_image_block\">\n\t\t\t\t\t\t\t\t\t\t\t\t<p style=\"\n\t\t\t\t\t\t\t\t\t\t\t\twidth:164px;height:164px;\t\t\t\t\t\t\t\t\t\t\t\t\">\n\t\t\t\t\t\t\t\t\t\t\t\t\t\t\t\t\t\t\t\t\t\t\t\t\t\t\t\t<a data-fancybox=\"gallery_fancybox\" href=\"https:\/\/woerrlein-naturfoto.de\/wordpress\/wp-content\/uploads\/2014\/12\/Maeusebussard_D151019_8336.jpg\" title=\"M\u00e4usebussard - Bild-Nr. Dieter_151019_8336\" >\n\t\t\t\t\t\t\t\t\t\t\t\t\t\t\t\t<img decoding=\"async\" width=&quot;158&quot; height=&quot;158&quot; style=\"width:158px; height:158px; border-width: 3px; border-color:#F1F1F1;border: 3px solid #F1F1F1\" alt=\"M\u00e4usebussard\" title=\"M\u00e4usebussard - Bild-Nr. Dieter_151019_8336\" src=\"https:\/\/woerrlein-naturfoto.de\/wordpress\/wp-content\/uploads\/2014\/12\/Maeusebussard_D151019_8336-200x200.jpg\" rel=\"https:\/\/woerrlein-naturfoto.de\/wordpress\/wp-content\/uploads\/2014\/12\/Maeusebussard_D151019_8336.jpg\" \/>\t\t\t\t\t\t\t\t\t\t\t\t\t\t\t<\/a>\n\t\t\t\t\t\t\t\t\t\t\t\t\t\t\t\t\t\t\t\t\t\t\t\t\t\t<\/p>\n\t\t\t\t\t\t\t\t\t\t\t\t\t\t\t\t\t\t\t\t\t\t\t\t\t<div \n\t\t\t\t\t\t\t\t\t\t\t\t\tstyle=\"width:164px;\"\t\t\t\t\t\t\t\t\t\t\t\t\tclass=\"gllr_single_image_text gllr_single_image_text_under\">M\u00e4usebussard - Bild-Nr. Dieter_151019_8336&nbsp;<\/div>\n\t\t\t\t\t\t\t\t\t\t\t\t\t\t\t\t\t\t\t\t\t\t\t<\/div><!-- .gllr_image_block -->\n\t\t\t\t\t\t\t\t\t\t\t\t\t\t\t\t\t\t\t\t\t<div class=\"gllr_image_block\">\n\t\t\t\t\t\t\t\t\t\t\t\t<p style=\"\n\t\t\t\t\t\t\t\t\t\t\t\twidth:164px;height:164px;\t\t\t\t\t\t\t\t\t\t\t\t\">\n\t\t\t\t\t\t\t\t\t\t\t\t\t\t\t\t\t\t\t\t\t\t\t\t\t\t\t\t<a data-fancybox=\"gallery_fancybox\" href=\"https:\/\/woerrlein-naturfoto.de\/wordpress\/wp-content\/uploads\/2014\/12\/Maeusebussard_D180704_2807.jpg\" title=\"M\u00e4usebussard - Bild-Nr. Dieter_180704_2807\" >\n\t\t\t\t\t\t\t\t\t\t\t\t\t\t\t\t<img decoding=\"async\" width=&quot;158&quot; height=&quot;158&quot; style=\"width:158px; height:158px; border-width: 3px; border-color:#F1F1F1;border: 3px solid #F1F1F1\" alt=\"M\u00e4usebussard\" title=\"M\u00e4usebussard - Bild-Nr. Dieter_180704_2807\" src=\"https:\/\/woerrlein-naturfoto.de\/wordpress\/wp-content\/uploads\/2014\/12\/Maeusebussard_D180704_2807-200x200.jpg\" rel=\"https:\/\/woerrlein-naturfoto.de\/wordpress\/wp-content\/uploads\/2014\/12\/Maeusebussard_D180704_2807.jpg\" \/>\t\t\t\t\t\t\t\t\t\t\t\t\t\t\t<\/a>\n\t\t\t\t\t\t\t\t\t\t\t\t\t\t\t\t\t\t\t\t\t\t\t\t\t\t<\/p>\n\t\t\t\t\t\t\t\t\t\t\t\t\t\t\t\t\t\t\t\t\t\t\t\t\t<div \n\t\t\t\t\t\t\t\t\t\t\t\t\tstyle=\"width:164px;\"\t\t\t\t\t\t\t\t\t\t\t\t\tclass=\"gllr_single_image_text gllr_single_image_text_under\">M\u00e4usebussard - Bild-Nr. Dieter_180704_2807&nbsp;<\/div>\n\t\t\t\t\t\t\t\t\t\t\t\t\t\t\t\t\t\t\t\t\t\t\t<\/div><!-- .gllr_image_block -->\n\t\t\t\t\t\t\t\t\t\t\t\t\t\t\t\t\t\t\t\t\t<\/div><!-- .gllr_image_row -->\n\t\t\t\t\t\t\t\t\t\t\t\t\t\t\t\t\t\t\t\t\t\t<div class=\"gllr_image_row\">\n\t\t\t\t\t\t\t\t\t\t\t\t\t\t\t\t\t\t\t\t\t<div class=\"gllr_image_block\">\n\t\t\t\t\t\t\t\t\t\t\t\t<p style=\"\n\t\t\t\t\t\t\t\t\t\t\t\twidth:164px;height:164px;\t\t\t\t\t\t\t\t\t\t\t\t\">\n\t\t\t\t\t\t\t\t\t\t\t\t\t\t\t\t\t\t\t\t\t\t\t\t\t\t\t\t<a data-fancybox=\"gallery_fancybox\" href=\"https:\/\/woerrlein-naturfoto.de\/wordpress\/wp-content\/uploads\/2014\/12\/Maeusebussard_AW_95456.jpg\" title=\"M\u00e4usebussard - Bild-Nr. Anke_95456\" >\n\t\t\t\t\t\t\t\t\t\t\t\t\t\t\t\t<img decoding=\"async\" width=&quot;158&quot; height=&quot;158&quot; style=\"width:158px; height:158px; border-width: 3px; border-color:#F1F1F1;border: 3px solid #F1F1F1\" alt=\"M\u00e4usebussard\" title=\"M\u00e4usebussard - Bild-Nr. Anke_95456\" src=\"https:\/\/woerrlein-naturfoto.de\/wordpress\/wp-content\/uploads\/2014\/12\/Maeusebussard_AW_95456-158x158.jpg\" rel=\"https:\/\/woerrlein-naturfoto.de\/wordpress\/wp-content\/uploads\/2014\/12\/Maeusebussard_AW_95456.jpg\" \/>\t\t\t\t\t\t\t\t\t\t\t\t\t\t\t<\/a>\n\t\t\t\t\t\t\t\t\t\t\t\t\t\t\t\t\t\t\t\t\t\t\t\t\t\t<\/p>\n\t\t\t\t\t\t\t\t\t\t\t\t\t\t\t\t\t\t\t\t\t\t\t\t\t<div \n\t\t\t\t\t\t\t\t\t\t\t\t\tstyle=\"width:164px;\"\t\t\t\t\t\t\t\t\t\t\t\t\tclass=\"gllr_single_image_text gllr_single_image_text_under\">M\u00e4usebussard - Bild-Nr. Anke_95456&nbsp;<\/div>\n\t\t\t\t\t\t\t\t\t\t\t\t\t\t\t\t\t\t\t\t\t\t\t<\/div><!-- .gllr_image_block -->\n\t\t\t\t\t\t\t\t\t\t\t\t\t\t\t\t\t\t\t\t\t<div class=\"gllr_image_block\">\n\t\t\t\t\t\t\t\t\t\t\t\t<p style=\"\n\t\t\t\t\t\t\t\t\t\t\t\twidth:164px;height:164px;\t\t\t\t\t\t\t\t\t\t\t\t\">\n\t\t\t\t\t\t\t\t\t\t\t\t\t\t\t\t\t\t\t\t\t\t\t\t\t\t\t\t<a data-fancybox=\"gallery_fancybox\" href=\"https:\/\/woerrlein-naturfoto.de\/wordpress\/wp-content\/uploads\/2018\/03\/Mauesebussard_AW_00271.jpg\" title=\"M\u00e4usebussard - Bild-Nr. Anke_00271\" >\n\t\t\t\t\t\t\t\t\t\t\t\t\t\t\t\t<img decoding=\"async\" width=&quot;158&quot; height=&quot;158&quot; style=\"width:158px; height:158px; border-width: 3px; border-color:#F1F1F1;border: 3px solid #F1F1F1\" alt=\"M\u00e4usebussard\" title=\"M\u00e4usebussard - Bild-Nr. Anke_00271\" src=\"https:\/\/woerrlein-naturfoto.de\/wordpress\/wp-content\/uploads\/2018\/03\/Mauesebussard_AW_00271-158x158.jpg\" rel=\"https:\/\/woerrlein-naturfoto.de\/wordpress\/wp-content\/uploads\/2018\/03\/Mauesebussard_AW_00271.jpg\" \/>\t\t\t\t\t\t\t\t\t\t\t\t\t\t\t<\/a>\n\t\t\t\t\t\t\t\t\t\t\t\t\t\t\t\t\t\t\t\t\t\t\t\t\t\t<\/p>\n\t\t\t\t\t\t\t\t\t\t\t\t\t\t\t\t\t\t\t\t\t\t\t\t\t<div \n\t\t\t\t\t\t\t\t\t\t\t\t\tstyle=\"width:164px;\"\t\t\t\t\t\t\t\t\t\t\t\t\tclass=\"gllr_single_image_text gllr_single_image_text_under\">M\u00e4usebussard - Bild-Nr. Anke_00271&nbsp;<\/div>\n\t\t\t\t\t\t\t\t\t\t\t\t\t\t\t\t\t\t\t\t\t\t\t<\/div><!-- .gllr_image_block -->\n\t\t\t\t\t\t\t\t\t\t\t\t\t\t\t\t\t\t\t\t\t<div class=\"gllr_image_block\">\n\t\t\t\t\t\t\t\t\t\t\t\t<p style=\"\n\t\t\t\t\t\t\t\t\t\t\t\twidth:164px;height:164px;\t\t\t\t\t\t\t\t\t\t\t\t\">\n\t\t\t\t\t\t\t\t\t\t\t\t\t\t\t\t\t\t\t\t\t\t\t\t\t\t\t\t<a data-fancybox=\"gallery_fancybox\" href=\"https:\/\/woerrlein-naturfoto.de\/wordpress\/wp-content\/uploads\/2014\/12\/Rohrweihe_D20190602_0478.jpg\" title=\"Rohrweihe - Bild-Nr. Dieter_190602_0478\" >\n\t\t\t\t\t\t\t\t\t\t\t\t\t\t\t\t<img decoding=\"async\" width=&quot;158&quot; height=&quot;158&quot; style=\"width:158px; height:158px; border-width: 3px; border-color:#F1F1F1;border: 3px solid #F1F1F1\" alt=\"Rohrweihe\" title=\"Rohrweihe - Bild-Nr. Dieter_190602_0478\" src=\"https:\/\/woerrlein-naturfoto.de\/wordpress\/wp-content\/uploads\/2014\/12\/Rohrweihe_D20190602_0478-200x200.jpg\" rel=\"https:\/\/woerrlein-naturfoto.de\/wordpress\/wp-content\/uploads\/2014\/12\/Rohrweihe_D20190602_0478.jpg\" \/>\t\t\t\t\t\t\t\t\t\t\t\t\t\t\t<\/a>\n\t\t\t\t\t\t\t\t\t\t\t\t\t\t\t\t\t\t\t\t\t\t\t\t\t\t<\/p>\n\t\t\t\t\t\t\t\t\t\t\t\t\t\t\t\t\t\t\t\t\t\t\t\t\t<div \n\t\t\t\t\t\t\t\t\t\t\t\t\tstyle=\"width:164px;\"\t\t\t\t\t\t\t\t\t\t\t\t\tclass=\"gllr_single_image_text gllr_single_image_text_under\">Rohrweihe - Bild-Nr. Dieter_190602_0478&nbsp;<\/div>\n\t\t\t\t\t\t\t\t\t\t\t\t\t\t\t\t\t\t\t\t\t\t\t<\/div><!-- .gllr_image_block -->\n\t\t\t\t\t\t\t\t\t\t\t\t\t\t\t\t\t\t\t\t\t<div class=\"gllr_image_block\">\n\t\t\t\t\t\t\t\t\t\t\t\t<p style=\"\n\t\t\t\t\t\t\t\t\t\t\t\twidth:164px;height:164px;\t\t\t\t\t\t\t\t\t\t\t\t\">\n\t\t\t\t\t\t\t\t\t\t\t\t\t\t\t\t\t\t\t\t\t\t\t\t\t\t\t\t<a data-fancybox=\"gallery_fancybox\" href=\"https:\/\/woerrlein-naturfoto.de\/wordpress\/wp-content\/uploads\/2014\/12\/Rohrweihe_D20190602_0500.jpg\" title=\"Rohrweihe - Bild-Nr. Dieter_190602_0500\" >\n\t\t\t\t\t\t\t\t\t\t\t\t\t\t\t\t<img decoding=\"async\" width=&quot;158&quot; height=&quot;158&quot; style=\"width:158px; height:158px; border-width: 3px; border-color:#F1F1F1;border: 3px solid #F1F1F1\" alt=\"Rohrweihe\" title=\"Rohrweihe - Bild-Nr. Dieter_190602_0500\" src=\"https:\/\/woerrlein-naturfoto.de\/wordpress\/wp-content\/uploads\/2014\/12\/Rohrweihe_D20190602_0500-200x200.jpg\" rel=\"https:\/\/woerrlein-naturfoto.de\/wordpress\/wp-content\/uploads\/2014\/12\/Rohrweihe_D20190602_0500.jpg\" \/>\t\t\t\t\t\t\t\t\t\t\t\t\t\t\t<\/a>\n\t\t\t\t\t\t\t\t\t\t\t\t\t\t\t\t\t\t\t\t\t\t\t\t\t\t<\/p>\n\t\t\t\t\t\t\t\t\t\t\t\t\t\t\t\t\t\t\t\t\t\t\t\t\t<div \n\t\t\t\t\t\t\t\t\t\t\t\t\tstyle=\"width:164px;\"\t\t\t\t\t\t\t\t\t\t\t\t\tclass=\"gllr_single_image_text gllr_single_image_text_under\">Rohrweihe - Bild-Nr. Dieter_190602_0500&nbsp;<\/div>\n\t\t\t\t\t\t\t\t\t\t\t\t\t\t\t\t\t\t\t\t\t\t\t<\/div><!-- .gllr_image_block -->\n\t\t\t\t\t\t\t\t\t\t\t\t\t\t\t\t\t\t\t\t\t<div class=\"gllr_image_block\">\n\t\t\t\t\t\t\t\t\t\t\t\t<p style=\"\n\t\t\t\t\t\t\t\t\t\t\t\twidth:164px;height:164px;\t\t\t\t\t\t\t\t\t\t\t\t\">\n\t\t\t\t\t\t\t\t\t\t\t\t\t\t\t\t\t\t\t\t\t\t\t\t\t\t\t\t<a data-fancybox=\"gallery_fancybox\" href=\"https:\/\/woerrlein-naturfoto.de\/wordpress\/wp-content\/uploads\/2014\/12\/Rohrweihe_D20190602_0525.jpg\" title=\"Rohrweihe - Bild-Nr. Dieter_190602_0525\" >\n\t\t\t\t\t\t\t\t\t\t\t\t\t\t\t\t<img decoding=\"async\" width=&quot;158&quot; height=&quot;158&quot; style=\"width:158px; height:158px; border-width: 3px; border-color:#F1F1F1;border: 3px solid #F1F1F1\" alt=\"Rohrweihe\" title=\"Rohrweihe - Bild-Nr. Dieter_190602_0525\" src=\"https:\/\/woerrlein-naturfoto.de\/wordpress\/wp-content\/uploads\/2014\/12\/Rohrweihe_D20190602_0525-200x200.jpg\" rel=\"https:\/\/woerrlein-naturfoto.de\/wordpress\/wp-content\/uploads\/2014\/12\/Rohrweihe_D20190602_0525.jpg\" \/>\t\t\t\t\t\t\t\t\t\t\t\t\t\t\t<\/a>\n\t\t\t\t\t\t\t\t\t\t\t\t\t\t\t\t\t\t\t\t\t\t\t\t\t\t<\/p>\n\t\t\t\t\t\t\t\t\t\t\t\t\t\t\t\t\t\t\t\t\t\t\t\t\t<div \n\t\t\t\t\t\t\t\t\t\t\t\t\tstyle=\"width:164px;\"\t\t\t\t\t\t\t\t\t\t\t\t\tclass=\"gllr_single_image_text gllr_single_image_text_under\">Rohrweihe - Bild-Nr. Dieter_190602_0525&nbsp;<\/div>\n\t\t\t\t\t\t\t\t\t\t\t\t\t\t\t\t\t\t\t\t\t\t\t<\/div><!-- .gllr_image_block -->\n\t\t\t\t\t\t\t\t\t\t\t\t\t\t\t\t\t\t\t\t\t<div class=\"gllr_image_block\">\n\t\t\t\t\t\t\t\t\t\t\t\t<p style=\"\n\t\t\t\t\t\t\t\t\t\t\t\twidth:164px;height:164px;\t\t\t\t\t\t\t\t\t\t\t\t\">\n\t\t\t\t\t\t\t\t\t\t\t\t\t\t\t\t\t\t\t\t\t\t\t\t\t\t\t\t<a data-fancybox=\"gallery_fancybox\" href=\"https:\/\/woerrlein-naturfoto.de\/wordpress\/wp-content\/uploads\/2014\/12\/Rohrweihe_190602_0547.jpg\" title=\"Rohrweihe, Austenfischer - Bild-Nr. Dieter_190602_0547\" >\n\t\t\t\t\t\t\t\t\t\t\t\t\t\t\t\t<img decoding=\"async\" width=&quot;158&quot; height=&quot;158&quot; style=\"width:158px; height:158px; border-width: 3px; border-color:#F1F1F1;border: 3px solid #F1F1F1\" alt=\"Rohrweihe - Austernfischer\" title=\"Rohrweihe, Austenfischer - Bild-Nr. Dieter_190602_0547\" src=\"https:\/\/woerrlein-naturfoto.de\/wordpress\/wp-content\/uploads\/2014\/12\/Rohrweihe_190602_0547-200x200.jpg\" rel=\"https:\/\/woerrlein-naturfoto.de\/wordpress\/wp-content\/uploads\/2014\/12\/Rohrweihe_190602_0547.jpg\" \/>\t\t\t\t\t\t\t\t\t\t\t\t\t\t\t<\/a>\n\t\t\t\t\t\t\t\t\t\t\t\t\t\t\t\t\t\t\t\t\t\t\t\t\t\t<\/p>\n\t\t\t\t\t\t\t\t\t\t\t\t\t\t\t\t\t\t\t\t\t\t\t\t\t<div \n\t\t\t\t\t\t\t\t\t\t\t\t\tstyle=\"width:164px;\"\t\t\t\t\t\t\t\t\t\t\t\t\tclass=\"gllr_single_image_text gllr_single_image_text_under\">Rohrweihe, Austenfischer - Bild-Nr. Dieter_190602_0547&nbsp;<\/div>\n\t\t\t\t\t\t\t\t\t\t\t\t\t\t\t\t\t\t\t\t\t\t\t<\/div><!-- .gllr_image_block -->\n\t\t\t\t\t\t\t\t\t\t\t\t\t\t\t\t\t\t\t\t\t<div class=\"gllr_image_block\">\n\t\t\t\t\t\t\t\t\t\t\t\t<p style=\"\n\t\t\t\t\t\t\t\t\t\t\t\twidth:164px;height:164px;\t\t\t\t\t\t\t\t\t\t\t\t\">\n\t\t\t\t\t\t\t\t\t\t\t\t\t\t\t\t\t\t\t\t\t\t\t\t\t\t\t\t<a data-fancybox=\"gallery_fancybox\" href=\"https:\/\/woerrlein-naturfoto.de\/wordpress\/wp-content\/uploads\/2014\/12\/Rohrweihe_250913_7140.jpg\" title=\"Rohrweihe - Bild-Nr. Dieter_250913_7140\" >\n\t\t\t\t\t\t\t\t\t\t\t\t\t\t\t\t<img decoding=\"async\" width=&quot;158&quot; height=&quot;158&quot; style=\"width:158px; height:158px; border-width: 3px; border-color:#F1F1F1;border: 3px solid #F1F1F1\" alt=\"Rohrweihe\" title=\"Rohrweihe - Bild-Nr. Dieter_250913_7140\" src=\"https:\/\/woerrlein-naturfoto.de\/wordpress\/wp-content\/uploads\/2014\/12\/Rohrweihe_250913_7140-158x158.jpg\" rel=\"https:\/\/woerrlein-naturfoto.de\/wordpress\/wp-content\/uploads\/2014\/12\/Rohrweihe_250913_7140.jpg\" \/>\t\t\t\t\t\t\t\t\t\t\t\t\t\t\t<\/a>\n\t\t\t\t\t\t\t\t\t\t\t\t\t\t\t\t\t\t\t\t\t\t\t\t\t\t<\/p>\n\t\t\t\t\t\t\t\t\t\t\t\t\t\t\t\t\t\t\t\t\t\t\t\t\t<div \n\t\t\t\t\t\t\t\t\t\t\t\t\tstyle=\"width:164px;\"\t\t\t\t\t\t\t\t\t\t\t\t\tclass=\"gllr_single_image_text gllr_single_image_text_under\">Rohrweihe - Bild-Nr. Dieter_250913_7140&nbsp;<\/div>\n\t\t\t\t\t\t\t\t\t\t\t\t\t\t\t\t\t\t\t\t\t\t\t<\/div><!-- .gllr_image_block -->\n\t\t\t\t\t\t\t\t\t\t\t\t\t\t\t\t\t\t\t\t\t<div class=\"gllr_image_block\">\n\t\t\t\t\t\t\t\t\t\t\t\t<p style=\"\n\t\t\t\t\t\t\t\t\t\t\t\twidth:164px;height:164px;\t\t\t\t\t\t\t\t\t\t\t\t\">\n\t\t\t\t\t\t\t\t\t\t\t\t\t\t\t\t\t\t\t\t\t\t\t\t\t\t\t\t<a data-fancybox=\"gallery_fancybox\" href=\"https:\/\/woerrlein-naturfoto.de\/wordpress\/wp-content\/uploads\/Rohrweihe_6845L.jpg\" title=\"Rohrweihe - Bild-Nr. Dieter_06845L\" >\n\t\t\t\t\t\t\t\t\t\t\t\t\t\t\t\t<img decoding=\"async\" width=&quot;158&quot; height=&quot;158&quot; style=\"width:158px; height:158px; border-width: 3px; border-color:#F1F1F1;border: 3px solid #F1F1F1\" alt=\"Rohrweihe\" title=\"Rohrweihe - Bild-Nr. Dieter_06845L\" src=\"https:\/\/woerrlein-naturfoto.de\/wordpress\/wp-content\/uploads\/Rohrweihe_6845L-200x200.jpg\" rel=\"https:\/\/woerrlein-naturfoto.de\/wordpress\/wp-content\/uploads\/Rohrweihe_6845L.jpg\" \/>\t\t\t\t\t\t\t\t\t\t\t\t\t\t\t<\/a>\n\t\t\t\t\t\t\t\t\t\t\t\t\t\t\t\t\t\t\t\t\t\t\t\t\t\t<\/p>\n\t\t\t\t\t\t\t\t\t\t\t\t\t\t\t\t\t\t\t\t\t\t\t\t\t<div \n\t\t\t\t\t\t\t\t\t\t\t\t\tstyle=\"width:164px;\"\t\t\t\t\t\t\t\t\t\t\t\t\tclass=\"gllr_single_image_text gllr_single_image_text_under\">Rohrweihe - Bild-Nr. Dieter_06845L&nbsp;<\/div>\n\t\t\t\t\t\t\t\t\t\t\t\t\t\t\t\t\t\t\t\t\t\t\t<\/div><!-- .gllr_image_block -->\n\t\t\t\t\t\t\t\t\t\t\t\t\t\t\t\t\t\t\t\t\t<\/div><!-- .gllr_image_row -->\n\t\t\t\t\t\t\t\t\t\t\t\t\t\t\t\t\t\t\t\t\t\t<div class=\"gllr_image_row\">\n\t\t\t\t\t\t\t\t\t\t\t\t\t\t\t\t\t\t\t\t\t<div class=\"gllr_image_block\">\n\t\t\t\t\t\t\t\t\t\t\t\t<p style=\"\n\t\t\t\t\t\t\t\t\t\t\t\twidth:164px;height:164px;\t\t\t\t\t\t\t\t\t\t\t\t\">\n\t\t\t\t\t\t\t\t\t\t\t\t\t\t\t\t\t\t\t\t\t\t\t\t\t\t\t\t<a data-fancybox=\"gallery_fancybox\" href=\"https:\/\/woerrlein-naturfoto.de\/wordpress\/wp-content\/uploads\/Rohrweihe_7573La.jpg\" title=\"Rohrweihe - Bild-Nr. Dieter_07573La\" >\n\t\t\t\t\t\t\t\t\t\t\t\t\t\t\t\t<img decoding=\"async\" width=&quot;158&quot; height=&quot;158&quot; style=\"width:158px; height:158px; border-width: 3px; border-color:#F1F1F1;border: 3px solid #F1F1F1\" alt=\"Rohrweihe\" title=\"Rohrweihe - Bild-Nr. Dieter_07573La\" src=\"https:\/\/woerrlein-naturfoto.de\/wordpress\/wp-content\/uploads\/Rohrweihe_7573La-200x200.jpg\" rel=\"https:\/\/woerrlein-naturfoto.de\/wordpress\/wp-content\/uploads\/Rohrweihe_7573La.jpg\" \/>\t\t\t\t\t\t\t\t\t\t\t\t\t\t\t<\/a>\n\t\t\t\t\t\t\t\t\t\t\t\t\t\t\t\t\t\t\t\t\t\t\t\t\t\t<\/p>\n\t\t\t\t\t\t\t\t\t\t\t\t\t\t\t\t\t\t\t\t\t\t\t\t\t<div \n\t\t\t\t\t\t\t\t\t\t\t\t\tstyle=\"width:164px;\"\t\t\t\t\t\t\t\t\t\t\t\t\tclass=\"gllr_single_image_text gllr_single_image_text_under\">Rohrweihe - Bild-Nr. Dieter_07573La&nbsp;<\/div>\n\t\t\t\t\t\t\t\t\t\t\t\t\t\t\t\t\t\t\t\t\t\t\t<\/div><!-- .gllr_image_block -->\n\t\t\t\t\t\t\t\t\t\t\t\t\t\t\t\t\t\t\t\t\t<div class=\"gllr_image_block\">\n\t\t\t\t\t\t\t\t\t\t\t\t<p style=\"\n\t\t\t\t\t\t\t\t\t\t\t\twidth:164px;height:164px;\t\t\t\t\t\t\t\t\t\t\t\t\">\n\t\t\t\t\t\t\t\t\t\t\t\t\t\t\t\t\t\t\t\t\t\t\t\t\t\t\t\t<a data-fancybox=\"gallery_fancybox\" href=\"https:\/\/woerrlein-naturfoto.de\/wordpress\/wp-content\/uploads\/2014\/12\/Rohrweihe_AW16021L_3742x2495.jpg\" title=\"Rohrweihe - Bild-Nr. Anke_16021L\" >\n\t\t\t\t\t\t\t\t\t\t\t\t\t\t\t\t<img decoding=\"async\" width=&quot;158&quot; height=&quot;158&quot; style=\"width:158px; height:158px; border-width: 3px; border-color:#F1F1F1;border: 3px solid #F1F1F1\" alt=\"Rohrweihe\" title=\"Rohrweihe - Bild-Nr. Anke_16021L\" src=\"https:\/\/woerrlein-naturfoto.de\/wordpress\/wp-content\/uploads\/2014\/12\/Rohrweihe_AW16021L_3742x2495-200x200.jpg\" rel=\"https:\/\/woerrlein-naturfoto.de\/wordpress\/wp-content\/uploads\/2014\/12\/Rohrweihe_AW16021L_3742x2495.jpg\" \/>\t\t\t\t\t\t\t\t\t\t\t\t\t\t\t<\/a>\n\t\t\t\t\t\t\t\t\t\t\t\t\t\t\t\t\t\t\t\t\t\t\t\t\t\t<\/p>\n\t\t\t\t\t\t\t\t\t\t\t\t\t\t\t\t\t\t\t\t\t\t\t\t\t<div \n\t\t\t\t\t\t\t\t\t\t\t\t\tstyle=\"width:164px;\"\t\t\t\t\t\t\t\t\t\t\t\t\tclass=\"gllr_single_image_text gllr_single_image_text_under\">Rohrweihe - Bild-Nr. Anke_16021L&nbsp;<\/div>\n\t\t\t\t\t\t\t\t\t\t\t\t\t\t\t\t\t\t\t\t\t\t\t<\/div><!-- .gllr_image_block -->\n\t\t\t\t\t\t\t\t\t\t\t\t\t\t\t\t\t\t\t\t\t<div class=\"gllr_image_block\">\n\t\t\t\t\t\t\t\t\t\t\t\t<p style=\"\n\t\t\t\t\t\t\t\t\t\t\t\twidth:164px;height:164px;\t\t\t\t\t\t\t\t\t\t\t\t\">\n\t\t\t\t\t\t\t\t\t\t\t\t\t\t\t\t\t\t\t\t\t\t\t\t\t\t\t\t<a data-fancybox=\"gallery_fancybox\" href=\"https:\/\/woerrlein-naturfoto.de\/wordpress\/wp-content\/uploads\/2014\/12\/Rohrweihe_AW16127L_3320x2213.jpg\" title=\"Rohrweihe - Bild-Nr. Anke_16127L\" >\n\t\t\t\t\t\t\t\t\t\t\t\t\t\t\t\t<img decoding=\"async\" width=&quot;158&quot; height=&quot;158&quot; style=\"width:158px; height:158px; border-width: 3px; border-color:#F1F1F1;border: 3px solid #F1F1F1\" alt=\"Rohrweihe\" title=\"Rohrweihe - Bild-Nr. Anke_16127L\" src=\"https:\/\/woerrlein-naturfoto.de\/wordpress\/wp-content\/uploads\/2014\/12\/Rohrweihe_AW16127L_3320x2213-200x200.jpg\" rel=\"https:\/\/woerrlein-naturfoto.de\/wordpress\/wp-content\/uploads\/2014\/12\/Rohrweihe_AW16127L_3320x2213.jpg\" \/>\t\t\t\t\t\t\t\t\t\t\t\t\t\t\t<\/a>\n\t\t\t\t\t\t\t\t\t\t\t\t\t\t\t\t\t\t\t\t\t\t\t\t\t\t<\/p>\n\t\t\t\t\t\t\t\t\t\t\t\t\t\t\t\t\t\t\t\t\t\t\t\t\t<div \n\t\t\t\t\t\t\t\t\t\t\t\t\tstyle=\"width:164px;\"\t\t\t\t\t\t\t\t\t\t\t\t\tclass=\"gllr_single_image_text gllr_single_image_text_under\">Rohrweihe - Bild-Nr. Anke_16127L&nbsp;<\/div>\n\t\t\t\t\t\t\t\t\t\t\t\t\t\t\t\t\t\t\t\t\t\t\t<\/div><!-- .gllr_image_block -->\n\t\t\t\t\t\t\t\t\t\t\t\t\t\t\t\t\t\t\t\t\t<div class=\"gllr_image_block\">\n\t\t\t\t\t\t\t\t\t\t\t\t<p style=\"\n\t\t\t\t\t\t\t\t\t\t\t\twidth:164px;height:164px;\t\t\t\t\t\t\t\t\t\t\t\t\">\n\t\t\t\t\t\t\t\t\t\t\t\t\t\t\t\t\t\t\t\t\t\t\t\t\t\t\t\t<a data-fancybox=\"gallery_fancybox\" href=\"https:\/\/woerrlein-naturfoto.de\/wordpress\/wp-content\/uploads\/2014\/12\/Rohrweihe_AW16871L_3518x2345.jpg\" title=\"Rohrweihe - Bild-Nr. Anke_16871L\" >\n\t\t\t\t\t\t\t\t\t\t\t\t\t\t\t\t<img decoding=\"async\" width=&quot;158&quot; height=&quot;158&quot; style=\"width:158px; height:158px; border-width: 3px; border-color:#F1F1F1;border: 3px solid #F1F1F1\" alt=\"Rohrweihe\" title=\"Rohrweihe - Bild-Nr. Anke_16871L\" src=\"https:\/\/woerrlein-naturfoto.de\/wordpress\/wp-content\/uploads\/2014\/12\/Rohrweihe_AW16871L_3518x2345-200x200.jpg\" rel=\"https:\/\/woerrlein-naturfoto.de\/wordpress\/wp-content\/uploads\/2014\/12\/Rohrweihe_AW16871L_3518x2345.jpg\" \/>\t\t\t\t\t\t\t\t\t\t\t\t\t\t\t<\/a>\n\t\t\t\t\t\t\t\t\t\t\t\t\t\t\t\t\t\t\t\t\t\t\t\t\t\t<\/p>\n\t\t\t\t\t\t\t\t\t\t\t\t\t\t\t\t\t\t\t\t\t\t\t\t\t<div \n\t\t\t\t\t\t\t\t\t\t\t\t\tstyle=\"width:164px;\"\t\t\t\t\t\t\t\t\t\t\t\t\tclass=\"gllr_single_image_text gllr_single_image_text_under\">Rohrweihe - Bild-Nr. Anke_16871L&nbsp;<\/div>\n\t\t\t\t\t\t\t\t\t\t\t\t\t\t\t\t\t\t\t\t\t\t\t<\/div><!-- .gllr_image_block -->\n\t\t\t\t\t\t\t\t\t\t\t\t\t\t\t\t\t\t\t\t\t<div class=\"gllr_image_block\">\n\t\t\t\t\t\t\t\t\t\t\t\t<p style=\"\n\t\t\t\t\t\t\t\t\t\t\t\twidth:164px;height:164px;\t\t\t\t\t\t\t\t\t\t\t\t\">\n\t\t\t\t\t\t\t\t\t\t\t\t\t\t\t\t\t\t\t\t\t\t\t\t\t\t\t\t<a data-fancybox=\"gallery_fancybox\" href=\"https:\/\/woerrlein-naturfoto.de\/wordpress\/wp-content\/uploads\/2014\/12\/Rotfussfalke_D150602_6762.jpg\" title=\"Rotfussfalke - Bild-Nr. Dieter_150602_6762\" >\n\t\t\t\t\t\t\t\t\t\t\t\t\t\t\t\t<img decoding=\"async\" width=&quot;158&quot; height=&quot;158&quot; style=\"width:158px; height:158px; border-width: 3px; border-color:#F1F1F1;border: 3px solid #F1F1F1\" alt=\"Rotfu\u00dffalke\" title=\"Rotfussfalke - Bild-Nr. Dieter_150602_6762\" src=\"https:\/\/woerrlein-naturfoto.de\/wordpress\/wp-content\/uploads\/2014\/12\/Rotfussfalke_D150602_6762-195x195.jpg\" rel=\"https:\/\/woerrlein-naturfoto.de\/wordpress\/wp-content\/uploads\/2014\/12\/Rotfussfalke_D150602_6762.jpg\" \/>\t\t\t\t\t\t\t\t\t\t\t\t\t\t\t<\/a>\n\t\t\t\t\t\t\t\t\t\t\t\t\t\t\t\t\t\t\t\t\t\t\t\t\t\t<\/p>\n\t\t\t\t\t\t\t\t\t\t\t\t\t\t\t\t\t\t\t\t\t\t\t\t\t<div \n\t\t\t\t\t\t\t\t\t\t\t\t\tstyle=\"width:164px;\"\t\t\t\t\t\t\t\t\t\t\t\t\tclass=\"gllr_single_image_text gllr_single_image_text_under\">Rotfussfalke - Bild-Nr. Dieter_150602_6762&nbsp;<\/div>\n\t\t\t\t\t\t\t\t\t\t\t\t\t\t\t\t\t\t\t\t\t\t\t<\/div><!-- .gllr_image_block -->\n\t\t\t\t\t\t\t\t\t\t\t\t\t\t\t\t\t\t\t\t\t<div class=\"gllr_image_block\">\n\t\t\t\t\t\t\t\t\t\t\t\t<p style=\"\n\t\t\t\t\t\t\t\t\t\t\t\twidth:164px;height:164px;\t\t\t\t\t\t\t\t\t\t\t\t\">\n\t\t\t\t\t\t\t\t\t\t\t\t\t\t\t\t\t\t\t\t\t\t\t\t\t\t\t\t<a data-fancybox=\"gallery_fancybox\" href=\"https:\/\/woerrlein-naturfoto.de\/wordpress\/wp-content\/uploads\/2014\/12\/Rotfussfalke_D150602_6774.jpg\" title=\"Rotfussfalke - Bild-Nr. Dieter_150603_6774\" >\n\t\t\t\t\t\t\t\t\t\t\t\t\t\t\t\t<img decoding=\"async\" width=&quot;158&quot; height=&quot;158&quot; style=\"width:158px; height:158px; border-width: 3px; border-color:#F1F1F1;border: 3px solid #F1F1F1\" alt=\"Rotfu\u00dffalke\" title=\"Rotfussfalke - Bild-Nr. Dieter_150603_6774\" src=\"https:\/\/woerrlein-naturfoto.de\/wordpress\/wp-content\/uploads\/2014\/12\/Rotfussfalke_D150602_6774-195x195.jpg\" rel=\"https:\/\/woerrlein-naturfoto.de\/wordpress\/wp-content\/uploads\/2014\/12\/Rotfussfalke_D150602_6774.jpg\" \/>\t\t\t\t\t\t\t\t\t\t\t\t\t\t\t<\/a>\n\t\t\t\t\t\t\t\t\t\t\t\t\t\t\t\t\t\t\t\t\t\t\t\t\t\t<\/p>\n\t\t\t\t\t\t\t\t\t\t\t\t\t\t\t\t\t\t\t\t\t\t\t\t\t<div \n\t\t\t\t\t\t\t\t\t\t\t\t\tstyle=\"width:164px;\"\t\t\t\t\t\t\t\t\t\t\t\t\tclass=\"gllr_single_image_text gllr_single_image_text_under\">Rotfussfalke - Bild-Nr. Dieter_150603_6774&nbsp;<\/div>\n\t\t\t\t\t\t\t\t\t\t\t\t\t\t\t\t\t\t\t\t\t\t\t<\/div><!-- .gllr_image_block -->\n\t\t\t\t\t\t\t\t\t\t\t\t\t\t\t\t\t\t\t\t\t<div class=\"gllr_image_block\">\n\t\t\t\t\t\t\t\t\t\t\t\t<p style=\"\n\t\t\t\t\t\t\t\t\t\t\t\twidth:164px;height:164px;\t\t\t\t\t\t\t\t\t\t\t\t\">\n\t\t\t\t\t\t\t\t\t\t\t\t\t\t\t\t\t\t\t\t\t\t\t\t\t\t\t\t<a data-fancybox=\"gallery_fancybox\" href=\"https:\/\/woerrlein-naturfoto.de\/wordpress\/wp-content\/uploads\/2014\/12\/Rotfussfalke_D150602_6789.jpg\" title=\"Rotfussfalke - Bild-Nr. Dieter_150602_6789\" >\n\t\t\t\t\t\t\t\t\t\t\t\t\t\t\t\t<img decoding=\"async\" width=&quot;158&quot; height=&quot;158&quot; style=\"width:158px; height:158px; border-width: 3px; border-color:#F1F1F1;border: 3px solid #F1F1F1\" alt=\"Rotfu\u00dffalke\" title=\"Rotfussfalke - Bild-Nr. Dieter_150602_6789\" src=\"https:\/\/woerrlein-naturfoto.de\/wordpress\/wp-content\/uploads\/2014\/12\/Rotfussfalke_D150602_6789-195x195.jpg\" rel=\"https:\/\/woerrlein-naturfoto.de\/wordpress\/wp-content\/uploads\/2014\/12\/Rotfussfalke_D150602_6789.jpg\" \/>\t\t\t\t\t\t\t\t\t\t\t\t\t\t\t<\/a>\n\t\t\t\t\t\t\t\t\t\t\t\t\t\t\t\t\t\t\t\t\t\t\t\t\t\t<\/p>\n\t\t\t\t\t\t\t\t\t\t\t\t\t\t\t\t\t\t\t\t\t\t\t\t\t<div \n\t\t\t\t\t\t\t\t\t\t\t\t\tstyle=\"width:164px;\"\t\t\t\t\t\t\t\t\t\t\t\t\tclass=\"gllr_single_image_text gllr_single_image_text_under\">Rotfussfalke - Bild-Nr. Dieter_150602_6789&nbsp;<\/div>\n\t\t\t\t\t\t\t\t\t\t\t\t\t\t\t\t\t\t\t\t\t\t\t<\/div><!-- .gllr_image_block -->\n\t\t\t\t\t\t\t\t\t\t\t\t\t\t\t\t\t\t\t\t\t<div class=\"gllr_image_block\">\n\t\t\t\t\t\t\t\t\t\t\t\t<p style=\"\n\t\t\t\t\t\t\t\t\t\t\t\twidth:164px;height:164px;\t\t\t\t\t\t\t\t\t\t\t\t\">\n\t\t\t\t\t\t\t\t\t\t\t\t\t\t\t\t\t\t\t\t\t\t\t\t\t\t\t\t<a data-fancybox=\"gallery_fancybox\" href=\"https:\/\/woerrlein-naturfoto.de\/wordpress\/wp-content\/uploads\/2014\/12\/Rotfussfalke_D150602_6850.jpg\" title=\"Rotfussfalke - Bild-Nr. Dieter_150602_6850\" >\n\t\t\t\t\t\t\t\t\t\t\t\t\t\t\t\t<img decoding=\"async\" width=&quot;158&quot; height=&quot;158&quot; style=\"width:158px; height:158px; border-width: 3px; border-color:#F1F1F1;border: 3px solid #F1F1F1\" alt=\"Rotfu\u00dffalke\" title=\"Rotfussfalke - Bild-Nr. Dieter_150602_6850\" src=\"https:\/\/woerrlein-naturfoto.de\/wordpress\/wp-content\/uploads\/2014\/12\/Rotfussfalke_D150602_6850-195x195.jpg\" rel=\"https:\/\/woerrlein-naturfoto.de\/wordpress\/wp-content\/uploads\/2014\/12\/Rotfussfalke_D150602_6850.jpg\" \/>\t\t\t\t\t\t\t\t\t\t\t\t\t\t\t<\/a>\n\t\t\t\t\t\t\t\t\t\t\t\t\t\t\t\t\t\t\t\t\t\t\t\t\t\t<\/p>\n\t\t\t\t\t\t\t\t\t\t\t\t\t\t\t\t\t\t\t\t\t\t\t\t\t<div \n\t\t\t\t\t\t\t\t\t\t\t\t\tstyle=\"width:164px;\"\t\t\t\t\t\t\t\t\t\t\t\t\tclass=\"gllr_single_image_text gllr_single_image_text_under\">Rotfussfalke - Bild-Nr. Dieter_150602_6850&nbsp;<\/div>\n\t\t\t\t\t\t\t\t\t\t\t\t\t\t\t\t\t\t\t\t\t\t\t<\/div><!-- .gllr_image_block -->\n\t\t\t\t\t\t\t\t\t\t\t\t\t\t\t\t\t\t\t\t\t<\/div><!-- .gllr_image_row -->\n\t\t\t\t\t\t\t\t\t\t\t\t\t\t\t\t\t\t\t\t\t\t<div class=\"gllr_image_row\">\n\t\t\t\t\t\t\t\t\t\t\t\t\t\t\t\t\t\t\t\t\t<div class=\"gllr_image_block\">\n\t\t\t\t\t\t\t\t\t\t\t\t<p style=\"\n\t\t\t\t\t\t\t\t\t\t\t\twidth:164px;height:164px;\t\t\t\t\t\t\t\t\t\t\t\t\">\n\t\t\t\t\t\t\t\t\t\t\t\t\t\t\t\t\t\t\t\t\t\t\t\t\t\t\t\t<a data-fancybox=\"gallery_fancybox\" href=\"https:\/\/woerrlein-naturfoto.de\/wordpress\/wp-content\/uploads\/2014\/12\/Rotfussfalke_D150603_6959.jpg\" title=\"Rotfussfalke - Bild-Nr. Dieter_150603_6959\" >\n\t\t\t\t\t\t\t\t\t\t\t\t\t\t\t\t<img decoding=\"async\" width=&quot;158&quot; height=&quot;158&quot; style=\"width:158px; height:158px; border-width: 3px; border-color:#F1F1F1;border: 3px solid #F1F1F1\" alt=\"Rotfu\u00dffalke\" title=\"Rotfussfalke - Bild-Nr. Dieter_150603_6959\" src=\"https:\/\/woerrlein-naturfoto.de\/wordpress\/wp-content\/uploads\/2014\/12\/Rotfussfalke_D150603_6959-195x195.jpg\" rel=\"https:\/\/woerrlein-naturfoto.de\/wordpress\/wp-content\/uploads\/2014\/12\/Rotfussfalke_D150603_6959.jpg\" \/>\t\t\t\t\t\t\t\t\t\t\t\t\t\t\t<\/a>\n\t\t\t\t\t\t\t\t\t\t\t\t\t\t\t\t\t\t\t\t\t\t\t\t\t\t<\/p>\n\t\t\t\t\t\t\t\t\t\t\t\t\t\t\t\t\t\t\t\t\t\t\t\t\t<div \n\t\t\t\t\t\t\t\t\t\t\t\t\tstyle=\"width:164px;\"\t\t\t\t\t\t\t\t\t\t\t\t\tclass=\"gllr_single_image_text gllr_single_image_text_under\">Rotfussfalke - Bild-Nr. Dieter_150603_6959&nbsp;<\/div>\n\t\t\t\t\t\t\t\t\t\t\t\t\t\t\t\t\t\t\t\t\t\t\t<\/div><!-- .gllr_image_block -->\n\t\t\t\t\t\t\t\t\t\t\t\t\t\t\t\t\t\t\t\t\t<div class=\"gllr_image_block\">\n\t\t\t\t\t\t\t\t\t\t\t\t<p style=\"\n\t\t\t\t\t\t\t\t\t\t\t\twidth:164px;height:164px;\t\t\t\t\t\t\t\t\t\t\t\t\">\n\t\t\t\t\t\t\t\t\t\t\t\t\t\t\t\t\t\t\t\t\t\t\t\t\t\t\t\t<a data-fancybox=\"gallery_fancybox\" href=\"https:\/\/woerrlein-naturfoto.de\/wordpress\/wp-content\/uploads\/2014\/12\/Rotfussfalke_D150603_6967.jpg\" title=\"Rotfussfalke - Bild-Nr. Dieter_150603_6967\" >\n\t\t\t\t\t\t\t\t\t\t\t\t\t\t\t\t<img decoding=\"async\" width=&quot;158&quot; height=&quot;158&quot; style=\"width:158px; height:158px; border-width: 3px; border-color:#F1F1F1;border: 3px solid #F1F1F1\" alt=\"Rotfu\u00dffalke\" title=\"Rotfussfalke - Bild-Nr. Dieter_150603_6967\" src=\"https:\/\/woerrlein-naturfoto.de\/wordpress\/wp-content\/uploads\/2014\/12\/Rotfussfalke_D150603_6967-200x200.jpg\" rel=\"https:\/\/woerrlein-naturfoto.de\/wordpress\/wp-content\/uploads\/2014\/12\/Rotfussfalke_D150603_6967.jpg\" \/>\t\t\t\t\t\t\t\t\t\t\t\t\t\t\t<\/a>\n\t\t\t\t\t\t\t\t\t\t\t\t\t\t\t\t\t\t\t\t\t\t\t\t\t\t<\/p>\n\t\t\t\t\t\t\t\t\t\t\t\t\t\t\t\t\t\t\t\t\t\t\t\t\t<div \n\t\t\t\t\t\t\t\t\t\t\t\t\tstyle=\"width:164px;\"\t\t\t\t\t\t\t\t\t\t\t\t\tclass=\"gllr_single_image_text gllr_single_image_text_under\">Rotfussfalke - Bild-Nr. Dieter_150603_6967&nbsp;<\/div>\n\t\t\t\t\t\t\t\t\t\t\t\t\t\t\t\t\t\t\t\t\t\t\t<\/div><!-- .gllr_image_block -->\n\t\t\t\t\t\t\t\t\t\t\t\t\t\t\t\t\t\t\t\t\t<div class=\"gllr_image_block\">\n\t\t\t\t\t\t\t\t\t\t\t\t<p style=\"\n\t\t\t\t\t\t\t\t\t\t\t\twidth:164px;height:164px;\t\t\t\t\t\t\t\t\t\t\t\t\">\n\t\t\t\t\t\t\t\t\t\t\t\t\t\t\t\t\t\t\t\t\t\t\t\t\t\t\t\t<a data-fancybox=\"gallery_fancybox\" href=\"https:\/\/woerrlein-naturfoto.de\/wordpress\/wp-content\/uploads\/2014\/12\/Rotfussfalke_D150603_6986.jpg\" title=\"Rotfussfalke - Bild-Nr. Dieter_150603_6986\" >\n\t\t\t\t\t\t\t\t\t\t\t\t\t\t\t\t<img decoding=\"async\" width=&quot;158&quot; height=&quot;158&quot; style=\"width:158px; height:158px; border-width: 3px; border-color:#F1F1F1;border: 3px solid #F1F1F1\" alt=\"Rotfu\u00dffalke\" title=\"Rotfussfalke - Bild-Nr. Dieter_150603_6986\" src=\"https:\/\/woerrlein-naturfoto.de\/wordpress\/wp-content\/uploads\/2014\/12\/Rotfussfalke_D150603_6986-195x195.jpg\" rel=\"https:\/\/woerrlein-naturfoto.de\/wordpress\/wp-content\/uploads\/2014\/12\/Rotfussfalke_D150603_6986.jpg\" \/>\t\t\t\t\t\t\t\t\t\t\t\t\t\t\t<\/a>\n\t\t\t\t\t\t\t\t\t\t\t\t\t\t\t\t\t\t\t\t\t\t\t\t\t\t<\/p>\n\t\t\t\t\t\t\t\t\t\t\t\t\t\t\t\t\t\t\t\t\t\t\t\t\t<div \n\t\t\t\t\t\t\t\t\t\t\t\t\tstyle=\"width:164px;\"\t\t\t\t\t\t\t\t\t\t\t\t\tclass=\"gllr_single_image_text gllr_single_image_text_under\">Rotfussfalke - Bild-Nr. Dieter_150603_6986&nbsp;<\/div>\n\t\t\t\t\t\t\t\t\t\t\t\t\t\t\t\t\t\t\t\t\t\t\t<\/div><!-- .gllr_image_block -->\n\t\t\t\t\t\t\t\t\t\t\t\t\t\t\t\t\t\t\t\t\t<div class=\"gllr_image_block\">\n\t\t\t\t\t\t\t\t\t\t\t\t<p style=\"\n\t\t\t\t\t\t\t\t\t\t\t\twidth:164px;height:164px;\t\t\t\t\t\t\t\t\t\t\t\t\">\n\t\t\t\t\t\t\t\t\t\t\t\t\t\t\t\t\t\t\t\t\t\t\t\t\t\t\t\t<a data-fancybox=\"gallery_fancybox\" href=\"https:\/\/woerrlein-naturfoto.de\/wordpress\/wp-content\/uploads\/2014\/12\/Rotfussfalke_AW03351L_1195x1793.jpg\" title=\"Rotfussfalke - Bild-Nr. Anke_03351L\" >\n\t\t\t\t\t\t\t\t\t\t\t\t\t\t\t\t<img decoding=\"async\" width=&quot;158&quot; height=&quot;158&quot; style=\"width:158px; height:158px; border-width: 3px; border-color:#F1F1F1;border: 3px solid #F1F1F1\" alt=\"Rotfu\u00dffalke\" title=\"Rotfussfalke - Bild-Nr. Anke_03351L\" src=\"https:\/\/woerrlein-naturfoto.de\/wordpress\/wp-content\/uploads\/2014\/12\/Rotfussfalke_AW03351L_1195x1793-200x200.jpg\" rel=\"https:\/\/woerrlein-naturfoto.de\/wordpress\/wp-content\/uploads\/2014\/12\/Rotfussfalke_AW03351L_1195x1793.jpg\" \/>\t\t\t\t\t\t\t\t\t\t\t\t\t\t\t<\/a>\n\t\t\t\t\t\t\t\t\t\t\t\t\t\t\t\t\t\t\t\t\t\t\t\t\t\t<\/p>\n\t\t\t\t\t\t\t\t\t\t\t\t\t\t\t\t\t\t\t\t\t\t\t\t\t<div \n\t\t\t\t\t\t\t\t\t\t\t\t\tstyle=\"width:164px;\"\t\t\t\t\t\t\t\t\t\t\t\t\tclass=\"gllr_single_image_text gllr_single_image_text_under\">Rotfussfalke - Bild-Nr. Anke_03351L&nbsp;<\/div>\n\t\t\t\t\t\t\t\t\t\t\t\t\t\t\t\t\t\t\t\t\t\t\t<\/div><!-- .gllr_image_block -->\n\t\t\t\t\t\t\t\t\t\t\t\t\t\t\t\t\t\t\t\t\t<div class=\"gllr_image_block\">\n\t\t\t\t\t\t\t\t\t\t\t\t<p style=\"\n\t\t\t\t\t\t\t\t\t\t\t\twidth:164px;height:164px;\t\t\t\t\t\t\t\t\t\t\t\t\">\n\t\t\t\t\t\t\t\t\t\t\t\t\t\t\t\t\t\t\t\t\t\t\t\t\t\t\t\t<a data-fancybox=\"gallery_fancybox\" href=\"https:\/\/woerrlein-naturfoto.de\/wordpress\/wp-content\/uploads\/2014\/12\/Rotmilane_AW14397L5563x3709.jpg\" title=\"Rotmilane - Bild-Nr. Anke_14397L\" >\n\t\t\t\t\t\t\t\t\t\t\t\t\t\t\t\t<img decoding=\"async\" width=&quot;158&quot; height=&quot;158&quot; style=\"width:158px; height:158px; border-width: 3px; border-color:#F1F1F1;border: 3px solid #F1F1F1\" alt=\"Rotmilan\" title=\"Rotmilane - Bild-Nr. Anke_14397L\" src=\"https:\/\/woerrlein-naturfoto.de\/wordpress\/wp-content\/uploads\/2014\/12\/Rotmilane_AW14397L5563x3709-200x200.jpg\" rel=\"https:\/\/woerrlein-naturfoto.de\/wordpress\/wp-content\/uploads\/2014\/12\/Rotmilane_AW14397L5563x3709.jpg\" \/>\t\t\t\t\t\t\t\t\t\t\t\t\t\t\t<\/a>\n\t\t\t\t\t\t\t\t\t\t\t\t\t\t\t\t\t\t\t\t\t\t\t\t\t\t<\/p>\n\t\t\t\t\t\t\t\t\t\t\t\t\t\t\t\t\t\t\t\t\t\t\t\t\t<div \n\t\t\t\t\t\t\t\t\t\t\t\t\tstyle=\"width:164px;\"\t\t\t\t\t\t\t\t\t\t\t\t\tclass=\"gllr_single_image_text gllr_single_image_text_under\">Rotmilane - Bild-Nr. Anke_14397L&nbsp;<\/div>\n\t\t\t\t\t\t\t\t\t\t\t\t\t\t\t\t\t\t\t\t\t\t\t<\/div><!-- .gllr_image_block -->\n\t\t\t\t\t\t\t\t\t\t\t\t\t\t\t\t\t\t\t\t\t<div class=\"gllr_image_block\">\n\t\t\t\t\t\t\t\t\t\t\t\t<p style=\"\n\t\t\t\t\t\t\t\t\t\t\t\twidth:164px;height:164px;\t\t\t\t\t\t\t\t\t\t\t\t\">\n\t\t\t\t\t\t\t\t\t\t\t\t\t\t\t\t\t\t\t\t\t\t\t\t\t\t\t\t<a data-fancybox=\"gallery_fancybox\" href=\"https:\/\/woerrlein-naturfoto.de\/wordpress\/wp-content\/uploads\/2014\/12\/Rotmilan_D180629_2574.jpg\" title=\"Rotmilan - Bild-Nr. Dieter_180629_2574\" >\n\t\t\t\t\t\t\t\t\t\t\t\t\t\t\t\t<img decoding=\"async\" width=&quot;158&quot; height=&quot;158&quot; style=\"width:158px; height:158px; border-width: 3px; border-color:#F1F1F1;border: 3px solid #F1F1F1\" alt=\"Rotmilan\" title=\"Rotmilan - Bild-Nr. Dieter_180629_2574\" src=\"https:\/\/woerrlein-naturfoto.de\/wordpress\/wp-content\/uploads\/2014\/12\/Rotmilan_D180629_2574-200x200.jpg\" rel=\"https:\/\/woerrlein-naturfoto.de\/wordpress\/wp-content\/uploads\/2014\/12\/Rotmilan_D180629_2574.jpg\" \/>\t\t\t\t\t\t\t\t\t\t\t\t\t\t\t<\/a>\n\t\t\t\t\t\t\t\t\t\t\t\t\t\t\t\t\t\t\t\t\t\t\t\t\t\t<\/p>\n\t\t\t\t\t\t\t\t\t\t\t\t\t\t\t\t\t\t\t\t\t\t\t\t\t<div \n\t\t\t\t\t\t\t\t\t\t\t\t\tstyle=\"width:164px;\"\t\t\t\t\t\t\t\t\t\t\t\t\tclass=\"gllr_single_image_text gllr_single_image_text_under\">Rotmilan - Bild-Nr. Dieter_180629_2574&nbsp;<\/div>\n\t\t\t\t\t\t\t\t\t\t\t\t\t\t\t\t\t\t\t\t\t\t\t<\/div><!-- .gllr_image_block -->\n\t\t\t\t\t\t\t\t\t\t\t\t\t\t\t\t\t\t\t\t\t<div class=\"gllr_image_block\">\n\t\t\t\t\t\t\t\t\t\t\t\t<p style=\"\n\t\t\t\t\t\t\t\t\t\t\t\twidth:164px;height:164px;\t\t\t\t\t\t\t\t\t\t\t\t\">\n\t\t\t\t\t\t\t\t\t\t\t\t\t\t\t\t\t\t\t\t\t\t\t\t\t\t\t\t<a data-fancybox=\"gallery_fancybox\" href=\"https:\/\/woerrlein-naturfoto.de\/wordpress\/wp-content\/uploads\/2014\/12\/Rotmilan_D180629_2580.jpg\" title=\"Rotmilan - Bild-Nr. Dieter_180629_2580\" >\n\t\t\t\t\t\t\t\t\t\t\t\t\t\t\t\t<img decoding=\"async\" width=&quot;158&quot; height=&quot;158&quot; style=\"width:158px; height:158px; border-width: 3px; border-color:#F1F1F1;border: 3px solid #F1F1F1\" alt=\"Rotmilan\" title=\"Rotmilan - Bild-Nr. Dieter_180629_2580\" src=\"https:\/\/woerrlein-naturfoto.de\/wordpress\/wp-content\/uploads\/2014\/12\/Rotmilan_D180629_2580-200x200.jpg\" rel=\"https:\/\/woerrlein-naturfoto.de\/wordpress\/wp-content\/uploads\/2014\/12\/Rotmilan_D180629_2580.jpg\" \/>\t\t\t\t\t\t\t\t\t\t\t\t\t\t\t<\/a>\n\t\t\t\t\t\t\t\t\t\t\t\t\t\t\t\t\t\t\t\t\t\t\t\t\t\t<\/p>\n\t\t\t\t\t\t\t\t\t\t\t\t\t\t\t\t\t\t\t\t\t\t\t\t\t<div \n\t\t\t\t\t\t\t\t\t\t\t\t\tstyle=\"width:164px;\"\t\t\t\t\t\t\t\t\t\t\t\t\tclass=\"gllr_single_image_text gllr_single_image_text_under\">Rotmilan - Bild-Nr. Dieter_180629_2580&nbsp;<\/div>\n\t\t\t\t\t\t\t\t\t\t\t\t\t\t\t\t\t\t\t\t\t\t\t<\/div><!-- .gllr_image_block -->\n\t\t\t\t\t\t\t\t\t\t\t\t\t\t\t\t\t\t\t\t\t<div class=\"gllr_image_block\">\n\t\t\t\t\t\t\t\t\t\t\t\t<p style=\"\n\t\t\t\t\t\t\t\t\t\t\t\twidth:164px;height:164px;\t\t\t\t\t\t\t\t\t\t\t\t\">\n\t\t\t\t\t\t\t\t\t\t\t\t\t\t\t\t\t\t\t\t\t\t\t\t\t\t\t\t<a data-fancybox=\"gallery_fancybox\" href=\"https:\/\/woerrlein-naturfoto.de\/wordpress\/wp-content\/uploads\/2014\/12\/Rotmilan_D180704_2812.jpg\" title=\"Rotmilan - Bild-Nr. Dieter_180704_2812\" >\n\t\t\t\t\t\t\t\t\t\t\t\t\t\t\t\t<img decoding=\"async\" width=&quot;158&quot; height=&quot;158&quot; style=\"width:158px; height:158px; border-width: 3px; border-color:#F1F1F1;border: 3px solid #F1F1F1\" alt=\"Rotmilan\" title=\"Rotmilan - Bild-Nr. Dieter_180704_2812\" src=\"https:\/\/woerrlein-naturfoto.de\/wordpress\/wp-content\/uploads\/2014\/12\/Rotmilan_D180704_2812-200x200.jpg\" rel=\"https:\/\/woerrlein-naturfoto.de\/wordpress\/wp-content\/uploads\/2014\/12\/Rotmilan_D180704_2812.jpg\" \/>\t\t\t\t\t\t\t\t\t\t\t\t\t\t\t<\/a>\n\t\t\t\t\t\t\t\t\t\t\t\t\t\t\t\t\t\t\t\t\t\t\t\t\t\t<\/p>\n\t\t\t\t\t\t\t\t\t\t\t\t\t\t\t\t\t\t\t\t\t\t\t\t\t<div \n\t\t\t\t\t\t\t\t\t\t\t\t\tstyle=\"width:164px;\"\t\t\t\t\t\t\t\t\t\t\t\t\tclass=\"gllr_single_image_text gllr_single_image_text_under\">Rotmilan - Bild-Nr. Dieter_180704_2812&nbsp;<\/div>\n\t\t\t\t\t\t\t\t\t\t\t\t\t\t\t\t\t\t\t\t\t\t\t<\/div><!-- .gllr_image_block -->\n\t\t\t\t\t\t\t\t\t\t\t\t\t\t\t\t\t\t\t\t\t<\/div><!-- .gllr_image_row -->\n\t\t\t\t\t\t\t\t\t\t\t\t\t\t\t\t\t\t\t\t\t\t<div class=\"gllr_image_row\">\n\t\t\t\t\t\t\t\t\t\t\t\t\t\t\t\t\t\t\t\t\t<div class=\"gllr_image_block\">\n\t\t\t\t\t\t\t\t\t\t\t\t<p style=\"\n\t\t\t\t\t\t\t\t\t\t\t\twidth:164px;height:164px;\t\t\t\t\t\t\t\t\t\t\t\t\">\n\t\t\t\t\t\t\t\t\t\t\t\t\t\t\t\t\t\t\t\t\t\t\t\t\t\t\t\t<a data-fancybox=\"gallery_fancybox\" href=\"https:\/\/woerrlein-naturfoto.de\/wordpress\/wp-content\/uploads\/2014\/12\/Rotmilan_D180704_2814.jpg\" title=\"Rotmilan - Bild-Nr. Dieter_180704_2814\" >\n\t\t\t\t\t\t\t\t\t\t\t\t\t\t\t\t<img decoding=\"async\" width=&quot;158&quot; height=&quot;158&quot; style=\"width:158px; height:158px; border-width: 3px; border-color:#F1F1F1;border: 3px solid #F1F1F1\" alt=\"Rotmilan\" title=\"Rotmilan - Bild-Nr. Dieter_180704_2814\" src=\"https:\/\/woerrlein-naturfoto.de\/wordpress\/wp-content\/uploads\/2014\/12\/Rotmilan_D180704_2814-200x200.jpg\" rel=\"https:\/\/woerrlein-naturfoto.de\/wordpress\/wp-content\/uploads\/2014\/12\/Rotmilan_D180704_2814.jpg\" \/>\t\t\t\t\t\t\t\t\t\t\t\t\t\t\t<\/a>\n\t\t\t\t\t\t\t\t\t\t\t\t\t\t\t\t\t\t\t\t\t\t\t\t\t\t<\/p>\n\t\t\t\t\t\t\t\t\t\t\t\t\t\t\t\t\t\t\t\t\t\t\t\t\t<div \n\t\t\t\t\t\t\t\t\t\t\t\t\tstyle=\"width:164px;\"\t\t\t\t\t\t\t\t\t\t\t\t\tclass=\"gllr_single_image_text gllr_single_image_text_under\">Rotmilan - Bild-Nr. Dieter_180704_2814&nbsp;<\/div>\n\t\t\t\t\t\t\t\t\t\t\t\t\t\t\t\t\t\t\t\t\t\t\t<\/div><!-- .gllr_image_block -->\n\t\t\t\t\t\t\t\t\t\t\t\t\t\t\t\t\t\t\t\t\t<div class=\"gllr_image_block\">\n\t\t\t\t\t\t\t\t\t\t\t\t<p style=\"\n\t\t\t\t\t\t\t\t\t\t\t\twidth:164px;height:164px;\t\t\t\t\t\t\t\t\t\t\t\t\">\n\t\t\t\t\t\t\t\t\t\t\t\t\t\t\t\t\t\t\t\t\t\t\t\t\t\t\t\t<a data-fancybox=\"gallery_fancybox\" href=\"https:\/\/woerrlein-naturfoto.de\/wordpress\/wp-content\/uploads\/2014\/12\/Rotmilan_D180704_2831.jpg\" title=\"Rotmilan - Bild-Nr. Dieter_180704_2831\" >\n\t\t\t\t\t\t\t\t\t\t\t\t\t\t\t\t<img decoding=\"async\" width=&quot;158&quot; height=&quot;158&quot; style=\"width:158px; height:158px; border-width: 3px; border-color:#F1F1F1;border: 3px solid #F1F1F1\" alt=\"Rotmilan\" title=\"Rotmilan - Bild-Nr. Dieter_180704_2831\" src=\"https:\/\/woerrlein-naturfoto.de\/wordpress\/wp-content\/uploads\/2014\/12\/Rotmilan_D180704_2831-200x200.jpg\" rel=\"https:\/\/woerrlein-naturfoto.de\/wordpress\/wp-content\/uploads\/2014\/12\/Rotmilan_D180704_2831.jpg\" \/>\t\t\t\t\t\t\t\t\t\t\t\t\t\t\t<\/a>\n\t\t\t\t\t\t\t\t\t\t\t\t\t\t\t\t\t\t\t\t\t\t\t\t\t\t<\/p>\n\t\t\t\t\t\t\t\t\t\t\t\t\t\t\t\t\t\t\t\t\t\t\t\t\t<div \n\t\t\t\t\t\t\t\t\t\t\t\t\tstyle=\"width:164px;\"\t\t\t\t\t\t\t\t\t\t\t\t\tclass=\"gllr_single_image_text gllr_single_image_text_under\">Rotmilan - Bild-Nr. Dieter_180704_2831&nbsp;<\/div>\n\t\t\t\t\t\t\t\t\t\t\t\t\t\t\t\t\t\t\t\t\t\t\t<\/div><!-- .gllr_image_block -->\n\t\t\t\t\t\t\t\t\t\t\t\t\t\t\t\t\t\t\t\t\t<div class=\"gllr_image_block\">\n\t\t\t\t\t\t\t\t\t\t\t\t<p style=\"\n\t\t\t\t\t\t\t\t\t\t\t\twidth:164px;height:164px;\t\t\t\t\t\t\t\t\t\t\t\t\">\n\t\t\t\t\t\t\t\t\t\t\t\t\t\t\t\t\t\t\t\t\t\t\t\t\t\t\t\t<a data-fancybox=\"gallery_fancybox\" href=\"https:\/\/woerrlein-naturfoto.de\/wordpress\/wp-content\/uploads\/2014\/12\/Rotmilan_D180704_2837.jpg\" title=\"Rotmilan - Bild-Nr. Dieter_180704_2837\" >\n\t\t\t\t\t\t\t\t\t\t\t\t\t\t\t\t<img decoding=\"async\" width=&quot;158&quot; height=&quot;158&quot; style=\"width:158px; height:158px; border-width: 3px; border-color:#F1F1F1;border: 3px solid #F1F1F1\" alt=\"Rotmilan\" title=\"Rotmilan - Bild-Nr. Dieter_180704_2837\" src=\"https:\/\/woerrlein-naturfoto.de\/wordpress\/wp-content\/uploads\/2014\/12\/Rotmilan_D180704_2837-200x200.jpg\" rel=\"https:\/\/woerrlein-naturfoto.de\/wordpress\/wp-content\/uploads\/2014\/12\/Rotmilan_D180704_2837.jpg\" \/>\t\t\t\t\t\t\t\t\t\t\t\t\t\t\t<\/a>\n\t\t\t\t\t\t\t\t\t\t\t\t\t\t\t\t\t\t\t\t\t\t\t\t\t\t<\/p>\n\t\t\t\t\t\t\t\t\t\t\t\t\t\t\t\t\t\t\t\t\t\t\t\t\t<div \n\t\t\t\t\t\t\t\t\t\t\t\t\tstyle=\"width:164px;\"\t\t\t\t\t\t\t\t\t\t\t\t\tclass=\"gllr_single_image_text gllr_single_image_text_under\">Rotmilan - Bild-Nr. Dieter_180704_2837&nbsp;<\/div>\n\t\t\t\t\t\t\t\t\t\t\t\t\t\t\t\t\t\t\t\t\t\t\t<\/div><!-- .gllr_image_block -->\n\t\t\t\t\t\t\t\t\t\t\t\t\t\t\t\t\t\t\t\t\t<div class=\"gllr_image_block\">\n\t\t\t\t\t\t\t\t\t\t\t\t<p style=\"\n\t\t\t\t\t\t\t\t\t\t\t\twidth:164px;height:164px;\t\t\t\t\t\t\t\t\t\t\t\t\">\n\t\t\t\t\t\t\t\t\t\t\t\t\t\t\t\t\t\t\t\t\t\t\t\t\t\t\t\t<a data-fancybox=\"gallery_fancybox\" href=\"https:\/\/woerrlein-naturfoto.de\/wordpress\/wp-content\/uploads\/2014\/12\/Rotmilan_D180704_2839.jpg\" title=\"Rotmilan - Bild-Nr. Dieter_180704_2839\" >\n\t\t\t\t\t\t\t\t\t\t\t\t\t\t\t\t<img decoding=\"async\" width=&quot;158&quot; height=&quot;158&quot; style=\"width:158px; height:158px; border-width: 3px; border-color:#F1F1F1;border: 3px solid #F1F1F1\" alt=\"Rotmilan\" title=\"Rotmilan - Bild-Nr. Dieter_180704_2839\" src=\"https:\/\/woerrlein-naturfoto.de\/wordpress\/wp-content\/uploads\/2014\/12\/Rotmilan_D180704_2839-200x200.jpg\" rel=\"https:\/\/woerrlein-naturfoto.de\/wordpress\/wp-content\/uploads\/2014\/12\/Rotmilan_D180704_2839.jpg\" \/>\t\t\t\t\t\t\t\t\t\t\t\t\t\t\t<\/a>\n\t\t\t\t\t\t\t\t\t\t\t\t\t\t\t\t\t\t\t\t\t\t\t\t\t\t<\/p>\n\t\t\t\t\t\t\t\t\t\t\t\t\t\t\t\t\t\t\t\t\t\t\t\t\t<div \n\t\t\t\t\t\t\t\t\t\t\t\t\tstyle=\"width:164px;\"\t\t\t\t\t\t\t\t\t\t\t\t\tclass=\"gllr_single_image_text gllr_single_image_text_under\">Rotmilan - Bild-Nr. Dieter_180704_2839&nbsp;<\/div>\n\t\t\t\t\t\t\t\t\t\t\t\t\t\t\t\t\t\t\t\t\t\t\t<\/div><!-- .gllr_image_block -->\n\t\t\t\t\t\t\t\t\t\t\t\t\t\t\t\t\t\t\t\t\t<div class=\"gllr_image_block\">\n\t\t\t\t\t\t\t\t\t\t\t\t<p style=\"\n\t\t\t\t\t\t\t\t\t\t\t\twidth:164px;height:164px;\t\t\t\t\t\t\t\t\t\t\t\t\">\n\t\t\t\t\t\t\t\t\t\t\t\t\t\t\t\t\t\t\t\t\t\t\t\t\t\t\t\t<a data-fancybox=\"gallery_fancybox\" href=\"https:\/\/woerrlein-naturfoto.de\/wordpress\/wp-content\/uploads\/2014\/12\/Rotmilan_D180704_2840.jpg\" title=\"Rotmilan - Bild-Nr. Dieter_180704_2840\" >\n\t\t\t\t\t\t\t\t\t\t\t\t\t\t\t\t<img decoding=\"async\" width=&quot;158&quot; height=&quot;158&quot; style=\"width:158px; height:158px; border-width: 3px; border-color:#F1F1F1;border: 3px solid #F1F1F1\" alt=\"Rotmilan\" title=\"Rotmilan - Bild-Nr. Dieter_180704_2840\" src=\"https:\/\/woerrlein-naturfoto.de\/wordpress\/wp-content\/uploads\/2014\/12\/Rotmilan_D180704_2840-200x200.jpg\" rel=\"https:\/\/woerrlein-naturfoto.de\/wordpress\/wp-content\/uploads\/2014\/12\/Rotmilan_D180704_2840.jpg\" \/>\t\t\t\t\t\t\t\t\t\t\t\t\t\t\t<\/a>\n\t\t\t\t\t\t\t\t\t\t\t\t\t\t\t\t\t\t\t\t\t\t\t\t\t\t<\/p>\n\t\t\t\t\t\t\t\t\t\t\t\t\t\t\t\t\t\t\t\t\t\t\t\t\t<div \n\t\t\t\t\t\t\t\t\t\t\t\t\tstyle=\"width:164px;\"\t\t\t\t\t\t\t\t\t\t\t\t\tclass=\"gllr_single_image_text gllr_single_image_text_under\">Rotmilan - Bild-Nr. Dieter_180704_2840&nbsp;<\/div>\n\t\t\t\t\t\t\t\t\t\t\t\t\t\t\t\t\t\t\t\t\t\t\t<\/div><!-- .gllr_image_block -->\n\t\t\t\t\t\t\t\t\t\t\t\t\t\t\t\t\t\t\t\t\t<div class=\"gllr_image_block\">\n\t\t\t\t\t\t\t\t\t\t\t\t<p style=\"\n\t\t\t\t\t\t\t\t\t\t\t\twidth:164px;height:164px;\t\t\t\t\t\t\t\t\t\t\t\t\">\n\t\t\t\t\t\t\t\t\t\t\t\t\t\t\t\t\t\t\t\t\t\t\t\t\t\t\t\t<a data-fancybox=\"gallery_fancybox\" href=\"https:\/\/woerrlein-naturfoto.de\/wordpress\/wp-content\/uploads\/2014\/12\/Rotmilan_D180704_2843.jpg\" title=\"Rotmilan - Bild-Nr. Dieter_180704_2843\" >\n\t\t\t\t\t\t\t\t\t\t\t\t\t\t\t\t<img decoding=\"async\" width=&quot;158&quot; height=&quot;158&quot; style=\"width:158px; height:158px; border-width: 3px; border-color:#F1F1F1;border: 3px solid #F1F1F1\" alt=\"Rotmilan\" title=\"Rotmilan - Bild-Nr. Dieter_180704_2843\" src=\"https:\/\/woerrlein-naturfoto.de\/wordpress\/wp-content\/uploads\/2014\/12\/Rotmilan_D180704_2843-200x200.jpg\" rel=\"https:\/\/woerrlein-naturfoto.de\/wordpress\/wp-content\/uploads\/2014\/12\/Rotmilan_D180704_2843.jpg\" \/>\t\t\t\t\t\t\t\t\t\t\t\t\t\t\t<\/a>\n\t\t\t\t\t\t\t\t\t\t\t\t\t\t\t\t\t\t\t\t\t\t\t\t\t\t<\/p>\n\t\t\t\t\t\t\t\t\t\t\t\t\t\t\t\t\t\t\t\t\t\t\t\t\t<div \n\t\t\t\t\t\t\t\t\t\t\t\t\tstyle=\"width:164px;\"\t\t\t\t\t\t\t\t\t\t\t\t\tclass=\"gllr_single_image_text gllr_single_image_text_under\">Rotmilan - Bild-Nr. Dieter_180704_2843&nbsp;<\/div>\n\t\t\t\t\t\t\t\t\t\t\t\t\t\t\t\t\t\t\t\t\t\t\t<\/div><!-- .gllr_image_block -->\n\t\t\t\t\t\t\t\t\t\t\t\t\t\t\t\t\t\t\t\t\t<div class=\"gllr_image_block\">\n\t\t\t\t\t\t\t\t\t\t\t\t<p style=\"\n\t\t\t\t\t\t\t\t\t\t\t\twidth:164px;height:164px;\t\t\t\t\t\t\t\t\t\t\t\t\">\n\t\t\t\t\t\t\t\t\t\t\t\t\t\t\t\t\t\t\t\t\t\t\t\t\t\t\t\t<a data-fancybox=\"gallery_fancybox\" href=\"https:\/\/woerrlein-naturfoto.de\/wordpress\/wp-content\/uploads\/2014\/12\/Rotmilan_D180704_2852.jpg\" title=\"Rotmilan - Bild-Nr. Dieter_180704_2852\" >\n\t\t\t\t\t\t\t\t\t\t\t\t\t\t\t\t<img decoding=\"async\" width=&quot;158&quot; height=&quot;158&quot; style=\"width:158px; height:158px; border-width: 3px; border-color:#F1F1F1;border: 3px solid #F1F1F1\" alt=\"Rotmilan\" title=\"Rotmilan - Bild-Nr. Dieter_180704_2852\" src=\"https:\/\/woerrlein-naturfoto.de\/wordpress\/wp-content\/uploads\/2014\/12\/Rotmilan_D180704_2852-200x200.jpg\" rel=\"https:\/\/woerrlein-naturfoto.de\/wordpress\/wp-content\/uploads\/2014\/12\/Rotmilan_D180704_2852.jpg\" \/>\t\t\t\t\t\t\t\t\t\t\t\t\t\t\t<\/a>\n\t\t\t\t\t\t\t\t\t\t\t\t\t\t\t\t\t\t\t\t\t\t\t\t\t\t<\/p>\n\t\t\t\t\t\t\t\t\t\t\t\t\t\t\t\t\t\t\t\t\t\t\t\t\t<div \n\t\t\t\t\t\t\t\t\t\t\t\t\tstyle=\"width:164px;\"\t\t\t\t\t\t\t\t\t\t\t\t\tclass=\"gllr_single_image_text gllr_single_image_text_under\">Rotmilan - Bild-Nr. Dieter_180704_2852&nbsp;<\/div>\n\t\t\t\t\t\t\t\t\t\t\t\t\t\t\t\t\t\t\t\t\t\t\t<\/div><!-- .gllr_image_block -->\n\t\t\t\t\t\t\t\t\t\t\t\t\t\t\t\t\t\t\t\t\t<div class=\"gllr_image_block\">\n\t\t\t\t\t\t\t\t\t\t\t\t<p style=\"\n\t\t\t\t\t\t\t\t\t\t\t\twidth:164px;height:164px;\t\t\t\t\t\t\t\t\t\t\t\t\">\n\t\t\t\t\t\t\t\t\t\t\t\t\t\t\t\t\t\t\t\t\t\t\t\t\t\t\t\t<a data-fancybox=\"gallery_fancybox\" href=\"https:\/\/woerrlein-naturfoto.de\/wordpress\/wp-content\/uploads\/2014\/12\/Rotmilan_230509_3097.jpg\" title=\"Rotmilan - Bild-Nr. Dieter_230509_3097\" >\n\t\t\t\t\t\t\t\t\t\t\t\t\t\t\t\t<img decoding=\"async\" width=&quot;158&quot; height=&quot;158&quot; style=\"width:158px; height:158px; border-width: 3px; border-color:#F1F1F1;border: 3px solid #F1F1F1\" alt=\"Rotmilan\" title=\"Rotmilan - Bild-Nr. Dieter_230509_3097\" src=\"https:\/\/woerrlein-naturfoto.de\/wordpress\/wp-content\/uploads\/2014\/12\/Rotmilan_230509_3097-158x158.jpg\" rel=\"https:\/\/woerrlein-naturfoto.de\/wordpress\/wp-content\/uploads\/2014\/12\/Rotmilan_230509_3097.jpg\" \/>\t\t\t\t\t\t\t\t\t\t\t\t\t\t\t<\/a>\n\t\t\t\t\t\t\t\t\t\t\t\t\t\t\t\t\t\t\t\t\t\t\t\t\t\t<\/p>\n\t\t\t\t\t\t\t\t\t\t\t\t\t\t\t\t\t\t\t\t\t\t\t\t\t<div \n\t\t\t\t\t\t\t\t\t\t\t\t\tstyle=\"width:164px;\"\t\t\t\t\t\t\t\t\t\t\t\t\tclass=\"gllr_single_image_text gllr_single_image_text_under\">Rotmilan - Bild-Nr. Dieter_230509_3097&nbsp;<\/div>\n\t\t\t\t\t\t\t\t\t\t\t\t\t\t\t\t\t\t\t\t\t\t\t<\/div><!-- .gllr_image_block -->\n\t\t\t\t\t\t\t\t\t\t\t\t\t\t\t\t\t\t\t\t\t<\/div><!-- .gllr_image_row -->\n\t\t\t\t\t\t\t\t\t\t\t\t\t\t\t\t\t\t\t\t\t\t<div class=\"gllr_image_row\">\n\t\t\t\t\t\t\t\t\t\t\t\t\t\t\t\t\t\t\t\t\t<div class=\"gllr_image_block\">\n\t\t\t\t\t\t\t\t\t\t\t\t<p style=\"\n\t\t\t\t\t\t\t\t\t\t\t\twidth:164px;height:164px;\t\t\t\t\t\t\t\t\t\t\t\t\">\n\t\t\t\t\t\t\t\t\t\t\t\t\t\t\t\t\t\t\t\t\t\t\t\t\t\t\t\t<a data-fancybox=\"gallery_fancybox\" href=\"https:\/\/woerrlein-naturfoto.de\/wordpress\/wp-content\/uploads\/2014\/12\/Rotmilan_230509_3101.jpg\" title=\"Rotmilan - Bild-Nr. Dieter_230509_3101\" >\n\t\t\t\t\t\t\t\t\t\t\t\t\t\t\t\t<img decoding=\"async\" width=&quot;158&quot; height=&quot;158&quot; style=\"width:158px; height:158px; border-width: 3px; border-color:#F1F1F1;border: 3px solid #F1F1F1\" alt=\"Rotmilan\" title=\"Rotmilan - Bild-Nr. Dieter_230509_3101\" src=\"https:\/\/woerrlein-naturfoto.de\/wordpress\/wp-content\/uploads\/2014\/12\/Rotmilan_230509_3101-158x158.jpg\" rel=\"https:\/\/woerrlein-naturfoto.de\/wordpress\/wp-content\/uploads\/2014\/12\/Rotmilan_230509_3101.jpg\" \/>\t\t\t\t\t\t\t\t\t\t\t\t\t\t\t<\/a>\n\t\t\t\t\t\t\t\t\t\t\t\t\t\t\t\t\t\t\t\t\t\t\t\t\t\t<\/p>\n\t\t\t\t\t\t\t\t\t\t\t\t\t\t\t\t\t\t\t\t\t\t\t\t\t<div \n\t\t\t\t\t\t\t\t\t\t\t\t\tstyle=\"width:164px;\"\t\t\t\t\t\t\t\t\t\t\t\t\tclass=\"gllr_single_image_text gllr_single_image_text_under\">Rotmilan - Bild-Nr. Dieter_230509_3101&nbsp;<\/div>\n\t\t\t\t\t\t\t\t\t\t\t\t\t\t\t\t\t\t\t\t\t\t\t<\/div><!-- .gllr_image_block -->\n\t\t\t\t\t\t\t\t\t\t\t\t\t\t\t\t\t\t\t\t\t<div class=\"gllr_image_block\">\n\t\t\t\t\t\t\t\t\t\t\t\t<p style=\"\n\t\t\t\t\t\t\t\t\t\t\t\twidth:164px;height:164px;\t\t\t\t\t\t\t\t\t\t\t\t\">\n\t\t\t\t\t\t\t\t\t\t\t\t\t\t\t\t\t\t\t\t\t\t\t\t\t\t\t\t<a data-fancybox=\"gallery_fancybox\" href=\"https:\/\/woerrlein-naturfoto.de\/wordpress\/wp-content\/uploads\/2014\/12\/Rotmilan_230509_3103.jpg\" title=\"Rotmilan - Bild-Nr. Dieter_230509_3103\" >\n\t\t\t\t\t\t\t\t\t\t\t\t\t\t\t\t<img decoding=\"async\" width=&quot;158&quot; height=&quot;158&quot; style=\"width:158px; height:158px; border-width: 3px; border-color:#F1F1F1;border: 3px solid #F1F1F1\" alt=\"Rotmilan\" title=\"Rotmilan - Bild-Nr. Dieter_230509_3103\" src=\"https:\/\/woerrlein-naturfoto.de\/wordpress\/wp-content\/uploads\/2014\/12\/Rotmilan_230509_3103-158x158.jpg\" rel=\"https:\/\/woerrlein-naturfoto.de\/wordpress\/wp-content\/uploads\/2014\/12\/Rotmilan_230509_3103.jpg\" \/>\t\t\t\t\t\t\t\t\t\t\t\t\t\t\t<\/a>\n\t\t\t\t\t\t\t\t\t\t\t\t\t\t\t\t\t\t\t\t\t\t\t\t\t\t<\/p>\n\t\t\t\t\t\t\t\t\t\t\t\t\t\t\t\t\t\t\t\t\t\t\t\t\t<div \n\t\t\t\t\t\t\t\t\t\t\t\t\tstyle=\"width:164px;\"\t\t\t\t\t\t\t\t\t\t\t\t\tclass=\"gllr_single_image_text gllr_single_image_text_under\">Rotmilan - Bild-Nr. Dieter_230509_3103&nbsp;<\/div>\n\t\t\t\t\t\t\t\t\t\t\t\t\t\t\t\t\t\t\t\t\t\t\t<\/div><!-- .gllr_image_block -->\n\t\t\t\t\t\t\t\t\t\t\t\t\t\t\t\t\t\t\t\t\t<div class=\"gllr_image_block\">\n\t\t\t\t\t\t\t\t\t\t\t\t<p style=\"\n\t\t\t\t\t\t\t\t\t\t\t\twidth:164px;height:164px;\t\t\t\t\t\t\t\t\t\t\t\t\">\n\t\t\t\t\t\t\t\t\t\t\t\t\t\t\t\t\t\t\t\t\t\t\t\t\t\t\t\t<a data-fancybox=\"gallery_fancybox\" href=\"https:\/\/woerrlein-naturfoto.de\/wordpress\/wp-content\/uploads\/2014\/12\/Rotmilan_230511_3486.jpg\" title=\"Rotmilan - Bild-Nr. Dieter_230511_3486\" >\n\t\t\t\t\t\t\t\t\t\t\t\t\t\t\t\t<img decoding=\"async\" width=&quot;158&quot; height=&quot;158&quot; style=\"width:158px; height:158px; border-width: 3px; border-color:#F1F1F1;border: 3px solid #F1F1F1\" alt=\"Rotmilan\" title=\"Rotmilan - Bild-Nr. Dieter_230511_3486\" src=\"https:\/\/woerrlein-naturfoto.de\/wordpress\/wp-content\/uploads\/2014\/12\/Rotmilan_230511_3486-158x158.jpg\" rel=\"https:\/\/woerrlein-naturfoto.de\/wordpress\/wp-content\/uploads\/2014\/12\/Rotmilan_230511_3486.jpg\" \/>\t\t\t\t\t\t\t\t\t\t\t\t\t\t\t<\/a>\n\t\t\t\t\t\t\t\t\t\t\t\t\t\t\t\t\t\t\t\t\t\t\t\t\t\t<\/p>\n\t\t\t\t\t\t\t\t\t\t\t\t\t\t\t\t\t\t\t\t\t\t\t\t\t<div \n\t\t\t\t\t\t\t\t\t\t\t\t\tstyle=\"width:164px;\"\t\t\t\t\t\t\t\t\t\t\t\t\tclass=\"gllr_single_image_text gllr_single_image_text_under\">Rotmilan - Bild-Nr. Dieter_230511_3486&nbsp;<\/div>\n\t\t\t\t\t\t\t\t\t\t\t\t\t\t\t\t\t\t\t\t\t\t\t<\/div><!-- .gllr_image_block -->\n\t\t\t\t\t\t\t\t\t\t\t\t\t\t\t\t\t\t\t\t\t<div class=\"gllr_image_block\">\n\t\t\t\t\t\t\t\t\t\t\t\t<p style=\"\n\t\t\t\t\t\t\t\t\t\t\t\twidth:164px;height:164px;\t\t\t\t\t\t\t\t\t\t\t\t\">\n\t\t\t\t\t\t\t\t\t\t\t\t\t\t\t\t\t\t\t\t\t\t\t\t\t\t\t\t<a data-fancybox=\"gallery_fancybox\" href=\"https:\/\/woerrlein-naturfoto.de\/wordpress\/wp-content\/uploads\/2014\/12\/Rotmilan_AW14353L_4387x2925.jpg\" title=\"Rotmilan - Bild-Nr. Anke_14353L\" >\n\t\t\t\t\t\t\t\t\t\t\t\t\t\t\t\t<img decoding=\"async\" width=&quot;158&quot; height=&quot;158&quot; style=\"width:158px; height:158px; border-width: 3px; border-color:#F1F1F1;border: 3px solid #F1F1F1\" alt=\"Rotmilan\" title=\"Rotmilan - Bild-Nr. Anke_14353L\" src=\"https:\/\/woerrlein-naturfoto.de\/wordpress\/wp-content\/uploads\/2014\/12\/Rotmilan_AW14353L_4387x2925-200x200.jpg\" rel=\"https:\/\/woerrlein-naturfoto.de\/wordpress\/wp-content\/uploads\/2014\/12\/Rotmilan_AW14353L_4387x2925.jpg\" \/>\t\t\t\t\t\t\t\t\t\t\t\t\t\t\t<\/a>\n\t\t\t\t\t\t\t\t\t\t\t\t\t\t\t\t\t\t\t\t\t\t\t\t\t\t<\/p>\n\t\t\t\t\t\t\t\t\t\t\t\t\t\t\t\t\t\t\t\t\t\t\t\t\t<div \n\t\t\t\t\t\t\t\t\t\t\t\t\tstyle=\"width:164px;\"\t\t\t\t\t\t\t\t\t\t\t\t\tclass=\"gllr_single_image_text gllr_single_image_text_under\">Rotmilan - Bild-Nr. Anke_14353L&nbsp;<\/div>\n\t\t\t\t\t\t\t\t\t\t\t\t\t\t\t\t\t\t\t\t\t\t\t<\/div><!-- .gllr_image_block -->\n\t\t\t\t\t\t\t\t\t\t\t\t\t\t\t\t\t\t\t\t\t<div class=\"gllr_image_block\">\n\t\t\t\t\t\t\t\t\t\t\t\t<p style=\"\n\t\t\t\t\t\t\t\t\t\t\t\twidth:164px;height:164px;\t\t\t\t\t\t\t\t\t\t\t\t\">\n\t\t\t\t\t\t\t\t\t\t\t\t\t\t\t\t\t\t\t\t\t\t\t\t\t\t\t\t<a data-fancybox=\"gallery_fancybox\" href=\"https:\/\/woerrlein-naturfoto.de\/wordpress\/wp-content\/uploads\/2014\/12\/Rotmilan_AW14364L_5385x3590.jpg\" title=\"Rotmilan - Bild-Nr. Anke_14364L\" >\n\t\t\t\t\t\t\t\t\t\t\t\t\t\t\t\t<img decoding=\"async\" width=&quot;158&quot; height=&quot;158&quot; style=\"width:158px; height:158px; border-width: 3px; border-color:#F1F1F1;border: 3px solid #F1F1F1\" alt=\"Rotmilan\" title=\"Rotmilan - Bild-Nr. Anke_14364L\" src=\"https:\/\/woerrlein-naturfoto.de\/wordpress\/wp-content\/uploads\/2014\/12\/Rotmilan_AW14364L_5385x3590-200x200.jpg\" rel=\"https:\/\/woerrlein-naturfoto.de\/wordpress\/wp-content\/uploads\/2014\/12\/Rotmilan_AW14364L_5385x3590.jpg\" \/>\t\t\t\t\t\t\t\t\t\t\t\t\t\t\t<\/a>\n\t\t\t\t\t\t\t\t\t\t\t\t\t\t\t\t\t\t\t\t\t\t\t\t\t\t<\/p>\n\t\t\t\t\t\t\t\t\t\t\t\t\t\t\t\t\t\t\t\t\t\t\t\t\t<div \n\t\t\t\t\t\t\t\t\t\t\t\t\tstyle=\"width:164px;\"\t\t\t\t\t\t\t\t\t\t\t\t\tclass=\"gllr_single_image_text gllr_single_image_text_under\">Rotmilan - Bild-Nr. Anke_14364L&nbsp;<\/div>\n\t\t\t\t\t\t\t\t\t\t\t\t\t\t\t\t\t\t\t\t\t\t\t<\/div><!-- .gllr_image_block -->\n\t\t\t\t\t\t\t\t\t\t\t\t\t\t\t\t\t\t\t\t\t<div class=\"gllr_image_block\">\n\t\t\t\t\t\t\t\t\t\t\t\t<p style=\"\n\t\t\t\t\t\t\t\t\t\t\t\twidth:164px;height:164px;\t\t\t\t\t\t\t\t\t\t\t\t\">\n\t\t\t\t\t\t\t\t\t\t\t\t\t\t\t\t\t\t\t\t\t\t\t\t\t\t\t\t<a data-fancybox=\"gallery_fancybox\" href=\"https:\/\/woerrlein-naturfoto.de\/wordpress\/wp-content\/uploads\/2014\/12\/Rotmilan_AW14367L_5063x3375.jpg\" title=\"Rotmilan - Bild-Nr. Anke_14367L\" >\n\t\t\t\t\t\t\t\t\t\t\t\t\t\t\t\t<img decoding=\"async\" width=&quot;158&quot; height=&quot;158&quot; style=\"width:158px; height:158px; border-width: 3px; border-color:#F1F1F1;border: 3px solid #F1F1F1\" alt=\"Rotmilan\" title=\"Rotmilan - Bild-Nr. Anke_14367L\" src=\"https:\/\/woerrlein-naturfoto.de\/wordpress\/wp-content\/uploads\/2014\/12\/Rotmilan_AW14367L_5063x3375-200x200.jpg\" rel=\"https:\/\/woerrlein-naturfoto.de\/wordpress\/wp-content\/uploads\/2014\/12\/Rotmilan_AW14367L_5063x3375.jpg\" \/>\t\t\t\t\t\t\t\t\t\t\t\t\t\t\t<\/a>\n\t\t\t\t\t\t\t\t\t\t\t\t\t\t\t\t\t\t\t\t\t\t\t\t\t\t<\/p>\n\t\t\t\t\t\t\t\t\t\t\t\t\t\t\t\t\t\t\t\t\t\t\t\t\t<div \n\t\t\t\t\t\t\t\t\t\t\t\t\tstyle=\"width:164px;\"\t\t\t\t\t\t\t\t\t\t\t\t\tclass=\"gllr_single_image_text gllr_single_image_text_under\">Rotmilan - Bild-Nr. Anke_14367L&nbsp;<\/div>\n\t\t\t\t\t\t\t\t\t\t\t\t\t\t\t\t\t\t\t\t\t\t\t<\/div><!-- .gllr_image_block -->\n\t\t\t\t\t\t\t\t\t\t\t\t\t\t\t\t\t\t\t\t\t<div class=\"gllr_image_block\">\n\t\t\t\t\t\t\t\t\t\t\t\t<p style=\"\n\t\t\t\t\t\t\t\t\t\t\t\twidth:164px;height:164px;\t\t\t\t\t\t\t\t\t\t\t\t\">\n\t\t\t\t\t\t\t\t\t\t\t\t\t\t\t\t\t\t\t\t\t\t\t\t\t\t\t\t<a data-fancybox=\"gallery_fancybox\" href=\"https:\/\/woerrlein-naturfoto.de\/wordpress\/wp-content\/uploads\/2014\/12\/Rotmilan_AW14368L_5698x3799.jpg\" title=\"Rotmilan - Bild-Nr. Anke_14368L\" >\n\t\t\t\t\t\t\t\t\t\t\t\t\t\t\t\t<img decoding=\"async\" width=&quot;158&quot; height=&quot;158&quot; style=\"width:158px; height:158px; border-width: 3px; border-color:#F1F1F1;border: 3px solid #F1F1F1\" alt=\"Rotmilan\" title=\"Rotmilan - Bild-Nr. Anke_14368L\" src=\"https:\/\/woerrlein-naturfoto.de\/wordpress\/wp-content\/uploads\/2014\/12\/Rotmilan_AW14368L_5698x3799-200x200.jpg\" rel=\"https:\/\/woerrlein-naturfoto.de\/wordpress\/wp-content\/uploads\/2014\/12\/Rotmilan_AW14368L_5698x3799.jpg\" \/>\t\t\t\t\t\t\t\t\t\t\t\t\t\t\t<\/a>\n\t\t\t\t\t\t\t\t\t\t\t\t\t\t\t\t\t\t\t\t\t\t\t\t\t\t<\/p>\n\t\t\t\t\t\t\t\t\t\t\t\t\t\t\t\t\t\t\t\t\t\t\t\t\t<div \n\t\t\t\t\t\t\t\t\t\t\t\t\tstyle=\"width:164px;\"\t\t\t\t\t\t\t\t\t\t\t\t\tclass=\"gllr_single_image_text gllr_single_image_text_under\">Rotmilan - Bild-Nr. Anke_14368L&nbsp;<\/div>\n\t\t\t\t\t\t\t\t\t\t\t\t\t\t\t\t\t\t\t\t\t\t\t<\/div><!-- .gllr_image_block -->\n\t\t\t\t\t\t\t\t\t\t\t\t\t\t\t\t\t\t\t\t\t<div class=\"gllr_image_block\">\n\t\t\t\t\t\t\t\t\t\t\t\t<p style=\"\n\t\t\t\t\t\t\t\t\t\t\t\twidth:164px;height:164px;\t\t\t\t\t\t\t\t\t\t\t\t\">\n\t\t\t\t\t\t\t\t\t\t\t\t\t\t\t\t\t\t\t\t\t\t\t\t\t\t\t\t<a data-fancybox=\"gallery_fancybox\" href=\"https:\/\/woerrlein-naturfoto.de\/wordpress\/wp-content\/uploads\/2014\/12\/Rotmilan_AW14389L_4754x3169.jpg\" title=\"Rotmilan - Bild-Nr. Anke_14389L\" >\n\t\t\t\t\t\t\t\t\t\t\t\t\t\t\t\t<img decoding=\"async\" width=&quot;158&quot; height=&quot;158&quot; style=\"width:158px; height:158px; border-width: 3px; border-color:#F1F1F1;border: 3px solid #F1F1F1\" alt=\"Rotmilan\" title=\"Rotmilan - Bild-Nr. Anke_14389L\" src=\"https:\/\/woerrlein-naturfoto.de\/wordpress\/wp-content\/uploads\/2014\/12\/Rotmilan_AW14389L_4754x3169-200x200.jpg\" rel=\"https:\/\/woerrlein-naturfoto.de\/wordpress\/wp-content\/uploads\/2014\/12\/Rotmilan_AW14389L_4754x3169.jpg\" \/>\t\t\t\t\t\t\t\t\t\t\t\t\t\t\t<\/a>\n\t\t\t\t\t\t\t\t\t\t\t\t\t\t\t\t\t\t\t\t\t\t\t\t\t\t<\/p>\n\t\t\t\t\t\t\t\t\t\t\t\t\t\t\t\t\t\t\t\t\t\t\t\t\t<div \n\t\t\t\t\t\t\t\t\t\t\t\t\tstyle=\"width:164px;\"\t\t\t\t\t\t\t\t\t\t\t\t\tclass=\"gllr_single_image_text gllr_single_image_text_under\">Rotmilan - Bild-Nr. Anke_14389L&nbsp;<\/div>\n\t\t\t\t\t\t\t\t\t\t\t\t\t\t\t\t\t\t\t\t\t\t\t<\/div><!-- .gllr_image_block -->\n\t\t\t\t\t\t\t\t\t\t\t\t\t\t\t\t\t\t\t\t\t<\/div><!-- .gllr_image_row -->\n\t\t\t\t\t\t\t\t\t\t\t\t\t\t\t\t\t\t\t\t\t\t<div class=\"gllr_image_row\">\n\t\t\t\t\t\t\t\t\t\t\t\t\t\t\t\t\t\t\t\t\t<div class=\"gllr_image_block\">\n\t\t\t\t\t\t\t\t\t\t\t\t<p style=\"\n\t\t\t\t\t\t\t\t\t\t\t\twidth:164px;height:164px;\t\t\t\t\t\t\t\t\t\t\t\t\">\n\t\t\t\t\t\t\t\t\t\t\t\t\t\t\t\t\t\t\t\t\t\t\t\t\t\t\t\t<a data-fancybox=\"gallery_fancybox\" href=\"https:\/\/woerrlein-naturfoto.de\/wordpress\/wp-content\/uploads\/2014\/12\/Rotmilan_AW14392L_4982x3321.jpg\" title=\"Rotmilan - Bild-Nr. Anke_14392L\" >\n\t\t\t\t\t\t\t\t\t\t\t\t\t\t\t\t<img decoding=\"async\" width=&quot;158&quot; height=&quot;158&quot; style=\"width:158px; height:158px; border-width: 3px; border-color:#F1F1F1;border: 3px solid #F1F1F1\" alt=\"Rotmilan\" title=\"Rotmilan - Bild-Nr. Anke_14392L\" src=\"https:\/\/woerrlein-naturfoto.de\/wordpress\/wp-content\/uploads\/2014\/12\/Rotmilan_AW14392L_4982x3321-200x200.jpg\" rel=\"https:\/\/woerrlein-naturfoto.de\/wordpress\/wp-content\/uploads\/2014\/12\/Rotmilan_AW14392L_4982x3321.jpg\" \/>\t\t\t\t\t\t\t\t\t\t\t\t\t\t\t<\/a>\n\t\t\t\t\t\t\t\t\t\t\t\t\t\t\t\t\t\t\t\t\t\t\t\t\t\t<\/p>\n\t\t\t\t\t\t\t\t\t\t\t\t\t\t\t\t\t\t\t\t\t\t\t\t\t<div \n\t\t\t\t\t\t\t\t\t\t\t\t\tstyle=\"width:164px;\"\t\t\t\t\t\t\t\t\t\t\t\t\tclass=\"gllr_single_image_text gllr_single_image_text_under\">Rotmilan - Bild-Nr. Anke_14392L&nbsp;<\/div>\n\t\t\t\t\t\t\t\t\t\t\t\t\t\t\t\t\t\t\t\t\t\t\t<\/div><!-- .gllr_image_block -->\n\t\t\t\t\t\t\t\t\t\t\t\t\t\t\t\t\t\t\t\t\t<div class=\"gllr_image_block\">\n\t\t\t\t\t\t\t\t\t\t\t\t<p style=\"\n\t\t\t\t\t\t\t\t\t\t\t\twidth:164px;height:164px;\t\t\t\t\t\t\t\t\t\t\t\t\">\n\t\t\t\t\t\t\t\t\t\t\t\t\t\t\t\t\t\t\t\t\t\t\t\t\t\t\t\t<a data-fancybox=\"gallery_fancybox\" href=\"https:\/\/woerrlein-naturfoto.de\/wordpress\/wp-content\/uploads\/2014\/12\/Rotmilan_AW14406L_6300x4200.jpg\" title=\"Rotmilan - Bild-Nr. Anke_14406L\" >\n\t\t\t\t\t\t\t\t\t\t\t\t\t\t\t\t<img decoding=\"async\" width=&quot;158&quot; height=&quot;158&quot; style=\"width:158px; height:158px; border-width: 3px; border-color:#F1F1F1;border: 3px solid #F1F1F1\" alt=\"Rotmilan\" title=\"Rotmilan - Bild-Nr. Anke_14406L\" src=\"https:\/\/woerrlein-naturfoto.de\/wordpress\/wp-content\/uploads\/2014\/12\/Rotmilan_AW14406L_6300x4200-200x200.jpg\" rel=\"https:\/\/woerrlein-naturfoto.de\/wordpress\/wp-content\/uploads\/2014\/12\/Rotmilan_AW14406L_6300x4200.jpg\" \/>\t\t\t\t\t\t\t\t\t\t\t\t\t\t\t<\/a>\n\t\t\t\t\t\t\t\t\t\t\t\t\t\t\t\t\t\t\t\t\t\t\t\t\t\t<\/p>\n\t\t\t\t\t\t\t\t\t\t\t\t\t\t\t\t\t\t\t\t\t\t\t\t\t<div \n\t\t\t\t\t\t\t\t\t\t\t\t\tstyle=\"width:164px;\"\t\t\t\t\t\t\t\t\t\t\t\t\tclass=\"gllr_single_image_text gllr_single_image_text_under\">Rotmilan - Bild-Nr. Anke_14406L&nbsp;<\/div>\n\t\t\t\t\t\t\t\t\t\t\t\t\t\t\t\t\t\t\t\t\t\t\t<\/div><!-- .gllr_image_block -->\n\t\t\t\t\t\t\t\t\t\t\t\t\t\t\t\t\t\t\t\t\t<div class=\"gllr_image_block\">\n\t\t\t\t\t\t\t\t\t\t\t\t<p style=\"\n\t\t\t\t\t\t\t\t\t\t\t\twidth:164px;height:164px;\t\t\t\t\t\t\t\t\t\t\t\t\">\n\t\t\t\t\t\t\t\t\t\t\t\t\t\t\t\t\t\t\t\t\t\t\t\t\t\t\t\t<a data-fancybox=\"gallery_fancybox\" href=\"https:\/\/woerrlein-naturfoto.de\/wordpress\/wp-content\/uploads\/2014\/12\/Rotmilan_AW14407L_5756x3837.jpg\" title=\"Rotmilan - Bild-Nr. Anke_14407L\" >\n\t\t\t\t\t\t\t\t\t\t\t\t\t\t\t\t<img decoding=\"async\" width=&quot;158&quot; height=&quot;158&quot; style=\"width:158px; height:158px; border-width: 3px; border-color:#F1F1F1;border: 3px solid #F1F1F1\" alt=\"Rotmilan\" title=\"Rotmilan - Bild-Nr. Anke_14407L\" src=\"https:\/\/woerrlein-naturfoto.de\/wordpress\/wp-content\/uploads\/2014\/12\/Rotmilan_AW14407L_5756x3837-200x200.jpg\" rel=\"https:\/\/woerrlein-naturfoto.de\/wordpress\/wp-content\/uploads\/2014\/12\/Rotmilan_AW14407L_5756x3837.jpg\" \/>\t\t\t\t\t\t\t\t\t\t\t\t\t\t\t<\/a>\n\t\t\t\t\t\t\t\t\t\t\t\t\t\t\t\t\t\t\t\t\t\t\t\t\t\t<\/p>\n\t\t\t\t\t\t\t\t\t\t\t\t\t\t\t\t\t\t\t\t\t\t\t\t\t<div \n\t\t\t\t\t\t\t\t\t\t\t\t\tstyle=\"width:164px;\"\t\t\t\t\t\t\t\t\t\t\t\t\tclass=\"gllr_single_image_text gllr_single_image_text_under\">Rotmilan - Bild-Nr. Anke_14407L&nbsp;<\/div>\n\t\t\t\t\t\t\t\t\t\t\t\t\t\t\t\t\t\t\t\t\t\t\t<\/div><!-- .gllr_image_block -->\n\t\t\t\t\t\t\t\t\t\t\t\t\t\t\t\t\t\t\t\t\t<div class=\"gllr_image_block\">\n\t\t\t\t\t\t\t\t\t\t\t\t<p style=\"\n\t\t\t\t\t\t\t\t\t\t\t\twidth:164px;height:164px;\t\t\t\t\t\t\t\t\t\t\t\t\">\n\t\t\t\t\t\t\t\t\t\t\t\t\t\t\t\t\t\t\t\t\t\t\t\t\t\t\t\t<a data-fancybox=\"gallery_fancybox\" href=\"https:\/\/woerrlein-naturfoto.de\/wordpress\/wp-content\/uploads\/2014\/12\/Rotmilan_AW14429L_6054x4036.jpg\" title=\"Rotmilan - Bild-Nr. Anke_14429L\" >\n\t\t\t\t\t\t\t\t\t\t\t\t\t\t\t\t<img decoding=\"async\" width=&quot;158&quot; height=&quot;158&quot; style=\"width:158px; height:158px; border-width: 3px; border-color:#F1F1F1;border: 3px solid #F1F1F1\" alt=\"Rotmilan\" title=\"Rotmilan - Bild-Nr. Anke_14429L\" src=\"https:\/\/woerrlein-naturfoto.de\/wordpress\/wp-content\/uploads\/2014\/12\/Rotmilan_AW14429L_6054x4036-200x200.jpg\" rel=\"https:\/\/woerrlein-naturfoto.de\/wordpress\/wp-content\/uploads\/2014\/12\/Rotmilan_AW14429L_6054x4036.jpg\" \/>\t\t\t\t\t\t\t\t\t\t\t\t\t\t\t<\/a>\n\t\t\t\t\t\t\t\t\t\t\t\t\t\t\t\t\t\t\t\t\t\t\t\t\t\t<\/p>\n\t\t\t\t\t\t\t\t\t\t\t\t\t\t\t\t\t\t\t\t\t\t\t\t\t<div \n\t\t\t\t\t\t\t\t\t\t\t\t\tstyle=\"width:164px;\"\t\t\t\t\t\t\t\t\t\t\t\t\tclass=\"gllr_single_image_text gllr_single_image_text_under\">Rotmilan - Bild-Nr. Anke_14429L&nbsp;<\/div>\n\t\t\t\t\t\t\t\t\t\t\t\t\t\t\t\t\t\t\t\t\t\t\t<\/div><!-- .gllr_image_block -->\n\t\t\t\t\t\t\t\t\t\t\t\t\t\t\t\t\t\t\t\t\t<div class=\"gllr_image_block\">\n\t\t\t\t\t\t\t\t\t\t\t\t<p style=\"\n\t\t\t\t\t\t\t\t\t\t\t\twidth:164px;height:164px;\t\t\t\t\t\t\t\t\t\t\t\t\">\n\t\t\t\t\t\t\t\t\t\t\t\t\t\t\t\t\t\t\t\t\t\t\t\t\t\t\t\t<a data-fancybox=\"gallery_fancybox\" href=\"https:\/\/woerrlein-naturfoto.de\/wordpress\/wp-content\/uploads\/2014\/12\/Rotmilan_AW14438L5845x3897.jpg\" title=\"Rotmilan - Bild-Nr. Anke_14438L\" >\n\t\t\t\t\t\t\t\t\t\t\t\t\t\t\t\t<img decoding=\"async\" width=&quot;158&quot; height=&quot;158&quot; style=\"width:158px; height:158px; border-width: 3px; border-color:#F1F1F1;border: 3px solid #F1F1F1\" alt=\"Rotmilan\" title=\"Rotmilan - Bild-Nr. Anke_14438L\" src=\"https:\/\/woerrlein-naturfoto.de\/wordpress\/wp-content\/uploads\/2014\/12\/Rotmilan_AW14438L5845x3897-200x200.jpg\" rel=\"https:\/\/woerrlein-naturfoto.de\/wordpress\/wp-content\/uploads\/2014\/12\/Rotmilan_AW14438L5845x3897.jpg\" \/>\t\t\t\t\t\t\t\t\t\t\t\t\t\t\t<\/a>\n\t\t\t\t\t\t\t\t\t\t\t\t\t\t\t\t\t\t\t\t\t\t\t\t\t\t<\/p>\n\t\t\t\t\t\t\t\t\t\t\t\t\t\t\t\t\t\t\t\t\t\t\t\t\t<div \n\t\t\t\t\t\t\t\t\t\t\t\t\tstyle=\"width:164px;\"\t\t\t\t\t\t\t\t\t\t\t\t\tclass=\"gllr_single_image_text gllr_single_image_text_under\">Rotmilan - Bild-Nr. Anke_14438L&nbsp;<\/div>\n\t\t\t\t\t\t\t\t\t\t\t\t\t\t\t\t\t\t\t\t\t\t\t<\/div><!-- .gllr_image_block -->\n\t\t\t\t\t\t\t\t\t\t\t\t\t\t\t\t\t\t\t\t\t<div class=\"gllr_image_block\">\n\t\t\t\t\t\t\t\t\t\t\t\t<p style=\"\n\t\t\t\t\t\t\t\t\t\t\t\twidth:164px;height:164px;\t\t\t\t\t\t\t\t\t\t\t\t\">\n\t\t\t\t\t\t\t\t\t\t\t\t\t\t\t\t\t\t\t\t\t\t\t\t\t\t\t\t<a data-fancybox=\"gallery_fancybox\" href=\"https:\/\/woerrlein-naturfoto.de\/wordpress\/wp-content\/uploads\/2014\/12\/Rotmilan_AW31046L.jpg\" title=\"Rotmilan - Bild-Nr. Anke_31046L\" >\n\t\t\t\t\t\t\t\t\t\t\t\t\t\t\t\t<img decoding=\"async\" width=&quot;158&quot; height=&quot;158&quot; style=\"width:158px; height:158px; border-width: 3px; border-color:#F1F1F1;border: 3px solid #F1F1F1\" alt=\"Rotmilan\" title=\"Rotmilan - Bild-Nr. Anke_31046L\" src=\"https:\/\/woerrlein-naturfoto.de\/wordpress\/wp-content\/uploads\/2014\/12\/Rotmilan_AW31046L-158x158.jpg\" rel=\"https:\/\/woerrlein-naturfoto.de\/wordpress\/wp-content\/uploads\/2014\/12\/Rotmilan_AW31046L.jpg\" \/>\t\t\t\t\t\t\t\t\t\t\t\t\t\t\t<\/a>\n\t\t\t\t\t\t\t\t\t\t\t\t\t\t\t\t\t\t\t\t\t\t\t\t\t\t<\/p>\n\t\t\t\t\t\t\t\t\t\t\t\t\t\t\t\t\t\t\t\t\t\t\t\t\t<div \n\t\t\t\t\t\t\t\t\t\t\t\t\tstyle=\"width:164px;\"\t\t\t\t\t\t\t\t\t\t\t\t\tclass=\"gllr_single_image_text gllr_single_image_text_under\">Rotmilan - Bild-Nr. Anke_31046L&nbsp;<\/div>\n\t\t\t\t\t\t\t\t\t\t\t\t\t\t\t\t\t\t\t\t\t\t\t<\/div><!-- .gllr_image_block -->\n\t\t\t\t\t\t\t\t\t\t\t\t\t\t\t\t\t\t\t\t\t<div class=\"gllr_image_block\">\n\t\t\t\t\t\t\t\t\t\t\t\t<p style=\"\n\t\t\t\t\t\t\t\t\t\t\t\twidth:164px;height:164px;\t\t\t\t\t\t\t\t\t\t\t\t\">\n\t\t\t\t\t\t\t\t\t\t\t\t\t\t\t\t\t\t\t\t\t\t\t\t\t\t\t\t<a data-fancybox=\"gallery_fancybox\" href=\"https:\/\/woerrlein-naturfoto.de\/wordpress\/wp-content\/uploads\/2014\/12\/Rotmilan_AW32457L.jpg\" title=\"Rotmilan - Bild-Nr. Anke_32457L\" >\n\t\t\t\t\t\t\t\t\t\t\t\t\t\t\t\t<img decoding=\"async\" width=&quot;158&quot; height=&quot;158&quot; style=\"width:158px; height:158px; border-width: 3px; border-color:#F1F1F1;border: 3px solid #F1F1F1\" alt=\"Rotmilan\" title=\"Rotmilan - Bild-Nr. Anke_32457L\" src=\"https:\/\/woerrlein-naturfoto.de\/wordpress\/wp-content\/uploads\/2014\/12\/Rotmilan_AW32457L-158x158.jpg\" rel=\"https:\/\/woerrlein-naturfoto.de\/wordpress\/wp-content\/uploads\/2014\/12\/Rotmilan_AW32457L.jpg\" \/>\t\t\t\t\t\t\t\t\t\t\t\t\t\t\t<\/a>\n\t\t\t\t\t\t\t\t\t\t\t\t\t\t\t\t\t\t\t\t\t\t\t\t\t\t<\/p>\n\t\t\t\t\t\t\t\t\t\t\t\t\t\t\t\t\t\t\t\t\t\t\t\t\t<div \n\t\t\t\t\t\t\t\t\t\t\t\t\tstyle=\"width:164px;\"\t\t\t\t\t\t\t\t\t\t\t\t\tclass=\"gllr_single_image_text gllr_single_image_text_under\">Rotmilan - Bild-Nr. Anke_32457L&nbsp;<\/div>\n\t\t\t\t\t\t\t\t\t\t\t\t\t\t\t\t\t\t\t\t\t\t\t<\/div><!-- .gllr_image_block -->\n\t\t\t\t\t\t\t\t\t\t\t\t\t\t\t\t\t\t\t\t\t<div class=\"gllr_image_block\">\n\t\t\t\t\t\t\t\t\t\t\t\t<p style=\"\n\t\t\t\t\t\t\t\t\t\t\t\twidth:164px;height:164px;\t\t\t\t\t\t\t\t\t\t\t\t\">\n\t\t\t\t\t\t\t\t\t\t\t\t\t\t\t\t\t\t\t\t\t\t\t\t\t\t\t\t<a data-fancybox=\"gallery_fancybox\" href=\"https:\/\/woerrlein-naturfoto.de\/wordpress\/wp-content\/uploads\/2014\/12\/Rotmilan_AW32460L.jpg\" title=\"Rotmilan - Bild-Nr. Anke_32460L\" >\n\t\t\t\t\t\t\t\t\t\t\t\t\t\t\t\t<img decoding=\"async\" width=&quot;158&quot; height=&quot;158&quot; style=\"width:158px; height:158px; border-width: 3px; border-color:#F1F1F1;border: 3px solid #F1F1F1\" alt=\"Rotmilan\" title=\"Rotmilan - Bild-Nr. Anke_32460L\" src=\"https:\/\/woerrlein-naturfoto.de\/wordpress\/wp-content\/uploads\/2014\/12\/Rotmilan_AW32460L-158x158.jpg\" rel=\"https:\/\/woerrlein-naturfoto.de\/wordpress\/wp-content\/uploads\/2014\/12\/Rotmilan_AW32460L.jpg\" \/>\t\t\t\t\t\t\t\t\t\t\t\t\t\t\t<\/a>\n\t\t\t\t\t\t\t\t\t\t\t\t\t\t\t\t\t\t\t\t\t\t\t\t\t\t<\/p>\n\t\t\t\t\t\t\t\t\t\t\t\t\t\t\t\t\t\t\t\t\t\t\t\t\t<div \n\t\t\t\t\t\t\t\t\t\t\t\t\tstyle=\"width:164px;\"\t\t\t\t\t\t\t\t\t\t\t\t\tclass=\"gllr_single_image_text gllr_single_image_text_under\">Rotmilan - Bild-Nr. Anke_32460L&nbsp;<\/div>\n\t\t\t\t\t\t\t\t\t\t\t\t\t\t\t\t\t\t\t\t\t\t\t<\/div><!-- .gllr_image_block -->\n\t\t\t\t\t\t\t\t\t\t\t\t\t\t\t\t\t\t\t\t\t<\/div><!-- .gllr_image_row -->\n\t\t\t\t\t\t\t\t\t\t\t\t\t\t\t\t\t\t\t\t\t\t<div class=\"gllr_image_row\">\n\t\t\t\t\t\t\t\t\t\t\t\t\t\t\t\t\t\t\t\t\t<div class=\"gllr_image_block\">\n\t\t\t\t\t\t\t\t\t\t\t\t<p style=\"\n\t\t\t\t\t\t\t\t\t\t\t\twidth:164px;height:164px;\t\t\t\t\t\t\t\t\t\t\t\t\">\n\t\t\t\t\t\t\t\t\t\t\t\t\t\t\t\t\t\t\t\t\t\t\t\t\t\t\t\t<a data-fancybox=\"gallery_fancybox\" href=\"https:\/\/woerrlein-naturfoto.de\/wordpress\/wp-content\/uploads\/2014\/12\/Rotmilan_AW32471L.jpg\" title=\"Rotmilan - Bild-Nr. Anke_32471L\" >\n\t\t\t\t\t\t\t\t\t\t\t\t\t\t\t\t<img decoding=\"async\" width=&quot;158&quot; height=&quot;158&quot; style=\"width:158px; height:158px; border-width: 3px; border-color:#F1F1F1;border: 3px solid #F1F1F1\" alt=\"Rotmilan\" title=\"Rotmilan - Bild-Nr. Anke_32471L\" src=\"https:\/\/woerrlein-naturfoto.de\/wordpress\/wp-content\/uploads\/2014\/12\/Rotmilan_AW32471L-158x158.jpg\" rel=\"https:\/\/woerrlein-naturfoto.de\/wordpress\/wp-content\/uploads\/2014\/12\/Rotmilan_AW32471L.jpg\" \/>\t\t\t\t\t\t\t\t\t\t\t\t\t\t\t<\/a>\n\t\t\t\t\t\t\t\t\t\t\t\t\t\t\t\t\t\t\t\t\t\t\t\t\t\t<\/p>\n\t\t\t\t\t\t\t\t\t\t\t\t\t\t\t\t\t\t\t\t\t\t\t\t\t<div \n\t\t\t\t\t\t\t\t\t\t\t\t\tstyle=\"width:164px;\"\t\t\t\t\t\t\t\t\t\t\t\t\tclass=\"gllr_single_image_text gllr_single_image_text_under\">Rotmilan - Bild-Nr. Anke_32471L&nbsp;<\/div>\n\t\t\t\t\t\t\t\t\t\t\t\t\t\t\t\t\t\t\t\t\t\t\t<\/div><!-- .gllr_image_block -->\n\t\t\t\t\t\t\t\t\t\t\t\t\t\t\t\t\t\t\t\t\t<div class=\"gllr_image_block\">\n\t\t\t\t\t\t\t\t\t\t\t\t<p style=\"\n\t\t\t\t\t\t\t\t\t\t\t\twidth:164px;height:164px;\t\t\t\t\t\t\t\t\t\t\t\t\">\n\t\t\t\t\t\t\t\t\t\t\t\t\t\t\t\t\t\t\t\t\t\t\t\t\t\t\t\t<a data-fancybox=\"gallery_fancybox\" href=\"https:\/\/woerrlein-naturfoto.de\/wordpress\/wp-content\/uploads\/2014\/12\/Rotmilan_AW32499L.jpg\" title=\"Rotmilan - Bild-Nr. Anke_32499L\" >\n\t\t\t\t\t\t\t\t\t\t\t\t\t\t\t\t<img decoding=\"async\" width=&quot;158&quot; height=&quot;158&quot; style=\"width:158px; height:158px; border-width: 3px; border-color:#F1F1F1;border: 3px solid #F1F1F1\" alt=\"Rotmilan\" title=\"Rotmilan - Bild-Nr. Anke_32499L\" src=\"https:\/\/woerrlein-naturfoto.de\/wordpress\/wp-content\/uploads\/2014\/12\/Rotmilan_AW32499L-158x158.jpg\" rel=\"https:\/\/woerrlein-naturfoto.de\/wordpress\/wp-content\/uploads\/2014\/12\/Rotmilan_AW32499L.jpg\" \/>\t\t\t\t\t\t\t\t\t\t\t\t\t\t\t<\/a>\n\t\t\t\t\t\t\t\t\t\t\t\t\t\t\t\t\t\t\t\t\t\t\t\t\t\t<\/p>\n\t\t\t\t\t\t\t\t\t\t\t\t\t\t\t\t\t\t\t\t\t\t\t\t\t<div \n\t\t\t\t\t\t\t\t\t\t\t\t\tstyle=\"width:164px;\"\t\t\t\t\t\t\t\t\t\t\t\t\tclass=\"gllr_single_image_text gllr_single_image_text_under\">Rotmilan - Bild-Nr. Anke_32499L&nbsp;<\/div>\n\t\t\t\t\t\t\t\t\t\t\t\t\t\t\t\t\t\t\t\t\t\t\t<\/div><!-- .gllr_image_block -->\n\t\t\t\t\t\t\t\t\t\t\t\t\t\t\t\t\t\t\t\t\t<div class=\"gllr_image_block\">\n\t\t\t\t\t\t\t\t\t\t\t\t<p style=\"\n\t\t\t\t\t\t\t\t\t\t\t\twidth:164px;height:164px;\t\t\t\t\t\t\t\t\t\t\t\t\">\n\t\t\t\t\t\t\t\t\t\t\t\t\t\t\t\t\t\t\t\t\t\t\t\t\t\t\t\t<a data-fancybox=\"gallery_fancybox\" href=\"https:\/\/woerrlein-naturfoto.de\/wordpress\/wp-content\/uploads\/Schlangenadler_12284L.jpg\" title=\"Schlangenadler - Bild-Nr. Dieter_12284L\" >\n\t\t\t\t\t\t\t\t\t\t\t\t\t\t\t\t<img decoding=\"async\" width=&quot;158&quot; height=&quot;158&quot; style=\"width:158px; height:158px; border-width: 3px; border-color:#F1F1F1;border: 3px solid #F1F1F1\" alt=\"Schlangenadler\" title=\"Schlangenadler - Bild-Nr. Dieter_12284L\" src=\"https:\/\/woerrlein-naturfoto.de\/wordpress\/wp-content\/uploads\/Schlangenadler_12284L-200x200.jpg\" rel=\"https:\/\/woerrlein-naturfoto.de\/wordpress\/wp-content\/uploads\/Schlangenadler_12284L.jpg\" \/>\t\t\t\t\t\t\t\t\t\t\t\t\t\t\t<\/a>\n\t\t\t\t\t\t\t\t\t\t\t\t\t\t\t\t\t\t\t\t\t\t\t\t\t\t<\/p>\n\t\t\t\t\t\t\t\t\t\t\t\t\t\t\t\t\t\t\t\t\t\t\t\t\t<div \n\t\t\t\t\t\t\t\t\t\t\t\t\tstyle=\"width:164px;\"\t\t\t\t\t\t\t\t\t\t\t\t\tclass=\"gllr_single_image_text gllr_single_image_text_under\">Schlangenadler - Bild-Nr. Dieter_12284L&nbsp;<\/div>\n\t\t\t\t\t\t\t\t\t\t\t\t\t\t\t\t\t\t\t\t\t\t\t<\/div><!-- .gllr_image_block -->\n\t\t\t\t\t\t\t\t\t\t\t\t\t\t\t\t\t\t\t\t\t<div class=\"gllr_image_block\">\n\t\t\t\t\t\t\t\t\t\t\t\t<p style=\"\n\t\t\t\t\t\t\t\t\t\t\t\twidth:164px;height:164px;\t\t\t\t\t\t\t\t\t\t\t\t\">\n\t\t\t\t\t\t\t\t\t\t\t\t\t\t\t\t\t\t\t\t\t\t\t\t\t\t\t\t<a data-fancybox=\"gallery_fancybox\" href=\"https:\/\/woerrlein-naturfoto.de\/wordpress\/wp-content\/uploads\/2014\/12\/Schreiadler_200910_4108.jpg\" title=\"Schreiadler - Bild-Nr. Dieter_200910_4108\" >\n\t\t\t\t\t\t\t\t\t\t\t\t\t\t\t\t<img decoding=\"async\" width=&quot;158&quot; height=&quot;158&quot; style=\"width:158px; height:158px; border-width: 3px; border-color:#F1F1F1;border: 3px solid #F1F1F1\" alt=\"Schreiadler\" title=\"Schreiadler - Bild-Nr. Dieter_200910_4108\" src=\"https:\/\/woerrlein-naturfoto.de\/wordpress\/wp-content\/uploads\/2014\/12\/Schreiadler_200910_4108-200x200.jpg\" rel=\"https:\/\/woerrlein-naturfoto.de\/wordpress\/wp-content\/uploads\/2014\/12\/Schreiadler_200910_4108.jpg\" \/>\t\t\t\t\t\t\t\t\t\t\t\t\t\t\t<\/a>\n\t\t\t\t\t\t\t\t\t\t\t\t\t\t\t\t\t\t\t\t\t\t\t\t\t\t<\/p>\n\t\t\t\t\t\t\t\t\t\t\t\t\t\t\t\t\t\t\t\t\t\t\t\t\t<div \n\t\t\t\t\t\t\t\t\t\t\t\t\tstyle=\"width:164px;\"\t\t\t\t\t\t\t\t\t\t\t\t\tclass=\"gllr_single_image_text gllr_single_image_text_under\">Schreiadler - Bild-Nr. Dieter_200910_4108&nbsp;<\/div>\n\t\t\t\t\t\t\t\t\t\t\t\t\t\t\t\t\t\t\t\t\t\t\t<\/div><!-- .gllr_image_block -->\n\t\t\t\t\t\t\t\t\t\t\t\t\t\t\t\t\t\t\t\t\t<div class=\"gllr_image_block\">\n\t\t\t\t\t\t\t\t\t\t\t\t<p style=\"\n\t\t\t\t\t\t\t\t\t\t\t\twidth:164px;height:164px;\t\t\t\t\t\t\t\t\t\t\t\t\">\n\t\t\t\t\t\t\t\t\t\t\t\t\t\t\t\t\t\t\t\t\t\t\t\t\t\t\t\t<a data-fancybox=\"gallery_fancybox\" href=\"https:\/\/woerrlein-naturfoto.de\/wordpress\/wp-content\/uploads\/2014\/12\/Schreiadler_200910_4152.jpg\" title=\"Schreiadler - Bild-Nr. Dieter_200910_4152\" >\n\t\t\t\t\t\t\t\t\t\t\t\t\t\t\t\t<img decoding=\"async\" width=&quot;158&quot; height=&quot;158&quot; style=\"width:158px; height:158px; border-width: 3px; border-color:#F1F1F1;border: 3px solid #F1F1F1\" alt=\"Schreiadler\" title=\"Schreiadler - Bild-Nr. Dieter_200910_4152\" src=\"https:\/\/woerrlein-naturfoto.de\/wordpress\/wp-content\/uploads\/2014\/12\/Schreiadler_200910_4152-200x200.jpg\" rel=\"https:\/\/woerrlein-naturfoto.de\/wordpress\/wp-content\/uploads\/2014\/12\/Schreiadler_200910_4152.jpg\" \/>\t\t\t\t\t\t\t\t\t\t\t\t\t\t\t<\/a>\n\t\t\t\t\t\t\t\t\t\t\t\t\t\t\t\t\t\t\t\t\t\t\t\t\t\t<\/p>\n\t\t\t\t\t\t\t\t\t\t\t\t\t\t\t\t\t\t\t\t\t\t\t\t\t<div \n\t\t\t\t\t\t\t\t\t\t\t\t\tstyle=\"width:164px;\"\t\t\t\t\t\t\t\t\t\t\t\t\tclass=\"gllr_single_image_text gllr_single_image_text_under\">Schreiadler - Bild-Nr. Dieter_200910_4152&nbsp;<\/div>\n\t\t\t\t\t\t\t\t\t\t\t\t\t\t\t\t\t\t\t\t\t\t\t<\/div><!-- .gllr_image_block -->\n\t\t\t\t\t\t\t\t\t\t\t\t\t\t\t\t\t\t\t\t\t<div class=\"gllr_image_block\">\n\t\t\t\t\t\t\t\t\t\t\t\t<p style=\"\n\t\t\t\t\t\t\t\t\t\t\t\twidth:164px;height:164px;\t\t\t\t\t\t\t\t\t\t\t\t\">\n\t\t\t\t\t\t\t\t\t\t\t\t\t\t\t\t\t\t\t\t\t\t\t\t\t\t\t\t<a data-fancybox=\"gallery_fancybox\" href=\"https:\/\/woerrlein-naturfoto.de\/wordpress\/wp-content\/uploads\/2014\/12\/Schreiadler_200910_4185.jpg\" title=\"Schreiadler - Bild-Nr. Dieter_200910_4185\" >\n\t\t\t\t\t\t\t\t\t\t\t\t\t\t\t\t<img decoding=\"async\" width=&quot;158&quot; height=&quot;158&quot; style=\"width:158px; height:158px; border-width: 3px; border-color:#F1F1F1;border: 3px solid #F1F1F1\" alt=\"Schreiadler\" title=\"Schreiadler - Bild-Nr. Dieter_200910_4185\" src=\"https:\/\/woerrlein-naturfoto.de\/wordpress\/wp-content\/uploads\/2014\/12\/Schreiadler_200910_4185-200x200.jpg\" rel=\"https:\/\/woerrlein-naturfoto.de\/wordpress\/wp-content\/uploads\/2014\/12\/Schreiadler_200910_4185.jpg\" \/>\t\t\t\t\t\t\t\t\t\t\t\t\t\t\t<\/a>\n\t\t\t\t\t\t\t\t\t\t\t\t\t\t\t\t\t\t\t\t\t\t\t\t\t\t<\/p>\n\t\t\t\t\t\t\t\t\t\t\t\t\t\t\t\t\t\t\t\t\t\t\t\t\t<div \n\t\t\t\t\t\t\t\t\t\t\t\t\tstyle=\"width:164px;\"\t\t\t\t\t\t\t\t\t\t\t\t\tclass=\"gllr_single_image_text gllr_single_image_text_under\">Schreiadler - Bild-Nr. Dieter_200910_4185&nbsp;<\/div>\n\t\t\t\t\t\t\t\t\t\t\t\t\t\t\t\t\t\t\t\t\t\t\t<\/div><!-- .gllr_image_block -->\n\t\t\t\t\t\t\t\t\t\t\t\t\t\t\t\t\t\t\t\t\t<div class=\"gllr_image_block\">\n\t\t\t\t\t\t\t\t\t\t\t\t<p style=\"\n\t\t\t\t\t\t\t\t\t\t\t\twidth:164px;height:164px;\t\t\t\t\t\t\t\t\t\t\t\t\">\n\t\t\t\t\t\t\t\t\t\t\t\t\t\t\t\t\t\t\t\t\t\t\t\t\t\t\t\t<a data-fancybox=\"gallery_fancybox\" href=\"https:\/\/woerrlein-naturfoto.de\/wordpress\/wp-content\/uploads\/2014\/12\/Schreiadler_200910_4298.jpg\" title=\"Schreiadler - Bild-Nr. Dieter_200910_4298\" >\n\t\t\t\t\t\t\t\t\t\t\t\t\t\t\t\t<img decoding=\"async\" width=&quot;158&quot; height=&quot;158&quot; style=\"width:158px; height:158px; border-width: 3px; border-color:#F1F1F1;border: 3px solid #F1F1F1\" alt=\"Schreiadler\" title=\"Schreiadler - Bild-Nr. Dieter_200910_4298\" src=\"https:\/\/woerrlein-naturfoto.de\/wordpress\/wp-content\/uploads\/2014\/12\/Schreiadler_200910_4298-200x200.jpg\" rel=\"https:\/\/woerrlein-naturfoto.de\/wordpress\/wp-content\/uploads\/2014\/12\/Schreiadler_200910_4298.jpg\" \/>\t\t\t\t\t\t\t\t\t\t\t\t\t\t\t<\/a>\n\t\t\t\t\t\t\t\t\t\t\t\t\t\t\t\t\t\t\t\t\t\t\t\t\t\t<\/p>\n\t\t\t\t\t\t\t\t\t\t\t\t\t\t\t\t\t\t\t\t\t\t\t\t\t<div \n\t\t\t\t\t\t\t\t\t\t\t\t\tstyle=\"width:164px;\"\t\t\t\t\t\t\t\t\t\t\t\t\tclass=\"gllr_single_image_text gllr_single_image_text_under\">Schreiadler - Bild-Nr. Dieter_200910_4298&nbsp;<\/div>\n\t\t\t\t\t\t\t\t\t\t\t\t\t\t\t\t\t\t\t\t\t\t\t<\/div><!-- .gllr_image_block -->\n\t\t\t\t\t\t\t\t\t\t\t\t\t\t\t\t\t\t\t\t\t<div class=\"gllr_image_block\">\n\t\t\t\t\t\t\t\t\t\t\t\t<p style=\"\n\t\t\t\t\t\t\t\t\t\t\t\twidth:164px;height:164px;\t\t\t\t\t\t\t\t\t\t\t\t\">\n\t\t\t\t\t\t\t\t\t\t\t\t\t\t\t\t\t\t\t\t\t\t\t\t\t\t\t\t<a data-fancybox=\"gallery_fancybox\" href=\"https:\/\/woerrlein-naturfoto.de\/wordpress\/wp-content\/uploads\/2014\/12\/Schreiadler_200910_4324.jpg\" title=\"Schreiadler - Bild-Nr. Dieter_200910_4324\" >\n\t\t\t\t\t\t\t\t\t\t\t\t\t\t\t\t<img decoding=\"async\" width=&quot;158&quot; height=&quot;158&quot; style=\"width:158px; height:158px; border-width: 3px; border-color:#F1F1F1;border: 3px solid #F1F1F1\" alt=\"Schreiadler\" title=\"Schreiadler - Bild-Nr. Dieter_200910_4324\" src=\"https:\/\/woerrlein-naturfoto.de\/wordpress\/wp-content\/uploads\/2014\/12\/Schreiadler_200910_4324-200x200.jpg\" rel=\"https:\/\/woerrlein-naturfoto.de\/wordpress\/wp-content\/uploads\/2014\/12\/Schreiadler_200910_4324.jpg\" \/>\t\t\t\t\t\t\t\t\t\t\t\t\t\t\t<\/a>\n\t\t\t\t\t\t\t\t\t\t\t\t\t\t\t\t\t\t\t\t\t\t\t\t\t\t<\/p>\n\t\t\t\t\t\t\t\t\t\t\t\t\t\t\t\t\t\t\t\t\t\t\t\t\t<div \n\t\t\t\t\t\t\t\t\t\t\t\t\tstyle=\"width:164px;\"\t\t\t\t\t\t\t\t\t\t\t\t\tclass=\"gllr_single_image_text gllr_single_image_text_under\">Schreiadler - Bild-Nr. Dieter_200910_4324&nbsp;<\/div>\n\t\t\t\t\t\t\t\t\t\t\t\t\t\t\t\t\t\t\t\t\t\t\t<\/div><!-- .gllr_image_block -->\n\t\t\t\t\t\t\t\t\t\t\t\t\t\t\t\t\t\t\t\t\t<\/div><!-- .gllr_image_row -->\n\t\t\t\t\t\t\t\t\t\t\t\t\t\t\t\t\t\t\t\t\t\t<div class=\"gllr_image_row\">\n\t\t\t\t\t\t\t\t\t\t\t\t\t\t\t\t\t\t\t\t\t<div class=\"gllr_image_block\">\n\t\t\t\t\t\t\t\t\t\t\t\t<p style=\"\n\t\t\t\t\t\t\t\t\t\t\t\twidth:164px;height:164px;\t\t\t\t\t\t\t\t\t\t\t\t\">\n\t\t\t\t\t\t\t\t\t\t\t\t\t\t\t\t\t\t\t\t\t\t\t\t\t\t\t\t<a data-fancybox=\"gallery_fancybox\" href=\"https:\/\/woerrlein-naturfoto.de\/wordpress\/wp-content\/uploads\/2014\/12\/Schreiadler_200910_4325.jpg\" title=\"Schreiadler - Bild-Nr. Dieter_200910_4325\" >\n\t\t\t\t\t\t\t\t\t\t\t\t\t\t\t\t<img decoding=\"async\" width=&quot;158&quot; height=&quot;158&quot; style=\"width:158px; height:158px; border-width: 3px; border-color:#F1F1F1;border: 3px solid #F1F1F1\" alt=\"Schreiadler\" title=\"Schreiadler - Bild-Nr. Dieter_200910_4325\" src=\"https:\/\/woerrlein-naturfoto.de\/wordpress\/wp-content\/uploads\/2014\/12\/Schreiadler_200910_4325-200x200.jpg\" rel=\"https:\/\/woerrlein-naturfoto.de\/wordpress\/wp-content\/uploads\/2014\/12\/Schreiadler_200910_4325.jpg\" \/>\t\t\t\t\t\t\t\t\t\t\t\t\t\t\t<\/a>\n\t\t\t\t\t\t\t\t\t\t\t\t\t\t\t\t\t\t\t\t\t\t\t\t\t\t<\/p>\n\t\t\t\t\t\t\t\t\t\t\t\t\t\t\t\t\t\t\t\t\t\t\t\t\t<div \n\t\t\t\t\t\t\t\t\t\t\t\t\tstyle=\"width:164px;\"\t\t\t\t\t\t\t\t\t\t\t\t\tclass=\"gllr_single_image_text gllr_single_image_text_under\">Schreiadler - Bild-Nr. Dieter_200910_4325&nbsp;<\/div>\n\t\t\t\t\t\t\t\t\t\t\t\t\t\t\t\t\t\t\t\t\t\t\t<\/div><!-- .gllr_image_block -->\n\t\t\t\t\t\t\t\t\t\t\t\t\t\t\t\t\t\t\t\t\t<div class=\"gllr_image_block\">\n\t\t\t\t\t\t\t\t\t\t\t\t<p style=\"\n\t\t\t\t\t\t\t\t\t\t\t\twidth:164px;height:164px;\t\t\t\t\t\t\t\t\t\t\t\t\">\n\t\t\t\t\t\t\t\t\t\t\t\t\t\t\t\t\t\t\t\t\t\t\t\t\t\t\t\t<a data-fancybox=\"gallery_fancybox\" href=\"https:\/\/woerrlein-naturfoto.de\/wordpress\/wp-content\/uploads\/2014\/12\/Schreiadler_AW21453L_5906x3937.jpg\" title=\"Schreiadler - Bild-Nr.Anke_21453L\" >\n\t\t\t\t\t\t\t\t\t\t\t\t\t\t\t\t<img decoding=\"async\" width=&quot;158&quot; height=&quot;158&quot; style=\"width:158px; height:158px; border-width: 3px; border-color:#F1F1F1;border: 3px solid #F1F1F1\" alt=\"Schreiadler\" title=\"Schreiadler - Bild-Nr.Anke_21453L\" src=\"https:\/\/woerrlein-naturfoto.de\/wordpress\/wp-content\/uploads\/2014\/12\/Schreiadler_AW21453L_5906x3937-200x200.jpg\" rel=\"https:\/\/woerrlein-naturfoto.de\/wordpress\/wp-content\/uploads\/2014\/12\/Schreiadler_AW21453L_5906x3937.jpg\" \/>\t\t\t\t\t\t\t\t\t\t\t\t\t\t\t<\/a>\n\t\t\t\t\t\t\t\t\t\t\t\t\t\t\t\t\t\t\t\t\t\t\t\t\t\t<\/p>\n\t\t\t\t\t\t\t\t\t\t\t\t\t\t\t\t\t\t\t\t\t\t\t\t\t<div \n\t\t\t\t\t\t\t\t\t\t\t\t\tstyle=\"width:164px;\"\t\t\t\t\t\t\t\t\t\t\t\t\tclass=\"gllr_single_image_text gllr_single_image_text_under\">Schreiadler - Bild-Nr.Anke_21453L&nbsp;<\/div>\n\t\t\t\t\t\t\t\t\t\t\t\t\t\t\t\t\t\t\t\t\t\t\t<\/div><!-- .gllr_image_block -->\n\t\t\t\t\t\t\t\t\t\t\t\t\t\t\t\t\t\t\t\t\t<div class=\"gllr_image_block\">\n\t\t\t\t\t\t\t\t\t\t\t\t<p style=\"\n\t\t\t\t\t\t\t\t\t\t\t\twidth:164px;height:164px;\t\t\t\t\t\t\t\t\t\t\t\t\">\n\t\t\t\t\t\t\t\t\t\t\t\t\t\t\t\t\t\t\t\t\t\t\t\t\t\t\t\t<a data-fancybox=\"gallery_fancybox\" href=\"https:\/\/woerrlein-naturfoto.de\/wordpress\/wp-content\/uploads\/2014\/12\/Schreiadler_AW21458L4195x2797.jpg\" title=\"Schreiadler - Bild-Nr. Anke_21458L\" >\n\t\t\t\t\t\t\t\t\t\t\t\t\t\t\t\t<img decoding=\"async\" width=&quot;158&quot; height=&quot;158&quot; style=\"width:158px; height:158px; border-width: 3px; border-color:#F1F1F1;border: 3px solid #F1F1F1\" alt=\"Schreiadler\" title=\"Schreiadler - Bild-Nr. Anke_21458L\" src=\"https:\/\/woerrlein-naturfoto.de\/wordpress\/wp-content\/uploads\/2014\/12\/Schreiadler_AW21458L4195x2797-200x200.jpg\" rel=\"https:\/\/woerrlein-naturfoto.de\/wordpress\/wp-content\/uploads\/2014\/12\/Schreiadler_AW21458L4195x2797.jpg\" \/>\t\t\t\t\t\t\t\t\t\t\t\t\t\t\t<\/a>\n\t\t\t\t\t\t\t\t\t\t\t\t\t\t\t\t\t\t\t\t\t\t\t\t\t\t<\/p>\n\t\t\t\t\t\t\t\t\t\t\t\t\t\t\t\t\t\t\t\t\t\t\t\t\t<div \n\t\t\t\t\t\t\t\t\t\t\t\t\tstyle=\"width:164px;\"\t\t\t\t\t\t\t\t\t\t\t\t\tclass=\"gllr_single_image_text gllr_single_image_text_under\">Schreiadler - Bild-Nr. Anke_21458L&nbsp;<\/div>\n\t\t\t\t\t\t\t\t\t\t\t\t\t\t\t\t\t\t\t\t\t\t\t<\/div><!-- .gllr_image_block -->\n\t\t\t\t\t\t\t\t\t\t\t\t\t\t\t\t\t\t\t\t\t<div class=\"gllr_image_block\">\n\t\t\t\t\t\t\t\t\t\t\t\t<p style=\"\n\t\t\t\t\t\t\t\t\t\t\t\twidth:164px;height:164px;\t\t\t\t\t\t\t\t\t\t\t\t\">\n\t\t\t\t\t\t\t\t\t\t\t\t\t\t\t\t\t\t\t\t\t\t\t\t\t\t\t\t<a data-fancybox=\"gallery_fancybox\" href=\"https:\/\/woerrlein-naturfoto.de\/wordpress\/wp-content\/uploads\/2014\/12\/Schreiadler_AW21489L_5842x3895.jpg\" title=\"Schreiadler - Bild-Nr. Anke_21489L\" >\n\t\t\t\t\t\t\t\t\t\t\t\t\t\t\t\t<img decoding=\"async\" width=&quot;158&quot; height=&quot;158&quot; style=\"width:158px; height:158px; border-width: 3px; border-color:#F1F1F1;border: 3px solid #F1F1F1\" alt=\"Schreiadler\" title=\"Schreiadler - Bild-Nr. Anke_21489L\" src=\"https:\/\/woerrlein-naturfoto.de\/wordpress\/wp-content\/uploads\/2014\/12\/Schreiadler_AW21489L_5842x3895-200x200.jpg\" rel=\"https:\/\/woerrlein-naturfoto.de\/wordpress\/wp-content\/uploads\/2014\/12\/Schreiadler_AW21489L_5842x3895.jpg\" \/>\t\t\t\t\t\t\t\t\t\t\t\t\t\t\t<\/a>\n\t\t\t\t\t\t\t\t\t\t\t\t\t\t\t\t\t\t\t\t\t\t\t\t\t\t<\/p>\n\t\t\t\t\t\t\t\t\t\t\t\t\t\t\t\t\t\t\t\t\t\t\t\t\t<div \n\t\t\t\t\t\t\t\t\t\t\t\t\tstyle=\"width:164px;\"\t\t\t\t\t\t\t\t\t\t\t\t\tclass=\"gllr_single_image_text gllr_single_image_text_under\">Schreiadler - Bild-Nr. Anke_21489L&nbsp;<\/div>\n\t\t\t\t\t\t\t\t\t\t\t\t\t\t\t\t\t\t\t\t\t\t\t<\/div><!-- .gllr_image_block -->\n\t\t\t\t\t\t\t\t\t\t\t\t\t\t\t\t\t\t\t\t\t<div class=\"gllr_image_block\">\n\t\t\t\t\t\t\t\t\t\t\t\t<p style=\"\n\t\t\t\t\t\t\t\t\t\t\t\twidth:164px;height:164px;\t\t\t\t\t\t\t\t\t\t\t\t\">\n\t\t\t\t\t\t\t\t\t\t\t\t\t\t\t\t\t\t\t\t\t\t\t\t\t\t\t\t<a data-fancybox=\"gallery_fancybox\" href=\"https:\/\/woerrlein-naturfoto.de\/wordpress\/wp-content\/uploads\/2014\/12\/Schreiadler_AW21506L_6460x4307.jpg\" title=\"Schreiadler - Bild-Nr.Anke_21506L\" >\n\t\t\t\t\t\t\t\t\t\t\t\t\t\t\t\t<img decoding=\"async\" width=&quot;158&quot; height=&quot;158&quot; style=\"width:158px; height:158px; border-width: 3px; border-color:#F1F1F1;border: 3px solid #F1F1F1\" alt=\"Schreiadler\" title=\"Schreiadler - Bild-Nr.Anke_21506L\" src=\"https:\/\/woerrlein-naturfoto.de\/wordpress\/wp-content\/uploads\/2014\/12\/Schreiadler_AW21506L_6460x4307-200x200.jpg\" rel=\"https:\/\/woerrlein-naturfoto.de\/wordpress\/wp-content\/uploads\/2014\/12\/Schreiadler_AW21506L_6460x4307.jpg\" \/>\t\t\t\t\t\t\t\t\t\t\t\t\t\t\t<\/a>\n\t\t\t\t\t\t\t\t\t\t\t\t\t\t\t\t\t\t\t\t\t\t\t\t\t\t<\/p>\n\t\t\t\t\t\t\t\t\t\t\t\t\t\t\t\t\t\t\t\t\t\t\t\t\t<div \n\t\t\t\t\t\t\t\t\t\t\t\t\tstyle=\"width:164px;\"\t\t\t\t\t\t\t\t\t\t\t\t\tclass=\"gllr_single_image_text gllr_single_image_text_under\">Schreiadler - Bild-Nr.Anke_21506L&nbsp;<\/div>\n\t\t\t\t\t\t\t\t\t\t\t\t\t\t\t\t\t\t\t\t\t\t\t<\/div><!-- .gllr_image_block -->\n\t\t\t\t\t\t\t\t\t\t\t\t\t\t\t\t\t\t\t\t\t<div class=\"gllr_image_block\">\n\t\t\t\t\t\t\t\t\t\t\t\t<p style=\"\n\t\t\t\t\t\t\t\t\t\t\t\twidth:164px;height:164px;\t\t\t\t\t\t\t\t\t\t\t\t\">\n\t\t\t\t\t\t\t\t\t\t\t\t\t\t\t\t\t\t\t\t\t\t\t\t\t\t\t\t<a data-fancybox=\"gallery_fancybox\" href=\"https:\/\/woerrlein-naturfoto.de\/wordpress\/wp-content\/uploads\/Schreiadler_MW33511_gros.jpg\" title=\"Schreiadler (captive) - Bild-Nr. Marina_33511\" >\n\t\t\t\t\t\t\t\t\t\t\t\t\t\t\t\t<img decoding=\"async\" width=&quot;158&quot; height=&quot;158&quot; style=\"width:158px; height:158px; border-width: 3px; border-color:#F1F1F1;border: 3px solid #F1F1F1\" alt=\"Schreiadler\" title=\"Schreiadler (captive) - Bild-Nr. Marina_33511\" src=\"https:\/\/woerrlein-naturfoto.de\/wordpress\/wp-content\/uploads\/Schreiadler_MW33511_gros-200x200.jpg\" rel=\"https:\/\/woerrlein-naturfoto.de\/wordpress\/wp-content\/uploads\/Schreiadler_MW33511_gros.jpg\" \/>\t\t\t\t\t\t\t\t\t\t\t\t\t\t\t<\/a>\n\t\t\t\t\t\t\t\t\t\t\t\t\t\t\t\t\t\t\t\t\t\t\t\t\t\t<\/p>\n\t\t\t\t\t\t\t\t\t\t\t\t\t\t\t\t\t\t\t\t\t\t\t\t\t<div \n\t\t\t\t\t\t\t\t\t\t\t\t\tstyle=\"width:164px;\"\t\t\t\t\t\t\t\t\t\t\t\t\tclass=\"gllr_single_image_text gllr_single_image_text_under\">Schreiadler (captive) - Bild-Nr. Marina_33511&nbsp;<\/div>\n\t\t\t\t\t\t\t\t\t\t\t\t\t\t\t\t\t\t\t\t\t\t\t<\/div><!-- .gllr_image_block -->\n\t\t\t\t\t\t\t\t\t\t\t\t\t\t\t\t\t\t\t\t\t<div class=\"gllr_image_block\">\n\t\t\t\t\t\t\t\t\t\t\t\t<p style=\"\n\t\t\t\t\t\t\t\t\t\t\t\twidth:164px;height:164px;\t\t\t\t\t\t\t\t\t\t\t\t\">\n\t\t\t\t\t\t\t\t\t\t\t\t\t\t\t\t\t\t\t\t\t\t\t\t\t\t\t\t<a data-fancybox=\"gallery_fancybox\" href=\"https:\/\/woerrlein-naturfoto.de\/wordpress\/wp-content\/uploads\/2014\/12\/Schwarzmilan_230509_3112.jpg\" title=\"Schwarzmilan - Bild-Nr. Dieter_230509_3112\" >\n\t\t\t\t\t\t\t\t\t\t\t\t\t\t\t\t<img decoding=\"async\" width=&quot;158&quot; height=&quot;158&quot; style=\"width:158px; height:158px; border-width: 3px; border-color:#F1F1F1;border: 3px solid #F1F1F1\" alt=\"Schwarzmilan\" title=\"Schwarzmilan - Bild-Nr. Dieter_230509_3112\" src=\"https:\/\/woerrlein-naturfoto.de\/wordpress\/wp-content\/uploads\/2014\/12\/Schwarzmilan_230509_3112-158x158.jpg\" rel=\"https:\/\/woerrlein-naturfoto.de\/wordpress\/wp-content\/uploads\/2014\/12\/Schwarzmilan_230509_3112.jpg\" \/>\t\t\t\t\t\t\t\t\t\t\t\t\t\t\t<\/a>\n\t\t\t\t\t\t\t\t\t\t\t\t\t\t\t\t\t\t\t\t\t\t\t\t\t\t<\/p>\n\t\t\t\t\t\t\t\t\t\t\t\t\t\t\t\t\t\t\t\t\t\t\t\t\t<div \n\t\t\t\t\t\t\t\t\t\t\t\t\tstyle=\"width:164px;\"\t\t\t\t\t\t\t\t\t\t\t\t\tclass=\"gllr_single_image_text gllr_single_image_text_under\">Schwarzmilan - Bild-Nr. Dieter_230509_3112&nbsp;<\/div>\n\t\t\t\t\t\t\t\t\t\t\t\t\t\t\t\t\t\t\t\t\t\t\t<\/div><!-- .gllr_image_block -->\n\t\t\t\t\t\t\t\t\t\t\t\t\t\t\t\t\t\t\t\t\t<div class=\"gllr_image_block\">\n\t\t\t\t\t\t\t\t\t\t\t\t<p style=\"\n\t\t\t\t\t\t\t\t\t\t\t\twidth:164px;height:164px;\t\t\t\t\t\t\t\t\t\t\t\t\">\n\t\t\t\t\t\t\t\t\t\t\t\t\t\t\t\t\t\t\t\t\t\t\t\t\t\t\t\t<a data-fancybox=\"gallery_fancybox\" href=\"https:\/\/woerrlein-naturfoto.de\/wordpress\/wp-content\/uploads\/2014\/12\/Schwarzmilan_230509_3114.jpg\" title=\"Schwarzmilan - Bild-Nr. Dieter_230509_3114\" >\n\t\t\t\t\t\t\t\t\t\t\t\t\t\t\t\t<img decoding=\"async\" width=&quot;158&quot; height=&quot;158&quot; style=\"width:158px; height:158px; border-width: 3px; border-color:#F1F1F1;border: 3px solid #F1F1F1\" alt=\"Schwarzmilan\" title=\"Schwarzmilan - Bild-Nr. Dieter_230509_3114\" src=\"https:\/\/woerrlein-naturfoto.de\/wordpress\/wp-content\/uploads\/2014\/12\/Schwarzmilan_230509_3114-158x158.jpg\" rel=\"https:\/\/woerrlein-naturfoto.de\/wordpress\/wp-content\/uploads\/2014\/12\/Schwarzmilan_230509_3114.jpg\" \/>\t\t\t\t\t\t\t\t\t\t\t\t\t\t\t<\/a>\n\t\t\t\t\t\t\t\t\t\t\t\t\t\t\t\t\t\t\t\t\t\t\t\t\t\t<\/p>\n\t\t\t\t\t\t\t\t\t\t\t\t\t\t\t\t\t\t\t\t\t\t\t\t\t<div \n\t\t\t\t\t\t\t\t\t\t\t\t\tstyle=\"width:164px;\"\t\t\t\t\t\t\t\t\t\t\t\t\tclass=\"gllr_single_image_text gllr_single_image_text_under\">Schwarzmilan - Bild-Nr. Dieter_230509_3114&nbsp;<\/div>\n\t\t\t\t\t\t\t\t\t\t\t\t\t\t\t\t\t\t\t\t\t\t\t<\/div><!-- .gllr_image_block -->\n\t\t\t\t\t\t\t\t\t\t\t\t\t\t\t\t\t\t\t\t\t<\/div><!-- .gllr_image_row -->\n\t\t\t\t\t\t\t\t\t\t\t\t\t\t\t\t\t\t\t\t\t\t<div class=\"gllr_image_row\">\n\t\t\t\t\t\t\t\t\t\t\t\t\t\t\t\t\t\t\t\t\t<div class=\"gllr_image_block\">\n\t\t\t\t\t\t\t\t\t\t\t\t<p style=\"\n\t\t\t\t\t\t\t\t\t\t\t\twidth:164px;height:164px;\t\t\t\t\t\t\t\t\t\t\t\t\">\n\t\t\t\t\t\t\t\t\t\t\t\t\t\t\t\t\t\t\t\t\t\t\t\t\t\t\t\t<a data-fancybox=\"gallery_fancybox\" href=\"https:\/\/woerrlein-naturfoto.de\/wordpress\/wp-content\/uploads\/2014\/12\/Schwarzmilan_230509_3118.jpg\" title=\"Schwarzmilan - Bild-Nr. Dieter_230509_3118\" >\n\t\t\t\t\t\t\t\t\t\t\t\t\t\t\t\t<img decoding=\"async\" width=&quot;158&quot; height=&quot;158&quot; style=\"width:158px; height:158px; border-width: 3px; border-color:#F1F1F1;border: 3px solid #F1F1F1\" alt=\"Schwarzmilan\" title=\"Schwarzmilan - Bild-Nr. Dieter_230509_3118\" src=\"https:\/\/woerrlein-naturfoto.de\/wordpress\/wp-content\/uploads\/2014\/12\/Schwarzmilan_230509_3118-158x158.jpg\" rel=\"https:\/\/woerrlein-naturfoto.de\/wordpress\/wp-content\/uploads\/2014\/12\/Schwarzmilan_230509_3118.jpg\" \/>\t\t\t\t\t\t\t\t\t\t\t\t\t\t\t<\/a>\n\t\t\t\t\t\t\t\t\t\t\t\t\t\t\t\t\t\t\t\t\t\t\t\t\t\t<\/p>\n\t\t\t\t\t\t\t\t\t\t\t\t\t\t\t\t\t\t\t\t\t\t\t\t\t<div \n\t\t\t\t\t\t\t\t\t\t\t\t\tstyle=\"width:164px;\"\t\t\t\t\t\t\t\t\t\t\t\t\tclass=\"gllr_single_image_text gllr_single_image_text_under\">Schwarzmilan - Bild-Nr. Dieter_230509_3118&nbsp;<\/div>\n\t\t\t\t\t\t\t\t\t\t\t\t\t\t\t\t\t\t\t\t\t\t\t<\/div><!-- .gllr_image_block -->\n\t\t\t\t\t\t\t\t\t\t\t\t\t\t\t\t\t\t\t\t\t<div class=\"gllr_image_block\">\n\t\t\t\t\t\t\t\t\t\t\t\t<p style=\"\n\t\t\t\t\t\t\t\t\t\t\t\twidth:164px;height:164px;\t\t\t\t\t\t\t\t\t\t\t\t\">\n\t\t\t\t\t\t\t\t\t\t\t\t\t\t\t\t\t\t\t\t\t\t\t\t\t\t\t\t<a data-fancybox=\"gallery_fancybox\" href=\"https:\/\/woerrlein-naturfoto.de\/wordpress\/wp-content\/uploads\/2014\/12\/Schwarzmilan_230509_3178.jpg\" title=\"Schwarzmilan - Bild-Nr. Dieter_230509_3178\" >\n\t\t\t\t\t\t\t\t\t\t\t\t\t\t\t\t<img decoding=\"async\" width=&quot;158&quot; height=&quot;158&quot; style=\"width:158px; height:158px; border-width: 3px; border-color:#F1F1F1;border: 3px solid #F1F1F1\" alt=\"Schwarzmilan\" title=\"Schwarzmilan - Bild-Nr. Dieter_230509_3178\" src=\"https:\/\/woerrlein-naturfoto.de\/wordpress\/wp-content\/uploads\/2014\/12\/Schwarzmilan_230509_3178-158x158.jpg\" rel=\"https:\/\/woerrlein-naturfoto.de\/wordpress\/wp-content\/uploads\/2014\/12\/Schwarzmilan_230509_3178.jpg\" \/>\t\t\t\t\t\t\t\t\t\t\t\t\t\t\t<\/a>\n\t\t\t\t\t\t\t\t\t\t\t\t\t\t\t\t\t\t\t\t\t\t\t\t\t\t<\/p>\n\t\t\t\t\t\t\t\t\t\t\t\t\t\t\t\t\t\t\t\t\t\t\t\t\t<div \n\t\t\t\t\t\t\t\t\t\t\t\t\tstyle=\"width:164px;\"\t\t\t\t\t\t\t\t\t\t\t\t\tclass=\"gllr_single_image_text gllr_single_image_text_under\">Schwarzmilan - Bild-Nr. Dieter_230509_3178&nbsp;<\/div>\n\t\t\t\t\t\t\t\t\t\t\t\t\t\t\t\t\t\t\t\t\t\t\t<\/div><!-- .gllr_image_block -->\n\t\t\t\t\t\t\t\t\t\t\t\t\t\t\t\t\t\t\t\t\t<div class=\"gllr_image_block\">\n\t\t\t\t\t\t\t\t\t\t\t\t<p style=\"\n\t\t\t\t\t\t\t\t\t\t\t\twidth:164px;height:164px;\t\t\t\t\t\t\t\t\t\t\t\t\">\n\t\t\t\t\t\t\t\t\t\t\t\t\t\t\t\t\t\t\t\t\t\t\t\t\t\t\t\t<a data-fancybox=\"gallery_fancybox\" href=\"https:\/\/woerrlein-naturfoto.de\/wordpress\/wp-content\/uploads\/2014\/12\/Schwarzmilan_230511_3501.jpg\" title=\"Schwarzmilan - Bild-Nr. Dieter_230511_3501\" >\n\t\t\t\t\t\t\t\t\t\t\t\t\t\t\t\t<img decoding=\"async\" width=&quot;158&quot; height=&quot;158&quot; style=\"width:158px; height:158px; border-width: 3px; border-color:#F1F1F1;border: 3px solid #F1F1F1\" alt=\"Schwarzmilan\" title=\"Schwarzmilan - Bild-Nr. Dieter_230511_3501\" src=\"https:\/\/woerrlein-naturfoto.de\/wordpress\/wp-content\/uploads\/2014\/12\/Schwarzmilan_230511_3501-158x158.jpg\" rel=\"https:\/\/woerrlein-naturfoto.de\/wordpress\/wp-content\/uploads\/2014\/12\/Schwarzmilan_230511_3501.jpg\" \/>\t\t\t\t\t\t\t\t\t\t\t\t\t\t\t<\/a>\n\t\t\t\t\t\t\t\t\t\t\t\t\t\t\t\t\t\t\t\t\t\t\t\t\t\t<\/p>\n\t\t\t\t\t\t\t\t\t\t\t\t\t\t\t\t\t\t\t\t\t\t\t\t\t<div \n\t\t\t\t\t\t\t\t\t\t\t\t\tstyle=\"width:164px;\"\t\t\t\t\t\t\t\t\t\t\t\t\tclass=\"gllr_single_image_text gllr_single_image_text_under\">Schwarzmilan - Bild-Nr. Dieter_230511_3501&nbsp;<\/div>\n\t\t\t\t\t\t\t\t\t\t\t\t\t\t\t\t\t\t\t\t\t\t\t<\/div><!-- .gllr_image_block -->\n\t\t\t\t\t\t\t\t\t\t\t\t\t\t\t\t\t\t\t\t\t<div class=\"gllr_image_block\">\n\t\t\t\t\t\t\t\t\t\t\t\t<p style=\"\n\t\t\t\t\t\t\t\t\t\t\t\twidth:164px;height:164px;\t\t\t\t\t\t\t\t\t\t\t\t\">\n\t\t\t\t\t\t\t\t\t\t\t\t\t\t\t\t\t\t\t\t\t\t\t\t\t\t\t\t<a data-fancybox=\"gallery_fancybox\" href=\"https:\/\/woerrlein-naturfoto.de\/wordpress\/wp-content\/uploads\/2014\/12\/Schwarzmilan_230511_3528.jpg\" title=\"Schwarzmilan - Bild-Nr. Dieter_230511_3528\" >\n\t\t\t\t\t\t\t\t\t\t\t\t\t\t\t\t<img decoding=\"async\" width=&quot;158&quot; height=&quot;158&quot; style=\"width:158px; height:158px; border-width: 3px; border-color:#F1F1F1;border: 3px solid #F1F1F1\" alt=\"Schwarzmilan\" title=\"Schwarzmilan - Bild-Nr. Dieter_230511_3528\" src=\"https:\/\/woerrlein-naturfoto.de\/wordpress\/wp-content\/uploads\/2014\/12\/Schwarzmilan_230511_3528-158x158.jpg\" rel=\"https:\/\/woerrlein-naturfoto.de\/wordpress\/wp-content\/uploads\/2014\/12\/Schwarzmilan_230511_3528.jpg\" \/>\t\t\t\t\t\t\t\t\t\t\t\t\t\t\t<\/a>\n\t\t\t\t\t\t\t\t\t\t\t\t\t\t\t\t\t\t\t\t\t\t\t\t\t\t<\/p>\n\t\t\t\t\t\t\t\t\t\t\t\t\t\t\t\t\t\t\t\t\t\t\t\t\t<div \n\t\t\t\t\t\t\t\t\t\t\t\t\tstyle=\"width:164px;\"\t\t\t\t\t\t\t\t\t\t\t\t\tclass=\"gllr_single_image_text gllr_single_image_text_under\">Schwarzmilan - Bild-Nr. Dieter_230511_3528&nbsp;<\/div>\n\t\t\t\t\t\t\t\t\t\t\t\t\t\t\t\t\t\t\t\t\t\t\t<\/div><!-- .gllr_image_block -->\n\t\t\t\t\t\t\t\t\t\t\t\t\t\t\t\t\t\t\t\t\t<div class=\"gllr_image_block\">\n\t\t\t\t\t\t\t\t\t\t\t\t<p style=\"\n\t\t\t\t\t\t\t\t\t\t\t\twidth:164px;height:164px;\t\t\t\t\t\t\t\t\t\t\t\t\">\n\t\t\t\t\t\t\t\t\t\t\t\t\t\t\t\t\t\t\t\t\t\t\t\t\t\t\t\t<a data-fancybox=\"gallery_fancybox\" href=\"https:\/\/woerrlein-naturfoto.de\/wordpress\/wp-content\/uploads\/2014\/12\/Schwarzmilan_230511_3552.jpg\" title=\"Schwarzmilan - Bild-Nr. Dieter_230509_3552\" >\n\t\t\t\t\t\t\t\t\t\t\t\t\t\t\t\t<img decoding=\"async\" width=&quot;158&quot; height=&quot;158&quot; style=\"width:158px; height:158px; border-width: 3px; border-color:#F1F1F1;border: 3px solid #F1F1F1\" alt=\"Schwarzmilan\" title=\"Schwarzmilan - Bild-Nr. Dieter_230509_3552\" src=\"https:\/\/woerrlein-naturfoto.de\/wordpress\/wp-content\/uploads\/2014\/12\/Schwarzmilan_230511_3552-158x158.jpg\" rel=\"https:\/\/woerrlein-naturfoto.de\/wordpress\/wp-content\/uploads\/2014\/12\/Schwarzmilan_230511_3552.jpg\" \/>\t\t\t\t\t\t\t\t\t\t\t\t\t\t\t<\/a>\n\t\t\t\t\t\t\t\t\t\t\t\t\t\t\t\t\t\t\t\t\t\t\t\t\t\t<\/p>\n\t\t\t\t\t\t\t\t\t\t\t\t\t\t\t\t\t\t\t\t\t\t\t\t\t<div \n\t\t\t\t\t\t\t\t\t\t\t\t\tstyle=\"width:164px;\"\t\t\t\t\t\t\t\t\t\t\t\t\tclass=\"gllr_single_image_text gllr_single_image_text_under\">Schwarzmilan - Bild-Nr. Dieter_230509_3552&nbsp;<\/div>\n\t\t\t\t\t\t\t\t\t\t\t\t\t\t\t\t\t\t\t\t\t\t\t<\/div><!-- .gllr_image_block -->\n\t\t\t\t\t\t\t\t\t\t\t\t\t\t\t\t\t\t\t\t\t<div class=\"gllr_image_block\">\n\t\t\t\t\t\t\t\t\t\t\t\t<p style=\"\n\t\t\t\t\t\t\t\t\t\t\t\twidth:164px;height:164px;\t\t\t\t\t\t\t\t\t\t\t\t\">\n\t\t\t\t\t\t\t\t\t\t\t\t\t\t\t\t\t\t\t\t\t\t\t\t\t\t\t\t<a data-fancybox=\"gallery_fancybox\" href=\"https:\/\/woerrlein-naturfoto.de\/wordpress\/wp-content\/uploads\/2019\/06\/Maeusebussard_AW15444L_4977x3318.jpg\" title=\"Schwarzmilan - Bild-Nr. Anke_15444L\" >\n\t\t\t\t\t\t\t\t\t\t\t\t\t\t\t\t<img decoding=\"async\" width=&quot;158&quot; height=&quot;158&quot; style=\"width:158px; height:158px; border-width: 3px; border-color:#F1F1F1;border: 3px solid #F1F1F1\" alt=\"Schwarzmilan\" title=\"Schwarzmilan - Bild-Nr. Anke_15444L\" src=\"https:\/\/woerrlein-naturfoto.de\/wordpress\/wp-content\/uploads\/2019\/06\/Maeusebussard_AW15444L_4977x3318-200x200.jpg\" rel=\"https:\/\/woerrlein-naturfoto.de\/wordpress\/wp-content\/uploads\/2019\/06\/Maeusebussard_AW15444L_4977x3318.jpg\" \/>\t\t\t\t\t\t\t\t\t\t\t\t\t\t\t<\/a>\n\t\t\t\t\t\t\t\t\t\t\t\t\t\t\t\t\t\t\t\t\t\t\t\t\t\t<\/p>\n\t\t\t\t\t\t\t\t\t\t\t\t\t\t\t\t\t\t\t\t\t\t\t\t\t<div \n\t\t\t\t\t\t\t\t\t\t\t\t\tstyle=\"width:164px;\"\t\t\t\t\t\t\t\t\t\t\t\t\tclass=\"gllr_single_image_text gllr_single_image_text_under\">Schwarzmilan - Bild-Nr. Anke_15444L&nbsp;<\/div>\n\t\t\t\t\t\t\t\t\t\t\t\t\t\t\t\t\t\t\t\t\t\t\t<\/div><!-- .gllr_image_block -->\n\t\t\t\t\t\t\t\t\t\t\t\t\t\t\t\t\t\t\t\t\t<div class=\"gllr_image_block\">\n\t\t\t\t\t\t\t\t\t\t\t\t<p style=\"\n\t\t\t\t\t\t\t\t\t\t\t\twidth:164px;height:164px;\t\t\t\t\t\t\t\t\t\t\t\t\">\n\t\t\t\t\t\t\t\t\t\t\t\t\t\t\t\t\t\t\t\t\t\t\t\t\t\t\t\t<a data-fancybox=\"gallery_fancybox\" href=\"https:\/\/woerrlein-naturfoto.de\/wordpress\/wp-content\/uploads\/2014\/12\/Schwarzmilan_AW31088L.jpg\" title=\"Schwarzmilan - Bild-Nr. Anke_31088L\" >\n\t\t\t\t\t\t\t\t\t\t\t\t\t\t\t\t<img decoding=\"async\" width=&quot;158&quot; height=&quot;158&quot; style=\"width:158px; height:158px; border-width: 3px; border-color:#F1F1F1;border: 3px solid #F1F1F1\" alt=\"Schwarzmilan\" title=\"Schwarzmilan - Bild-Nr. Anke_31088L\" src=\"https:\/\/woerrlein-naturfoto.de\/wordpress\/wp-content\/uploads\/2014\/12\/Schwarzmilan_AW31088L-158x158.jpg\" rel=\"https:\/\/woerrlein-naturfoto.de\/wordpress\/wp-content\/uploads\/2014\/12\/Schwarzmilan_AW31088L.jpg\" \/>\t\t\t\t\t\t\t\t\t\t\t\t\t\t\t<\/a>\n\t\t\t\t\t\t\t\t\t\t\t\t\t\t\t\t\t\t\t\t\t\t\t\t\t\t<\/p>\n\t\t\t\t\t\t\t\t\t\t\t\t\t\t\t\t\t\t\t\t\t\t\t\t\t<div \n\t\t\t\t\t\t\t\t\t\t\t\t\tstyle=\"width:164px;\"\t\t\t\t\t\t\t\t\t\t\t\t\tclass=\"gllr_single_image_text gllr_single_image_text_under\">Schwarzmilan - Bild-Nr. Anke_31088L&nbsp;<\/div>\n\t\t\t\t\t\t\t\t\t\t\t\t\t\t\t\t\t\t\t\t\t\t\t<\/div><!-- .gllr_image_block -->\n\t\t\t\t\t\t\t\t\t\t\t\t\t\t\t\t\t\t\t\t\t<div class=\"gllr_image_block\">\n\t\t\t\t\t\t\t\t\t\t\t\t<p style=\"\n\t\t\t\t\t\t\t\t\t\t\t\twidth:164px;height:164px;\t\t\t\t\t\t\t\t\t\t\t\t\">\n\t\t\t\t\t\t\t\t\t\t\t\t\t\t\t\t\t\t\t\t\t\t\t\t\t\t\t\t<a data-fancybox=\"gallery_fancybox\" href=\"https:\/\/woerrlein-naturfoto.de\/wordpress\/wp-content\/uploads\/2014\/12\/Schwarzmilan_AW31091L.jpg\" title=\"Schwarzmilan - Bild-Nr. Anke_31091L\" >\n\t\t\t\t\t\t\t\t\t\t\t\t\t\t\t\t<img decoding=\"async\" width=&quot;158&quot; height=&quot;158&quot; style=\"width:158px; height:158px; border-width: 3px; border-color:#F1F1F1;border: 3px solid #F1F1F1\" alt=\"Schwarzmilan\" title=\"Schwarzmilan - Bild-Nr. Anke_31091L\" src=\"https:\/\/woerrlein-naturfoto.de\/wordpress\/wp-content\/uploads\/2014\/12\/Schwarzmilan_AW31091L-158x158.jpg\" rel=\"https:\/\/woerrlein-naturfoto.de\/wordpress\/wp-content\/uploads\/2014\/12\/Schwarzmilan_AW31091L.jpg\" \/>\t\t\t\t\t\t\t\t\t\t\t\t\t\t\t<\/a>\n\t\t\t\t\t\t\t\t\t\t\t\t\t\t\t\t\t\t\t\t\t\t\t\t\t\t<\/p>\n\t\t\t\t\t\t\t\t\t\t\t\t\t\t\t\t\t\t\t\t\t\t\t\t\t<div \n\t\t\t\t\t\t\t\t\t\t\t\t\tstyle=\"width:164px;\"\t\t\t\t\t\t\t\t\t\t\t\t\tclass=\"gllr_single_image_text gllr_single_image_text_under\">Schwarzmilan - Bild-Nr. Anke_31091L&nbsp;<\/div>\n\t\t\t\t\t\t\t\t\t\t\t\t\t\t\t\t\t\t\t\t\t\t\t<\/div><!-- .gllr_image_block -->\n\t\t\t\t\t\t\t\t\t\t\t\t\t\t\t\t\t\t\t\t\t<\/div><!-- .gllr_image_row -->\n\t\t\t\t\t\t\t\t\t\t\t\t\t\t\t\t\t\t\t\t\t\t<div class=\"gllr_image_row\">\n\t\t\t\t\t\t\t\t\t\t\t\t\t\t\t\t\t\t\t\t\t<div class=\"gllr_image_block\">\n\t\t\t\t\t\t\t\t\t\t\t\t<p style=\"\n\t\t\t\t\t\t\t\t\t\t\t\twidth:164px;height:164px;\t\t\t\t\t\t\t\t\t\t\t\t\">\n\t\t\t\t\t\t\t\t\t\t\t\t\t\t\t\t\t\t\t\t\t\t\t\t\t\t\t\t<a data-fancybox=\"gallery_fancybox\" href=\"https:\/\/woerrlein-naturfoto.de\/wordpress\/wp-content\/uploads\/2014\/12\/Schwarzmilan_AW31096L.jpg\" title=\"Schwarzmilan - Bild-Nr. Anke_31096L\" >\n\t\t\t\t\t\t\t\t\t\t\t\t\t\t\t\t<img decoding=\"async\" width=&quot;158&quot; height=&quot;158&quot; style=\"width:158px; height:158px; border-width: 3px; border-color:#F1F1F1;border: 3px solid #F1F1F1\" alt=\"Schwarzmilan\" title=\"Schwarzmilan - Bild-Nr. Anke_31096L\" src=\"https:\/\/woerrlein-naturfoto.de\/wordpress\/wp-content\/uploads\/2014\/12\/Schwarzmilan_AW31096L-158x158.jpg\" rel=\"https:\/\/woerrlein-naturfoto.de\/wordpress\/wp-content\/uploads\/2014\/12\/Schwarzmilan_AW31096L.jpg\" \/>\t\t\t\t\t\t\t\t\t\t\t\t\t\t\t<\/a>\n\t\t\t\t\t\t\t\t\t\t\t\t\t\t\t\t\t\t\t\t\t\t\t\t\t\t<\/p>\n\t\t\t\t\t\t\t\t\t\t\t\t\t\t\t\t\t\t\t\t\t\t\t\t\t<div \n\t\t\t\t\t\t\t\t\t\t\t\t\tstyle=\"width:164px;\"\t\t\t\t\t\t\t\t\t\t\t\t\tclass=\"gllr_single_image_text gllr_single_image_text_under\">Schwarzmilan - Bild-Nr. Anke_31096L&nbsp;<\/div>\n\t\t\t\t\t\t\t\t\t\t\t\t\t\t\t\t\t\t\t\t\t\t\t<\/div><!-- .gllr_image_block -->\n\t\t\t\t\t\t\t\t\t\t\t\t\t\t\t\t\t\t\t\t\t<div class=\"gllr_image_block\">\n\t\t\t\t\t\t\t\t\t\t\t\t<p style=\"\n\t\t\t\t\t\t\t\t\t\t\t\twidth:164px;height:164px;\t\t\t\t\t\t\t\t\t\t\t\t\">\n\t\t\t\t\t\t\t\t\t\t\t\t\t\t\t\t\t\t\t\t\t\t\t\t\t\t\t\t<a data-fancybox=\"gallery_fancybox\" href=\"https:\/\/woerrlein-naturfoto.de\/wordpress\/wp-content\/uploads\/2014\/12\/Schwarzmilan_AW31101L.jpg\" title=\"Schwarzmilan - Bild-Nr. Anke_31101L\" >\n\t\t\t\t\t\t\t\t\t\t\t\t\t\t\t\t<img decoding=\"async\" width=&quot;158&quot; height=&quot;158&quot; style=\"width:158px; height:158px; border-width: 3px; border-color:#F1F1F1;border: 3px solid #F1F1F1\" alt=\"Schwarzmilan\" title=\"Schwarzmilan - Bild-Nr. Anke_31101L\" src=\"https:\/\/woerrlein-naturfoto.de\/wordpress\/wp-content\/uploads\/2014\/12\/Schwarzmilan_AW31101L-158x158.jpg\" rel=\"https:\/\/woerrlein-naturfoto.de\/wordpress\/wp-content\/uploads\/2014\/12\/Schwarzmilan_AW31101L.jpg\" \/>\t\t\t\t\t\t\t\t\t\t\t\t\t\t\t<\/a>\n\t\t\t\t\t\t\t\t\t\t\t\t\t\t\t\t\t\t\t\t\t\t\t\t\t\t<\/p>\n\t\t\t\t\t\t\t\t\t\t\t\t\t\t\t\t\t\t\t\t\t\t\t\t\t<div \n\t\t\t\t\t\t\t\t\t\t\t\t\tstyle=\"width:164px;\"\t\t\t\t\t\t\t\t\t\t\t\t\tclass=\"gllr_single_image_text gllr_single_image_text_under\">Schwarzmilan - Bild-Nr. Anke_31101L&nbsp;<\/div>\n\t\t\t\t\t\t\t\t\t\t\t\t\t\t\t\t\t\t\t\t\t\t\t<\/div><!-- .gllr_image_block -->\n\t\t\t\t\t\t\t\t\t\t\t\t\t\t\t\t\t\t\t\t\t<div class=\"gllr_image_block\">\n\t\t\t\t\t\t\t\t\t\t\t\t<p style=\"\n\t\t\t\t\t\t\t\t\t\t\t\twidth:164px;height:164px;\t\t\t\t\t\t\t\t\t\t\t\t\">\n\t\t\t\t\t\t\t\t\t\t\t\t\t\t\t\t\t\t\t\t\t\t\t\t\t\t\t\t<a data-fancybox=\"gallery_fancybox\" href=\"https:\/\/woerrlein-naturfoto.de\/wordpress\/wp-content\/uploads\/2014\/12\/Schwarzmilan_AW31236L.jpg\" title=\"Schwarzmilan - Bild-Nr. Anke_31236L\" >\n\t\t\t\t\t\t\t\t\t\t\t\t\t\t\t\t<img decoding=\"async\" width=&quot;158&quot; height=&quot;158&quot; style=\"width:158px; height:158px; border-width: 3px; border-color:#F1F1F1;border: 3px solid #F1F1F1\" alt=\"Schwarzmilan\" title=\"Schwarzmilan - Bild-Nr. Anke_31236L\" src=\"https:\/\/woerrlein-naturfoto.de\/wordpress\/wp-content\/uploads\/2014\/12\/Schwarzmilan_AW31236L-158x158.jpg\" rel=\"https:\/\/woerrlein-naturfoto.de\/wordpress\/wp-content\/uploads\/2014\/12\/Schwarzmilan_AW31236L.jpg\" \/>\t\t\t\t\t\t\t\t\t\t\t\t\t\t\t<\/a>\n\t\t\t\t\t\t\t\t\t\t\t\t\t\t\t\t\t\t\t\t\t\t\t\t\t\t<\/p>\n\t\t\t\t\t\t\t\t\t\t\t\t\t\t\t\t\t\t\t\t\t\t\t\t\t<div \n\t\t\t\t\t\t\t\t\t\t\t\t\tstyle=\"width:164px;\"\t\t\t\t\t\t\t\t\t\t\t\t\tclass=\"gllr_single_image_text gllr_single_image_text_under\">Schwarzmilan - Bild-Nr. Anke_31236L&nbsp;<\/div>\n\t\t\t\t\t\t\t\t\t\t\t\t\t\t\t\t\t\t\t\t\t\t\t<\/div><!-- .gllr_image_block -->\n\t\t\t\t\t\t\t\t\t\t\t\t\t\t\t\t\t\t\t\t\t<div class=\"gllr_image_block\">\n\t\t\t\t\t\t\t\t\t\t\t\t<p style=\"\n\t\t\t\t\t\t\t\t\t\t\t\twidth:164px;height:164px;\t\t\t\t\t\t\t\t\t\t\t\t\">\n\t\t\t\t\t\t\t\t\t\t\t\t\t\t\t\t\t\t\t\t\t\t\t\t\t\t\t\t<a data-fancybox=\"gallery_fancybox\" href=\"https:\/\/woerrlein-naturfoto.de\/wordpress\/wp-content\/uploads\/2014\/12\/Schwarzmilan_AW31875L.jpg\" title=\"Schwarzmilan - Bild-Nr. Anke_31875L\" >\n\t\t\t\t\t\t\t\t\t\t\t\t\t\t\t\t<img decoding=\"async\" width=&quot;158&quot; height=&quot;158&quot; style=\"width:158px; height:158px; border-width: 3px; border-color:#F1F1F1;border: 3px solid #F1F1F1\" alt=\"Schwarzmilan\" title=\"Schwarzmilan - Bild-Nr. Anke_31875L\" src=\"https:\/\/woerrlein-naturfoto.de\/wordpress\/wp-content\/uploads\/2014\/12\/Schwarzmilan_AW31875L-158x158.jpg\" rel=\"https:\/\/woerrlein-naturfoto.de\/wordpress\/wp-content\/uploads\/2014\/12\/Schwarzmilan_AW31875L.jpg\" \/>\t\t\t\t\t\t\t\t\t\t\t\t\t\t\t<\/a>\n\t\t\t\t\t\t\t\t\t\t\t\t\t\t\t\t\t\t\t\t\t\t\t\t\t\t<\/p>\n\t\t\t\t\t\t\t\t\t\t\t\t\t\t\t\t\t\t\t\t\t\t\t\t\t<div \n\t\t\t\t\t\t\t\t\t\t\t\t\tstyle=\"width:164px;\"\t\t\t\t\t\t\t\t\t\t\t\t\tclass=\"gllr_single_image_text gllr_single_image_text_under\">Schwarzmilan - Bild-Nr. Anke_31875L&nbsp;<\/div>\n\t\t\t\t\t\t\t\t\t\t\t\t\t\t\t\t\t\t\t\t\t\t\t<\/div><!-- .gllr_image_block -->\n\t\t\t\t\t\t\t\t\t\t\t\t\t\t\t\t\t\t\t\t\t<div class=\"gllr_image_block\">\n\t\t\t\t\t\t\t\t\t\t\t\t<p style=\"\n\t\t\t\t\t\t\t\t\t\t\t\twidth:164px;height:164px;\t\t\t\t\t\t\t\t\t\t\t\t\">\n\t\t\t\t\t\t\t\t\t\t\t\t\t\t\t\t\t\t\t\t\t\t\t\t\t\t\t\t<a data-fancybox=\"gallery_fancybox\" href=\"https:\/\/woerrlein-naturfoto.de\/wordpress\/wp-content\/uploads\/2014\/12\/Schwarzmilan_AW31877L.jpg\" title=\"Schwarzmilan - Bild-Nr. Anke_31877L\" >\n\t\t\t\t\t\t\t\t\t\t\t\t\t\t\t\t<img decoding=\"async\" width=&quot;158&quot; height=&quot;158&quot; style=\"width:158px; height:158px; border-width: 3px; border-color:#F1F1F1;border: 3px solid #F1F1F1\" alt=\"Schwarzmilan\" title=\"Schwarzmilan - Bild-Nr. Anke_31877L\" src=\"https:\/\/woerrlein-naturfoto.de\/wordpress\/wp-content\/uploads\/2014\/12\/Schwarzmilan_AW31877L-158x158.jpg\" rel=\"https:\/\/woerrlein-naturfoto.de\/wordpress\/wp-content\/uploads\/2014\/12\/Schwarzmilan_AW31877L.jpg\" \/>\t\t\t\t\t\t\t\t\t\t\t\t\t\t\t<\/a>\n\t\t\t\t\t\t\t\t\t\t\t\t\t\t\t\t\t\t\t\t\t\t\t\t\t\t<\/p>\n\t\t\t\t\t\t\t\t\t\t\t\t\t\t\t\t\t\t\t\t\t\t\t\t\t<div \n\t\t\t\t\t\t\t\t\t\t\t\t\tstyle=\"width:164px;\"\t\t\t\t\t\t\t\t\t\t\t\t\tclass=\"gllr_single_image_text gllr_single_image_text_under\">Schwarzmilan - Bild-Nr. Anke_31877L&nbsp;<\/div>\n\t\t\t\t\t\t\t\t\t\t\t\t\t\t\t\t\t\t\t\t\t\t\t<\/div><!-- .gllr_image_block -->\n\t\t\t\t\t\t\t\t\t\t\t\t\t\t\t\t\t\t\t\t\t<div class=\"gllr_image_block\">\n\t\t\t\t\t\t\t\t\t\t\t\t<p style=\"\n\t\t\t\t\t\t\t\t\t\t\t\twidth:164px;height:164px;\t\t\t\t\t\t\t\t\t\t\t\t\">\n\t\t\t\t\t\t\t\t\t\t\t\t\t\t\t\t\t\t\t\t\t\t\t\t\t\t\t\t<a data-fancybox=\"gallery_fancybox\" href=\"https:\/\/woerrlein-naturfoto.de\/wordpress\/wp-content\/uploads\/2014\/12\/Schwarzmilan_AW32510L.jpg\" title=\"Schwarzmilan - Bild-Nr. Anke_32510L\" >\n\t\t\t\t\t\t\t\t\t\t\t\t\t\t\t\t<img decoding=\"async\" width=&quot;158&quot; height=&quot;158&quot; style=\"width:158px; height:158px; border-width: 3px; border-color:#F1F1F1;border: 3px solid #F1F1F1\" alt=\"Schwarzmilan\" title=\"Schwarzmilan - Bild-Nr. Anke_32510L\" src=\"https:\/\/woerrlein-naturfoto.de\/wordpress\/wp-content\/uploads\/2014\/12\/Schwarzmilan_AW32510L-158x158.jpg\" rel=\"https:\/\/woerrlein-naturfoto.de\/wordpress\/wp-content\/uploads\/2014\/12\/Schwarzmilan_AW32510L.jpg\" \/>\t\t\t\t\t\t\t\t\t\t\t\t\t\t\t<\/a>\n\t\t\t\t\t\t\t\t\t\t\t\t\t\t\t\t\t\t\t\t\t\t\t\t\t\t<\/p>\n\t\t\t\t\t\t\t\t\t\t\t\t\t\t\t\t\t\t\t\t\t\t\t\t\t<div \n\t\t\t\t\t\t\t\t\t\t\t\t\tstyle=\"width:164px;\"\t\t\t\t\t\t\t\t\t\t\t\t\tclass=\"gllr_single_image_text gllr_single_image_text_under\">Schwarzmilan - Bild-Nr. Anke_32510L&nbsp;<\/div>\n\t\t\t\t\t\t\t\t\t\t\t\t\t\t\t\t\t\t\t\t\t\t\t<\/div><!-- .gllr_image_block -->\n\t\t\t\t\t\t\t\t\t\t\t\t\t\t\t\t\t\t\t\t\t<div class=\"gllr_image_block\">\n\t\t\t\t\t\t\t\t\t\t\t\t<p style=\"\n\t\t\t\t\t\t\t\t\t\t\t\twidth:164px;height:164px;\t\t\t\t\t\t\t\t\t\t\t\t\">\n\t\t\t\t\t\t\t\t\t\t\t\t\t\t\t\t\t\t\t\t\t\t\t\t\t\t\t\t<a data-fancybox=\"gallery_fancybox\" href=\"https:\/\/woerrlein-naturfoto.de\/wordpress\/wp-content\/uploads\/2014\/12\/Schwarzmilan_AW32521L.jpg\" title=\"Schwarzmilan - Bild-Nr. Anke_32521L\" >\n\t\t\t\t\t\t\t\t\t\t\t\t\t\t\t\t<img decoding=\"async\" width=&quot;158&quot; height=&quot;158&quot; style=\"width:158px; height:158px; border-width: 3px; border-color:#F1F1F1;border: 3px solid #F1F1F1\" alt=\"Schwarzmilan\" title=\"Schwarzmilan - Bild-Nr. Anke_32521L\" src=\"https:\/\/woerrlein-naturfoto.de\/wordpress\/wp-content\/uploads\/2014\/12\/Schwarzmilan_AW32521L-158x158.jpg\" rel=\"https:\/\/woerrlein-naturfoto.de\/wordpress\/wp-content\/uploads\/2014\/12\/Schwarzmilan_AW32521L.jpg\" \/>\t\t\t\t\t\t\t\t\t\t\t\t\t\t\t<\/a>\n\t\t\t\t\t\t\t\t\t\t\t\t\t\t\t\t\t\t\t\t\t\t\t\t\t\t<\/p>\n\t\t\t\t\t\t\t\t\t\t\t\t\t\t\t\t\t\t\t\t\t\t\t\t\t<div \n\t\t\t\t\t\t\t\t\t\t\t\t\tstyle=\"width:164px;\"\t\t\t\t\t\t\t\t\t\t\t\t\tclass=\"gllr_single_image_text gllr_single_image_text_under\">Schwarzmilan - Bild-Nr. Anke_32521L&nbsp;<\/div>\n\t\t\t\t\t\t\t\t\t\t\t\t\t\t\t\t\t\t\t\t\t\t\t<\/div><!-- .gllr_image_block -->\n\t\t\t\t\t\t\t\t\t\t\t\t\t\t\t\t\t\t\t\t\t<div class=\"gllr_image_block\">\n\t\t\t\t\t\t\t\t\t\t\t\t<p style=\"\n\t\t\t\t\t\t\t\t\t\t\t\twidth:164px;height:164px;\t\t\t\t\t\t\t\t\t\t\t\t\">\n\t\t\t\t\t\t\t\t\t\t\t\t\t\t\t\t\t\t\t\t\t\t\t\t\t\t\t\t<a data-fancybox=\"gallery_fancybox\" href=\"https:\/\/woerrlein-naturfoto.de\/wordpress\/wp-content\/uploads\/Seeadler_17117a.jpg\" title=\"Seeadler JK - Bild-Nr. Dieter_17117a\" >\n\t\t\t\t\t\t\t\t\t\t\t\t\t\t\t\t<img decoding=\"async\" width=&quot;158&quot; height=&quot;158&quot; style=\"width:158px; height:158px; border-width: 3px; border-color:#F1F1F1;border: 3px solid #F1F1F1\" alt=\"Seeadler\" title=\"Seeadler JK - Bild-Nr. Dieter_17117a\" src=\"https:\/\/woerrlein-naturfoto.de\/wordpress\/wp-content\/uploads\/Seeadler_17117a-200x200.jpg\" rel=\"https:\/\/woerrlein-naturfoto.de\/wordpress\/wp-content\/uploads\/Seeadler_17117a.jpg\" \/>\t\t\t\t\t\t\t\t\t\t\t\t\t\t\t<\/a>\n\t\t\t\t\t\t\t\t\t\t\t\t\t\t\t\t\t\t\t\t\t\t\t\t\t\t<\/p>\n\t\t\t\t\t\t\t\t\t\t\t\t\t\t\t\t\t\t\t\t\t\t\t\t\t<div \n\t\t\t\t\t\t\t\t\t\t\t\t\tstyle=\"width:164px;\"\t\t\t\t\t\t\t\t\t\t\t\t\tclass=\"gllr_single_image_text gllr_single_image_text_under\">Seeadler JK - Bild-Nr. Dieter_17117a&nbsp;<\/div>\n\t\t\t\t\t\t\t\t\t\t\t\t\t\t\t\t\t\t\t\t\t\t\t<\/div><!-- .gllr_image_block -->\n\t\t\t\t\t\t\t\t\t\t\t\t\t\t\t\t\t\t\t\t\t<\/div><!-- .gllr_image_row -->\n\t\t\t\t\t\t\t\t\t\t\t\t\t\t\t\t\t\t\t\t\t\t<div class=\"gllr_image_row\">\n\t\t\t\t\t\t\t\t\t\t\t\t\t\t\t\t\t\t\t\t\t<div class=\"gllr_image_block\">\n\t\t\t\t\t\t\t\t\t\t\t\t<p style=\"\n\t\t\t\t\t\t\t\t\t\t\t\twidth:164px;height:164px;\t\t\t\t\t\t\t\t\t\t\t\t\">\n\t\t\t\t\t\t\t\t\t\t\t\t\t\t\t\t\t\t\t\t\t\t\t\t\t\t\t\t<a data-fancybox=\"gallery_fancybox\" href=\"https:\/\/woerrlein-naturfoto.de\/wordpress\/wp-content\/uploads\/2014\/12\/Seeadler_200908_3906.jpg\" title=\"Seeadler - Bild-Nr. Dieter_200908_3906\" >\n\t\t\t\t\t\t\t\t\t\t\t\t\t\t\t\t<img decoding=\"async\" width=&quot;158&quot; height=&quot;158&quot; style=\"width:158px; height:158px; border-width: 3px; border-color:#F1F1F1;border: 3px solid #F1F1F1\" alt=\"Seeadler\" title=\"Seeadler - Bild-Nr. Dieter_200908_3906\" src=\"https:\/\/woerrlein-naturfoto.de\/wordpress\/wp-content\/uploads\/2014\/12\/Seeadler_200908_3906-200x200.jpg\" rel=\"https:\/\/woerrlein-naturfoto.de\/wordpress\/wp-content\/uploads\/2014\/12\/Seeadler_200908_3906.jpg\" \/>\t\t\t\t\t\t\t\t\t\t\t\t\t\t\t<\/a>\n\t\t\t\t\t\t\t\t\t\t\t\t\t\t\t\t\t\t\t\t\t\t\t\t\t\t<\/p>\n\t\t\t\t\t\t\t\t\t\t\t\t\t\t\t\t\t\t\t\t\t\t\t\t\t<div \n\t\t\t\t\t\t\t\t\t\t\t\t\tstyle=\"width:164px;\"\t\t\t\t\t\t\t\t\t\t\t\t\tclass=\"gllr_single_image_text gllr_single_image_text_under\">Seeadler - Bild-Nr. Dieter_200908_3906&nbsp;<\/div>\n\t\t\t\t\t\t\t\t\t\t\t\t\t\t\t\t\t\t\t\t\t\t\t<\/div><!-- .gllr_image_block -->\n\t\t\t\t\t\t\t\t\t\t\t\t\t\t\t\t\t\t\t\t\t<div class=\"gllr_image_block\">\n\t\t\t\t\t\t\t\t\t\t\t\t<p style=\"\n\t\t\t\t\t\t\t\t\t\t\t\twidth:164px;height:164px;\t\t\t\t\t\t\t\t\t\t\t\t\">\n\t\t\t\t\t\t\t\t\t\t\t\t\t\t\t\t\t\t\t\t\t\t\t\t\t\t\t\t<a data-fancybox=\"gallery_fancybox\" href=\"https:\/\/woerrlein-naturfoto.de\/wordpress\/wp-content\/uploads\/2014\/12\/Seeadler_200908_3927.jpg\" title=\"Seeadler - Bild-Nr. Dieter_200908_3927\" >\n\t\t\t\t\t\t\t\t\t\t\t\t\t\t\t\t<img decoding=\"async\" width=&quot;158&quot; height=&quot;158&quot; style=\"width:158px; height:158px; border-width: 3px; border-color:#F1F1F1;border: 3px solid #F1F1F1\" alt=\"Seeadler\" title=\"Seeadler - Bild-Nr. Dieter_200908_3927\" src=\"https:\/\/woerrlein-naturfoto.de\/wordpress\/wp-content\/uploads\/2014\/12\/Seeadler_200908_3927-200x200.jpg\" rel=\"https:\/\/woerrlein-naturfoto.de\/wordpress\/wp-content\/uploads\/2014\/12\/Seeadler_200908_3927.jpg\" \/>\t\t\t\t\t\t\t\t\t\t\t\t\t\t\t<\/a>\n\t\t\t\t\t\t\t\t\t\t\t\t\t\t\t\t\t\t\t\t\t\t\t\t\t\t<\/p>\n\t\t\t\t\t\t\t\t\t\t\t\t\t\t\t\t\t\t\t\t\t\t\t\t\t<div \n\t\t\t\t\t\t\t\t\t\t\t\t\tstyle=\"width:164px;\"\t\t\t\t\t\t\t\t\t\t\t\t\tclass=\"gllr_single_image_text gllr_single_image_text_under\">Seeadler - Bild-Nr. Dieter_200908_3927&nbsp;<\/div>\n\t\t\t\t\t\t\t\t\t\t\t\t\t\t\t\t\t\t\t\t\t\t\t<\/div><!-- .gllr_image_block -->\n\t\t\t\t\t\t\t\t\t\t\t\t\t\t\t\t\t\t\t\t\t<div class=\"gllr_image_block\">\n\t\t\t\t\t\t\t\t\t\t\t\t<p style=\"\n\t\t\t\t\t\t\t\t\t\t\t\twidth:164px;height:164px;\t\t\t\t\t\t\t\t\t\t\t\t\">\n\t\t\t\t\t\t\t\t\t\t\t\t\t\t\t\t\t\t\t\t\t\t\t\t\t\t\t\t<a data-fancybox=\"gallery_fancybox\" href=\"https:\/\/woerrlein-naturfoto.de\/wordpress\/wp-content\/uploads\/2014\/12\/Seeadler_200908_3979.jpg\" title=\"Seeadler - Bild-Nr. Dieter_200908_3979\" >\n\t\t\t\t\t\t\t\t\t\t\t\t\t\t\t\t<img decoding=\"async\" width=&quot;158&quot; height=&quot;158&quot; style=\"width:158px; height:158px; border-width: 3px; border-color:#F1F1F1;border: 3px solid #F1F1F1\" alt=\"Seeadler\" title=\"Seeadler - Bild-Nr. Dieter_200908_3979\" src=\"https:\/\/woerrlein-naturfoto.de\/wordpress\/wp-content\/uploads\/2014\/12\/Seeadler_200908_3979-200x200.jpg\" rel=\"https:\/\/woerrlein-naturfoto.de\/wordpress\/wp-content\/uploads\/2014\/12\/Seeadler_200908_3979.jpg\" \/>\t\t\t\t\t\t\t\t\t\t\t\t\t\t\t<\/a>\n\t\t\t\t\t\t\t\t\t\t\t\t\t\t\t\t\t\t\t\t\t\t\t\t\t\t<\/p>\n\t\t\t\t\t\t\t\t\t\t\t\t\t\t\t\t\t\t\t\t\t\t\t\t\t<div \n\t\t\t\t\t\t\t\t\t\t\t\t\tstyle=\"width:164px;\"\t\t\t\t\t\t\t\t\t\t\t\t\tclass=\"gllr_single_image_text gllr_single_image_text_under\">Seeadler - Bild-Nr. Dieter_200908_3979&nbsp;<\/div>\n\t\t\t\t\t\t\t\t\t\t\t\t\t\t\t\t\t\t\t\t\t\t\t<\/div><!-- .gllr_image_block -->\n\t\t\t\t\t\t\t\t\t\t\t\t\t\t\t\t\t\t\t\t\t<div class=\"gllr_image_block\">\n\t\t\t\t\t\t\t\t\t\t\t\t<p style=\"\n\t\t\t\t\t\t\t\t\t\t\t\twidth:164px;height:164px;\t\t\t\t\t\t\t\t\t\t\t\t\">\n\t\t\t\t\t\t\t\t\t\t\t\t\t\t\t\t\t\t\t\t\t\t\t\t\t\t\t\t<a data-fancybox=\"gallery_fancybox\" href=\"https:\/\/woerrlein-naturfoto.de\/wordpress\/wp-content\/uploads\/2014\/12\/Seeadler_200908_4007.jpg\" title=\"Seeadler - Bild-Nr. Dieter_200908_3906\" >\n\t\t\t\t\t\t\t\t\t\t\t\t\t\t\t\t<img decoding=\"async\" width=&quot;158&quot; height=&quot;158&quot; style=\"width:158px; height:158px; border-width: 3px; border-color:#F1F1F1;border: 3px solid #F1F1F1\" alt=\"Seeadler\" title=\"Seeadler - Bild-Nr. Dieter_200908_3906\" src=\"https:\/\/woerrlein-naturfoto.de\/wordpress\/wp-content\/uploads\/2014\/12\/Seeadler_200908_4007-200x200.jpg\" rel=\"https:\/\/woerrlein-naturfoto.de\/wordpress\/wp-content\/uploads\/2014\/12\/Seeadler_200908_4007.jpg\" \/>\t\t\t\t\t\t\t\t\t\t\t\t\t\t\t<\/a>\n\t\t\t\t\t\t\t\t\t\t\t\t\t\t\t\t\t\t\t\t\t\t\t\t\t\t<\/p>\n\t\t\t\t\t\t\t\t\t\t\t\t\t\t\t\t\t\t\t\t\t\t\t\t\t<div \n\t\t\t\t\t\t\t\t\t\t\t\t\tstyle=\"width:164px;\"\t\t\t\t\t\t\t\t\t\t\t\t\tclass=\"gllr_single_image_text gllr_single_image_text_under\">Seeadler - Bild-Nr. Dieter_200908_3906&nbsp;<\/div>\n\t\t\t\t\t\t\t\t\t\t\t\t\t\t\t\t\t\t\t\t\t\t\t<\/div><!-- .gllr_image_block -->\n\t\t\t\t\t\t\t\t\t\t\t\t\t\t\t\t\t\t\t\t\t<div class=\"gllr_image_block\">\n\t\t\t\t\t\t\t\t\t\t\t\t<p style=\"\n\t\t\t\t\t\t\t\t\t\t\t\twidth:164px;height:164px;\t\t\t\t\t\t\t\t\t\t\t\t\">\n\t\t\t\t\t\t\t\t\t\t\t\t\t\t\t\t\t\t\t\t\t\t\t\t\t\t\t\t<a data-fancybox=\"gallery_fancybox\" href=\"https:\/\/woerrlein-naturfoto.de\/wordpress\/wp-content\/uploads\/2014\/12\/Seeadler_230301_1642.jpg\" title=\"Seeadler - Bild-Nr. Dieter_230301_1642\" >\n\t\t\t\t\t\t\t\t\t\t\t\t\t\t\t\t<img decoding=\"async\" width=&quot;158&quot; height=&quot;158&quot; style=\"width:158px; height:158px; border-width: 3px; border-color:#F1F1F1;border: 3px solid #F1F1F1\" alt=\"Seeadler\" title=\"Seeadler - Bild-Nr. Dieter_230301_1642\" src=\"https:\/\/woerrlein-naturfoto.de\/wordpress\/wp-content\/uploads\/2014\/12\/Seeadler_230301_1642-158x158.jpg\" rel=\"https:\/\/woerrlein-naturfoto.de\/wordpress\/wp-content\/uploads\/2014\/12\/Seeadler_230301_1642.jpg\" \/>\t\t\t\t\t\t\t\t\t\t\t\t\t\t\t<\/a>\n\t\t\t\t\t\t\t\t\t\t\t\t\t\t\t\t\t\t\t\t\t\t\t\t\t\t<\/p>\n\t\t\t\t\t\t\t\t\t\t\t\t\t\t\t\t\t\t\t\t\t\t\t\t\t<div \n\t\t\t\t\t\t\t\t\t\t\t\t\tstyle=\"width:164px;\"\t\t\t\t\t\t\t\t\t\t\t\t\tclass=\"gllr_single_image_text gllr_single_image_text_under\">Seeadler - Bild-Nr. Dieter_230301_1642&nbsp;<\/div>\n\t\t\t\t\t\t\t\t\t\t\t\t\t\t\t\t\t\t\t\t\t\t\t<\/div><!-- .gllr_image_block -->\n\t\t\t\t\t\t\t\t\t\t\t\t\t\t\t\t\t\t\t\t\t<div class=\"gllr_image_block\">\n\t\t\t\t\t\t\t\t\t\t\t\t<p style=\"\n\t\t\t\t\t\t\t\t\t\t\t\twidth:164px;height:164px;\t\t\t\t\t\t\t\t\t\t\t\t\">\n\t\t\t\t\t\t\t\t\t\t\t\t\t\t\t\t\t\t\t\t\t\t\t\t\t\t\t\t<a data-fancybox=\"gallery_fancybox\" href=\"https:\/\/woerrlein-naturfoto.de\/wordpress\/wp-content\/uploads\/2014\/12\/Seeadler_230304_1914.jpg\" title=\"Seeadler - Bild-Nr. Dieter_230304_1914\" >\n\t\t\t\t\t\t\t\t\t\t\t\t\t\t\t\t<img decoding=\"async\" width=&quot;158&quot; height=&quot;158&quot; style=\"width:158px; height:158px; border-width: 3px; border-color:#F1F1F1;border: 3px solid #F1F1F1\" alt=\"Seeadler\" title=\"Seeadler - Bild-Nr. Dieter_230304_1914\" src=\"https:\/\/woerrlein-naturfoto.de\/wordpress\/wp-content\/uploads\/2014\/12\/Seeadler_230304_1914-158x158.jpg\" rel=\"https:\/\/woerrlein-naturfoto.de\/wordpress\/wp-content\/uploads\/2014\/12\/Seeadler_230304_1914.jpg\" \/>\t\t\t\t\t\t\t\t\t\t\t\t\t\t\t<\/a>\n\t\t\t\t\t\t\t\t\t\t\t\t\t\t\t\t\t\t\t\t\t\t\t\t\t\t<\/p>\n\t\t\t\t\t\t\t\t\t\t\t\t\t\t\t\t\t\t\t\t\t\t\t\t\t<div \n\t\t\t\t\t\t\t\t\t\t\t\t\tstyle=\"width:164px;\"\t\t\t\t\t\t\t\t\t\t\t\t\tclass=\"gllr_single_image_text gllr_single_image_text_under\">Seeadler - Bild-Nr. Dieter_230304_1914&nbsp;<\/div>\n\t\t\t\t\t\t\t\t\t\t\t\t\t\t\t\t\t\t\t\t\t\t\t<\/div><!-- .gllr_image_block -->\n\t\t\t\t\t\t\t\t\t\t\t\t\t\t\t\t\t\t\t\t\t<div class=\"gllr_image_block\">\n\t\t\t\t\t\t\t\t\t\t\t\t<p style=\"\n\t\t\t\t\t\t\t\t\t\t\t\twidth:164px;height:164px;\t\t\t\t\t\t\t\t\t\t\t\t\">\n\t\t\t\t\t\t\t\t\t\t\t\t\t\t\t\t\t\t\t\t\t\t\t\t\t\t\t\t<a data-fancybox=\"gallery_fancybox\" href=\"https:\/\/woerrlein-naturfoto.de\/wordpress\/wp-content\/uploads\/2014\/12\/Seeadler_230508_2863.jpg\" title=\"Seeadler - Bild-Nr. Dieter_230508_2863\" >\n\t\t\t\t\t\t\t\t\t\t\t\t\t\t\t\t<img decoding=\"async\" width=&quot;158&quot; height=&quot;158&quot; style=\"width:158px; height:158px; border-width: 3px; border-color:#F1F1F1;border: 3px solid #F1F1F1\" alt=\"Seeadler\" title=\"Seeadler - Bild-Nr. Dieter_230508_2863\" src=\"https:\/\/woerrlein-naturfoto.de\/wordpress\/wp-content\/uploads\/2014\/12\/Seeadler_230508_2863-158x158.jpg\" rel=\"https:\/\/woerrlein-naturfoto.de\/wordpress\/wp-content\/uploads\/2014\/12\/Seeadler_230508_2863.jpg\" \/>\t\t\t\t\t\t\t\t\t\t\t\t\t\t\t<\/a>\n\t\t\t\t\t\t\t\t\t\t\t\t\t\t\t\t\t\t\t\t\t\t\t\t\t\t<\/p>\n\t\t\t\t\t\t\t\t\t\t\t\t\t\t\t\t\t\t\t\t\t\t\t\t\t<div \n\t\t\t\t\t\t\t\t\t\t\t\t\tstyle=\"width:164px;\"\t\t\t\t\t\t\t\t\t\t\t\t\tclass=\"gllr_single_image_text gllr_single_image_text_under\">Seeadler - Bild-Nr. Dieter_230508_2863&nbsp;<\/div>\n\t\t\t\t\t\t\t\t\t\t\t\t\t\t\t\t\t\t\t\t\t\t\t<\/div><!-- .gllr_image_block -->\n\t\t\t\t\t\t\t\t\t\t\t\t\t\t\t\t\t\t\t\t\t<div class=\"gllr_image_block\">\n\t\t\t\t\t\t\t\t\t\t\t\t<p style=\"\n\t\t\t\t\t\t\t\t\t\t\t\twidth:164px;height:164px;\t\t\t\t\t\t\t\t\t\t\t\t\">\n\t\t\t\t\t\t\t\t\t\t\t\t\t\t\t\t\t\t\t\t\t\t\t\t\t\t\t\t<a data-fancybox=\"gallery_fancybox\" href=\"https:\/\/woerrlein-naturfoto.de\/wordpress\/wp-content\/uploads\/2014\/12\/Seeadler_230508_2911.jpg\" title=\"Seeadler - Bild-Nr. Dieter_230508_2911\" >\n\t\t\t\t\t\t\t\t\t\t\t\t\t\t\t\t<img decoding=\"async\" width=&quot;158&quot; height=&quot;158&quot; style=\"width:158px; height:158px; border-width: 3px; border-color:#F1F1F1;border: 3px solid #F1F1F1\" alt=\"Seeadler\" title=\"Seeadler - Bild-Nr. Dieter_230508_2911\" src=\"https:\/\/woerrlein-naturfoto.de\/wordpress\/wp-content\/uploads\/2014\/12\/Seeadler_230508_2911-158x158.jpg\" rel=\"https:\/\/woerrlein-naturfoto.de\/wordpress\/wp-content\/uploads\/2014\/12\/Seeadler_230508_2911.jpg\" \/>\t\t\t\t\t\t\t\t\t\t\t\t\t\t\t<\/a>\n\t\t\t\t\t\t\t\t\t\t\t\t\t\t\t\t\t\t\t\t\t\t\t\t\t\t<\/p>\n\t\t\t\t\t\t\t\t\t\t\t\t\t\t\t\t\t\t\t\t\t\t\t\t\t<div \n\t\t\t\t\t\t\t\t\t\t\t\t\tstyle=\"width:164px;\"\t\t\t\t\t\t\t\t\t\t\t\t\tclass=\"gllr_single_image_text gllr_single_image_text_under\">Seeadler - Bild-Nr. Dieter_230508_2911&nbsp;<\/div>\n\t\t\t\t\t\t\t\t\t\t\t\t\t\t\t\t\t\t\t\t\t\t\t<\/div><!-- .gllr_image_block -->\n\t\t\t\t\t\t\t\t\t\t\t\t\t\t\t\t\t\t\t\t\t<\/div><!-- .gllr_image_row -->\n\t\t\t\t\t\t\t\t\t\t\t\t\t\t\t\t\t\t\t\t\t\t<div class=\"gllr_image_row\">\n\t\t\t\t\t\t\t\t\t\t\t\t\t\t\t\t\t\t\t\t\t<div class=\"gllr_image_block\">\n\t\t\t\t\t\t\t\t\t\t\t\t<p style=\"\n\t\t\t\t\t\t\t\t\t\t\t\twidth:164px;height:164px;\t\t\t\t\t\t\t\t\t\t\t\t\">\n\t\t\t\t\t\t\t\t\t\t\t\t\t\t\t\t\t\t\t\t\t\t\t\t\t\t\t\t<a data-fancybox=\"gallery_fancybox\" href=\"https:\/\/woerrlein-naturfoto.de\/wordpress\/wp-content\/uploads\/2014\/12\/Seeadler_230508_2934.jpg\" title=\"Seeadler - Bild-Nr. Dieter_230508_2934\" >\n\t\t\t\t\t\t\t\t\t\t\t\t\t\t\t\t<img decoding=\"async\" width=&quot;158&quot; height=&quot;158&quot; style=\"width:158px; height:158px; border-width: 3px; border-color:#F1F1F1;border: 3px solid #F1F1F1\" alt=\"Seeadler\" title=\"Seeadler - Bild-Nr. Dieter_230508_2934\" src=\"https:\/\/woerrlein-naturfoto.de\/wordpress\/wp-content\/uploads\/2014\/12\/Seeadler_230508_2934-158x158.jpg\" rel=\"https:\/\/woerrlein-naturfoto.de\/wordpress\/wp-content\/uploads\/2014\/12\/Seeadler_230508_2934.jpg\" \/>\t\t\t\t\t\t\t\t\t\t\t\t\t\t\t<\/a>\n\t\t\t\t\t\t\t\t\t\t\t\t\t\t\t\t\t\t\t\t\t\t\t\t\t\t<\/p>\n\t\t\t\t\t\t\t\t\t\t\t\t\t\t\t\t\t\t\t\t\t\t\t\t\t<div \n\t\t\t\t\t\t\t\t\t\t\t\t\tstyle=\"width:164px;\"\t\t\t\t\t\t\t\t\t\t\t\t\tclass=\"gllr_single_image_text gllr_single_image_text_under\">Seeadler - Bild-Nr. Dieter_230508_2934&nbsp;<\/div>\n\t\t\t\t\t\t\t\t\t\t\t\t\t\t\t\t\t\t\t\t\t\t\t<\/div><!-- .gllr_image_block -->\n\t\t\t\t\t\t\t\t\t\t\t\t\t\t\t\t\t\t\t\t\t<div class=\"gllr_image_block\">\n\t\t\t\t\t\t\t\t\t\t\t\t<p style=\"\n\t\t\t\t\t\t\t\t\t\t\t\twidth:164px;height:164px;\t\t\t\t\t\t\t\t\t\t\t\t\">\n\t\t\t\t\t\t\t\t\t\t\t\t\t\t\t\t\t\t\t\t\t\t\t\t\t\t\t\t<a data-fancybox=\"gallery_fancybox\" href=\"https:\/\/woerrlein-naturfoto.de\/wordpress\/wp-content\/uploads\/2014\/12\/Seeadler_230508_3012.jpg\" title=\"Seeadler - Bild-Nr. Dieter_230508_3012\" >\n\t\t\t\t\t\t\t\t\t\t\t\t\t\t\t\t<img decoding=\"async\" width=&quot;158&quot; height=&quot;158&quot; style=\"width:158px; height:158px; border-width: 3px; border-color:#F1F1F1;border: 3px solid #F1F1F1\" alt=\"Seeadler\" title=\"Seeadler - Bild-Nr. Dieter_230508_3012\" src=\"https:\/\/woerrlein-naturfoto.de\/wordpress\/wp-content\/uploads\/2014\/12\/Seeadler_230508_3012-158x158.jpg\" rel=\"https:\/\/woerrlein-naturfoto.de\/wordpress\/wp-content\/uploads\/2014\/12\/Seeadler_230508_3012.jpg\" \/>\t\t\t\t\t\t\t\t\t\t\t\t\t\t\t<\/a>\n\t\t\t\t\t\t\t\t\t\t\t\t\t\t\t\t\t\t\t\t\t\t\t\t\t\t<\/p>\n\t\t\t\t\t\t\t\t\t\t\t\t\t\t\t\t\t\t\t\t\t\t\t\t\t<div \n\t\t\t\t\t\t\t\t\t\t\t\t\tstyle=\"width:164px;\"\t\t\t\t\t\t\t\t\t\t\t\t\tclass=\"gllr_single_image_text gllr_single_image_text_under\">Seeadler - Bild-Nr. Dieter_230508_3012&nbsp;<\/div>\n\t\t\t\t\t\t\t\t\t\t\t\t\t\t\t\t\t\t\t\t\t\t\t<\/div><!-- .gllr_image_block -->\n\t\t\t\t\t\t\t\t\t\t\t\t\t\t\t\t\t\t\t\t\t<div class=\"gllr_image_block\">\n\t\t\t\t\t\t\t\t\t\t\t\t<p style=\"\n\t\t\t\t\t\t\t\t\t\t\t\twidth:164px;height:164px;\t\t\t\t\t\t\t\t\t\t\t\t\">\n\t\t\t\t\t\t\t\t\t\t\t\t\t\t\t\t\t\t\t\t\t\t\t\t\t\t\t\t<a data-fancybox=\"gallery_fancybox\" href=\"https:\/\/woerrlein-naturfoto.de\/wordpress\/wp-content\/uploads\/2014\/12\/Seeadler_230508_3020.jpg\" title=\"Seeadler - Bild-Nr. Dieter_230508_3020\" >\n\t\t\t\t\t\t\t\t\t\t\t\t\t\t\t\t<img decoding=\"async\" width=&quot;158&quot; height=&quot;158&quot; style=\"width:158px; height:158px; border-width: 3px; border-color:#F1F1F1;border: 3px solid #F1F1F1\" alt=\"Seeadler\" title=\"Seeadler - Bild-Nr. Dieter_230508_3020\" src=\"https:\/\/woerrlein-naturfoto.de\/wordpress\/wp-content\/uploads\/2014\/12\/Seeadler_230508_3020-158x158.jpg\" rel=\"https:\/\/woerrlein-naturfoto.de\/wordpress\/wp-content\/uploads\/2014\/12\/Seeadler_230508_3020.jpg\" \/>\t\t\t\t\t\t\t\t\t\t\t\t\t\t\t<\/a>\n\t\t\t\t\t\t\t\t\t\t\t\t\t\t\t\t\t\t\t\t\t\t\t\t\t\t<\/p>\n\t\t\t\t\t\t\t\t\t\t\t\t\t\t\t\t\t\t\t\t\t\t\t\t\t<div \n\t\t\t\t\t\t\t\t\t\t\t\t\tstyle=\"width:164px;\"\t\t\t\t\t\t\t\t\t\t\t\t\tclass=\"gllr_single_image_text gllr_single_image_text_under\">Seeadler - Bild-Nr. Dieter_230508_3020&nbsp;<\/div>\n\t\t\t\t\t\t\t\t\t\t\t\t\t\t\t\t\t\t\t\t\t\t\t<\/div><!-- .gllr_image_block -->\n\t\t\t\t\t\t\t\t\t\t\t\t\t\t\t\t\t\t\t\t\t<div class=\"gllr_image_block\">\n\t\t\t\t\t\t\t\t\t\t\t\t<p style=\"\n\t\t\t\t\t\t\t\t\t\t\t\twidth:164px;height:164px;\t\t\t\t\t\t\t\t\t\t\t\t\">\n\t\t\t\t\t\t\t\t\t\t\t\t\t\t\t\t\t\t\t\t\t\t\t\t\t\t\t\t<a data-fancybox=\"gallery_fancybox\" href=\"https:\/\/woerrlein-naturfoto.de\/wordpress\/wp-content\/uploads\/2014\/12\/Seeadler_230508_3026.jpg\" title=\"Seeadler - Bild-Nr. Dieter_230508_3026\" >\n\t\t\t\t\t\t\t\t\t\t\t\t\t\t\t\t<img decoding=\"async\" width=&quot;158&quot; height=&quot;158&quot; style=\"width:158px; height:158px; border-width: 3px; border-color:#F1F1F1;border: 3px solid #F1F1F1\" alt=\"Seeadler\" title=\"Seeadler - Bild-Nr. Dieter_230508_3026\" src=\"https:\/\/woerrlein-naturfoto.de\/wordpress\/wp-content\/uploads\/2014\/12\/Seeadler_230508_3026-158x158.jpg\" rel=\"https:\/\/woerrlein-naturfoto.de\/wordpress\/wp-content\/uploads\/2014\/12\/Seeadler_230508_3026.jpg\" \/>\t\t\t\t\t\t\t\t\t\t\t\t\t\t\t<\/a>\n\t\t\t\t\t\t\t\t\t\t\t\t\t\t\t\t\t\t\t\t\t\t\t\t\t\t<\/p>\n\t\t\t\t\t\t\t\t\t\t\t\t\t\t\t\t\t\t\t\t\t\t\t\t\t<div \n\t\t\t\t\t\t\t\t\t\t\t\t\tstyle=\"width:164px;\"\t\t\t\t\t\t\t\t\t\t\t\t\tclass=\"gllr_single_image_text gllr_single_image_text_under\">Seeadler - Bild-Nr. Dieter_230508_3026&nbsp;<\/div>\n\t\t\t\t\t\t\t\t\t\t\t\t\t\t\t\t\t\t\t\t\t\t\t<\/div><!-- .gllr_image_block -->\n\t\t\t\t\t\t\t\t\t\t\t\t\t\t\t\t\t\t\t\t\t<div class=\"gllr_image_block\">\n\t\t\t\t\t\t\t\t\t\t\t\t<p style=\"\n\t\t\t\t\t\t\t\t\t\t\t\twidth:164px;height:164px;\t\t\t\t\t\t\t\t\t\t\t\t\">\n\t\t\t\t\t\t\t\t\t\t\t\t\t\t\t\t\t\t\t\t\t\t\t\t\t\t\t\t<a data-fancybox=\"gallery_fancybox\" href=\"https:\/\/woerrlein-naturfoto.de\/wordpress\/wp-content\/uploads\/2014\/12\/Seeadler_230509_3134.jpg\" title=\"Seeadler - Bild-Nr. Dieter_230509_3134\" >\n\t\t\t\t\t\t\t\t\t\t\t\t\t\t\t\t<img decoding=\"async\" width=&quot;158&quot; height=&quot;158&quot; style=\"width:158px; height:158px; border-width: 3px; border-color:#F1F1F1;border: 3px solid #F1F1F1\" alt=\"Seeadler\" title=\"Seeadler - Bild-Nr. Dieter_230509_3134\" src=\"https:\/\/woerrlein-naturfoto.de\/wordpress\/wp-content\/uploads\/2014\/12\/Seeadler_230509_3134-158x158.jpg\" rel=\"https:\/\/woerrlein-naturfoto.de\/wordpress\/wp-content\/uploads\/2014\/12\/Seeadler_230509_3134.jpg\" \/>\t\t\t\t\t\t\t\t\t\t\t\t\t\t\t<\/a>\n\t\t\t\t\t\t\t\t\t\t\t\t\t\t\t\t\t\t\t\t\t\t\t\t\t\t<\/p>\n\t\t\t\t\t\t\t\t\t\t\t\t\t\t\t\t\t\t\t\t\t\t\t\t\t<div \n\t\t\t\t\t\t\t\t\t\t\t\t\tstyle=\"width:164px;\"\t\t\t\t\t\t\t\t\t\t\t\t\tclass=\"gllr_single_image_text gllr_single_image_text_under\">Seeadler - Bild-Nr. Dieter_230509_3134&nbsp;<\/div>\n\t\t\t\t\t\t\t\t\t\t\t\t\t\t\t\t\t\t\t\t\t\t\t<\/div><!-- .gllr_image_block -->\n\t\t\t\t\t\t\t\t\t\t\t\t\t\t\t\t\t\t\t\t\t<div class=\"gllr_image_block\">\n\t\t\t\t\t\t\t\t\t\t\t\t<p style=\"\n\t\t\t\t\t\t\t\t\t\t\t\twidth:164px;height:164px;\t\t\t\t\t\t\t\t\t\t\t\t\">\n\t\t\t\t\t\t\t\t\t\t\t\t\t\t\t\t\t\t\t\t\t\t\t\t\t\t\t\t<a data-fancybox=\"gallery_fancybox\" href=\"https:\/\/woerrlein-naturfoto.de\/wordpress\/wp-content\/uploads\/2014\/12\/Seeadler_AW30875L_.jpg\" title=\"Seeadler - Bild-Nr. Anke_30875L\" >\n\t\t\t\t\t\t\t\t\t\t\t\t\t\t\t\t<img decoding=\"async\" width=&quot;158&quot; height=&quot;158&quot; style=\"width:158px; height:158px; border-width: 3px; border-color:#F1F1F1;border: 3px solid #F1F1F1\" alt=\"Seeadler\" title=\"Seeadler - Bild-Nr. Anke_30875L\" src=\"https:\/\/woerrlein-naturfoto.de\/wordpress\/wp-content\/uploads\/2014\/12\/Seeadler_AW30875L_-158x158.jpg\" rel=\"https:\/\/woerrlein-naturfoto.de\/wordpress\/wp-content\/uploads\/2014\/12\/Seeadler_AW30875L_.jpg\" \/>\t\t\t\t\t\t\t\t\t\t\t\t\t\t\t<\/a>\n\t\t\t\t\t\t\t\t\t\t\t\t\t\t\t\t\t\t\t\t\t\t\t\t\t\t<\/p>\n\t\t\t\t\t\t\t\t\t\t\t\t\t\t\t\t\t\t\t\t\t\t\t\t\t<div \n\t\t\t\t\t\t\t\t\t\t\t\t\tstyle=\"width:164px;\"\t\t\t\t\t\t\t\t\t\t\t\t\tclass=\"gllr_single_image_text gllr_single_image_text_under\">Seeadler - Bild-Nr. Anke_30875L&nbsp;<\/div>\n\t\t\t\t\t\t\t\t\t\t\t\t\t\t\t\t\t\t\t\t\t\t\t<\/div><!-- .gllr_image_block -->\n\t\t\t\t\t\t\t\t\t\t\t\t\t\t\t\t\t\t\t\t\t<div class=\"gllr_image_block\">\n\t\t\t\t\t\t\t\t\t\t\t\t<p style=\"\n\t\t\t\t\t\t\t\t\t\t\t\twidth:164px;height:164px;\t\t\t\t\t\t\t\t\t\t\t\t\">\n\t\t\t\t\t\t\t\t\t\t\t\t\t\t\t\t\t\t\t\t\t\t\t\t\t\t\t\t<a data-fancybox=\"gallery_fancybox\" href=\"https:\/\/woerrlein-naturfoto.de\/wordpress\/wp-content\/uploads\/2014\/12\/Seeadler_AW30929L.jpg\" title=\"Seeadler - Bild-Nr. Anke_30929L\" >\n\t\t\t\t\t\t\t\t\t\t\t\t\t\t\t\t<img decoding=\"async\" width=&quot;158&quot; height=&quot;158&quot; style=\"width:158px; height:158px; border-width: 3px; border-color:#F1F1F1;border: 3px solid #F1F1F1\" alt=\"Seeadler\" title=\"Seeadler - Bild-Nr. Anke_30929L\" src=\"https:\/\/woerrlein-naturfoto.de\/wordpress\/wp-content\/uploads\/2014\/12\/Seeadler_AW30929L-158x158.jpg\" rel=\"https:\/\/woerrlein-naturfoto.de\/wordpress\/wp-content\/uploads\/2014\/12\/Seeadler_AW30929L.jpg\" \/>\t\t\t\t\t\t\t\t\t\t\t\t\t\t\t<\/a>\n\t\t\t\t\t\t\t\t\t\t\t\t\t\t\t\t\t\t\t\t\t\t\t\t\t\t<\/p>\n\t\t\t\t\t\t\t\t\t\t\t\t\t\t\t\t\t\t\t\t\t\t\t\t\t<div \n\t\t\t\t\t\t\t\t\t\t\t\t\tstyle=\"width:164px;\"\t\t\t\t\t\t\t\t\t\t\t\t\tclass=\"gllr_single_image_text gllr_single_image_text_under\">Seeadler - Bild-Nr. Anke_30929L&nbsp;<\/div>\n\t\t\t\t\t\t\t\t\t\t\t\t\t\t\t\t\t\t\t\t\t\t\t<\/div><!-- .gllr_image_block -->\n\t\t\t\t\t\t\t\t\t\t\t\t\t\t\t\t\t\t\t\t\t<div class=\"gllr_image_block\">\n\t\t\t\t\t\t\t\t\t\t\t\t<p style=\"\n\t\t\t\t\t\t\t\t\t\t\t\twidth:164px;height:164px;\t\t\t\t\t\t\t\t\t\t\t\t\">\n\t\t\t\t\t\t\t\t\t\t\t\t\t\t\t\t\t\t\t\t\t\t\t\t\t\t\t\t<a data-fancybox=\"gallery_fancybox\" href=\"https:\/\/woerrlein-naturfoto.de\/wordpress\/wp-content\/uploads\/2014\/12\/Seeadler_AW31317L.jpg\" title=\"Seeadler - Bild-Nr. Anke_31317L\" >\n\t\t\t\t\t\t\t\t\t\t\t\t\t\t\t\t<img decoding=\"async\" width=&quot;158&quot; height=&quot;158&quot; style=\"width:158px; height:158px; border-width: 3px; border-color:#F1F1F1;border: 3px solid #F1F1F1\" alt=\"Seeadler\" title=\"Seeadler - Bild-Nr. Anke_31317L\" src=\"https:\/\/woerrlein-naturfoto.de\/wordpress\/wp-content\/uploads\/2014\/12\/Seeadler_AW31317L-158x158.jpg\" rel=\"https:\/\/woerrlein-naturfoto.de\/wordpress\/wp-content\/uploads\/2014\/12\/Seeadler_AW31317L.jpg\" \/>\t\t\t\t\t\t\t\t\t\t\t\t\t\t\t<\/a>\n\t\t\t\t\t\t\t\t\t\t\t\t\t\t\t\t\t\t\t\t\t\t\t\t\t\t<\/p>\n\t\t\t\t\t\t\t\t\t\t\t\t\t\t\t\t\t\t\t\t\t\t\t\t\t<div \n\t\t\t\t\t\t\t\t\t\t\t\t\tstyle=\"width:164px;\"\t\t\t\t\t\t\t\t\t\t\t\t\tclass=\"gllr_single_image_text gllr_single_image_text_under\">Seeadler - Bild-Nr. Anke_31317L&nbsp;<\/div>\n\t\t\t\t\t\t\t\t\t\t\t\t\t\t\t\t\t\t\t\t\t\t\t<\/div><!-- .gllr_image_block -->\n\t\t\t\t\t\t\t\t\t\t\t\t\t\t\t\t\t\t\t\t\t<\/div><!-- .gllr_image_row -->\n\t\t\t\t\t\t\t\t\t\t\t\t\t\t\t\t\t\t\t\t\t\t<div class=\"gllr_image_row\">\n\t\t\t\t\t\t\t\t\t\t\t\t\t\t\t\t\t\t\t\t\t<div class=\"gllr_image_block\">\n\t\t\t\t\t\t\t\t\t\t\t\t<p style=\"\n\t\t\t\t\t\t\t\t\t\t\t\twidth:164px;height:164px;\t\t\t\t\t\t\t\t\t\t\t\t\">\n\t\t\t\t\t\t\t\t\t\t\t\t\t\t\t\t\t\t\t\t\t\t\t\t\t\t\t\t<a data-fancybox=\"gallery_fancybox\" href=\"https:\/\/woerrlein-naturfoto.de\/wordpress\/wp-content\/uploads\/2014\/12\/Sperber_230925_6929.jpg\" title=\"Sperber - Bild-Nr. Dieter_230925_6929\" >\n\t\t\t\t\t\t\t\t\t\t\t\t\t\t\t\t<img decoding=\"async\" width=&quot;158&quot; height=&quot;158&quot; style=\"width:158px; height:158px; border-width: 3px; border-color:#F1F1F1;border: 3px solid #F1F1F1\" alt=\"Sperber\" title=\"Sperber - Bild-Nr. Dieter_230925_6929\" src=\"https:\/\/woerrlein-naturfoto.de\/wordpress\/wp-content\/uploads\/2014\/12\/Sperber_230925_6929-158x158.jpg\" rel=\"https:\/\/woerrlein-naturfoto.de\/wordpress\/wp-content\/uploads\/2014\/12\/Sperber_230925_6929.jpg\" \/>\t\t\t\t\t\t\t\t\t\t\t\t\t\t\t<\/a>\n\t\t\t\t\t\t\t\t\t\t\t\t\t\t\t\t\t\t\t\t\t\t\t\t\t\t<\/p>\n\t\t\t\t\t\t\t\t\t\t\t\t\t\t\t\t\t\t\t\t\t\t\t\t\t<div \n\t\t\t\t\t\t\t\t\t\t\t\t\tstyle=\"width:164px;\"\t\t\t\t\t\t\t\t\t\t\t\t\tclass=\"gllr_single_image_text gllr_single_image_text_under\">Sperber - Bild-Nr. Dieter_230925_6929&nbsp;<\/div>\n\t\t\t\t\t\t\t\t\t\t\t\t\t\t\t\t\t\t\t\t\t\t\t<\/div><!-- .gllr_image_block -->\n\t\t\t\t\t\t\t\t\t\t\t\t\t\t\t\t\t\t\t\t\t<div class=\"gllr_image_block\">\n\t\t\t\t\t\t\t\t\t\t\t\t<p style=\"\n\t\t\t\t\t\t\t\t\t\t\t\twidth:164px;height:164px;\t\t\t\t\t\t\t\t\t\t\t\t\">\n\t\t\t\t\t\t\t\t\t\t\t\t\t\t\t\t\t\t\t\t\t\t\t\t\t\t\t\t<a data-fancybox=\"gallery_fancybox\" href=\"https:\/\/woerrlein-naturfoto.de\/wordpress\/wp-content\/uploads\/Turmfalke_10532L.jpg\" title=\"Turmfalke - Bild-Nr. Dieter_10532L\" >\n\t\t\t\t\t\t\t\t\t\t\t\t\t\t\t\t<img decoding=\"async\" width=&quot;158&quot; height=&quot;158&quot; style=\"width:158px; height:158px; border-width: 3px; border-color:#F1F1F1;border: 3px solid #F1F1F1\" alt=\"Turmfalke\" title=\"Turmfalke - Bild-Nr. Dieter_10532L\" src=\"https:\/\/woerrlein-naturfoto.de\/wordpress\/wp-content\/uploads\/Turmfalke_10532L-200x200.jpg\" rel=\"https:\/\/woerrlein-naturfoto.de\/wordpress\/wp-content\/uploads\/Turmfalke_10532L.jpg\" \/>\t\t\t\t\t\t\t\t\t\t\t\t\t\t\t<\/a>\n\t\t\t\t\t\t\t\t\t\t\t\t\t\t\t\t\t\t\t\t\t\t\t\t\t\t<\/p>\n\t\t\t\t\t\t\t\t\t\t\t\t\t\t\t\t\t\t\t\t\t\t\t\t\t<div \n\t\t\t\t\t\t\t\t\t\t\t\t\tstyle=\"width:164px;\"\t\t\t\t\t\t\t\t\t\t\t\t\tclass=\"gllr_single_image_text gllr_single_image_text_under\">Turmfalke - Bild-Nr. Dieter_10532L&nbsp;<\/div>\n\t\t\t\t\t\t\t\t\t\t\t\t\t\t\t\t\t\t\t\t\t\t\t<\/div><!-- .gllr_image_block -->\n\t\t\t\t\t\t\t\t\t\t\t\t\t\t\t\t\t\t\t\t\t<div class=\"gllr_image_block\">\n\t\t\t\t\t\t\t\t\t\t\t\t<p style=\"\n\t\t\t\t\t\t\t\t\t\t\t\twidth:164px;height:164px;\t\t\t\t\t\t\t\t\t\t\t\t\">\n\t\t\t\t\t\t\t\t\t\t\t\t\t\t\t\t\t\t\t\t\t\t\t\t\t\t\t\t<a data-fancybox=\"gallery_fancybox\" href=\"https:\/\/woerrlein-naturfoto.de\/wordpress\/wp-content\/uploads\/Turmfalke_11365L.jpg\" title=\"Turmfalke - Bild-Nr. Dieter_11365L\" >\n\t\t\t\t\t\t\t\t\t\t\t\t\t\t\t\t<img decoding=\"async\" width=&quot;158&quot; height=&quot;158&quot; style=\"width:158px; height:158px; border-width: 3px; border-color:#F1F1F1;border: 3px solid #F1F1F1\" alt=\"Turmfalke\" title=\"Turmfalke - Bild-Nr. Dieter_11365L\" src=\"https:\/\/woerrlein-naturfoto.de\/wordpress\/wp-content\/uploads\/Turmfalke_11365L-200x200.jpg\" rel=\"https:\/\/woerrlein-naturfoto.de\/wordpress\/wp-content\/uploads\/Turmfalke_11365L.jpg\" \/>\t\t\t\t\t\t\t\t\t\t\t\t\t\t\t<\/a>\n\t\t\t\t\t\t\t\t\t\t\t\t\t\t\t\t\t\t\t\t\t\t\t\t\t\t<\/p>\n\t\t\t\t\t\t\t\t\t\t\t\t\t\t\t\t\t\t\t\t\t\t\t\t\t<div \n\t\t\t\t\t\t\t\t\t\t\t\t\tstyle=\"width:164px;\"\t\t\t\t\t\t\t\t\t\t\t\t\tclass=\"gllr_single_image_text gllr_single_image_text_under\">Turmfalke - Bild-Nr. Dieter_11365L&nbsp;<\/div>\n\t\t\t\t\t\t\t\t\t\t\t\t\t\t\t\t\t\t\t\t\t\t\t<\/div><!-- .gllr_image_block -->\n\t\t\t\t\t\t\t\t\t\t\t\t\t\t\t\t\t\t\t\t\t<div class=\"gllr_image_block\">\n\t\t\t\t\t\t\t\t\t\t\t\t<p style=\"\n\t\t\t\t\t\t\t\t\t\t\t\twidth:164px;height:164px;\t\t\t\t\t\t\t\t\t\t\t\t\">\n\t\t\t\t\t\t\t\t\t\t\t\t\t\t\t\t\t\t\t\t\t\t\t\t\t\t\t\t<a data-fancybox=\"gallery_fancybox\" href=\"https:\/\/woerrlein-naturfoto.de\/wordpress\/wp-content\/uploads\/2014\/12\/Turmfalke_D181125_1574.jpg\" title=\"Turmfalke - Bild-Nr. Dieter_181125_1574\" >\n\t\t\t\t\t\t\t\t\t\t\t\t\t\t\t\t<img decoding=\"async\" width=&quot;158&quot; height=&quot;158&quot; style=\"width:158px; height:158px; border-width: 3px; border-color:#F1F1F1;border: 3px solid #F1F1F1\" alt=\"Turmfalke\" title=\"Turmfalke - Bild-Nr. Dieter_181125_1574\" src=\"https:\/\/woerrlein-naturfoto.de\/wordpress\/wp-content\/uploads\/2014\/12\/Turmfalke_D181125_1574-200x200.jpg\" rel=\"https:\/\/woerrlein-naturfoto.de\/wordpress\/wp-content\/uploads\/2014\/12\/Turmfalke_D181125_1574.jpg\" \/>\t\t\t\t\t\t\t\t\t\t\t\t\t\t\t<\/a>\n\t\t\t\t\t\t\t\t\t\t\t\t\t\t\t\t\t\t\t\t\t\t\t\t\t\t<\/p>\n\t\t\t\t\t\t\t\t\t\t\t\t\t\t\t\t\t\t\t\t\t\t\t\t\t<div \n\t\t\t\t\t\t\t\t\t\t\t\t\tstyle=\"width:164px;\"\t\t\t\t\t\t\t\t\t\t\t\t\tclass=\"gllr_single_image_text gllr_single_image_text_under\">Turmfalke - Bild-Nr. Dieter_181125_1574&nbsp;<\/div>\n\t\t\t\t\t\t\t\t\t\t\t\t\t\t\t\t\t\t\t\t\t\t\t<\/div><!-- .gllr_image_block -->\n\t\t\t\t\t\t\t\t\t\t\t\t\t\t\t\t\t\t\t\t\t<div class=\"gllr_image_block\">\n\t\t\t\t\t\t\t\t\t\t\t\t<p style=\"\n\t\t\t\t\t\t\t\t\t\t\t\twidth:164px;height:164px;\t\t\t\t\t\t\t\t\t\t\t\t\">\n\t\t\t\t\t\t\t\t\t\t\t\t\t\t\t\t\t\t\t\t\t\t\t\t\t\t\t\t<a data-fancybox=\"gallery_fancybox\" href=\"https:\/\/woerrlein-naturfoto.de\/wordpress\/wp-content\/uploads\/2014\/12\/Turmfalke_210120_0402.jpg\" title=\"Turmfalke - Bild-Nr. Dieter_210120_0402\" >\n\t\t\t\t\t\t\t\t\t\t\t\t\t\t\t\t<img decoding=\"async\" width=&quot;158&quot; height=&quot;158&quot; style=\"width:158px; height:158px; border-width: 3px; border-color:#F1F1F1;border: 3px solid #F1F1F1\" alt=\"Turmfalke\" title=\"Turmfalke - Bild-Nr. Dieter_210120_0402\" src=\"https:\/\/woerrlein-naturfoto.de\/wordpress\/wp-content\/uploads\/2014\/12\/Turmfalke_210120_0402-200x200.jpg\" rel=\"https:\/\/woerrlein-naturfoto.de\/wordpress\/wp-content\/uploads\/2014\/12\/Turmfalke_210120_0402.jpg\" \/>\t\t\t\t\t\t\t\t\t\t\t\t\t\t\t<\/a>\n\t\t\t\t\t\t\t\t\t\t\t\t\t\t\t\t\t\t\t\t\t\t\t\t\t\t<\/p>\n\t\t\t\t\t\t\t\t\t\t\t\t\t\t\t\t\t\t\t\t\t\t\t\t\t<div \n\t\t\t\t\t\t\t\t\t\t\t\t\tstyle=\"width:164px;\"\t\t\t\t\t\t\t\t\t\t\t\t\tclass=\"gllr_single_image_text gllr_single_image_text_under\">Turmfalke - Bild-Nr. Dieter_210120_0402&nbsp;<\/div>\n\t\t\t\t\t\t\t\t\t\t\t\t\t\t\t\t\t\t\t\t\t\t\t<\/div><!-- .gllr_image_block -->\n\t\t\t\t\t\t\t\t\t\t\t\t\t\t\t\t\t\t\t\t\t<div class=\"gllr_image_block\">\n\t\t\t\t\t\t\t\t\t\t\t\t<p style=\"\n\t\t\t\t\t\t\t\t\t\t\t\twidth:164px;height:164px;\t\t\t\t\t\t\t\t\t\t\t\t\">\n\t\t\t\t\t\t\t\t\t\t\t\t\t\t\t\t\t\t\t\t\t\t\t\t\t\t\t\t<a data-fancybox=\"gallery_fancybox\" href=\"https:\/\/woerrlein-naturfoto.de\/wordpress\/wp-content\/uploads\/2014\/12\/Turmfalke_210120_0599.jpg\" title=\"Turmfalke - Bild-Nr. Dieter_210120_0599\" >\n\t\t\t\t\t\t\t\t\t\t\t\t\t\t\t\t<img decoding=\"async\" width=&quot;158&quot; height=&quot;158&quot; style=\"width:158px; height:158px; border-width: 3px; border-color:#F1F1F1;border: 3px solid #F1F1F1\" alt=\"Turmfalke\" title=\"Turmfalke - Bild-Nr. Dieter_210120_0599\" src=\"https:\/\/woerrlein-naturfoto.de\/wordpress\/wp-content\/uploads\/2014\/12\/Turmfalke_210120_0599-200x200.jpg\" rel=\"https:\/\/woerrlein-naturfoto.de\/wordpress\/wp-content\/uploads\/2014\/12\/Turmfalke_210120_0599.jpg\" \/>\t\t\t\t\t\t\t\t\t\t\t\t\t\t\t<\/a>\n\t\t\t\t\t\t\t\t\t\t\t\t\t\t\t\t\t\t\t\t\t\t\t\t\t\t<\/p>\n\t\t\t\t\t\t\t\t\t\t\t\t\t\t\t\t\t\t\t\t\t\t\t\t\t<div \n\t\t\t\t\t\t\t\t\t\t\t\t\tstyle=\"width:164px;\"\t\t\t\t\t\t\t\t\t\t\t\t\tclass=\"gllr_single_image_text gllr_single_image_text_under\">Turmfalke - Bild-Nr. Dieter_210120_0599&nbsp;<\/div>\n\t\t\t\t\t\t\t\t\t\t\t\t\t\t\t\t\t\t\t\t\t\t\t<\/div><!-- .gllr_image_block -->\n\t\t\t\t\t\t\t\t\t\t\t\t\t\t\t\t\t\t\t\t\t<div class=\"gllr_image_block\">\n\t\t\t\t\t\t\t\t\t\t\t\t<p style=\"\n\t\t\t\t\t\t\t\t\t\t\t\twidth:164px;height:164px;\t\t\t\t\t\t\t\t\t\t\t\t\">\n\t\t\t\t\t\t\t\t\t\t\t\t\t\t\t\t\t\t\t\t\t\t\t\t\t\t\t\t<a data-fancybox=\"gallery_fancybox\" href=\"https:\/\/woerrlein-naturfoto.de\/wordpress\/wp-content\/uploads\/2014\/12\/Turmfalke_221213_3958.jpg\" title=\"Turmfalke - Bild-Nr. Dieter_221213_3958\" >\n\t\t\t\t\t\t\t\t\t\t\t\t\t\t\t\t<img decoding=\"async\" width=&quot;158&quot; height=&quot;158&quot; style=\"width:158px; height:158px; border-width: 3px; border-color:#F1F1F1;border: 3px solid #F1F1F1\" alt=\"Turmfalke - Bild-Nr. Dieter_210120_0599\" title=\"Turmfalke - Bild-Nr. Dieter_221213_3958\" src=\"https:\/\/woerrlein-naturfoto.de\/wordpress\/wp-content\/uploads\/2014\/12\/Turmfalke_221213_3958-158x158.jpg\" rel=\"https:\/\/woerrlein-naturfoto.de\/wordpress\/wp-content\/uploads\/2014\/12\/Turmfalke_221213_3958.jpg\" \/>\t\t\t\t\t\t\t\t\t\t\t\t\t\t\t<\/a>\n\t\t\t\t\t\t\t\t\t\t\t\t\t\t\t\t\t\t\t\t\t\t\t\t\t\t<\/p>\n\t\t\t\t\t\t\t\t\t\t\t\t\t\t\t\t\t\t\t\t\t\t\t\t\t<div \n\t\t\t\t\t\t\t\t\t\t\t\t\tstyle=\"width:164px;\"\t\t\t\t\t\t\t\t\t\t\t\t\tclass=\"gllr_single_image_text gllr_single_image_text_under\">Turmfalke - Bild-Nr. Dieter_221213_3958&nbsp;<\/div>\n\t\t\t\t\t\t\t\t\t\t\t\t\t\t\t\t\t\t\t\t\t\t\t<\/div><!-- .gllr_image_block -->\n\t\t\t\t\t\t\t\t\t\t\t\t\t\t\t\t\t\t\t\t\t<div class=\"gllr_image_block\">\n\t\t\t\t\t\t\t\t\t\t\t\t<p style=\"\n\t\t\t\t\t\t\t\t\t\t\t\twidth:164px;height:164px;\t\t\t\t\t\t\t\t\t\t\t\t\">\n\t\t\t\t\t\t\t\t\t\t\t\t\t\t\t\t\t\t\t\t\t\t\t\t\t\t\t\t<a data-fancybox=\"gallery_fancybox\" href=\"https:\/\/woerrlein-naturfoto.de\/wordpress\/wp-content\/uploads\/2014\/12\/Turmfalke_250427_8050.jpg\" title=\"Turmfalke - Bild-Nr. Dieter_250427_8050\" >\n\t\t\t\t\t\t\t\t\t\t\t\t\t\t\t\t<img decoding=\"async\" width=&quot;158&quot; height=&quot;158&quot; style=\"width:158px; height:158px; border-width: 3px; border-color:#F1F1F1;border: 3px solid #F1F1F1\" alt=\"Turmfalke\" title=\"Turmfalke - Bild-Nr. Dieter_250427_8050\" src=\"https:\/\/woerrlein-naturfoto.de\/wordpress\/wp-content\/uploads\/2014\/12\/Turmfalke_250427_8050-158x158.jpg\" rel=\"https:\/\/woerrlein-naturfoto.de\/wordpress\/wp-content\/uploads\/2014\/12\/Turmfalke_250427_8050.jpg\" \/>\t\t\t\t\t\t\t\t\t\t\t\t\t\t\t<\/a>\n\t\t\t\t\t\t\t\t\t\t\t\t\t\t\t\t\t\t\t\t\t\t\t\t\t\t<\/p>\n\t\t\t\t\t\t\t\t\t\t\t\t\t\t\t\t\t\t\t\t\t\t\t\t\t<div \n\t\t\t\t\t\t\t\t\t\t\t\t\tstyle=\"width:164px;\"\t\t\t\t\t\t\t\t\t\t\t\t\tclass=\"gllr_single_image_text gllr_single_image_text_under\">Turmfalke - Bild-Nr. Dieter_250427_8050&nbsp;<\/div>\n\t\t\t\t\t\t\t\t\t\t\t\t\t\t\t\t\t\t\t\t\t\t\t<\/div><!-- .gllr_image_block -->\n\t\t\t\t\t\t\t\t\t\t\t\t\t\t\t\t\t\t\t\t\t<\/div><!-- .gllr_image_row -->\n\t\t\t\t\t\t\t\t\t\t\t\t\t\t\t\t\t\t\t\t\t\t<div class=\"gllr_image_row\">\n\t\t\t\t\t\t\t\t\t\t\t\t\t\t\t\t\t\t\t\t\t<div class=\"gllr_image_block\">\n\t\t\t\t\t\t\t\t\t\t\t\t<p style=\"\n\t\t\t\t\t\t\t\t\t\t\t\twidth:164px;height:164px;\t\t\t\t\t\t\t\t\t\t\t\t\">\n\t\t\t\t\t\t\t\t\t\t\t\t\t\t\t\t\t\t\t\t\t\t\t\t\t\t\t\t<a data-fancybox=\"gallery_fancybox\" href=\"https:\/\/woerrlein-naturfoto.de\/wordpress\/wp-content\/uploads\/2014\/12\/Turmfalke_250427_8060.jpg\" title=\"Turmfalke - Bild-Nr. Dieter_250427_8060\" >\n\t\t\t\t\t\t\t\t\t\t\t\t\t\t\t\t<img decoding=\"async\" width=&quot;158&quot; height=&quot;158&quot; style=\"width:158px; height:158px; border-width: 3px; border-color:#F1F1F1;border: 3px solid #F1F1F1\" alt=\"Turmfalke\" title=\"Turmfalke - Bild-Nr. Dieter_250427_8060\" src=\"https:\/\/woerrlein-naturfoto.de\/wordpress\/wp-content\/uploads\/2014\/12\/Turmfalke_250427_8060-158x158.jpg\" rel=\"https:\/\/woerrlein-naturfoto.de\/wordpress\/wp-content\/uploads\/2014\/12\/Turmfalke_250427_8060.jpg\" \/>\t\t\t\t\t\t\t\t\t\t\t\t\t\t\t<\/a>\n\t\t\t\t\t\t\t\t\t\t\t\t\t\t\t\t\t\t\t\t\t\t\t\t\t\t<\/p>\n\t\t\t\t\t\t\t\t\t\t\t\t\t\t\t\t\t\t\t\t\t\t\t\t\t<div \n\t\t\t\t\t\t\t\t\t\t\t\t\tstyle=\"width:164px;\"\t\t\t\t\t\t\t\t\t\t\t\t\tclass=\"gllr_single_image_text gllr_single_image_text_under\">Turmfalke - Bild-Nr. Dieter_250427_8060&nbsp;<\/div>\n\t\t\t\t\t\t\t\t\t\t\t\t\t\t\t\t\t\t\t\t\t\t\t<\/div><!-- .gllr_image_block -->\n\t\t\t\t\t\t\t\t\t\t\t\t\t\t\t\t\t\t\t\t\t<div class=\"gllr_image_block\">\n\t\t\t\t\t\t\t\t\t\t\t\t<p style=\"\n\t\t\t\t\t\t\t\t\t\t\t\twidth:164px;height:164px;\t\t\t\t\t\t\t\t\t\t\t\t\">\n\t\t\t\t\t\t\t\t\t\t\t\t\t\t\t\t\t\t\t\t\t\t\t\t\t\t\t\t<a data-fancybox=\"gallery_fancybox\" href=\"https:\/\/woerrlein-naturfoto.de\/wordpress\/wp-content\/uploads\/2014\/12\/Turmfalke_250907_6843.jpg\" title=\"Turmfalke - Bild-Nr. Dieter_250907_6843\" >\n\t\t\t\t\t\t\t\t\t\t\t\t\t\t\t\t<img decoding=\"async\" width=&quot;158&quot; height=&quot;158&quot; style=\"width:158px; height:158px; border-width: 3px; border-color:#F1F1F1;border: 3px solid #F1F1F1\" alt=\"Turmfalke\" title=\"Turmfalke - Bild-Nr. Dieter_250907_6843\" src=\"https:\/\/woerrlein-naturfoto.de\/wordpress\/wp-content\/uploads\/2014\/12\/Turmfalke_250907_6843-158x158.jpg\" rel=\"https:\/\/woerrlein-naturfoto.de\/wordpress\/wp-content\/uploads\/2014\/12\/Turmfalke_250907_6843.jpg\" \/>\t\t\t\t\t\t\t\t\t\t\t\t\t\t\t<\/a>\n\t\t\t\t\t\t\t\t\t\t\t\t\t\t\t\t\t\t\t\t\t\t\t\t\t\t<\/p>\n\t\t\t\t\t\t\t\t\t\t\t\t\t\t\t\t\t\t\t\t\t\t\t\t\t<div \n\t\t\t\t\t\t\t\t\t\t\t\t\tstyle=\"width:164px;\"\t\t\t\t\t\t\t\t\t\t\t\t\tclass=\"gllr_single_image_text gllr_single_image_text_under\">Turmfalke - Bild-Nr. Dieter_250907_6843&nbsp;<\/div>\n\t\t\t\t\t\t\t\t\t\t\t\t\t\t\t\t\t\t\t\t\t\t\t<\/div><!-- .gllr_image_block -->\n\t\t\t\t\t\t\t\t\t\t\t\t\t\t\t\t\t\t\t\t\t<div class=\"gllr_image_block\">\n\t\t\t\t\t\t\t\t\t\t\t\t<p style=\"\n\t\t\t\t\t\t\t\t\t\t\t\twidth:164px;height:164px;\t\t\t\t\t\t\t\t\t\t\t\t\">\n\t\t\t\t\t\t\t\t\t\t\t\t\t\t\t\t\t\t\t\t\t\t\t\t\t\t\t\t<a data-fancybox=\"gallery_fancybox\" href=\"https:\/\/woerrlein-naturfoto.de\/wordpress\/wp-content\/uploads\/2014\/12\/Turmfalke_AW01059L_4576x3051.jpg\" title=\"Turmfalke - Bild-Nr. Anke_01059L\" >\n\t\t\t\t\t\t\t\t\t\t\t\t\t\t\t\t<img decoding=\"async\" width=&quot;158&quot; height=&quot;158&quot; style=\"width:158px; height:158px; border-width: 3px; border-color:#F1F1F1;border: 3px solid #F1F1F1\" alt=\"Turmfalke\" title=\"Turmfalke - Bild-Nr. Anke_01059L\" src=\"https:\/\/woerrlein-naturfoto.de\/wordpress\/wp-content\/uploads\/2014\/12\/Turmfalke_AW01059L_4576x3051-200x200.jpg\" rel=\"https:\/\/woerrlein-naturfoto.de\/wordpress\/wp-content\/uploads\/2014\/12\/Turmfalke_AW01059L_4576x3051.jpg\" \/>\t\t\t\t\t\t\t\t\t\t\t\t\t\t\t<\/a>\n\t\t\t\t\t\t\t\t\t\t\t\t\t\t\t\t\t\t\t\t\t\t\t\t\t\t<\/p>\n\t\t\t\t\t\t\t\t\t\t\t\t\t\t\t\t\t\t\t\t\t\t\t\t\t<div \n\t\t\t\t\t\t\t\t\t\t\t\t\tstyle=\"width:164px;\"\t\t\t\t\t\t\t\t\t\t\t\t\tclass=\"gllr_single_image_text gllr_single_image_text_under\">Turmfalke - Bild-Nr. Anke_01059L&nbsp;<\/div>\n\t\t\t\t\t\t\t\t\t\t\t\t\t\t\t\t\t\t\t\t\t\t\t<\/div><!-- .gllr_image_block -->\n\t\t\t\t\t\t\t\t\t\t\t\t\t\t\t\t\t\t\t\t\t<div class=\"gllr_image_block\">\n\t\t\t\t\t\t\t\t\t\t\t\t<p style=\"\n\t\t\t\t\t\t\t\t\t\t\t\twidth:164px;height:164px;\t\t\t\t\t\t\t\t\t\t\t\t\">\n\t\t\t\t\t\t\t\t\t\t\t\t\t\t\t\t\t\t\t\t\t\t\t\t\t\t\t\t<a data-fancybox=\"gallery_fancybox\" href=\"https:\/\/woerrlein-naturfoto.de\/wordpress\/wp-content\/uploads\/Turmfalke_AW_26305_v548ec9ebef4b1.jpg\" title=\"Turmfalke - Bild-Nr. Anke_26305\" >\n\t\t\t\t\t\t\t\t\t\t\t\t\t\t\t\t<img decoding=\"async\" width=&quot;158&quot; height=&quot;158&quot; style=\"width:158px; height:158px; border-width: 3px; border-color:#F1F1F1;border: 3px solid #F1F1F1\" alt=\"Turmfalke\" title=\"Turmfalke - Bild-Nr. Anke_26305\" src=\"https:\/\/woerrlein-naturfoto.de\/wordpress\/wp-content\/uploads\/Turmfalke_AW_26305_v548ec9ebef4b1-200x200.jpg\" rel=\"https:\/\/woerrlein-naturfoto.de\/wordpress\/wp-content\/uploads\/Turmfalke_AW_26305_v548ec9ebef4b1.jpg\" \/>\t\t\t\t\t\t\t\t\t\t\t\t\t\t\t<\/a>\n\t\t\t\t\t\t\t\t\t\t\t\t\t\t\t\t\t\t\t\t\t\t\t\t\t\t<\/p>\n\t\t\t\t\t\t\t\t\t\t\t\t\t\t\t\t\t\t\t\t\t\t\t\t\t<div \n\t\t\t\t\t\t\t\t\t\t\t\t\tstyle=\"width:164px;\"\t\t\t\t\t\t\t\t\t\t\t\t\tclass=\"gllr_single_image_text gllr_single_image_text_under\">Turmfalke - Bild-Nr. Anke_26305&nbsp;<\/div>\n\t\t\t\t\t\t\t\t\t\t\t\t\t\t\t\t\t\t\t\t\t\t\t<\/div><!-- .gllr_image_block -->\n\t\t\t\t\t\t\t\t\t\t\t\t\t\t\t\t\t\t\t\t\t<div class=\"gllr_image_block\">\n\t\t\t\t\t\t\t\t\t\t\t\t<p style=\"\n\t\t\t\t\t\t\t\t\t\t\t\twidth:164px;height:164px;\t\t\t\t\t\t\t\t\t\t\t\t\">\n\t\t\t\t\t\t\t\t\t\t\t\t\t\t\t\t\t\t\t\t\t\t\t\t\t\t\t\t<a data-fancybox=\"gallery_fancybox\" href=\"https:\/\/woerrlein-naturfoto.de\/wordpress\/wp-content\/uploads\/2014\/12\/Turmfalke_AW_66099_4710x3140.jpg\" title=\"Turmfalke - Bild-Nr. Anke_66099\" >\n\t\t\t\t\t\t\t\t\t\t\t\t\t\t\t\t<img decoding=\"async\" width=&quot;158&quot; height=&quot;158&quot; style=\"width:158px; height:158px; border-width: 3px; border-color:#F1F1F1;border: 3px solid #F1F1F1\" alt=\"Turmfalke\" title=\"Turmfalke - Bild-Nr. Anke_66099\" src=\"https:\/\/woerrlein-naturfoto.de\/wordpress\/wp-content\/uploads\/2014\/12\/Turmfalke_AW_66099_4710x3140-200x200.jpg\" rel=\"https:\/\/woerrlein-naturfoto.de\/wordpress\/wp-content\/uploads\/2014\/12\/Turmfalke_AW_66099_4710x3140.jpg\" \/>\t\t\t\t\t\t\t\t\t\t\t\t\t\t\t<\/a>\n\t\t\t\t\t\t\t\t\t\t\t\t\t\t\t\t\t\t\t\t\t\t\t\t\t\t<\/p>\n\t\t\t\t\t\t\t\t\t\t\t\t\t\t\t\t\t\t\t\t\t\t\t\t\t<div \n\t\t\t\t\t\t\t\t\t\t\t\t\tstyle=\"width:164px;\"\t\t\t\t\t\t\t\t\t\t\t\t\tclass=\"gllr_single_image_text gllr_single_image_text_under\">Turmfalke - Bild-Nr. Anke_66099&nbsp;<\/div>\n\t\t\t\t\t\t\t\t\t\t\t\t\t\t\t\t\t\t\t\t\t\t\t<\/div><!-- .gllr_image_block -->\n\t\t\t\t\t\t\t\t\t\t\t\t\t\t\t\t\t\t\t\t\t<div class=\"gllr_image_block\">\n\t\t\t\t\t\t\t\t\t\t\t\t<p style=\"\n\t\t\t\t\t\t\t\t\t\t\t\twidth:164px;height:164px;\t\t\t\t\t\t\t\t\t\t\t\t\">\n\t\t\t\t\t\t\t\t\t\t\t\t\t\t\t\t\t\t\t\t\t\t\t\t\t\t\t\t<a data-fancybox=\"gallery_fancybox\" href=\"https:\/\/woerrlein-naturfoto.de\/wordpress\/wp-content\/uploads\/Wespenbussard_16400L_v.jpg\" title=\"Wepenbussard (captive) - Bild-Nr. Dieter_16400L\" >\n\t\t\t\t\t\t\t\t\t\t\t\t\t\t\t\t<img decoding=\"async\" width=&quot;158&quot; height=&quot;158&quot; style=\"width:158px; height:158px; border-width: 3px; border-color:#F1F1F1;border: 3px solid #F1F1F1\" alt=\"Wepenbussard\" title=\"Wepenbussard (captive) - Bild-Nr. Dieter_16400L\" src=\"https:\/\/woerrlein-naturfoto.de\/wordpress\/wp-content\/uploads\/Wespenbussard_16400L_v-200x200.jpg\" rel=\"https:\/\/woerrlein-naturfoto.de\/wordpress\/wp-content\/uploads\/Wespenbussard_16400L_v.jpg\" \/>\t\t\t\t\t\t\t\t\t\t\t\t\t\t\t<\/a>\n\t\t\t\t\t\t\t\t\t\t\t\t\t\t\t\t\t\t\t\t\t\t\t\t\t\t<\/p>\n\t\t\t\t\t\t\t\t\t\t\t\t\t\t\t\t\t\t\t\t\t\t\t\t\t<div \n\t\t\t\t\t\t\t\t\t\t\t\t\tstyle=\"width:164px;\"\t\t\t\t\t\t\t\t\t\t\t\t\tclass=\"gllr_single_image_text gllr_single_image_text_under\">Wepenbussard (captive) - Bild-Nr. Dieter_16400L&nbsp;<\/div>\n\t\t\t\t\t\t\t\t\t\t\t\t\t\t\t\t\t\t\t\t\t\t\t<\/div><!-- .gllr_image_block -->\n\t\t\t\t\t\t\t\t\t\t\t\t\t\t\t\t\t\t\t\t\t<div class=\"gllr_image_block\">\n\t\t\t\t\t\t\t\t\t\t\t\t<p style=\"\n\t\t\t\t\t\t\t\t\t\t\t\twidth:164px;height:164px;\t\t\t\t\t\t\t\t\t\t\t\t\">\n\t\t\t\t\t\t\t\t\t\t\t\t\t\t\t\t\t\t\t\t\t\t\t\t\t\t\t\t<a data-fancybox=\"gallery_fancybox\" href=\"https:\/\/woerrlein-naturfoto.de\/wordpress\/wp-content\/uploads\/Wespenbussard_24892L_v.jpg\" title=\"Wepenbussard (captive) - Bild-Nr. Dieter_24892L\" >\n\t\t\t\t\t\t\t\t\t\t\t\t\t\t\t\t<img decoding=\"async\" width=&quot;158&quot; height=&quot;158&quot; style=\"width:158px; height:158px; border-width: 3px; border-color:#F1F1F1;border: 3px solid #F1F1F1\" alt=\"Wepenbussard\" title=\"Wepenbussard (captive) - Bild-Nr. Dieter_24892L\" src=\"https:\/\/woerrlein-naturfoto.de\/wordpress\/wp-content\/uploads\/Wespenbussard_24892L_v-200x200.jpg\" rel=\"https:\/\/woerrlein-naturfoto.de\/wordpress\/wp-content\/uploads\/Wespenbussard_24892L_v.jpg\" \/>\t\t\t\t\t\t\t\t\t\t\t\t\t\t\t<\/a>\n\t\t\t\t\t\t\t\t\t\t\t\t\t\t\t\t\t\t\t\t\t\t\t\t\t\t<\/p>\n\t\t\t\t\t\t\t\t\t\t\t\t\t\t\t\t\t\t\t\t\t\t\t\t\t<div \n\t\t\t\t\t\t\t\t\t\t\t\t\tstyle=\"width:164px;\"\t\t\t\t\t\t\t\t\t\t\t\t\tclass=\"gllr_single_image_text gllr_single_image_text_under\">Wepenbussard (captive) - Bild-Nr. Dieter_24892L&nbsp;<\/div>\n\t\t\t\t\t\t\t\t\t\t\t\t\t\t\t\t\t\t\t\t\t\t\t<\/div><!-- .gllr_image_block -->\n\t\t\t\t\t\t\t\t\t\t\t\t\t\t\t\t\t\t\t\t\t<div class=\"gllr_image_block\">\n\t\t\t\t\t\t\t\t\t\t\t\t<p style=\"\n\t\t\t\t\t\t\t\t\t\t\t\twidth:164px;height:164px;\t\t\t\t\t\t\t\t\t\t\t\t\">\n\t\t\t\t\t\t\t\t\t\t\t\t\t\t\t\t\t\t\t\t\t\t\t\t\t\t\t\t<a data-fancybox=\"gallery_fancybox\" href=\"https:\/\/woerrlein-naturfoto.de\/wordpress\/wp-content\/uploads\/Wespenbussard_MW33520_gros.jpg\" title=\"Wepenbussard (captive) - Bild-Nr. Marina_33520\" >\n\t\t\t\t\t\t\t\t\t\t\t\t\t\t\t\t<img decoding=\"async\" width=&quot;158&quot; height=&quot;158&quot; style=\"width:158px; height:158px; border-width: 3px; border-color:#F1F1F1;border: 3px solid #F1F1F1\" alt=\"Wepenbussard\" title=\"Wepenbussard (captive) - Bild-Nr. Marina_33520\" src=\"https:\/\/woerrlein-naturfoto.de\/wordpress\/wp-content\/uploads\/Wespenbussard_MW33520_gros-200x200.jpg\" rel=\"https:\/\/woerrlein-naturfoto.de\/wordpress\/wp-content\/uploads\/Wespenbussard_MW33520_gros.jpg\" \/>\t\t\t\t\t\t\t\t\t\t\t\t\t\t\t<\/a>\n\t\t\t\t\t\t\t\t\t\t\t\t\t\t\t\t\t\t\t\t\t\t\t\t\t\t<\/p>\n\t\t\t\t\t\t\t\t\t\t\t\t\t\t\t\t\t\t\t\t\t\t\t\t\t<div \n\t\t\t\t\t\t\t\t\t\t\t\t\tstyle=\"width:164px;\"\t\t\t\t\t\t\t\t\t\t\t\t\tclass=\"gllr_single_image_text gllr_single_image_text_under\">Wepenbussard (captive) - Bild-Nr. Marina_33520&nbsp;<\/div>\n\t\t\t\t\t\t\t\t\t\t\t\t\t\t\t\t\t\t\t\t\t\t\t<\/div><!-- .gllr_image_block -->\n\t\t\t\t\t\t\t\t\t\t\t\t\t\t\t\t\t\t\t\t\t<\/div><!-- .gllr_image_row -->\n\t\t\t\t\t\t\t\t\t\t\t\t\t\t\t\t\t\t\t<\/div><!-- .gallery.clearfix -->\n\t\t\t\t\t\t\t\t\t\t\t\t\t\t<\/div><!-- .gallery_box_single -->\n\t\t\t\t\t\t<div class=\"gllr_clear\"><\/div>\n\t\t\t\t\t\t<\/code><\/p>\n<p>zur Beschreibung <a title=\"Fischadler\" href=\"https:\/\/woerrlein-naturfoto.de\/wordpress\/greifvoegel-a-z\/bartgeier\/\">Greifv\u00f6gel<\/a><a title=\"V\u00f6gel von A-Z\" href=\"http:\/\/woerrlein-naturfoto.de\/wordpress\/voegel\/voegel_von_a-z\/\"><br \/>\nV\u00f6gel von A-Z<\/a><a href=\"http:\/\/woerrlein-naturfoto.de\/wordpress\/voegel\/\"><br \/>\nV\u00f6gel<\/a><\/p>\n<p>&nbsp;<\/p>\n","protected":false},"excerpt":{"rendered":"<p>V\u00f6gel V\u00f6gel von A-Z zur Beschreibung Greifv\u00f6gel zur Beschreibung Greifv\u00f6gel V\u00f6gel von A-Z V\u00f6gel &nbsp;<\/p>\n","protected":false},"author":1,"featured_media":0,"parent":7,"menu_order":0,"comment_status":"closed","ping_status":"closed","template":"page-templates\/full-width.php","meta":{"footnotes":""},"class_list":["post-46","page","type-page","status-publish","hentry"],"_links":{"self":[{"href":"https:\/\/woerrlein-naturfoto.de\/wordpress\/wp-json\/wp\/v2\/pages\/46","targetHints":{"allow":["GET"]}}],"collection":[{"href":"https:\/\/woerrlein-naturfoto.de\/wordpress\/wp-json\/wp\/v2\/pages"}],"about":[{"href":"https:\/\/woerrlein-naturfoto.de\/wordpress\/wp-json\/wp\/v2\/types\/page"}],"author":[{"embeddable":true,"href":"https:\/\/woerrlein-naturfoto.de\/wordpress\/wp-json\/wp\/v2\/users\/1"}],"replies":[{"embeddable":true,"href":"https:\/\/woerrlein-naturfoto.de\/wordpress\/wp-json\/wp\/v2\/comments?post=46"}],"version-history":[{"count":6,"href":"https:\/\/woerrlein-naturfoto.de\/wordpress\/wp-json\/wp\/v2\/pages\/46\/revisions"}],"predecessor-version":[{"id":20721,"href":"https:\/\/woerrlein-naturfoto.de\/wordpress\/wp-json\/wp\/v2\/pages\/46\/revisions\/20721"}],"up":[{"embeddable":true,"href":"https:\/\/woerrlein-naturfoto.de\/wordpress\/wp-json\/wp\/v2\/pages\/7"}],"wp:attachment":[{"href":"https:\/\/woerrlein-naturfoto.de\/wordpress\/wp-json\/wp\/v2\/media?parent=46"}],"curies":[{"name":"wp","href":"https:\/\/api.w.org\/{rel}","templated":true}]}}