{"id":4006,"date":"2015-01-12T21:12:24","date_gmt":"2015-01-12T19:12:24","guid":{"rendered":"http:\/\/woerrlein-naturfoto.de\/wordpress\/?page_id=4006"},"modified":"2015-02-11T22:20:31","modified_gmt":"2015-02-11T21:20:31","slug":"spitzling","status":"publish","type":"page","link":"https:\/\/woerrlein-naturfoto.de\/wordpress\/wanzen-wasserlaeufer-a-z\/spitzling\/","title":{"rendered":"Spitzling"},"content":{"rendered":"<p><a href=\"http:\/\/woerrlein-naturfoto.de\/wordpress\/insekten\/\"><span style=\"color: #ffff66;\">Insekten<\/span> <\/a>-&gt;<a href=\"http:\/\/woerrlein-naturfoto.de\/wordpress\/hauptseite-insekten\/insekten\/wanzen-wasserlaeufer-2\/\"> <span style=\"color: #ffff66;\">Wanzen, Wasserl\u00e4ufer<\/span><\/a><br \/>\n<a title=\"Insekten A-Z\" href=\"http:\/\/woerrlein-naturfoto.de\/wordpress\/insekten-a-z\/\">Insekten von A-Z<\/a><br \/>\nzur Galerie <a title=\"Wanzen, Wasserl\u00e4ufer\" href=\"http:\/\/woerrlein-naturfoto.de\/wordpress\/hauptseite-insekten\/insekten\/wanzen-wasserlaeufer-2\/\">Wanzen, Wasserl\u00e4ufer<\/a><\/p>\n<p><img loading=\"lazy\" decoding=\"async\" class=\"alignleft wp-image-3977\" src=\"http:\/\/woerrlein-naturfoto.de\/wordpress\/wp-content\/uploads\/Spitzling_61412_v-400x600.jpg\" alt=\"Spitzling_61412_v.jpg\" width=\"267\" height=\"400\" srcset=\"https:\/\/woerrlein-naturfoto.de\/wordpress\/wp-content\/uploads\/Spitzling_61412_v-400x600.jpg 400w, https:\/\/woerrlein-naturfoto.de\/wordpress\/wp-content\/uploads\/Spitzling_61412_v.jpg 567w\" sizes=\"auto, (max-width: 267px) 100vw, 267px\" \/>Die <b>Getreidewanze<\/b> (<i>Aelia acuminata<\/i>), auch <b>Spitzling<\/b> genannt, ist eine Wanze aus der Familie der Baumwanzen. Die Wanzen werden 7,8 bis 9,3 Millimeter lang. Namensgebend f\u00fcr die Art ist ihr langgestreckter, zugespitzter Kopf, der charakteristisch f\u00fcr die Art ist. Ihr K\u00f6rper ist gelblich-wei\u00df gef\u00e4rbt und tr\u00e4gt auf der Oberseite mehrere braune Streifen. Der K\u00f6rper ist fein punktf\u00f6rmig strukturiert, wobei diese Punkte auf den hellen K\u00f6rperpartien hell und auf den dunklen K\u00f6rperpartien dunkel gef\u00e4rbt sind. Neben der Kopfform sind f\u00fcr die Art au\u00dferdem zwei kleine schwarze Flecken an den Schenkeln der mittleren und hinteren Beine charakteristisch. Die Art ist in ganz Europa, mit Ausnahme des hohen Nordens, bis Nordafrika sowie im Osten bis Sibirien und \u00fcber Zentralasien bis in den Norden Chinas verbreitet. Sie ist in Mitteleuropa weit verbreitet und meist h\u00e4ufig und tritt in den Alpen bis etwa 1300 Meter Seeh\u00f6he auf.<\/p>\n<p>Zur Galerie <a title=\"Wanzen, Wasserl\u00e4ufer\" href=\"http:\/\/woerrlein-naturfoto.de\/wordpress\/hauptseite-insekten\/insekten\/wanzen-wasserlaeufer-2\/\">Wanzen, Wasserl\u00e4ufer<\/a><\/p>\n<p>&nbsp;<\/p>\n<p><em>Quelle des Textauszuges und weitere Infos bei <\/em><a href=\"http:\/\/de.wikipedia.org\/wiki\/Getreidewanze\" target=\"_blank\">Wikipedia<\/a><em> (<\/em><a href=\"http:\/\/www.gnu.org\/licenses\/fdl-1.3.txt\" target=\"_blank\">GNU-Lizenz<\/a><em>)\u2013 mein Dank gilt den <\/em><a href=\"http:\/\/de.wikipedia.org\/w\/index.php?title=Getreidewanze&amp;action=history\" target=\"_blank\">Autoren<\/a><em>.<\/em><\/p>\n","protected":false},"excerpt":{"rendered":"<p>Insekten -&gt; Wanzen, Wasserl\u00e4ufer Insekten von A-Z zur Galerie Wanzen, Wasserl\u00e4ufer Die Getreidewanze (Aelia acuminata), auch Spitzling genannt, ist eine Wanze aus der Familie der Baumwanzen. Die Wanzen werden 7,8 bis 9,3 Millimeter lang. Namensgebend f\u00fcr die Art ist ihr langgestreckter, zugespitzter Kopf, der charakteristisch f\u00fcr die Art ist. Ihr K\u00f6rper ist gelblich-wei\u00df gef\u00e4rbt und &hellip; <a href=\"https:\/\/woerrlein-naturfoto.de\/wordpress\/wanzen-wasserlaeufer-a-z\/spitzling\/\" class=\"more-link\"><span class=\"screen-reader-text\">Spitzling<\/span> weiterlesen <span class=\"meta-nav\">&rarr;<\/span><\/a><\/p>\n","protected":false},"author":1,"featured_media":0,"parent":3992,"menu_order":0,"comment_status":"closed","ping_status":"closed","template":"page-templates\/full-width.php","meta":{"footnotes":""},"class_list":["post-4006","page","type-page","status-publish","hentry"],"_links":{"self":[{"href":"https:\/\/woerrlein-naturfoto.de\/wordpress\/wp-json\/wp\/v2\/pages\/4006","targetHints":{"allow":["GET"]}}],"collection":[{"href":"https:\/\/woerrlein-naturfoto.de\/wordpress\/wp-json\/wp\/v2\/pages"}],"about":[{"href":"https:\/\/woerrlein-naturfoto.de\/wordpress\/wp-json\/wp\/v2\/types\/page"}],"author":[{"embeddable":true,"href":"https:\/\/woerrlein-naturfoto.de\/wordpress\/wp-json\/wp\/v2\/users\/1"}],"replies":[{"embeddable":true,"href":"https:\/\/woerrlein-naturfoto.de\/wordpress\/wp-json\/wp\/v2\/comments?post=4006"}],"version-history":[{"count":3,"href":"https:\/\/woerrlein-naturfoto.de\/wordpress\/wp-json\/wp\/v2\/pages\/4006\/revisions"}],"predecessor-version":[{"id":5842,"href":"https:\/\/woerrlein-naturfoto.de\/wordpress\/wp-json\/wp\/v2\/pages\/4006\/revisions\/5842"}],"up":[{"embeddable":true,"href":"https:\/\/woerrlein-naturfoto.de\/wordpress\/wp-json\/wp\/v2\/pages\/3992"}],"wp:attachment":[{"href":"https:\/\/woerrlein-naturfoto.de\/wordpress\/wp-json\/wp\/v2\/media?parent=4006"}],"curies":[{"name":"wp","href":"https:\/\/api.w.org\/{rel}","templated":true}]}}