{"id":3989,"date":"2015-01-11T21:30:08","date_gmt":"2015-01-11T19:30:08","guid":{"rendered":"http:\/\/woerrlein-naturfoto.de\/wordpress\/?page_id=3989"},"modified":"2019-10-02T15:03:48","modified_gmt":"2019-10-02T13:03:48","slug":"schornsteinfeger","status":"publish","type":"page","link":"https:\/\/woerrlein-naturfoto.de\/wordpress\/edelfalter-a-z\/schornsteinfeger\/","title":{"rendered":"Schornsteinfeger"},"content":{"rendered":"<p><span style=\"color: #ffff00;\"><a href=\"http:\/\/woerrlein-naturfoto.de\/wordpress\/insekten\/\"><span style=\"color: #ffff66;\">Insekten<\/span><\/a><\/span> -&gt; <span style=\"color: #ffff00;\"><a href=\"http:\/\/woerrlein-naturfoto.de\/wordpress\/hauptseite-insekten\/insekten\/schmetterlinge-2\/\"><span style=\"color: #ffff66;\">Schmetterlinge<\/span><\/a><\/span>-&gt;<a href=\"https:\/\/woerrlein-naturfoto.de\/wordpress\/hauptseite-insekten\/insekten\/schmetterlinge-2\/edelfalter\/\"><span style=\"color: #ffff66;\">Edelfalter<\/span><\/a><br \/>\n<a title=\"Insekten A-Z\" href=\"http:\/\/woerrlein-naturfoto.de\/wordpress\/insekten-a-z\/\">Insekten von A-Z<\/a><br \/>\nzur Galerie <a href=\"https:\/\/woerrlein-naturfoto.de\/wordpress\/hauptseite-insekten\/insekten\/schmetterlinge-2\/edelfalter\/\">Edelfalter<\/a><\/p>\n<p><img loading=\"lazy\" decoding=\"async\" class=\"alignleft wp-image-3987\" src=\"http:\/\/woerrlein-naturfoto.de\/wordpress\/wp-content\/uploads\/Schornsteinfeger_20678-400x600.jpg\" alt=\"Schornsteinfeger_20678.jpg\" width=\"266\" height=\"400\" srcset=\"https:\/\/woerrlein-naturfoto.de\/wordpress\/wp-content\/uploads\/Schornsteinfeger_20678-400x600.jpg 400w, https:\/\/woerrlein-naturfoto.de\/wordpress\/wp-content\/uploads\/Schornsteinfeger_20678.jpg 566w\" sizes=\"auto, (max-width: 266px) 100vw, 266px\" \/>Der <b>Braune Waldvogel<\/b> (<i>Aphantopus hyperantus<\/i>) ist ein Schmetterling (Tagfalter) aus der Familie der Edelfalter und wird auch als <b>Schornsteinfeger<\/b> bezeichnet. Der Braune Waldvogel ist ein h\u00e4ufiger, mittelgro\u00dfer Falter mit einer Fl\u00fcgelspannweite von 35 bis 42 Millimetern. Die Fl\u00fcgelober- und unterseiten sind einfarbig braun mit kleinen, gelblich umrandeten Augenflecken. Die Anzahl und Gr\u00f6\u00dfe der Augenflecke ist variabel, sie k\u00f6nnen auf der Fl\u00fcgeloberseite fehlen, w\u00e4hrend auf der Unterseite nur noch die wei\u00dfen Kerne sichtbar sind. Die Falter sieht man meist mit zusammengeklappten Fl\u00fcgeln, so dass man die charakteristische Unterseite gut sehen kann. An k\u00fchlen Tagen versuchen sie aber mit ausgebreiteten Fl\u00fcgeln Sonnenw\u00e4rme zu tanken. Die Falter kann man sehr h\u00e4ufig an Acker-Kratzdistel oder Sumpf-Kratzdistel, Dost, Wald-Witwenblume, Brombeerbl\u00fcten oder B\u00e4renklau beobachten. Das Weibchen wirft die nicht haftenden Eier im langsamen niedrigem Flug \u00fcber Grasland ab. Die Raupen \u00fcberwintern und verpuppen sich zwischen miteinander versponnenen Gr\u00e4sern. Die Puppe steht dabei in der Regel aufrecht in der Puppenkammer.<sup id=\"cite_ref-Bellmann_2-1\" class=\"reference\"><\/sup><\/p>\n<p><strong>Flugzeit:<\/strong>\u00a0\u00a0\u00a0\u00a0 Juni bis August in einer Generation<\/p>\n<p>Zur Galerie <a href=\"https:\/\/woerrlein-naturfoto.de\/wordpress\/hauptseite-insekten\/insekten\/schmetterlinge-2\/edelfalter\/\">Edelfalter<\/a><\/p>\n<p>&nbsp;<\/p>\n<p><em>Quelle des Textauszuges und weitere Infos bei <\/em><a href=\"http:\/\/de.wikipedia.org\/wiki\/Brauner_Waldvogel\" target=\"_blank\" rel=\"noopener noreferrer\">Wikipedia<\/a><em> (<\/em><a href=\"http:\/\/www.gnu.org\/licenses\/fdl-1.3.txt\" target=\"_blank\" rel=\"noopener noreferrer\">GNU-Lizenz<\/a><em>)\u2013 mein Dank gilt den <\/em><a href=\"http:\/\/de.wikipedia.org\/w\/index.php?title=Brauner_Waldvogel&amp;action=history\" target=\"_blank\" rel=\"noopener noreferrer\">Autoren<\/a><em>.<\/em><\/p>\n","protected":false},"excerpt":{"rendered":"<p>Insekten -&gt; Schmetterlinge-&gt;Edelfalter Insekten von A-Z zur Galerie Edelfalter Der Braune Waldvogel (Aphantopus hyperantus) ist ein Schmetterling (Tagfalter) aus der Familie der Edelfalter und wird auch als Schornsteinfeger bezeichnet. Der Braune Waldvogel ist ein h\u00e4ufiger, mittelgro\u00dfer Falter mit einer Fl\u00fcgelspannweite von 35 bis 42 Millimetern. Die Fl\u00fcgelober- und unterseiten sind einfarbig braun mit kleinen, gelblich &hellip; <a href=\"https:\/\/woerrlein-naturfoto.de\/wordpress\/edelfalter-a-z\/schornsteinfeger\/\" class=\"more-link\"><span class=\"screen-reader-text\">Schornsteinfeger<\/span> weiterlesen <span class=\"meta-nav\">&rarr;<\/span><\/a><\/p>\n","protected":false},"author":1,"featured_media":0,"parent":11134,"menu_order":0,"comment_status":"closed","ping_status":"closed","template":"page-templates\/full-width.php","meta":{"footnotes":""},"class_list":["post-3989","page","type-page","status-publish","hentry"],"_links":{"self":[{"href":"https:\/\/woerrlein-naturfoto.de\/wordpress\/wp-json\/wp\/v2\/pages\/3989","targetHints":{"allow":["GET"]}}],"collection":[{"href":"https:\/\/woerrlein-naturfoto.de\/wordpress\/wp-json\/wp\/v2\/pages"}],"about":[{"href":"https:\/\/woerrlein-naturfoto.de\/wordpress\/wp-json\/wp\/v2\/types\/page"}],"author":[{"embeddable":true,"href":"https:\/\/woerrlein-naturfoto.de\/wordpress\/wp-json\/wp\/v2\/users\/1"}],"replies":[{"embeddable":true,"href":"https:\/\/woerrlein-naturfoto.de\/wordpress\/wp-json\/wp\/v2\/comments?post=3989"}],"version-history":[{"count":5,"href":"https:\/\/woerrlein-naturfoto.de\/wordpress\/wp-json\/wp\/v2\/pages\/3989\/revisions"}],"predecessor-version":[{"id":11170,"href":"https:\/\/woerrlein-naturfoto.de\/wordpress\/wp-json\/wp\/v2\/pages\/3989\/revisions\/11170"}],"up":[{"embeddable":true,"href":"https:\/\/woerrlein-naturfoto.de\/wordpress\/wp-json\/wp\/v2\/pages\/11134"}],"wp:attachment":[{"href":"https:\/\/woerrlein-naturfoto.de\/wordpress\/wp-json\/wp\/v2\/media?parent=3989"}],"curies":[{"name":"wp","href":"https:\/\/api.w.org\/{rel}","templated":true}]}}