{"id":2608,"date":"2014-12-27T23:42:47","date_gmt":"2014-12-27T21:42:47","guid":{"rendered":"http:\/\/woerrlein-naturfoto.de\/wordpress\/?page_id=2608"},"modified":"2015-02-19T12:58:09","modified_gmt":"2015-02-19T11:58:09","slug":"sichler","status":"publish","type":"page","link":"https:\/\/woerrlein-naturfoto.de\/wordpress\/schreitvoegel-a-z\/sichler\/","title":{"rendered":"Sichler"},"content":{"rendered":"<p><a href=\"http:\/\/woerrlein-naturfoto.de\/wordpress\/voegel\/\"><span style=\"color: #ffff66;\">V\u00f6gel<\/span> <\/a>-&gt;<a href=\"http:\/\/woerrlein-naturfoto.de\/wordpress\/hauptseite-voegel\/voegel\/schreitvoegel\/\"> <span style=\"color: #ffff66;\">Schreitv\u00f6gel<\/span><\/a><br \/>\n<a title=\"V\u00f6gel von A-Z\" href=\"http:\/\/woerrlein-naturfoto.de\/wordpress\/voegel\/voegel_von_a-z\/\">V\u00f6gel von A-Z<\/a><br \/>\nzur Galerie <a title=\"Schreitv\u00f6gel\" href=\"http:\/\/woerrlein-naturfoto.de\/wordpress\/hauptseite-voegel\/voegel\/schreitvoegel\/\">Schreitv\u00f6gel<\/a><\/p>\n<p><img loading=\"lazy\" decoding=\"async\" class=\"alignleft wp-image-1752\" src=\"http:\/\/woerrlein-naturfoto.de\/wordpress\/wp-content\/uploads\/Sichler_5930L-600x399.jpg\" alt=\"Sichler_5930L.jpg\" width=\"600\" height=\"399\" srcset=\"https:\/\/woerrlein-naturfoto.de\/wordpress\/wp-content\/uploads\/Sichler_5930L-600x399.jpg 600w, https:\/\/woerrlein-naturfoto.de\/wordpress\/wp-content\/uploads\/Sichler_5930L-120x80.jpg 120w, https:\/\/woerrlein-naturfoto.de\/wordpress\/wp-content\/uploads\/Sichler_5930L.jpg 1000w\" sizes=\"auto, (max-width: 600px) 100vw, 600px\" \/>Der <b>Braune Sichler<\/b> (<i>Plegadis falcinellus<\/i>), oft auch <b>Braunsichler<\/b> oder nur <b>Sichler<\/b> genannt, ist ein weltweit verbreiteter Ibis. Der Braune Sichler kommt in Afrika, Europa, Asien, Australien sowie Nord-, Mittel- und S\u00fcdamerika vor, stammt jedoch wohl aus der Alten Welt. Der Braune Sichler ist als Brutvogel sehr unbest\u00e4ndig. Er br\u00fctet an einigen Stellen in gro\u00dfer Zahl, verl\u00e4sst diesen Brutplatz dann aber ohne erkennbaren Grund f\u00fcr einige Zeit oder auch f\u00fcr immer. Zu den Lebensr\u00e4umen des Braunen Sichlers z\u00e4hlen Feuchtgebiete, Seen, S\u00fcmpfe, Lagunen und Fl\u00fcsse. In Europa ist der Braune Sichler ein Zugvogel. Am Brutplatz trifft er erst im April aus den \u00dcberwinterungsgebieten im Mittelmeergebiet und dem tropischen Afrika ein und verl\u00e4sst diesen im August oder September. Beide Geschlechter beteiligen sich beim Bau des Nests. Bei der Brut l\u00f6sen sich M\u00e4nnchen und Weibchen ab, wobei das M\u00e4nnchen vorwiegend nachts br\u00fctet.<\/p>\n<p>L\u00e4nge: 55-65 cm\u00a0\u00a0 Spannweite: 80-95 cm\u00a0\u00a0 Gewicht: 550-650 g\u00a0\u00a0 Gelege: 4-5 Eier<\/p>\n<p>zur Galerie <a title=\"Schreitv\u00f6gel\" href=\"http:\/\/woerrlein-naturfoto.de\/wordpress\/hauptseite-voegel\/voegel\/schreitvoegel\/\">Schreitv\u00f6gel<\/a><code><br \/>\n<\/code><\/p>\n<p>&nbsp;<\/p>\n<p><em>Quelle des Textauszuges und weitere Infos bei <\/em><a href=\"http:\/\/de.wikipedia.org\/wiki\/Brauner_Sichler\" target=\"_blank\">Wikipedia<\/a> <em>(<\/em><a href=\"http:\/\/www.gnu.org\/licenses\/fdl-1.3.txt\" target=\"_blank\">GNU-Lizenz<\/a><em>)<\/em> \u2013 <em>mein Dank gilt den<\/em> <a href=\"http:\/\/de.wikipedia.org\/w\/index.php?title=Brauner_Sichler&amp;action=history\" target=\"_blank\">Autoren<\/a>.<\/p>\n<p>&nbsp;<\/p>\n","protected":false},"excerpt":{"rendered":"<p>V\u00f6gel -&gt; Schreitv\u00f6gel V\u00f6gel von A-Z zur Galerie Schreitv\u00f6gel Der Braune Sichler (Plegadis falcinellus), oft auch Braunsichler oder nur Sichler genannt, ist ein weltweit verbreiteter Ibis. Der Braune Sichler kommt in Afrika, Europa, Asien, Australien sowie Nord-, Mittel- und S\u00fcdamerika vor, stammt jedoch wohl aus der Alten Welt. Der Braune Sichler ist als Brutvogel sehr &hellip; <a href=\"https:\/\/woerrlein-naturfoto.de\/wordpress\/schreitvoegel-a-z\/sichler\/\" class=\"more-link\"><span class=\"screen-reader-text\">Sichler<\/span> weiterlesen <span class=\"meta-nav\">&rarr;<\/span><\/a><\/p>\n","protected":false},"author":1,"featured_media":0,"parent":2551,"menu_order":0,"comment_status":"closed","ping_status":"closed","template":"page-templates\/full-width.php","meta":{"footnotes":""},"class_list":["post-2608","page","type-page","status-publish","hentry"],"_links":{"self":[{"href":"https:\/\/woerrlein-naturfoto.de\/wordpress\/wp-json\/wp\/v2\/pages\/2608","targetHints":{"allow":["GET"]}}],"collection":[{"href":"https:\/\/woerrlein-naturfoto.de\/wordpress\/wp-json\/wp\/v2\/pages"}],"about":[{"href":"https:\/\/woerrlein-naturfoto.de\/wordpress\/wp-json\/wp\/v2\/types\/page"}],"author":[{"embeddable":true,"href":"https:\/\/woerrlein-naturfoto.de\/wordpress\/wp-json\/wp\/v2\/users\/1"}],"replies":[{"embeddable":true,"href":"https:\/\/woerrlein-naturfoto.de\/wordpress\/wp-json\/wp\/v2\/comments?post=2608"}],"version-history":[{"count":4,"href":"https:\/\/woerrlein-naturfoto.de\/wordpress\/wp-json\/wp\/v2\/pages\/2608\/revisions"}],"predecessor-version":[{"id":6377,"href":"https:\/\/woerrlein-naturfoto.de\/wordpress\/wp-json\/wp\/v2\/pages\/2608\/revisions\/6377"}],"up":[{"embeddable":true,"href":"https:\/\/woerrlein-naturfoto.de\/wordpress\/wp-json\/wp\/v2\/pages\/2551"}],"wp:attachment":[{"href":"https:\/\/woerrlein-naturfoto.de\/wordpress\/wp-json\/wp\/v2\/media?parent=2608"}],"curies":[{"name":"wp","href":"https:\/\/api.w.org\/{rel}","templated":true}]}}