{"id":15223,"date":"2022-07-26T16:49:36","date_gmt":"2022-07-26T14:49:36","guid":{"rendered":"https:\/\/woerrlein-naturfoto.de\/wordpress\/?page_id=15223"},"modified":"2022-07-26T16:51:58","modified_gmt":"2022-07-26T14:51:58","slug":"rotbraunes-wiesenvoegelchen","status":"publish","type":"page","link":"https:\/\/woerrlein-naturfoto.de\/wordpress\/edelfalter-a-z\/rotbraunes-wiesenvoegelchen\/","title":{"rendered":"Rotbraunes Wiesenv\u00f6gelchen"},"content":{"rendered":"<p><a href=\"http:\/\/woerrlein-naturfoto.de\/wordpress\/insekten\/\"><span style=\"color: #ffff00;\">Insekten<\/span><\/a> -&gt; <span style=\"color: #ffff00;\"><a style=\"color: #ffff00;\" href=\"http:\/\/woerrlein-naturfoto.de\/wordpress\/hauptseite-insekten\/insekten\/schmetterlinge-2\/\">Schmetterlinge<\/a><\/span>-&gt;<a href=\"https:\/\/woerrlein-naturfoto.de\/wordpress\/hauptseite-insekten\/insekten\/schmetterlinge-2\/edelfalter\/\"><span style=\"color: #ffff00;\">Edelfalter<\/span><\/a><br \/>\n<a title=\"Insekten A-Z\" href=\"http:\/\/woerrlein-naturfoto.de\/wordpress\/insekten-a-z\/\">Insekten von A-Z<\/a><br \/>\nzur Galerie <a href=\"https:\/\/woerrlein-naturfoto.de\/wordpress\/hauptseite-insekten\/insekten\/schmetterlinge-2\/edelfalter\/\">Edelfalter<\/a><\/p>\n<p><img loading=\"lazy\" decoding=\"async\" class=\"alignleft wp-image-15189\" src=\"https:\/\/woerrlein-naturfoto.de\/wordpress\/wp-content\/uploads\/2019\/10\/RotbraunesWiesenvoegelchen_220628_7664-600x400.jpg\" alt=\"\" width=\"600\" height=\"400\" srcset=\"https:\/\/woerrlein-naturfoto.de\/wordpress\/wp-content\/uploads\/2019\/10\/RotbraunesWiesenvoegelchen_220628_7664-600x400.jpg 600w, https:\/\/woerrlein-naturfoto.de\/wordpress\/wp-content\/uploads\/2019\/10\/RotbraunesWiesenvoegelchen_220628_7664-768x512.jpg 768w, https:\/\/woerrlein-naturfoto.de\/wordpress\/wp-content\/uploads\/2019\/10\/RotbraunesWiesenvoegelchen_220628_7664-120x80.jpg 120w, https:\/\/woerrlein-naturfoto.de\/wordpress\/wp-content\/uploads\/2019\/10\/RotbraunesWiesenvoegelchen_220628_7664.jpg 1000w\" sizes=\"auto, (max-width: 600px) 100vw, 600px\" \/>Das <b>Rotbraune Wiesenv\u00f6gelchen<\/b> (<i>Coenonympha glycerion<\/i>) ist ein Tagfalter aus der Familie der Edelfalter. Es ist von Spanien \u00fcber Europa und Sibirien bis Nordkorea verbreitet.<br \/>\nDie m\u00e4nnlichen Falter sind oberseits kastanienbraun, die Hinterfl\u00fcgel sind etwas dunkler. Selten sind orange Ringe am Au\u00dfenrand der Hinterfl\u00fcgel angedeutet. Bei den Weibchen mit deutlich helleren Vorderfl\u00fcgeln sind diese Ringe viel h\u00e4ufiger ausgepr\u00e4gt. Die Vorderfl\u00fcgelunterseite ist orange mit einem breiten grauen Au\u00dfenrand. Die orangebraune Hinterfl\u00fcgelunterseite hat eine schmale orange Binde am Au\u00dfenrand und eine Reihe verschieden gro\u00dfer, wei\u00dfgekernter Augenflecken mit schwarzen Ringen in der Marginalregion, an deren Innenrand eine meist zweiteilige, unregelm\u00e4\u00dfige, wei\u00dfe Binde verl\u00e4uft. Gr\u00f6\u00dfe und Anzahl der Augenflecken variiert regional, in h\u00f6heren Lange k\u00f6nnen sie auch ganz fehlen.<\/p>\n<p><strong>Flugzeit:<\/strong> \u00a0\u00a0 meist von Mitte Juni bis Ende Juli in einer Generation, kann aber in Abh\u00e4ngigkeit von der H\u00f6henlage oder der Teperarur auch ab\u00a0 Mitte Mai oder bis Ende August fliegen.<\/p>\n<p>Zur Galerie <a href=\"https:\/\/woerrlein-naturfoto.de\/wordpress\/hauptseite-insekten\/insekten\/schmetterlinge-2\/edelfalter\/\">Edelfalter<\/a><\/p>\n<p><em>Quelle des Textauszuges und weitere Infos bei <\/em><a href=\"https:\/\/de.wikipedia.org\/wiki\/Rotbraunes_Wiesenv%C3%B6gelchen\" target=\"_blank\" rel=\"noopener noreferrer\">Wikipedia<\/a><em> (<\/em><a href=\"http:\/\/www.gnu.org\/licenses\/fdl-1.3.txt\" target=\"_blank\" rel=\"noopener noreferrer\">GNU-Lizenz<\/a><em>)\u2013 mein Dank gilt den <\/em><a href=\"https:\/\/de.wikipedia.org\/w\/index.php?title=Rotbraunes_Wiesenv%C3%B6gelchen&amp;action=history\" target=\"_blank\" rel=\"noopener noreferrer\">Autoren<\/a><em>.<\/em><\/p>\n","protected":false},"excerpt":{"rendered":"<p>Insekten -&gt; Schmetterlinge-&gt;Edelfalter Insekten von A-Z zur Galerie Edelfalter Das Rotbraune Wiesenv\u00f6gelchen (Coenonympha glycerion) ist ein Tagfalter aus der Familie der Edelfalter. Es ist von Spanien \u00fcber Europa und Sibirien bis Nordkorea verbreitet. Die m\u00e4nnlichen Falter sind oberseits kastanienbraun, die Hinterfl\u00fcgel sind etwas dunkler. Selten sind orange Ringe am Au\u00dfenrand der Hinterfl\u00fcgel angedeutet. Bei den &hellip; <a href=\"https:\/\/woerrlein-naturfoto.de\/wordpress\/edelfalter-a-z\/rotbraunes-wiesenvoegelchen\/\" class=\"more-link\"><span class=\"screen-reader-text\">Rotbraunes Wiesenv\u00f6gelchen<\/span> weiterlesen <span class=\"meta-nav\">&rarr;<\/span><\/a><\/p>\n","protected":false},"author":1,"featured_media":0,"parent":11134,"menu_order":0,"comment_status":"closed","ping_status":"closed","template":"page-templates\/full-width.php","meta":{"footnotes":""},"class_list":["post-15223","page","type-page","status-publish","hentry"],"_links":{"self":[{"href":"https:\/\/woerrlein-naturfoto.de\/wordpress\/wp-json\/wp\/v2\/pages\/15223","targetHints":{"allow":["GET"]}}],"collection":[{"href":"https:\/\/woerrlein-naturfoto.de\/wordpress\/wp-json\/wp\/v2\/pages"}],"about":[{"href":"https:\/\/woerrlein-naturfoto.de\/wordpress\/wp-json\/wp\/v2\/types\/page"}],"author":[{"embeddable":true,"href":"https:\/\/woerrlein-naturfoto.de\/wordpress\/wp-json\/wp\/v2\/users\/1"}],"replies":[{"embeddable":true,"href":"https:\/\/woerrlein-naturfoto.de\/wordpress\/wp-json\/wp\/v2\/comments?post=15223"}],"version-history":[{"count":3,"href":"https:\/\/woerrlein-naturfoto.de\/wordpress\/wp-json\/wp\/v2\/pages\/15223\/revisions"}],"predecessor-version":[{"id":15226,"href":"https:\/\/woerrlein-naturfoto.de\/wordpress\/wp-json\/wp\/v2\/pages\/15223\/revisions\/15226"}],"up":[{"embeddable":true,"href":"https:\/\/woerrlein-naturfoto.de\/wordpress\/wp-json\/wp\/v2\/pages\/11134"}],"wp:attachment":[{"href":"https:\/\/woerrlein-naturfoto.de\/wordpress\/wp-json\/wp\/v2\/media?parent=15223"}],"curies":[{"name":"wp","href":"https:\/\/api.w.org\/{rel}","templated":true}]}}