{"id":15137,"date":"2022-07-25T15:49:43","date_gmt":"2022-07-25T13:49:43","guid":{"rendered":"https:\/\/woerrlein-naturfoto.de\/wordpress\/?page_id=15137"},"modified":"2022-07-26T14:00:56","modified_gmt":"2022-07-26T12:00:56","slug":"komma-dickkopffalter","status":"publish","type":"page","link":"https:\/\/woerrlein-naturfoto.de\/wordpress\/verschiedene-schmetterlinge-a-z\/komma-dickkopffalter\/","title":{"rendered":"Komma-Dickkopffalter"},"content":{"rendered":"<p><a href=\"http:\/\/woerrlein-naturfoto.de\/wordpress\/insekten\/\"><span style=\"color: #ffff66;\">Insekten<\/span> <\/a>-&gt;<a href=\"http:\/\/woerrlein-naturfoto.de\/wordpress\/hauptseite-insekten\/insekten\/schmetterlinge-2\/\"> <span style=\"color: #ffff66;\">Schmetterlinge<\/span><\/a><br \/>\n<a title=\"Insekten A-Z\" href=\"http:\/\/woerrlein-naturfoto.de\/wordpress\/insekten-a-z\/\">Insekten von A-Z<\/a><br \/>\nzur Galerie <a href=\"https:\/\/woerrlein-naturfoto.de\/wordpress\/hauptseite-insekten\/insekten\/schmetterlinge-2\/wildes-durcheinander\/\">sonstige Schmetterlinge<\/a><\/p>\n<p><img loading=\"lazy\" decoding=\"async\" class=\"alignleft wp-image-15102\" src=\"https:\/\/woerrlein-naturfoto.de\/wordpress\/wp-content\/uploads\/2019\/10\/KommaDickkopffalter_200719_7998-600x400.jpg\" alt=\"\" width=\"600\" height=\"400\" srcset=\"https:\/\/woerrlein-naturfoto.de\/wordpress\/wp-content\/uploads\/2019\/10\/KommaDickkopffalter_200719_7998-600x400.jpg 600w, https:\/\/woerrlein-naturfoto.de\/wordpress\/wp-content\/uploads\/2019\/10\/KommaDickkopffalter_200719_7998-768x512.jpg 768w, https:\/\/woerrlein-naturfoto.de\/wordpress\/wp-content\/uploads\/2019\/10\/KommaDickkopffalter_200719_7998-120x80.jpg 120w, https:\/\/woerrlein-naturfoto.de\/wordpress\/wp-content\/uploads\/2019\/10\/KommaDickkopffalter_200719_7998.jpg 1000w\" sizes=\"auto, (max-width: 600px) 100vw, 600px\" \/>Der <b>Komma-Dickkopffalter<\/b> (<i>Hesperia comma<\/i>) ist ein Tagfalter aus der Familie der Dickkopffalter.<br \/>\nDie Falter erreichen eine Fl\u00fcgelspannweite von 25 bis 30 Millimetern. Die Fl\u00fcgel sind in der ersten H\u00e4lfte (Basalh\u00e4lfte) orangebraun gef\u00e4rbt, werden aber zur Spitze hin dunkel. Im dunklen Bereich tragen sie mehrere helle Flecken. Die M\u00e4nnchen haben ein dunkles &#8222;Komma&#8220; auf der Oberseite der Vorderfl\u00fcgel. Dies ist ein Duftschuppenstreifen, mit dem Lockstoffe, die die Weibchen paarungsbereit machen sollen, ausgesendet werden k\u00f6nnen. Die Weibchen sind dunkler gef\u00e4rbt und weisen gr\u00f6\u00dfere Flecken auf. Die Unterseite der Hinterfl\u00fcgel ist ockergelb und hat auch mehrere helle Flecken.<sup id=\"cite_ref-Bellmann_1-0\" class=\"reference\"><\/sup><\/p>\n<p><strong>Flugzeit:<\/strong> \u00a0\u00a0\u00a0 Mitte Juni bis August in einer Generation.<\/p>\n<p>Zur Galerie <a href=\"https:\/\/woerrlein-naturfoto.de\/wordpress\/hauptseite-insekten\/insekten\/schmetterlinge-2\/wildes-durcheinander\/\">sonstige Schmetterlinge<\/a><\/p>\n<p><em>Quelle des Textauszuges und weitere Infos bei <\/em><a href=\"https:\/\/de.wikipedia.org\/wiki\/Komma-Dickkopffalter\" target=\"_blank\" rel=\"noopener noreferrer\">Wikipedia<\/a><em> (<\/em><a href=\"http:\/\/www.gnu.org\/licenses\/fdl-1.3.txt\" target=\"_blank\" rel=\"noopener noreferrer\">GNU-Lizenz<\/a><em>)\u2013 mein Dank gilt den <\/em><a href=\"https:\/\/de.wikipedia.org\/w\/index.php?title=Komma-Dickkopffalter&amp;action=history\" target=\"_blank\" rel=\"noopener noreferrer\">Autoren<\/a><em>.<\/em><\/p>\n","protected":false},"excerpt":{"rendered":"<p>Insekten -&gt; Schmetterlinge Insekten von A-Z zur Galerie sonstige Schmetterlinge Der Komma-Dickkopffalter (Hesperia comma) ist ein Tagfalter aus der Familie der Dickkopffalter. Die Falter erreichen eine Fl\u00fcgelspannweite von 25 bis 30 Millimetern. Die Fl\u00fcgel sind in der ersten H\u00e4lfte (Basalh\u00e4lfte) orangebraun gef\u00e4rbt, werden aber zur Spitze hin dunkel. Im dunklen Bereich tragen sie mehrere helle &hellip; <a href=\"https:\/\/woerrlein-naturfoto.de\/wordpress\/verschiedene-schmetterlinge-a-z\/komma-dickkopffalter\/\" class=\"more-link\"><span class=\"screen-reader-text\">Komma-Dickkopffalter<\/span> weiterlesen <span class=\"meta-nav\">&rarr;<\/span><\/a><\/p>\n","protected":false},"author":1,"featured_media":0,"parent":11203,"menu_order":0,"comment_status":"closed","ping_status":"closed","template":"page-templates\/full-width.php","meta":{"footnotes":""},"class_list":["post-15137","page","type-page","status-publish","hentry"],"_links":{"self":[{"href":"https:\/\/woerrlein-naturfoto.de\/wordpress\/wp-json\/wp\/v2\/pages\/15137","targetHints":{"allow":["GET"]}}],"collection":[{"href":"https:\/\/woerrlein-naturfoto.de\/wordpress\/wp-json\/wp\/v2\/pages"}],"about":[{"href":"https:\/\/woerrlein-naturfoto.de\/wordpress\/wp-json\/wp\/v2\/types\/page"}],"author":[{"embeddable":true,"href":"https:\/\/woerrlein-naturfoto.de\/wordpress\/wp-json\/wp\/v2\/users\/1"}],"replies":[{"embeddable":true,"href":"https:\/\/woerrlein-naturfoto.de\/wordpress\/wp-json\/wp\/v2\/comments?post=15137"}],"version-history":[{"count":4,"href":"https:\/\/woerrlein-naturfoto.de\/wordpress\/wp-json\/wp\/v2\/pages\/15137\/revisions"}],"predecessor-version":[{"id":15197,"href":"https:\/\/woerrlein-naturfoto.de\/wordpress\/wp-json\/wp\/v2\/pages\/15137\/revisions\/15197"}],"up":[{"embeddable":true,"href":"https:\/\/woerrlein-naturfoto.de\/wordpress\/wp-json\/wp\/v2\/pages\/11203"}],"wp:attachment":[{"href":"https:\/\/woerrlein-naturfoto.de\/wordpress\/wp-json\/wp\/v2\/media?parent=15137"}],"curies":[{"name":"wp","href":"https:\/\/api.w.org\/{rel}","templated":true}]}}