{"id":13305,"date":"2021-07-26T16:08:01","date_gmt":"2021-07-26T14:08:01","guid":{"rendered":"https:\/\/woerrlein-naturfoto.de\/wordpress\/?page_id=13305"},"modified":"2021-07-26T16:15:30","modified_gmt":"2021-07-26T14:15:30","slug":"weissbindiges-wiesenvoegelchen","status":"publish","type":"page","link":"https:\/\/woerrlein-naturfoto.de\/wordpress\/edelfalter-a-z\/weissbindiges-wiesenvoegelchen\/","title":{"rendered":"Wei\u00dfbindiges Wiesenv\u00f6gelchen"},"content":{"rendered":"<p><a href=\"http:\/\/woerrlein-naturfoto.de\/wordpress\/insekten\/\"><span style=\"color: #ffff00;\">Insekten<\/span><\/a> -&gt; <a href=\"http:\/\/woerrlein-naturfoto.de\/wordpress\/hauptseite-insekten\/insekten\/schmetterlinge-2\/\"><span style=\"color: #ffff00;\">Schmetterlinge<\/span><\/a>-&gt;<a href=\"https:\/\/woerrlein-naturfoto.de\/wordpress\/hauptseite-insekten\/insekten\/schmetterlinge-2\/edelfalter\/\"><span style=\"color: #ffff00;\">Edelfalter<\/span><\/a><br \/>\n<a title=\"Insekten A-Z\" href=\"http:\/\/woerrlein-naturfoto.de\/wordpress\/insekten-a-z\/\">Insekten von A-Z<\/a><br \/>\nzur Galerie <a href=\"https:\/\/woerrlein-naturfoto.de\/wordpress\/hauptseite-insekten\/insekten\/schmetterlinge-2\/edelfalter\/\">Edelfalter<\/a><\/p>\n<p><img loading=\"lazy\" decoding=\"async\" class=\"alignleft wp-image-13216\" src=\"https:\/\/woerrlein-naturfoto.de\/wordpress\/wp-content\/uploads\/2019\/10\/WeissbindigesWiesenvogelchen_200621_3775-600x400.jpg\" alt=\"\" width=\"600\" height=\"400\" srcset=\"https:\/\/woerrlein-naturfoto.de\/wordpress\/wp-content\/uploads\/2019\/10\/WeissbindigesWiesenvogelchen_200621_3775-600x400.jpg 600w, https:\/\/woerrlein-naturfoto.de\/wordpress\/wp-content\/uploads\/2019\/10\/WeissbindigesWiesenvogelchen_200621_3775-768x512.jpg 768w, https:\/\/woerrlein-naturfoto.de\/wordpress\/wp-content\/uploads\/2019\/10\/WeissbindigesWiesenvogelchen_200621_3775-120x80.jpg 120w, https:\/\/woerrlein-naturfoto.de\/wordpress\/wp-content\/uploads\/2019\/10\/WeissbindigesWiesenvogelchen_200621_3775.jpg 1000w\" sizes=\"auto, (max-width: 600px) 100vw, 600px\" \/>Das <b>Wei\u00dfbindige Wiesenv\u00f6gelchen<\/b> oder <b>Perlgrasfalter<\/b> (<i>Coenonympha arcania<\/i>) ist ein Schmetterling (Tagfalter) aus der Familie der Edelfalter.<br \/>\nDie Falter erreichen eine Fl\u00fcgelspannweite von 28 bis 35 Millimetern. Ihre Vorderfl\u00fcgeloberseiten sind ocker bis orangebraun gef\u00e4rbt und haben einen breiten, dunklen Rand. Die Oberseiten der Hinterfl\u00fcgel sind dunkelbraun. Die Fl\u00fcgelunterseiten verlaufen vom Fl\u00fcgelansatz weg von grau nach orange. Das hintere Drittel ist durch eine breite, wei\u00dfe Binde dominiert. An diese grenzen mehrere schwarze Augenflecken, die wei\u00df gekernt und orange und schwarz umrandet sind. Sie sind in ihrer Gr\u00f6\u00dfe sehr unterschiedlich. Vier bis F\u00fcnf von ihnen werden zum Au\u00dfenrand hin von der Binde umflossen, ein weiterer sitzt am Fl\u00fcgelvorderrand auf der nach innen gerichteten Seite der Binde. Zwischen der Augenfleckreihe und dem Fl\u00fcgelrand verl\u00e4uft eine wei\u00dfgraue, der Kontur der Fl\u00fcgelkante folgende Linie. Die Unterseiten der Vorderfl\u00fcgel sind orange gef\u00e4rbt und an den R\u00e4ndern leicht gr\u00e4ulich. Auf ihnen befindet sich nahe den Fl\u00fcgelspitzen je ein weiterer Augenfleck. Die Fl\u00fcgel sind grau gefranst.<br \/>\nDie Raupen werden ca. 20 Millimeter lang. Sie sind gr\u00fcn gef\u00e4rbt und tragen neben einem kr\u00e4ftigen wei\u00dfen Seitenstreifen einen weiteren nahe dem R\u00fccken, der aber schwach ausgepr\u00e4gt ist. Am Hinterleibsende ragen zwei wei\u00dfe, an der Spitze rosa gef\u00e4rbte Zipfel nach hinten.<br \/>\nDie Tiere kommen in Mittel- und Osteuropa, von Nordspanien bis S\u00fcdschweden und in S\u00fcdeuropa im ganzen Festland Italiens und bis in die T\u00fcrkei vor. Nach Osten hin findet man sie \u00fcber das gem\u00e4\u00dfigte Asien bis Transkaukasien. Sie besiedeln je nach Temperatur eine H\u00f6he von bis zu 1.800 Metern. Sie kommen fast \u00fcberall vor, leben vorzugsweise in sonnendurchfluteten und lockeren W\u00e4ldern und an deren R\u00e4ndern und auf verbuschtem Trockenrasen. Die Populationen sind aber r\u00fcckl\u00e4ufig.<sup id=\"cite_ref-Bellmann_1-2\" class=\"reference\"><\/sup><\/p>\n<p><strong>Flugzeit:<\/strong> \u00a0\u00a0\u00a0 Mitte Mai bis Mitte August in einer Generation.<\/p>\n<p>Zur Galerie <a href=\"https:\/\/woerrlein-naturfoto.de\/wordpress\/hauptseite-insekten\/insekten\/schmetterlinge-2\/edelfalter\/\">Edelfalter<\/a><\/p>\n<p><em>Quelle des Textauszuges und weitere Infos bei <\/em><a href=\"https:\/\/de.wikipedia.org\/wiki\/Wei%C3%9Fbindiges_Wiesenv%C3%B6gelchen\" target=\"_blank\" rel=\"noopener noreferrer\">Wikipedia<\/a><em> (<\/em><a href=\"http:\/\/www.gnu.org\/licenses\/fdl-1.3.txt\" target=\"_blank\" rel=\"noopener noreferrer\">GNU-Lizenz<\/a><em>)\u2013 mein Dank gilt den <\/em><a href=\"https:\/\/de.wikipedia.org\/w\/index.php?title=Wei%C3%9Fbindiges_Wiesenv%C3%B6gelchen&amp;action=history\" target=\"_blank\" rel=\"noopener noreferrer\">Autoren<\/a><em>.<\/em><\/p>\n","protected":false},"excerpt":{"rendered":"<p>Insekten -&gt; Schmetterlinge-&gt;Edelfalter Insekten von A-Z zur Galerie Edelfalter Das Wei\u00dfbindige Wiesenv\u00f6gelchen oder Perlgrasfalter (Coenonympha arcania) ist ein Schmetterling (Tagfalter) aus der Familie der Edelfalter. Die Falter erreichen eine Fl\u00fcgelspannweite von 28 bis 35 Millimetern. Ihre Vorderfl\u00fcgeloberseiten sind ocker bis orangebraun gef\u00e4rbt und haben einen breiten, dunklen Rand. Die Oberseiten der Hinterfl\u00fcgel sind dunkelbraun. Die &hellip; <a href=\"https:\/\/woerrlein-naturfoto.de\/wordpress\/edelfalter-a-z\/weissbindiges-wiesenvoegelchen\/\" class=\"more-link\"><span class=\"screen-reader-text\">Wei\u00dfbindiges Wiesenv\u00f6gelchen<\/span> weiterlesen <span class=\"meta-nav\">&rarr;<\/span><\/a><\/p>\n","protected":false},"author":1,"featured_media":0,"parent":11134,"menu_order":0,"comment_status":"closed","ping_status":"closed","template":"page-templates\/full-width.php","meta":{"footnotes":""},"class_list":["post-13305","page","type-page","status-publish","hentry"],"_links":{"self":[{"href":"https:\/\/woerrlein-naturfoto.de\/wordpress\/wp-json\/wp\/v2\/pages\/13305","targetHints":{"allow":["GET"]}}],"collection":[{"href":"https:\/\/woerrlein-naturfoto.de\/wordpress\/wp-json\/wp\/v2\/pages"}],"about":[{"href":"https:\/\/woerrlein-naturfoto.de\/wordpress\/wp-json\/wp\/v2\/types\/page"}],"author":[{"embeddable":true,"href":"https:\/\/woerrlein-naturfoto.de\/wordpress\/wp-json\/wp\/v2\/users\/1"}],"replies":[{"embeddable":true,"href":"https:\/\/woerrlein-naturfoto.de\/wordpress\/wp-json\/wp\/v2\/comments?post=13305"}],"version-history":[{"count":4,"href":"https:\/\/woerrlein-naturfoto.de\/wordpress\/wp-json\/wp\/v2\/pages\/13305\/revisions"}],"predecessor-version":[{"id":13309,"href":"https:\/\/woerrlein-naturfoto.de\/wordpress\/wp-json\/wp\/v2\/pages\/13305\/revisions\/13309"}],"up":[{"embeddable":true,"href":"https:\/\/woerrlein-naturfoto.de\/wordpress\/wp-json\/wp\/v2\/pages\/11134"}],"wp:attachment":[{"href":"https:\/\/woerrlein-naturfoto.de\/wordpress\/wp-json\/wp\/v2\/media?parent=13305"}],"curies":[{"name":"wp","href":"https:\/\/api.w.org\/{rel}","templated":true}]}}