{"id":13275,"date":"2021-07-26T14:05:57","date_gmt":"2021-07-26T12:05:57","guid":{"rendered":"https:\/\/woerrlein-naturfoto.de\/wordpress\/?page_id=13275"},"modified":"2021-07-26T16:17:40","modified_gmt":"2021-07-26T14:17:40","slug":"grosses-ochsenauge","status":"publish","type":"page","link":"https:\/\/woerrlein-naturfoto.de\/wordpress\/edelfalter-a-z\/grosses-ochsenauge\/","title":{"rendered":"Gro\u00dfes Ochsenauge"},"content":{"rendered":"<p><a href=\"http:\/\/woerrlein-naturfoto.de\/wordpress\/insekten\/\"><span style=\"color: #ffff00;\">Insekten<\/span><\/a> -&gt; <a href=\"http:\/\/woerrlein-naturfoto.de\/wordpress\/hauptseite-insekten\/insekten\/schmetterlinge-2\/\"><span style=\"color: #ffff00;\">Schmetterlinge<\/span><\/a>-&gt;<a href=\"https:\/\/woerrlein-naturfoto.de\/wordpress\/hauptseite-insekten\/insekten\/schmetterlinge-2\/edelfalter\/\"><span style=\"color: #ffff00;\">Edelfalter<\/span><\/a><br \/>\n<a title=\"Insekten A-Z\" href=\"http:\/\/woerrlein-naturfoto.de\/wordpress\/insekten-a-z\/\">Insekten von A-Z<\/a><br \/>\nzur Galerie <a href=\"https:\/\/woerrlein-naturfoto.de\/wordpress\/hauptseite-insekten\/insekten\/schmetterlinge-2\/edelfalter\/\">Edelfalter<\/a><\/p>\n<p><img loading=\"lazy\" decoding=\"async\" class=\"alignleft wp-image-13170\" src=\"https:\/\/woerrlein-naturfoto.de\/wordpress\/wp-content\/uploads\/2019\/10\/GrossesOchsenauge_D200621_3755-600x400.jpg\" alt=\"\" width=\"600\" height=\"400\" srcset=\"https:\/\/woerrlein-naturfoto.de\/wordpress\/wp-content\/uploads\/2019\/10\/GrossesOchsenauge_D200621_3755-600x400.jpg 600w, https:\/\/woerrlein-naturfoto.de\/wordpress\/wp-content\/uploads\/2019\/10\/GrossesOchsenauge_D200621_3755-768x512.jpg 768w, https:\/\/woerrlein-naturfoto.de\/wordpress\/wp-content\/uploads\/2019\/10\/GrossesOchsenauge_D200621_3755-120x80.jpg 120w, https:\/\/woerrlein-naturfoto.de\/wordpress\/wp-content\/uploads\/2019\/10\/GrossesOchsenauge_D200621_3755.jpg 1000w\" sizes=\"auto, (max-width: 600px) 100vw, 600px\" \/>Das <b>Gro\u00dfe Ochsenauge<\/b> (<i>Maniola jurtina<\/i>) ist ein Schmetterling aus der Familie der Edelfalter.<br \/>\nDie Falter erreichen eine Fl\u00fcgelspannweite von 40 bis 48 Millimetern. M\u00e4nnliche und weibliche Falter unterscheiden sich in ihrer F\u00e4rbung (Sexualdichroismus). Die M\u00e4nnchen haben fast einfarbig dunkelbraun gef\u00e4rbte Fl\u00fcgeloberseiten. Auf den Vorderfl\u00fcgeln kann man nahe am Ansatz einen etwas dunkleren Duftschuppenfleck erkennen, nahe der Fl\u00fcgelspitze sitzt ein eng orange umrandeter, wei\u00df gekernter, schwarzer Augenfleck. Die Weibchen haben ebenfalls dunkelbraune Fl\u00fcgeloberseiten, auf den Vorderfl\u00fcgeln haben sie aber einen ausgedehnten, mehr oder weniger stark deckenden orangen Fleck, der die gesamte Fl\u00fcgelmitte bedeckt. Sie haben auch nahe der Fl\u00fcgelspitze einen Augenfleck, dieser ist aber deutlich gr\u00f6\u00dfer, als bei den M\u00e4nnchen. Die Unterseiten sind bei beiden Geschlechtern etwa gleich gef\u00e4rbt. Die Unterseite der Vorderfl\u00fcgel ist ausgedehnt orange gef\u00e4rbt, nur der Rand ist graubraun. Der Augenfleck der Vorderseite ist ebenfalls an der gleichen Stelle zu finden, manchmal ist er auch doppelt wei\u00df gekernt. Die Unterseite der Hinterfl\u00fcgel ist \u00fcberwiegend graubraun gef\u00e4rbt und tr\u00e4gt feine, schwarze Sprenkel. Im hinteren Fl\u00fcgelteil (Postdiskalregion) ist eine vor allem nach hinten unscharf abgegrenzte, breite, hell gef\u00e4rbte Binde zu erkennen.<br \/>\nDie Raupen werden etwa 25 Millimeter lang und sind hellgr\u00fcn gef\u00e4rbt. Sie haben unterhalb der Stigmen eine feine helle L\u00e4ngslinie und tragen am ganzen K\u00f6rper lange, wei\u00dfe Haare, die an der Spitze gekr\u00fcmmt sind.<sup id=\"cite_ref-Bellmann_1-0\" class=\"reference\"><\/sup><\/p>\n<p><strong>Flugzeit:<\/strong> \u00a0\u00a0\u00a0 Anfang Juni Anfang September in einer Generation.<\/p>\n<p>Zur Galerie <a href=\"https:\/\/woerrlein-naturfoto.de\/wordpress\/hauptseite-insekten\/insekten\/schmetterlinge-2\/edelfalter\/\">Edelfalter<\/a><\/p>\n<p><em>Quelle des Textauszuges und weitere Infos bei <\/em><a href=\"https:\/\/de.wikipedia.org\/wiki\/Gro%C3%9Fes_Ochsenauge\" target=\"_blank\" rel=\"noopener noreferrer\">Wikipedia<\/a><em> (<\/em><a href=\"http:\/\/www.gnu.org\/licenses\/fdl-1.3.txt\" target=\"_blank\" rel=\"noopener noreferrer\">GNU-Lizenz<\/a><em>)\u2013 mein Dank gilt den <\/em><a href=\"https:\/\/de.wikipedia.org\/w\/index.php?title=Gro%C3%9Fes_Ochsenauge&amp;action=history\" target=\"_blank\" rel=\"noopener noreferrer\">Autoren<\/a><em>.<\/em><\/p>\n","protected":false},"excerpt":{"rendered":"<p>Insekten -&gt; Schmetterlinge-&gt;Edelfalter Insekten von A-Z zur Galerie Edelfalter Das Gro\u00dfe Ochsenauge (Maniola jurtina) ist ein Schmetterling aus der Familie der Edelfalter. Die Falter erreichen eine Fl\u00fcgelspannweite von 40 bis 48 Millimetern. M\u00e4nnliche und weibliche Falter unterscheiden sich in ihrer F\u00e4rbung (Sexualdichroismus). Die M\u00e4nnchen haben fast einfarbig dunkelbraun gef\u00e4rbte Fl\u00fcgeloberseiten. Auf den Vorderfl\u00fcgeln kann man &hellip; <a href=\"https:\/\/woerrlein-naturfoto.de\/wordpress\/edelfalter-a-z\/grosses-ochsenauge\/\" class=\"more-link\"><span class=\"screen-reader-text\">Gro\u00dfes Ochsenauge<\/span> weiterlesen <span class=\"meta-nav\">&rarr;<\/span><\/a><\/p>\n","protected":false},"author":1,"featured_media":0,"parent":11134,"menu_order":0,"comment_status":"closed","ping_status":"closed","template":"page-templates\/full-width.php","meta":{"footnotes":""},"class_list":["post-13275","page","type-page","status-publish","hentry"],"_links":{"self":[{"href":"https:\/\/woerrlein-naturfoto.de\/wordpress\/wp-json\/wp\/v2\/pages\/13275","targetHints":{"allow":["GET"]}}],"collection":[{"href":"https:\/\/woerrlein-naturfoto.de\/wordpress\/wp-json\/wp\/v2\/pages"}],"about":[{"href":"https:\/\/woerrlein-naturfoto.de\/wordpress\/wp-json\/wp\/v2\/types\/page"}],"author":[{"embeddable":true,"href":"https:\/\/woerrlein-naturfoto.de\/wordpress\/wp-json\/wp\/v2\/users\/1"}],"replies":[{"embeddable":true,"href":"https:\/\/woerrlein-naturfoto.de\/wordpress\/wp-json\/wp\/v2\/comments?post=13275"}],"version-history":[{"count":5,"href":"https:\/\/woerrlein-naturfoto.de\/wordpress\/wp-json\/wp\/v2\/pages\/13275\/revisions"}],"predecessor-version":[{"id":13311,"href":"https:\/\/woerrlein-naturfoto.de\/wordpress\/wp-json\/wp\/v2\/pages\/13275\/revisions\/13311"}],"up":[{"embeddable":true,"href":"https:\/\/woerrlein-naturfoto.de\/wordpress\/wp-json\/wp\/v2\/pages\/11134"}],"wp:attachment":[{"href":"https:\/\/woerrlein-naturfoto.de\/wordpress\/wp-json\/wp\/v2\/media?parent=13275"}],"curies":[{"name":"wp","href":"https:\/\/api.w.org\/{rel}","templated":true}]}}