{"id":13268,"date":"2021-07-26T13:54:26","date_gmt":"2021-07-26T11:54:26","guid":{"rendered":"https:\/\/woerrlein-naturfoto.de\/wordpress\/?page_id=13268"},"modified":"2021-07-26T16:17:17","modified_gmt":"2021-07-26T14:17:17","slug":"grosser-perlmuttfalter","status":"publish","type":"page","link":"https:\/\/woerrlein-naturfoto.de\/wordpress\/edelfalter-a-z\/grosser-perlmuttfalter\/","title":{"rendered":"Gro\u00dfer Perlmuttfalter"},"content":{"rendered":"<p><a href=\"http:\/\/woerrlein-naturfoto.de\/wordpress\/insekten\/\"><span style=\"color: #ffff00;\">Insekten<\/span><\/a> -&gt; <a href=\"http:\/\/woerrlein-naturfoto.de\/wordpress\/hauptseite-insekten\/insekten\/schmetterlinge-2\/\"><span style=\"color: #ffff00;\">Schmetterlinge<\/span><\/a>-&gt;<span style=\"color: #ffff00;\"><a style=\"color: #ffff00;\" href=\"https:\/\/woerrlein-naturfoto.de\/wordpress\/hauptseite-insekten\/insekten\/schmetterlinge-2\/edelfalter\/\">Edelfalter<\/a><\/span><br \/>\n<a title=\"Insekten A-Z\" href=\"http:\/\/woerrlein-naturfoto.de\/wordpress\/insekten-a-z\/\">Insekten von A-Z<\/a><br \/>\nzur Galerie <a href=\"https:\/\/woerrlein-naturfoto.de\/wordpress\/hauptseite-insekten\/insekten\/schmetterlinge-2\/edelfalter\/\">Edelfalter<\/a><\/p>\n<p><img loading=\"lazy\" decoding=\"async\" class=\"alignleft wp-image-13168\" src=\"https:\/\/woerrlein-naturfoto.de\/wordpress\/wp-content\/uploads\/2019\/10\/GrosserPerlmuttfalter_200626_7895-600x400.jpg\" alt=\"\" width=\"600\" height=\"400\" srcset=\"https:\/\/woerrlein-naturfoto.de\/wordpress\/wp-content\/uploads\/2019\/10\/GrosserPerlmuttfalter_200626_7895-600x400.jpg 600w, https:\/\/woerrlein-naturfoto.de\/wordpress\/wp-content\/uploads\/2019\/10\/GrosserPerlmuttfalter_200626_7895-768x512.jpg 768w, https:\/\/woerrlein-naturfoto.de\/wordpress\/wp-content\/uploads\/2019\/10\/GrosserPerlmuttfalter_200626_7895-120x80.jpg 120w, https:\/\/woerrlein-naturfoto.de\/wordpress\/wp-content\/uploads\/2019\/10\/GrosserPerlmuttfalter_200626_7895.jpg 1000w\" sizes=\"auto, (max-width: 600px) 100vw, 600px\" \/>Der <b>Gro\u00dfe Perlmuttfalter<\/b> (<i>Speyeria aglaja<\/i>, Syn.: <i>Argynnis aglaja<\/i>) ist ein Schmetterling (Tagfalter) aus der Familie der Edelfalter.<br \/>\nDie Falter erreichen eine Fl\u00fcgelspannweite von 50 bis 55 Millimetern und sind mit ihrer Gr\u00f6\u00dfe, die etwas kleiner als die des <a title=\"Kaisermantel\" href=\"https:\/\/woerrlein-naturfoto.de\/wordpress\/edelfalter-a-z\/kaisermantel\/\" target=\"_blank\" rel=\"noopener noreferrer\">Kaisermantels<\/a> (<i>Argynnis paphia<\/i>) ist, eine der gr\u00f6\u00dften europ\u00e4ischen Perlmuttfalter. Sie haben orangefarbene oder gelbbraune Fl\u00fcgeloberseiten, die mit schwarzen Flecken und Querb\u00e4ndern gemustert sind. Der Fl\u00fcgelrand ist breit dunkel ges\u00e4umt. Dahinter reihen sich Dreiecksflecken, die in den schwarzen Rand hineinreichen. Die Fl\u00fcgelunterseiten der Hinterfl\u00fcgel sind gelbbraun, in den zwei inneren Dritteln, bzw. in der Basalh\u00e4lfte, sind sie leicht gr\u00fcnlich und haben zahlreiche, helle Perlmuttflecken. Am Fl\u00fcgelau\u00dfenrand sind ebenfalls helle Flecken gereiht. Die Unterseiten der Vorderfl\u00fcgel sind mehr orange gef\u00e4rbt und weisen schwarze Flecken auf. Die M\u00e4nnchen besitzen auf drei nur leicht verbreiterten L\u00e4ngsadern im hinteren Teil der Vorderfl\u00fcgel <a class=\"mw-redirect\" title=\"Duftschuppen\" href=\"https:\/\/de.wikipedia.org\/wiki\/Duftschuppen\" target=\"_blank\" rel=\"noopener noreferrer\">Duftschuppen<\/a>, welche <a title=\"Pheromon\" href=\"https:\/\/de.wikipedia.org\/wiki\/Pheromon\" target=\"_blank\" rel=\"noopener noreferrer\">Pheromone<\/a> abgeben um Weibchen anzulocken.<br \/>\nDie Raupen werden ca. 38 Millimeter lang. Sie sind schwarz und tragen an den Seiten jeweils rotorange Punktreihen. Junge Raupen sind zus\u00e4tzlich wei\u00df gezeichnet.<\/p>\n<p><strong>Flugzeit:<\/strong> \u00a0\u00a0\u00a0 Juni bis August in einer Generation.<\/p>\n<p>Zur Galerie <a href=\"https:\/\/woerrlein-naturfoto.de\/wordpress\/hauptseite-insekten\/insekten\/schmetterlinge-2\/edelfalter\/\">Edelfalter<\/a><\/p>\n<p><em>Quelle des Textauszuges und weitere Infos bei <\/em><a href=\"https:\/\/de.wikipedia.org\/wiki\/Gro%C3%9Fer_Perlmuttfalter\" target=\"_blank\" rel=\"noopener noreferrer\">Wikipedia<\/a><em> (<\/em><a href=\"http:\/\/www.gnu.org\/licenses\/fdl-1.3.txt\" target=\"_blank\" rel=\"noopener noreferrer\">GNU-Lizenz<\/a><em>)\u2013 mein Dank gilt den <\/em><a href=\"https:\/\/de.wikipedia.org\/w\/index.php?title=Gro%C3%9Fer_Perlmuttfalter&amp;action=history\" target=\"_blank\" rel=\"noopener noreferrer\">Autoren<\/a><em>.<\/em><\/p>\n","protected":false},"excerpt":{"rendered":"<p>Insekten -&gt; Schmetterlinge-&gt;Edelfalter Insekten von A-Z zur Galerie Edelfalter Der Gro\u00dfe Perlmuttfalter (Speyeria aglaja, Syn.: Argynnis aglaja) ist ein Schmetterling (Tagfalter) aus der Familie der Edelfalter. Die Falter erreichen eine Fl\u00fcgelspannweite von 50 bis 55 Millimetern und sind mit ihrer Gr\u00f6\u00dfe, die etwas kleiner als die des Kaisermantels (Argynnis paphia) ist, eine der gr\u00f6\u00dften europ\u00e4ischen &hellip; <a href=\"https:\/\/woerrlein-naturfoto.de\/wordpress\/edelfalter-a-z\/grosser-perlmuttfalter\/\" class=\"more-link\"><span class=\"screen-reader-text\">Gro\u00dfer Perlmuttfalter<\/span> weiterlesen <span class=\"meta-nav\">&rarr;<\/span><\/a><\/p>\n","protected":false},"author":1,"featured_media":0,"parent":11134,"menu_order":0,"comment_status":"closed","ping_status":"closed","template":"page-templates\/full-width.php","meta":{"footnotes":""},"class_list":["post-13268","page","type-page","status-publish","hentry"],"_links":{"self":[{"href":"https:\/\/woerrlein-naturfoto.de\/wordpress\/wp-json\/wp\/v2\/pages\/13268","targetHints":{"allow":["GET"]}}],"collection":[{"href":"https:\/\/woerrlein-naturfoto.de\/wordpress\/wp-json\/wp\/v2\/pages"}],"about":[{"href":"https:\/\/woerrlein-naturfoto.de\/wordpress\/wp-json\/wp\/v2\/types\/page"}],"author":[{"embeddable":true,"href":"https:\/\/woerrlein-naturfoto.de\/wordpress\/wp-json\/wp\/v2\/users\/1"}],"replies":[{"embeddable":true,"href":"https:\/\/woerrlein-naturfoto.de\/wordpress\/wp-json\/wp\/v2\/comments?post=13268"}],"version-history":[{"count":6,"href":"https:\/\/woerrlein-naturfoto.de\/wordpress\/wp-json\/wp\/v2\/pages\/13268\/revisions"}],"predecessor-version":[{"id":13310,"href":"https:\/\/woerrlein-naturfoto.de\/wordpress\/wp-json\/wp\/v2\/pages\/13268\/revisions\/13310"}],"up":[{"embeddable":true,"href":"https:\/\/woerrlein-naturfoto.de\/wordpress\/wp-json\/wp\/v2\/pages\/11134"}],"wp:attachment":[{"href":"https:\/\/woerrlein-naturfoto.de\/wordpress\/wp-json\/wp\/v2\/media?parent=13268"}],"curies":[{"name":"wp","href":"https:\/\/api.w.org\/{rel}","templated":true}]}}