{"id":12966,"date":"2021-03-09T13:34:55","date_gmt":"2021-03-09T12:34:55","guid":{"rendered":"https:\/\/woerrlein-naturfoto.de\/wordpress\/?page_id=12966"},"modified":"2021-03-09T13:41:56","modified_gmt":"2021-03-09T12:41:56","slug":"bergente","status":"publish","type":"page","link":"https:\/\/woerrlein-naturfoto.de\/wordpress\/tauchenten-a-z\/bergente\/","title":{"rendered":"Bergente"},"content":{"rendered":"<p><span style=\"color: #ffff00;\"><a style=\"color: #ffff00;\" href=\"http:\/\/woerrlein-naturfoto.de\/wordpress\/voegel\/\">V\u00f6gel <\/a><\/span>-&gt;<span style=\"color: #ffff00;\"><a style=\"color: #ffff00;\" href=\"http:\/\/woerrlein-naturfoto.de\/wordpress\/hauptseite-voegel\/voegel\/gaensevoegel-2\/\"> G\u00e4nsev\u00f6gel <\/a><\/span>-&gt;<a href=\"http:\/\/woerrlein-naturfoto.de\/wordpress\/hauptseite-voegel\/voegel\/gaensevoegel-2\/tauchenten\/\"><span style=\"color: #ffff00;\"> Tauchenten<\/span><\/a><a title=\"G\u00e4nsev\u00f6gel\" href=\"http:\/\/woerrlein-naturfoto.de\/wordpress\/voegel\/gaensevoegel\/\"><br \/>\n<\/a><a href=\"http:\/\/woerrlein-naturfoto.de\/wordpress\/voegel_von_a-z\/\">V\u00f6gel von A-Z<\/a><br \/>\nzur Galerie <a title=\"Tauchenten\" href=\"http:\/\/woerrlein-naturfoto.de\/wordpress\/hauptseite-voegel\/voegel\/gaensevoegel-2\/tauchenten\/\">Tauchenten<\/a><\/p>\n<p><img loading=\"lazy\" decoding=\"async\" class=\"alignleft wp-image-12947\" src=\"https:\/\/woerrlein-naturfoto.de\/wordpress\/wp-content\/uploads\/2014\/12\/Bergente_210307_2023-600x400.jpg\" alt=\"\" width=\"600\" height=\"400\" srcset=\"https:\/\/woerrlein-naturfoto.de\/wordpress\/wp-content\/uploads\/2014\/12\/Bergente_210307_2023-600x400.jpg 600w, https:\/\/woerrlein-naturfoto.de\/wordpress\/wp-content\/uploads\/2014\/12\/Bergente_210307_2023-768x512.jpg 768w, https:\/\/woerrlein-naturfoto.de\/wordpress\/wp-content\/uploads\/2014\/12\/Bergente_210307_2023-120x80.jpg 120w, https:\/\/woerrlein-naturfoto.de\/wordpress\/wp-content\/uploads\/2014\/12\/Bergente_210307_2023.jpg 1000w\" sizes=\"auto, (max-width: 600px) 100vw, 600px\" \/><\/p>\n<p>Die <b>Bergente<\/b> (<i>Aythya marila<\/i>) ist eine Ente aus der Gattungsgruppe der Tauchenten. Sie ist nahezu zirkumpolar in der Nadelwaldzone und teilweise auch in der subarktischen Strauchtundra vertreten und damit das n\u00f6rdliche Pendant zur altweltlichen Reiherente und der neuweltlichen Veilchenente.<br \/>\nIn Mitteleuropa ist die Bergente nur ein sporadischer beziehungsweise lokaler Brutvogel und Sommergast. Sie ist sehr viel h\u00e4ufiger als Durchzieher und Wintergast im Norden Mitteleuropas zu beobachten. Im Binnenland kommt sie auch in dieser Zeit nur lokal oder vereinzelt vor.<br \/>\nDas Weibchen ist braun und hat einen gro\u00dfe Blesse an der Schnabelwurzel. Es \u00e4hnelt in seinem gesamten K\u00f6rperkleid dem Weibchen der Reiherente. Das verl\u00e4sslichste Unterscheidungsmerkmal zur Reiherente ist eine wei\u00dfe Binde, die die Schnabelwurzel umgibt und meist viel gr\u00f6\u00dfer ist, als es bei weiblichen Reiherenten vorkommt. Sie ist bei einzelnen Individuen jedoch auch nur als ein schmaler wei\u00dfer Saum ausgebildet und tritt in \u00e4hnlicher schmaler Form auch bei einigen Reiherentenweibchen auf. Zudem sind Bergentenweibchen auf dem R\u00fccken grauer als Reiherentenweibchen und haben keinen Schopf. Im Flug ist ein breiter wei\u00dfer Fl\u00fcgelstreif zu erkennen. Bergenten sind nur sehr selten an Land zu beobachten.<br \/>\nBergentenerpel \u00e4hneln Reiherentenerpeln, haben jedoch keinen Federschopf und einen grauen R\u00fccken. Das Kopfgefieder gl\u00e4nzt leicht gr\u00fcn. Bei einigen Individuen kann dieser Schimmer sogar violett wirken. Die Aufteilung der K\u00f6rperf\u00e4rbung \u2013 schwarzer Hals und schwarze Brust, wei\u00dfe Seiten und dunkler Schwanz \u2013 gleicht der der Reiherente. Auff\u00e4lligster Unterschied zur Reiherente ist der im vorderen Bereich hell silbergraufarbige R\u00fccken. Zum Schwanz hin wird er zunehmend dunkelgrau. Der Schnabel ist von einem hellen Bleigrau. Im Ruhekleid \u00e4hnelt das M\u00e4nnchen dem Weibchen weitgehend.<br \/>\nDurchziehende Bergenten sind in Mitteleuropa ab September zu beobachten. Der R\u00fcckzug aus den Winterquartieren beginnt in milden Wintern bereits ab Februar, ansonsten Mitte M\u00e4rz. Im Ostseebereich ist der H\u00f6hepunkt des R\u00fcckzuges im April. An ihren n\u00f6rdlichsten Brutpl\u00e4tzen treffen Reiherenten erst ab Mitte Mai ein.<\/p>\n<p>L\u00e4nge: 42-51 cm\u00a0\u00a0 Spannweite: 72-83 cm\u00a0\u00a0 Gewicht: 900-1200 g\u00a0\u00a0 Gelege: 8-11 Eier<\/p>\n<p>zur Galerie <a title=\"Tauchenten\" href=\"http:\/\/woerrlein-naturfoto.de\/wordpress\/hauptseite-voegel\/voegel\/gaensevoegel-2\/tauchenten\/\">Tauchenten<\/a><code><br \/>\n<\/code><\/p>\n<p>&nbsp;<\/p>\n<p><em>Quelle des Textauszuges und weitere Infos bei <\/em><a href=\"https:\/\/de.wikipedia.org\/wiki\/Bergente\" target=\"_blank\" rel=\"noopener noreferrer\">Wikipedia<\/a> <em>(<\/em><a href=\"http:\/\/www.gnu.org\/licenses\/fdl-1.3.txt\" target=\"_blank\" rel=\"noopener noreferrer\">GNU-Lizenz<\/a><em>)<\/em> \u2013 <em>mein Dank gilt den<\/em> <a href=\"https:\/\/de.wikipedia.org\/w\/index.php?title=Bergente&amp;action=history\" target=\"_blank\" rel=\"noopener noreferrer\">Autoren<\/a>.<\/p>\n","protected":false},"excerpt":{"rendered":"<p>V\u00f6gel -&gt; G\u00e4nsev\u00f6gel -&gt; Tauchenten V\u00f6gel von A-Z zur Galerie Tauchenten Die Bergente (Aythya marila) ist eine Ente aus der Gattungsgruppe der Tauchenten. Sie ist nahezu zirkumpolar in der Nadelwaldzone und teilweise auch in der subarktischen Strauchtundra vertreten und damit das n\u00f6rdliche Pendant zur altweltlichen Reiherente und der neuweltlichen Veilchenente. In Mitteleuropa ist die Bergente &hellip; <a href=\"https:\/\/woerrlein-naturfoto.de\/wordpress\/tauchenten-a-z\/bergente\/\" class=\"more-link\"><span class=\"screen-reader-text\">Bergente<\/span> weiterlesen <span class=\"meta-nav\">&rarr;<\/span><\/a><\/p>\n","protected":false},"author":1,"featured_media":0,"parent":2339,"menu_order":0,"comment_status":"closed","ping_status":"closed","template":"page-templates\/full-width.php","meta":{"footnotes":""},"class_list":["post-12966","page","type-page","status-publish","hentry"],"_links":{"self":[{"href":"https:\/\/woerrlein-naturfoto.de\/wordpress\/wp-json\/wp\/v2\/pages\/12966","targetHints":{"allow":["GET"]}}],"collection":[{"href":"https:\/\/woerrlein-naturfoto.de\/wordpress\/wp-json\/wp\/v2\/pages"}],"about":[{"href":"https:\/\/woerrlein-naturfoto.de\/wordpress\/wp-json\/wp\/v2\/types\/page"}],"author":[{"embeddable":true,"href":"https:\/\/woerrlein-naturfoto.de\/wordpress\/wp-json\/wp\/v2\/users\/1"}],"replies":[{"embeddable":true,"href":"https:\/\/woerrlein-naturfoto.de\/wordpress\/wp-json\/wp\/v2\/comments?post=12966"}],"version-history":[{"count":4,"href":"https:\/\/woerrlein-naturfoto.de\/wordpress\/wp-json\/wp\/v2\/pages\/12966\/revisions"}],"predecessor-version":[{"id":12970,"href":"https:\/\/woerrlein-naturfoto.de\/wordpress\/wp-json\/wp\/v2\/pages\/12966\/revisions\/12970"}],"up":[{"embeddable":true,"href":"https:\/\/woerrlein-naturfoto.de\/wordpress\/wp-json\/wp\/v2\/pages\/2339"}],"wp:attachment":[{"href":"https:\/\/woerrlein-naturfoto.de\/wordpress\/wp-json\/wp\/v2\/media?parent=12966"}],"curies":[{"name":"wp","href":"https:\/\/api.w.org\/{rel}","templated":true}]}}