{"id":12486,"date":"2020-08-08T17:34:32","date_gmt":"2020-08-08T15:34:32","guid":{"rendered":"https:\/\/woerrlein-naturfoto.de\/wordpress\/?page_id=12486"},"modified":"2020-08-08T17:59:36","modified_gmt":"2020-08-08T15:59:36","slug":"weissbindiger-mohrenfalter","status":"publish","type":"page","link":"https:\/\/woerrlein-naturfoto.de\/wordpress\/edelfalter-a-z\/weissbindiger-mohrenfalter\/","title":{"rendered":"Wei\u00dfbindiger Mohrenfalter"},"content":{"rendered":"<p><a href=\"http:\/\/woerrlein-naturfoto.de\/wordpress\/insekten\/\"><span style=\"color: #ffff00;\">Insekten<\/span><\/a> -&gt; <a href=\"http:\/\/woerrlein-naturfoto.de\/wordpress\/hauptseite-insekten\/insekten\/schmetterlinge-2\/\"><span style=\"color: #ffff00;\">Schmetterlinge<\/span><\/a>-&gt;<a href=\"https:\/\/woerrlein-naturfoto.de\/wordpress\/hauptseite-insekten\/insekten\/schmetterlinge-2\/edelfalter\/\"><span style=\"color: #ffff00;\">Edelfalte<\/span>r<\/a><br \/>\n<a title=\"Insekten A-Z\" href=\"http:\/\/woerrlein-naturfoto.de\/wordpress\/insekten-a-z\/\">Insekten von A-Z<\/a><br \/>\nzur Galerie <a href=\"https:\/\/woerrlein-naturfoto.de\/wordpress\/hauptseite-insekten\/insekten\/schmetterlinge-2\/edelfalter\/\">Edelfalter<\/a><\/p>\n<p><img loading=\"lazy\" decoding=\"async\" class=\"alignleft wp-image-11799\" src=\"https:\/\/woerrlein-naturfoto.de\/wordpress\/wp-content\/uploads\/2019\/10\/WeissbindigerMohrenfalter_D20190720_2174-600x400.jpg\" alt=\"\" width=\"600\" height=\"400\" \/>Der <b>Wei\u00dfbindige Mohrenfalter<\/b> (<i>Erebia ligea<\/i>) ist ein Schmetterling (Tagfalter) aus der Familie der Edelfalter, innerhalb der Unterfamilie der Augenfalter. F\u00fcr die Art sind in der neueren Literatur eine ganze Reihe von deutschen Trivialnamen in Gebrauch: <b>Gro\u00dfer Mohrenfalter<\/b>, <b>Rostbindiger Mohrenfalter<\/b>, <b>Waldhochgrasflur-Wei\u00dfsprenkelmohr<\/b>, <b>Milchfleck<\/b>, <b>Wei\u00dfband-Mohrenfalter<\/b> und <b>Waldmohrenfalter<\/b>.<br \/>\nDer Wei\u00dfbindige Mohrenfalter erreicht eine Fl\u00fcgelspannweite von 42 \u2013 54 mm. Die Gr\u00f6\u00dfe variiert etwas nach Region, H\u00f6henstufe und Unterart. Die Grundfarbe der Oberseiten der Fl\u00fcgel der Falters variieren von hellgraubraun bis schwarzbraun. Sie weisen ein unterschiedlich breites braunrotes, orangerotes bis fast gelblichbraunes Band mit meist vier, z. T. wei\u00dfgekernten schwarzen Augenflecken auf. Gelegentlich kann ein zus\u00e4tzlicher Fleck vor oder hinter den vier Flecken auftreten, selten kann auch einer der sonst \u00fcblichen vier Flecke fehlen. Einige Flecke k\u00f6nnen auch sehr viel kleiner als die \u00fcbrigen Flecke sein. Gelegentlich stehen zwei Flecke, meist die beiden vorderen, sehr dicht zusammen und verschmelzen zu einem Doppelfleck. Die Hinterfl\u00fcgeloberseite zeigt meist drei schwarze, zum Teil gekernte Augenflecke. Die Fransen sind schwarz-wei\u00df gescheckt.<br \/>\nDer Wei\u00dfbindige Mohrenfalter hat in der Regel einen zweij\u00e4hrigen Lebenszyklus. Das Weibchen klebt die Eier \u00fcber dem Boden an Pflanzenteile. Die Art \u00fcberwintert als fertig entwickelte Eiraupe im Ei. Im darauffolgenden Jahr schl\u00fcpfen die R\u00e4upchen bereits im zeitigen Fr\u00fchjahr und wachsen relativ langsam. Die L4-Raupe \u00fcberwintert wieder und verpuppt sich im Fr\u00fchjahr.<\/p>\n<p><strong>Flugzeit:<\/strong> \u00a0\u00a0\u00a0 Mitte Juli bis Ende August.<\/p>\n<p>Zur Galerie <a href=\"https:\/\/woerrlein-naturfoto.de\/wordpress\/hauptseite-insekten\/insekten\/schmetterlinge-2\/edelfalter\/\">Edelfalter<\/a><\/p>\n<p><em>Quelle des Textauszuges und weitere Infos bei <\/em><a href=\"https:\/\/de.wikipedia.org\/wiki\/Wei%C3%9Fbindiger_Mohrenfalter\" target=\"_blank\" rel=\"noopener noreferrer\">Wikipedia<\/a><em> (<\/em><a href=\"http:\/\/www.gnu.org\/licenses\/fdl-1.3.txt\" target=\"_blank\" rel=\"noopener noreferrer\">GNU-Lizenz<\/a><em>)\u2013 mein Dank gilt den <\/em><a href=\"https:\/\/de.wikipedia.org\/w\/index.php?title=Wei%C3%9Fbindiger_Mohrenfalter&amp;action=history\" target=\"_blank\" rel=\"noopener noreferrer\">Autoren<\/a><em>.<\/em><\/p>\n","protected":false},"excerpt":{"rendered":"<p>Insekten -&gt; Schmetterlinge-&gt;Edelfalter Insekten von A-Z zur Galerie Edelfalter Der Wei\u00dfbindige Mohrenfalter (Erebia ligea) ist ein Schmetterling (Tagfalter) aus der Familie der Edelfalter, innerhalb der Unterfamilie der Augenfalter. F\u00fcr die Art sind in der neueren Literatur eine ganze Reihe von deutschen Trivialnamen in Gebrauch: Gro\u00dfer Mohrenfalter, Rostbindiger Mohrenfalter, Waldhochgrasflur-Wei\u00dfsprenkelmohr, Milchfleck, Wei\u00dfband-Mohrenfalter und Waldmohrenfalter. Der Wei\u00dfbindige &hellip; <a href=\"https:\/\/woerrlein-naturfoto.de\/wordpress\/edelfalter-a-z\/weissbindiger-mohrenfalter\/\" class=\"more-link\"><span class=\"screen-reader-text\">Wei\u00dfbindiger Mohrenfalter<\/span> weiterlesen <span class=\"meta-nav\">&rarr;<\/span><\/a><\/p>\n","protected":false},"author":1,"featured_media":0,"parent":11134,"menu_order":0,"comment_status":"closed","ping_status":"closed","template":"page-templates\/full-width.php","meta":{"footnotes":""},"class_list":["post-12486","page","type-page","status-publish","hentry"],"_links":{"self":[{"href":"https:\/\/woerrlein-naturfoto.de\/wordpress\/wp-json\/wp\/v2\/pages\/12486","targetHints":{"allow":["GET"]}}],"collection":[{"href":"https:\/\/woerrlein-naturfoto.de\/wordpress\/wp-json\/wp\/v2\/pages"}],"about":[{"href":"https:\/\/woerrlein-naturfoto.de\/wordpress\/wp-json\/wp\/v2\/types\/page"}],"author":[{"embeddable":true,"href":"https:\/\/woerrlein-naturfoto.de\/wordpress\/wp-json\/wp\/v2\/users\/1"}],"replies":[{"embeddable":true,"href":"https:\/\/woerrlein-naturfoto.de\/wordpress\/wp-json\/wp\/v2\/comments?post=12486"}],"version-history":[{"count":8,"href":"https:\/\/woerrlein-naturfoto.de\/wordpress\/wp-json\/wp\/v2\/pages\/12486\/revisions"}],"predecessor-version":[{"id":12498,"href":"https:\/\/woerrlein-naturfoto.de\/wordpress\/wp-json\/wp\/v2\/pages\/12486\/revisions\/12498"}],"up":[{"embeddable":true,"href":"https:\/\/woerrlein-naturfoto.de\/wordpress\/wp-json\/wp\/v2\/pages\/11134"}],"wp:attachment":[{"href":"https:\/\/woerrlein-naturfoto.de\/wordpress\/wp-json\/wp\/v2\/media?parent=12486"}],"curies":[{"name":"wp","href":"https:\/\/api.w.org\/{rel}","templated":true}]}}